{"id":27867,"date":"2022-07-21T17:38:00","date_gmt":"2022-07-21T15:38:00","guid":{"rendered":"https:\/\/festivalpanoramic.cat\/open-panoramic-2022\/"},"modified":"2022-09-28T11:45:12","modified_gmt":"2022-09-28T09:45:12","slug":"open-panoramic-2022","status":"publish","type":"page","link":"https:\/\/festivalpanoramic.cat\/en\/open-panoramic-2022\/","title":{"rendered":"Open Panor\u00e0mic 2022"},"content":{"rendered":"<p>[et_pb_section fb_built=&#8221;1&#8243; _builder_version=&#8221;4.16&#8243; _module_preset=&#8221;default&#8221; global_colors_info=&#8221;{}&#8221;][et_pb_row column_structure=&#8221;1_2,1_2&#8243; _builder_version=&#8221;4.16&#8243; _module_preset=&#8221;default&#8221; width=&#8221;95%&#8221; max_width=&#8221;2560px&#8221; custom_margin=&#8221;-18px||-35px||false|false&#8221; global_colors_info=&#8221;{}&#8221;][et_pb_column type=&#8221;1_2&#8243; _builder_version=&#8221;4.16&#8243; _module_preset=&#8221;default&#8221; global_colors_info=&#8221;{}&#8221;][et_pb_text admin_label=&#8221;workshops&#8221; _builder_version=&#8221;4.17.6&#8243; _module_preset=&#8221;default&#8221; text_font=&#8221;Montserrat extra bold||||||||&#8221; text_text_color=&#8221;#000000&#8243; text_font_size=&#8221;60px&#8221; text_line_height=&#8221;1.2em&#8221; custom_margin=&#8221;||54px||false|false&#8221; text_font_size_tablet=&#8221;60px&#8221; text_font_size_phone=&#8221;40px&#8221; text_font_size_last_edited=&#8221;on|phone&#8221; global_colors_info=&#8221;{}&#8221;]<\/p>\n<p>Open Panor\u00e0mic 2022<\/p>\n<p>[\/et_pb_text][et_pb_text _builder_version=&#8221;4.17.6&#8243; _module_preset=&#8221;default&#8221; text_font=&#8221;akrobat light||||||||&#8221; text_text_color=&#8221;#000000&#8243; text_font_size=&#8221;20px&#8221; text_line_height=&#8221;1.5em&#8221; custom_margin=&#8221;-32px||||false|false&#8221; custom_margin_tablet=&#8221;-14px||||false|false&#8221; custom_margin_phone=&#8221;-14px||||false|false&#8221; custom_margin_last_edited=&#8221;on|phone&#8221; inline_fonts=&#8221;akrobat extrabold&#8221; global_colors_info=&#8221;{}&#8221;]<\/p>\n<p>The Panoramic Festival presents the Open Panoramic, the artistic call for national authors and works in audiovisual format based on photographs, videos, texts, infographics, webdocs or the hybridization of some of these techniques. The works presented may be documentary, experimental or a visual essay. The coordinator of the Open Panor\u00e0mic 2022 is curator <span style=\"font-family: 'akrobat extrabold';\">Pilar Cruz<\/span>.<\/p>\n<p>[\/et_pb_text][\/et_pb_column][et_pb_column type=&#8221;1_2&#8243; _builder_version=&#8221;4.16&#8243; _module_preset=&#8221;default&#8221; global_colors_info=&#8221;{}&#8221;][et_pb_button button_url=&#8221;https:\/\/form.jotform.com\/221872642234050?ct=t(Newsletter_interno_211_29_2014_COPY_05)&#8221; button_text=&#8221;Sign up for viewers&#8221; button_alignment=&#8221;right&#8221; _builder_version=&#8221;4.16&#8243; _module_preset=&#8221;default&#8221; custom_button=&#8221;on&#8221; button_text_size=&#8221;18px&#8221; button_text_color=&#8221;#FFFFFF&#8221; button_bg_color=&#8221;gcid-73263b73-b059-42fc-a61d-05da764fa408&#8243; button_font=&#8221;Montserrat extra bold||||||||&#8221; custom_margin=&#8221;79px||||false|false&#8221; global_colors_info=&#8221;{%22gcid-73263b73-b059-42fc-a61d-05da764fa408%22:%91%22button_bg_color%22%93}&#8221;][\/et_pb_button][\/et_pb_column][\/et_pb_row][et_pb_row use_custom_gutter=&#8221;on&#8221; gutter_width=&#8221;2&#8243; _builder_version=&#8221;4.16&#8243; _module_preset=&#8221;default&#8221; width=&#8221;95%&#8221; max_width=&#8221;2560px&#8221; module_alignment=&#8221;center&#8221; global_colors_info=&#8221;{}&#8221;][et_pb_column type=&#8221;4_4&#8243; _builder_version=&#8221;4.16&#8243; _module_preset=&#8221;default&#8221; global_colors_info=&#8221;{}&#8221;][et_pb_portfolio fullwidth=&#8221;off&#8221; posts_number=&#8221;100&#8243; include_categories=&#8221;39&#8243; show_categories=&#8221;off&#8221; show_pagination=&#8221;off&#8221; _builder_version=&#8221;4.17.6&#8243; _module_preset=&#8221;default&#8221; title_font=&#8221;Montserrat extra bold||||||||&#8221; global_colors_info=&#8221;{}&#8221;][\/et_pb_portfolio][\/et_pb_column][\/et_pb_row][et_pb_row _builder_version=&#8221;4.17.6&#8243; _module_preset=&#8221;default&#8221; width=&#8221;95%&#8221; max_width=&#8221;2560px&#8221; global_colors_info=&#8221;{}&#8221;][et_pb_column type=&#8221;4_4&#8243; _builder_version=&#8221;4.16&#8243; _module_preset=&#8221;default&#8221; global_colors_info=&#8221;{}&#8221;][et_pb_text _builder_version=&#8221;4.17.6&#8243; _module_preset=&#8221;default&#8221; text_font=&#8221;Montserrat extra bold||||||||&#8221; text_text_color=&#8221;#000000&#8243; text_font_size=&#8221;60px&#8221; text_orientation=&#8221;center&#8221; custom_margin=&#8221;||49px||false|false&#8221; text_font_size_tablet=&#8221;60px&#8221; text_font_size_phone=&#8221;40px&#8221; text_font_size_last_edited=&#8221;on|phone&#8221; text_line_height_tablet=&#8221;&#8221; text_line_height_phone=&#8221;1em&#8221; text_line_height_last_edited=&#8221;on|phone&#8221; global_colors_info=&#8221;{}&#8221;]<\/p>\n<p class=\"p1\" style=\"text-align: left;\">De festival en festival<\/p>\n<p>[\/et_pb_text][et_pb_text _builder_version=&#8221;4.17.6&#8243; _module_preset=&#8221;default&#8221; text_font=&#8221;akrobat light||||||||&#8221; text_text_color=&#8221;#000000&#8243; text_font_size=&#8221;20px&#8221; text_line_height=&#8221;1.5em&#8221; custom_margin=&#8221;-18px||||false|false&#8221; inline_fonts=&#8221;akrobat extrabold&#8221; global_colors_info=&#8221;{}&#8221;]<\/p>\n<p style=\"text-align: left;\">The Panor\u00e0mic festival invites several international curators\/res to present creators\/res from their country who work in the field of the image. The projects of these artists are shown as part of a collective viewing to various Catalan agents in the sector, in order to encourage exchanges between Catalonia and the invited countries.<\/p>\n<p>[\/et_pb_text][et_pb_text _builder_version=&#8221;4.17.6&#8243; _module_preset=&#8221;default&#8221; text_font=&#8221;akrobat extrabold||||||||&#8221; text_text_color=&#8221;#000000&#8243; text_font_size=&#8221;33px&#8221; text_line_height=&#8221;1.8em&#8221; text_orientation=&#8221;center&#8221; inline_fonts=&#8221;akrobat extrabold&#8221; global_colors_info=&#8221;{}&#8221;]<\/p>\n<p style=\"text-align: left;\"><span style=\"color: #000000;\"><a href=\"https:\/\/festivalpanoramic.cat\/en\/project\/david-pujado-cat\/\" style=\"color: #000000;\">DAVID PUJAD\u00d3 <span style=\"font-family: 'akrobat light'; font-weight: normal;\">(SRB) <\/span><\/a><\/span><span style=\"color: #8b8554;\">+<\/span> <span style=\"color: #000000;\"><a href=\"https:\/\/festivalpanoramic.cat\/en\/project\/eleonora-isunza-mx\/\" style=\"color: #000000;\">ELEONORA ISUNZA <span style=\"font-family: 'akrobat light'; font-weight: normal;\">(MX)<\/span><\/a><\/span> <span style=\"color: #8b8554;\">+<\/span> <span style=\"color: #000000;\"><a href=\"https:\/\/festivalpanoramic.cat\/en\/project\/paula-laverde-austin-me-catalina-bojaca-co\/\" style=\"color: #000000;\">PAULA LAVERDE AUSTIN <span style=\"font-family: 'akrobat light'; font-weight: normal;\">(MX)<\/span> | CATALINA BOJ\u00c1CA <span style=\"font-family: 'akrobat light'; font-weight: normal;\">(CO)<\/span><\/a><span style=\"font-family: 'akrobat light'; font-weight: normal;\"> <span style=\"color: #8b8554; font-family: 'akrobat extrabold';\"> +<\/span> <span style=\"color: #000000;\"><a href=\"https:\/\/festivalpanoramic.cat\/en\/project\/simone-azzoni-it\/\" style=\"color: #000000;\"><span style=\"font-family: 'akrobat extrabold';\">SIMONE AZZONI<\/span> (IT)<\/a> <span style=\"color: #8b8554; font-family: 'akrobat extrabold';\">+<\/span> <a href=\"https:\/\/festivalpanoramic.cat\/en\/project\/pascal-bois-fr\/\" style=\"color: #000000;\"><span style=\"font-family: 'akrobat extrabold';\">PASCAL BOIS<\/span> (FR)<\/a> <span style=\"color: #8b8554; font-family: 'akrobat extrabold';\">+ <\/span><a href=\"https:\/\/festivalpanoramic.cat\/project\/felipe-cesar-londono-i-felipe-arturo-perez-it\/\" style=\"color: #000000;\"><span style=\"font-family: 'akrobat extrabold';\">FELIPE CESAR LONDO\u00d1O<\/span> | <span style=\"font-family: 'akrobat extrabold';\">F<\/span><span style=\"font-family: 'akrobat extrabold';\">ELIPE ARTURO <\/span>(CO)<\/a><\/span><\/span><\/span><\/p>\n<p>[\/et_pb_text][\/et_pb_column][\/et_pb_row][\/et_pb_section]<\/p>\n","protected":false},"excerpt":{"rendered":"<p>Open Panor\u00e0mic 2022The Panoramic Festival presents the Open Panoramic, the artistic call for national authors and works in audiovisual format based on photographs, videos, texts, infographics, webdocs or the hybridization [&hellip;]<\/p>\n","protected":false},"author":1,"featured_media":0,"parent":0,"menu_order":0,"comment_status":"closed","ping_status":"closed","template":"","meta":{"_et_pb_use_builder":"on","_et_pb_old_content":"","_et_gb_content_width":"","footnotes":""},"class_list":["post-27867","page","type-page","status-publish","hentry"],"yoast_head":"<!-- This site is optimized with the Yoast SEO plugin v27.2 - https:\/\/yoast.com\/product\/yoast-seo-wordpress\/ -->\n<title>Open Panor\u00e0mic 2022 - Festival Panor\u00e0mic<\/title>\n<meta name=\"robots\" content=\"index, follow, max-snippet:-1, max-image-preview:large, max-video-preview:-1\" \/>\n<link rel=\"canonical\" href=\"https:\/\/festivalpanoramic.cat\/en\/open-panoramic-2022\/\" \/>\n<meta property=\"og:locale\" content=\"en_US\" \/>\n<meta property=\"og:type\" content=\"article\" \/>\n<meta property=\"og:title\" content=\"Open Panor\u00e0mic 2022 - Festival Panor\u00e0mic\" \/>\n<meta property=\"og:description\" content=\"Open Panor\u00e0mic 2022The Panoramic Festival presents the Open Panoramic, the artistic call for national authors and works in audiovisual format based on photographs, videos, texts, infographics, webdocs or the hybridization [&hellip;]\" \/>\n<meta property=\"og:url\" content=\"https:\/\/festivalpanoramic.cat\/en\/open-panoramic-2022\/\" \/>\n<meta property=\"og:site_name\" content=\"Festival Panor\u00e0mic\" \/>\n<meta property=\"article:modified_time\" content=\"2022-09-28T09:45:12+00:00\" \/>\n<meta name=\"twitter:card\" content=\"summary_large_image\" \/>\n<meta name=\"twitter:label1\" content=\"Est. reading time\" \/>\n\t<meta name=\"twitter:data1\" content=\"3 minutes\" \/>\n<script type=\"application\/ld+json\" class=\"yoast-schema-graph\">{\"@context\":\"https:\/\/schema.org\",\"@graph\":[{\"@type\":\"WebPage\",\"@id\":\"https:\/\/festivalpanoramic.cat\/en\/open-panoramic-2022\/\",\"url\":\"https:\/\/festivalpanoramic.cat\/en\/open-panoramic-2022\/\",\"name\":\"Open Panor\u00e0mic 2022 - Festival Panor\u00e0mic\",\"isPartOf\":{\"@id\":\"https:\/\/festivalpanoramic.cat\/en\/#website\"},\"datePublished\":\"2022-07-21T15:38:00+00:00\",\"dateModified\":\"2022-09-28T09:45:12+00:00\",\"breadcrumb\":{\"@id\":\"https:\/\/festivalpanoramic.cat\/en\/open-panoramic-2022\/#breadcrumb\"},\"inLanguage\":\"en-US\",\"potentialAction\":[{\"@type\":\"ReadAction\",\"target\":[\"https:\/\/festivalpanoramic.cat\/en\/open-panoramic-2022\/\"]}]},{\"@type\":\"BreadcrumbList\",\"@id\":\"https:\/\/festivalpanoramic.cat\/en\/open-panoramic-2022\/#breadcrumb\",\"itemListElement\":[{\"@type\":\"ListItem\",\"position\":1,\"name\":\"Inici\",\"item\":\"https:\/\/festivalpanoramic.cat\/en\/\"},{\"@type\":\"ListItem\",\"position\":2,\"name\":\"Open Panor\u00e0mic 2022\"}]},{\"@type\":\"WebSite\",\"@id\":\"https:\/\/festivalpanoramic.cat\/en\/#website\",\"url\":\"https:\/\/festivalpanoramic.cat\/en\/\",\"name\":\"Festival Panor\u00e0mic\",\"description\":\"PANOR\u00c0MIC. ARTS I CULTURES VISUALS\",\"potentialAction\":[{\"@type\":\"SearchAction\",\"target\":{\"@type\":\"EntryPoint\",\"urlTemplate\":\"https:\/\/festivalpanoramic.cat\/en\/?s={search_term_string}\"},\"query-input\":{\"@type\":\"PropertyValueSpecification\",\"valueRequired\":true,\"valueName\":\"search_term_string\"}}],\"inLanguage\":\"en-US\"}]}<\/script>\n<!-- \/ Yoast SEO plugin. -->","yoast_head_json":{"title":"Open Panor\u00e0mic 2022 - Festival Panor\u00e0mic","robots":{"index":"index","follow":"follow","max-snippet":"max-snippet:-1","max-image-preview":"max-image-preview:large","max-video-preview":"max-video-preview:-1"},"canonical":"https:\/\/festivalpanoramic.cat\/en\/open-panoramic-2022\/","og_locale":"en_US","og_type":"article","og_title":"Open Panor\u00e0mic 2022 - Festival Panor\u00e0mic","og_description":"Open Panor\u00e0mic 2022The Panoramic Festival presents the Open Panoramic, the artistic call for national authors and works in audiovisual format based on photographs, videos, texts, infographics, webdocs or the hybridization [&hellip;]","og_url":"https:\/\/festivalpanoramic.cat\/en\/open-panoramic-2022\/","og_site_name":"Festival Panor\u00e0mic","article_modified_time":"2022-09-28T09:45:12+00:00","twitter_card":"summary_large_image","twitter_misc":{"Est. reading time":"3 minutes"},"schema":{"@context":"https:\/\/schema.org","@graph":[{"@type":"WebPage","@id":"https:\/\/festivalpanoramic.cat\/en\/open-panoramic-2022\/","url":"https:\/\/festivalpanoramic.cat\/en\/open-panoramic-2022\/","name":"Open Panor\u00e0mic 2022 - Festival Panor\u00e0mic","isPartOf":{"@id":"https:\/\/festivalpanoramic.cat\/en\/#website"},"datePublished":"2022-07-21T15:38:00+00:00","dateModified":"2022-09-28T09:45:12+00:00","breadcrumb":{"@id":"https:\/\/festivalpanoramic.cat\/en\/open-panoramic-2022\/#breadcrumb"},"inLanguage":"en-US","potentialAction":[{"@type":"ReadAction","target":["https:\/\/festivalpanoramic.cat\/en\/open-panoramic-2022\/"]}]},{"@type":"BreadcrumbList","@id":"https:\/\/festivalpanoramic.cat\/en\/open-panoramic-2022\/#breadcrumb","itemListElement":[{"@type":"ListItem","position":1,"name":"Inici","item":"https:\/\/festivalpanoramic.cat\/en\/"},{"@type":"ListItem","position":2,"name":"Open Panor\u00e0mic 2022"}]},{"@type":"WebSite","@id":"https:\/\/festivalpanoramic.cat\/en\/#website","url":"https:\/\/festivalpanoramic.cat\/en\/","name":"Festival Panor\u00e0mic","description":"PANOR\u00c0MIC. ARTS I CULTURES VISUALS","potentialAction":[{"@type":"SearchAction","target":{"@type":"EntryPoint","urlTemplate":"https:\/\/festivalpanoramic.cat\/en\/?s={search_term_string}"},"query-input":{"@type":"PropertyValueSpecification","valueRequired":true,"valueName":"search_term_string"}}],"inLanguage":"en-US"}]}},"_links":{"self":[{"href":"https:\/\/festivalpanoramic.cat\/en\/wp-json\/wp\/v2\/pages\/27867","targetHints":{"allow":["GET"]}}],"collection":[{"href":"https:\/\/festivalpanoramic.cat\/en\/wp-json\/wp\/v2\/pages"}],"about":[{"href":"https:\/\/festivalpanoramic.cat\/en\/wp-json\/wp\/v2\/types\/page"}],"author":[{"embeddable":true,"href":"https:\/\/festivalpanoramic.cat\/en\/wp-json\/wp\/v2\/users\/1"}],"replies":[{"embeddable":true,"href":"https:\/\/festivalpanoramic.cat\/en\/wp-json\/wp\/v2\/comments?post=27867"}],"version-history":[{"count":0,"href":"https:\/\/festivalpanoramic.cat\/en\/wp-json\/wp\/v2\/pages\/27867\/revisions"}],"wp:attachment":[{"href":"https:\/\/festivalpanoramic.cat\/en\/wp-json\/wp\/v2\/media?parent=27867"}],"curies":[{"name":"wp","href":"https:\/\/api.w.org\/{rel}","templated":true}]}}