{"id":30625,"date":"2023-02-09T17:34:49","date_gmt":"2023-02-09T15:34:49","guid":{"rendered":"https:\/\/festivalpanoramic.cat\/home-2023\/"},"modified":"2026-04-28T16:48:56","modified_gmt":"2026-04-28T14:48:56","slug":"home-2023","status":"publish","type":"page","link":"https:\/\/festivalpanoramic.cat\/en\/","title":{"rendered":"Home"},"content":{"rendered":"<p>[et_pb_section fb_built=&#8221;1&#8243; _builder_version=&#8221;4.27.2&#8243; _module_preset=&#8221;default&#8221; custom_padding=&#8221;0px||0px||true|false&#8221; global_colors_info=&#8221;{}&#8221;][et_pb_row _builder_version=&#8221;4.27.2&#8243; _module_preset=&#8221;default&#8221; width=&#8221;100%&#8221; max_width=&#8221;2560px&#8221; custom_margin=&#8221;0px||0px||true|false&#8221; custom_padding=&#8221;0px||0px||false|false&#8221; global_colors_info=&#8221;{}&#8221;][et_pb_column type=&#8221;4_4&#8243; _builder_version=&#8221;4.21.0&#8243; _module_preset=&#8221;default&#8221; global_colors_info=&#8221;{}&#8221;][et_pb_slider admin_label=&#8221;Slider&#8221; module_class=&#8221;divicon_full_screen_slider &#8221; _builder_version=&#8221;4.27.6&#8243; _module_preset=&#8221;default&#8221; background_enable_image=&#8221;off&#8221; custom_margin=&#8221;-80px||20px||false|false&#8221; custom_margin_tablet=&#8221;-80px||||false|false&#8221; custom_margin_phone=&#8221;-102px||||false|false&#8221; custom_margin_last_edited=&#8221;on|phone&#8221; auto=&#8221;on&#8221; auto_speed=&#8221;3000&#8243; auto_ignore_hover=&#8221;on&#8221; hover_transition_duration_tablet=&#8221;&#8221; hover_transition_duration_phone=&#8221;0ms&#8221; hover_transition_duration_last_edited=&#8221;on|phone&#8221; hover_transition_speed_curve_tablet=&#8221;&#8221; hover_transition_speed_curve_phone=&#8221;linear&#8221; hover_transition_speed_curve_last_edited=&#8221;on|phone&#8221; locked=&#8221;off&#8221; global_colors_info=&#8221;{}&#8221;][et_pb_slide _builder_version=&#8221;4.27.6&#8243; _module_preset=&#8221;default&#8221; background_image=&#8221;https:\/\/festivalpanoramic.cat\/wp-content\/uploads\/2026\/03\/p-portadaweb-desktop1.jpg&#8221; background_enable_image=&#8221;on&#8221; background_last_edited=&#8221;on|phone&#8221; background_image_phone=&#8221;https:\/\/festivalpanoramic.cat\/wp-content\/uploads\/2026\/03\/p-portadaweb-desktop1.jpg&#8221; background_enable_image_phone=&#8221;on&#8221; locked=&#8221;off&#8221; global_colors_info=&#8221;{}&#8221; custom_css_main_element_last_edited=&#8221;on|phone&#8221; image__hover_enabled=&#8221;off|desktop&#8221; sticky_transition=&#8221;on&#8221;][\/et_pb_slide][et_pb_slide _builder_version=&#8221;4.27.6&#8243; _module_preset=&#8221;default&#8221; background_image=&#8221;https:\/\/festivalpanoramic.cat\/wp-content\/uploads\/2026\/01\/56_panoramic_xarxaprod-BCN_DSC05282_Marc-Font-scaled.jpg&#8221; background_enable_image=&#8221;on&#8221; background_last_edited=&#8221;on|phone&#8221; background_image_phone=&#8221;https:\/\/festivalpanoramic.cat\/wp-content\/uploads\/2026\/01\/56_panoramic_xarxaprod-BCN_DSC05282_Marc-Font-scaled.jpg&#8221; background_enable_image_phone=&#8221;on&#8221; locked=&#8221;off&#8221; global_colors_info=&#8221;{}&#8221; custom_css_main_element_last_edited=&#8221;on|phone&#8221; image__hover_enabled=&#8221;off|desktop&#8221; sticky_transition=&#8221;on&#8221;][\/et_pb_slide][et_pb_slide _builder_version=&#8221;4.27.6&#8243; _module_preset=&#8221;default&#8221; background_image=&#8221;https:\/\/festivalpanoramic.cat\/wp-content\/uploads\/2026\/01\/94_panoramic_2025_-Granollers_DSC01056_Marc-Font-scaled.jpg&#8221; background_enable_image=&#8221;on&#8221; background_last_edited=&#8221;on|phone&#8221; background_image_phone=&#8221;https:\/\/festivalpanoramic.cat\/wp-content\/uploads\/2026\/01\/94_panoramic_2025_-Granollers_DSC01056_Marc-Font-scaled.jpg&#8221; background_enable_image_phone=&#8221;on&#8221; locked=&#8221;off&#8221; global_colors_info=&#8221;{}&#8221; custom_css_main_element_last_edited=&#8221;on|phone&#8221; sticky_transition=&#8221;on&#8221;][\/et_pb_slide][et_pb_slide _builder_version=&#8221;4.27.6&#8243; _module_preset=&#8221;default&#8221; background_image=&#8221;https:\/\/festivalpanoramic.cat\/wp-content\/uploads\/2026\/01\/39_Hito-Steyerl-KBr_DSC03125_Marc-Font-scaled.jpg&#8221; background_enable_image=&#8221;on&#8221; background_last_edited=&#8221;on|phone&#8221; background_image_phone=&#8221;https:\/\/festivalpanoramic.cat\/wp-content\/uploads\/2026\/01\/39_Hito-Steyerl-KBr_DSC03125_Marc-Font-scaled.jpg&#8221; background_enable_image_phone=&#8221;on&#8221; locked=&#8221;off&#8221; global_colors_info=&#8221;{}&#8221; custom_css_main_element_last_edited=&#8221;on|phone&#8221; sticky_transition=&#8221;on&#8221;][\/et_pb_slide][et_pb_slide _builder_version=&#8221;4.27.6&#8243; _module_preset=&#8221;default&#8221; background_image=&#8221;https:\/\/festivalpanoramic.cat\/wp-content\/uploads\/2026\/01\/72_Inauguracio-Panoramic-Terrassa_DSC04560_Marc-Font-scaled.jpg&#8221; background_enable_image=&#8221;on&#8221; background_last_edited=&#8221;on|phone&#8221; background_image_phone=&#8221;https:\/\/festivalpanoramic.cat\/wp-content\/uploads\/2026\/01\/72_Inauguracio-Panoramic-Terrassa_DSC04560_Marc-Font-scaled.jpg&#8221; background_enable_image_phone=&#8221;on&#8221; locked=&#8221;off&#8221; global_colors_info=&#8221;{}&#8221; custom_css_main_element_last_edited=&#8221;on|phone&#8221; sticky_transition=&#8221;on&#8221;][\/et_pb_slide][\/et_pb_slider][\/et_pb_column][\/et_pb_row][et_pb_row _builder_version=&#8221;4.25.0&#8243; _module_preset=&#8221;default&#8221; width_tablet=&#8221;90%&#8221; width_phone=&#8221;90%&#8221; width_last_edited=&#8221;on|phone&#8221; global_colors_info=&#8221;{}&#8221;][et_pb_column type=&#8221;4_4&#8243; _builder_version=&#8221;4.16&#8243; _module_preset=&#8221;default&#8221; global_colors_info=&#8221;{}&#8221;][et_pb_text _builder_version=&#8221;4.27.6&#8243; _module_preset=&#8221;default&#8221; text_font=&#8221;&#8211;et_global_body_font|900|||||||&#8221; text_text_color=&#8221;#e95119&#8243; text_font_size=&#8221;25px&#8221; text_line_height=&#8221;1em&#8221; header_text_align=&#8221;center&#8221; header_text_color=&#8221;#e95119&#8243; header_font_size=&#8221;40px&#8221; text_orientation=&#8221;center&#8221; module_alignment=&#8221;center&#8221; hover_enabled=&#8221;0&#8243; locked=&#8221;off&#8221; global_colors_info=&#8221;{}&#8221; sticky_enabled=&#8221;0&#8243;]<\/p>\n<h1><strong>Panor\u00e0mic. Arts and Visual Cultures<\/strong><\/h1>\n<p class=\"p1\"><strong>From October 15 to Desember 27, 2026<\/strong><br \/><strong> Granollers \u2212 Barcelona \u2212 Terrassa \u2212 Vic<\/strong><\/p>\n<p>&nbsp;<\/p>\n<p>[\/et_pb_text][et_pb_text _builder_version=&#8221;4.27.6&#8243; _module_preset=&#8221;default&#8221; text_font=&#8221;AtHauss-retina|500|||||||&#8221; text_text_color=&#8221;#000000&#8243; text_font_size=&#8221;20px&#8221; text_line_height=&#8221;1.3em&#8221; width=&#8221;100%&#8221; width_tablet=&#8221;100%&#8221; width_phone=&#8221;99%&#8221; width_last_edited=&#8221;on|tablet&#8221; max_width=&#8221;100%&#8221; module_alignment=&#8221;center&#8221; custom_margin_tablet=&#8221;&#8221; custom_margin_phone=&#8221;&#8221; custom_margin_last_edited=&#8221;on|phone&#8221; custom_padding_tablet=&#8221;&#8221; custom_padding_phone=&#8221;&#8221; custom_padding_last_edited=&#8221;on|tablet&#8221; text_font_size_tablet=&#8221;18px&#8221; text_font_size_phone=&#8221;16px&#8221; text_font_size_last_edited=&#8221;on|phone&#8221; locked=&#8221;off&#8221; inline_fonts=&#8221;Montserrat extra bold,akrobat extrabold&#8221; global_colors_info=&#8221;{}&#8221;]<\/p>\n<h1 style=\"text-align: center;\"><b>Burning with Desire<\/b><\/h1>\n<p>&nbsp;<\/p>\n<p style=\"text-align: right;\"><span style=\"font-weight: 300;\"><i>\u00abJe ne puis vous dissimuler que je br\u00fble du d\u00e9sir de voir vos essais d\u2019apr\u00e8s nature.\u00bb<\/i><span style=\"font-weight: 400;\"> [I cannot conceal from you that I am burning with the desire to see your studies from life.] <\/span>Letter from Louis Daguerre to Nic\u00e9phore Ni\u00e9pce, February 3, 1828.<\/span><\/p>\n<p>&nbsp;<\/p>\n<p data-start=\"246\" data-end=\"453\"><span style=\"font-weight: 400;\">\u201cBurning with desire\u201d was not merely an intimate confession, but a declaration of what was to come: the urge to seize light and capture shadow, to hold time still, to give form to the fleeting moment, to satisfy curiosity, to celebrate the act of seeing and ensure its memory endures. From that initial spark photography was born, and with it, a new way of seeing, thinking, and inhabiting the world.<\/span><\/p>\n<p><span style=\"font-weight: 400;\">On the bicentenary of photography, rather than merely celebrating an invention, the Panor\u00e0mic festival seeks to honour the radical transformation of the<\/span> <span style=\"font-weight: 400;\">modern ways of seeing. We commemorate the humble heliograph that Nic\u00e9phore Ni\u00e9pce captured from the window of his home in 1826; the oldest surviving photographic image. Since that view was fixed on a photosensitive surface, humanity has learned to examine itself through a formidable tool for constructing narrative, identity, memory, truth, and fantasy.<\/span><\/p>\n<p>&nbsp;<\/p>\n<p>[\/et_pb_text][et_pb_button button_url=&#8221;https:\/\/festivalpanoramic.cat\/en\/2026\/03\/27\/curatorial-focus-2026\/&#8221; button_text=&#8221;Read more&#8221; button_alignment=&#8221;center&#8221; _builder_version=&#8221;4.27.6&#8243; _module_preset=&#8221;default&#8221; custom_button=&#8221;on&#8221; button_text_size=&#8221;21px&#8221; button_text_color=&#8221;#e95119&#8243; button_border_width=&#8221;0px&#8221; button_icon=&#8221;&#x24;||divi||400&#8243; button_icon_color=&#8221;#8b794f&#8221; button_on_hover=&#8221;off&#8221; locked=&#8221;off&#8221; global_colors_info=&#8221;{}&#8221;][\/et_pb_button][et_pb_button button_url=&#8221;https:\/\/festivalpanoramic.cat\/wp-content\/uploads\/2025\/11\/Panoramic-Programa2025.pdf&#8221; url_new_window=&#8221;on&#8221; button_text=&#8221;Download program&#8221; button_alignment=&#8221;center&#8221; disabled_on=&#8221;on|on|on&#8221; _builder_version=&#8221;4.27.4&#8243; _module_preset=&#8221;default&#8221; custom_button=&#8221;on&#8221; button_text_size=&#8221;22px&#8221; button_text_color=&#8221;#FFFFFF&#8221; button_bg_color=&#8221;gcid-73263b73-b059-42fc-a61d-05da764fa408&#8243; button_font=&#8221;Montserrat extra bold||||||||&#8221; button_icon=&#8221;&#xf56d;||fa||900&#8243; button_on_hover=&#8221;off&#8221; custom_margin=&#8221;80px||10px||false|false&#8221; custom_margin_tablet=&#8221;60px||10px||false|false&#8221; custom_margin_phone=&#8221;40px||0px||false|false&#8221; custom_margin_last_edited=&#8221;on|phone&#8221; button_text_size_tablet=&#8221;16px&#8221; button_text_size_phone=&#8221;14px&#8221; button_text_size_last_edited=&#8221;on|tablet&#8221; disabled=&#8221;on&#8221; locked=&#8221;off&#8221; global_colors_info=&#8221;{%22gcid-73263b73-b059-42fc-a61d-05da764fa408%22:%91%22button_bg_color%22%93}&#8221;][\/et_pb_button][\/et_pb_column][\/et_pb_row][\/et_pb_section][et_pb_section fb_built=&#8221;1&#8243; disabled_on=&#8221;on|on|on&#8221; admin_label=&#8221;Exposicions&#8221; module_id=&#8221;home-exposicions&#8221; _builder_version=&#8221;4.27.4&#8243; _module_preset=&#8221;default&#8221; background_color=&#8221;gcid-e6d4fad3-dea9-4642-9110-e490537dd459&#8243; disabled=&#8221;on&#8221; locked=&#8221;off&#8221; collapsed=&#8221;off&#8221; global_colors_info=&#8221;{%22gcid-e6d4fad3-dea9-4642-9110-e490537dd459%22:%91%22background_color%22%93}&#8221;][et_pb_row custom_padding_last_edited=&#8221;on|phone&#8221; _builder_version=&#8221;4.25.0&#8243; _module_preset=&#8221;default&#8221; width_tablet=&#8221;&#8221; width_phone=&#8221;90%&#8221; width_last_edited=&#8221;on|phone&#8221; custom_padding_tablet=&#8221;&#8221; custom_padding_phone=&#8221;||0px||false|false&#8221; global_colors_info=&#8221;{}&#8221;][et_pb_column type=&#8221;4_4&#8243; _builder_version=&#8221;4.16&#8243; _module_preset=&#8221;default&#8221; global_colors_info=&#8221;{}&#8221;][et_pb_text _builder_version=&#8221;4.27.4&#8243; _module_preset=&#8221;default&#8221; text_font=&#8221;Montserrat extra bold||||||||&#8221; text_text_color=&#8221;#000000&#8243; text_font_size=&#8221;60px&#8221; text_orientation=&#8221;center&#8221; custom_margin=&#8221;||49px||false|false&#8221; custom_margin_tablet=&#8221;||49px||false|false&#8221; custom_margin_phone=&#8221;-27px||123px||false|false&#8221; custom_margin_last_edited=&#8221;on|phone&#8221; text_font_size_tablet=&#8221;40px&#8221; text_font_size_phone=&#8221;32px&#8221; text_font_size_last_edited=&#8221;on|tablet&#8221; global_colors_info=&#8221;{}&#8221;]<\/p>\n<p class=\"p1\">Exhibitions programme<\/p>\n<p>[\/et_pb_text][et_pb_text _builder_version=&#8221;4.27.4&#8243; _module_preset=&#8221;default&#8221; text_font=&#8221;akrobat light||||||||&#8221; text_text_color=&#8221;#000000&#8243; text_font_size=&#8221;20px&#8221; text_line_height=&#8221;1.5em&#8221; custom_margin=&#8221;-18px||||false|false&#8221; custom_margin_tablet=&#8221;-18px||||false|false&#8221; custom_margin_phone=&#8221;-100px||23px||false|false&#8221; custom_margin_last_edited=&#8221;on|phone&#8221; text_font_size_tablet=&#8221;20px&#8221; text_font_size_phone=&#8221;18px&#8221; text_font_size_last_edited=&#8221;on|phone&#8221; text_line_height_tablet=&#8221;1.5em&#8221; text_line_height_phone=&#8221;1.4em&#8221; text_line_height_last_edited=&#8221;on|phone&#8221; inline_fonts=&#8221;akrobat extrabold&#8221; global_colors_info=&#8221;{}&#8221;]<\/p>\n<div class=\"page\" title=\"Page 1\">\n<div class=\"section\">\n<div class=\"layoutArea\">\n<div class=\"column\">\n<p style=\"text-align: left;\"><strong data-start=\"470\" data-end=\"514\">This year\u2019s Panor\u00e0mic exhibition program<\/strong> features local and international artists around the theme <strong data-start=\"573\" data-end=\"604\">\u201cBreak. A New Visual Order\u201d<\/strong>, inviting a pause to reflect on the social and cultural changes of this early century. The sections <strong data-start=\"705\" data-end=\"723\">Panor\u00e0mic File<\/strong>, <strong data-start=\"725\" data-end=\"745\">Panor\u00e0mic Review<\/strong>, and <strong data-start=\"751\" data-end=\"769\">Open Panor\u00e0mic<\/strong> coexist with other exhibitions that broaden this dialogue.<\/p>\n<\/div>\n<\/div>\n<\/div>\n<\/div>\n<p>[\/et_pb_text][\/et_pb_column][\/et_pb_row][et_pb_row use_custom_gutter=&#8221;on&#8221; gutter_width=&#8221;1&#8243; custom_padding_last_edited=&#8221;on|phone&#8221; _builder_version=&#8221;4.25.0&#8243; _module_preset=&#8221;default&#8221; width=&#8221;95%&#8221; width_tablet=&#8221;95%&#8221; width_phone=&#8221;90%&#8221; width_last_edited=&#8221;on|phone&#8221; max_width=&#8221;2560px&#8221; module_alignment=&#8221;center&#8221; custom_padding_tablet=&#8221;&#8221; custom_padding_phone=&#8221;||0px||false|false&#8221; global_colors_info=&#8221;{}&#8221;][et_pb_column type=&#8221;4_4&#8243; _builder_version=&#8221;4.16&#8243; _module_preset=&#8221;default&#8221; global_colors_info=&#8221;{}&#8221;][et_pb_button button_url=&#8221;https:\/\/festivalpanoramic.cat\/en\/exhibitions-2025\/%20&#8243; button_text=&#8221;See full exhibitions programme&#8221; button_alignment=&#8221;center&#8221; disabled_on=&#8221;off|off|off&#8221; _builder_version=&#8221;4.27.4&#8243; _module_preset=&#8221;default&#8221; custom_button=&#8221;on&#8221; button_text_size=&#8221;21px&#8221; button_text_color=&#8221;#000000&#8243; button_border_width=&#8221;0px&#8221; button_font=&#8221;akrobat extrabold||||||||&#8221; button_icon=&#8221;&#x24;||divi||400&#8243; custom_margin=&#8221;||25px||false|false&#8221; global_colors_info=&#8221;{}&#8221;][\/et_pb_button][et_pb_portfolio fullwidth=&#8221;off&#8221; posts_number=&#8221;8&#8243; include_categories=&#8221;156&#8243; show_categories=&#8221;off&#8221; show_pagination=&#8221;off&#8221; zoom_icon_color=&#8221;#000000&#8243; _builder_version=&#8221;4.27.4&#8243; _module_preset=&#8221;default&#8221; title_font=&#8221;Montserrat extra bold||||||||&#8221; title_text_color=&#8221;#000000&#8243; custom_padding=&#8221;||||false|false&#8221; title_font_size_tablet=&#8221;18px&#8221; title_font_size_phone=&#8221;18px&#8221; title_font_size_last_edited=&#8221;on|phone&#8221; border_width_all=&#8221;4px&#8221; border_color_all=&#8221;#e2e0d4&#8243; border_width_bottom=&#8221;18px&#8221; global_colors_info=&#8221;{}&#8221;][\/et_pb_portfolio][\/et_pb_column][\/et_pb_row][\/et_pb_section][et_pb_section fb_built=&#8221;1&#8243; disabled_on=&#8221;on|on|on&#8221; admin_label=&#8221;Programa d&#8217;activitats&#8221; module_id=&#8221;home-educacio&#8221; _builder_version=&#8221;4.27.4&#8243; _module_preset=&#8221;default&#8221; background_color=&#8221;#e8e8e8&#8243; disabled=&#8221;on&#8221; locked=&#8221;off&#8221; collapsed=&#8221;off&#8221; global_colors_info=&#8221;{}&#8221;][et_pb_row custom_padding_last_edited=&#8221;on|phone&#8221; _builder_version=&#8221;4.25.0&#8243; _module_preset=&#8221;default&#8221; width_tablet=&#8221;&#8221; width_phone=&#8221;90%&#8221; width_last_edited=&#8221;on|phone&#8221; custom_margin_tablet=&#8221;&#8221; custom_margin_phone=&#8221;0px||||false|false&#8221; custom_margin_last_edited=&#8221;on|phone&#8221; custom_padding_tablet=&#8221;&#8221; custom_padding_phone=&#8221;0px||||false|false&#8221; global_colors_info=&#8221;{}&#8221;][et_pb_column type=&#8221;4_4&#8243; _builder_version=&#8221;4.16&#8243; _module_preset=&#8221;default&#8221; global_colors_info=&#8221;{}&#8221;][et_pb_text _builder_version=&#8221;4.27.4&#8243; _module_preset=&#8221;default&#8221; text_font=&#8221;Montserrat extra bold||||||||&#8221; text_text_color=&#8221;#000000&#8243; text_font_size=&#8221;60px&#8221; text_line_height=&#8221;1.1em&#8221; text_orientation=&#8221;center&#8221; custom_margin=&#8221;||49px||false|false&#8221; text_font_size_tablet=&#8221;40px&#8221; text_font_size_phone=&#8221;32px&#8221; text_font_size_last_edited=&#8221;on|tablet&#8221; global_colors_info=&#8221;{}&#8221;]<\/p>\n<p><strong data-start=\"317\" data-end=\"349\" data-is-only-node=\"\">Activities Program<\/strong><\/p>\n<p>[\/et_pb_text][et_pb_text _builder_version=&#8221;4.27.4&#8243; _module_preset=&#8221;default&#8221; text_font=&#8221;akrobat light||||||||&#8221; text_text_color=&#8221;#000000&#8243; text_font_size=&#8221;20px&#8221; text_line_height=&#8221;1.5em&#8221; module_alignment=&#8221;center&#8221; custom_margin=&#8221;-18px||||false|false&#8221; custom_margin_tablet=&#8221;-18px||||false|false&#8221; custom_margin_phone=&#8221;-18px||||false|false&#8221; custom_margin_last_edited=&#8221;on|phone&#8221; text_font_size_tablet=&#8221;20px&#8221; text_font_size_phone=&#8221;18px&#8221; text_font_size_last_edited=&#8221;on|phone&#8221; text_line_height_tablet=&#8221;1.5em&#8221; text_line_height_phone=&#8221;1.4em&#8221; text_line_height_last_edited=&#8221;on|phone&#8221; global_colors_info=&#8221;{}&#8221;]<\/p>\n<p>The <strong data-start=\"317\" data-end=\"349\" data-is-only-node=\"\">Panor\u00e0mic Activities Program<\/strong> includes <strong data-start=\"359\" data-end=\"373\">activities<\/strong> for all audiences, an <strong data-start=\"396\" data-end=\"417\">education program<\/strong> for schools and organizations, and a <strong data-start=\"455\" data-end=\"479\">professional program<\/strong> aimed at the art, culture, photography, and film sectors.<\/p>\n<p>[\/et_pb_text][\/et_pb_column][\/et_pb_row][et_pb_row column_structure=&#8221;1_3,1_3,1_3&#8243; _builder_version=&#8221;4.25.0&#8243; _module_preset=&#8221;default&#8221; width_tablet=&#8221;90%&#8221; width_phone=&#8221;85%&#8221; width_last_edited=&#8221;on|phone&#8221; global_colors_info=&#8221;{}&#8221; custom_css_main_element_last_edited=&#8221;on|phone&#8221; custom_css_main_element_tablet=&#8221;display: flex;&#8221; custom_css_main_element_phone=&#8221; &#8220;][et_pb_column type=&#8221;1_3&#8243; _builder_version=&#8221;4.16&#8243; _module_preset=&#8221;default&#8221; global_colors_info=&#8221;{}&#8221;][et_pb_image src=&#8221;https:\/\/festivalpanoramic.cat\/wp-content\/uploads\/2025\/09\/p-w-activitatsEN.png&#8221; title_text=&#8221;p-w-activitatsEN&#8221; url=&#8221;https:\/\/festivalpanoramic.cat\/en\/activities-2025\/&#8221; align=&#8221;center&#8221; _builder_version=&#8221;4.27.4&#8243; _module_preset=&#8221;default&#8221; custom_padding_tablet=&#8221;|5px||5px|true|true&#8221; custom_padding_phone=&#8221;|0px||0px|true|true&#8221; custom_padding_last_edited=&#8221;on|phone&#8221; border_radii=&#8221;on|1000px|1000px|1000px|1000px&#8221; border_width_all=&#8221;0px&#8221; border_color_all=&#8221;#e2e0d4&#8243; global_colors_info=&#8221;{}&#8221;][\/et_pb_image][\/et_pb_column][et_pb_column type=&#8221;1_3&#8243; _builder_version=&#8221;4.16&#8243; _module_preset=&#8221;default&#8221; global_colors_info=&#8221;{}&#8221;][et_pb_image src=&#8221;https:\/\/festivalpanoramic.cat\/wp-content\/uploads\/2025\/09\/p-w-educacioEN.png&#8221; title_text=&#8221;p-w-educacioEN&#8221; url=&#8221;https:\/\/festivalpanoramic.cat\/en\/education-2025\/&#8221; align=&#8221;center&#8221; _builder_version=&#8221;4.27.4&#8243; _module_preset=&#8221;default&#8221; custom_padding_tablet=&#8221;|5px||5px|false|true&#8221; custom_padding_phone=&#8221;|0px||0px|false|true&#8221; custom_padding_last_edited=&#8221;on|phone&#8221; border_radii=&#8221;on|1000px|1000px|1000px|1000px&#8221; border_width_all=&#8221;0px&#8221; border_color_all=&#8221;#e2e0d4&#8243; global_colors_info=&#8221;{}&#8221;][\/et_pb_image][\/et_pb_column][et_pb_column type=&#8221;1_3&#8243; _builder_version=&#8221;4.16&#8243; _module_preset=&#8221;default&#8221; global_colors_info=&#8221;{}&#8221;][et_pb_image src=&#8221;https:\/\/festivalpanoramic.cat\/wp-content\/uploads\/2025\/09\/p-w-jarnadesEN-copia.png&#8221; title_text=&#8221;p-w-jarnadesEN copia&#8221; url=&#8221;https:\/\/festivalpanoramic.cat\/en\/jornades-professionals-2025\/&#8221; align=&#8221;center&#8221; _builder_version=&#8221;4.27.4&#8243; _module_preset=&#8221;default&#8221; custom_padding_tablet=&#8221;|5px||5px|false|true&#8221; custom_padding_phone=&#8221;|0px||0px|false|true&#8221; custom_padding_last_edited=&#8221;on|phone&#8221; border_radii=&#8221;on|1000px|1000px|1000px|1000px&#8221; border_width_all=&#8221;0px&#8221; border_color_all=&#8221;#e2e0d4&#8243; global_colors_info=&#8221;{}&#8221;][\/et_pb_image][\/et_pb_column][\/et_pb_row][\/et_pb_section][et_pb_section fb_built=&#8221;1&#8243; custom_padding_last_edited=&#8221;on|phone&#8221; admin_label=&#8221;Actualitat&#8221; module_id=&#8221;Home-projections&#8221; _builder_version=&#8221;4.27.2&#8243; _module_preset=&#8221;default&#8221; background_color=&#8221;#FFFFFF&#8221; custom_padding_tablet=&#8221;&#8221; custom_padding_phone=&#8221;||0px||false|false&#8221; border_color_top=&#8221;gcid-e6d4fad3-dea9-4642-9110-e490537dd459&#8243; locked=&#8221;off&#8221; collapsed=&#8221;off&#8221; global_colors_info=&#8221;{%22gcid-e6d4fad3-dea9-4642-9110-e490537dd459%22:%91%22border_color_top%22%93}&#8221;][et_pb_row use_custom_gutter=&#8221;on&#8221; gutter_width=&#8221;1&#8243; _builder_version=&#8221;4.25.0&#8243; _module_preset=&#8221;default&#8221; width=&#8221;95%&#8221; width_tablet=&#8221;95%&#8221; width_phone=&#8221;90%&#8221; width_last_edited=&#8221;on|phone&#8221; max_width=&#8221;2560px&#8221; module_alignment=&#8221;center&#8221; custom_margin=&#8221;||||false|false&#8221; custom_margin_tablet=&#8221;-20px||||false|false&#8221; custom_margin_phone=&#8221;-24px||||false|false&#8221; custom_margin_last_edited=&#8221;on|phone&#8221; locked=&#8221;off&#8221; global_colors_info=&#8221;{}&#8221;][et_pb_column type=&#8221;4_4&#8243; _builder_version=&#8221;4.16&#8243; _module_preset=&#8221;default&#8221; global_colors_info=&#8221;{}&#8221;][et_pb_divider divider_style=&#8221;none&#8221; _builder_version=&#8221;4.27.6&#8243; _module_preset=&#8221;default&#8221; background_color=&#8221;#e95119&#8243; global_colors_info=&#8221;{}&#8221;][\/et_pb_divider][et_pb_text admin_label=&#8221;Text&#8221; _builder_version=&#8221;4.27.6&#8243; _module_preset=&#8221;default&#8221; text_font=&#8221;AtHauss-thin|100|||||||&#8221; text_text_color=&#8221;#000000&#8243; text_font_size=&#8221;20px&#8221; header_font=&#8221;AtHaus-semibold|600|||||||&#8221; header_text_color=&#8221;#000000&#8243; header_font_size=&#8221;40px&#8221; text_orientation=&#8221;center&#8221; text_font_size_tablet=&#8221;44px&#8221; text_font_size_phone=&#8221;40px&#8221; text_font_size_last_edited=&#8221;on|phone&#8221; text_line_height_tablet=&#8221;&#8221; text_line_height_phone=&#8221;1em&#8221; text_line_height_last_edited=&#8221;on|tablet&#8221; inline_fonts=&#8221;Montserrat Light&#8221; global_colors_info=&#8221;{}&#8221;]<\/p>\n<h1>\u00a0<\/h1>\n<p>&nbsp;<\/p>\n<h1 style=\"text-align: center;\">Updates<\/h1>\n<p style=\"text-align: center;\">News, updates and events to stay up to date with Panor\u00e0mic.<\/p>\n<p>[\/et_pb_text][et_pb_button button_url=&#8221;https:\/\/festivalpanoramic.cat\/en\/news\/&#8221; button_text=&#8221;View all updates&#8221; button_alignment=&#8221;center&#8221; _builder_version=&#8221;4.27.6&#8243; _module_preset=&#8221;default&#8221; custom_button=&#8221;on&#8221; button_text_size=&#8221;21px&#8221; button_text_color=&#8221;#e95119&#8243; button_border_width=&#8221;0px&#8221; button_icon=&#8221;&#x24;||divi||400&#8243; button_icon_color=&#8221;#8b794f&#8221; button_on_hover=&#8221;off&#8221; global_colors_info=&#8221;{}&#8221;][\/et_pb_button][et_pb_divider divider_style=&#8221;none&#8221; _builder_version=&#8221;4.27.6&#8243; _module_preset=&#8221;default&#8221; background_color=&#8221;RGBA(255,255,255,0)&#8221; global_colors_info=&#8221;{}&#8221;][\/et_pb_divider][et_pb_blog posts_number=&#8221;4&#8243; show_author=&#8221;off&#8221; show_date=&#8221;off&#8221; show_categories=&#8221;off&#8221; show_pagination=&#8221;off&#8221; module_class=&#8221;igualar-alturas&#8221; _builder_version=&#8221;4.25.0&#8243; _module_preset=&#8221;default&#8221; header_level=&#8221;h4&#8243; header_text_color=&#8221;#000000&#8243; body_font=&#8221;akrobat light||||||||&#8221; body_text_color=&#8221;#000000&#8243; body_font_size=&#8221;18px&#8221; custom_css_main_element=&#8221;column-count: 4;||column-gap: 20px;&#8221; global_colors_info=&#8221;{}&#8221; custom_css_main_element_last_edited=&#8221;on|phone&#8221; custom_css_main_element_tablet=&#8221;column-count: 2;||column-gap: 20px;&#8221; custom_css_main_element_phone=&#8221;column-count: 1;||column-gap: 20px;&#8221;][\/et_pb_blog][\/et_pb_column][\/et_pb_row][\/et_pb_section][et_pb_section fb_built=&#8221;1&#8243; module_id=&#8221;Previouseditions&#8221; _builder_version=&#8221;4.16&#8243; _module_preset=&#8221;default&#8221; background_color=&#8221;#efefef&#8221; locked=&#8221;off&#8221; global_colors_info=&#8221;{}&#8221;][et_pb_row _builder_version=&#8221;4.16&#8243; _module_preset=&#8221;default&#8221; width=&#8221;95%&#8221; max_width=&#8221;2560px&#8221; global_colors_info=&#8221;{}&#8221;][et_pb_column type=&#8221;4_4&#8243; _builder_version=&#8221;4.16&#8243; _module_preset=&#8221;default&#8221; global_colors_info=&#8221;{}&#8221;][et_pb_text _builder_version=&#8221;4.27.6&#8243; _module_preset=&#8221;default&#8221; text_font=&#8221;AtHaus-semibold|600|||||||&#8221; text_text_color=&#8221;#000000&#8243; text_font_size=&#8221;40px&#8221; text_font_size_tablet=&#8221;44px&#8221; text_font_size_phone=&#8221;40px&#8221; text_font_size_last_edited=&#8221;on|phone&#8221; text_line_height_tablet=&#8221;&#8221; text_line_height_phone=&#8221;1em&#8221; text_line_height_last_edited=&#8221;on|tablet&#8221; inline_fonts=&#8221;Montserrat Light&#8221; global_colors_info=&#8221;{}&#8221;]<\/p>\n<p style=\"text-align: left;\">Previous editions<\/p>\n<p>[\/et_pb_text][\/et_pb_column][\/et_pb_row][et_pb_row column_structure=&#8221;1_6,1_6,1_6,1_6,1_6,1_6&#8243; use_custom_gutter=&#8221;on&#8221; gutter_width=&#8221;2&#8243; _builder_version=&#8221;4.18.1&#8243; _module_preset=&#8221;default&#8221; width=&#8221;95%&#8221; max_width=&#8221;2560px&#8221; global_colors_info=&#8221;{}&#8221;][et_pb_column type=&#8221;1_6&#8243; _builder_version=&#8221;4.16&#8243; _module_preset=&#8221;default&#8221; global_colors_info=&#8221;{}&#8221;][et_pb_blurb title=&#8221;2025&#8243; url=&#8221;https:\/\/festivalpanoramic.cat\/en\/2025-edition\/&#8221; image=&#8221;https:\/\/festivalpanoramic.cat\/wp-content\/uploads\/2026\/01\/Panoramic_home.jpg&#8221; content_max_width=&#8221;985px&#8221; _builder_version=&#8221;4.27.4&#8243; _module_preset=&#8221;default&#8221; header_font=&#8221;akrobat light||||||||&#8221; header_text_align=&#8221;left&#8221; header_font_size=&#8221;36px&#8221; header_line_height=&#8221;0.5em&#8221; global_colors_info=&#8221;{}&#8221;][\/et_pb_blurb][\/et_pb_column][et_pb_column type=&#8221;1_6&#8243; _builder_version=&#8221;4.16&#8243; _module_preset=&#8221;default&#8221; global_colors_info=&#8221;{}&#8221;][et_pb_blurb title=&#8221;2024&#8243; url=&#8221;https:\/\/festivalpanoramic.cat\/en\/2024-edition\/&#8221; image=&#8221;https:\/\/festivalpanoramic.cat\/wp-content\/uploads\/2025\/03\/edicion-anterior-2024-1.jpg&#8221; content_max_width=&#8221;985px&#8221; admin_label=&#8221;Blurb&#8221; _builder_version=&#8221;4.27.2&#8243; _module_preset=&#8221;default&#8221; header_font=&#8221;akrobat light||||||||&#8221; header_text_align=&#8221;left&#8221; header_font_size=&#8221;36px&#8221; header_line_height=&#8221;0.5em&#8221; global_colors_info=&#8221;{}&#8221;][\/et_pb_blurb][\/et_pb_column][et_pb_column type=&#8221;1_6&#8243; _builder_version=&#8221;4.16&#8243; _module_preset=&#8221;default&#8221; global_colors_info=&#8221;{}&#8221;][et_pb_blurb title=&#8221;2023&#8243; url=&#8221;https:\/\/festivalpanoramic.cat\/en\/2023-edition\/&#8221; image=&#8221;https:\/\/festivalpanoramic.cat\/wp-content\/uploads\/2024\/01\/edicio-anterior-2023.jpg&#8221; content_max_width=&#8221;985px&#8221; _builder_version=&#8221;4.27.4&#8243; _module_preset=&#8221;default&#8221; header_font=&#8221;akrobat light||||||||&#8221; header_text_align=&#8221;left&#8221; header_font_size=&#8221;36px&#8221; header_line_height=&#8221;0.5em&#8221; global_colors_info=&#8221;{}&#8221;][\/et_pb_blurb][\/et_pb_column][et_pb_column type=&#8221;1_6&#8243; _builder_version=&#8221;4.16&#8243; _module_preset=&#8221;default&#8221; global_colors_info=&#8221;{}&#8221;][et_pb_blurb title=&#8221;2022&#8243; url=&#8221;https:\/\/festivalpanoramic.cat\/en\/edition-2022\/&#8221; image=&#8221;https:\/\/festivalpanoramic.cat\/wp-content\/uploads\/2023\/02\/img-ed22.jpg&#8221; content_max_width=&#8221;985px&#8221; admin_label=&#8221;Blurb&#8221; _builder_version=&#8221;4.18.1&#8243; _module_preset=&#8221;default&#8221; header_font=&#8221;akrobat light||||||||&#8221; header_text_align=&#8221;left&#8221; header_font_size=&#8221;36px&#8221; header_line_height=&#8221;0.5em&#8221; global_colors_info=&#8221;{}&#8221;][\/et_pb_blurb][\/et_pb_column][et_pb_column type=&#8221;1_6&#8243; _builder_version=&#8221;4.16&#8243; _module_preset=&#8221;default&#8221; global_colors_info=&#8221;{}&#8221;][et_pb_blurb title=&#8221;2021&#8243; url=&#8221;https:\/\/festivalpanoramic.cat\/en\/2021-edition\/&#8221; image=&#8221;https:\/\/festivalpanoramic.cat\/wp-content\/uploads\/2022\/03\/2021-Panoramic.jpg&#8221; content_max_width=&#8221;985px&#8221; admin_label=&#8221;Blurb&#8221; _builder_version=&#8221;4.21.0&#8243; _module_preset=&#8221;default&#8221; header_font=&#8221;akrobat light||||||||&#8221; header_text_align=&#8221;left&#8221; header_font_size=&#8221;36px&#8221; header_line_height=&#8221;0.5em&#8221; global_colors_info=&#8221;{}&#8221;][\/et_pb_blurb][\/et_pb_column][et_pb_column type=&#8221;1_6&#8243; _builder_version=&#8221;4.16&#8243; _module_preset=&#8221;default&#8221; global_colors_info=&#8221;{}&#8221;][et_pb_blurb title=&#8221;2020&#8243; url=&#8221;https:\/\/festivalpanoramic.cat\/en\/2020-edition\/&#8221; image=&#8221;https:\/\/festivalpanoramic.cat\/wp-content\/uploads\/2022\/03\/2020-Panoramic.jpg&#8221; content_max_width=&#8221;985px&#8221; _builder_version=&#8221;4.21.0&#8243; _module_preset=&#8221;default&#8221; header_font=&#8221;akrobat light||||||||&#8221; header_text_align=&#8221;left&#8221; header_font_size=&#8221;36px&#8221; header_line_height=&#8221;0.5em&#8221; global_colors_info=&#8221;{}&#8221;][\/et_pb_blurb][\/et_pb_column][\/et_pb_row][\/et_pb_section][et_pb_section fb_built=&#8221;1&#8243; _builder_version=&#8221;4.27.4&#8243; _module_preset=&#8221;default&#8221; locked=&#8221;off&#8221; global_colors_info=&#8221;{}&#8221;][et_pb_row column_structure=&#8221;1_3,2_3&#8243; use_custom_gutter=&#8221;on&#8221; gutter_width=&#8221;2&#8243; _builder_version=&#8221;4.27.4&#8243; _module_preset=&#8221;default&#8221; width=&#8221;95%&#8221; max_width=&#8221;2560px&#8221; locked=&#8221;off&#8221; global_colors_info=&#8221;{}&#8221;][et_pb_column type=&#8221;1_3&#8243; _builder_version=&#8221;4.16&#8243; _module_preset=&#8221;default&#8221; global_colors_info=&#8221;{}&#8221;][et_pb_image src=&#8221;https:\/\/festivalpanoramic.cat\/wp-content\/uploads\/2025\/09\/@cardali__MG_6973.jpg&#8221; title_text=&#8221;@cardali__MG_6973&#8243; _builder_version=&#8221;4.27.4&#8243; _module_preset=&#8221;default&#8221; background_image=&#8221;https:\/\/festivalpanoramic.cat\/wp-content\/uploads\/2025\/09\/@cardali__MG_6973.jpg&#8221; width=&#8221;100%&#8221; max_width=&#8221;100%&#8221; module_alignment=&#8221;left&#8221; locked=&#8221;off&#8221; global_colors_info=&#8221;{}&#8221;][\/et_pb_image][\/et_pb_column][et_pb_column type=&#8221;2_3&#8243; _builder_version=&#8221;4.16&#8243; _module_preset=&#8221;default&#8221; global_colors_info=&#8221;{}&#8221;][et_pb_heading title=&#8221;Panor\u00e0mic Tour&#8221; _builder_version=&#8221;4.27.6&#8243; _module_preset=&#8221;default&#8221; title_font=&#8221;AtHaus-semibold|600|||||||&#8221; title_font_size=&#8221;40px&#8221; global_colors_info=&#8221;{}&#8221;][\/et_pb_heading][et_pb_text _builder_version=&#8221;4.27.6&#8243; _module_preset=&#8221;default&#8221; text_font=&#8221;AtHauss-thin|100|||||||&#8221; text_font_size=&#8221;20px&#8221; global_colors_info=&#8221;{}&#8221;]<\/p>\n<p>Panor\u00e0mic Tour is the project managed by the festival to spread and tour those own productions that it carries out year after year. Contact us if you are interested in any project.<\/p>\n<p>[\/et_pb_text][et_pb_button button_url=&#8221;https:\/\/festivalpanoramic.cat\/en\/panoramic-tour\/&#8221; button_text=&#8221;See them all&#8221; button_alignment=&#8221;left&#8221; _builder_version=&#8221;4.27.6&#8243; _module_preset=&#8221;default&#8221; custom_button=&#8221;on&#8221; button_text_size=&#8221;21px&#8221; button_text_color=&#8221;#e95119&#8243; button_bg_color=&#8221;RGBA(255,255,255,0)&#8221; button_border_width=&#8221;0px&#8221; button_icon=&#8221;&#x24;||divi||400&#8243; button_icon_color=&#8221;#8b794f&#8221; button_on_hover=&#8221;off&#8221; locked=&#8221;off&#8221; global_colors_info=&#8221;{}&#8221;][\/et_pb_button][\/et_pb_column][\/et_pb_row][\/et_pb_section][et_pb_section fb_built=&#8221;1&#8243; custom_padding_last_edited=&#8221;on|phone&#8221; admin_label=&#8221;Newsletter&#8221; module_id=&#8221;home-projeccions&#8221; _builder_version=&#8221;4.27.4&#8243; _module_preset=&#8221;default&#8221; background_color=&#8221;#000000&#8243; custom_padding_tablet=&#8221;&#8221; custom_padding_phone=&#8221;20px||0px||false|false&#8221; border_radii=&#8221;off||||&#8221; border_width_top=&#8221;2px&#8221; border_color_top=&#8221;#FFFFFF&#8221; locked=&#8221;off&#8221; collapsed=&#8221;off&#8221; global_colors_info=&#8221;{}&#8221;][et_pb_row admin_label=&#8221;Row&#8221; _builder_version=&#8221;4.27.4&#8243; _module_preset=&#8221;default&#8221; width=&#8221;70%&#8221; width_tablet=&#8221;90%&#8221; width_phone=&#8221;90%&#8221; width_last_edited=&#8221;on|tablet&#8221; module_alignment=&#8221;center&#8221; custom_margin=&#8221;0px||0px||false|false&#8221; custom_padding=&#8221;0px||30px||false|false&#8221; locked=&#8221;off&#8221; global_colors_info=&#8221;{}&#8221;][et_pb_column type=&#8221;4_4&#8243; _builder_version=&#8221;4.24.2&#8243; _module_preset=&#8221;default&#8221; global_colors_info=&#8221;{}&#8221;][et_pb_text _builder_version=&#8221;4.27.4&#8243; _module_preset=&#8221;default&#8221; text_font=&#8221;Montserrat Light|200|||||||&#8221; text_text_color=&#8221;#FFFFFF&#8221; text_font_size=&#8221;22px&#8221; text_line_height=&#8221;1.3em&#8221; header_font=&#8221;||||||||&#8221; header_font_size=&#8221;50px&#8221; width=&#8221;100%&#8221; width_tablet=&#8221;100%&#8221; width_phone=&#8221;99%&#8221; width_last_edited=&#8221;on|tablet&#8221; max_width=&#8221;100%&#8221; module_alignment=&#8221;center&#8221; custom_margin_tablet=&#8221;&#8221; custom_margin_phone=&#8221;&#8221; custom_margin_last_edited=&#8221;on|phone&#8221; custom_padding=&#8221;0px||30px||false|false&#8221; custom_padding_tablet=&#8221;&#8221; custom_padding_phone=&#8221;&#8221; custom_padding_last_edited=&#8221;on|tablet&#8221; text_font_size_tablet=&#8221;18px&#8221; text_font_size_phone=&#8221;16px&#8221; text_font_size_last_edited=&#8221;on|phone&#8221; locked=&#8221;off&#8221; inline_fonts=&#8221;Montserrat extra bold,akrobat extrabold&#8221; global_colors_info=&#8221;{}&#8221;]<\/p>\n<h1 style=\"text-align: center;\"><span style=\"font-family: 'akrobat extrabold'; color: #FFFFFF;\">NEWSLETTER<\/span><\/h1>\n<p>[\/et_pb_text][et_pb_text _builder_version=&#8221;4.27.6&#8243; _module_preset=&#8221;default&#8221; text_font=&#8221;AtHauss-retina|200|||||||&#8221; text_text_color=&#8221;#FFFFFF&#8221; text_font_size=&#8221;20px&#8221; text_line_height=&#8221;1.3em&#8221; width=&#8221;100%&#8221; width_tablet=&#8221;100%&#8221; width_phone=&#8221;99%&#8221; width_last_edited=&#8221;on|tablet&#8221; max_width=&#8221;100%&#8221; module_alignment=&#8221;center&#8221; custom_margin_tablet=&#8221;&#8221; custom_margin_phone=&#8221;&#8221; custom_margin_last_edited=&#8221;on|phone&#8221; custom_padding_tablet=&#8221;&#8221; custom_padding_phone=&#8221;&#8221; custom_padding_last_edited=&#8221;on|tablet&#8221; text_font_size_tablet=&#8221;18px&#8221; text_font_size_phone=&#8221;16px&#8221; text_font_size_last_edited=&#8221;on|phone&#8221; locked=&#8221;off&#8221; inline_fonts=&#8221;Montserrat extra bold,akrobat extrabold&#8221; global_colors_info=&#8221;{}&#8221;]<\/p>\n<p style=\"text-align: center;\">Subscribe to our newsletter and stay up to date with the latest news.<\/p>\n<p>[\/et_pb_text][et_pb_text admin_label=&#8221;Form Mailchimp&#8221; _builder_version=&#8221;4.27.4&#8243; _module_preset=&#8221;default&#8221; global_colors_info=&#8221;{}&#8221;]<\/p>\n<script>(function() {\n\twindow.mc4wp = window.mc4wp || {\n\t\tlisteners: [],\n\t\tforms: {\n\t\t\ton: function(evt, cb) {\n\t\t\t\twindow.mc4wp.listeners.push(\n\t\t\t\t\t{\n\t\t\t\t\t\tevent   : evt,\n\t\t\t\t\t\tcallback: cb\n\t\t\t\t\t}\n\t\t\t\t);\n\t\t\t}\n\t\t}\n\t}\n})();\n<\/script><!-- Mailchimp for WordPress v4.12.0 - https:\/\/wordpress.org\/plugins\/mailchimp-for-wp\/ --><form id=\"mc4wp-form-1\" class=\"mc4wp-form mc4wp-form-37293 mc4wp-form-theme mc4wp-form-theme-dark\" method=\"post\" data-id=\"37293\" data-name=\"Form mailchimp home\" ><div class=\"mc4wp-form-fields\"><p>\r\n  \t<!--<label for=\"email\">Email<\/label>-->\r\n\t<input type=\"email\" id=\"email\" name=\"EMAIL\" placeholder=\"Email\" required>\r\n<\/p>\r\n<p>\r\n    <!--<label>Nom<\/label>-->\r\n    <input type=\"text\" name=\"FNAME\" placeholder=\"Nom\" required=\"\">\r\n<\/p>\r\n<p>\r\n    <!--<label>Cognoms<\/label>-->\r\n    <input type=\"text\" name=\"LNAME\" placeholder=\"Cognoms\" required=\"\">\r\n<\/p>\r\n<p>\r\n    <!--<label>Idioma<\/label>-->\r\n    <select name=\"INTERESTS[a0343d9f6a]\" placeholder=\"Idioma\" required=\"\">\r\n        <option disabled=\"\" value=\"\">Idioma<\/option>\r\n        <option value=\"8046673879\" selected=\"true\">Catal\u00e0<\/option>\r\n        <option value=\"fd077b6ca7\">Espa\u00f1ol<\/option>\r\n        <option value=\"6ef2878e82\">English<\/option>\r\n    <\/select>\r\n<\/p>\r\n<p>\r\n    <label>\r\n        <input type=\"checkbox\" name=\"AGREE_TO_TERMS\" value=\"1\" required=\"\"> <a href=\"https:\/\/festivalpanoramic.cat\/politica-privadesa\/\" target=\"_blank\">He llegit i accepto la pol\u00edtica de privacitat.<\/a>\r\n    <\/label>\r\n<\/p>\r\n<p>\r\n\t<input type=\"submit\" value=\"Subcriu-te\">\r\n<\/p><\/div><label style=\"display: none !important;\">Leave this field empty if you're human: <input type=\"text\" name=\"_mc4wp_honeypot\" value=\"\" tabindex=\"-1\" autocomplete=\"off\" \/><\/label><input type=\"hidden\" name=\"_mc4wp_timestamp\" value=\"1777388416\" \/><input type=\"hidden\" name=\"_mc4wp_form_id\" value=\"37293\" \/><input type=\"hidden\" name=\"_mc4wp_form_element_id\" value=\"mc4wp-form-1\" \/><div class=\"mc4wp-response\"><\/div><\/form><!-- \/ Mailchimp for WordPress Plugin -->\n<p>[\/et_pb_text][\/et_pb_column][\/et_pb_row][\/et_pb_section][et_pb_section fb_built=&#8221;1&#8243; custom_padding_last_edited=&#8221;on|phone&#8221; disabled_on=&#8221;on|on|on&#8221; admin_label=&#8221;Localitzacions&#8221; module_id=&#8221;home-localitzacions2024&#8243; _builder_version=&#8221;4.27.0&#8243; _module_preset=&#8221;default&#8221; custom_padding_tablet=&#8221;&#8221; custom_padding_phone=&#8221;20px||||false|false&#8221; border_width_top=&#8221;1px&#8221; border_color_top=&#8221;#8c864d&#8221; disabled=&#8221;on&#8221; locked=&#8221;off&#8221; global_colors_info=&#8221;{}&#8221;][et_pb_row custom_padding_last_edited=&#8221;on|phone&#8221; _builder_version=&#8221;4.27.0&#8243; _module_preset=&#8221;default&#8221; width=&#8221;95%&#8221; width_tablet=&#8221;90%&#8221; width_phone=&#8221;90%&#8221; width_last_edited=&#8221;on|phone&#8221; max_width=&#8221;2560px&#8221; custom_margin=&#8221;48px||-35px||false|false&#8221; custom_margin_tablet=&#8221;48px||-35px||false|false&#8221; custom_margin_phone=&#8221;0px||-35px||false|false&#8221; custom_margin_last_edited=&#8221;on|phone&#8221; custom_padding_tablet=&#8221;&#8221; custom_padding_phone=&#8221;||10px||false|false&#8221; global_colors_info=&#8221;{}&#8221;][et_pb_column type=&#8221;4_4&#8243; _builder_version=&#8221;4.16&#8243; _module_preset=&#8221;default&#8221; global_colors_info=&#8221;{}&#8221;][et_pb_text _builder_version=&#8221;4.27.0&#8243; _module_preset=&#8221;default&#8221; text_font=&#8221;Montserrat extra bold||||||||&#8221; text_text_color=&#8221;#000000&#8243; text_font_size=&#8221;60px&#8221; text_line_height=&#8221;1em&#8221; text_font_size_tablet=&#8221;40px&#8221; text_font_size_phone=&#8221;32px&#8221; text_font_size_last_edited=&#8221;on|phone&#8221; inline_fonts=&#8221;Montserrat Light&#8221; global_colors_info=&#8221;{}&#8221;]<\/p>\n<p style=\"text-align: left;\">Location <span style=\"font-family: 'Montserrat Light';\">of the exhibitions<\/span><\/p>\n<p>[\/et_pb_text][\/et_pb_column][\/et_pb_row][\/et_pb_section][et_pb_section fb_built=&#8221;1&#8243; fullwidth=&#8221;on&#8221; disabled_on=&#8221;on|on|on&#8221; admin_label=&#8221;Mapa&#8221; module_id=&#8221;mapa&#8221; _builder_version=&#8221;4.25.0&#8243; _module_preset=&#8221;default&#8221; disabled=&#8221;on&#8221; locked=&#8221;off&#8221; global_colors_info=&#8221;{}&#8221;][et_pb_fullwidth_map address=&#8221;Carrer d&#8217;Enric Prat de la Riba, 77, 08401 Granollers, Barcelona, Espanya&#8221; zoom_level=&#8221;11&#8243; address_lat=&#8221;41.530950309624&#8243; address_lng=&#8221;2.2630605802734&#8243; _builder_version=&#8221;4.27.4&#8243; _module_preset=&#8221;default&#8221; background_color=&#8221;#E02B20&#8243; height=&#8221;651px&#8221; filter_hue_rotate=&#8221;50deg&#8221; filter_saturate=&#8221;41%&#8221; filter_brightness=&#8221;110%&#8221; child_filter_saturate=&#8221;0%&#8221; global_colors_info=&#8221;{}&#8221;][et_pb_map_pin title=&#8221;Roca Umbert f\u00e0brica de les Arts&#8221; pin_address=&#8221;Carrer d&#8217;Enric Prat de la Riba, 77, 08401 Granollers, Barcelona, Espa\u00f1a&#8221; pin_address_lat=&#8221;41.6023598&#8243; pin_address_lng=&#8221;2.2829733&#8243; _builder_version=&#8221;4.25.0&#8243; _module_preset=&#8221;default&#8221; global_colors_info=&#8221;{}&#8221;]<\/p>\n<p>Carrer d&#8217;Enric Prat de la Riba, 77<br \/>08401 Granollers<br \/><a href=\"http:\/\/rocaumbert.com\/\">rocaumbert.com<\/a><\/p>\n<p>[\/et_pb_map_pin][et_pb_map_pin title=&#8221;Museu de Ci\u00e8ncies Naturals de Granollers&#8221; pin_address=&#8221;C\/ Palaud\u00e0ries, 102 41,602616, 2,288373, 08402 Granollers, Barcelona, Espa\u00f1a&#8221; pin_address_lat=&#8221;41.6019298&#8243; pin_address_lng=&#8221;2.2881524&#8243; _builder_version=&#8221;4.25.0&#8243; _module_preset=&#8221;default&#8221; global_colors_info=&#8221;{}&#8221;]<\/p>\n<p>Palaud\u00e0ries, 102 41<br \/>08402 Granollers<br \/><a href=\"https:\/\/mcng.cat\/\">mcng.cat<\/a><\/p>\n<p>[\/et_pb_map_pin][et_pb_map_pin title=&#8221;L&#8217;Adoberia&#8221; pin_address=&#8221;Pla\u00e7a de l&#8217;Esgl\u00e9sia, 7, 08401 Granollers, Barcelona, Espa\u00f1a&#8221; pin_address_lat=&#8221;41.6077023&#8243; pin_address_lng=&#8221;2.2862455&#8243; _builder_version=&#8221;4.27.4&#8243; _module_preset=&#8221;default&#8221; global_colors_info=&#8221;{}&#8221;]<\/p>\n<p>Pla\u00e7a de l&#8217;Esgl\u00e9sia 7<br \/>08401 Granollers<br \/><a href=\"https:\/\/museugranollers.cat\/\">museugranollers.cat<\/a><\/p>\n<p>[\/et_pb_map_pin][et_pb_map_pin title=&#8221;Museu de Granollers&#8221; pin_address=&#8221;Carrer Anselm Clav\u00e9, 40, 42, 08401 Granollers, Barcelona, Espa\u00f1a&#8221; zoom_level=&#8221;19&#8243; pin_address_lat=&#8221;41.6070561&#8243; pin_address_lng=&#8221;2.2883957&#8243; _builder_version=&#8221;4.27.4&#8243; _module_preset=&#8221;default&#8221; global_colors_info=&#8221;{}&#8221;]<\/p>\n<p>Carrer Anselm Clav\u00e9, 40 &#8211; 42<\/p>\n<p>08401 Granollers<\/p>\n<p>[\/et_pb_map_pin][et_pb_map_pin title=&#8221;Carrer de la Mare de D\u00e9u de Montserrat&#8221; pin_address=&#8221;Carrer de la Mare de D\u00e9u de Montserrat, 08401 Granollers, Barcelona, Spain&#8221; pin_address_lat=&#8221;41.6004962&#8243; pin_address_lng=&#8221;2.284939&#8243; _builder_version=&#8221;4.25.0&#8243; _module_preset=&#8221;default&#8221; global_colors_info=&#8221;{}&#8221;]<\/p>\n<p><span style=\"font-weight: 400;\">Carrer de la Mare de D\u00e9u de Montserrat<br \/>Granollers<\/span><\/p>\n<p>[\/et_pb_map_pin][et_pb_map_pin title=&#8221;Cinema Edison&#8221; pin_address=&#8221;Carrer Joan Camps, 1, 08401 Granollers, Barcelona, Espa\u00f1a&#8221; pin_address_lat=&#8221;41.607372&#8243; pin_address_lng=&#8221;2.282445&#8243; _builder_version=&#8221;4.25.0&#8243; _module_preset=&#8221;default&#8221; global_colors_info=&#8221;{}&#8221;]<\/p>\n<p>Carrer Joan Camps, 1<br \/>08401 Granollers<br \/><a href=\"https:\/\/museugranollers.cat\/\">museugranollers.cat<\/a><\/p>\n<p>[\/et_pb_map_pin][et_pb_map_pin title=&#8221;Arxiu Fotogr\u00e0fic del Centre Excursionista de Catalunya &#8221; pin_address=&#8221;Carrer del Parad\u00eds, 10, 08002 Barcelona, Espa\u00f1a&#8221; pin_address_lat=&#8221;41.3834047&#8243; pin_address_lng=&#8221;2.1772851&#8243; _builder_version=&#8221;4.25.0&#8243; _module_preset=&#8221;default&#8221; global_colors_info=&#8221;{}&#8221;]<\/p>\n<p>Carrer del Parad\u00eds 10, 08002 Barcelona.<br \/><a href=\"http:\/\/www.cec.cat\" target=\"_blank\" rel=\"noopener\">www.cec.cat<\/a><\/p>\n<p>[\/et_pb_map_pin][et_pb_map_pin title=&#8221;Arxiu Hist\u00f2ric de la Ciutat de Barcelona&#8221; pin_address=&#8221;Carrer de Santa Ll\u00facia, 1, Ciutat Vella, 08002 Barcelona, Spain&#8221; pin_address_lat=&#8221;41.3840971&#8243; pin_address_lng=&#8221;2.17575&#8243; _builder_version=&#8221;4.25.0&#8243; _module_preset=&#8221;default&#8221; global_colors_info=&#8221;{}&#8221;]<\/p>\n<p><span style=\"font-weight: 400;\">La Casa de l\u2019Ardiaca<br \/>Carrer de Santa Ll\u00facia 1, Ciutat Vella, Barcelona<\/span><\/p>\n<p>[\/et_pb_map_pin][et_pb_map_pin title=&#8221;Arxiu d\u2019Etnografia i Folklore de Catalunya (AEFC)&#8221; _builder_version=&#8221;4.25.0&#8243; _module_preset=&#8221;default&#8221; global_colors_info=&#8221;{}&#8221;]<\/p>\n<p>Carrer Egipc\u00edaques 15, 08001 Barcelona.<br \/>De dilluns a divendres de 9 h a 15 h.<br \/><a href=\"http:\/\/www.imf.csic.es\" target=\"_blank\" rel=\"noopener\">www.imf.csic.es<\/a><\/p>\n<p>[\/et_pb_map_pin][et_pb_map_pin title=&#8221;Museu Mar\u00edtim de Barcelona&#8221; pin_address=&#8221;Av. de les Drassanes, Ciutat Vella, 08001 Barcelona, Espa\u00f1a&#8221; zoom_level=&#8221;17&#8243; pin_address_lat=&#8221;41.3763335&#8243; pin_address_lng=&#8221;2.1747929&#8243; _builder_version=&#8221;4.27.4&#8243; _module_preset=&#8221;default&#8221; global_colors_info=&#8221;{}&#8221;]<\/p>\n<div class=\"TzHB6b cLjAic LMRCfc\" data-hveid=\"CFcQAA\" data-ved=\"2ahUKEwiY0I_S7LT6AhUL_IUKHf9jDOQQy9oBKAB6BAhXEAA\">\n<div class=\"sATSHe\">\n<div class=\"B03h3d V14nKc i8qq8b ptcLIOszQJu__wholepage-card wp-ms\" data-hveid=\"CFYQAA\">\n<div class=\"UDZeY OTFaAf\">\n<div class=\"QsDR1c\">\n<div class=\"wDYxhc\" lang=\"ca-ES\" data-attrid=\"kc:\/location\/location:address\" data-md=\"1002\" data-hveid=\"CFIQAA\" data-ved=\"2ahUKEwiY0I_S7LT6AhUL_IUKHf9jDOQQkCl6BAhSEAA\">\n<div class=\"Z1hOCe\">\n<div class=\"zloOqf PZPZlf\" data-dtype=\"d3ifr\" data-local-attribute=\"d3adr\" data-ved=\"2ahUKEwiY0I_S7LT6AhUL_IUKHf9jDOQQghwoAHoECFIQAQ\">Av. de les Drassanes, s\/n, Ciutat Vella<\/div>\n<div class=\"zloOqf PZPZlf\" data-dtype=\"d3ifr\" data-local-attribute=\"d3adr\" data-ved=\"2ahUKEwiY0I_S7LT6AhUL_IUKHf9jDOQQghwoAHoECFIQAQ\">08001 Barcelona<\/div>\n<\/div>\n<\/div>\n<\/div>\n<\/div>\n<\/div>\n<\/div>\n<\/div>\n<p>[\/et_pb_map_pin][et_pb_map_pin title=&#8221;Arxiu Fotogr\u00e0fic de Barcelona&#8221; pin_address=&#8221;Pla\u00e7a de Pons i Clerch, 2, 2n, Ciutat Vella, 08003 Barcelona, Espa\u00f1a&#8221; pin_address_lat=&#8221;41.3868762&#8243; pin_address_lng=&#8221;2.1817859&#8243; _builder_version=&#8221;4.27.4&#8243; _module_preset=&#8221;default&#8221; global_colors_info=&#8221;{}&#8221;]<\/p>\n<p>Pla\u00e7a de Pons i Clerch, 2, 2n, Ciutat Vella<\/p>\n<p>08003 Barcelona<\/p>\n<p>[\/et_pb_map_pin][et_pb_map_pin title=&#8221;Sala Muncunill&#8221; pin_address=&#8221;Pla\u00e7a de Did\u00f3, 3, 08221 Terrassa, Barcelona, Spain&#8221; pin_address_lat=&#8221;41.5639668&#8243; pin_address_lng=&#8221;2.0103982&#8243; _builder_version=&#8221;4.25.0&#8243; _module_preset=&#8221;default&#8221; global_colors_info=&#8221;{}&#8221;]<\/p>\n<p><span style=\"font-weight: 400;\"><span>Pla\u00e7a de Did\u00f3, 3<br \/>Terrassa<\/span><\/span><span style=\"font-weight: 400;\"><\/span><\/p>\n<p>[\/et_pb_map_pin][et_pb_map_pin title=&#8221;Amics de les Arts i Joventuts Musicals&#8221; pin_address=&#8221;Carrer de Sant Pere, 46, 2, 08221 Terrassa, Barcelona, Espa\u00f1a&#8221; pin_address_lat=&#8221;41.5644787&#8243; pin_address_lng=&#8221;2.0121724&#8243; _builder_version=&#8221;4.27.4&#8243; _module_preset=&#8221;default&#8221; global_colors_info=&#8221;{}&#8221;]<\/p>\n<p>Carrer de Sant Pere, 46 \/ Carrer del Teatre, 2, Carrer del Teatre, 2<\/p>\n<p>08221 Terrassa<\/p>\n<p>[\/et_pb_map_pin][et_pb_map_pin title=&#8221;Arxiu Tobella&#8221; pin_address=&#8221;Pcta. de Saragossa, 2, 08221 Terrassa, Barcelona, Spain&#8221; pin_address_lat=&#8221;41.5649753&#8243; pin_address_lng=&#8221;2.0123407&#8243; _builder_version=&#8221;4.27.4&#8243; _module_preset=&#8221;default&#8221; global_colors_info=&#8221;{}&#8221;]<\/p>\n<p>Pcta. de Saragossa, 2, 08221 Terrassa, Barcelona<\/p>\n<p>[\/et_pb_map_pin][et_pb_map_pin title=&#8221;CCCB: Centre de Cultura Contempor\u00e0nia de Barcelona&#8221; pin_address=&#8221;Carrer de Montalegre, 5, Ciutat Vella, 08001 Barcelona, Espa\u00f1a&#8221; pin_address_lat=&#8221;41.3838024&#8243; pin_address_lng=&#8221;2.1667833&#8243; _builder_version=&#8221;4.27.4&#8243; _module_preset=&#8221;default&#8221; global_colors_info=&#8221;{}&#8221;]<\/p>\n<p>Carrer de Montalegre, 5, Ciutat Vella<\/p>\n<p>08001 Barcelona<\/p>\n<p>[\/et_pb_map_pin][et_pb_map_pin title=&#8221;KBr Fundaci\u00f3 Mapfre Barcelona Photo Center&#8221; pin_address=&#8221;Av. del Litoral, 30, 08005 Barcelona, Espa\u00f1a&#8221; pin_address_lat=&#8221;41.3884159&#8243; pin_address_lng=&#8221;2.1982051&#8243; _builder_version=&#8221;4.25.0&#8243; _module_preset=&#8221;default&#8221; global_colors_info=&#8221;{}&#8221;]<\/p>\n<p>Av. del Litoral, 30<br \/>08005 Barcelona<br \/><a href=\"https:\/\/kbr.fundacionmapfre.org\/ca\/\">kbr.fundacionmapfre.org<\/a><\/p>\n<p>[\/et_pb_map_pin][et_pb_map_pin title=&#8221;BAU, Centro Universitario de Artes y Dise\u00f1o de Barcelona&#8221; pin_address=&#8221;Carrer de Pujades, 118, Sant Mart\u00ed, 08005 Barcelona, Espa\u00f1a&#8221; pin_address_lat=&#8221;41.3976529&#8243; pin_address_lng=&#8221;2.1956577&#8243; _builder_version=&#8221;4.27.4&#8243; _module_preset=&#8221;default&#8221; global_colors_info=&#8221;{}&#8221;]<\/p>\n<p>Carrer de Pujades, 118, Sant Mart\u00ed, 08005 Barcelona<\/p>\n<p>[\/et_pb_map_pin][et_pb_map_pin title=&#8221;La Capella Barcelona&#8221; pin_address=&#8221;Carrer de l&#8217;Hospital, 56, Ciutat Vella, 08001 Barcelona, Espa\u00f1a&#8221; pin_address_lat=&#8221;41.3808148&#8243; pin_address_lng=&#8221;2.1702804&#8243; _builder_version=&#8221;4.27.4&#8243; _module_preset=&#8221;default&#8221; global_colors_info=&#8221;{}&#8221;]<\/p>\n<p>Carrer de l&#8217;Hospital, 56, Ciutat Vella, 08001 Barcelona<\/p>\n<p>[\/et_pb_map_pin][et_pb_map_pin title=&#8221;Museu d&#8217;Art Contemporani de Barcelona&#8221; pin_address=&#8221;Pla\u00e7a dels \u00c0ngels, 1, Ciutat Vella, 08001 Barcelona, Espa\u00f1a&#8221; pin_address_lat=&#8221;41.3831913&#8243; pin_address_lng=&#8221;2.1668668&#8243; _builder_version=&#8221;4.27.4&#8243; _module_preset=&#8221;default&#8221; global_colors_info=&#8221;{}&#8221;]<\/p>\n<p>Pla\u00e7a dels \u00c0ngels, 1, Ciutat Vella, 08001 Barcelona<\/p>\n<p>[\/et_pb_map_pin][et_pb_map_pin title=&#8221;Casa de l&#8217;Ardiaca &#8211;  Barcelona&#8221; pin_address=&#8221;Carrer de Santa Ll\u00facia, 1, Ciutat Vella, 08002 Barcelona, Espa\u00f1a&#8221; pin_address_lat=&#8221;41.384042&#8243; pin_address_lng=&#8221;2.175575&#8243; _builder_version=&#8221;4.27.4&#8243; _module_preset=&#8221;default&#8221; global_colors_info=&#8221;{}&#8221;]<\/p>\n<p>Carrer de Santa Ll\u00facia, 1, Ciutat Vella, 08002 Barcelona<\/p>\n<p>[\/et_pb_map_pin][\/et_pb_fullwidth_map][\/et_pb_section]<\/p>\n","protected":false},"excerpt":{"rendered":"<p>Panor\u00e0mic. Arts and Visual Cultures From October 15 to Desember 27, 2026 Granollers \u2212 Barcelona \u2212 Terrassa \u2212 Vic &nbsp;Burning with Desire &nbsp; \u00abJe ne puis vous dissimuler que je [&hellip;]<\/p>\n","protected":false},"author":1,"featured_media":0,"parent":0,"menu_order":0,"comment_status":"closed","ping_status":"closed","template":"","meta":{"_et_pb_use_builder":"on","_et_pb_old_content":"","_et_gb_content_width":"","footnotes":""},"class_list":["post-30625","page","type-page","status-publish","hentry"],"yoast_head":"<!-- This site is optimized with the Yoast SEO plugin v27.2 - https:\/\/yoast.com\/product\/yoast-seo-wordpress\/ -->\n<title>Home - Festival Panor\u00e0mic<\/title>\n<meta name=\"robots\" content=\"index, follow, max-snippet:-1, max-image-preview:large, max-video-preview:-1\" \/>\n<link rel=\"canonical\" href=\"https:\/\/festivalpanoramic.cat\/en\/\" \/>\n<meta property=\"og:locale\" content=\"en_US\" \/>\n<meta property=\"og:type\" content=\"article\" \/>\n<meta property=\"og:title\" content=\"Home - Festival Panor\u00e0mic\" \/>\n<meta property=\"og:description\" content=\"Panor\u00e0mic. Arts and Visual Cultures From October 15 to Desember 27, 2026 Granollers \u2212 Barcelona \u2212 Terrassa \u2212 Vic &nbsp;Burning with Desire &nbsp; \u00abJe ne puis vous dissimuler que je [&hellip;]\" \/>\n<meta property=\"og:url\" content=\"https:\/\/festivalpanoramic.cat\/en\/\" \/>\n<meta property=\"og:site_name\" content=\"Festival Panor\u00e0mic\" \/>\n<meta property=\"article:modified_time\" content=\"2026-04-28T14:48:56+00:00\" \/>\n<meta name=\"twitter:card\" content=\"summary_large_image\" \/>\n<meta name=\"twitter:label1\" content=\"Est. reading time\" \/>\n\t<meta name=\"twitter:data1\" content=\"6 minutes\" \/>\n<script type=\"application\/ld+json\" class=\"yoast-schema-graph\">{\"@context\":\"https:\/\/schema.org\",\"@graph\":[{\"@type\":\"WebPage\",\"@id\":\"https:\/\/festivalpanoramic.cat\/en\/\",\"url\":\"https:\/\/festivalpanoramic.cat\/en\/\",\"name\":\"Home - Festival Panor\u00e0mic\",\"isPartOf\":{\"@id\":\"https:\/\/festivalpanoramic.cat\/en\/#website\"},\"datePublished\":\"2023-02-09T15:34:49+00:00\",\"dateModified\":\"2026-04-28T14:48:56+00:00\",\"breadcrumb\":{\"@id\":\"https:\/\/festivalpanoramic.cat\/en\/#breadcrumb\"},\"inLanguage\":\"en-US\",\"potentialAction\":[{\"@type\":\"ReadAction\",\"target\":[\"https:\/\/festivalpanoramic.cat\/en\/\"]}]},{\"@type\":\"BreadcrumbList\",\"@id\":\"https:\/\/festivalpanoramic.cat\/en\/#breadcrumb\",\"itemListElement\":[{\"@type\":\"ListItem\",\"position\":1,\"name\":\"Inici\",\"item\":\"https:\/\/festivalpanoramic.cat\/en\/\"},{\"@type\":\"ListItem\",\"position\":2,\"name\":\"Home\"}]},{\"@type\":\"WebSite\",\"@id\":\"https:\/\/festivalpanoramic.cat\/en\/#website\",\"url\":\"https:\/\/festivalpanoramic.cat\/en\/\",\"name\":\"Festival Panor\u00e0mic\",\"description\":\"PANOR\u00c0MIC. ARTS I CULTURES VISUALS\",\"potentialAction\":[{\"@type\":\"SearchAction\",\"target\":{\"@type\":\"EntryPoint\",\"urlTemplate\":\"https:\/\/festivalpanoramic.cat\/en\/?s={search_term_string}\"},\"query-input\":{\"@type\":\"PropertyValueSpecification\",\"valueRequired\":true,\"valueName\":\"search_term_string\"}}],\"inLanguage\":\"en-US\"}]}<\/script>\n<!-- \/ Yoast SEO plugin. -->","yoast_head_json":{"title":"Home - Festival Panor\u00e0mic","robots":{"index":"index","follow":"follow","max-snippet":"max-snippet:-1","max-image-preview":"max-image-preview:large","max-video-preview":"max-video-preview:-1"},"canonical":"https:\/\/festivalpanoramic.cat\/en\/","og_locale":"en_US","og_type":"article","og_title":"Home - Festival Panor\u00e0mic","og_description":"Panor\u00e0mic. Arts and Visual Cultures From October 15 to Desember 27, 2026 Granollers \u2212 Barcelona \u2212 Terrassa \u2212 Vic &nbsp;Burning with Desire &nbsp; \u00abJe ne puis vous dissimuler que je [&hellip;]","og_url":"https:\/\/festivalpanoramic.cat\/en\/","og_site_name":"Festival Panor\u00e0mic","article_modified_time":"2026-04-28T14:48:56+00:00","twitter_card":"summary_large_image","twitter_misc":{"Est. reading time":"6 minutes"},"schema":{"@context":"https:\/\/schema.org","@graph":[{"@type":"WebPage","@id":"https:\/\/festivalpanoramic.cat\/en\/","url":"https:\/\/festivalpanoramic.cat\/en\/","name":"Home - Festival Panor\u00e0mic","isPartOf":{"@id":"https:\/\/festivalpanoramic.cat\/en\/#website"},"datePublished":"2023-02-09T15:34:49+00:00","dateModified":"2026-04-28T14:48:56+00:00","breadcrumb":{"@id":"https:\/\/festivalpanoramic.cat\/en\/#breadcrumb"},"inLanguage":"en-US","potentialAction":[{"@type":"ReadAction","target":["https:\/\/festivalpanoramic.cat\/en\/"]}]},{"@type":"BreadcrumbList","@id":"https:\/\/festivalpanoramic.cat\/en\/#breadcrumb","itemListElement":[{"@type":"ListItem","position":1,"name":"Inici","item":"https:\/\/festivalpanoramic.cat\/en\/"},{"@type":"ListItem","position":2,"name":"Home"}]},{"@type":"WebSite","@id":"https:\/\/festivalpanoramic.cat\/en\/#website","url":"https:\/\/festivalpanoramic.cat\/en\/","name":"Festival Panor\u00e0mic","description":"PANOR\u00c0MIC. ARTS I CULTURES VISUALS","potentialAction":[{"@type":"SearchAction","target":{"@type":"EntryPoint","urlTemplate":"https:\/\/festivalpanoramic.cat\/en\/?s={search_term_string}"},"query-input":{"@type":"PropertyValueSpecification","valueRequired":true,"valueName":"search_term_string"}}],"inLanguage":"en-US"}]}},"_links":{"self":[{"href":"https:\/\/festivalpanoramic.cat\/en\/wp-json\/wp\/v2\/pages\/30625","targetHints":{"allow":["GET"]}}],"collection":[{"href":"https:\/\/festivalpanoramic.cat\/en\/wp-json\/wp\/v2\/pages"}],"about":[{"href":"https:\/\/festivalpanoramic.cat\/en\/wp-json\/wp\/v2\/types\/page"}],"author":[{"embeddable":true,"href":"https:\/\/festivalpanoramic.cat\/en\/wp-json\/wp\/v2\/users\/1"}],"replies":[{"embeddable":true,"href":"https:\/\/festivalpanoramic.cat\/en\/wp-json\/wp\/v2\/comments?post=30625"}],"version-history":[{"count":240,"href":"https:\/\/festivalpanoramic.cat\/en\/wp-json\/wp\/v2\/pages\/30625\/revisions"}],"predecessor-version":[{"id":42709,"href":"https:\/\/festivalpanoramic.cat\/en\/wp-json\/wp\/v2\/pages\/30625\/revisions\/42709"}],"wp:attachment":[{"href":"https:\/\/festivalpanoramic.cat\/en\/wp-json\/wp\/v2\/media?parent=30625"}],"curies":[{"name":"wp","href":"https:\/\/api.w.org\/{rel}","templated":true}]}}