{"id":36678,"date":"2025-03-13T09:59:18","date_gmt":"2025-03-13T07:59:18","guid":{"rendered":"https:\/\/festivalpanoramic.cat\/2024-edition\/"},"modified":"2025-03-13T10:20:29","modified_gmt":"2025-03-13T08:20:29","slug":"2024-edition","status":"publish","type":"page","link":"https:\/\/festivalpanoramic.cat\/en\/2024-edition\/","title":{"rendered":"2024 edition"},"content":{"rendered":"<p>[et_pb_section fb_built=&#8221;1&#8243; _builder_version=&#8221;4.25.0&#8243; _module_preset=&#8221;default&#8221; custom_padding=&#8221;0px||0px||true|false&#8221; global_colors_info=&#8221;{}&#8221;][et_pb_row _builder_version=&#8221;4.21.0&#8243; _module_preset=&#8221;default&#8221; width=&#8221;100%&#8221; max_width=&#8221;2560px&#8221; custom_margin=&#8221;0px||0px||true|false&#8221; custom_padding=&#8221;0px||0px||false|false&#8221; global_colors_info=&#8221;{}&#8221;][et_pb_column type=&#8221;4_4&#8243; _builder_version=&#8221;4.21.0&#8243; _module_preset=&#8221;default&#8221; global_colors_info=&#8221;{}&#8221;][et_pb_slider module_class=&#8221;divicon_full_screen_slider &#8221; _builder_version=&#8221;4.27.0&#8243; _module_preset=&#8221;default&#8221; custom_margin=&#8221;-80px||20px||false|false&#8221; custom_margin_tablet=&#8221;-80px||||false|false&#8221; custom_margin_phone=&#8221;-102px||||false|false&#8221; custom_margin_last_edited=&#8221;on|phone&#8221; auto=&#8221;on&#8221; auto_speed=&#8221;3000&#8243; auto_ignore_hover=&#8221;on&#8221; hover_transition_duration_tablet=&#8221;&#8221; hover_transition_duration_phone=&#8221;0ms&#8221; hover_transition_duration_last_edited=&#8221;on|phone&#8221; hover_transition_speed_curve_tablet=&#8221;&#8221; hover_transition_speed_curve_phone=&#8221;linear&#8221; hover_transition_speed_curve_last_edited=&#8221;on|phone&#8221; global_colors_info=&#8221;{}&#8221;][et_pb_slide _builder_version=&#8221;4.25.0&#8243; _module_preset=&#8221;default&#8221; background_image=&#8221;https:\/\/festivalpanoramic.cat\/wp-content\/uploads\/2024\/07\/p-portadaweb1.png&#8221; background_enable_image=&#8221;on&#8221; background_last_edited=&#8221;on|desktop&#8221; background_image_phone=&#8221;https:\/\/festivalpanoramic.cat\/wp-content\/uploads\/2024\/07\/p-portadaweb-mobil.png&#8221; background_enable_image_phone=&#8221;on&#8221; global_colors_info=&#8221;{}&#8221; custom_css_main_element_last_edited=&#8221;on|phone&#8221; sticky_transition=&#8221;on&#8221;][\/et_pb_slide][\/et_pb_slider][et_pb_text content_tablet=&#8221;<\/p>\n<p><span style=%22color: #8b8554;%22><a href=%22#home-exposicions%22 style=%22color: #8b8554;%22>EXHIBITIONS<\/a> <a href=%22#home-activitats%22 style=%22color: #8b8554;%22>ACTIVITIES<\/a> <a href=%22#home-jornades%22 style=%22color: #8b8554;%22>III PROFESSIONAL CONFERENCES<\/a> <a href=%22#home-educacio%22 style=%22color: #8b8554;%22>EDUCATION<\/a><\/span><\/p>\n<p>&#8221; content_phone=&#8221;<\/p>\n<p><span style=%22color: #8b8554;%22><a href=%22#home-exposicions%22 style=%22color: #8b8554;%22>EXHIBITIONS<\/a> | <a href=%22#home-activitats%22 style=%22color: #8b8554;%22>ACTIVITIES<\/a><br \/><a href=%22#home-jornades%22 style=%22color: #8b8554;%22>III PROFESSIONAL CONFERENCES<\/a> | <a href=%22#home-educacio%22 style=%22color: #8b8554;%22>EDUCATION<\/a><\/span><\/p>\n<p>&#8221; content_last_edited=&#8221;on|phone&#8221; _builder_version=&#8221;4.27.0&#8243; _module_preset=&#8221;default&#8221; text_font=&#8221;akrobat extrabold||||||||&#8221; text_text_color=&#8221;gcid-73263b73-b059-42fc-a61d-05da764fa408&#8243; text_orientation=&#8221;center&#8221; width_tablet=&#8221;&#8221; width_phone=&#8221;100%&#8221; width_last_edited=&#8221;on|phone&#8221; module_alignment=&#8221;center&#8221; module_alignment_last_edited=&#8221;off|phone&#8221; locked=&#8221;off&#8221; global_colors_info=&#8221;{%22gcid-73263b73-b059-42fc-a61d-05da764fa408%22:%91%22text_text_color%22%93}&#8221;]<\/p>\n<p><span style=\"color: #8b8554;\"><a href=\"#home-exposicions\" style=\"color: #8b8554;\">EXHIBITIONS<\/a> <a href=\"#home-activitats\" style=\"color: #8b8554;\">ACTIVITIES<\/a> <a href=\"#home-jornades\" style=\"color: #8b8554;\">III PROFESSIONAL CONFERENCES<\/a> <a href=\"#home-educacio\" style=\"color: #8b8554;\">EDUCATION<\/a><\/span><\/p>\n<p>[\/et_pb_text][\/et_pb_column][\/et_pb_row][\/et_pb_section][et_pb_section fb_built=&#8221;1&#8243; custom_padding_last_edited=&#8221;on|phone&#8221; _builder_version=&#8221;4.25.0&#8243; _module_preset=&#8221;default&#8221; custom_padding=&#8221;||80px||false|false&#8221; custom_padding_tablet=&#8221;||60px||false|false&#8221; custom_padding_phone=&#8221;||50px||false|false&#8221; global_colors_info=&#8221;{}&#8221;][et_pb_row _builder_version=&#8221;4.27.0&#8243; _module_preset=&#8221;default&#8221; width=&#8221;70%&#8221; width_tablet=&#8221;90%&#8221; width_phone=&#8221;90%&#8221; width_last_edited=&#8221;on|tablet&#8221; module_alignment=&#8221;center&#8221; custom_margin=&#8221;0px||0px||false|false&#8221; custom_padding=&#8221;0px||0px||false|false&#8221; global_colors_info=&#8221;{}&#8221;][et_pb_column type=&#8221;4_4&#8243; _builder_version=&#8221;4.24.2&#8243; _module_preset=&#8221;default&#8221; global_colors_info=&#8221;{}&#8221;][et_pb_text _builder_version=&#8221;4.25.0&#8243; _module_preset=&#8221;default&#8221; text_font=&#8221;akrobat light||||||||&#8221; text_text_color=&#8221;#8b794f&#8221; text_font_size=&#8221;27px&#8221; text_line_height=&#8221;1.2em&#8221; text_orientation=&#8221;center&#8221; custom_margin=&#8221;||50px||false|false&#8221; custom_margin_tablet=&#8221;0px||||false|false&#8221; custom_margin_phone=&#8221;0px||||false|false&#8221; custom_margin_last_edited=&#8221;on|phone&#8221; text_font_size_tablet=&#8221;27px&#8221; text_font_size_phone=&#8221;23px&#8221; text_font_size_last_edited=&#8221;on|phone&#8221; locked=&#8221;off&#8221; inline_fonts=&#8221;akrobat light,Montserrat Light,akrobat extrabold&#8221; global_colors_info=&#8221;{}&#8221;]<\/p>\n<p><span style=\"font-family: 'akrobat extrabold';\">Panor\u00e0mic Festival<br \/><span style=\"font-weight: normal; font-family: 'akrobat light';\">From October 10 to December 29<\/span><\/span><\/p>\n<p><span style=\"font-family: 'akrobat extrabold';\"><\/span><span style=\"font-family: 'akrobat extrabold';\"><span style=\"font-weight: normal;\">Opening dates<\/span><br \/><\/span> October 10 | <span style=\"font-family: 'akrobat extrabold';\">GRANOLLERS<\/span><br \/>October 24 | <span style=\"font-family: 'akrobat extrabold';\">BARCELONA<\/span><br \/>November 14 | <span style=\"font-family: 'akrobat extrabold';\">TERRASSA<\/span><\/p>\n<p>[\/et_pb_text][et_pb_text _builder_version=&#8221;4.25.0&#8243; _module_preset=&#8221;default&#8221; text_font=&#8221;Montserrat Light|200|||||||&#8221; text_text_color=&#8221;#000000&#8243; text_font_size=&#8221;22px&#8221; text_line_height=&#8221;1.3em&#8221; width=&#8221;100%&#8221; width_tablet=&#8221;100%&#8221; width_phone=&#8221;99%&#8221; width_last_edited=&#8221;on|tablet&#8221; max_width=&#8221;100%&#8221; module_alignment=&#8221;center&#8221; custom_margin_tablet=&#8221;&#8221; custom_margin_phone=&#8221;&#8221; custom_margin_last_edited=&#8221;on|phone&#8221; custom_padding_tablet=&#8221;&#8221; custom_padding_phone=&#8221;&#8221; custom_padding_last_edited=&#8221;on|tablet&#8221; text_font_size_tablet=&#8221;18px&#8221; text_font_size_phone=&#8221;16px&#8221; text_font_size_last_edited=&#8221;on|phone&#8221; locked=&#8221;off&#8221; inline_fonts=&#8221;Montserrat extra bold,akrobat extrabold&#8221; global_colors_info=&#8221;{}&#8221;]<\/p>\n<p style=\"text-align: center;\">In the first quarter of the 21st century, we are witnessing a <span style=\"font-family: 'Montserrat extra bold';\">polarization of society<\/span> in the so-called &#8220;advanced economies&#8221;, the result of the concentration of power by large corporations in the era of globalization.<\/p>\n<p style=\"text-align: center;\"><span style=\"font-family: 'Montserrat extra bold'; font-weight: normal;\">Political polarization<\/span>, another consequence of the loss of state power, is causing public opinion to divide into two opposing extremes. This makes it difficult to find consensus and puts democratic systems at risk while favoring <span style=\"font-family: 'Montserrat extra bold'; font-weight: normal;\">populist and authoritarian policies<\/span>.<\/p>\n<p>[\/et_pb_text][et_pb_text _builder_version=&#8221;4.25.0&#8243; _module_preset=&#8221;default&#8221; text_font=&#8221;akrobat light|200|||||||&#8221; text_text_color=&#8221;#000000&#8243; text_font_size=&#8221;20px&#8221; text_line_height=&#8221;1.3em&#8221; width=&#8221;100%&#8221; width_tablet=&#8221;100%&#8221; width_phone=&#8221;99%&#8221; width_last_edited=&#8221;on|tablet&#8221; max_width=&#8221;100%&#8221; module_alignment=&#8221;center&#8221; custom_margin_tablet=&#8221;&#8221; custom_margin_phone=&#8221;&#8221; custom_margin_last_edited=&#8221;on|phone&#8221; custom_padding_tablet=&#8221;&#8221; custom_padding_phone=&#8221;&#8221; custom_padding_last_edited=&#8221;on|tablet&#8221; text_font_size_tablet=&#8221;18px&#8221; text_font_size_phone=&#8221;16px&#8221; text_font_size_last_edited=&#8221;on|phone&#8221; locked=&#8221;off&#8221; inline_fonts=&#8221;Montserrat extra bold,akrobat extrabold&#8221; global_colors_info=&#8221;{}&#8221;]<\/p>\n<p style=\"text-align: center;\">We are witnessing the most accentuated inequalities, as evidenced by the survival of slavery practices, the emergence of new conflicts with terminologies such as &#8220;the war against terrorism&#8221;, which threaten the security of international society, or the phenomenon of mass migrations and the new slavery.<\/p>\n<p class=\"p1\" style=\"text-align: center;\">The 2024 edition of the Panor\u00e0mic festival focuses on works by artists who make a critical review of recent history and, at the same time, reflect on the current geopolitical, economic, and social situation, marked by polarization and its consequences. We point out the situation of the elderly, the gender issue, job insecurity, displacements, the consequences of natural disasters and economic policies, territorial limits, the power of money, the revision of history, the projection of new scenarios, or historical dislocations, to mention some.<\/p>\n<p>[\/et_pb_text][et_pb_button button_url=&#8221;https:\/\/festivalpanoramic.cat\/wp-content\/uploads\/2024\/11\/Panoramic-Programa2024-2.pdf&#8221; url_new_window=&#8221;on&#8221; button_text=&#8221;Download program&#8221; button_alignment=&#8221;center&#8221; _builder_version=&#8221;4.27.2&#8243; _module_preset=&#8221;default&#8221; custom_button=&#8221;on&#8221; button_text_size=&#8221;22px&#8221; button_text_color=&#8221;#FFFFFF&#8221; button_bg_color=&#8221;gcid-73263b73-b059-42fc-a61d-05da764fa408&#8243; button_font=&#8221;Montserrat extra bold||||||||&#8221; button_icon=&#8221;&#xf56d;||fa||900&#8243; button_on_hover=&#8221;off&#8221; custom_margin=&#8221;80px||10px||false|false&#8221; custom_margin_tablet=&#8221;60px||10px||false|false&#8221; custom_margin_phone=&#8221;40px||0px||false|false&#8221; custom_margin_last_edited=&#8221;on|phone&#8221; button_text_size_tablet=&#8221;16px&#8221; button_text_size_phone=&#8221;14px&#8221; button_text_size_last_edited=&#8221;on|tablet&#8221; locked=&#8221;off&#8221; global_colors_info=&#8221;{%22gcid-73263b73-b059-42fc-a61d-05da764fa408%22:%91%22button_bg_color%22%93}&#8221;][\/et_pb_button][\/et_pb_column][\/et_pb_row][\/et_pb_section][et_pb_section fb_built=&#8221;1&#8243; admin_label=&#8221;Exposicions&#8221; module_id=&#8221;home-exposicions&#8221; _builder_version=&#8221;4.27.0&#8243; _module_preset=&#8221;default&#8221; background_color=&#8221;gcid-e6d4fad3-dea9-4642-9110-e490537dd459&#8243; locked=&#8221;off&#8221; global_colors_info=&#8221;{%22gcid-e6d4fad3-dea9-4642-9110-e490537dd459%22:%91%22background_color%22%93}&#8221;][et_pb_row custom_padding_last_edited=&#8221;on|phone&#8221; _builder_version=&#8221;4.25.0&#8243; _module_preset=&#8221;default&#8221; width_tablet=&#8221;&#8221; width_phone=&#8221;90%&#8221; width_last_edited=&#8221;on|phone&#8221; custom_padding_tablet=&#8221;&#8221; custom_padding_phone=&#8221;||0px||false|false&#8221; global_colors_info=&#8221;{}&#8221;][et_pb_column type=&#8221;4_4&#8243; _builder_version=&#8221;4.16&#8243; _module_preset=&#8221;default&#8221; global_colors_info=&#8221;{}&#8221;][et_pb_text _builder_version=&#8221;4.25.0&#8243; _module_preset=&#8221;default&#8221; text_font=&#8221;akrobat light||||||||&#8221; text_text_color=&#8221;#8b794f&#8221; text_font_size=&#8221;27px&#8221; text_line_height=&#8221;1.1em&#8221; text_orientation=&#8221;center&#8221; custom_margin=&#8221;-16px||44px||false|false&#8221; custom_margin_tablet=&#8221;||70px||false|false&#8221; custom_margin_phone=&#8221;-28px||||false|false&#8221; custom_margin_last_edited=&#8221;on|phone&#8221; text_font_size_tablet=&#8221;27px&#8221; text_font_size_phone=&#8221;23px&#8221; text_font_size_last_edited=&#8221;on|phone&#8221; inline_fonts=&#8221;akrobat extrabold&#8221; global_colors_info=&#8221;{}&#8221;]<\/p>\n<p><span style=\"font-family: 'akrobat extrabold';\">GRANOLLERS \u2014 BARCELONA \u2014 TERRASSA<br \/><\/span>10.10\u201429.12.2024<\/p>\n<p>[\/et_pb_text][et_pb_text _builder_version=&#8221;4.27.0&#8243; _module_preset=&#8221;default&#8221; text_font=&#8221;Montserrat extra bold||||||||&#8221; text_text_color=&#8221;#000000&#8243; text_font_size=&#8221;60px&#8221; text_orientation=&#8221;center&#8221; custom_margin=&#8221;||49px||false|false&#8221; custom_margin_tablet=&#8221;||49px||false|false&#8221; custom_margin_phone=&#8221;-27px||123px||false|false&#8221; custom_margin_last_edited=&#8221;on|phone&#8221; text_font_size_tablet=&#8221;40px&#8221; text_font_size_phone=&#8221;32px&#8221; text_font_size_last_edited=&#8221;on|tablet&#8221; global_colors_info=&#8221;{}&#8221;]<\/p>\n<p class=\"p1\">Exhibitions<\/p>\n<p>[\/et_pb_text][et_pb_text _builder_version=&#8221;4.25.0&#8243; _module_preset=&#8221;default&#8221; text_font=&#8221;akrobat light||||||||&#8221; text_text_color=&#8221;#000000&#8243; text_font_size=&#8221;20px&#8221; text_line_height=&#8221;1.5em&#8221; custom_margin=&#8221;-18px||||false|false&#8221; custom_margin_tablet=&#8221;-18px||||false|false&#8221; custom_margin_phone=&#8221;-100px||23px||false|false&#8221; custom_margin_last_edited=&#8221;on|phone&#8221; text_font_size_tablet=&#8221;20px&#8221; text_font_size_phone=&#8221;18px&#8221; text_font_size_last_edited=&#8221;on|phone&#8221; text_line_height_tablet=&#8221;1.5em&#8221; text_line_height_phone=&#8221;1.4em&#8221; text_line_height_last_edited=&#8221;on|phone&#8221; inline_fonts=&#8221;akrobat extrabold&#8221; global_colors_info=&#8221;{}&#8221;]<\/p>\n<div class=\"page\" title=\"Page 1\">\n<div class=\"section\">\n<div class=\"layoutArea\">\n<div class=\"column\">\n<p style=\"text-align: center;\"><span>The exhibition program of the festival explores the theme of the festival through the work of catalan and international artists. A careful and diverse selection offers in each edition unique exhibitions of artists that allow us to reflect and learn about the concept that the festival proposes. Within the program we find the diversity of projects through the sections <\/span><span>Panora\u0300mic File<\/span><span>, where creators\/res are invited to revisit photographic archives to create an installation in public space, <\/span><span>Panora\u0300mic Review<\/span><span>, where every year a figure or a movement is rediscovered that has been relevant in the audiovisual world, but is unknown to the general public, and the show <\/span><span>Open Panora\u0300mic<\/span><span>which collects the preselected projects from the national call that each edition organizes the festival. <\/span> <\/p>\n<\/div>\n<\/div>\n<\/div>\n<\/div>\n<p>[\/et_pb_text][\/et_pb_column][\/et_pb_row][et_pb_row use_custom_gutter=&#8221;on&#8221; gutter_width=&#8221;1&#8243; custom_padding_last_edited=&#8221;on|phone&#8221; _builder_version=&#8221;4.25.0&#8243; _module_preset=&#8221;default&#8221; width=&#8221;95%&#8221; width_tablet=&#8221;95%&#8221; width_phone=&#8221;90%&#8221; width_last_edited=&#8221;on|phone&#8221; max_width=&#8221;2560px&#8221; module_alignment=&#8221;center&#8221; custom_padding_tablet=&#8221;&#8221; custom_padding_phone=&#8221;||0px||false|false&#8221; global_colors_info=&#8221;{}&#8221;][et_pb_column type=&#8221;4_4&#8243; _builder_version=&#8221;4.16&#8243; _module_preset=&#8221;default&#8221; global_colors_info=&#8221;{}&#8221;][et_pb_button button_url=&#8221;https:\/\/festivalpanoramic.cat\/en\/exhibitions-2024\/&#8221; button_text=&#8221;See all exhibitions&#8221; button_alignment=&#8221;center&#8221; _builder_version=&#8221;4.25.0&#8243; _module_preset=&#8221;default&#8221; custom_button=&#8221;on&#8221; button_text_size=&#8221;21px&#8221; button_text_color=&#8221;#000000&#8243; button_border_width=&#8221;0px&#8221; button_font=&#8221;akrobat extrabold||||||||&#8221; button_icon=&#8221;&#x24;||divi||400&#8243; custom_margin=&#8221;||25px||false|false&#8221; global_colors_info=&#8221;{}&#8221;][\/et_pb_button][et_pb_portfolio fullwidth=&#8221;off&#8221; posts_number=&#8221;8&#8243; include_categories=&#8221;121&#8243; show_categories=&#8221;off&#8221; show_pagination=&#8221;off&#8221; zoom_icon_color=&#8221;#000000&#8243; _builder_version=&#8221;4.27.0&#8243; _module_preset=&#8221;default&#8221; title_font=&#8221;Montserrat extra bold||||||||&#8221; title_text_color=&#8221;#000000&#8243; custom_padding=&#8221;||||false|false&#8221; title_font_size_tablet=&#8221;18px&#8221; title_font_size_phone=&#8221;18px&#8221; title_font_size_last_edited=&#8221;on|phone&#8221; border_width_all=&#8221;4px&#8221; border_color_all=&#8221;#e2e0d4&#8243; border_width_bottom=&#8221;18px&#8221; global_colors_info=&#8221;{}&#8221;][\/et_pb_portfolio][\/et_pb_column][\/et_pb_row][\/et_pb_section][et_pb_section fb_built=&#8221;1&#8243; admin_label=&#8221;Activitats&#8221; module_id=&#8221;home-jornades&#8221; _builder_version=&#8221;4.27.0&#8243; _module_preset=&#8221;default&#8221; background_color=&#8221;#FFFFFF&#8221; locked=&#8221;off&#8221; global_colors_info=&#8221;{}&#8221;][et_pb_row custom_padding_last_edited=&#8221;on|phone&#8221; _builder_version=&#8221;4.27.0&#8243; _module_preset=&#8221;default&#8221; width_tablet=&#8221;90%&#8221; width_phone=&#8221;90%&#8221; width_last_edited=&#8221;on|phone&#8221; custom_margin=&#8221;16px||||false|false&#8221; custom_margin_tablet=&#8221;0px||||false|false&#8221; custom_margin_phone=&#8221;||0px||false|false&#8221; custom_margin_last_edited=&#8221;on|phone&#8221; custom_padding_tablet=&#8221;&#8221; custom_padding_phone=&#8221;||0px||false|false&#8221; global_colors_info=&#8221;{}&#8221;][et_pb_column type=&#8221;4_4&#8243; _builder_version=&#8221;4.16&#8243; _module_preset=&#8221;default&#8221; global_colors_info=&#8221;{}&#8221;][et_pb_text _builder_version=&#8221;4.27.0&#8243; _module_preset=&#8221;default&#8221; text_font=&#8221;Montserrat extra bold||||||||&#8221; text_text_color=&#8221;#000000&#8243; text_font_size=&#8221;60px&#8221; text_line_height=&#8221;1em&#8221; text_orientation=&#8221;center&#8221; custom_margin=&#8221;||49px||false|false&#8221; custom_margin_tablet=&#8221;||49px||false|false&#8221; custom_margin_phone=&#8221;-27px||123px||false|false&#8221; custom_margin_last_edited=&#8221;on|phone&#8221; text_font_size_tablet=&#8221;40px&#8221; text_font_size_phone=&#8221;40px&#8221; text_font_size_last_edited=&#8221;on|phone&#8221; global_colors_info=&#8221;{}&#8221;]<\/p>\n<p>III Professional Conferences<\/p>\n<p>[\/et_pb_text][et_pb_text _builder_version=&#8221;4.27.0&#8243; _module_preset=&#8221;default&#8221; text_font=&#8221;akrobat light||||||||&#8221; text_text_color=&#8221;#000000&#8243; text_font_size=&#8221;20px&#8221; text_line_height=&#8221;1.5em&#8221; width=&#8221;80%&#8221; width_tablet=&#8221;100%&#8221; width_phone=&#8221;100%&#8221; width_last_edited=&#8221;on|phone&#8221; module_alignment=&#8221;center&#8221; custom_margin=&#8221;-18px||||false|false&#8221; custom_margin_tablet=&#8221;-18px||||false|false&#8221; custom_margin_phone=&#8221;-100px||23px||false|false&#8221; custom_margin_last_edited=&#8221;on|phone&#8221; text_font_size_tablet=&#8221;20px&#8221; text_font_size_phone=&#8221;18px&#8221; text_font_size_last_edited=&#8221;on|phone&#8221; text_line_height_tablet=&#8221;1.5em&#8221; text_line_height_phone=&#8221;1.4em&#8221; text_line_height_last_edited=&#8221;on|phone&#8221; inline_fonts=&#8221;akrobat extrabold&#8221; global_colors_info=&#8221;{}&#8221;]<\/p>\n<p style=\"text-align: center;\"><span style=\"font-weight: 400;\">The Panor\u00e0mic Festival organizes the third edition of the Professional Conferences to visit the exhibitions and create a meeting space where knowledge can be exchanged among various professionals in the field of culture and visual arts. Participation is open to visual arts technical managers from municipalities, culture technicians, heads of cultural and exhibition spaces, and\/or individuals interested in learning firsthand about the organization of visual arts programming. <\/span><\/p>\n<p>[\/et_pb_text][\/et_pb_column][\/et_pb_row][et_pb_row column_structure=&#8221;1_6,1_6,1_6,1_6,1_6,1_6&#8243; use_custom_gutter=&#8221;on&#8221; gutter_width=&#8221;1&#8243; _builder_version=&#8221;4.27.0&#8243; _module_preset=&#8221;default&#8221; width=&#8221;90%&#8221; max_width=&#8221;2560px&#8221; global_colors_info=&#8221;{}&#8221;][et_pb_column type=&#8221;1_6&#8243; _builder_version=&#8221;4.27.0&#8243; _module_preset=&#8221;default&#8221; global_colors_info=&#8221;{}&#8221;][et_pb_blurb title=&#8221;Conference for Visual Arts and Culture Technicians&#8221; image=&#8221;https:\/\/festivalpanoramic.cat\/wp-content\/uploads\/2024\/10\/img-jp01.png&#8221; content_max_width=&#8221;1100px&#8221; module_class=&#8221;blurb-custom&#8221; _builder_version=&#8221;4.27.0&#8243; _module_preset=&#8221;default&#8221; header_font_size=&#8221;1.1em&#8221; body_font=&#8221;Montserrat extra bold||||||||&#8221; body_text_color=&#8221;#FFFFFF&#8221; link_option_url=&#8221;https:\/\/festivalpanoramic.cat\/agenda\/jornada-de-tecnics-darts-visuals-i-de-cultura\/&#8221; header_font_size_tablet=&#8221;1.5em&#8221; header_font_size_phone=&#8221;1.4em&#8221; header_font_size_last_edited=&#8221;on|tablet&#8221; custom_css_free_form=&#8221;.blurb-custom {||    position: relative; \/* Hace que este contenedor act\u00fae como referencia para los elementos posicionados *\/||}||||.blurb-custom .et_pb_main_blurb_image {||    position: relative;||    z-index: 1; \/* Mantiene la imagen en el fondo *\/||    display: block;||    width: 100%; \/* Asegura que la imagen ocupe todo el contenedor *\/||    height: auto;||}||||.blurb-custom h4.et_pb_module_header {||    position: absolute;||    top: 0; \/* Posiciona el t\u00edtulo en la parte superior *\/||    left: 0; \/* Alinea el t\u00edtulo a la izquierda *\/||    z-index: 10; \/* Coloca el t\u00edtulo encima de la imagen *\/||    color: white; \/* Color del texto *\/||    padding: 15px !important;||    margin: 0;||    width: 100%;||    box-sizing: border-box;||}||||.blurb-custom .et_pb_blurb_description {||    position: absolute;||    bottom: 0; \/* Coloca la descripci\u00f3n en la parte inferior de la imagen *\/||    left: 0; \/* Alinea la descripci\u00f3n a la izquierda *\/||    z-index: 10; \/* Asegura que est\u00e9 por encima de la imagen *\/||    color: white; \/* Color del texto *\/||    padding: 15px !important;||    margin: 0;||    width: 100%; \/* Asegura que la descripci\u00f3n ocupe todo el ancho del contenedor *\/||    box-sizing: border-box; \/* Mantiene el padding dentro del ancho *\/||}||||.blurb-custom .et_pb_blurb_container {||    position: absolute;||    top: 0;||    left: 0;||    right: 0;||    bottom: 0; \/* Asegura que el contenedor cubra toda el \u00e1rea de la imagen *\/||    z-index: 5; \/* Coloca el contenedor detr\u00e1s del texto *\/||}||&#8221; border_width_all=&#8221;3px&#8221; border_color_all=&#8221;#FFFFFF&#8221; border_width_all_tablet=&#8221;5px&#8221; border_width_all_phone=&#8221;0px&#8221; border_width_all_last_edited=&#8221;on|phone&#8221; global_colors_info=&#8221;{}&#8221;]<\/p>\n<p><span style=\"font-size: x-large;\">+<\/span><\/p>\n<p>[\/et_pb_blurb][\/et_pb_column][et_pb_column type=&#8221;1_6&#8243; _builder_version=&#8221;4.27.0&#8243; _module_preset=&#8221;default&#8221; global_colors_info=&#8221;{}&#8221;][et_pb_blurb title=&#8221;Open Panor\u00e0mic 2024: Screening Day &#8221; image=&#8221;https:\/\/festivalpanoramic.cat\/wp-content\/uploads\/2024\/10\/img-jp02.png&#8221; content_max_width=&#8221;1100px&#8221; module_class=&#8221;blurb-custom&#8221; _builder_version=&#8221;4.27.0&#8243; _module_preset=&#8221;default&#8221; header_font_size=&#8221;1.1em&#8221; body_font=&#8221;Montserrat extra bold||||||||&#8221; body_text_color=&#8221;#FFFFFF&#8221; link_option_url=&#8221;https:\/\/festivalpanoramic.cat\/agenda\/jornada-del-visionament-open-panoramic-2024\/&#8221; header_font_size_tablet=&#8221;1.5em&#8221; header_font_size_phone=&#8221;1.4em&#8221; header_font_size_last_edited=&#8221;on|tablet&#8221; custom_css_free_form=&#8221;.blurb-custom {||    position: relative; \/* Hace que este contenedor act\u00fae como referencia para los elementos posicionados *\/||}||||.blurb-custom .et_pb_main_blurb_image {||    position: relative;||    z-index: 1; \/* Mantiene la imagen en el fondo *\/||    display: block;||    width: 100%; \/* Asegura que la imagen ocupe todo el contenedor *\/||    height: auto;||}||||.blurb-custom h4.et_pb_module_header {||    position: absolute;||    top: 0; \/* Posiciona el t\u00edtulo en la parte superior *\/||    left: 0; \/* Alinea el t\u00edtulo a la izquierda *\/||    z-index: 10; \/* Coloca el t\u00edtulo encima de la imagen *\/||    color: white; \/* Color del texto *\/||    padding: 15px !important;||    margin: 0;||    width: 100%;||    box-sizing: border-box;||}||||.blurb-custom .et_pb_blurb_description {||    position: absolute;||    bottom: 0; \/* Coloca la descripci\u00f3n en la parte inferior de la imagen *\/||    left: 0; \/* Alinea la descripci\u00f3n a la izquierda *\/||    z-index: 10; \/* Asegura que est\u00e9 por encima de la imagen *\/||    color: white; \/* Color del texto *\/||    padding: 15px !important;||    margin: 0;||    width: 100%; \/* Asegura que la descripci\u00f3n ocupe todo el ancho del contenedor *\/||    box-sizing: border-box; \/* Mantiene el padding dentro del ancho *\/||}||||.blurb-custom .et_pb_blurb_container {||    position: absolute;||    top: 0;||    left: 0;||    right: 0;||    bottom: 0; \/* Asegura que el contenedor cubra toda el \u00e1rea de la imagen *\/||    z-index: 5; \/* Coloca el contenedor detr\u00e1s del texto *\/||}||&#8221; border_width_all=&#8221;3px&#8221; border_color_all=&#8221;#FFFFFF&#8221; border_width_all_tablet=&#8221;5px&#8221; border_width_all_phone=&#8221;0px&#8221; border_width_all_last_edited=&#8221;on|phone&#8221; global_colors_info=&#8221;{}&#8221;]<\/p>\n<p><span style=\"font-size: x-large;\">+<\/span><\/p>\n<p>[\/et_pb_blurb][\/et_pb_column][et_pb_column type=&#8221;1_6&#8243; _builder_version=&#8221;4.27.0&#8243; _module_preset=&#8221;default&#8221; global_colors_info=&#8221;{}&#8221;][et_pb_blurb title=&#8221;Professional Networking Day &quot;From Festival to Festival&quot;&#8221; image=&#8221;https:\/\/festivalpanoramic.cat\/wp-content\/uploads\/2024\/10\/img-jp03.png&#8221; content_max_width=&#8221;1100px&#8221; module_class=&#8221;blurb-custom&#8221; _builder_version=&#8221;4.27.0&#8243; _module_preset=&#8221;default&#8221; header_font_size=&#8221;1.1em&#8221; body_font=&#8221;Montserrat extra bold||||||||&#8221; body_text_color=&#8221;#FFFFFF&#8221; link_option_url=&#8221;https:\/\/festivalpanoramic.cat\/agenda\/jornada-professional-de-networking-de-festival-en-festival\/&#8221; header_font_size_tablet=&#8221;1.5em&#8221; header_font_size_phone=&#8221;1.4em&#8221; header_font_size_last_edited=&#8221;on|tablet&#8221; custom_css_free_form=&#8221;.blurb-custom {||    position: relative; \/* Hace que este contenedor act\u00fae como referencia para los elementos posicionados *\/||}||||.blurb-custom .et_pb_main_blurb_image {||    position: relative;||    z-index: 1; \/* Mantiene la imagen en el fondo *\/||    display: block;||    width: 100%; \/* Asegura que la imagen ocupe todo el contenedor *\/||    height: auto;||}||||.blurb-custom h4.et_pb_module_header {||    position: absolute;||    top: 0; \/* Posiciona el t\u00edtulo en la parte superior *\/||    left: 0; \/* Alinea el t\u00edtulo a la izquierda *\/||    z-index: 10; \/* Coloca el t\u00edtulo encima de la imagen *\/||    color: white; \/* Color del texto *\/||    padding: 15px !important;||    margin: 0;||    width: 100%;||    box-sizing: border-box;||}||||.blurb-custom .et_pb_blurb_description {||    position: absolute;||    bottom: 0; \/* Coloca la descripci\u00f3n en la parte inferior de la imagen *\/||    left: 0; \/* Alinea la descripci\u00f3n a la izquierda *\/||    z-index: 10; \/* Asegura que est\u00e9 por encima de la imagen *\/||    color: white; \/* Color del texto *\/||    padding: 15px !important;||    margin: 0;||    width: 100%; \/* Asegura que la descripci\u00f3n ocupe todo el ancho del contenedor *\/||    box-sizing: border-box; \/* Mantiene el padding dentro del ancho *\/||}||||.blurb-custom .et_pb_blurb_container {||    position: absolute;||    top: 0;||    left: 0;||    right: 0;||    bottom: 0; \/* Asegura que el contenedor cubra toda el \u00e1rea de la imagen *\/||    z-index: 5; \/* Coloca el contenedor detr\u00e1s del texto *\/||}||&#8221; border_width_all=&#8221;3px&#8221; border_color_all=&#8221;#FFFFFF&#8221; border_width_all_tablet=&#8221;5px&#8221; border_width_all_phone=&#8221;0px&#8221; border_width_all_last_edited=&#8221;on|phone&#8221; global_colors_info=&#8221;{}&#8221;]<\/p>\n<p><span style=\"font-size: x-large;\">+<\/span><\/p>\n<p>[\/et_pb_blurb][\/et_pb_column][et_pb_column type=&#8221;1_6&#8243; _builder_version=&#8221;4.27.0&#8243; _module_preset=&#8221;default&#8221; global_colors_info=&#8221;{}&#8221;][et_pb_blurb title=&#8221;KBr MAPFRE Foundation Conferences &#8211; Panor\u00e0mic Festival&#8221; image=&#8221;https:\/\/festivalpanoramic.cat\/wp-content\/uploads\/2024\/10\/img-jp04.png&#8221; content_max_width=&#8221;1100px&#8221; module_class=&#8221;blurb-custom&#8221; _builder_version=&#8221;4.27.0&#8243; _module_preset=&#8221;default&#8221; header_font_size=&#8221;1.1em&#8221; body_font=&#8221;Montserrat extra bold||||||||&#8221; body_text_color=&#8221;#FFFFFF&#8221; link_option_url=&#8221;https:\/\/festivalpanoramic.cat\/agenda\/llista\/?tribe_eventcategory%5B0%5D=108&#8243; header_font_size_tablet=&#8221;1.5em&#8221; header_font_size_phone=&#8221;1.4em&#8221; header_font_size_last_edited=&#8221;on|tablet&#8221; custom_css_free_form=&#8221;.blurb-custom {||    position: relative; \/* Hace que este contenedor act\u00fae como referencia para los elementos posicionados *\/||}||||.blurb-custom .et_pb_main_blurb_image {||    position: relative;||    z-index: 1; \/* Mantiene la imagen en el fondo *\/||    display: block;||    width: 100%; \/* Asegura que la imagen ocupe todo el contenedor *\/||    height: auto;||}||||.blurb-custom h4.et_pb_module_header {||    position: absolute;||    top: 0; \/* Posiciona el t\u00edtulo en la parte superior *\/||    left: 0; \/* Alinea el t\u00edtulo a la izquierda *\/||    z-index: 10; \/* Coloca el t\u00edtulo encima de la imagen *\/||    color: white; \/* Color del texto *\/||    padding: 15px !important;||    margin: 0;||    width: 100%;||    box-sizing: border-box;||}||||.blurb-custom .et_pb_blurb_description {||    position: absolute;||    bottom: 0; \/* Coloca la descripci\u00f3n en la parte inferior de la imagen *\/||    left: 0; \/* Alinea la descripci\u00f3n a la izquierda *\/||    z-index: 10; \/* Asegura que est\u00e9 por encima de la imagen *\/||    color: white; \/* Color del texto *\/||    padding: 15px !important;||    margin: 0;||    width: 100%; \/* Asegura que la descripci\u00f3n ocupe todo el ancho del contenedor *\/||    box-sizing: border-box; \/* Mantiene el padding dentro del ancho *\/||}||||.blurb-custom .et_pb_blurb_container {||    position: absolute;||    top: 0;||    left: 0;||    right: 0;||    bottom: 0; \/* Asegura que el contenedor cubra toda el \u00e1rea de la imagen *\/||    z-index: 5; \/* Coloca el contenedor detr\u00e1s del texto *\/||}||&#8221; border_width_all=&#8221;3px&#8221; border_color_all=&#8221;#FFFFFF&#8221; border_width_all_tablet=&#8221;5px&#8221; border_width_all_phone=&#8221;0px&#8221; border_width_all_last_edited=&#8221;on|phone&#8221; global_colors_info=&#8221;{}&#8221;]<\/p>\n<p><span style=\"font-size: x-large;\">+<\/span><\/p>\n<p>[\/et_pb_blurb][\/et_pb_column][et_pb_column type=&#8221;1_6&#8243; _builder_version=&#8221;4.27.0&#8243; _module_preset=&#8221;default&#8221; global_colors_info=&#8221;{}&#8221;][et_pb_blurb title=&#8221;Conference &quot;The Role of Archives in Contemporary Creation&quot;&#8221; image=&#8221;https:\/\/festivalpanoramic.cat\/wp-content\/uploads\/2024\/11\/Imatge-Jornades-Arxiu-scaled.jpg&#8221; content_max_width=&#8221;1100px&#8221; module_class=&#8221;blurb-custom&#8221; _builder_version=&#8221;4.27.2&#8243; _module_preset=&#8221;default&#8221; header_font_size=&#8221;1.1em&#8221; body_font=&#8221;Montserrat extra bold||||||||&#8221; body_text_color=&#8221;#FFFFFF&#8221; link_option_url=&#8221;https:\/\/festivalpanoramic.cat\/agenda\/jornada-el-paper-dels-arxius-en-la-creacio-contemporania-2\/&#8221; header_font_size_tablet=&#8221;1.5em&#8221; header_font_size_phone=&#8221;1.4em&#8221; header_font_size_last_edited=&#8221;on|tablet&#8221; custom_css_free_form=&#8221;.blurb-custom {||    position: relative; \/* Hace que este contenedor act\u00fae como referencia para los elementos posicionados *\/||}||||.blurb-custom .et_pb_main_blurb_image {||    position: relative;||    z-index: 1; \/* Mantiene la imagen en el fondo *\/||    display: block;||    width: 100%; \/* Asegura que la imagen ocupe todo el contenedor *\/||    height: auto;||}||||.blurb-custom h4.et_pb_module_header {||    position: absolute;||    top: 0; \/* Posiciona el t\u00edtulo en la parte superior *\/||    left: 0; \/* Alinea el t\u00edtulo a la izquierda *\/||    z-index: 10; \/* Coloca el t\u00edtulo encima de la imagen *\/||    color: white; \/* Color del texto *\/||    padding: 15px !important;||    margin: 0;||    width: 100%;||    box-sizing: border-box;||}||||.blurb-custom .et_pb_blurb_description {||    position: absolute;||    bottom: 0; \/* Coloca la descripci\u00f3n en la parte inferior de la imagen *\/||    left: 0; \/* Alinea la descripci\u00f3n a la izquierda *\/||    z-index: 10; \/* Asegura que est\u00e9 por encima de la imagen *\/||    color: white; \/* Color del texto *\/||    padding: 15px !important;||    margin: 0;||    width: 100%; \/* Asegura que la descripci\u00f3n ocupe todo el ancho del contenedor *\/||    box-sizing: border-box; \/* Mantiene el padding dentro del ancho *\/||}||||.blurb-custom .et_pb_blurb_container {||    position: absolute;||    top: 0;||    left: 0;||    right: 0;||    bottom: 0; \/* Asegura que el contenedor cubra toda el \u00e1rea de la imagen *\/||    z-index: 5; \/* Coloca el contenedor detr\u00e1s del texto *\/||}||&#8221; border_width_all=&#8221;3px&#8221; border_color_all=&#8221;#FFFFFF&#8221; border_width_all_tablet=&#8221;5px&#8221; border_width_all_phone=&#8221;0px&#8221; border_width_all_last_edited=&#8221;on|phone&#8221; global_colors_info=&#8221;{}&#8221;]<\/p>\n<p><span style=\"font-size: x-large;\">+<\/span><\/p>\n<p>[\/et_pb_blurb][\/et_pb_column][et_pb_column type=&#8221;1_6&#8243; _builder_version=&#8221;4.27.0&#8243; _module_preset=&#8221;default&#8221; global_colors_info=&#8221;{}&#8221;][et_pb_blurb title=&#8221;Second Meeting of Visual Arts Festival Directors in Catalonia&#8221; image=&#8221;https:\/\/festivalpanoramic.cat\/wp-content\/uploads\/2024\/10\/img-jp06.png&#8221; content_max_width=&#8221;1100px&#8221; module_class=&#8221;blurb-custom&#8221; _builder_version=&#8221;4.27.2&#8243; _module_preset=&#8221;default&#8221; header_font_size=&#8221;1.1em&#8221; body_font=&#8221;Montserrat extra bold||||||||&#8221; body_text_color=&#8221;#FFFFFF&#8221; link_option_url=&#8221;https:\/\/festivalpanoramic.cat\/agenda\/segona-trobada-de-responsables-de-festivals-darts-visuals-a-catalunya\/&#8221; header_font_size_tablet=&#8221;1.5em&#8221; header_font_size_phone=&#8221;1.4em&#8221; header_font_size_last_edited=&#8221;on|tablet&#8221; custom_css_free_form=&#8221;.blurb-custom {||    position: relative; \/* Hace que este contenedor act\u00fae como referencia para los elementos posicionados *\/||}||||.blurb-custom .et_pb_main_blurb_image {||    position: relative;||    z-index: 1; \/* Mantiene la imagen en el fondo *\/||    display: block;||    width: 100%; \/* Asegura que la imagen ocupe todo el contenedor *\/||    height: auto;||}||||.blurb-custom h4.et_pb_module_header {||    position: absolute;||    top: 0; \/* Posiciona el t\u00edtulo en la parte superior *\/||    left: 0; \/* Alinea el t\u00edtulo a la izquierda *\/||    z-index: 10; \/* Coloca el t\u00edtulo encima de la imagen *\/||    color: white; \/* Color del texto *\/||    padding: 15px !important;||    margin: 0;||    width: 100%;||    box-sizing: border-box;||}||||.blurb-custom .et_pb_blurb_description {||    position: absolute;||    bottom: 0; \/* Coloca la descripci\u00f3n en la parte inferior de la imagen *\/||    left: 0; \/* Alinea la descripci\u00f3n a la izquierda *\/||    z-index: 10; \/* Asegura que est\u00e9 por encima de la imagen *\/||    color: white; \/* Color del texto *\/||    padding: 15px !important;||    margin: 0;||    width: 100%; \/* Asegura que la descripci\u00f3n ocupe todo el ancho del contenedor *\/||    box-sizing: border-box; \/* Mantiene el padding dentro del ancho *\/||}||||.blurb-custom .et_pb_blurb_container {||    position: absolute;||    top: 0;||    left: 0;||    right: 0;||    bottom: 0; \/* Asegura que el contenedor cubra toda el \u00e1rea de la imagen *\/||    z-index: 5; \/* Coloca el contenedor detr\u00e1s del texto *\/||}||&#8221; border_width_all=&#8221;3px&#8221; border_color_all=&#8221;#FFFFFF&#8221; border_width_all_tablet=&#8221;5px&#8221; border_width_all_phone=&#8221;0px&#8221; border_width_all_last_edited=&#8221;on|phone&#8221; global_colors_info=&#8221;{}&#8221;]<\/p>\n<p><span style=\"font-size: x-large;\">+<\/span><\/p>\n<p>[\/et_pb_blurb][\/et_pb_column][\/et_pb_row][\/et_pb_section][et_pb_section fb_built=&#8221;1&#8243; admin_label=&#8221;Programa educatiu&#8221; module_id=&#8221;home-educacio&#8221; _builder_version=&#8221;4.27.0&#8243; _module_preset=&#8221;default&#8221; background_color=&#8221;#e8e8e8&#8243; locked=&#8221;off&#8221; collapsed=&#8221;on&#8221; global_colors_info=&#8221;{}&#8221;][et_pb_row custom_padding_last_edited=&#8221;on|phone&#8221; _builder_version=&#8221;4.25.0&#8243; _module_preset=&#8221;default&#8221; width_tablet=&#8221;&#8221; width_phone=&#8221;90%&#8221; width_last_edited=&#8221;on|phone&#8221; custom_margin_tablet=&#8221;&#8221; custom_margin_phone=&#8221;0px||||false|false&#8221; custom_margin_last_edited=&#8221;on|phone&#8221; custom_padding_tablet=&#8221;&#8221; custom_padding_phone=&#8221;0px||||false|false&#8221; global_colors_info=&#8221;{}&#8221;][et_pb_column type=&#8221;4_4&#8243; _builder_version=&#8221;4.16&#8243; _module_preset=&#8221;default&#8221; global_colors_info=&#8221;{}&#8221;][et_pb_text _builder_version=&#8221;4.27.0&#8243; _module_preset=&#8221;default&#8221; text_font=&#8221;Montserrat extra bold||||||||&#8221; text_text_color=&#8221;#000000&#8243; text_font_size=&#8221;60px&#8221; text_line_height=&#8221;1.1em&#8221; text_orientation=&#8221;center&#8221; custom_margin=&#8221;||49px||false|false&#8221; text_font_size_tablet=&#8221;40px&#8221; text_font_size_phone=&#8221;32px&#8221; text_font_size_last_edited=&#8221;on|tablet&#8221; global_colors_info=&#8221;{}&#8221;]<\/p>\n<p>Panor\u00e0mic Education<\/p>\n<p>[\/et_pb_text][et_pb_text _builder_version=&#8221;4.27.0&#8243; _module_preset=&#8221;default&#8221; text_font=&#8221;akrobat light||||||||&#8221; text_text_color=&#8221;#000000&#8243; text_font_size=&#8221;20px&#8221; text_line_height=&#8221;1.5em&#8221; module_alignment=&#8221;center&#8221; custom_margin=&#8221;-18px||||false|false&#8221; custom_margin_tablet=&#8221;-18px||||false|false&#8221; custom_margin_phone=&#8221;-18px||||false|false&#8221; custom_margin_last_edited=&#8221;on|phone&#8221; text_font_size_tablet=&#8221;20px&#8221; text_font_size_phone=&#8221;18px&#8221; text_font_size_last_edited=&#8221;on|phone&#8221; text_line_height_tablet=&#8221;1.5em&#8221; text_line_height_phone=&#8221;1.4em&#8221; text_line_height_last_edited=&#8221;on|phone&#8221; global_colors_info=&#8221;{}&#8221;]<\/p>\n<p style=\"text-align: center;\">Panor\u00e0mic is committed to education in visual culture, and for this reason, since the beginning of the festival, we have created a pedagogical proposal to bring the contents closer to both school audiences and other entities. The educational program consists of a device for the following levels: primary, secondary and high school. <\/p>\n<p>[\/et_pb_text][\/et_pb_column][\/et_pb_row][et_pb_row column_structure=&#8221;1_3,1_3,1_3&#8243; _builder_version=&#8221;4.25.0&#8243; _module_preset=&#8221;default&#8221; width_tablet=&#8221;90%&#8221; width_phone=&#8221;85%&#8221; width_last_edited=&#8221;on|phone&#8221; global_colors_info=&#8221;{}&#8221; custom_css_main_element_last_edited=&#8221;on|phone&#8221; custom_css_main_element_tablet=&#8221;display: flex;&#8221; custom_css_main_element_phone=&#8221; &#8220;][et_pb_column type=&#8221;1_3&#8243; _builder_version=&#8221;4.16&#8243; _module_preset=&#8221;default&#8221; global_colors_info=&#8221;{}&#8221;][et_pb_image src=&#8221;https:\/\/festivalpanoramic.cat\/wp-content\/uploads\/2024\/09\/primaria24.png&#8221; title_text=&#8221;primaria24&#8243; url=&#8221;https:\/\/festivalpanoramic.cat\/project\/primaria-cicle-mitja-i-superior-2024\/&#8221; align=&#8221;center&#8221; _builder_version=&#8221;4.27.0&#8243; _module_preset=&#8221;default&#8221; custom_padding_tablet=&#8221;|5px||5px|true|true&#8221; custom_padding_phone=&#8221;|0px||0px|true|true&#8221; custom_padding_last_edited=&#8221;on|phone&#8221; border_width_all=&#8221;0px&#8221; border_color_all=&#8221;#e2e0d4&#8243; global_colors_info=&#8221;{}&#8221;][\/et_pb_image][\/et_pb_column][et_pb_column type=&#8221;1_3&#8243; _builder_version=&#8221;4.16&#8243; _module_preset=&#8221;default&#8221; global_colors_info=&#8221;{}&#8221;][et_pb_image src=&#8221;https:\/\/festivalpanoramic.cat\/wp-content\/uploads\/2024\/09\/eso-batxi24_1.png&#8221; title_text=&#8221;eso batxi24_1&#8243; url=&#8221;https:\/\/festivalpanoramic.cat\/project\/eso-batxillerat-escoles-dart-i-mes-2024\/&#8221; align=&#8221;center&#8221; _builder_version=&#8221;4.27.0&#8243; _module_preset=&#8221;default&#8221; custom_padding_tablet=&#8221;|5px||5px|false|true&#8221; custom_padding_phone=&#8221;|0px||0px|false|true&#8221; custom_padding_last_edited=&#8221;on|phone&#8221; border_width_all=&#8221;0px&#8221; border_color_all=&#8221;#e2e0d4&#8243; global_colors_info=&#8221;{}&#8221;][\/et_pb_image][\/et_pb_column][et_pb_column type=&#8221;1_3&#8243; _builder_version=&#8221;4.16&#8243; _module_preset=&#8221;default&#8221; global_colors_info=&#8221;{}&#8221;][et_pb_image src=&#8221;https:\/\/festivalpanoramic.cat\/wp-content\/uploads\/2024\/09\/masterclass24_1.png&#8221; title_text=&#8221;masterclass24_1&#8243; url=&#8221;https:\/\/festivalpanoramic.cat\/project\/conferencies-i-masterclass-per-a-batxillerats-artistics-i-escoles-dart-cinema-i-o-fotografia-2024\/&#8221; align=&#8221;center&#8221; _builder_version=&#8221;4.27.0&#8243; _module_preset=&#8221;default&#8221; custom_padding_tablet=&#8221;|5px||5px|false|true&#8221; custom_padding_phone=&#8221;|0px||0px|false|true&#8221; custom_padding_last_edited=&#8221;on|phone&#8221; border_width_all=&#8221;0px&#8221; border_color_all=&#8221;#e2e0d4&#8243; global_colors_info=&#8221;{}&#8221;][\/et_pb_image][\/et_pb_column][\/et_pb_row][\/et_pb_section][et_pb_section fb_built=&#8221;1&#8243; custom_padding_last_edited=&#8221;on|phone&#8221; admin_label=&#8221;Localitzacions&#8221; module_id=&#8221;home-localitzacions2024&#8243; _builder_version=&#8221;4.27.0&#8243; _module_preset=&#8221;default&#8221; custom_padding_tablet=&#8221;&#8221; custom_padding_phone=&#8221;20px||||false|false&#8221; border_width_top=&#8221;1px&#8221; border_color_top=&#8221;#8c864d&#8221; locked=&#8221;off&#8221; global_colors_info=&#8221;{}&#8221;][et_pb_row custom_padding_last_edited=&#8221;on|phone&#8221; _builder_version=&#8221;4.27.0&#8243; _module_preset=&#8221;default&#8221; width=&#8221;95%&#8221; width_tablet=&#8221;90%&#8221; width_phone=&#8221;90%&#8221; width_last_edited=&#8221;on|phone&#8221; max_width=&#8221;2560px&#8221; custom_margin=&#8221;48px||-35px||false|false&#8221; custom_margin_tablet=&#8221;48px||-35px||false|false&#8221; custom_margin_phone=&#8221;0px||-35px||false|false&#8221; custom_margin_last_edited=&#8221;on|phone&#8221; custom_padding_tablet=&#8221;&#8221; custom_padding_phone=&#8221;||10px||false|false&#8221; global_colors_info=&#8221;{}&#8221;][et_pb_column type=&#8221;4_4&#8243; _builder_version=&#8221;4.16&#8243; _module_preset=&#8221;default&#8221; global_colors_info=&#8221;{}&#8221;][et_pb_text _builder_version=&#8221;4.27.0&#8243; _module_preset=&#8221;default&#8221; text_font=&#8221;Montserrat extra bold||||||||&#8221; text_text_color=&#8221;#000000&#8243; text_font_size=&#8221;60px&#8221; text_line_height=&#8221;1em&#8221; text_font_size_tablet=&#8221;40px&#8221; text_font_size_phone=&#8221;32px&#8221; text_font_size_last_edited=&#8221;on|phone&#8221; inline_fonts=&#8221;Montserrat Light&#8221; global_colors_info=&#8221;{}&#8221;]<\/p>\n<p style=\"text-align: left;\">Location <span style=\"font-family: 'Montserrat Light';\">of the exhibitions<\/span><\/p>\n<p>[\/et_pb_text][\/et_pb_column][\/et_pb_row][\/et_pb_section][et_pb_section fb_built=&#8221;1&#8243; fullwidth=&#8221;on&#8221; admin_label=&#8221;Mapa&#8221; module_id=&#8221;mapa&#8221; _builder_version=&#8221;4.25.0&#8243; _module_preset=&#8221;default&#8221; locked=&#8221;off&#8221; global_colors_info=&#8221;{}&#8221;][et_pb_fullwidth_map address=&#8221;Carrer d&#8217;Enric Prat de la Riba, 77, 08401 Granollers, Barcelona, Espanya&#8221; zoom_level=&#8221;11&#8243; address_lat=&#8221;41.530950309624&#8243; address_lng=&#8221;2.2630605802734&#8243; _builder_version=&#8221;4.25.0&#8243; _module_preset=&#8221;default&#8221; background_color=&#8221;#E02B20&#8243; height=&#8221;651px&#8221; filter_hue_rotate=&#8221;50deg&#8221; filter_saturate=&#8221;41%&#8221; filter_brightness=&#8221;110%&#8221; child_filter_saturate=&#8221;0%&#8221; global_colors_info=&#8221;{}&#8221;][et_pb_map_pin title=&#8221;L&#039;Adoberia&#8221; pin_address=&#8221;Pla\u00e7a de l&#8217;Esgl\u00e9sia, 7, 08401 Granollers, Barcelona, Espa\u00f1a&#8221; pin_address_lat=&#8221;41.6077023&#8243; pin_address_lng=&#8221;2.2862455&#8243; _builder_version=&#8221;4.25.0&#8243; _module_preset=&#8221;default&#8221; global_colors_info=&#8221;{}&#8221;]<\/p>\n<p><span>Pla\u00e7a de l&#8217;Esgl\u00e9sia 7<br \/><\/span><span>08401 Granollers<br \/><\/span><a href=\"https:\/\/museugranollers.cat\/\">museugranollers.cat<\/a><\/p>\n<p>[\/et_pb_map_pin][et_pb_map_pin title=&#8221;Roca Umbert f\u00e0brica de les Arts&#8221; pin_address=&#8221;Carrer d&#8217;Enric Prat de la Riba, 77, 08401 Granollers, Barcelona, Espa\u00f1a&#8221; pin_address_lat=&#8221;41.6023598&#8243; pin_address_lng=&#8221;2.2829733&#8243; _builder_version=&#8221;4.25.0&#8243; _module_preset=&#8221;default&#8221; global_colors_info=&#8221;{}&#8221;]<\/p>\n<p>Carrer d&#8217;Enric Prat de la Riba, 77<br \/>08401 Granollers<br \/><a href=\"http:\/\/rocaumbert.com\/\">rocaumbert.com<\/a><\/p>\n<p>[\/et_pb_map_pin][et_pb_map_pin title=&#8221;Museu de Ci\u00e8ncies Naturals de Granollers&#8221; pin_address=&#8221;C\/ Palaud\u00e0ries, 102 41,602616, 2,288373, 08402 Granollers, Barcelona, Espa\u00f1a&#8221; pin_address_lat=&#8221;41.6019298&#8243; pin_address_lng=&#8221;2.2881524&#8243; _builder_version=&#8221;4.25.0&#8243; _module_preset=&#8221;default&#8221; global_colors_info=&#8221;{}&#8221;]<\/p>\n<p>Palaud\u00e0ries, 102 41<br \/>08402 Granollers<br \/><a href=\"https:\/\/mcng.cat\/\">mcng.cat<\/a><\/p>\n<p>[\/et_pb_map_pin][et_pb_map_pin title=&#8221;Cinema Edison&#8221; pin_address=&#8221;Carrer Joan Camps, 1, 08401 Granollers, Barcelona, Espa\u00f1a&#8221; pin_address_lat=&#8221;41.607372&#8243; pin_address_lng=&#8221;2.282445&#8243; _builder_version=&#8221;4.25.0&#8243; _module_preset=&#8221;default&#8221; global_colors_info=&#8221;{}&#8221;]<\/p>\n<p>Carrer Joan Camps, 1<br \/>08401 Granollers<br \/><a href=\"https:\/\/museugranollers.cat\/\">museugranollers.cat<\/a><\/p>\n<p>[\/et_pb_map_pin][et_pb_map_pin title=&#8221;KBr Fundaci\u00f3 Mapfre Barcelona Photo Center&#8221; pin_address=&#8221;Av. del Litoral, 30, 08005 Barcelona, Espa\u00f1a&#8221; pin_address_lat=&#8221;41.3884159&#8243; pin_address_lng=&#8221;2.1982051&#8243; _builder_version=&#8221;4.25.0&#8243; _module_preset=&#8221;default&#8221; global_colors_info=&#8221;{}&#8221;]<\/p>\n<p>Av. del Litoral, 30<br \/>08005 Barcelona<br \/><a href=\"https:\/\/kbr.fundacionmapfre.org\/ca\/\">kbr.fundacionmapfre.org<\/a><\/p>\n<p>[\/et_pb_map_pin][et_pb_map_pin title=&#8221;La Capella&#8221; pin_address=&#8221;Carrer de l&#8217;Hospital, 56, 08001 Barcelona, Espa\u00f1a&#8221; pin_address_lat=&#8221;41.3806182&#8243; pin_address_lng=&#8221;2.1705646&#8243; _builder_version=&#8221;4.25.0&#8243; _module_preset=&#8221;default&#8221; global_colors_info=&#8221;{}&#8221;]<\/p>\n<p>Carrer de l&#8217;Hospital, 56<br \/>08001 Barcelona<br \/><a href=\"https:\/\/www.lacapella.barcelona\/ca\">lacapella.barcelona<\/a><\/p>\n<p>[\/et_pb_map_pin][et_pb_map_pin title=&#8221;Refugi Antiaeri&#8221; pin_address=&#8221;Carrer de Jaume Camp i Lloreda, 8, 08401 Granollers, Barcelona, Spain&#8221; pin_address_lat=&#8221;41.6088026&#8243; pin_address_lng=&#8221;2.2884148&#8243; _builder_version=&#8221;4.25.0&#8243; _module_preset=&#8221;default&#8221; global_colors_info=&#8221;{}&#8221;]<\/p>\n<div class=\"TzHB6b cLjAic LMRCfc\" jsdata=\"PhoHd;_;AyHDZ8\" data-hveid=\"CFcQAA\" data-ved=\"2ahUKEwiY0I_S7LT6AhUL_IUKHf9jDOQQy9oBKAB6BAhXEAA\">\n<div jsname=\"xQjRM\">\n<div class=\"sATSHe\">\n<div class=\"B03h3d V14nKc i8qq8b ptcLIOszQJu__wholepage-card wp-ms\" data-hveid=\"CFYQAA\">\n<div class=\"UDZeY OTFaAf\">\n<div class=\"QsDR1c\">\n<div class=\"wDYxhc\" data-attrid=\"kc:\/location\/location:address\" data-md=\"1002\" lang=\"ca-ES\" data-hveid=\"CFIQAA\" data-ved=\"2ahUKEwiY0I_S7LT6AhUL_IUKHf9jDOQQkCl6BAhSEAA\">\n<div class=\"Z1hOCe\">\n<div class=\"zloOqf PZPZlf\" data-dtype=\"d3ifr\" data-local-attribute=\"d3adr\" data-ved=\"2ahUKEwiY0I_S7LT6AhUL_IUKHf9jDOQQghwoAHoECFIQAQ\"><span style=\"font-weight: 400;\">Carrer de Jaume Camp i Lloreda, 8<br \/><\/span>08401 Granollers, Barcelona<\/div>\n<\/div>\n<\/div>\n<\/div>\n<\/div>\n<\/div>\n<\/div>\n<\/div>\n<\/div>\n<p>[\/et_pb_map_pin][et_pb_map_pin title=&#8221;Arxiu Fotogr\u00e0fic del Centre Excursionista de Catalunya &#8221; pin_address=&#8221;Carrer del Parad\u00eds, 10, 08002 Barcelona, Espa\u00f1a&#8221; pin_address_lat=&#8221;41.3834047&#8243; pin_address_lng=&#8221;2.1772851&#8243; _builder_version=&#8221;4.25.0&#8243; _module_preset=&#8221;default&#8221; global_colors_info=&#8221;{}&#8221;]<\/p>\n<p>Carrer del Parad\u00eds 10, 08002 Barcelona.<br \/><a href=\"http:\/\/www.cec.cat\" target=\"_blank\" rel=\"noopener\">www.cec.cat<\/a><\/p>\n<p>[\/et_pb_map_pin][et_pb_map_pin title=&#8221;Arxiu d\u2019Etnografia i Folklore de Catalunya (AEFC)&#8221; _builder_version=&#8221;4.25.0&#8243; _module_preset=&#8221;default&#8221; global_colors_info=&#8221;{}&#8221;]<\/p>\n<p>Carrer Egipc\u00edaques 15, 08001 Barcelona.<br \/>De dilluns a divendres de 9 h a 15 h.<br \/><a href=\"http:\/\/www.imf.csic.es\" target=\"_blank\" rel=\"noopener\">www.imf.csic.es<\/a><\/p>\n<p>[\/et_pb_map_pin][et_pb_map_pin title=&#8221;Filmoteca de Catalunya&#8221; pin_address=&#8221;Pla\u00e7a de Salvador Segu\u00ed, 1-9, 08001 Barcelona, Espa\u00f1a&#8221; pin_address_lat=&#8221;41.3787012&#8243; pin_address_lng=&#8221;2.1707164&#8243; _builder_version=&#8221;4.25.0&#8243; _module_preset=&#8221;default&#8221; global_colors_info=&#8221;{}&#8221;]<\/p>\n<p>Pla\u00e7a Salvador Segu\u00ed 1 \u2013 9<br \/>08001 Barcelona<br \/><a href=\"http:\/\/www.filmoteca.cat\" target=\"_blank\" rel=\"noopener\">www.filmoteca.cat<\/a><\/p>\n<p>[\/et_pb_map_pin][et_pb_map_pin title=&#8221;Fundaci\u00f3 Llu\u00eds Coromina&#8221; pin_address=&#8221;C\/ de Mallorca, 305, 08037 Barcelona, Spain&#8221; pin_address_lat=&#8221;41.3972441&#8243; pin_address_lng=&#8221;2.1665722&#8243; _builder_version=&#8221;4.25.0&#8243; _module_preset=&#8221;default&#8221; global_colors_info=&#8221;{}&#8221;]<\/p>\n<p>C\/ de Mallorca, 305<br \/>08037 Barcelona<br \/><a href=\"http:\/\/www.fundaciolluiscoromina.org\" target=\"_blank\" rel=\"noopener\">www.fundaciolluiscoromina.org<\/a><\/p>\n<p>[\/et_pb_map_pin][et_pb_map_pin title=&#8221;Carrer de la Mare de D\u00e9u de Montserrat&#8221; pin_address=&#8221;Carrer de la Mare de D\u00e9u de Montserrat, 08401 Granollers, Barcelona, Spain&#8221; pin_address_lat=&#8221;41.6004962&#8243; pin_address_lng=&#8221;2.284939&#8243; _builder_version=&#8221;4.25.0&#8243; _module_preset=&#8221;default&#8221; global_colors_info=&#8221;{}&#8221;]<\/p>\n<p><span style=\"font-weight: 400;\">Carrer de la Mare de D\u00e9u de Montserrat<br \/>Granollers<\/span><\/p>\n<p>[\/et_pb_map_pin][et_pb_map_pin title=&#8221;Arxiu Hist\u00f2ric de la Ciutat de Barcelona&#8221; pin_address=&#8221;Carrer de Santa Ll\u00facia, 1, Ciutat Vella, 08002 Barcelona, Spain&#8221; pin_address_lat=&#8221;41.3840971&#8243; pin_address_lng=&#8221;2.17575&#8243; _builder_version=&#8221;4.25.0&#8243; _module_preset=&#8221;default&#8221; global_colors_info=&#8221;{}&#8221;]<\/p>\n<p><span style=\"font-weight: 400;\">La Casa de l\u2019Ardiaca<br \/>Carrer de Santa Ll\u00facia 1, Ciutat Vella, Barcelona<\/span><\/p>\n<p>[\/et_pb_map_pin][et_pb_map_pin title=&#8221;Arxiu Tobella&#8221; pin_address=&#8221;Pcta. de Saragossa, 2, 08221 Terrassa, Barcelona, Spain&#8221; pin_address_lat=&#8221;41.5649753&#8243; pin_address_lng=&#8221;2.0123407&#8243; _builder_version=&#8221;4.25.0&#8243; _module_preset=&#8221;default&#8221; global_colors_info=&#8221;{}&#8221;]<\/p>\n<p><span style=\"font-weight: 400;\">La Casa de l\u2019Ardiaca<br \/>Carrer de Santa Ll\u00facia 1, Ciutat Vella, Barcelona<\/span><\/p>\n<p>[\/et_pb_map_pin][et_pb_map_pin title=&#8221;Sala Muncunill&#8221; pin_address=&#8221;Pla\u00e7a de Did\u00f3, 3, 08221 Terrassa, Barcelona, Spain&#8221; pin_address_lat=&#8221;41.5639668&#8243; pin_address_lng=&#8221;2.0103982&#8243; _builder_version=&#8221;4.25.0&#8243; _module_preset=&#8221;default&#8221; global_colors_info=&#8221;{}&#8221;]<\/p>\n<p><span style=\"font-weight: 400;\"><span>Pla\u00e7a de Did\u00f3, 3<br \/>Terrassa<\/span><\/span><span style=\"font-weight: 400;\"><\/span><\/p>\n<p>[\/et_pb_map_pin][\/et_pb_fullwidth_map][\/et_pb_section]<\/p>\n","protected":false},"excerpt":{"rendered":"<p>EXHIBITIONS ACTIVITIES III PROFESSIONAL CONFERENCES EDUCATIONPanor\u00e0mic FestivalFrom October 10 to December 29 Opening dates October 10 | GRANOLLERSOctober 24 | BARCELONANovember 14 | TERRASSAIn the first quarter of the 21st [&hellip;]<\/p>\n","protected":false},"author":1,"featured_media":0,"parent":0,"menu_order":0,"comment_status":"closed","ping_status":"closed","template":"","meta":{"_et_pb_use_builder":"on","_et_pb_old_content":"","_et_gb_content_width":"","footnotes":""},"class_list":["post-36678","page","type-page","status-publish","hentry"],"yoast_head":"<!-- This site is optimized with the Yoast SEO plugin v27.2 - https:\/\/yoast.com\/product\/yoast-seo-wordpress\/ -->\n<title>2024 edition - Festival Panor\u00e0mic<\/title>\n<meta name=\"robots\" content=\"index, follow, max-snippet:-1, max-image-preview:large, max-video-preview:-1\" \/>\n<link rel=\"canonical\" href=\"https:\/\/festivalpanoramic.cat\/en\/2024-edition\/\" \/>\n<meta property=\"og:locale\" content=\"en_US\" \/>\n<meta property=\"og:type\" content=\"article\" \/>\n<meta property=\"og:title\" content=\"2024 edition - Festival Panor\u00e0mic\" \/>\n<meta property=\"og:description\" content=\"EXHIBITIONS ACTIVITIES III PROFESSIONAL CONFERENCES EDUCATIONPanor\u00e0mic FestivalFrom October 10 to December 29 Opening dates October 10 | GRANOLLERSOctober 24 | BARCELONANovember 14 | TERRASSAIn the first quarter of the 21st [&hellip;]\" \/>\n<meta property=\"og:url\" content=\"https:\/\/festivalpanoramic.cat\/en\/2024-edition\/\" \/>\n<meta property=\"og:site_name\" content=\"Festival Panor\u00e0mic\" \/>\n<meta property=\"article:modified_time\" content=\"2025-03-13T08:20:29+00:00\" \/>\n<meta name=\"twitter:card\" content=\"summary_large_image\" \/>\n<meta name=\"twitter:label1\" content=\"Est. reading time\" \/>\n\t<meta name=\"twitter:data1\" content=\"27 minutes\" \/>\n<script type=\"application\/ld+json\" class=\"yoast-schema-graph\">{\"@context\":\"https:\/\/schema.org\",\"@graph\":[{\"@type\":\"WebPage\",\"@id\":\"https:\/\/festivalpanoramic.cat\/en\/2024-edition\/\",\"url\":\"https:\/\/festivalpanoramic.cat\/en\/2024-edition\/\",\"name\":\"2024 edition - Festival Panor\u00e0mic\",\"isPartOf\":{\"@id\":\"https:\/\/festivalpanoramic.cat\/en\/#website\"},\"datePublished\":\"2025-03-13T07:59:18+00:00\",\"dateModified\":\"2025-03-13T08:20:29+00:00\",\"breadcrumb\":{\"@id\":\"https:\/\/festivalpanoramic.cat\/en\/2024-edition\/#breadcrumb\"},\"inLanguage\":\"en-US\",\"potentialAction\":[{\"@type\":\"ReadAction\",\"target\":[\"https:\/\/festivalpanoramic.cat\/en\/2024-edition\/\"]}]},{\"@type\":\"BreadcrumbList\",\"@id\":\"https:\/\/festivalpanoramic.cat\/en\/2024-edition\/#breadcrumb\",\"itemListElement\":[{\"@type\":\"ListItem\",\"position\":1,\"name\":\"Inici\",\"item\":\"https:\/\/festivalpanoramic.cat\/en\/\"},{\"@type\":\"ListItem\",\"position\":2,\"name\":\"2024 edition\"}]},{\"@type\":\"WebSite\",\"@id\":\"https:\/\/festivalpanoramic.cat\/en\/#website\",\"url\":\"https:\/\/festivalpanoramic.cat\/en\/\",\"name\":\"Festival Panor\u00e0mic\",\"description\":\"PANOR\u00c0MIC. ARTS I CULTURES VISUALS\",\"potentialAction\":[{\"@type\":\"SearchAction\",\"target\":{\"@type\":\"EntryPoint\",\"urlTemplate\":\"https:\/\/festivalpanoramic.cat\/en\/?s={search_term_string}\"},\"query-input\":{\"@type\":\"PropertyValueSpecification\",\"valueRequired\":true,\"valueName\":\"search_term_string\"}}],\"inLanguage\":\"en-US\"}]}<\/script>\n<!-- \/ Yoast SEO plugin. -->","yoast_head_json":{"title":"2024 edition - Festival Panor\u00e0mic","robots":{"index":"index","follow":"follow","max-snippet":"max-snippet:-1","max-image-preview":"max-image-preview:large","max-video-preview":"max-video-preview:-1"},"canonical":"https:\/\/festivalpanoramic.cat\/en\/2024-edition\/","og_locale":"en_US","og_type":"article","og_title":"2024 edition - Festival Panor\u00e0mic","og_description":"EXHIBITIONS ACTIVITIES III PROFESSIONAL CONFERENCES EDUCATIONPanor\u00e0mic FestivalFrom October 10 to December 29 Opening dates October 10 | GRANOLLERSOctober 24 | BARCELONANovember 14 | TERRASSAIn the first quarter of the 21st [&hellip;]","og_url":"https:\/\/festivalpanoramic.cat\/en\/2024-edition\/","og_site_name":"Festival Panor\u00e0mic","article_modified_time":"2025-03-13T08:20:29+00:00","twitter_card":"summary_large_image","twitter_misc":{"Est. reading time":"27 minutes"},"schema":{"@context":"https:\/\/schema.org","@graph":[{"@type":"WebPage","@id":"https:\/\/festivalpanoramic.cat\/en\/2024-edition\/","url":"https:\/\/festivalpanoramic.cat\/en\/2024-edition\/","name":"2024 edition - Festival Panor\u00e0mic","isPartOf":{"@id":"https:\/\/festivalpanoramic.cat\/en\/#website"},"datePublished":"2025-03-13T07:59:18+00:00","dateModified":"2025-03-13T08:20:29+00:00","breadcrumb":{"@id":"https:\/\/festivalpanoramic.cat\/en\/2024-edition\/#breadcrumb"},"inLanguage":"en-US","potentialAction":[{"@type":"ReadAction","target":["https:\/\/festivalpanoramic.cat\/en\/2024-edition\/"]}]},{"@type":"BreadcrumbList","@id":"https:\/\/festivalpanoramic.cat\/en\/2024-edition\/#breadcrumb","itemListElement":[{"@type":"ListItem","position":1,"name":"Inici","item":"https:\/\/festivalpanoramic.cat\/en\/"},{"@type":"ListItem","position":2,"name":"2024 edition"}]},{"@type":"WebSite","@id":"https:\/\/festivalpanoramic.cat\/en\/#website","url":"https:\/\/festivalpanoramic.cat\/en\/","name":"Festival Panor\u00e0mic","description":"PANOR\u00c0MIC. ARTS I CULTURES VISUALS","potentialAction":[{"@type":"SearchAction","target":{"@type":"EntryPoint","urlTemplate":"https:\/\/festivalpanoramic.cat\/en\/?s={search_term_string}"},"query-input":{"@type":"PropertyValueSpecification","valueRequired":true,"valueName":"search_term_string"}}],"inLanguage":"en-US"}]}},"_links":{"self":[{"href":"https:\/\/festivalpanoramic.cat\/en\/wp-json\/wp\/v2\/pages\/36678","targetHints":{"allow":["GET"]}}],"collection":[{"href":"https:\/\/festivalpanoramic.cat\/en\/wp-json\/wp\/v2\/pages"}],"about":[{"href":"https:\/\/festivalpanoramic.cat\/en\/wp-json\/wp\/v2\/types\/page"}],"author":[{"embeddable":true,"href":"https:\/\/festivalpanoramic.cat\/en\/wp-json\/wp\/v2\/users\/1"}],"replies":[{"embeddable":true,"href":"https:\/\/festivalpanoramic.cat\/en\/wp-json\/wp\/v2\/comments?post=36678"}],"version-history":[{"count":2,"href":"https:\/\/festivalpanoramic.cat\/en\/wp-json\/wp\/v2\/pages\/36678\/revisions"}],"predecessor-version":[{"id":36680,"href":"https:\/\/festivalpanoramic.cat\/en\/wp-json\/wp\/v2\/pages\/36678\/revisions\/36680"}],"wp:attachment":[{"href":"https:\/\/festivalpanoramic.cat\/en\/wp-json\/wp\/v2\/media?parent=36678"}],"curies":[{"name":"wp","href":"https:\/\/api.w.org\/{rel}","templated":true}]}}