{"id":28498,"date":"2022-09-01T10:16:39","date_gmt":"2022-09-01T08:16:39","guid":{"rendered":"https:\/\/festivalpanoramic.cat\/project\/cims-conquestes-i-esquerdes-eva-marin\/"},"modified":"2022-10-10T13:26:51","modified_gmt":"2022-10-10T11:26:51","slug":"cims-conquestes-i-esquerdes-eva-marin","status":"publish","type":"project","link":"https:\/\/festivalpanoramic.cat\/en\/project\/cims-conquestes-i-esquerdes-eva-marin\/","title":{"rendered":"Cims, conquestes i esquerdes | Eva Mar\u00edn"},"content":{"rendered":"<p>[et_pb_section fb_built=&#8221;1&#8243; _builder_version=&#8221;4.16&#8243; _module_preset=&#8221;default&#8221; global_colors_info=&#8221;{}&#8221;][et_pb_row column_structure=&#8221;2_5,3_5&#8243; _builder_version=&#8221;4.17.6&#8243; _module_preset=&#8221;default&#8221; width=&#8221;95%&#8221; max_width=&#8221;2560px&#8221; global_colors_info=&#8221;{}&#8221;][et_pb_column type=&#8221;2_5&#8243; _builder_version=&#8221;4.16&#8243; _module_preset=&#8221;default&#8221; global_colors_info=&#8221;{}&#8221;][et_pb_text admin_label=&#8221;Exposicions&#8221; _builder_version=&#8221;4.17.6&#8243; _module_preset=&#8221;default&#8221; text_font=&#8221;Montserrat extra bold||||||||&#8221; text_text_color=&#8221;#000000&#8243; text_font_size=&#8221;16px&#8221; custom_margin=&#8221;||15px||false|false&#8221; global_colors_info=&#8221;{}&#8221;]<\/p>\n<p>Exhibitions<\/p>\n<p>[\/et_pb_text][et_pb_text admin_label=&#8221;Nom expo&#8221; _builder_version=&#8221;4.17.6&#8243; _module_preset=&#8221;default&#8221; text_font=&#8221;Montserrat extra bold||||||||&#8221; text_text_color=&#8221;#000000&#8243; text_font_size=&#8221;39px&#8221; text_line_height=&#8221;1em&#8221; custom_margin=&#8221;||19px||false|false&#8221; text_line_height_tablet=&#8221;&#8221; text_line_height_phone=&#8221;1.2em&#8221; text_line_height_last_edited=&#8221;on|phone&#8221; global_colors_info=&#8221;{}&#8221;]<\/p>\n<p>Cims, conquestes i esquerdes<\/p>\n<p>[\/et_pb_text][et_pb_text admin_label=&#8221;expo de&#8230;&#8221; _builder_version=&#8221;4.17.6&#8243; _module_preset=&#8221;default&#8221; text_font=&#8221;Montserrat Light||||||||&#8221; text_text_color=&#8221;gcid-73263b73-b059-42fc-a61d-05da764fa408&#8243; text_font_size=&#8221;17px&#8221; custom_margin=&#8221;-5px||0px||false|false&#8221; inline_fonts=&#8221;Montserrat extra bold&#8221; global_colors_info=&#8221;{%22gcid-73263b73-b059-42fc-a61d-05da764fa408%22:%91%22text_text_color%22%93}&#8221;]<\/p>\n<p>Exhibition by <span style=\"font-family: 'Montserrat extra bold'; font-weight: normal;\">Eva Mar\u00edn<\/span> curated by <span style=\"font-family: 'Montserrat extra bold'; font-weight: normal;\">Laia Casanova<\/span> and <span style=\"font-family: 'Montserrat extra bold';\">Merc\u00e8 Alsina<\/span><span style=\"font-family: 'Montserrat extra bold'; font-weight: normal;\"><\/span><\/p>\n<p>Project within the Panoramic File program<\/p>\n<p><span style=\"font-family: 'Montserrat extra bold'; font-weight: normal;\"><\/span><\/p>\n<p>[\/et_pb_text][et_pb_text admin_label=&#8221;Lloc&#8221; _builder_version=&#8221;4.17.6&#8243; _module_preset=&#8221;default&#8221; text_font=&#8221;Montserrat extra bold||||||||&#8221; text_text_color=&#8221;#000000&#8243; text_font_size=&#8221;18px&#8221; custom_margin=&#8221;10px||||false|false&#8221; inline_fonts=&#8221;akrobat light&#8221; global_colors_info=&#8221;{}&#8221;]<\/p>\n<p>Excursionist Center of Catalonia, Barcelona<\/p>\n<p>[\/et_pb_text][et_pb_button button_url=&#8221;\/#map&#8221; button_text=&#8221;See the location map&#8221; button_alignment=&#8221;left&#8221; admin_label=&#8221;bot\u00f3 pl\u00e0nol&#8221; _builder_version=&#8221;4.17.6&#8243; _module_preset=&#8221;default&#8221; custom_button=&#8221;on&#8221; button_text_color=&#8221;#000000&#8243; button_border_width=&#8221;1px&#8221; button_border_radius=&#8221;0px&#8221; button_font=&#8221;akrobat light||||||||&#8221; custom_margin=&#8221;-15px||51px||false|false&#8221; custom_margin_tablet=&#8221;-15px||51px||false|false&#8221; custom_margin_phone=&#8221;-17px||||false|false&#8221; custom_margin_last_edited=&#8221;on|tablet&#8221; global_colors_info=&#8221;{}&#8221;][\/et_pb_button][et_pb_text admin_label=&#8221;Data&#8221; _builder_version=&#8221;4.17.6&#8243; _module_preset=&#8221;default&#8221; text_font=&#8221;Montserrat Light||||||||&#8221; text_text_color=&#8221;#000000&#8243; text_font_size=&#8221;18px&#8221; custom_margin=&#8221;-34px||62px||false|false&#8221; custom_margin_tablet=&#8221;-24px||||false|false&#8221; custom_margin_phone=&#8221;-24px||||false|false&#8221; custom_margin_last_edited=&#8221;on|tablet&#8221; global_colors_info=&#8221;{}&#8221;]<\/p>\n<p>From October 20 to November 27, 2022<\/p>\n<p>[\/et_pb_text][et_pb_toggle title=&#8221;Timetable&#8221; open_toggle_text_color=&#8221;#000000&#8243; open_toggle_background_color=&#8221;RGBA(255,255,255,0)&#8221; closed_toggle_background_color=&#8221;RGBA(255,255,255,0)&#8221; icon_color=&#8221;#8b794f&#8221; toggle_icon=&#8221;&#x4c;||divi||400&#8243; use_icon_font_size=&#8221;on&#8221; icon_font_size=&#8221;22px&#8221; open_icon_color=&#8221;#8b794f&#8221; open_use_icon_font_size=&#8221;on&#8221; admin_label=&#8221;Horaris&#8221; _builder_version=&#8221;4.17.6&#8243; _module_preset=&#8221;default&#8221; title_text_color=&#8221;#000000&#8243; title_font=&#8221;Montserrat extra bold||||||||&#8221; title_font_size=&#8221;20px&#8221; closed_title_font=&#8221;Montserrat extra bold||||||||&#8221; closed_title_font_size=&#8221;20px&#8221; body_font=&#8221;akrobat light||||||||&#8221; body_text_color=&#8221;#000000&#8243; body_font_size=&#8221;20px&#8221; custom_margin=&#8221;-40px||||false|false&#8221; custom_margin_tablet=&#8221;-14px||||false|false&#8221; custom_margin_phone=&#8221;-14px||||false|false&#8221; custom_margin_last_edited=&#8221;on|desktop&#8221; border_width_all=&#8221;0px&#8221; border_width_top=&#8221;1px&#8221; border_color_top=&#8221;#8b794f&#8221; global_colors_info=&#8221;{}&#8221;]<\/p>\n<p>From Monday to Thursday: from 10:30 a.m. to 1:00 p.m. and from 5:00 p.m. to 9:30 p.m.<br \/>Friday: from 10:30 a.m. to 1:00 p.m<\/p>\n<p>[\/et_pb_toggle][et_pb_text _builder_version=&#8221;4.17.6&#8243; _module_preset=&#8221;default&#8221; text_font=&#8221;akrobat light||||||||&#8221; text_text_color=&#8221;#000000&#8243; text_font_size=&#8221;20px&#8221; hover_enabled=&#8221;0&#8243; inline_fonts=&#8221;akrobat extrabold&#8221; global_colors_info=&#8221;{}&#8221; sticky_enabled=&#8221;0&#8243;]<\/p>\n<div class=\"vc_empty_space\">\n<p>Eva Mar\u00edn critically reviews the setting of the mountain landscape as a construction of the nationalist epic in the Catalan area. Analyzes how the mountain space has been instrumentalized from politics, perpetuating archetypal representations of patriotic exaltation and domination typical of Romanticism and the Renaissance. Mar\u00edn reflects on how this uniform and idyllic vision leaves no room for other, more complex and heterogeneous ways of looking at and representing the landscape.<br \/>From autobiographical experience, she explores the tensions and distances between institutional instrumentalization and experiences of the landscape through the practice of hiking, which she reviews from a vital and feminist perspective. Thus, Mar\u00edn focuses on how the tops of the mountains have also been the subject of presentation of other stories, less patriotic and more emancipatory.<\/p>\n<\/div>\n<p>[\/et_pb_text][\/et_pb_column][et_pb_column type=&#8221;3_5&#8243; _builder_version=&#8221;4.16&#8243; _module_preset=&#8221;default&#8221; global_colors_info=&#8221;{}&#8221;][et_pb_image src=&#8221;https:\/\/festivalpanoramic.cat\/wp-content\/uploads\/2022\/09\/01-Eva-Marin-web.jpg&#8221; title_text=&#8221;01-Eva-Marin-web&#8221; force_fullwidth=&#8221;on&#8221; _builder_version=&#8221;4.17.6&#8243; _module_preset=&#8221;default&#8221; global_colors_info=&#8221;{}&#8221;][\/et_pb_image][\/et_pb_column][\/et_pb_row][\/et_pb_section][et_pb_section fb_built=&#8221;1&#8243; _builder_version=&#8221;4.16&#8243; _module_preset=&#8221;default&#8221; background_color=&#8221;#e8e8e8&#8243; global_colors_info=&#8221;{}&#8221;][et_pb_row column_structure=&#8221;2_3,1_3&#8243; _builder_version=&#8221;4.16&#8243; _module_preset=&#8221;default&#8221; width=&#8221;95%&#8221; max_width=&#8221;2560px&#8221; global_colors_info=&#8221;{}&#8221;][et_pb_column type=&#8221;2_3&#8243; _builder_version=&#8221;4.16&#8243; _module_preset=&#8221;default&#8221; global_colors_info=&#8221;{}&#8221;][et_pb_text _builder_version=&#8221;4.17.6&#8243; _module_preset=&#8221;default&#8221; text_font=&#8221;akrobat light||||||||&#8221; text_text_color=&#8221;#000000&#8243; text_font_size=&#8221;20px&#8221; hover_enabled=&#8221;0&#8243; inline_fonts=&#8221;Montserrat extra bold&#8221; global_colors_info=&#8221;{}&#8221; sticky_enabled=&#8221;0&#8243;]<\/p>\n<p><span style=\"font-family: 'Montserrat extra bold'; font-weight: normal; font-size: xx-large;\">Eva Mar\u00edn <\/span><\/p>\n<p>Artist, researcher and educator from Barcelona. His work takes the form of audiovisual and installations, problematizing the issues of the unifying view against other, more local and fragmented points of view.<\/p>\n<p>[\/et_pb_text][et_pb_social_media_follow _builder_version=&#8221;4.17.6&#8243; _module_preset=&#8221;default&#8221; custom_margin=&#8221;-33px||||false|false&#8221; global_colors_info=&#8221;{}&#8221;][et_pb_social_media_follow_network social_network=&#8221;rss&#8221; url=&#8221;https:\/\/www.evamarin.net&#8221; icon_color=&#8221;gcid-73263b73-b059-42fc-a61d-05da764fa408&#8243; use_icon_font_size=&#8221;on&#8221; icon_font_size=&#8221;20px&#8221; _builder_version=&#8221;4.17.6&#8243; _module_preset=&#8221;default&#8221; background_color=&#8221;#ff8a3c&#8221; background_enable_color=&#8221;off&#8221; custom_button=&#8221;on&#8221; button_text_size=&#8221;1px&#8221; button_border_width=&#8221;0px&#8221; button_border_radius=&#8221;0px&#8221; button_letter_spacing=&#8221;0px&#8221; global_colors_info=&#8221;{%22gcid-73263b73-b059-42fc-a61d-05da764fa408%22:%91%22background_color%22,%22icon_color%22%93}&#8221; follow_button=&#8221;off&#8221; url_new_window=&#8221;on&#8221;]rss[\/et_pb_social_media_follow_network][et_pb_social_media_follow_network social_network=&#8221;instagram&#8221; url=&#8221;https:\/\/www.instagram.com\/evamarinpeinado\/&#8221; icon_color=&#8221;gcid-73263b73-b059-42fc-a61d-05da764fa408&#8243; use_icon_font_size=&#8221;on&#8221; icon_font_size=&#8221;20px&#8221; _builder_version=&#8221;4.17.6&#8243; _module_preset=&#8221;default&#8221; background_enable_color=&#8221;off&#8221; custom_button=&#8221;on&#8221; button_text_size=&#8221;1px&#8221; button_border_width=&#8221;0px&#8221; button_border_radius=&#8221;0px&#8221; button_letter_spacing=&#8221;0px&#8221; global_colors_info=&#8221;{%22gcid-73263b73-b059-42fc-a61d-05da764fa408%22:%91%22background_color%22,%22icon_color%22%93}&#8221; follow_button=&#8221;off&#8221; url_new_window=&#8221;on&#8221;]instagram[\/et_pb_social_media_follow_network][\/et_pb_social_media_follow][\/et_pb_column][et_pb_column type=&#8221;1_3&#8243; _builder_version=&#8221;4.16&#8243; _module_preset=&#8221;default&#8221; global_colors_info=&#8221;{}&#8221;][et_pb_image src=&#8221;https:\/\/festivalpanoramic.cat\/wp-content\/uploads\/2022\/06\/Eva-Marin-web.jpg&#8221; title_text=&#8221;Eva-Marin-web&#8221; _builder_version=&#8221;4.17.6&#8243; _module_preset=&#8221;default&#8221; filter_saturate=&#8221;0%&#8221; global_colors_info=&#8221;{}&#8221;][\/et_pb_image][\/et_pb_column][\/et_pb_row][\/et_pb_section]<\/p>\n","protected":false},"excerpt":{"rendered":"<p>ExhibitionsCims, conquestes i esquerdesExhibition by Eva Mar\u00edn curated by Laia Casanova and Merc\u00e8 Alsina Project within the Panoramic File program Excursionist Center of Catalonia, BarcelonaFrom October 20 to November 27, [&hellip;]<\/p>\n","protected":false},"author":1,"featured_media":28366,"comment_status":"open","ping_status":"closed","template":"","meta":{"_et_pb_use_builder":"on","_et_pb_old_content":"","_et_gb_content_width":"","footnotes":""},"project_category":[52,54,67],"project_tag":[],"class_list":["post-28498","project","type-project","status-publish","has-post-thumbnail","hentry","project_category-exhibitions-2022","project_category-exhibitions-barcelona-2022","project_category-panoramic-file-2022-en"],"yoast_head":"<!-- This site is optimized with the Yoast SEO plugin v27.2 - https:\/\/yoast.com\/product\/yoast-seo-wordpress\/ -->\n<title>Cims, conquestes i esquerdes | Eva Mar\u00edn - Festival Panor\u00e0mic<\/title>\n<meta name=\"robots\" content=\"index, follow, max-snippet:-1, max-image-preview:large, max-video-preview:-1\" \/>\n<link rel=\"canonical\" href=\"https:\/\/festivalpanoramic.cat\/en\/project\/cims-conquestes-i-esquerdes-eva-marin\/\" \/>\n<meta property=\"og:locale\" content=\"en_US\" \/>\n<meta property=\"og:type\" content=\"article\" \/>\n<meta property=\"og:title\" content=\"Cims, conquestes i esquerdes | Eva Mar\u00edn - Festival Panor\u00e0mic\" \/>\n<meta property=\"og:description\" content=\"ExhibitionsCims, conquestes i esquerdesExhibition by Eva Mar\u00edn curated by Laia Casanova and Merc\u00e8 Alsina Project within the Panoramic File program Excursionist Center of Catalonia, BarcelonaFrom October 20 to November 27, [&hellip;]\" \/>\n<meta property=\"og:url\" content=\"https:\/\/festivalpanoramic.cat\/en\/project\/cims-conquestes-i-esquerdes-eva-marin\/\" \/>\n<meta property=\"og:site_name\" content=\"Festival Panor\u00e0mic\" \/>\n<meta property=\"article:modified_time\" content=\"2022-10-10T11:26:51+00:00\" \/>\n<meta property=\"og:image\" content=\"https:\/\/festivalpanoramic.cat\/wp-content\/uploads\/2022\/09\/00-Eva-Marin-web.jpg\" \/>\n\t<meta property=\"og:image:width\" content=\"980\" \/>\n\t<meta property=\"og:image:height\" content=\"652\" \/>\n\t<meta property=\"og:image:type\" content=\"image\/jpeg\" \/>\n<meta name=\"twitter:card\" content=\"summary_large_image\" \/>\n<meta name=\"twitter:label1\" content=\"Est. reading time\" \/>\n\t<meta name=\"twitter:data1\" content=\"6 minutes\" \/>\n<script type=\"application\/ld+json\" class=\"yoast-schema-graph\">{\"@context\":\"https:\/\/schema.org\",\"@graph\":[{\"@type\":\"WebPage\",\"@id\":\"https:\/\/festivalpanoramic.cat\/en\/project\/cims-conquestes-i-esquerdes-eva-marin\/\",\"url\":\"https:\/\/festivalpanoramic.cat\/en\/project\/cims-conquestes-i-esquerdes-eva-marin\/\",\"name\":\"Cims, conquestes i esquerdes | Eva Mar\u00edn - Festival Panor\u00e0mic\",\"isPartOf\":{\"@id\":\"https:\/\/festivalpanoramic.cat\/en\/#website\"},\"primaryImageOfPage\":{\"@id\":\"https:\/\/festivalpanoramic.cat\/en\/project\/cims-conquestes-i-esquerdes-eva-marin\/#primaryimage\"},\"image\":{\"@id\":\"https:\/\/festivalpanoramic.cat\/en\/project\/cims-conquestes-i-esquerdes-eva-marin\/#primaryimage\"},\"thumbnailUrl\":\"https:\/\/festivalpanoramic.cat\/wp-content\/uploads\/2022\/09\/00-Eva-Marin-web.jpg\",\"datePublished\":\"2022-09-01T08:16:39+00:00\",\"dateModified\":\"2022-10-10T11:26:51+00:00\",\"breadcrumb\":{\"@id\":\"https:\/\/festivalpanoramic.cat\/en\/project\/cims-conquestes-i-esquerdes-eva-marin\/#breadcrumb\"},\"inLanguage\":\"en-US\",\"potentialAction\":[{\"@type\":\"ReadAction\",\"target\":[\"https:\/\/festivalpanoramic.cat\/en\/project\/cims-conquestes-i-esquerdes-eva-marin\/\"]}]},{\"@type\":\"ImageObject\",\"inLanguage\":\"en-US\",\"@id\":\"https:\/\/festivalpanoramic.cat\/en\/project\/cims-conquestes-i-esquerdes-eva-marin\/#primaryimage\",\"url\":\"https:\/\/festivalpanoramic.cat\/wp-content\/uploads\/2022\/09\/00-Eva-Marin-web.jpg\",\"contentUrl\":\"https:\/\/festivalpanoramic.cat\/wp-content\/uploads\/2022\/09\/00-Eva-Marin-web.jpg\",\"width\":980,\"height\":652},{\"@type\":\"BreadcrumbList\",\"@id\":\"https:\/\/festivalpanoramic.cat\/en\/project\/cims-conquestes-i-esquerdes-eva-marin\/#breadcrumb\",\"itemListElement\":[{\"@type\":\"ListItem\",\"position\":1,\"name\":\"Inici\",\"item\":\"https:\/\/festivalpanoramic.cat\/en\/\"},{\"@type\":\"ListItem\",\"position\":2,\"name\":\"Projects\",\"item\":\"https:\/\/festivalpanoramic.cat\/en\/project\/\"},{\"@type\":\"ListItem\",\"position\":3,\"name\":\"Cims, conquestes i esquerdes | Eva Mar\u00edn\"}]},{\"@type\":\"WebSite\",\"@id\":\"https:\/\/festivalpanoramic.cat\/en\/#website\",\"url\":\"https:\/\/festivalpanoramic.cat\/en\/\",\"name\":\"Festival Panor\u00e0mic\",\"description\":\"PANOR\u00c0MIC. ARTS I CULTURES VISUALS\",\"potentialAction\":[{\"@type\":\"SearchAction\",\"target\":{\"@type\":\"EntryPoint\",\"urlTemplate\":\"https:\/\/festivalpanoramic.cat\/en\/?s={search_term_string}\"},\"query-input\":{\"@type\":\"PropertyValueSpecification\",\"valueRequired\":true,\"valueName\":\"search_term_string\"}}],\"inLanguage\":\"en-US\"}]}<\/script>\n<!-- \/ Yoast SEO plugin. -->","yoast_head_json":{"title":"Cims, conquestes i esquerdes | Eva Mar\u00edn - Festival Panor\u00e0mic","robots":{"index":"index","follow":"follow","max-snippet":"max-snippet:-1","max-image-preview":"max-image-preview:large","max-video-preview":"max-video-preview:-1"},"canonical":"https:\/\/festivalpanoramic.cat\/en\/project\/cims-conquestes-i-esquerdes-eva-marin\/","og_locale":"en_US","og_type":"article","og_title":"Cims, conquestes i esquerdes | Eva Mar\u00edn - Festival Panor\u00e0mic","og_description":"ExhibitionsCims, conquestes i esquerdesExhibition by Eva Mar\u00edn curated by Laia Casanova and Merc\u00e8 Alsina Project within the Panoramic File program Excursionist Center of Catalonia, BarcelonaFrom October 20 to November 27, [&hellip;]","og_url":"https:\/\/festivalpanoramic.cat\/en\/project\/cims-conquestes-i-esquerdes-eva-marin\/","og_site_name":"Festival Panor\u00e0mic","article_modified_time":"2022-10-10T11:26:51+00:00","og_image":[{"width":980,"height":652,"url":"https:\/\/festivalpanoramic.cat\/wp-content\/uploads\/2022\/09\/00-Eva-Marin-web.jpg","type":"image\/jpeg"}],"twitter_card":"summary_large_image","twitter_misc":{"Est. reading time":"6 minutes"},"schema":{"@context":"https:\/\/schema.org","@graph":[{"@type":"WebPage","@id":"https:\/\/festivalpanoramic.cat\/en\/project\/cims-conquestes-i-esquerdes-eva-marin\/","url":"https:\/\/festivalpanoramic.cat\/en\/project\/cims-conquestes-i-esquerdes-eva-marin\/","name":"Cims, conquestes i esquerdes | Eva Mar\u00edn - Festival Panor\u00e0mic","isPartOf":{"@id":"https:\/\/festivalpanoramic.cat\/en\/#website"},"primaryImageOfPage":{"@id":"https:\/\/festivalpanoramic.cat\/en\/project\/cims-conquestes-i-esquerdes-eva-marin\/#primaryimage"},"image":{"@id":"https:\/\/festivalpanoramic.cat\/en\/project\/cims-conquestes-i-esquerdes-eva-marin\/#primaryimage"},"thumbnailUrl":"https:\/\/festivalpanoramic.cat\/wp-content\/uploads\/2022\/09\/00-Eva-Marin-web.jpg","datePublished":"2022-09-01T08:16:39+00:00","dateModified":"2022-10-10T11:26:51+00:00","breadcrumb":{"@id":"https:\/\/festivalpanoramic.cat\/en\/project\/cims-conquestes-i-esquerdes-eva-marin\/#breadcrumb"},"inLanguage":"en-US","potentialAction":[{"@type":"ReadAction","target":["https:\/\/festivalpanoramic.cat\/en\/project\/cims-conquestes-i-esquerdes-eva-marin\/"]}]},{"@type":"ImageObject","inLanguage":"en-US","@id":"https:\/\/festivalpanoramic.cat\/en\/project\/cims-conquestes-i-esquerdes-eva-marin\/#primaryimage","url":"https:\/\/festivalpanoramic.cat\/wp-content\/uploads\/2022\/09\/00-Eva-Marin-web.jpg","contentUrl":"https:\/\/festivalpanoramic.cat\/wp-content\/uploads\/2022\/09\/00-Eva-Marin-web.jpg","width":980,"height":652},{"@type":"BreadcrumbList","@id":"https:\/\/festivalpanoramic.cat\/en\/project\/cims-conquestes-i-esquerdes-eva-marin\/#breadcrumb","itemListElement":[{"@type":"ListItem","position":1,"name":"Inici","item":"https:\/\/festivalpanoramic.cat\/en\/"},{"@type":"ListItem","position":2,"name":"Projects","item":"https:\/\/festivalpanoramic.cat\/en\/project\/"},{"@type":"ListItem","position":3,"name":"Cims, conquestes i esquerdes | Eva Mar\u00edn"}]},{"@type":"WebSite","@id":"https:\/\/festivalpanoramic.cat\/en\/#website","url":"https:\/\/festivalpanoramic.cat\/en\/","name":"Festival Panor\u00e0mic","description":"PANOR\u00c0MIC. ARTS I CULTURES VISUALS","potentialAction":[{"@type":"SearchAction","target":{"@type":"EntryPoint","urlTemplate":"https:\/\/festivalpanoramic.cat\/en\/?s={search_term_string}"},"query-input":{"@type":"PropertyValueSpecification","valueRequired":true,"valueName":"search_term_string"}}],"inLanguage":"en-US"}]}},"_links":{"self":[{"href":"https:\/\/festivalpanoramic.cat\/en\/wp-json\/wp\/v2\/project\/28498","targetHints":{"allow":["GET"]}}],"collection":[{"href":"https:\/\/festivalpanoramic.cat\/en\/wp-json\/wp\/v2\/project"}],"about":[{"href":"https:\/\/festivalpanoramic.cat\/en\/wp-json\/wp\/v2\/types\/project"}],"author":[{"embeddable":true,"href":"https:\/\/festivalpanoramic.cat\/en\/wp-json\/wp\/v2\/users\/1"}],"replies":[{"embeddable":true,"href":"https:\/\/festivalpanoramic.cat\/en\/wp-json\/wp\/v2\/comments?post=28498"}],"version-history":[{"count":0,"href":"https:\/\/festivalpanoramic.cat\/en\/wp-json\/wp\/v2\/project\/28498\/revisions"}],"wp:featuredmedia":[{"embeddable":true,"href":"https:\/\/festivalpanoramic.cat\/en\/wp-json\/wp\/v2\/media\/28366"}],"wp:attachment":[{"href":"https:\/\/festivalpanoramic.cat\/en\/wp-json\/wp\/v2\/media?parent=28498"}],"wp:term":[{"taxonomy":"project_category","embeddable":true,"href":"https:\/\/festivalpanoramic.cat\/en\/wp-json\/wp\/v2\/project_category?post=28498"},{"taxonomy":"project_tag","embeddable":true,"href":"https:\/\/festivalpanoramic.cat\/en\/wp-json\/wp\/v2\/project_tag?post=28498"}],"curies":[{"name":"wp","href":"https:\/\/api.w.org\/{rel}","templated":true}]}}