{"id":28522,"date":"2022-08-31T16:14:24","date_gmt":"2022-08-31T14:14:24","guid":{"rendered":"https:\/\/festivalpanoramic.cat\/?post_type=project&#038;p=28522"},"modified":"2024-04-16T11:10:33","modified_gmt":"2024-04-16T09:10:33","slug":"lherbari-especular-una-analisi-dallo-huma-a-la-botanica-paula-bruna","status":"publish","type":"project","link":"https:\/\/festivalpanoramic.cat\/en\/project\/lherbari-especular-una-analisi-dallo-huma-a-la-botanica-paula-bruna\/","title":{"rendered":"L\u2019herbari especular. Una an\u00e0lisi d\u2019all\u00f2 hum\u00e0 a la bot\u00e0nica | Paula Bruna"},"content":{"rendered":"<p>[et_pb_section fb_built=&#8221;1&#8243; _builder_version=&#8221;4.16&#8243; _module_preset=&#8221;default&#8221; global_colors_info=&#8221;{}&#8221;][et_pb_row column_structure=&#8221;3_5,2_5&#8243; _builder_version=&#8221;4.17.6&#8243; _module_preset=&#8221;default&#8221; width=&#8221;95%&#8221; max_width=&#8221;2560px&#8221; global_colors_info=&#8221;{}&#8221;][et_pb_column type=&#8221;3_5&#8243; _builder_version=&#8221;4.16&#8243; _module_preset=&#8221;default&#8221; global_colors_info=&#8221;{}&#8221;][et_pb_text admin_label=&#8221;Exposicions&#8221; _builder_version=&#8221;4.17.6&#8243; _module_preset=&#8221;default&#8221; text_font=&#8221;Montserrat extra bold||||||||&#8221; text_text_color=&#8221;#000000&#8243; text_font_size=&#8221;16px&#8221; custom_margin=&#8221;||15px||false|false&#8221; global_colors_info=&#8221;{}&#8221;]<\/p>\n<p>Exhibitions<\/p>\n<p>[\/et_pb_text][et_pb_text admin_label=&#8221;Nom expo&#8221; _builder_version=&#8221;4.17.6&#8243; _module_preset=&#8221;default&#8221; text_font=&#8221;Montserrat extra bold||||||||&#8221; text_text_color=&#8221;#000000&#8243; text_font_size=&#8221;39px&#8221; text_line_height=&#8221;1em&#8221; custom_margin=&#8221;||19px||false|false&#8221; text_line_height_tablet=&#8221;&#8221; text_line_height_phone=&#8221;1.2em&#8221; text_line_height_last_edited=&#8221;on|phone&#8221; global_colors_info=&#8221;{}&#8221;]<\/p>\n<p>L\u2019herbari especular. Una an\u00e0lisi d\u2019all\u00f2 hum\u00e0 a la bot\u00e0nica <\/p>\n<p>[\/et_pb_text][et_pb_text admin_label=&#8221;expo de&#8230;&#8221; _builder_version=&#8221;4.17.6&#8243; _module_preset=&#8221;default&#8221; text_font=&#8221;Montserrat Light||||||||&#8221; text_text_color=&#8221;gcid-73263b73-b059-42fc-a61d-05da764fa408&#8243; text_font_size=&#8221;17px&#8221; custom_margin=&#8221;-5px||0px||false|false&#8221; inline_fonts=&#8221;Montserrat extra bold,Montserrat Light&#8221; global_colors_info=&#8221;{%22gcid-73263b73-b059-42fc-a61d-05da764fa408%22:%91%22text_text_color%22%93}&#8221;]<\/p>\n<p>Exhibition by <span style=\"font-family: 'Montserrat extra bold';\">Paula Bruna<\/span> curated by <span style=\"font-family: 'Montserrat extra bold'; font-weight: normal;\">Merc\u00e8 Alsina <span style=\"font-family: 'Montserrat Light';\">and<\/span> Laia Casanova<\/span><span style=\"font-family: 'Montserrat extra bold'; font-weight: normal;\"><\/span><span style=\"font-family: 'Montserrat extra bold'; font-weight: normal;\"><\/span><\/p>\n<p>[\/et_pb_text][et_pb_text admin_label=&#8221;Lloc&#8221; _builder_version=&#8221;4.17.6&#8243; _module_preset=&#8221;default&#8221; text_font=&#8221;Montserrat extra bold||||||||&#8221; text_text_color=&#8221;#000000&#8243; text_font_size=&#8221;18px&#8221; custom_margin=&#8221;10px||||false|false&#8221; global_colors_info=&#8221;{}&#8221;]<\/p>\n<div id=\"m_2569107918192723313replybody1\">\n<div dir=\"ltr\">\n<p><span>Grisart, Barcelona<\/span><\/p>\n<p><span>Fundaci\u00f3 Foto Colectania, Barcelona<\/span><\/p>\n<p><span>Institut Bot\u00e0nic de Barcelona.<\/span><\/p>\n<\/div>\n<\/div>\n<p>[\/et_pb_text][et_pb_text admin_label=&#8221;Data&#8221; _builder_version=&#8221;4.17.6&#8243; _module_preset=&#8221;default&#8221; text_font=&#8221;Montserrat Light||||||||&#8221; text_text_color=&#8221;#000000&#8243; text_font_size=&#8221;18px&#8221; custom_margin=&#8221;-10px||43px||false|false&#8221; custom_margin_tablet=&#8221;-24px||||false|false&#8221; custom_margin_phone=&#8221;-24px||||false|false&#8221; custom_margin_last_edited=&#8221;on|tablet&#8221; global_colors_info=&#8221;{}&#8221;]<\/p>\n<p>From October 20 to November 27, 2022<\/p>\n<p>[\/et_pb_text][et_pb_text _builder_version=&#8221;4.17.6&#8243; _module_preset=&#8221;default&#8221; text_font=&#8221;akrobat light||||||||&#8221; text_text_color=&#8221;#000000&#8243; text_font_size=&#8221;20px&#8221; hover_enabled=&#8221;0&#8243; inline_fonts=&#8221;akrobat extrabold&#8221; global_colors_info=&#8221;{}&#8221; sticky_enabled=&#8221;0&#8243;]<\/p>\n<div class=\"vc_empty_space\">\n<p>Paula Bruna&#8217;s intervention, in collaboration with the Institut Bot\u00e0nic de Barcelona, takes place within the Plantoc\u00e8 project (initiated by the artist in 2017). Plantocene is an investigation in which Bruna confronts the plant kingdom and human society, questions the hegemony of our species and generates images that suggest a post-human scenario.<\/p>\n<p>For Bruna, faced with the situation of environmental crisis, it is necessary to rethink the relations of humans with the rest of the planet, especially with living organisms, attending to their realities and not only from a perspective of economic benefit or service for the humans That is why Bruna invites us to place ourselves at the &#8220;point of life&#8221; of the plants and, from there, turn our gaze towards our society. This re-vision from an alien point of view highlights the fictions that permeate and limit Western thought, such as supremacism, colonialism, sexism, or binarism.<\/p>\n<\/div>\n<p>[\/et_pb_text][et_pb_divider _builder_version=&#8221;4.17.6&#8243; _module_preset=&#8221;default&#8221; global_colors_info=&#8221;{}&#8221;][\/et_pb_divider][et_pb_text _builder_version=&#8221;4.17.6&#8243; _module_preset=&#8221;default&#8221; text_font=&#8221;akrobat light||||||||&#8221; text_text_color=&#8221;#000000&#8243; text_font_size=&#8221;20px&#8221; hover_enabled=&#8221;0&#8243; inline_fonts=&#8221;Montserrat Light,akrobat light,akrobat extrabold,Montserrat extra bold&#8221; global_colors_info=&#8221;{}&#8221; sticky_enabled=&#8221;0&#8243;]<\/p>\n<div class=\"vc_empty_space\">\n<p><span style=\"font-size: 20px;\">At the Panor\u00e0mic festival, Bruna presents two works made as part of this project:<\/span><\/p>\n<p><span style=\"font-family: 'Montserrat extra bold'; font-weight: normal;\"><strong>Desear como inmortales<\/strong><\/span><span> <\/span>(video)<\/p>\n<p>The cruel plant ( <em>Araujia sericifera<\/em> ) is considered an invasive species in our latitudes. Originally from Argentina, it expanded throughout Europe from its trade to decorate gardens. The tale of the cruel plant in the West speaks of desire and rejection, of possession and rebellion, of guilt and punishment for not submitting to human control. Her story has all the ingredients of a film noir where she, the plant, would play the role of <em>femme fatale<\/em> .<br \/>Starting from the seeds of the cruel plant, and intertwining the history of this plant with the artist&#8217;s personal memories, the video goes through the attractive and dangerous side of desire and, from the other point of view, through the &#8216;exuberant rebellion and the submission of what is desired.<\/p>\n<p><span style=\"font-family: 'Montserrat extra bold'; font-weight: normal;\"><strong>Una dansa moderna<\/strong><\/span><span> <\/span>(instalaci\u00f3n)<\/p>\n<p>The <em>Araujia sericifera<\/em> is a plant with two botanical personalities: In South America it is called Jazm\u00edn de Tucum\u00e1n, and it is a native plant highly appreciated for being the habitat of the monarch butterfly. On the other hand, in our latitudes it is better known as Planta cruel and is considered a very aggressive invader. This story about two radically opposed identities deposited in the same plant recalls the story of Dr. Jekyll and Mr. Hyde (Robert Louis Stevenson, 1886).<\/p>\n<p>Known as Mala madre or Madre de millones, the <em>Kalanchoe x houghtonii<\/em> is the result of an artificial crossing carried out in the 1930s by a gardener who was looking for a prettier and more resistant plant. Precisely these characteristics have led it to be cataloged as one of the invasive species with the greatest power of expansion that triggers ecological catastrophes. The story of the Mother of Millions has similarities with Frankenstein&#8217;s monster (Mary Shelley, 1818), a creature created by an irresponsible human who ends up being persecuted.<\/p>\n<p>In &#8220;Una dansa moderna&#8221;, the vegetable versions of Mr. Hyde and Frankenstein stage a modern dance; a dance of phyto-monsters created by modernity, the result of our limitless desire for possession and control; a choreography of post-Anthropocene zombies showing their superiority over humans with a smooth movement of menacing tenderness.<\/p>\n<p>The whole project can be seen in several places in the city:<\/p>\n<p><span style=\"font-family: 'akrobat light';\">Place:<\/span> <span style=\"font-family: 'akrobat extrabold'; font-weight: normal;\">Fundaci\u00f3 Foto Colectania<\/span> .<span> <\/span><span style=\"font-family: 'Montserrat Light'; font-size: 20px;\">From October 21 to 23.<\/span> <span style=\"font-size: 20px; font-family: 'Montserrat extra bold';\">Desitjar com a inmortals<\/span><\/p>\n<p>&#8211;<\/p>\n<p><span style=\"font-family: 'akrobat light'; font-weight: normal;\">Place: <span style=\"font-family: 'akrobat extrabold';\">Grisart<\/span> .<\/span> <span style=\"font-family: 'Montserrat Light'; font-weight: normal;\">From October 20 to November 27. <span style=\"font-family: 'Montserrat extra bold';\">Una dansa moderna<\/span> and <span style=\"font-family: 'Montserrat extra bold';\">Desitjar com a inmortals<\/span><\/span><\/p>\n<p>&#8211;<span style=\"font-family: 'Montserrat Light'; font-weight: normal;\"><span style=\"font-family: 'Montserrat extra bold';\"><\/span><\/span><\/p>\n<p>Place: <span style=\"font-family: 'akrobat extrabold'; font-weight: normal;\">Institut Bot\u00e0nic de Barcelona<\/span> . <span style=\"font-family: 'Montserrat Light'; font-weight: normal;\">From October 20 to November 27<\/span> <strong>.<\/strong><span> <\/span>Audiovisual about the work process.<span> <\/span><span style=\"font-family: 'Montserrat Light'; font-weight: normal;\">November 16 at 7pm Presentation of the project and conversation between <span style=\"font-family: 'Montserrat extra bold';\">Paula Bruna<\/span> and <span style=\"font-family: 'Montserrat extra bold';\">Merc\u00e8 Alsina<\/span><\/span><\/p>\n<p>&#8211;<strong><\/strong><\/p>\n<p><em>Works realized with the collaboration of the Institut Bot\u00e0nic de Barcelona, Cultivamos Cultura, museo MEIAC Badajoz, Ana Lorente, Juan Antonio Cerezuela, Llapispanc.<\/em><\/p>\n<p>&nbsp;<\/p>\n<\/div>\n<p>[\/et_pb_text][et_pb_divider _builder_version=&#8221;4.17.6&#8243; _module_preset=&#8221;default&#8221; global_colors_info=&#8221;{}&#8221;][\/et_pb_divider][et_pb_text _builder_version=&#8221;4.17.6&#8243; _module_preset=&#8221;default&#8221; hover_enabled=&#8221;0&#8243; inline_fonts=&#8221;akrobat light,akrobat extrabold,Montserrat Light&#8221; global_colors_info=&#8221;{}&#8221; sticky_enabled=&#8221;0&#8243;]<\/p>\n<p><span style=\"font-family: 'Montserrat extra bold'; color: #000000; font-size: large;\"><span style=\"font-family: 'Montserrat Light';\">October 22 from 3 pm to 7 pm<\/span><\/span><\/p>\n<p><span style=\"font-family: 'Montserrat extra bold'; color: #000000; font-size: large;\"><span style=\"font-family: 'Montserrat Light';\">Family workshop<\/span> &#8220;Una passejada bot\u00e0nica&#8221; <span style=\"font-family: 'Montserrat Light'; font-weight: normal;\">within the<\/span> <a href=\"https:\/\/www.barcelona.cat\/barcelonadibuixa\/ca\/properament\" style=\"color: #000000;\">Festival Barcelona Dibuixa<\/a><\/span><\/p>\n<p><span style=\"color: #000000; font-family: 'akrobat light'; font-weight: normal; font-size: large;\">We will draw plants on translucent supports. We will fill the space with layers of plant drawings that, together, will form a forest to walk through. This workshop highlights, from the point of view of collectivity and meeting, everyday acts deeply affected during the pandemic, such as walking, contact with other living beings and the most natural environments.<\/span><\/p>\n<p><span style=\"color: #000000; font-family: 'akrobat light'; font-weight: normal; font-size: large;\">Place: <span style=\"font-family: 'akrobat extrabold';\">Fundaci\u00f3 Foto Colectania<\/span> , Barcelona<\/span><\/p>\n<p>[\/et_pb_text][\/et_pb_column][et_pb_column type=&#8221;2_5&#8243; _builder_version=&#8221;4.16&#8243; _module_preset=&#8221;default&#8221; global_colors_info=&#8221;{}&#8221;][et_pb_image src=&#8221;https:\/\/festivalpanoramic.cat\/wp-content\/uploads\/2022\/08\/01-Paula-Bruna-web-scaled.jpg&#8221; title_text=&#8221;01-Paula-Bruna-web&#8221; force_fullwidth=&#8221;on&#8221; _builder_version=&#8221;4.17.6&#8243; _module_preset=&#8221;default&#8221; global_colors_info=&#8221;{}&#8221;][\/et_pb_image][\/et_pb_column][\/et_pb_row][\/et_pb_section][et_pb_section fb_built=&#8221;1&#8243; _builder_version=&#8221;4.16&#8243; _module_preset=&#8221;default&#8221; background_color=&#8221;#e8e8e8&#8243; global_colors_info=&#8221;{}&#8221;][et_pb_row column_structure=&#8221;2_3,1_3&#8243; _builder_version=&#8221;4.16&#8243; _module_preset=&#8221;default&#8221; width=&#8221;95%&#8221; max_width=&#8221;2560px&#8221; global_colors_info=&#8221;{}&#8221;][et_pb_column type=&#8221;2_3&#8243; _builder_version=&#8221;4.16&#8243; _module_preset=&#8221;default&#8221; global_colors_info=&#8221;{}&#8221;][et_pb_text _builder_version=&#8221;4.17.6&#8243; _module_preset=&#8221;default&#8221; text_font=&#8221;akrobat light||||||||&#8221; text_text_color=&#8221;#000000&#8243; text_font_size=&#8221;20px&#8221; inline_fonts=&#8221;Montserrat extra bold&#8221; global_colors_info=&#8221;{}&#8221;]<\/p>\n<p><span style=\"font-family: 'Montserrat extra bold'; font-weight: normal; font-size: xx-large;\">Paula Bruna <\/span><\/p>\n<p>Catalan artist and environmentalist.<br \/>His work focuses on the analysis of the interaction between society and the ecological system in which it resides from non-human points of view. He has participated in exhibitions at cultural centers such as the CCCB, Santa Monica, among others.<\/p>\n<p>[\/et_pb_text][et_pb_social_media_follow _builder_version=&#8221;4.17.6&#8243; _module_preset=&#8221;default&#8221; custom_margin=&#8221;-33px||||false|false&#8221; global_colors_info=&#8221;{}&#8221;][et_pb_social_media_follow_network social_network=&#8221;rss&#8221; url=&#8221;https:\/\/paulabruna.com&#8221; icon_color=&#8221;gcid-73263b73-b059-42fc-a61d-05da764fa408&#8243; use_icon_font_size=&#8221;on&#8221; icon_font_size=&#8221;20px&#8221; _builder_version=&#8221;4.17.6&#8243; _module_preset=&#8221;default&#8221; background_color=&#8221;#ff8a3c&#8221; background_enable_color=&#8221;off&#8221; custom_button=&#8221;on&#8221; button_text_size=&#8221;1px&#8221; button_border_width=&#8221;0px&#8221; button_border_radius=&#8221;0px&#8221; button_letter_spacing=&#8221;0px&#8221; global_colors_info=&#8221;{%22gcid-73263b73-b059-42fc-a61d-05da764fa408%22:%91%22background_color%22,%22icon_color%22%93}&#8221; follow_button=&#8221;off&#8221; url_new_window=&#8221;on&#8221;]rss[\/et_pb_social_media_follow_network][et_pb_social_media_follow_network social_network=&#8221;instagram&#8221; url=&#8221;https:\/\/www.instagram.com\/paulabrunaperez\/&#8221; icon_color=&#8221;gcid-73263b73-b059-42fc-a61d-05da764fa408&#8243; use_icon_font_size=&#8221;on&#8221; icon_font_size=&#8221;20px&#8221; _builder_version=&#8221;4.17.6&#8243; _module_preset=&#8221;default&#8221; background_enable_color=&#8221;off&#8221; custom_button=&#8221;on&#8221; button_text_size=&#8221;1px&#8221; button_border_width=&#8221;0px&#8221; button_border_radius=&#8221;0px&#8221; button_letter_spacing=&#8221;0px&#8221; global_colors_info=&#8221;{%22gcid-73263b73-b059-42fc-a61d-05da764fa408%22:%91%22background_color%22,%22icon_color%22%93}&#8221; follow_button=&#8221;off&#8221; url_new_window=&#8221;on&#8221;]instagram[\/et_pb_social_media_follow_network][\/et_pb_social_media_follow][\/et_pb_column][et_pb_column type=&#8221;1_3&#8243; _builder_version=&#8221;4.16&#8243; _module_preset=&#8221;default&#8221; global_colors_info=&#8221;{}&#8221;][et_pb_image src=&#8221;https:\/\/festivalpanoramic.cat\/wp-content\/uploads\/2022\/03\/PAULABRUNA-2.jpg&#8221; title_text=&#8221;PAULABRUNA-2&#8243; _builder_version=&#8221;4.17.6&#8243; _module_preset=&#8221;default&#8221; filter_saturate=&#8221;0%&#8221; global_colors_info=&#8221;{}&#8221;][\/et_pb_image][\/et_pb_column][\/et_pb_row][\/et_pb_section]<\/p>\n","protected":false},"excerpt":{"rendered":"<p>ExhibitionsL\u2019herbari especular. Una an\u00e0lisi d\u2019all\u00f2 hum\u00e0 a la bot\u00e0nica Exhibition by Paula Bruna curated by Merc\u00e8 Alsina and Laia Casanova Grisart, Barcelona Fundaci\u00f3 Foto Colectania, Barcelona Institut Bot\u00e0nic de Barcelona. [&hellip;]<\/p>\n","protected":false},"author":1,"featured_media":28318,"comment_status":"open","ping_status":"closed","template":"","meta":{"_et_pb_use_builder":"on","_et_pb_old_content":"","_et_gb_content_width":"","footnotes":""},"project_category":[52,54,67],"project_tag":[57],"class_list":["post-28522","project","type-project","status-publish","has-post-thumbnail","hentry","project_category-exhibitions-2022","project_category-exhibitions-barcelona-2022","project_category-panoramic-file-2022-en","project_tag-rrr-en"],"yoast_head":"<!-- This site is optimized with the Yoast SEO plugin v27.2 - https:\/\/yoast.com\/product\/yoast-seo-wordpress\/ -->\n<title>L\u2019herbari especular. Una an\u00e0lisi d\u2019all\u00f2 hum\u00e0 a la bot\u00e0nica | Paula Bruna - Festival Panor\u00e0mic<\/title>\n<meta name=\"robots\" content=\"index, follow, max-snippet:-1, max-image-preview:large, max-video-preview:-1\" \/>\n<link rel=\"canonical\" href=\"https:\/\/festivalpanoramic.cat\/en\/project\/lherbari-especular-una-analisi-dallo-huma-a-la-botanica-paula-bruna\/\" \/>\n<meta property=\"og:locale\" content=\"en_US\" \/>\n<meta property=\"og:type\" content=\"article\" \/>\n<meta property=\"og:title\" content=\"L\u2019herbari especular. Una an\u00e0lisi d\u2019all\u00f2 hum\u00e0 a la bot\u00e0nica | Paula Bruna - Festival Panor\u00e0mic\" \/>\n<meta property=\"og:description\" content=\"ExhibitionsL\u2019herbari especular. Una an\u00e0lisi d\u2019all\u00f2 hum\u00e0 a la bot\u00e0nica Exhibition by Paula Bruna curated by Merc\u00e8 Alsina and Laia Casanova Grisart, Barcelona Fundaci\u00f3 Foto Colectania, Barcelona Institut Bot\u00e0nic de Barcelona. [&hellip;]\" \/>\n<meta property=\"og:url\" content=\"https:\/\/festivalpanoramic.cat\/en\/project\/lherbari-especular-una-analisi-dallo-huma-a-la-botanica-paula-bruna\/\" \/>\n<meta property=\"og:site_name\" content=\"Festival Panor\u00e0mic\" \/>\n<meta property=\"article:modified_time\" content=\"2024-04-16T09:10:33+00:00\" \/>\n<meta property=\"og:image\" content=\"https:\/\/festivalpanoramic.cat\/wp-content\/uploads\/2022\/08\/00-Paula-Bruna-web.jpg\" \/>\n\t<meta property=\"og:image:width\" content=\"980\" \/>\n\t<meta property=\"og:image:height\" content=\"652\" \/>\n\t<meta property=\"og:image:type\" content=\"image\/jpeg\" \/>\n<meta name=\"twitter:card\" content=\"summary_large_image\" \/>\n<meta name=\"twitter:label1\" content=\"Est. reading time\" \/>\n\t<meta name=\"twitter:data1\" content=\"8 minutes\" \/>\n<script type=\"application\/ld+json\" class=\"yoast-schema-graph\">{\"@context\":\"https:\/\/schema.org\",\"@graph\":[{\"@type\":\"WebPage\",\"@id\":\"https:\/\/festivalpanoramic.cat\/en\/project\/lherbari-especular-una-analisi-dallo-huma-a-la-botanica-paula-bruna\/\",\"url\":\"https:\/\/festivalpanoramic.cat\/en\/project\/lherbari-especular-una-analisi-dallo-huma-a-la-botanica-paula-bruna\/\",\"name\":\"L\u2019herbari especular. Una an\u00e0lisi d\u2019all\u00f2 hum\u00e0 a la bot\u00e0nica | Paula Bruna - Festival Panor\u00e0mic\",\"isPartOf\":{\"@id\":\"https:\/\/festivalpanoramic.cat\/en\/#website\"},\"primaryImageOfPage\":{\"@id\":\"https:\/\/festivalpanoramic.cat\/en\/project\/lherbari-especular-una-analisi-dallo-huma-a-la-botanica-paula-bruna\/#primaryimage\"},\"image\":{\"@id\":\"https:\/\/festivalpanoramic.cat\/en\/project\/lherbari-especular-una-analisi-dallo-huma-a-la-botanica-paula-bruna\/#primaryimage\"},\"thumbnailUrl\":\"https:\/\/festivalpanoramic.cat\/wp-content\/uploads\/2022\/08\/00-Paula-Bruna-web.jpg\",\"datePublished\":\"2022-08-31T14:14:24+00:00\",\"dateModified\":\"2024-04-16T09:10:33+00:00\",\"breadcrumb\":{\"@id\":\"https:\/\/festivalpanoramic.cat\/en\/project\/lherbari-especular-una-analisi-dallo-huma-a-la-botanica-paula-bruna\/#breadcrumb\"},\"inLanguage\":\"en-US\",\"potentialAction\":[{\"@type\":\"ReadAction\",\"target\":[\"https:\/\/festivalpanoramic.cat\/en\/project\/lherbari-especular-una-analisi-dallo-huma-a-la-botanica-paula-bruna\/\"]}]},{\"@type\":\"ImageObject\",\"inLanguage\":\"en-US\",\"@id\":\"https:\/\/festivalpanoramic.cat\/en\/project\/lherbari-especular-una-analisi-dallo-huma-a-la-botanica-paula-bruna\/#primaryimage\",\"url\":\"https:\/\/festivalpanoramic.cat\/wp-content\/uploads\/2022\/08\/00-Paula-Bruna-web.jpg\",\"contentUrl\":\"https:\/\/festivalpanoramic.cat\/wp-content\/uploads\/2022\/08\/00-Paula-Bruna-web.jpg\",\"width\":980,\"height\":652},{\"@type\":\"BreadcrumbList\",\"@id\":\"https:\/\/festivalpanoramic.cat\/en\/project\/lherbari-especular-una-analisi-dallo-huma-a-la-botanica-paula-bruna\/#breadcrumb\",\"itemListElement\":[{\"@type\":\"ListItem\",\"position\":1,\"name\":\"Inici\",\"item\":\"https:\/\/festivalpanoramic.cat\/en\/\"},{\"@type\":\"ListItem\",\"position\":2,\"name\":\"Projects\",\"item\":\"https:\/\/festivalpanoramic.cat\/en\/project\/\"},{\"@type\":\"ListItem\",\"position\":3,\"name\":\"L\u2019herbari especular. Una an\u00e0lisi d\u2019all\u00f2 hum\u00e0 a la bot\u00e0nica | Paula Bruna\"}]},{\"@type\":\"WebSite\",\"@id\":\"https:\/\/festivalpanoramic.cat\/en\/#website\",\"url\":\"https:\/\/festivalpanoramic.cat\/en\/\",\"name\":\"Festival Panor\u00e0mic\",\"description\":\"PANOR\u00c0MIC. ARTS I CULTURES VISUALS\",\"potentialAction\":[{\"@type\":\"SearchAction\",\"target\":{\"@type\":\"EntryPoint\",\"urlTemplate\":\"https:\/\/festivalpanoramic.cat\/en\/?s={search_term_string}\"},\"query-input\":{\"@type\":\"PropertyValueSpecification\",\"valueRequired\":true,\"valueName\":\"search_term_string\"}}],\"inLanguage\":\"en-US\"}]}<\/script>\n<!-- \/ Yoast SEO plugin. -->","yoast_head_json":{"title":"L\u2019herbari especular. Una an\u00e0lisi d\u2019all\u00f2 hum\u00e0 a la bot\u00e0nica | Paula Bruna - Festival Panor\u00e0mic","robots":{"index":"index","follow":"follow","max-snippet":"max-snippet:-1","max-image-preview":"max-image-preview:large","max-video-preview":"max-video-preview:-1"},"canonical":"https:\/\/festivalpanoramic.cat\/en\/project\/lherbari-especular-una-analisi-dallo-huma-a-la-botanica-paula-bruna\/","og_locale":"en_US","og_type":"article","og_title":"L\u2019herbari especular. Una an\u00e0lisi d\u2019all\u00f2 hum\u00e0 a la bot\u00e0nica | Paula Bruna - Festival Panor\u00e0mic","og_description":"ExhibitionsL\u2019herbari especular. Una an\u00e0lisi d\u2019all\u00f2 hum\u00e0 a la bot\u00e0nica Exhibition by Paula Bruna curated by Merc\u00e8 Alsina and Laia Casanova Grisart, Barcelona Fundaci\u00f3 Foto Colectania, Barcelona Institut Bot\u00e0nic de Barcelona. [&hellip;]","og_url":"https:\/\/festivalpanoramic.cat\/en\/project\/lherbari-especular-una-analisi-dallo-huma-a-la-botanica-paula-bruna\/","og_site_name":"Festival Panor\u00e0mic","article_modified_time":"2024-04-16T09:10:33+00:00","og_image":[{"width":980,"height":652,"url":"https:\/\/festivalpanoramic.cat\/wp-content\/uploads\/2022\/08\/00-Paula-Bruna-web.jpg","type":"image\/jpeg"}],"twitter_card":"summary_large_image","twitter_misc":{"Est. reading time":"8 minutes"},"schema":{"@context":"https:\/\/schema.org","@graph":[{"@type":"WebPage","@id":"https:\/\/festivalpanoramic.cat\/en\/project\/lherbari-especular-una-analisi-dallo-huma-a-la-botanica-paula-bruna\/","url":"https:\/\/festivalpanoramic.cat\/en\/project\/lherbari-especular-una-analisi-dallo-huma-a-la-botanica-paula-bruna\/","name":"L\u2019herbari especular. Una an\u00e0lisi d\u2019all\u00f2 hum\u00e0 a la bot\u00e0nica | Paula Bruna - Festival Panor\u00e0mic","isPartOf":{"@id":"https:\/\/festivalpanoramic.cat\/en\/#website"},"primaryImageOfPage":{"@id":"https:\/\/festivalpanoramic.cat\/en\/project\/lherbari-especular-una-analisi-dallo-huma-a-la-botanica-paula-bruna\/#primaryimage"},"image":{"@id":"https:\/\/festivalpanoramic.cat\/en\/project\/lherbari-especular-una-analisi-dallo-huma-a-la-botanica-paula-bruna\/#primaryimage"},"thumbnailUrl":"https:\/\/festivalpanoramic.cat\/wp-content\/uploads\/2022\/08\/00-Paula-Bruna-web.jpg","datePublished":"2022-08-31T14:14:24+00:00","dateModified":"2024-04-16T09:10:33+00:00","breadcrumb":{"@id":"https:\/\/festivalpanoramic.cat\/en\/project\/lherbari-especular-una-analisi-dallo-huma-a-la-botanica-paula-bruna\/#breadcrumb"},"inLanguage":"en-US","potentialAction":[{"@type":"ReadAction","target":["https:\/\/festivalpanoramic.cat\/en\/project\/lherbari-especular-una-analisi-dallo-huma-a-la-botanica-paula-bruna\/"]}]},{"@type":"ImageObject","inLanguage":"en-US","@id":"https:\/\/festivalpanoramic.cat\/en\/project\/lherbari-especular-una-analisi-dallo-huma-a-la-botanica-paula-bruna\/#primaryimage","url":"https:\/\/festivalpanoramic.cat\/wp-content\/uploads\/2022\/08\/00-Paula-Bruna-web.jpg","contentUrl":"https:\/\/festivalpanoramic.cat\/wp-content\/uploads\/2022\/08\/00-Paula-Bruna-web.jpg","width":980,"height":652},{"@type":"BreadcrumbList","@id":"https:\/\/festivalpanoramic.cat\/en\/project\/lherbari-especular-una-analisi-dallo-huma-a-la-botanica-paula-bruna\/#breadcrumb","itemListElement":[{"@type":"ListItem","position":1,"name":"Inici","item":"https:\/\/festivalpanoramic.cat\/en\/"},{"@type":"ListItem","position":2,"name":"Projects","item":"https:\/\/festivalpanoramic.cat\/en\/project\/"},{"@type":"ListItem","position":3,"name":"L\u2019herbari especular. Una an\u00e0lisi d\u2019all\u00f2 hum\u00e0 a la bot\u00e0nica | Paula Bruna"}]},{"@type":"WebSite","@id":"https:\/\/festivalpanoramic.cat\/en\/#website","url":"https:\/\/festivalpanoramic.cat\/en\/","name":"Festival Panor\u00e0mic","description":"PANOR\u00c0MIC. ARTS I CULTURES VISUALS","potentialAction":[{"@type":"SearchAction","target":{"@type":"EntryPoint","urlTemplate":"https:\/\/festivalpanoramic.cat\/en\/?s={search_term_string}"},"query-input":{"@type":"PropertyValueSpecification","valueRequired":true,"valueName":"search_term_string"}}],"inLanguage":"en-US"}]}},"_links":{"self":[{"href":"https:\/\/festivalpanoramic.cat\/en\/wp-json\/wp\/v2\/project\/28522","targetHints":{"allow":["GET"]}}],"collection":[{"href":"https:\/\/festivalpanoramic.cat\/en\/wp-json\/wp\/v2\/project"}],"about":[{"href":"https:\/\/festivalpanoramic.cat\/en\/wp-json\/wp\/v2\/types\/project"}],"author":[{"embeddable":true,"href":"https:\/\/festivalpanoramic.cat\/en\/wp-json\/wp\/v2\/users\/1"}],"replies":[{"embeddable":true,"href":"https:\/\/festivalpanoramic.cat\/en\/wp-json\/wp\/v2\/comments?post=28522"}],"version-history":[{"count":0,"href":"https:\/\/festivalpanoramic.cat\/en\/wp-json\/wp\/v2\/project\/28522\/revisions"}],"wp:featuredmedia":[{"embeddable":true,"href":"https:\/\/festivalpanoramic.cat\/en\/wp-json\/wp\/v2\/media\/28318"}],"wp:attachment":[{"href":"https:\/\/festivalpanoramic.cat\/en\/wp-json\/wp\/v2\/media?parent=28522"}],"wp:term":[{"taxonomy":"project_category","embeddable":true,"href":"https:\/\/festivalpanoramic.cat\/en\/wp-json\/wp\/v2\/project_category?post=28522"},{"taxonomy":"project_tag","embeddable":true,"href":"https:\/\/festivalpanoramic.cat\/en\/wp-json\/wp\/v2\/project_tag?post=28522"}],"curies":[{"name":"wp","href":"https:\/\/api.w.org\/{rel}","templated":true}]}}