{"id":28688,"date":"2022-09-08T09:26:06","date_gmt":"2022-09-08T07:26:06","guid":{"rendered":"https:\/\/festivalpanoramic.cat\/project\/david-pujado-cat\/"},"modified":"2022-10-05T09:48:20","modified_gmt":"2022-10-05T07:48:20","slug":"david-pujado-cat","status":"publish","type":"project","link":"https:\/\/festivalpanoramic.cat\/en\/project\/david-pujado-cat\/","title":{"rendered":"David Pujad\u00f3 (SRB)"},"content":{"rendered":"<p>[et_pb_section fb_built=&#8221;1&#8243; _builder_version=&#8221;4.16&#8243; _module_preset=&#8221;default&#8221; background_color=&#8221;#e8e8e8&#8243; global_colors_info=&#8221;{}&#8221;][et_pb_row _builder_version=&#8221;4.17.6&#8243; _module_preset=&#8221;default&#8221; width=&#8221;95%&#8221; max_width=&#8221;2560px&#8221; custom_margin=&#8221;-43px||||false|false&#8221; custom_margin_tablet=&#8221;-43px||||false|false&#8221; custom_margin_phone=&#8221;-43px||||false|false&#8221; custom_margin_last_edited=&#8221;on|phone&#8221; global_colors_info=&#8221;{}&#8221;][et_pb_column type=&#8221;4_4&#8243; _builder_version=&#8221;4.17.6&#8243; _module_preset=&#8221;default&#8221; global_colors_info=&#8221;{}&#8221;][et_pb_text _builder_version=&#8221;4.17.6&#8243; _module_preset=&#8221;default&#8221; text_font=&#8221;akrobat extrabold||||||||&#8221; text_text_color=&#8221;gcid-73263b73-b059-42fc-a61d-05da764fa408&#8243; text_font_size=&#8221;16px&#8221; inline_fonts=&#8221;akrobat light&#8221; global_colors_info=&#8221;{%22gcid-73263b73-b059-42fc-a61d-05da764fa408%22:%91%22text_text_color%22%93}&#8221;]<\/p>\n<p class=\"p1\">VIEWED AT LA CAPELLA, BARCELONA | <span style=\"font-family: 'akrobat light';\">28.10.2022<\/span><\/p>\n<p class=\"p1\">\n<p>[\/et_pb_text][\/et_pb_column][\/et_pb_row][et_pb_row column_structure=&#8221;1_4,1_2,1_4&#8243; _builder_version=&#8221;4.17.6&#8243; _module_preset=&#8221;default&#8221; width=&#8221;95%&#8221; max_width=&#8221;2560px&#8221; custom_margin=&#8221;-42px||||false|false&#8221; custom_margin_tablet=&#8221;-42px||||false|false&#8221; custom_margin_phone=&#8221;-42px||||false|false&#8221; custom_margin_last_edited=&#8221;on|phone&#8221; global_colors_info=&#8221;{}&#8221;][et_pb_column type=&#8221;1_4&#8243; _builder_version=&#8221;4.16&#8243; _module_preset=&#8221;default&#8221; global_colors_info=&#8221;{}&#8221;][et_pb_image src=&#8221;https:\/\/festivalpanoramic.cat\/wp-content\/uploads\/2022\/09\/web-Foto-David-by-Niko-1.jpg&#8221; title_text=&#8221;web-Photo-David-by-Niko&#8221; _builder_version=&#8221;4.17.6&#8243; _module_preset=&#8221;default&#8221; filter_saturate=&#8221;0%&#8221; global_colors_info=&#8221;{}&#8221;][\/et_pb_image][\/et_pb_column][et_pb_column type=&#8221;1_2&#8243; _builder_version=&#8221;4.16&#8243; _module_preset=&#8221;default&#8221; global_colors_info=&#8221;{}&#8221;][et_pb_text _builder_version=&#8221;4.17.6&#8243; _module_preset=&#8221;default&#8221; text_font=&#8221;akrobat light||||||||&#8221; text_text_color=&#8221;#000000&#8243; text_font_size=&#8221;20px&#8221; inline_fonts=&#8221;Montserrat extra bold&#8221; global_colors_info=&#8221;{}&#8221;]<\/p>\n<p><span style=\"font-family: 'Montserrat extra bold'; font-weight: normal; font-size: small;\">commissioner<\/span><\/p>\n<p><span style=\"font-family: 'Montserrat extra bold'; font-weight: normal; font-size: xx-large;\">David Pujad\u00f3<\/span><\/p>\n<p>David Pujad\u00f3 Born in Barcelona and established in Belgrade since 2013 where he directs Bartcelona koncept, a photography platform that has already organized more than 80 exhibitions and events. In 2015, he founded Belgrade Photo Month, an annual exhibition dedicated to the exhibition and promotion of photography in Belgrade, biennial since 2022. In 2022, he founded the Belgrade Photo Book Week, which was held for the first time in May 2022.<br \/>From 2021 curator and coordinator of the Mostra de Cinema Catal\u00e0 in S\u00e9rbia, first edition, dedicated to the promotion of Catalan cinema in Serbia, organized by the Ramon Llull Institute.<br \/>From 2022 collaboration with the Balkan Biskop, from the Sasa Marceta Foundation with the aim of exchanging visual artists between Serbia and Spain.<\/p>\n<p>[\/et_pb_text][et_pb_social_media_follow _builder_version=&#8221;4.17.6&#8243; _module_preset=&#8221;default&#8221; custom_margin=&#8221;-33px||||false|false&#8221; global_colors_info=&#8221;{}&#8221;][et_pb_social_media_follow_network social_network=&#8221;rss&#8221; url=&#8221;https:\/\/www.davidpujado.com\/&#8221; icon_color=&#8221;gcid-73263b73-b059-42fc-a61d-05da764fa408&#8243; use_icon_font_size=&#8221;on&#8221; icon_font_size=&#8221;20px&#8221; _builder_version=&#8221;4.17.6&#8243; _module_preset=&#8221;default&#8221; background_color=&#8221;#ff8a3c&#8221; background_enable_color=&#8221;off&#8221; custom_button=&#8221;on&#8221; button_text_size=&#8221;1px&#8221; button_border_width=&#8221;0px&#8221; button_border_radius=&#8221;0px&#8221; button_letter_spacing=&#8221;0px&#8221; global_colors_info=&#8221;{%22gcid-73263b73-b059-42fc-a61d-05da764fa408%22:%91%22background_color%22,%22icon_color%22%93}&#8221; follow_button=&#8221;off&#8221; url_new_window=&#8221;on&#8221;]rss[\/et_pb_social_media_follow_network][et_pb_social_media_follow_network social_network=&#8221;instagram&#8221; url=&#8221;https:\/\/www.instagram.com\/david.pujado\/&#8221; icon_color=&#8221;gcid-73263b73-b059-42fc-a61d-05da764fa408&#8243; use_icon_font_size=&#8221;on&#8221; icon_font_size=&#8221;20px&#8221; _builder_version=&#8221;4.17.6&#8243; _module_preset=&#8221;default&#8221; background_color=&#8221;#ea2c59&#8243; background_enable_color=&#8221;off&#8221; custom_button=&#8221;on&#8221; button_text_size=&#8221;1px&#8221; button_border_width=&#8221;0px&#8221; button_border_radius=&#8221;0px&#8221; button_letter_spacing=&#8221;0px&#8221; global_colors_info=&#8221;{%22gcid-73263b73-b059-42fc-a61d-05da764fa408%22:%91%22background_color%22,%22icon_color%22%93}&#8221; follow_button=&#8221;off&#8221; url_new_window=&#8221;on&#8221;]instagram[\/et_pb_social_media_follow_network][\/et_pb_social_media_follow][\/et_pb_column][et_pb_column type=&#8221;1_4&#8243; _builder_version=&#8221;4.16&#8243; _module_preset=&#8221;default&#8221; global_colors_info=&#8221;{}&#8221;][et_pb_button button_url=&#8221;https:\/\/form.jotform.com\/221872642234050?ct=t(Newsletter_interno_211_29_2014_COPY_05)&#8221; button_text=&#8221;Sign up for viewers&#8221; _builder_version=&#8221;4.17.6&#8243; _module_preset=&#8221;default&#8221; custom_button=&#8221;on&#8221; button_text_size=&#8221;18px&#8221; button_text_color=&#8221;#FFFFFF&#8221; button_bg_color=&#8221;gcid-73263b73-b059-42fc-a61d-05da764fa408&#8243; button_border_width=&#8221;0px&#8221; button_border_radius=&#8221;0px&#8221; button_font=&#8221;Montserrat extra bold||||||||&#8221; global_colors_info=&#8221;{%22gcid-73263b73-b059-42fc-a61d-05da764fa408%22:%91%22button_bg_color%22%93}&#8221;][\/et_pb_button][\/et_pb_column][\/et_pb_row][\/et_pb_section][et_pb_section fb_built=&#8221;1&#8243; _builder_version=&#8221;4.16&#8243; _module_preset=&#8221;default&#8221; global_colors_info=&#8221;{}&#8221;][et_pb_row column_structure=&#8221;1_3,1_3,1_3&#8243; _builder_version=&#8221;4.17.6&#8243; _module_preset=&#8221;default&#8221; width=&#8221;95%&#8221; max_width=&#8221;2560px&#8221; global_colors_info=&#8221;{}&#8221;][et_pb_column type=&#8221;1_3&#8243; _builder_version=&#8221;4.16&#8243; _module_preset=&#8221;default&#8221; global_colors_info=&#8221;{}&#8221;][et_pb_image src=&#8221;https:\/\/festivalpanoramic.cat\/wp-content\/uploads\/2022\/09\/Julia-Gaisbacher-web.jpg&#8221; title_text=&#8221;Julia-Gaisbacher-web&#8221; _builder_version=&#8221;4.17.6&#8243; _module_preset=&#8221;default&#8221; global_colors_info=&#8221;{}&#8221;][\/et_pb_image][et_pb_text _builder_version=&#8221;4.17.6&#8243; _module_preset=&#8221;default&#8221; text_font=&#8221;Montserrat extra bold||||||||&#8221; text_text_color=&#8221;#000000&#8243; text_font_size=&#8221;23px&#8221; text_line_height=&#8221;0.1em&#8221; custom_margin=&#8221;-17px||21px||false|false&#8221; custom_margin_tablet=&#8221;-17px||21px||false|false&#8221; custom_margin_phone=&#8221;-17px||21px||false|false&#8221; custom_margin_last_edited=&#8221;on|tablet&#8221; text_line_height_tablet=&#8221;0.1em&#8221; text_line_height_phone=&#8221;0.1em&#8221; text_line_height_last_edited=&#8221;on|phone&#8221; inline_fonts=&#8221;Montserrat Light&#8221; global_colors_info=&#8221;{}&#8221;]<\/p>\n<p><span style=\"font-size: small;\">viewed<\/span><\/p>\n<p><span>Julia Gaisbacher<\/span><\/p>\n<p>[\/et_pb_text][et_pb_text _builder_version=&#8221;4.16&#8243; _module_preset=&#8221;default&#8221; text_font=&#8221;akrobat light||||||||&#8221; text_text_color=&#8221;#000000&#8243; text_font_size=&#8221;20px&#8221; global_colors_info=&#8221;{}&#8221;]<\/p>\n<p>Julia Gaisbacher is an artist and photographer, born in Grambach, near Graz (AT). Lives and works in Vienna (AT). Julia studied Art History (MA) at the University of Graz (AT) and Three-Dimensional Work \/ Sculpture at the Academy of Fine Arts Dresden (DE) and at the LUCA School of Arts, Brussels (BE ). He was a master&#8217;s student of Prof. Martin Honert at the Academy of Fine Arts in Dresden.<\/p>\n<p>She has received the Theodor-K\u00f6rner-Fond d&#8217;Art Visual Award (2021), a State Photography Grant from the Federal Chancellery of the Republic of Austria (2020), an Acquisition Award in the framework of the &#8220;Premio d&#8217;Art Contemporani of the State&#8221;. of Styria\u201d (2019), the Erste Bank ExtraVALUE Recognition Art Award (2018) and the City of Graz Photography Promotion Award (2016). His work has been shown nationally and internationally and is part of several public and private collections.<\/p>\n<p>In her work, Julia is interested in the complex interrelationships between social conventions in public space, architecture and individual representation in various media. The issues he deals with recently are around the issues of housing, public and private space: who has the power to decide on this and what social justice or injustice can be seen through this? In his practice, the digital photographic image is the starting point, while experimentation with printing techniques and conducting research produce the supporting material. The culmination of the process are installations that combine two-dimensional images with three-dimensional objects.<\/p>\n<p>[\/et_pb_text][et_pb_social_media_follow _builder_version=&#8221;4.17.6&#8243; _module_preset=&#8221;default&#8221; custom_margin=&#8221;-33px||||false|false&#8221; hover_enabled=&#8221;0&#8243; global_colors_info=&#8221;{}&#8221; sticky_enabled=&#8221;0&#8243;][et_pb_social_media_follow_network social_network=&#8221;rss&#8221; url=&#8221;https:\/\/juliagaisbacher.com\/&#8221; icon_color=&#8221;gcid-73263b73-b059-42fc-a61d-05da764fa408&#8243; use_icon_font_size=&#8221;on&#8221; icon_font_size=&#8221;20px&#8221; _builder_version=&#8221;4.17.6&#8243; _module_preset=&#8221;default&#8221; background_color=&#8221;#ff8a3c&#8221; background_enable_color=&#8221;off&#8221; custom_button=&#8221;on&#8221; button_text_size=&#8221;1px&#8221; button_border_width=&#8221;0px&#8221; button_border_radius=&#8221;0px&#8221; button_letter_spacing=&#8221;0px&#8221; hover_enabled=&#8221;0&#8243; global_colors_info=&#8221;{%22gcid-73263b73-b059-42fc-a61d-05da764fa408%22:%91%22background_color%22,%22icon_color%22%93}&#8221; follow_button=&#8221;off&#8221; url_new_window=&#8221;on&#8221; sticky_enabled=&#8221;0&#8243;]rss[\/et_pb_social_media_follow_network][et_pb_social_media_follow_network social_network=&#8221;instagram&#8221; url=&#8221;https:\/\/www.instagram.com\/julia_gaisbacher\/&#8221; icon_color=&#8221;gcid-73263b73-b059-42fc-a61d-05da764fa408&#8243; use_icon_font_size=&#8221;on&#8221; icon_font_size=&#8221;20px&#8221; _builder_version=&#8221;4.17.6&#8243; _module_preset=&#8221;default&#8221; background_color=&#8221;#ea2c59&#8243; background_enable_color=&#8221;off&#8221; custom_button=&#8221;on&#8221; button_text_size=&#8221;1px&#8221; button_border_width=&#8221;0px&#8221; button_border_radius=&#8221;0px&#8221; button_letter_spacing=&#8221;0px&#8221; hover_enabled=&#8221;0&#8243; global_colors_info=&#8221;{%22gcid-73263b73-b059-42fc-a61d-05da764fa408%22:%91%22background_color%22,%22icon_color%22%93}&#8221; follow_button=&#8221;off&#8221; url_new_window=&#8221;on&#8221; sticky_enabled=&#8221;0&#8243;]instagram[\/et_pb_social_media_follow_network][\/et_pb_social_media_follow][et_pb_divider color=&#8221;gcid-73263b73-b059-42fc-a61d-05da764fa408&#8243; _builder_version=&#8221;4.17.6&#8243; _module_preset=&#8221;default&#8221; global_colors_info=&#8221;{%22gcid-73263b73-b059-42fc-a61d-05da764fa408%22:%91%22color%22%93}&#8221;][\/et_pb_divider][\/et_pb_column][et_pb_column type=&#8221;1_3&#8243; _builder_version=&#8221;4.16&#8243; _module_preset=&#8221;default&#8221; global_colors_info=&#8221;{}&#8221;][et_pb_image src=&#8221;https:\/\/festivalpanoramic.cat\/wp-content\/uploads\/2022\/09\/Mihovil-Nakic-web.jpg&#8221; title_text=&#8221;Mihovil-Nakic-web&#8221; _builder_version=&#8221;4.17.6&#8243; _module_preset=&#8221;default&#8221; global_colors_info=&#8221;{}&#8221;][\/et_pb_image][et_pb_text _builder_version=&#8221;4.17.6&#8243; _module_preset=&#8221;default&#8221; text_font=&#8221;Montserrat extra bold||||||||&#8221; text_text_color=&#8221;#000000&#8243; text_font_size=&#8221;23px&#8221; text_line_height=&#8221;0.1em&#8221; custom_margin=&#8221;-17px||21px||false|false&#8221; custom_margin_tablet=&#8221;-17px||21px||false|false&#8221; custom_margin_phone=&#8221;-17px||21px||false|false&#8221; custom_margin_last_edited=&#8221;on|tablet&#8221; text_line_height_tablet=&#8221;0.1em&#8221; text_line_height_phone=&#8221;0.1em&#8221; text_line_height_last_edited=&#8221;on|phone&#8221; inline_fonts=&#8221;Montserrat Light&#8221; global_colors_info=&#8221;{}&#8221;]<\/p>\n<p><span style=\"font-size: small;\">viewed<\/span><\/p>\n<p>Mihovil Nakic<\/p>\n<p>[\/et_pb_text][et_pb_text _builder_version=&#8221;4.16&#8243; _module_preset=&#8221;default&#8221; text_font=&#8221;akrobat light||||||||&#8221; text_text_color=&#8221;#000000&#8243; text_font_size=&#8221;20px&#8221; global_colors_info=&#8221;{}&#8221;]<\/p>\n<p><span>Mihovil Nakic<\/span> <span>is<\/span> <span>a photographer<\/span> <span>from Belgrade,<\/span> <span>Serbia<\/span><span>rbia His work revolves around philosophy and history<\/span><span>ria of the built environment<\/span><span>\u00eft, the underlying power structures and how they shape the perceptions of society&#8217;s reality. Coming from the world of information technology<\/span><span>or large companies, turned<\/span> <span>to photography as a medium<\/span> <span>because<\/span> it <span>is<\/span> <span>both a document and open to interpretation<\/span> <span>, but<\/span> <span>at<\/span> <span>the same time it is also the core of current<\/span> advertising <span>and<\/span> <span>propaganda<\/span> <span>strategies<\/span> <span>.<\/span><\/p>\n<p><span>Contemporary<\/span> <span>business practice<\/span> looks <span>at<\/span> <span>people and society through<\/span><span>is of abstract models. It is a way to mitigate the negative effects of human emotions b<\/span><span>questions about decision-making and productivity. the benefit <\/span><span>is the ultimate goal and capital is the definitive measure of value in a society governed by<\/span> <span>\u00fa<\/span><span>only for free market capitalism. At the same time, people are offered idealized images of prosperity \u2013 prefabricated dreams of the future. looking for the east<\/span><span>ethics within corporate and institutional reified realities, Mihovil Nakic looks for ways to get out of the feedback loop<\/span> <span>or the influence<\/span> <span>of capital.<\/span><\/p>\n<p><span>The urban environment<\/span> <span>is<\/span><span>s the space of overlapping interests of capital and society. Using Belgrade&#8217;s up-and-coming luxury quarter as an archetype, his first exhibition<\/span><span>or<\/span> <span>individual &#8220;Building Images&#8221; (part of the<\/span> <span>Vizualizator photo festival, Belgrade 2021) explored both hidden and visible aspects of the transformation<\/span> <span>of urban space<\/span><span>. Seeking to reveal invisible layers of power and meaning, he portrayed truths and realities bound together in this transformative landscape. Currently, Mihovil Nakic est<\/span>He <span>is enrolled as an undergraduate student at the Royal Academy of Arts in The Hague and has participated in several workshops and international courses in recent years<\/span> <span>.<\/span><\/p>\n<p>[\/et_pb_text][et_pb_social_media_follow _builder_version=&#8221;4.17.6&#8243; _module_preset=&#8221;default&#8221; custom_margin=&#8221;-33px||||false|false&#8221; hover_enabled=&#8221;0&#8243; global_colors_info=&#8221;{}&#8221; sticky_enabled=&#8221;0&#8243;][et_pb_social_media_follow_network social_network=&#8221;instagram&#8221; url=&#8221;https:\/\/www.instagram.com\/mihatz\/&#8221; icon_color=&#8221;gcid-73263b73-b059-42fc-a61d-05da764fa408&#8243; use_icon_font_size=&#8221;on&#8221; icon_font_size=&#8221;20px&#8221; _builder_version=&#8221;4.17.6&#8243; _module_preset=&#8221;default&#8221; background_color=&#8221;#ea2c59&#8243; background_enable_color=&#8221;off&#8221; custom_button=&#8221;on&#8221; button_text_size=&#8221;1px&#8221; button_border_width=&#8221;0px&#8221; button_border_radius=&#8221;0px&#8221; button_letter_spacing=&#8221;0px&#8221; hover_enabled=&#8221;0&#8243; global_colors_info=&#8221;{%22gcid-73263b73-b059-42fc-a61d-05da764fa408%22:%91%22background_color%22,%22icon_color%22%93}&#8221; follow_button=&#8221;off&#8221; url_new_window=&#8221;on&#8221; sticky_enabled=&#8221;0&#8243;]instagram[\/et_pb_social_media_follow_network][\/et_pb_social_media_follow][et_pb_divider color=&#8221;gcid-73263b73-b059-42fc-a61d-05da764fa408&#8243; _builder_version=&#8221;4.17.6&#8243; _module_preset=&#8221;default&#8221; global_colors_info=&#8221;{%22gcid-73263b73-b059-42fc-a61d-05da764fa408%22:%91%22color%22%93}&#8221;][\/et_pb_divider][\/et_pb_column][et_pb_column type=&#8221;1_3&#8243; _builder_version=&#8221;4.16&#8243; _module_preset=&#8221;default&#8221; global_colors_info=&#8221;{}&#8221;][et_pb_image src=&#8221;https:\/\/festivalpanoramic.cat\/wp-content\/uploads\/2022\/09\/Sinis\u030ca-Vlajkovic\u0301-web.jpg&#8221; title_text=&#8221;Sini\u0161a-Vlajkovi\u0107-web&#8221; _builder_version=&#8221;4.17.6&#8243; _module_preset=&#8221;default&#8221; global_colors_info=&#8221;{}&#8221;][\/et_pb_image][et_pb_text _builder_version=&#8221;4.17.6&#8243; _module_preset=&#8221;default&#8221; text_font=&#8221;Montserrat extra bold||||||||&#8221; text_text_color=&#8221;#000000&#8243; text_font_size=&#8221;23px&#8221; text_line_height=&#8221;0.1em&#8221; custom_margin=&#8221;-17px||21px||false|false&#8221; custom_margin_tablet=&#8221;-17px||21px||false|false&#8221; custom_margin_phone=&#8221;-17px||21px||false|false&#8221; custom_margin_last_edited=&#8221;on|tablet&#8221; text_line_height_tablet=&#8221;0.1em&#8221; text_line_height_phone=&#8221;0.1em&#8221; text_line_height_last_edited=&#8221;on|phone&#8221; inline_fonts=&#8221;Montserrat Light&#8221; global_colors_info=&#8221;{}&#8221;]<\/p>\n<p><span style=\"font-size: small;\">viewed<\/span><\/p>\n<p>Sini\u0161a Vlajkovi\u0107<\/p>\n<p>[\/et_pb_text][et_pb_text _builder_version=&#8221;4.16&#8243; _module_preset=&#8221;default&#8221; text_font=&#8221;akrobat light||||||||&#8221; text_text_color=&#8221;#000000&#8243; text_font_size=&#8221;20px&#8221; global_colors_info=&#8221;{}&#8221;]<\/p>\n<p>Sini\u0161a Vlajkovi\u0107 was born in Belgrade, Serbia in 1969. After obtaining a master&#8217;s degree in Regional Planning from the University of Belgrade, he moved into graphic design and advertising and subsequently worked as an art director for major media agencies in Belgrade, London, Beirut and Dubai . and Abu Dhabi. At the same time, he was actively involved in a series of personal photographic projects, documenting his impressions of the Middle East and the Balkans. The resulting work has been exhibited internationally and has been presented in the book &#8216;Anacronics 1995-2020&#8217;, published in 2021, as well as in numerous highly prestigious publications. He is a member of the Association of Applied Artists and Designers of Serbia (ULUPUDS) and curator of the Belgrade Photography Month.<\/p>\n<p>[\/et_pb_text][et_pb_social_media_follow _builder_version=&#8221;4.17.6&#8243; _module_preset=&#8221;default&#8221; custom_margin=&#8221;-33px||||false|false&#8221; hover_enabled=&#8221;0&#8243; global_colors_info=&#8221;{}&#8221; sticky_enabled=&#8221;0&#8243;][et_pb_social_media_follow_network social_network=&#8221;rss&#8221; url=&#8221;https:\/\/sinisavlajkovic.com\/&#8221; icon_color=&#8221;gcid-73263b73-b059-42fc-a61d-05da764fa408&#8243; use_icon_font_size=&#8221;on&#8221; icon_font_size=&#8221;20px&#8221; _builder_version=&#8221;4.17.6&#8243; _module_preset=&#8221;default&#8221; background_color=&#8221;#ff8a3c&#8221; background_enable_color=&#8221;off&#8221; custom_button=&#8221;on&#8221; button_text_size=&#8221;1px&#8221; button_border_width=&#8221;0px&#8221; button_border_radius=&#8221;0px&#8221; button_letter_spacing=&#8221;0px&#8221; hover_enabled=&#8221;0&#8243; global_colors_info=&#8221;{%22gcid-73263b73-b059-42fc-a61d-05da764fa408%22:%91%22background_color%22,%22icon_color%22%93}&#8221; follow_button=&#8221;off&#8221; url_new_window=&#8221;on&#8221; sticky_enabled=&#8221;0&#8243;]rss[\/et_pb_social_media_follow_network][et_pb_social_media_follow_network social_network=&#8221;instagram&#8221; url=&#8221;https:\/\/www.instagram.com\/the_anachronicles\/&#8221; icon_color=&#8221;gcid-73263b73-b059-42fc-a61d-05da764fa408&#8243; use_icon_font_size=&#8221;on&#8221; icon_font_size=&#8221;20px&#8221; _builder_version=&#8221;4.17.6&#8243; _module_preset=&#8221;default&#8221; background_color=&#8221;#ea2c59&#8243; background_enable_color=&#8221;off&#8221; custom_button=&#8221;on&#8221; button_text_size=&#8221;1px&#8221; button_border_width=&#8221;0px&#8221; button_border_radius=&#8221;0px&#8221; button_letter_spacing=&#8221;0px&#8221; hover_enabled=&#8221;0&#8243; global_colors_info=&#8221;{%22gcid-73263b73-b059-42fc-a61d-05da764fa408%22:%91%22background_color%22,%22icon_color%22%93}&#8221; follow_button=&#8221;off&#8221; url_new_window=&#8221;on&#8221; sticky_enabled=&#8221;0&#8243;]instagram[\/et_pb_social_media_follow_network][\/et_pb_social_media_follow][et_pb_divider color=&#8221;gcid-73263b73-b059-42fc-a61d-05da764fa408&#8243; _builder_version=&#8221;4.17.6&#8243; _module_preset=&#8221;default&#8221; global_colors_info=&#8221;{%22gcid-73263b73-b059-42fc-a61d-05da764fa408%22:%91%22color%22%93}&#8221;][\/et_pb_divider][\/et_pb_column][\/et_pb_row][et_pb_row column_structure=&#8221;2_5,3_5&#8243; _builder_version=&#8221;4.16&#8243; _module_preset=&#8221;default&#8221; width=&#8221;95%&#8221; max_width=&#8221;2560px&#8221; global_colors_info=&#8221;{}&#8221;][et_pb_column type=&#8221;2_5&#8243; _builder_version=&#8221;4.16&#8243; _module_preset=&#8221;default&#8221; global_colors_info=&#8221;{}&#8221;][et_pb_text _builder_version=&#8221;4.16&#8243; _module_preset=&#8221;default&#8221; text_font=&#8221;akrobat light||||||||&#8221; text_text_color=&#8221;#000000&#8243; text_font_size=&#8221;20px&#8221; text_line_height=&#8221;1.5em&#8221; custom_margin=&#8221;0px||||false|false&#8221; custom_padding=&#8221;0px||||false|false&#8221; link_option_url=&#8221;https:\/\/festivalpanoramic.cat\/en\/participants-2022\/&#8221; global_colors_info=&#8221;{}&#8221;]<\/p>\n<p style=\"text-align: left;\"><strong>See all projects<\/strong><\/p>\n<p>[\/et_pb_text][\/et_pb_column][et_pb_column type=&#8221;3_5&#8243; _builder_version=&#8221;4.16&#8243; _module_preset=&#8221;default&#8221; global_colors_info=&#8221;{}&#8221;][et_pb_post_nav in_same_term=&#8221;off&#8221; prev_text=&#8221;Previous project&#8221; next_text=&#8221;Next project&#8221; _builder_version=&#8221;4.16&#8243; _module_preset=&#8221;default&#8221; title_font=&#8221;akrobat light||||||||&#8221; title_text_color=&#8221;#000000&#8243; title_font_size=&#8221;19px&#8221; global_colors_info=&#8221;{}&#8221;][\/et_pb_post_nav][\/et_pb_column][\/et_pb_row][\/et_pb_section]<\/p>\n","protected":false},"excerpt":{"rendered":"<p>VIEWED AT LA CAPELLA, BARCELONA | 28.10.2022 commissioner David Pujad\u00f3 David Pujad\u00f3 Born in Barcelona and established in Belgrade since 2013 where he directs Bartcelona koncept, a photography platform that [&hellip;]<\/p>\n","protected":false},"author":1,"featured_media":0,"comment_status":"open","ping_status":"closed","template":"","meta":{"_et_pb_use_builder":"on","_et_pb_old_content":"","_et_gb_content_width":"","footnotes":""},"project_category":[60],"project_tag":[],"class_list":["post-28688","project","type-project","status-publish","hentry","project_category-de-festival-a-festival-2022"],"yoast_head":"<!-- This site is optimized with the Yoast SEO plugin v27.2 - https:\/\/yoast.com\/product\/yoast-seo-wordpress\/ -->\n<title>David Pujad\u00f3 (SRB) - Festival Panor\u00e0mic<\/title>\n<meta name=\"robots\" content=\"index, follow, max-snippet:-1, max-image-preview:large, max-video-preview:-1\" \/>\n<link rel=\"canonical\" href=\"https:\/\/festivalpanoramic.cat\/en\/project\/david-pujado-cat\/\" \/>\n<meta property=\"og:locale\" content=\"en_US\" \/>\n<meta property=\"og:type\" content=\"article\" \/>\n<meta property=\"og:title\" content=\"David Pujad\u00f3 (SRB) - Festival Panor\u00e0mic\" \/>\n<meta property=\"og:description\" content=\"VIEWED AT LA CAPELLA, BARCELONA | 28.10.2022 commissioner David Pujad\u00f3 David Pujad\u00f3 Born in Barcelona and established in Belgrade since 2013 where he directs Bartcelona koncept, a photography platform that [&hellip;]\" \/>\n<meta property=\"og:url\" content=\"https:\/\/festivalpanoramic.cat\/en\/project\/david-pujado-cat\/\" \/>\n<meta property=\"og:site_name\" content=\"Festival Panor\u00e0mic\" \/>\n<meta property=\"article:modified_time\" content=\"2022-10-05T07:48:20+00:00\" \/>\n<meta name=\"twitter:card\" content=\"summary_large_image\" \/>\n<meta name=\"twitter:label1\" content=\"Est. reading time\" \/>\n\t<meta name=\"twitter:data1\" content=\"13 minutes\" \/>\n<script type=\"application\/ld+json\" class=\"yoast-schema-graph\">{\"@context\":\"https:\/\/schema.org\",\"@graph\":[{\"@type\":\"WebPage\",\"@id\":\"https:\/\/festivalpanoramic.cat\/en\/project\/david-pujado-cat\/\",\"url\":\"https:\/\/festivalpanoramic.cat\/en\/project\/david-pujado-cat\/\",\"name\":\"David Pujad\u00f3 (SRB) - Festival Panor\u00e0mic\",\"isPartOf\":{\"@id\":\"https:\/\/festivalpanoramic.cat\/en\/#website\"},\"datePublished\":\"2022-09-08T07:26:06+00:00\",\"dateModified\":\"2022-10-05T07:48:20+00:00\",\"breadcrumb\":{\"@id\":\"https:\/\/festivalpanoramic.cat\/en\/project\/david-pujado-cat\/#breadcrumb\"},\"inLanguage\":\"en-US\",\"potentialAction\":[{\"@type\":\"ReadAction\",\"target\":[\"https:\/\/festivalpanoramic.cat\/en\/project\/david-pujado-cat\/\"]}]},{\"@type\":\"BreadcrumbList\",\"@id\":\"https:\/\/festivalpanoramic.cat\/en\/project\/david-pujado-cat\/#breadcrumb\",\"itemListElement\":[{\"@type\":\"ListItem\",\"position\":1,\"name\":\"Inici\",\"item\":\"https:\/\/festivalpanoramic.cat\/en\/\"},{\"@type\":\"ListItem\",\"position\":2,\"name\":\"Projects\",\"item\":\"https:\/\/festivalpanoramic.cat\/en\/project\/\"},{\"@type\":\"ListItem\",\"position\":3,\"name\":\"David Pujad\u00f3 (SRB)\"}]},{\"@type\":\"WebSite\",\"@id\":\"https:\/\/festivalpanoramic.cat\/en\/#website\",\"url\":\"https:\/\/festivalpanoramic.cat\/en\/\",\"name\":\"Festival Panor\u00e0mic\",\"description\":\"PANOR\u00c0MIC. ARTS I CULTURES VISUALS\",\"potentialAction\":[{\"@type\":\"SearchAction\",\"target\":{\"@type\":\"EntryPoint\",\"urlTemplate\":\"https:\/\/festivalpanoramic.cat\/en\/?s={search_term_string}\"},\"query-input\":{\"@type\":\"PropertyValueSpecification\",\"valueRequired\":true,\"valueName\":\"search_term_string\"}}],\"inLanguage\":\"en-US\"}]}<\/script>\n<!-- \/ Yoast SEO plugin. -->","yoast_head_json":{"title":"David Pujad\u00f3 (SRB) - Festival Panor\u00e0mic","robots":{"index":"index","follow":"follow","max-snippet":"max-snippet:-1","max-image-preview":"max-image-preview:large","max-video-preview":"max-video-preview:-1"},"canonical":"https:\/\/festivalpanoramic.cat\/en\/project\/david-pujado-cat\/","og_locale":"en_US","og_type":"article","og_title":"David Pujad\u00f3 (SRB) - Festival Panor\u00e0mic","og_description":"VIEWED AT LA CAPELLA, BARCELONA | 28.10.2022 commissioner David Pujad\u00f3 David Pujad\u00f3 Born in Barcelona and established in Belgrade since 2013 where he directs Bartcelona koncept, a photography platform that [&hellip;]","og_url":"https:\/\/festivalpanoramic.cat\/en\/project\/david-pujado-cat\/","og_site_name":"Festival Panor\u00e0mic","article_modified_time":"2022-10-05T07:48:20+00:00","twitter_card":"summary_large_image","twitter_misc":{"Est. reading time":"13 minutes"},"schema":{"@context":"https:\/\/schema.org","@graph":[{"@type":"WebPage","@id":"https:\/\/festivalpanoramic.cat\/en\/project\/david-pujado-cat\/","url":"https:\/\/festivalpanoramic.cat\/en\/project\/david-pujado-cat\/","name":"David Pujad\u00f3 (SRB) - Festival Panor\u00e0mic","isPartOf":{"@id":"https:\/\/festivalpanoramic.cat\/en\/#website"},"datePublished":"2022-09-08T07:26:06+00:00","dateModified":"2022-10-05T07:48:20+00:00","breadcrumb":{"@id":"https:\/\/festivalpanoramic.cat\/en\/project\/david-pujado-cat\/#breadcrumb"},"inLanguage":"en-US","potentialAction":[{"@type":"ReadAction","target":["https:\/\/festivalpanoramic.cat\/en\/project\/david-pujado-cat\/"]}]},{"@type":"BreadcrumbList","@id":"https:\/\/festivalpanoramic.cat\/en\/project\/david-pujado-cat\/#breadcrumb","itemListElement":[{"@type":"ListItem","position":1,"name":"Inici","item":"https:\/\/festivalpanoramic.cat\/en\/"},{"@type":"ListItem","position":2,"name":"Projects","item":"https:\/\/festivalpanoramic.cat\/en\/project\/"},{"@type":"ListItem","position":3,"name":"David Pujad\u00f3 (SRB)"}]},{"@type":"WebSite","@id":"https:\/\/festivalpanoramic.cat\/en\/#website","url":"https:\/\/festivalpanoramic.cat\/en\/","name":"Festival Panor\u00e0mic","description":"PANOR\u00c0MIC. ARTS I CULTURES VISUALS","potentialAction":[{"@type":"SearchAction","target":{"@type":"EntryPoint","urlTemplate":"https:\/\/festivalpanoramic.cat\/en\/?s={search_term_string}"},"query-input":{"@type":"PropertyValueSpecification","valueRequired":true,"valueName":"search_term_string"}}],"inLanguage":"en-US"}]}},"_links":{"self":[{"href":"https:\/\/festivalpanoramic.cat\/en\/wp-json\/wp\/v2\/project\/28688","targetHints":{"allow":["GET"]}}],"collection":[{"href":"https:\/\/festivalpanoramic.cat\/en\/wp-json\/wp\/v2\/project"}],"about":[{"href":"https:\/\/festivalpanoramic.cat\/en\/wp-json\/wp\/v2\/types\/project"}],"author":[{"embeddable":true,"href":"https:\/\/festivalpanoramic.cat\/en\/wp-json\/wp\/v2\/users\/1"}],"replies":[{"embeddable":true,"href":"https:\/\/festivalpanoramic.cat\/en\/wp-json\/wp\/v2\/comments?post=28688"}],"version-history":[{"count":0,"href":"https:\/\/festivalpanoramic.cat\/en\/wp-json\/wp\/v2\/project\/28688\/revisions"}],"wp:attachment":[{"href":"https:\/\/festivalpanoramic.cat\/en\/wp-json\/wp\/v2\/media?parent=28688"}],"wp:term":[{"taxonomy":"project_category","embeddable":true,"href":"https:\/\/festivalpanoramic.cat\/en\/wp-json\/wp\/v2\/project_category?post=28688"},{"taxonomy":"project_tag","embeddable":true,"href":"https:\/\/festivalpanoramic.cat\/en\/wp-json\/wp\/v2\/project_tag?post=28688"}],"curies":[{"name":"wp","href":"https:\/\/api.w.org\/{rel}","templated":true}]}}