{"id":29209,"date":"2022-09-27T15:30:16","date_gmt":"2022-09-27T13:30:16","guid":{"rendered":"https:\/\/festivalpanoramic.cat\/project\/felipe-cesar-londono-i-felipe-arturo-perez-co\/"},"modified":"2022-10-11T16:32:39","modified_gmt":"2022-10-11T14:32:39","slug":"felipe-cesar-londono-i-felipe-arturo-perez-co","status":"publish","type":"project","link":"https:\/\/festivalpanoramic.cat\/en\/project\/felipe-cesar-londono-i-felipe-arturo-perez-co\/","title":{"rendered":"Felipe Cesar Londo\u00f1o i Felipe Arturo P\u00e9rez (CO)"},"content":{"rendered":"<p>[et_pb_section fb_built=&#8221;1&#8243; _builder_version=&#8221;4.16&#8243; _module_preset=&#8221;default&#8221; background_color=&#8221;#e8e8e8&#8243; global_colors_info=&#8221;{}&#8221;][et_pb_row _builder_version=&#8221;4.17.6&#8243; _module_preset=&#8221;default&#8221; width=&#8221;95%&#8221; max_width=&#8221;2560px&#8221; custom_margin=&#8221;-43px||||false|false&#8221; custom_margin_tablet=&#8221;-43px||||false|false&#8221; custom_margin_phone=&#8221;-43px||||false|false&#8221; custom_margin_last_edited=&#8221;on|phone&#8221; global_colors_info=&#8221;{}&#8221;][et_pb_column type=&#8221;4_4&#8243; _builder_version=&#8221;4.17.6&#8243; _module_preset=&#8221;default&#8221; global_colors_info=&#8221;{}&#8221;][et_pb_text _builder_version=&#8221;4.17.6&#8243; _module_preset=&#8221;default&#8221; text_font=&#8221;akrobat extrabold||||||||&#8221; text_text_color=&#8221;gcid-73263b73-b059-42fc-a61d-05da764fa408&#8243; text_font_size=&#8221;16px&#8221; inline_fonts=&#8221;akrobat light&#8221; global_colors_info=&#8221;{%22gcid-73263b73-b059-42fc-a61d-05da764fa408%22:%91%22text_text_color%22%93}&#8221;]<\/p>\n<p class=\"p1\">VIEWED AT LA CAPELLA, BARCELONA | <span style=\"font-family: 'akrobat light';\">28.10.2022<\/span><\/p>\n<p class=\"p1\">\n<p>[\/et_pb_text][\/et_pb_column][\/et_pb_row][et_pb_row column_structure=&#8221;1_4,1_2,1_4&#8243; _builder_version=&#8221;4.17.6&#8243; _module_preset=&#8221;default&#8221; width=&#8221;95%&#8221; max_width=&#8221;2560px&#8221; custom_margin=&#8221;-42px||||false|false&#8221; custom_margin_tablet=&#8221;-42px||||false|false&#8221; custom_margin_phone=&#8221;-42px||||false|false&#8221; custom_margin_last_edited=&#8221;on|phone&#8221; global_colors_info=&#8221;{}&#8221;][et_pb_column type=&#8221;1_4&#8243; _builder_version=&#8221;4.16&#8243; _module_preset=&#8221;default&#8221; global_colors_info=&#8221;{}&#8221;][et_pb_image src=&#8221;https:\/\/festivalpanoramic.cat\/wp-content\/uploads\/2022\/09\/Felipe-lodono.jpg&#8221; title_text=&#8221;Felipe-lodono&#8221; _builder_version=&#8221;4.17.6&#8243; _module_preset=&#8221;default&#8221; filter_saturate=&#8221;0%&#8221; global_colors_info=&#8221;{}&#8221;][\/et_pb_image][\/et_pb_column][et_pb_column type=&#8221;1_2&#8243; _builder_version=&#8221;4.16&#8243; _module_preset=&#8221;default&#8221; global_colors_info=&#8221;{}&#8221;][et_pb_text _builder_version=&#8221;4.17.6&#8243; _module_preset=&#8221;default&#8221; text_font=&#8221;akrobat light||||||||&#8221; text_text_color=&#8221;#000000&#8243; text_font_size=&#8221;20px&#8221; hover_enabled=&#8221;0&#8243; inline_fonts=&#8221;Montserrat extra bold&#8221; global_colors_info=&#8221;{}&#8221; sticky_enabled=&#8221;0&#8243;]<\/p>\n<p><span style=\"font-family: 'Montserrat extra bold'; font-weight: normal; font-size: small;\">commissioner<\/span><\/p>\n<p><span style=\"font-family: 'Montserrat extra bold'; font-weight: normal; font-size: xx-large;\">Felipe Cesar Londo\u00f1o<\/span><\/p>\n<p>He studied Architecture at the National University and obtained a Doctorate in Multimedia Engineering from the Polytechnic University of Catalonia.<\/p>\n<p>From 2014 to 2018 he served as Chancellor of the University of Caldas.<\/p>\n<p>During his association with the University of Caldas he was part of the creation of the Visual Design Program, he participated in the foundation of the International Image Festival which he currently directs, of the Masters in Design and Interactive Creation, and of the Doctorate in Design and Creation which, even today, is the only doctorate in Design in Colombia.<\/p>\n<p>He is passionate about issues related to culture, cinema, audiovisual and photography.<\/p>\n<p>From his appointment as dean at the Tadeo, he imposed himself as a challenge to understand the thought possessed by sages such as Jorge Tadeo Lozano and Francisco Jos\u00e9 de Caldas, both companions in the Botanical Expedition; create a comprehensive education where art and science really communicate and think about the horizon of a new humanism, which makes it possible to understand the world and the different challenges that present themselves every day, such as climate change, the new energies, the fourth industrialization or the internet of things, in general to enable dialogue between the sciences and the humanities, to find possible alternatives to the major problems that exist today.<\/p>\n<p>[\/et_pb_text][et_pb_social_media_follow _builder_version=&#8221;4.17.6&#8243; _module_preset=&#8221;default&#8221; custom_margin=&#8221;-33px||||false|false&#8221; global_colors_info=&#8221;{}&#8221;][et_pb_social_media_follow_network social_network=&#8221;rss&#8221; url=&#8221;http:\/\/www.felipecl.com\/&#8221; icon_color=&#8221;gcid-73263b73-b059-42fc-a61d-05da764fa408&#8243; use_icon_font_size=&#8221;on&#8221; icon_font_size=&#8221;20px&#8221; _builder_version=&#8221;4.17.6&#8243; _module_preset=&#8221;default&#8221; background_color=&#8221;#ff8a3c&#8221; background_enable_color=&#8221;off&#8221; custom_button=&#8221;on&#8221; button_text_size=&#8221;1px&#8221; button_border_width=&#8221;0px&#8221; button_border_radius=&#8221;0px&#8221; button_letter_spacing=&#8221;0px&#8221; global_colors_info=&#8221;{%22gcid-73263b73-b059-42fc-a61d-05da764fa408%22:%91%22background_color%22,%22icon_color%22%93}&#8221; follow_button=&#8221;off&#8221; url_new_window=&#8221;on&#8221;]rss[\/et_pb_social_media_follow_network][\/et_pb_social_media_follow][\/et_pb_column][et_pb_column type=&#8221;1_4&#8243; _builder_version=&#8221;4.16&#8243; _module_preset=&#8221;default&#8221; global_colors_info=&#8221;{}&#8221;][et_pb_button button_url=&#8221;https:\/\/form.jotform.com\/221872642234050?ct=t(Newsletter_interno_211_29_2014_COPY_05)&#8221; button_text=&#8221;Sign up for viewers&#8221; _builder_version=&#8221;4.17.6&#8243; _module_preset=&#8221;default&#8221; custom_button=&#8221;on&#8221; button_text_size=&#8221;18px&#8221; button_text_color=&#8221;#FFFFFF&#8221; button_bg_color=&#8221;gcid-73263b73-b059-42fc-a61d-05da764fa408&#8243; button_border_width=&#8221;0px&#8221; button_border_radius=&#8221;0px&#8221; button_font=&#8221;Montserrat extra bold||||||||&#8221; global_colors_info=&#8221;{%22gcid-73263b73-b059-42fc-a61d-05da764fa408%22:%91%22button_bg_color%22%93}&#8221;][\/et_pb_button][\/et_pb_column][\/et_pb_row][et_pb_row _builder_version=&#8221;4.17.6&#8243; _module_preset=&#8221;default&#8221; width=&#8221;95%&#8221; max_width=&#8221;2560px&#8221; global_colors_info=&#8221;{}&#8221;][et_pb_column type=&#8221;4_4&#8243; _builder_version=&#8221;4.17.6&#8243; _module_preset=&#8221;default&#8221; global_colors_info=&#8221;{}&#8221;][et_pb_divider color=&#8221;gcid-73263b73-b059-42fc-a61d-05da764fa408&#8243; _builder_version=&#8221;4.17.6&#8243; _module_preset=&#8221;default&#8221; global_colors_info=&#8221;{%22gcid-73263b73-b059-42fc-a61d-05da764fa408%22:%91%22color%22%93}&#8221;][\/et_pb_divider][\/et_pb_column][\/et_pb_row][et_pb_row column_structure=&#8221;1_4,1_2,1_4&#8243; _builder_version=&#8221;4.17.6&#8243; _module_preset=&#8221;default&#8221; width=&#8221;95%&#8221; max_width=&#8221;2560px&#8221; custom_margin=&#8221;-42px||||false|false&#8221; custom_margin_tablet=&#8221;-42px||||false|false&#8221; custom_margin_phone=&#8221;-42px||||false|false&#8221; custom_margin_last_edited=&#8221;on|phone&#8221; global_colors_info=&#8221;{}&#8221;][et_pb_column type=&#8221;1_4&#8243; _builder_version=&#8221;4.16&#8243; _module_preset=&#8221;default&#8221; global_colors_info=&#8221;{}&#8221;][et_pb_image src=&#8221;https:\/\/festivalpanoramic.cat\/wp-content\/uploads\/2022\/09\/Felipe-Arturo.jpg&#8221; title_text=&#8221;Felipe-Arturo&#8221; _builder_version=&#8221;4.17.6&#8243; _module_preset=&#8221;default&#8221; filter_saturate=&#8221;0%&#8221; global_colors_info=&#8221;{}&#8221;][\/et_pb_image][\/et_pb_column][et_pb_column type=&#8221;1_2&#8243; _builder_version=&#8221;4.16&#8243; _module_preset=&#8221;default&#8221; global_colors_info=&#8221;{}&#8221;][et_pb_text _builder_version=&#8221;4.17.6&#8243; _module_preset=&#8221;default&#8221; text_font=&#8221;akrobat light||||||||&#8221; text_text_color=&#8221;#000000&#8243; text_font_size=&#8221;20px&#8221; hover_enabled=&#8221;0&#8243; inline_fonts=&#8221;Montserrat extra bold&#8221; global_colors_info=&#8221;{}&#8221; sticky_enabled=&#8221;0&#8243;]<\/p>\n<p><span style=\"font-family: 'Montserrat extra bold'; font-weight: normal; font-size: xx-large;\"><span style=\"font-family: 'Montserrat extra bold'; font-weight: normal; font-size: small;\">commissioner<\/span><\/span><\/p>\n<p><span style=\"font-family: 'Montserrat extra bold'; font-weight: normal; font-size: xx-large;\">Felipe Arturo<\/span><\/p>\n<p>Felipe Arturo has developed pedagogical and artistic processes in relation to sculpture, installation and art in public space, developing an interdisciplinary approach to artistic practice as a pedagogical model.<\/p>\n<p>He has participated in artistic events such as the National Artists&#8217; Salon, the Luis Caballero Award, the Cartagena Contemporary Art Biennial, in Colombia; the Naif Art Biennale in Brazil, the illy Sustain Art Award or the Lyon Biennale in France, among others.<\/p>\n<p>He has developed specific projects at Fragments-Espai d&#8217;Art i Mem\u00f2ria, the Banc de la Rep\u00fablica Art Museum in Bogot\u00e1; the Conversation Museum and Place of Doubt in Cali. He has participated in exhibitions at Casa America, Tabacalera and CentroCentro Cibeles in Madrid; the Bronx Museum and the Sculpture Center in New York; the Museum of Contemporary African Art in Marrakech or the Museum of Contemporary Art in Detroit, among others.<\/p>\n<p>[\/et_pb_text][et_pb_social_media_follow _builder_version=&#8221;4.17.6&#8243; _module_preset=&#8221;default&#8221; custom_margin=&#8221;-33px||||false|false&#8221; global_colors_info=&#8221;{}&#8221;][et_pb_social_media_follow_network social_network=&#8221;instagram&#8221; url=&#8221;https:\/\/www.instagram.com\/felipearturop\/&#8221; icon_color=&#8221;gcid-73263b73-b059-42fc-a61d-05da764fa408&#8243; use_icon_font_size=&#8221;on&#8221; icon_font_size=&#8221;20px&#8221; _builder_version=&#8221;4.17.6&#8243; _module_preset=&#8221;default&#8221; background_color=&#8221;#ea2c59&#8243; background_enable_color=&#8221;off&#8221; custom_button=&#8221;on&#8221; button_text_size=&#8221;1px&#8221; button_border_width=&#8221;0px&#8221; button_border_radius=&#8221;0px&#8221; button_letter_spacing=&#8221;0px&#8221; global_colors_info=&#8221;{%22gcid-73263b73-b059-42fc-a61d-05da764fa408%22:%91%22background_color%22,%22icon_color%22%93}&#8221; follow_button=&#8221;off&#8221; url_new_window=&#8221;on&#8221;]instagram[\/et_pb_social_media_follow_network][\/et_pb_social_media_follow][\/et_pb_column][et_pb_column type=&#8221;1_4&#8243; _builder_version=&#8221;4.16&#8243; _module_preset=&#8221;default&#8221; global_colors_info=&#8221;{}&#8221;][\/et_pb_column][\/et_pb_row][\/et_pb_section][et_pb_section fb_built=&#8221;1&#8243; _builder_version=&#8221;4.16&#8243; _module_preset=&#8221;default&#8221; global_colors_info=&#8221;{}&#8221;][et_pb_row column_structure=&#8221;1_3,1_3,1_3&#8243; _builder_version=&#8221;4.17.6&#8243; _module_preset=&#8221;default&#8221; width=&#8221;95%&#8221; max_width=&#8221;2560px&#8221; global_colors_info=&#8221;{}&#8221;][et_pb_column type=&#8221;1_3&#8243; _builder_version=&#8221;4.16&#8243; _module_preset=&#8221;default&#8221; global_colors_info=&#8221;{}&#8221;][et_pb_image src=&#8221;https:\/\/festivalpanoramic.cat\/wp-content\/uploads\/2022\/09\/Carlos-Pineda.jpg&#8221; title_text=&#8221;Carlos-Pineda&#8221; _builder_version=&#8221;4.17.6&#8243; _module_preset=&#8221;default&#8221; global_colors_info=&#8221;{}&#8221;][\/et_pb_image][et_pb_text _builder_version=&#8221;4.17.6&#8243; _module_preset=&#8221;default&#8221; text_font=&#8221;Montserrat extra bold||||||||&#8221; text_text_color=&#8221;#000000&#8243; text_font_size=&#8221;23px&#8221; text_line_height=&#8221;0.1em&#8221; custom_margin=&#8221;-17px||21px||false|false&#8221; custom_margin_tablet=&#8221;-17px||21px||false|false&#8221; custom_margin_phone=&#8221;-17px||21px||false|false&#8221; custom_margin_last_edited=&#8221;on|tablet&#8221; text_line_height_tablet=&#8221;0.1em&#8221; text_line_height_phone=&#8221;0.1em&#8221; text_line_height_last_edited=&#8221;on|phone&#8221; inline_fonts=&#8221;Montserrat Light&#8221; global_colors_info=&#8221;{}&#8221;]<\/p>\n<p><span style=\"font-size: small;\">viewed<\/span><\/p>\n<p><span>Carlos Pineda N\u00fa\u00f1ez<\/span><\/p>\n<p>[\/et_pb_text][et_pb_text _builder_version=&#8221;4.17.6&#8243; _module_preset=&#8221;default&#8221; text_font=&#8221;akrobat light||||||||&#8221; text_text_color=&#8221;#000000&#8243; text_font_size=&#8221;20px&#8221; hover_enabled=&#8221;0&#8243; global_colors_info=&#8221;{}&#8221; sticky_enabled=&#8221;0&#8243;]<\/p>\n<p>&#8220;Captivated by the mystery that photography represents, my passion is born from walking and the longing to find a particular look. &#8220;<\/p>\n<p>Self-taught photographer.<\/p>\n<p>Graduated in 2005 in Design Art from Concordia University in Montreal. From 1990 to 1992 he worked as a professor at the Faculty of Fine Arts of the University of Caldas, Colombia.<\/p>\n<p>In 1993 he was invited by the University of Guelph in Ontario, Canada, to give workshops in the faculties of Fine Arts and International Development. The same year he settled in Montreal and began working with the department of architecture of the planning faculty of the University of Montreal, photographing the underground city and then another series of urban projects and contemporary architectural works in Europe and North America.<\/p>\n<p>In 2008 he returned to Colombia and dedicated himself to photographing the coffee regions of the country, from whose activity was born the book Cafes of Colombia, which was awarded in Paris in 2009 and in New York in 2010. He then moved to Manizales, Colombia, where he worked as a freelancer and collaborated with Semana magazine until 2015.<\/p>\n<p>Since 2016, he has been publishing books on the different aspects of these regions, including Giros and Andares; Chivas, rainbow of the road; Salamis, bewitchment of memory; Mandalas of the Path, Recognized Dimension and Yip. He has also collaborated with different international media such as Voir Magazine, Ulysses Editeur and Les presses de L\u00b4Universit\u00e9 de Montr\u00e9al in Quebec; Women &amp; Environment, in Ontario; Zazpika magazine of the newspaper El Gara in San Sebastian and Die Furche in Austria.<\/p>\n<p>[\/et_pb_text][\/et_pb_column][et_pb_column type=&#8221;1_3&#8243; _builder_version=&#8221;4.16&#8243; _module_preset=&#8221;default&#8221; global_colors_info=&#8221;{}&#8221;][et_pb_image src=&#8221;https:\/\/festivalpanoramic.cat\/wp-content\/uploads\/2022\/09\/Clemencia-Echeverri.jpg&#8221; title_text=&#8221;Clemencia-Echeverri&#8221; _builder_version=&#8221;4.17.6&#8243; _module_preset=&#8221;default&#8221; global_colors_info=&#8221;{}&#8221;][\/et_pb_image][et_pb_text _builder_version=&#8221;4.17.6&#8243; _module_preset=&#8221;default&#8221; text_font=&#8221;Montserrat extra bold||||||||&#8221; text_text_color=&#8221;#000000&#8243; text_font_size=&#8221;23px&#8221; text_line_height=&#8221;0.1em&#8221; custom_margin=&#8221;-17px||21px||false|false&#8221; custom_margin_tablet=&#8221;-17px||21px||false|false&#8221; custom_margin_phone=&#8221;-17px||21px||false|false&#8221; custom_margin_last_edited=&#8221;on|tablet&#8221; text_line_height_tablet=&#8221;0.1em&#8221; text_line_height_phone=&#8221;0.1em&#8221; text_line_height_last_edited=&#8221;on|phone&#8221; inline_fonts=&#8221;Montserrat Light&#8221; global_colors_info=&#8221;{}&#8221;]<\/p>\n<p><span style=\"font-size: small;\">viewed<\/span><\/p>\n<p>Clemencia Echeverri<\/p>\n<p>[\/et_pb_text][et_pb_text _builder_version=&#8221;4.17.6&#8243; _module_preset=&#8221;default&#8221; text_font=&#8221;akrobat light||||||||&#8221; text_text_color=&#8221;#000000&#8243; text_font_size=&#8221;20px&#8221; hover_enabled=&#8221;0&#8243; global_colors_info=&#8221;{}&#8221; sticky_enabled=&#8221;0&#8243;]<\/p>\n<p>He was born in Salamina, Caldas, in 1950. He lives and works in Bogota. He completed his undergraduate studies in Visual Communication at the Pontifical Bolivarian University and Plastic Arts at the University of Antioquia. At postgraduate level, he completed an MA in Visual Arts and subsequently studied Contemporary Art History and Theory at Chelsea College of Arts in London.<\/p>\n<p>He was an undergraduate and graduate art teacher for 27 years at the University of Antioquia and National University of Colombia. His artistic career began with an emphasis on painting and then sculpture. Since the 1990s, he has been exploring issues related to violence, memory and the force of nature in Colombia. Through drawing, video, photography, video-installation, sound and interactivity, he creates projects that require field trips, research, social engagement and technology.<\/p>\n<p>In recent years, he has made video installation projects with participation in several national and international events, among which stand out: Without Sky at the 23rd Sydney Biennale and Art Gallery of Guelph, Canada (2020-21). Train in Here\/Now: Current Visions of Colombia, Holland (2019). Riu per Assault at the XII Shanghai Biennale under the curatorship of Cuauhtemoc Medina, China (2018). Train to La Vuelta, &#8216;Les Reencontres de la Photographie&#8217;; Arles, France (2017). Free version in &#8216;From Medell\u00edn, A Colombian artistic scene&#8217; at the Muse\u00e9 dart Les Abattoirs; Toulouse, France (2017). Train in &#8216;Waterweavers&#8217; at Bard Graduate Center; New York (2014), House of America; Washington (2015) and Conde Duque, Madrid (2015).<\/p>\n<p>[\/et_pb_text][et_pb_social_media_follow _builder_version=&#8221;4.17.6&#8243; _module_preset=&#8221;default&#8221; custom_margin=&#8221;-33px||||false|false&#8221; global_colors_info=&#8221;{}&#8221;][et_pb_social_media_follow_network social_network=&#8221;rss&#8221; url=&#8221;https:\/\/www.clemenciaecheverri.com\/studio\/&#8221; icon_color=&#8221;gcid-73263b73-b059-42fc-a61d-05da764fa408&#8243; use_icon_font_size=&#8221;on&#8221; icon_font_size=&#8221;20px&#8221; _builder_version=&#8221;4.17.6&#8243; _module_preset=&#8221;default&#8221; background_color=&#8221;#ff8a3c&#8221; background_enable_color=&#8221;off&#8221; custom_button=&#8221;on&#8221; button_text_size=&#8221;1px&#8221; button_border_width=&#8221;0px&#8221; button_border_radius=&#8221;0px&#8221; button_letter_spacing=&#8221;0px&#8221; global_colors_info=&#8221;{%22gcid-73263b73-b059-42fc-a61d-05da764fa408%22:%91%22background_color%22,%22icon_color%22%93}&#8221; follow_button=&#8221;off&#8221; url_new_window=&#8221;on&#8221;]rss[\/et_pb_social_media_follow_network][\/et_pb_social_media_follow][\/et_pb_column][et_pb_column type=&#8221;1_3&#8243; _builder_version=&#8221;4.16&#8243; _module_preset=&#8221;default&#8221; global_colors_info=&#8221;{}&#8221;][et_pb_image src=&#8221;https:\/\/festivalpanoramic.cat\/wp-content\/uploads\/2022\/09\/Juan-Corte\u0301s.jpg&#8221; title_text=&#8221;Juan-Cort\u00e9s&#8221; _builder_version=&#8221;4.17.6&#8243; _module_preset=&#8221;default&#8221; global_colors_info=&#8221;{}&#8221;][\/et_pb_image][et_pb_text _builder_version=&#8221;4.17.6&#8243; _module_preset=&#8221;default&#8221; text_font=&#8221;Montserrat extra bold||||||||&#8221; text_text_color=&#8221;#000000&#8243; text_font_size=&#8221;23px&#8221; text_line_height=&#8221;0.1em&#8221; custom_margin=&#8221;-17px||21px||false|false&#8221; custom_margin_tablet=&#8221;-17px||21px||false|false&#8221; custom_margin_phone=&#8221;-17px||21px||false|false&#8221; custom_margin_last_edited=&#8221;on|tablet&#8221; text_line_height_tablet=&#8221;0.1em&#8221; text_line_height_phone=&#8221;0.1em&#8221; text_line_height_last_edited=&#8221;on|phone&#8221; inline_fonts=&#8221;Montserrat Light&#8221; global_colors_info=&#8221;{}&#8221;]<\/p>\n<p><span style=\"font-size: small;\">viewed<\/span><\/p>\n<p>Juan Cortes<\/p>\n<p>[\/et_pb_text][et_pb_text _builder_version=&#8221;4.17.6&#8243; _module_preset=&#8221;default&#8221; text_font=&#8221;akrobat light||||||||&#8221; text_text_color=&#8221;#000000&#8243; text_font_size=&#8221;20px&#8221; hover_enabled=&#8221;0&#8243; global_colors_info=&#8221;{}&#8221; sticky_enabled=&#8221;0&#8243;]<\/p>\n<p>Audiovisual artist and teacher of art and audiovisual media.<\/p>\n<p>His work revolves around research and <span>interdisciplinary<\/span> processes. In particular, he has been interested in the connections between art, science and educational processes.<\/p>\n<p><span>His work, inspired by the sound and forces of nature, has been exhibited in galleries, film festivals and institutions such as the Museum of Modern Art in New York (MoMA), the Bilbao Exhibition Center or Creative Tech Week in New York . <\/span><\/p>\n<p><span>In<\/span> addition <span>, he has been awarded with the 7th Prize for the Arts of the Alternative Space of Bogota<\/span> . Cort\u00e9s has also been co-founder and curator of the RADAR Videoart Festival and the <span>SAT\u00c8<\/span> <span>L<\/span> \u00b7 <span>LIT Sound Art Festival and regularly works in<\/span> <span>collaboration<\/span> with the space for artistic creation and community<span>Hyphen-Hub area. In 2016 he received a mention <\/span>of honor of the prize awarded by CERN Collide International, framed in the art and science program promoted by this same institution <span>, Art at CERN, and has been honored with the prestigious<\/span> <span>PRAC<\/span> prize from the Ministry of Culture of Colombia<\/p>\n<p>[\/et_pb_text][et_pb_social_media_follow _builder_version=&#8221;4.17.6&#8243; _module_preset=&#8221;default&#8221; custom_margin=&#8221;-33px||||false|false&#8221; global_colors_info=&#8221;{}&#8221;][et_pb_social_media_follow_network social_network=&#8221;rss&#8221; url=&#8221;https:\/\/www.juancortes.net\/&#8221; icon_color=&#8221;gcid-73263b73-b059-42fc-a61d-05da764fa408&#8243; use_icon_font_size=&#8221;on&#8221; icon_font_size=&#8221;20px&#8221; _builder_version=&#8221;4.17.6&#8243; _module_preset=&#8221;default&#8221; background_color=&#8221;#ff8a3c&#8221; background_enable_color=&#8221;off&#8221; custom_button=&#8221;on&#8221; button_text_size=&#8221;1px&#8221; button_border_width=&#8221;0px&#8221; button_border_radius=&#8221;0px&#8221; button_letter_spacing=&#8221;0px&#8221; global_colors_info=&#8221;{%22gcid-73263b73-b059-42fc-a61d-05da764fa408%22:%91%22background_color%22,%22icon_color%22%93}&#8221; follow_button=&#8221;off&#8221; url_new_window=&#8221;on&#8221;]rss[\/et_pb_social_media_follow_network][\/et_pb_social_media_follow][\/et_pb_column][\/et_pb_row][et_pb_row _builder_version=&#8221;4.17.6&#8243; _module_preset=&#8221;default&#8221; width=&#8221;95%&#8221; max_width=&#8221;2560px&#8221; global_colors_info=&#8221;{}&#8221;][et_pb_column type=&#8221;4_4&#8243; _builder_version=&#8221;4.17.6&#8243; _module_preset=&#8221;default&#8221; global_colors_info=&#8221;{}&#8221;][et_pb_divider color=&#8221;gcid-73263b73-b059-42fc-a61d-05da764fa408&#8243; _builder_version=&#8221;4.17.6&#8243; _module_preset=&#8221;default&#8221; global_colors_info=&#8221;{%22gcid-73263b73-b059-42fc-a61d-05da764fa408%22:%91%22color%22%93}&#8221;][\/et_pb_divider][\/et_pb_column][\/et_pb_row][et_pb_row column_structure=&#8221;1_3,1_3,1_3&#8243; _builder_version=&#8221;4.17.6&#8243; _module_preset=&#8221;default&#8221; width=&#8221;95%&#8221; max_width=&#8221;2560px&#8221; global_colors_info=&#8221;{}&#8221;][et_pb_column type=&#8221;1_3&#8243; _builder_version=&#8221;4.16&#8243; _module_preset=&#8221;default&#8221; global_colors_info=&#8221;{}&#8221;][et_pb_image src=&#8221;https:\/\/festivalpanoramic.cat\/wp-content\/uploads\/2022\/09\/Laura-Colmenares-Guerra.jpg&#8221; title_text=&#8221;Laura-Colmenares-Guerra&#8221; _builder_version=&#8221;4.17.6&#8243; _module_preset=&#8221;default&#8221; global_colors_info=&#8221;{}&#8221;][\/et_pb_image][et_pb_text _builder_version=&#8221;4.17.6&#8243; _module_preset=&#8221;default&#8221; text_font=&#8221;Montserrat extra bold||||||||&#8221; text_text_color=&#8221;#000000&#8243; text_font_size=&#8221;23px&#8221; text_line_height=&#8221;0.1em&#8221; custom_margin=&#8221;-17px||21px||false|false&#8221; custom_margin_tablet=&#8221;-17px||21px||false|false&#8221; custom_margin_phone=&#8221;-17px||21px||false|false&#8221; custom_margin_last_edited=&#8221;on|tablet&#8221; text_line_height_tablet=&#8221;0.1em&#8221; text_line_height_phone=&#8221;0.1em&#8221; text_line_height_last_edited=&#8221;on|phone&#8221; inline_fonts=&#8221;Montserrat Light&#8221; global_colors_info=&#8221;{}&#8221;]<\/p>\n<p><span style=\"font-size: small;\">viewed<\/span><\/p>\n<p><span>Laura Colmenares Guerra<\/span><\/p>\n<p>[\/et_pb_text][et_pb_text _builder_version=&#8221;4.17.6&#8243; _module_preset=&#8221;default&#8221; text_font=&#8221;akrobat light||||||||&#8221; text_text_color=&#8221;#000000&#8243; text_font_size=&#8221;20px&#8221; hover_enabled=&#8221;0&#8243; global_colors_info=&#8221;{}&#8221; sticky_enabled=&#8221;0&#8243;]<\/p>\n<p>Laura Colmenares Guerra is a Colombian artist based in Brussels. His main areas of work are installation, sculpture, graphics\/3D printing and cinema.<\/p>\n<p>He has a transversal research-based practice that involves long-term creative processes. During these processes he engages in transdisciplinary collaborations with people from different disciplines to create a solid conceptual and technical basis for each work.<\/p>\n<p>His work explores the deterioration between contemporary Western societies and living ecosystems, the environment and the planet&#8217;s inhabitants. This questioning leads her to conceive scenarios that relate to landscape politics and notions of territory. Explores the constructions of the concepts of nature and natural and language as a fundamental means of reality.<\/p>\n<p>In the field of interactive installation, he has developed works that use technology to create an immersive experience for viewers. In these works the viewer is encouraged to use their body to complete the work of art. Laura&#8217;s use of technology aims to raise awareness at a deep bodily level, that is, through breathing (lungs [el que respira]); or through interaction with water valves (gaps) to make clear the impact and responsibility that we as individuals and societies have with the environment. In these works, the choice of interactive devices is based on the possibilities of deepening this understanding.<\/p>\n<p>[\/et_pb_text][et_pb_social_media_follow _builder_version=&#8221;4.17.6&#8243; _module_preset=&#8221;default&#8221; custom_margin=&#8221;-33px||||false|false&#8221; global_colors_info=&#8221;{}&#8221;][et_pb_social_media_follow_network social_network=&#8221;rss&#8221; url=&#8221;https:\/\/ulara.org\/&#8221; icon_color=&#8221;gcid-73263b73-b059-42fc-a61d-05da764fa408&#8243; use_icon_font_size=&#8221;on&#8221; icon_font_size=&#8221;20px&#8221; _builder_version=&#8221;4.17.6&#8243; _module_preset=&#8221;default&#8221; background_color=&#8221;#ff8a3c&#8221; background_enable_color=&#8221;off&#8221; custom_button=&#8221;on&#8221; button_text_size=&#8221;1px&#8221; button_border_width=&#8221;0px&#8221; button_border_radius=&#8221;0px&#8221; button_letter_spacing=&#8221;0px&#8221; global_colors_info=&#8221;{%22gcid-73263b73-b059-42fc-a61d-05da764fa408%22:%91%22background_color%22,%22icon_color%22%93}&#8221; follow_button=&#8221;off&#8221; url_new_window=&#8221;on&#8221;]rss[\/et_pb_social_media_follow_network][\/et_pb_social_media_follow][et_pb_divider color=&#8221;gcid-73263b73-b059-42fc-a61d-05da764fa408&#8243; _builder_version=&#8221;4.17.6&#8243; _module_preset=&#8221;default&#8221; global_colors_info=&#8221;{%22gcid-73263b73-b059-42fc-a61d-05da764fa408%22:%91%22color%22%93}&#8221;][\/et_pb_divider][\/et_pb_column][et_pb_column type=&#8221;1_3&#8243; _builder_version=&#8221;4.16&#8243; _module_preset=&#8221;default&#8221; global_colors_info=&#8221;{}&#8221;][et_pb_image src=&#8221;https:\/\/festivalpanoramic.cat\/wp-content\/uploads\/2022\/09\/Laura-Huertas-Milla\u0301n.jpg&#8221; title_text=&#8221;Laura-Huertas-Milla\u0301n&#8221; _builder_version=&#8221;4.17.6&#8243; _module_preset=&#8221;default&#8221; global_colors_info=&#8221;{}&#8221;][\/et_pb_image][et_pb_text _builder_version=&#8221;4.17.6&#8243; _module_preset=&#8221;default&#8221; text_font=&#8221;Montserrat extra bold||||||||&#8221; text_text_color=&#8221;#000000&#8243; text_font_size=&#8221;23px&#8221; text_line_height=&#8221;0.1em&#8221; custom_margin=&#8221;-17px||21px||false|false&#8221; custom_margin_tablet=&#8221;-17px||21px||false|false&#8221; custom_margin_phone=&#8221;-17px||21px||false|false&#8221; custom_margin_last_edited=&#8221;on|tablet&#8221; text_line_height_tablet=&#8221;0.1em&#8221; text_line_height_phone=&#8221;0.1em&#8221; text_line_height_last_edited=&#8221;on|phone&#8221; inline_fonts=&#8221;Montserrat Light&#8221; global_colors_info=&#8221;{}&#8221;]<\/p>\n<p><span style=\"font-size: small;\">viewed<\/span><\/p>\n<p>Laura Huertas Millan<\/p>\n<p>[\/et_pb_text][et_pb_text _builder_version=&#8221;4.17.6&#8243; _module_preset=&#8221;default&#8221; text_font=&#8221;akrobat light||||||||&#8221; text_text_color=&#8221;#000000&#8243; text_font_size=&#8221;20px&#8221; hover_enabled=&#8221;0&#8243; global_colors_info=&#8221;{}&#8221; sticky_enabled=&#8221;0&#8243;]<\/p>\n<p>Laura Huertas Millan is a French and Colombian filmmaker and visual artist whose practice lies at the intersection of cinema, contemporary art and research.<\/p>\n<p>Selected at film festivals such as the Berlinale, Toronto International Film Festival (TIFF), Rotterdam International Film Festival, New York Film Festival and Cin\u00e9ma du R\u00e9el, her films have won awards at the Film Festival of Locarno, FIDMarseille, Doclisboa and Videobrasil, among others. More than twenty retrospectives and approaches to his work have been organized around the world, in film libraries such as Toronto&#8217;s TIFF Lightbox, Harvard&#8217;s Film Archive or Bogot\u00e1&#8217;s Cinematheque, and leading film festivals such as Mar del Plata and Rencontres du Documentaire de Montreal.<\/p>\n<p>In the field of art, his last individual exhibitions were held at the MASP Sao Paulo, Maison des Arts de Malakoff and the Museum of Modern Art in Medellin. His films have also been exhibited and screened at art institutions (Centre Pompidou Paris, Jeu de Paume, NY Guggenheim Museums, Times Art Berlin) and biennials (Liverpool, FRONT Triennial, Videobrasil, Videonnale). They are part of private and public collections (Kadist, CNAP, Bank of the Republic of Colombia, CIFO, FRAC Lorraine, among others).<\/p>\n<p>Huertas Mill\u00e1n has a PhD based on internships in Ethnographic Fictions developed between PSL University (SACRe program) and the Laboratory of Sensory Ethnography (Harvard University). She works as an educator in academic and alternative spaces. He is part of the artistic, research and curatorial collective Counter-Encounters (with Onyeka Igwe and Rachael Rakes) on critical anthropology and the aesthetics and politics of the encounter.<\/p>\n<p>Huertas Millan is a Franco-Colombian filmmaker and visual artist whose practice is located at the intersection between cinema, contemporary art and research.<\/p>\n<p>[\/et_pb_text][et_pb_social_media_follow _builder_version=&#8221;4.17.6&#8243; _module_preset=&#8221;default&#8221; custom_margin=&#8221;-33px||||false|false&#8221; global_colors_info=&#8221;{}&#8221;][et_pb_social_media_follow_network social_network=&#8221;rss&#8221; url=&#8221;https:\/\/www.laurahuertasmillan.com\/&#8221; icon_color=&#8221;gcid-73263b73-b059-42fc-a61d-05da764fa408&#8243; use_icon_font_size=&#8221;on&#8221; icon_font_size=&#8221;20px&#8221; _builder_version=&#8221;4.17.6&#8243; _module_preset=&#8221;default&#8221; background_color=&#8221;#ff8a3c&#8221; background_enable_color=&#8221;off&#8221; custom_button=&#8221;on&#8221; button_text_size=&#8221;1px&#8221; button_border_width=&#8221;0px&#8221; button_border_radius=&#8221;0px&#8221; button_letter_spacing=&#8221;0px&#8221; global_colors_info=&#8221;{%22gcid-73263b73-b059-42fc-a61d-05da764fa408%22:%91%22background_color%22,%22icon_color%22%93}&#8221; follow_button=&#8221;off&#8221; url_new_window=&#8221;on&#8221;]rss[\/et_pb_social_media_follow_network][\/et_pb_social_media_follow][et_pb_divider color=&#8221;gcid-73263b73-b059-42fc-a61d-05da764fa408&#8243; _builder_version=&#8221;4.17.6&#8243; _module_preset=&#8221;default&#8221; global_colors_info=&#8221;{%22gcid-73263b73-b059-42fc-a61d-05da764fa408%22:%91%22color%22%93}&#8221;][\/et_pb_divider][\/et_pb_column][et_pb_column type=&#8221;1_3&#8243; _builder_version=&#8221;4.16&#8243; _module_preset=&#8221;default&#8221; global_colors_info=&#8221;{}&#8221;][et_pb_image src=&#8221;https:\/\/festivalpanoramic.cat\/wp-content\/uploads\/2022\/09\/Laura-Jime\u0301nez-Galvis.jpg&#8221; title_text=&#8221;Laura-Jime\u0301nez-Galvis&#8221; _builder_version=&#8221;4.17.6&#8243; _module_preset=&#8221;default&#8221; global_colors_info=&#8221;{}&#8221;][\/et_pb_image][et_pb_text _builder_version=&#8221;4.17.6&#8243; _module_preset=&#8221;default&#8221; text_font=&#8221;Montserrat extra bold||||||||&#8221; text_text_color=&#8221;#000000&#8243; text_font_size=&#8221;23px&#8221; text_line_height=&#8221;0.1em&#8221; custom_margin=&#8221;-17px||21px||false|false&#8221; custom_margin_tablet=&#8221;-17px||21px||false|false&#8221; custom_margin_phone=&#8221;-17px||21px||false|false&#8221; custom_margin_last_edited=&#8221;on|tablet&#8221; text_line_height_tablet=&#8221;0.1em&#8221; text_line_height_phone=&#8221;0.1em&#8221; text_line_height_last_edited=&#8221;on|phone&#8221; inline_fonts=&#8221;Montserrat Light&#8221; global_colors_info=&#8221;{}&#8221;]<\/p>\n<p><span style=\"font-size: small;\">viewed<\/span><\/p>\n<p>Laura Jim\u00e9nez Galvi<\/p>\n<p>[\/et_pb_text][et_pb_text _builder_version=&#8221;4.17.6&#8243; _module_preset=&#8221;default&#8221; text_font=&#8221;akrobat light||||||||&#8221; text_text_color=&#8221;#000000&#8243; text_font_size=&#8221;20px&#8221; hover_enabled=&#8221;0&#8243; global_colors_info=&#8221;{}&#8221; sticky_enabled=&#8221;0&#8243;]<\/p>\n<p>Laura Jim\u00e9nez Galvis (Bogot\u00e1, Colombia) holds a BFA with a minor in General History from Universidad de Los Andes (Bogot\u00e1) and an MFA in Studio Arts with a minor in Photography from Hunter College (New York).<\/p>\n<p>His work focuses on the notion of transience and its connection to the perpetually oscillating ideas of absence, permanence, enigma and transmutation. Taking shape in models, props, artist books and works on canvas, he bases his practice on the use of photography \u2013 from analogue black and white to high and low resolution digital processes \u2013 to discover and recover the spent photographing art and history, collections, natural history museums and most recently the remains of a lost library. The resulting images are indiscriminately printed, cut, folded, and folded into new paper objects. His work is nourished by a multitude of sources, from the history of art and architecture, cinema, psychoanalysis, and is strongly influenced by the world of theater and drama, by the family connection.<\/p>\n<p>At the same time, she has been a commissioned photographer and image specialist for gallery spaces, museum publications and art books, documenting art objects and spaces. She has worked with Carolee Schneemann or Peter Beard, among others, and was the cover photographer for the inaugural edition of The Magazine of The Artist&#8217;s Institute (New York), under the artistic direction of Pierre Huyghe and Jenny Jaskey, who obtained Most Beautiful Book of the Year by the Swiss Federal Design Awards.<\/p>\n<p>He has participated in exhibitions in Colombia, the United States, Spain and France, in places such as the Instituto Cervantes New York, Centro Colombo-Americano (Bogot\u00e1), Artec\u00e1mara de la Feria Internacional de Arte de Bogot\u00e1, Centro Las Cigarreras del Ayuntamiento de Alicante ( Espa\u00f1a ), and was part of the two-person show Mise-en-sc\u00e8ne: Beyond the Photographic on the occasion of the France-Colombia International Year.<\/p>\n<p>His work has appeared in the pages of 39 NULL Magazin f\u00fcr Gesellschaft und Kultur (Berlin); CARMA Magazine of Colombian Artistic Research; Vanishing Point: Experimental Art and Photography Platform, or Autoridad Media Magazine (online). In 2015 she was included in Christie&#8217;s Education New York&#8217;s annual list of promising emerging artists.<\/p>\n<p>[\/et_pb_text][et_pb_social_media_follow _builder_version=&#8221;4.17.6&#8243; _module_preset=&#8221;default&#8221; custom_margin=&#8221;-33px||||false|false&#8221; global_colors_info=&#8221;{}&#8221;][et_pb_social_media_follow_network social_network=&#8221;rss&#8221; url=&#8221;https:\/\/laurajimenezgalvis.com\/home.html&#8221; icon_color=&#8221;gcid-73263b73-b059-42fc-a61d-05da764fa408&#8243; use_icon_font_size=&#8221;on&#8221; icon_font_size=&#8221;20px&#8221; _builder_version=&#8221;4.17.6&#8243; _module_preset=&#8221;default&#8221; background_color=&#8221;#ff8a3c&#8221; background_enable_color=&#8221;off&#8221; custom_button=&#8221;on&#8221; button_text_size=&#8221;1px&#8221; button_border_width=&#8221;0px&#8221; button_border_radius=&#8221;0px&#8221; button_letter_spacing=&#8221;0px&#8221; global_colors_info=&#8221;{%22gcid-73263b73-b059-42fc-a61d-05da764fa408%22:%91%22background_color%22,%22icon_color%22%93}&#8221; follow_button=&#8221;off&#8221; url_new_window=&#8221;on&#8221;]rss[\/et_pb_social_media_follow_network][\/et_pb_social_media_follow][et_pb_divider color=&#8221;gcid-73263b73-b059-42fc-a61d-05da764fa408&#8243; _builder_version=&#8221;4.17.6&#8243; _module_preset=&#8221;default&#8221; global_colors_info=&#8221;{%22gcid-73263b73-b059-42fc-a61d-05da764fa408%22:%91%22color%22%93}&#8221;][\/et_pb_divider][\/et_pb_column][\/et_pb_row][et_pb_row column_structure=&#8221;2_5,3_5&#8243; _builder_version=&#8221;4.16&#8243; _module_preset=&#8221;default&#8221; width=&#8221;95%&#8221; max_width=&#8221;2560px&#8221; global_colors_info=&#8221;{}&#8221;][et_pb_column type=&#8221;2_5&#8243; _builder_version=&#8221;4.16&#8243; _module_preset=&#8221;default&#8221; global_colors_info=&#8221;{}&#8221;][et_pb_text _builder_version=&#8221;4.16&#8243; _module_preset=&#8221;default&#8221; text_font=&#8221;akrobat light||||||||&#8221; text_text_color=&#8221;#000000&#8243; text_font_size=&#8221;20px&#8221; text_line_height=&#8221;1.5em&#8221; custom_margin=&#8221;0px||||false|false&#8221; custom_padding=&#8221;0px||||false|false&#8221; link_option_url=&#8221;https:\/\/festivalpanoramic.cat\/en\/participants-2022\/&#8221; global_colors_info=&#8221;{}&#8221;]<\/p>\n<p style=\"text-align: left;\"><strong>See all projects<\/strong><\/p>\n<p>[\/et_pb_text][\/et_pb_column][et_pb_column type=&#8221;3_5&#8243; _builder_version=&#8221;4.16&#8243; _module_preset=&#8221;default&#8221; global_colors_info=&#8221;{}&#8221;][et_pb_post_nav in_same_term=&#8221;off&#8221; prev_text=&#8221;Previous project&#8221; next_text=&#8221;Next project&#8221; _builder_version=&#8221;4.16&#8243; _module_preset=&#8221;default&#8221; title_font=&#8221;akrobat light||||||||&#8221; title_text_color=&#8221;#000000&#8243; title_font_size=&#8221;19px&#8221; global_colors_info=&#8221;{}&#8221;][\/et_pb_post_nav][\/et_pb_column][\/et_pb_row][\/et_pb_section]<\/p>\n","protected":false},"excerpt":{"rendered":"<p>VIEWED AT LA CAPELLA, BARCELONA | 28.10.2022 commissioner Felipe Cesar Londo\u00f1o He studied Architecture at the National University and obtained a Doctorate in Multimedia Engineering from the Polytechnic University of [&hellip;]<\/p>\n","protected":false},"author":1,"featured_media":0,"comment_status":"open","ping_status":"closed","template":"","meta":{"_et_pb_use_builder":"on","_et_pb_old_content":"","_et_gb_content_width":"","footnotes":""},"project_category":[60],"project_tag":[],"class_list":["post-29209","project","type-project","status-publish","hentry","project_category-de-festival-a-festival-2022"],"yoast_head":"<!-- This site is optimized with the Yoast SEO plugin v27.2 - https:\/\/yoast.com\/product\/yoast-seo-wordpress\/ -->\n<title>Felipe Cesar Londo\u00f1o i Felipe Arturo P\u00e9rez (CO) - Festival Panor\u00e0mic<\/title>\n<meta name=\"robots\" content=\"index, follow, max-snippet:-1, max-image-preview:large, max-video-preview:-1\" \/>\n<link rel=\"canonical\" href=\"https:\/\/festivalpanoramic.cat\/en\/project\/felipe-cesar-londono-i-felipe-arturo-perez-co\/\" \/>\n<meta property=\"og:locale\" content=\"en_US\" \/>\n<meta property=\"og:type\" content=\"article\" \/>\n<meta property=\"og:title\" content=\"Felipe Cesar Londo\u00f1o i Felipe Arturo P\u00e9rez (CO) - Festival Panor\u00e0mic\" \/>\n<meta property=\"og:description\" content=\"VIEWED AT LA CAPELLA, BARCELONA | 28.10.2022 commissioner Felipe Cesar Londo\u00f1o He studied Architecture at the National University and obtained a Doctorate in Multimedia Engineering from the Polytechnic University of [&hellip;]\" \/>\n<meta property=\"og:url\" content=\"https:\/\/festivalpanoramic.cat\/en\/project\/felipe-cesar-londono-i-felipe-arturo-perez-co\/\" \/>\n<meta property=\"og:site_name\" content=\"Festival Panor\u00e0mic\" \/>\n<meta property=\"article:modified_time\" content=\"2022-10-11T14:32:39+00:00\" \/>\n<meta name=\"twitter:card\" content=\"summary_large_image\" \/>\n<meta name=\"twitter:label1\" content=\"Est. reading time\" \/>\n\t<meta name=\"twitter:data1\" content=\"23 minutes\" \/>\n<script type=\"application\/ld+json\" class=\"yoast-schema-graph\">{\"@context\":\"https:\/\/schema.org\",\"@graph\":[{\"@type\":\"WebPage\",\"@id\":\"https:\/\/festivalpanoramic.cat\/en\/project\/felipe-cesar-londono-i-felipe-arturo-perez-co\/\",\"url\":\"https:\/\/festivalpanoramic.cat\/en\/project\/felipe-cesar-londono-i-felipe-arturo-perez-co\/\",\"name\":\"Felipe Cesar Londo\u00f1o i Felipe Arturo P\u00e9rez (CO) - Festival Panor\u00e0mic\",\"isPartOf\":{\"@id\":\"https:\/\/festivalpanoramic.cat\/en\/#website\"},\"datePublished\":\"2022-09-27T13:30:16+00:00\",\"dateModified\":\"2022-10-11T14:32:39+00:00\",\"breadcrumb\":{\"@id\":\"https:\/\/festivalpanoramic.cat\/en\/project\/felipe-cesar-londono-i-felipe-arturo-perez-co\/#breadcrumb\"},\"inLanguage\":\"en-US\",\"potentialAction\":[{\"@type\":\"ReadAction\",\"target\":[\"https:\/\/festivalpanoramic.cat\/en\/project\/felipe-cesar-londono-i-felipe-arturo-perez-co\/\"]}]},{\"@type\":\"BreadcrumbList\",\"@id\":\"https:\/\/festivalpanoramic.cat\/en\/project\/felipe-cesar-londono-i-felipe-arturo-perez-co\/#breadcrumb\",\"itemListElement\":[{\"@type\":\"ListItem\",\"position\":1,\"name\":\"Inici\",\"item\":\"https:\/\/festivalpanoramic.cat\/en\/\"},{\"@type\":\"ListItem\",\"position\":2,\"name\":\"Projects\",\"item\":\"https:\/\/festivalpanoramic.cat\/en\/project\/\"},{\"@type\":\"ListItem\",\"position\":3,\"name\":\"Felipe Cesar Londo\u00f1o i Felipe Arturo P\u00e9rez (CO)\"}]},{\"@type\":\"WebSite\",\"@id\":\"https:\/\/festivalpanoramic.cat\/en\/#website\",\"url\":\"https:\/\/festivalpanoramic.cat\/en\/\",\"name\":\"Festival Panor\u00e0mic\",\"description\":\"PANOR\u00c0MIC. ARTS I CULTURES VISUALS\",\"potentialAction\":[{\"@type\":\"SearchAction\",\"target\":{\"@type\":\"EntryPoint\",\"urlTemplate\":\"https:\/\/festivalpanoramic.cat\/en\/?s={search_term_string}\"},\"query-input\":{\"@type\":\"PropertyValueSpecification\",\"valueRequired\":true,\"valueName\":\"search_term_string\"}}],\"inLanguage\":\"en-US\"}]}<\/script>\n<!-- \/ Yoast SEO plugin. -->","yoast_head_json":{"title":"Felipe Cesar Londo\u00f1o i Felipe Arturo P\u00e9rez (CO) - Festival Panor\u00e0mic","robots":{"index":"index","follow":"follow","max-snippet":"max-snippet:-1","max-image-preview":"max-image-preview:large","max-video-preview":"max-video-preview:-1"},"canonical":"https:\/\/festivalpanoramic.cat\/en\/project\/felipe-cesar-londono-i-felipe-arturo-perez-co\/","og_locale":"en_US","og_type":"article","og_title":"Felipe Cesar Londo\u00f1o i Felipe Arturo P\u00e9rez (CO) - Festival Panor\u00e0mic","og_description":"VIEWED AT LA CAPELLA, BARCELONA | 28.10.2022 commissioner Felipe Cesar Londo\u00f1o He studied Architecture at the National University and obtained a Doctorate in Multimedia Engineering from the Polytechnic University of [&hellip;]","og_url":"https:\/\/festivalpanoramic.cat\/en\/project\/felipe-cesar-londono-i-felipe-arturo-perez-co\/","og_site_name":"Festival Panor\u00e0mic","article_modified_time":"2022-10-11T14:32:39+00:00","twitter_card":"summary_large_image","twitter_misc":{"Est. reading time":"23 minutes"},"schema":{"@context":"https:\/\/schema.org","@graph":[{"@type":"WebPage","@id":"https:\/\/festivalpanoramic.cat\/en\/project\/felipe-cesar-londono-i-felipe-arturo-perez-co\/","url":"https:\/\/festivalpanoramic.cat\/en\/project\/felipe-cesar-londono-i-felipe-arturo-perez-co\/","name":"Felipe Cesar Londo\u00f1o i Felipe Arturo P\u00e9rez (CO) - Festival Panor\u00e0mic","isPartOf":{"@id":"https:\/\/festivalpanoramic.cat\/en\/#website"},"datePublished":"2022-09-27T13:30:16+00:00","dateModified":"2022-10-11T14:32:39+00:00","breadcrumb":{"@id":"https:\/\/festivalpanoramic.cat\/en\/project\/felipe-cesar-londono-i-felipe-arturo-perez-co\/#breadcrumb"},"inLanguage":"en-US","potentialAction":[{"@type":"ReadAction","target":["https:\/\/festivalpanoramic.cat\/en\/project\/felipe-cesar-londono-i-felipe-arturo-perez-co\/"]}]},{"@type":"BreadcrumbList","@id":"https:\/\/festivalpanoramic.cat\/en\/project\/felipe-cesar-londono-i-felipe-arturo-perez-co\/#breadcrumb","itemListElement":[{"@type":"ListItem","position":1,"name":"Inici","item":"https:\/\/festivalpanoramic.cat\/en\/"},{"@type":"ListItem","position":2,"name":"Projects","item":"https:\/\/festivalpanoramic.cat\/en\/project\/"},{"@type":"ListItem","position":3,"name":"Felipe Cesar Londo\u00f1o i Felipe Arturo P\u00e9rez (CO)"}]},{"@type":"WebSite","@id":"https:\/\/festivalpanoramic.cat\/en\/#website","url":"https:\/\/festivalpanoramic.cat\/en\/","name":"Festival Panor\u00e0mic","description":"PANOR\u00c0MIC. ARTS I CULTURES VISUALS","potentialAction":[{"@type":"SearchAction","target":{"@type":"EntryPoint","urlTemplate":"https:\/\/festivalpanoramic.cat\/en\/?s={search_term_string}"},"query-input":{"@type":"PropertyValueSpecification","valueRequired":true,"valueName":"search_term_string"}}],"inLanguage":"en-US"}]}},"_links":{"self":[{"href":"https:\/\/festivalpanoramic.cat\/en\/wp-json\/wp\/v2\/project\/29209","targetHints":{"allow":["GET"]}}],"collection":[{"href":"https:\/\/festivalpanoramic.cat\/en\/wp-json\/wp\/v2\/project"}],"about":[{"href":"https:\/\/festivalpanoramic.cat\/en\/wp-json\/wp\/v2\/types\/project"}],"author":[{"embeddable":true,"href":"https:\/\/festivalpanoramic.cat\/en\/wp-json\/wp\/v2\/users\/1"}],"replies":[{"embeddable":true,"href":"https:\/\/festivalpanoramic.cat\/en\/wp-json\/wp\/v2\/comments?post=29209"}],"version-history":[{"count":0,"href":"https:\/\/festivalpanoramic.cat\/en\/wp-json\/wp\/v2\/project\/29209\/revisions"}],"wp:attachment":[{"href":"https:\/\/festivalpanoramic.cat\/en\/wp-json\/wp\/v2\/media?parent=29209"}],"wp:term":[{"taxonomy":"project_category","embeddable":true,"href":"https:\/\/festivalpanoramic.cat\/en\/wp-json\/wp\/v2\/project_category?post=29209"},{"taxonomy":"project_tag","embeddable":true,"href":"https:\/\/festivalpanoramic.cat\/en\/wp-json\/wp\/v2\/project_tag?post=29209"}],"curies":[{"name":"wp","href":"https:\/\/api.w.org\/{rel}","templated":true}]}}