{"id":34835,"date":"2024-09-18T09:46:16","date_gmt":"2024-09-18T07:46:16","guid":{"rendered":"https:\/\/festivalpanoramic.cat\/project\/lluiiiiiis-coreografies-amb-larxiu-marta-ros\/"},"modified":"2024-09-20T09:42:14","modified_gmt":"2024-09-20T07:42:14","slug":"lluiiiiiis-coreografies-amb-larxiu-marta-ros","status":"publish","type":"project","link":"https:\/\/festivalpanoramic.cat\/en\/project\/lluiiiiiis-coreografies-amb-larxiu-marta-ros\/","title":{"rendered":"LLU\u00cd\u00cd\u00cd\u00cd\u00cd\u00cdS! Coreografies amb l\u2019arxiu. Marta Ros"},"content":{"rendered":"<p>[et_pb_section fb_built=&#8221;1&#8243; _builder_version=&#8221;4.16&#8243; _module_preset=&#8221;default&#8221; global_colors_info=&#8221;{}&#8221;][et_pb_row column_structure=&#8221;2_5,3_5&#8243; custom_padding_last_edited=&#8221;on|tablet&#8221; _builder_version=&#8221;4.25.0&#8243; _module_preset=&#8221;default&#8221; width=&#8221;95%&#8221; width_tablet=&#8221;90%&#8221; width_phone=&#8221;90%&#8221; width_last_edited=&#8221;on|phone&#8221; max_width=&#8221;2560px&#8221; custom_margin_tablet=&#8221;0px||||false|false&#8221; custom_margin_phone=&#8221;-30px||||false|false&#8221; custom_margin_last_edited=&#8221;on|tablet&#8221; custom_padding_tablet=&#8221;0px||||false|false&#8221; custom_padding_phone=&#8221;0px||0px||true|false&#8221; global_colors_info=&#8221;{}&#8221;][et_pb_column type=&#8221;2_5&#8243; _builder_version=&#8221;4.16&#8243; _module_preset=&#8221;default&#8221; global_colors_info=&#8221;{}&#8221;][et_pb_text admin_label=&#8221;Exposicions&#8221; _builder_version=&#8221;4.17.6&#8243; _module_preset=&#8221;default&#8221; text_font=&#8221;Montserrat extra bold||||||||&#8221; text_text_color=&#8221;#000000&#8243; text_font_size=&#8221;16px&#8221; custom_margin=&#8221;||15px||false|false&#8221; global_colors_info=&#8221;{}&#8221;]<\/p>\n<p>Exhibitions<\/p>\n<p>[\/et_pb_text][et_pb_text admin_label=&#8221;Nom expo&#8221; _builder_version=&#8221;4.25.0&#8243; _module_preset=&#8221;default&#8221; text_font=&#8221;Montserrat extra bold||||||||&#8221; text_text_color=&#8221;#000000&#8243; text_font_size=&#8221;39px&#8221; text_line_height=&#8221;1em&#8221; custom_margin=&#8221;||19px||false|false&#8221; text_font_size_tablet=&#8221;39px&#8221; text_font_size_phone=&#8221;28px&#8221; text_font_size_last_edited=&#8221;on|phone&#8221; text_line_height_tablet=&#8221;&#8221; text_line_height_phone=&#8221;1.2em&#8221; text_line_height_last_edited=&#8221;on|phone&#8221; global_colors_info=&#8221;{}&#8221;]<\/p>\n<p><b>\u00abLLU\u00cd\u00cd\u00cd\u00cd\u00cd\u00cdS! Coreografies amb l\u2019arxiu\u00bb (Cheese! Choreographies from the archive) <\/b><\/p>\n<p>[\/et_pb_text][et_pb_text admin_label=&#8221;expo de&#8230;&#8221; _builder_version=&#8221;4.25.0&#8243; _module_preset=&#8221;default&#8221; text_font=&#8221;Montserrat Light||||||||&#8221; text_text_color=&#8221;gcid-73263b73-b059-42fc-a61d-05da764fa408&#8243; text_font_size=&#8221;17px&#8221; text_line_height=&#8221;1.1em&#8221; custom_margin=&#8221;-5px||0px||false|false&#8221; text_line_height_tablet=&#8221;0.6em&#8221; text_line_height_phone=&#8221;1.4em&#8221; text_line_height_last_edited=&#8221;on|phone&#8221; locked=&#8221;off&#8221; inline_fonts=&#8221;Montserrat extra bold,akrobat extrabold,Montserrat Light&#8221; global_colors_info=&#8221;{%22gcid-73263b73-b059-42fc-a61d-05da764fa408%22:%91%22text_text_color%22%93}&#8221;]<\/p>\n<p>Exhibition by <span style=\"font-family: 'Montserrat extra bold';\">Marta Ros, <\/span>curated by <span style=\"font-family: 'Montserrat extra bold';\">Merc\u00e8 Alsina<\/span><\/p>\n<p>[\/et_pb_text][et_pb_text admin_label=&#8221;Lloc&#8221; _builder_version=&#8221;4.25.0&#8243; _module_preset=&#8221;default&#8221; text_font=&#8221;Montserrat extra bold||||||||&#8221; text_text_color=&#8221;#000000&#8243; text_font_size=&#8221;18px&#8221; custom_margin=&#8221;10px||||false|false&#8221; text_font_size_tablet=&#8221;18px&#8221; text_font_size_phone=&#8221;16px&#8221; text_font_size_last_edited=&#8221;on|phone&#8221; inline_fonts=&#8221;akrobat light,Montserrat Light&#8221; global_colors_info=&#8221;{}&#8221;]<\/p>\n<p><span style=\"font-weight: 400;\"><b>GRANOLLERS<br \/>Roca Umbert F\u00e0brica de les Arts<\/b><b><br \/><\/b><span style=\"font-family: 'Montserrat Light';\">Audiovisual and installation in the streets of Roca Umbert. Result of the intervention in the Municipal Archives of Granollers <\/span> <b><br \/><\/b>Panor\u00e0mic FILE<b><br \/><\/b><\/span><span style=\"font-family: 'Montserrat Light'; font-weight: normal;\">Carrer d&#8217;Enric Prat de la Riba, 77<\/span><\/p>\n<p>[\/et_pb_text][et_pb_button button_url=&#8221;https:\/\/festivalpanoramic.cat\/en\/#home-localitzacions2024&#8243; button_text=&#8221;See the location map&#8221; button_alignment=&#8221;left&#8221; admin_label=&#8221;bot\u00f3 pl\u00e0nol&#8221; _builder_version=&#8221;4.25.0&#8243; _module_preset=&#8221;default&#8221; custom_button=&#8221;on&#8221; button_text_color=&#8221;#000000&#8243; button_bg_color=&#8221;#e8e8e8&#8243; button_border_width=&#8221;0px&#8221; button_border_radius=&#8221;0px&#8221; button_font=&#8221;akrobat extrabold||||||||&#8221; button_icon=&#8221;&#x24;||divi||400&#8243; custom_margin=&#8221;-15px||51px||false|false&#8221; custom_margin_tablet=&#8221;-17px||||false|false&#8221; custom_margin_phone=&#8221;-17px|||0px|false|false&#8221; custom_margin_last_edited=&#8221;on|tablet&#8221; button_text_size_tablet=&#8221;&#8221; button_text_size_phone=&#8221;18px&#8221; button_text_size_last_edited=&#8221;on|phone&#8221; global_colors_info=&#8221;{}&#8221;][\/et_pb_button][et_pb_text admin_label=&#8221;Data&#8221; _builder_version=&#8221;4.25.0&#8243; _module_preset=&#8221;default&#8221; text_font=&#8221;Montserrat Light||||||||&#8221; text_text_color=&#8221;#000000&#8243; text_font_size=&#8221;18px&#8221; custom_margin=&#8221;-34px||62px||false|false&#8221; custom_margin_tablet=&#8221;-24px||||false|false&#8221; custom_margin_phone=&#8221;-24px||44px||false|false&#8221; custom_margin_last_edited=&#8221;on|tablet&#8221; text_font_size_tablet=&#8221;18px&#8221; text_font_size_phone=&#8221;16px&#8221; text_font_size_last_edited=&#8221;on|phone&#8221; global_colors_info=&#8221;{}&#8221;]<\/p>\n<p>From October 10, to November 24<\/p>\n<p>[\/et_pb_text][et_pb_toggle title=&#8221;Schedule&#8221; open_toggle_text_color=&#8221;#000000&#8243; open_toggle_background_color=&#8221;RGBA(255,255,255,0)&#8221; closed_toggle_background_color=&#8221;RGBA(255,255,255,0)&#8221; icon_color=&#8221;#8b794f&#8221; toggle_icon=&#8221;&#x4c;||divi||400&#8243; use_icon_font_size=&#8221;on&#8221; icon_font_size=&#8221;22px&#8221; open_icon_color=&#8221;#8b794f&#8221; open_use_icon_font_size=&#8221;on&#8221; admin_label=&#8221;Horaris&#8221; _builder_version=&#8221;4.25.0&#8243; _module_preset=&#8221;default&#8221; title_text_color=&#8221;#000000&#8243; title_font=&#8221;Montserrat extra bold||||||||&#8221; title_font_size=&#8221;20px&#8221; closed_title_font=&#8221;Montserrat extra bold||||||||&#8221; closed_title_font_size=&#8221;20px&#8221; body_font=&#8221;akrobat light||||||||&#8221; body_text_color=&#8221;#000000&#8243; body_font_size=&#8221;20px&#8221; custom_margin=&#8221;-40px||||false|false&#8221; custom_margin_tablet=&#8221;-14px||||false|false&#8221; custom_margin_phone=&#8221;-20px||||false|false&#8221; custom_margin_last_edited=&#8221;on|desktop&#8221; body_font_size_tablet=&#8221;20px&#8221; body_font_size_phone=&#8221;18px&#8221; body_font_size_last_edited=&#8221;on|phone&#8221; border_width_all=&#8221;0px&#8221; border_width_top=&#8221;1px&#8221; border_color_top=&#8221;#8b794f&#8221; border_width_bottom=&#8221;1px&#8221; border_color_bottom=&#8221;#8c864d&#8221; locked=&#8221;off&#8221; global_colors_info=&#8221;{}&#8221;]<\/p>\n<p><span style=\"font-weight: 400;\">Friday 16.00 &#8211; 20.00 h<\/span><br \/><span style=\"font-weight: 400;\">Saturday and Sunday: 10.00 &#8211; 14.00 \/ 16.00 &#8211; 20.00 h <\/span><\/p>\n<p><span style=\"font-weight: 400;\">Special schedule during the Focus Week of Manifesta 15 Barcelona Metropolitana From, October 8, to October 13<br \/><\/span><span style=\"font-weight: 400;\">From Tuesday to Sunday: 10.00 &#8211; 14.00 \/ 16.00 &#8211; 20.00 h<\/span><\/p>\n<p>[\/et_pb_toggle][et_pb_text _builder_version=&#8221;4.25.0&#8243; _module_preset=&#8221;default&#8221; text_font=&#8221;akrobat light||||||||&#8221; text_text_color=&#8221;#000000&#8243; text_font_size=&#8221;20px&#8221; inline_fonts=&#8221;akrobat extrabold&#8221; global_colors_info=&#8221;{}&#8221;]<\/p>\n<p><span style=\"font-weight: 400;\">LLU\u00cd\u00cd\u00cd\u00cd\u00cd\u00cdS! Coreografies amb l\u2019arxiu (Cheese! Choreographies from the Archive) is a choreographic exercise <\/span><span style=\"font-weight: 400;\">inspired by the Municipal Archive of Granollers. <\/span><span style=\"font-weight: 400;\">The project begins with a selection of group photographs, from which the choreographer isolates specific individuals to depersonalize and reframe them as \u2018characters,\u2019 \u2018figures,\u2019 or \u2018bodies.\u2019 This approach allows for the exploration of imaginary movement emerging from their gestures in the photographs. The resulting choreography is created, worked on, and performed by students from the Ars\u00e9nic Theatre School. This piece imagines a fantastical relationship between the chosen figures, presenting a new group image in motion that encourages us to observe how we position and self-represent ourselves in group photographs.    <\/span><\/p>\n<p>[\/et_pb_text][\/et_pb_column][et_pb_column type=&#8221;3_5&#8243; _builder_version=&#8221;4.16&#8243; _module_preset=&#8221;default&#8221; global_colors_info=&#8221;{}&#8221;][et_pb_image src=&#8221;https:\/\/festivalpanoramic.cat\/wp-content\/uploads\/2024\/09\/IMAGEN-PRINCIPAL.png&#8221; title_text=&#8221;MAIN IMAGE&#8221; force_fullwidth=&#8221;on&#8221; _builder_version=&#8221;4.25.0&#8243; _module_preset=&#8221;default&#8221; custom_margin_tablet=&#8221;&#8221; custom_margin_phone=&#8221;10px||0px||false|false&#8221; custom_margin_last_edited=&#8221;on|phone&#8221; global_colors_info=&#8221;{}&#8221;][\/et_pb_image][\/et_pb_column][\/et_pb_row][\/et_pb_section][et_pb_section fb_built=&#8221;1&#8243; custom_padding_last_edited=&#8221;on|phone&#8221; _builder_version=&#8221;4.25.0&#8243; _module_preset=&#8221;default&#8221; background_color=&#8221;#e8e8e8&#8243; custom_padding_tablet=&#8221;&#8221; custom_padding_phone=&#8221;||0px||false|false&#8221; global_colors_info=&#8221;{}&#8221;][et_pb_row column_structure=&#8221;2_3,1_3&#8243; _builder_version=&#8221;4.25.0&#8243; _module_preset=&#8221;default&#8221; width=&#8221;95%&#8221; width_tablet=&#8221;90%&#8221; width_phone=&#8221;90%&#8221; width_last_edited=&#8221;on|phone&#8221; max_width=&#8221;2560px&#8221; custom_padding=&#8221;0px||0px||true|false&#8221; global_colors_info=&#8221;{}&#8221;][et_pb_column type=&#8221;2_3&#8243; _builder_version=&#8221;4.16&#8243; _module_preset=&#8221;default&#8221; global_colors_info=&#8221;{}&#8221;][et_pb_text _builder_version=&#8221;4.25.0&#8243; _module_preset=&#8221;default&#8221; text_font=&#8221;akrobat light||||||||&#8221; text_text_color=&#8221;#000000&#8243; text_font_size=&#8221;20px&#8221; custom_padding=&#8221;1px|||||&#8221; inline_fonts=&#8221;Montserrat extra bold&#8221; global_colors_info=&#8221;{}&#8221;]<\/p>\n<p><span style=\"font-family: 'Montserrat extra bold'; font-weight: normal; font-size: x-large;\">Marta Ros<\/span><\/p>\n<p>Marta Ros<span style=\"font-weight: 400;\"> is a multidisciplinary artist and choreographer. Her work touches mainly on performance, audiovisual and dance, with a strong interest in visual arts, photography and writing. <br \/><\/span><span style=\"font-weight: 400;\"><\/span><\/p>\n<p><span style=\"font-weight: 400;\">She has a degree in Audiovisual Communication from Pompeu Fabra University and a Master in Transdisciplinary Art Therapy. Trained in theater and dance, she currently combines her artistic practice with her career as a dancer and choreographer. <br \/><\/span><span style=\"font-weight: 400;\"><\/span><\/p>\n<p><span style=\"font-weight: 400;\">She has choreographed tours for singers such as Rigoberta Bandini, and has also choreographed for music videos, plays and films. In 2022 she premiered her first solo \u201cFindYour Place (Easily)\u201d created in residence at Roca Umbert, F\u00e0brica de les Arts in Granollers <\/span><\/p>\n<p>[\/et_pb_text][et_pb_social_media_follow icon_color=&#8221;#FFFFFF&#8221; _builder_version=&#8221;4.25.0&#8243; _module_preset=&#8221;default&#8221; background_color=&#8221;RGBA(255,255,255,0)&#8221; global_colors_info=&#8221;{}&#8221;][et_pb_social_media_follow_network social_network=&#8221;instagram&#8221; url=&#8221;https:\/\/www.instagram.com\/ouinaohr&#8221; _builder_version=&#8221;4.25.0&#8243; _module_preset=&#8221;default&#8221; background_color=&#8221;#000000&#8243; background_enable_color=&#8221;on&#8221; global_colors_info=&#8221;{}&#8221; follow_button=&#8221;off&#8221; url_new_window=&#8221;on&#8221;]instagram[\/et_pb_social_media_follow_network][\/et_pb_social_media_follow][\/et_pb_column][et_pb_column type=&#8221;1_3&#8243; _builder_version=&#8221;4.16&#8243; _module_preset=&#8221;default&#8221; global_colors_info=&#8221;{}&#8221;][\/et_pb_column][\/et_pb_row][\/et_pb_section][et_pb_section fb_built=&#8221;1&#8243; custom_padding_last_edited=&#8221;on|phone&#8221; _builder_version=&#8221;4.25.0&#8243; _module_preset=&#8221;default&#8221; background_color=&#8221;#FFFFFF&#8221; custom_padding_tablet=&#8221;&#8221; custom_padding_phone=&#8221;||0px||false|false&#8221; global_colors_info=&#8221;{}&#8221;][et_pb_row column_structure=&#8221;2_3,1_3&#8243; _builder_version=&#8221;4.25.0&#8243; _module_preset=&#8221;default&#8221; width=&#8221;95%&#8221; width_tablet=&#8221;90%&#8221; width_phone=&#8221;90%&#8221; width_last_edited=&#8221;on|phone&#8221; max_width=&#8221;2560px&#8221; custom_padding=&#8221;0px||0px||true|false&#8221; global_colors_info=&#8221;{}&#8221;][et_pb_column type=&#8221;2_3&#8243; _builder_version=&#8221;4.16&#8243; _module_preset=&#8221;default&#8221; global_colors_info=&#8221;{}&#8221;][et_pb_text _builder_version=&#8221;4.25.0&#8243; _module_preset=&#8221;default&#8221; text_font=&#8221;akrobat light||||||||&#8221; text_text_color=&#8221;#000000&#8243; text_font_size=&#8221;20px&#8221; custom_padding=&#8221;1px|||||&#8221; hover_enabled=&#8221;0&#8243; inline_fonts=&#8221;Montserrat extra bold&#8221; global_colors_info=&#8221;{}&#8221; sticky_enabled=&#8221;0&#8243;]<\/p>\n<p><span style=\"font-family: 'Montserrat extra bold'; font-weight: normal; font-size: x-large;\">Merc\u00e8 Alsina<\/span><\/p>\n<p>Merc\u00e8 Alsina <span style=\"font-weight: 400;\">(Barcelona, 1966) holds a PhD cum laude in History and Theory of the Arts from the UB (2018). Art critic and independent curator.<br \/>A <\/span><span style=\"font-weight: 400;\">ssessor and curator of the Panor\u00e0mic Festival. <\/span><span style=\"font-weight: 400;\">Co-curated the contemporary art cycle santcorneliarts(2) in Cardedeu, recognized with the ACCA award for the best contemporary art programming in Catalonia 2023. <br \/><\/span><span style=\"font-weight: 400;\">She was artistic director of the self-managed space ARTUAL and Galeria 44.<\/span><span style=\"font-weight: 400;\">She curated the Escaparate space at the Abell\u00f3 Museum in Mollet.<\/span><\/p>\n<p>[\/et_pb_text][\/et_pb_column][et_pb_column type=&#8221;1_3&#8243; _builder_version=&#8221;4.16&#8243; _module_preset=&#8221;default&#8221; global_colors_info=&#8221;{}&#8221;][\/et_pb_column][\/et_pb_row][\/et_pb_section]<\/p>\n","protected":false},"excerpt":{"rendered":"<p>Exhibitions\u00abLLU\u00cd\u00cd\u00cd\u00cd\u00cd\u00cdS! Coreografies amb l\u2019arxiu\u00bb (Cheese! Choreographies from the archive) Exhibition by Marta Ros, curated by Merc\u00e8 AlsinaGRANOLLERSRoca Umbert F\u00e0brica de les ArtsAudiovisual and installation in the streets of Roca Umbert. [&hellip;]<\/p>\n","protected":false},"author":1,"featured_media":34581,"comment_status":"open","ping_status":"closed","template":"","meta":{"_et_pb_use_builder":"on","_et_pb_old_content":"","_et_gb_content_width":"","footnotes":""},"project_category":[124,125,127],"project_tag":[],"class_list":["post-34835","project","type-project","status-publish","has-post-thumbnail","hentry","project_category-exhibitioms-granollers-2024","project_category-exhibitions-2024","project_category-panoramic-file-2024-en"],"yoast_head":"<!-- This site is optimized with the Yoast SEO plugin v27.2 - https:\/\/yoast.com\/product\/yoast-seo-wordpress\/ -->\n<title>LLU\u00cd\u00cd\u00cd\u00cd\u00cd\u00cdS! Coreografies amb l\u2019arxiu. Marta Ros - Festival Panor\u00e0mic<\/title>\n<meta name=\"robots\" content=\"index, follow, max-snippet:-1, max-image-preview:large, max-video-preview:-1\" \/>\n<link rel=\"canonical\" href=\"https:\/\/festivalpanoramic.cat\/en\/project\/lluiiiiiis-coreografies-amb-larxiu-marta-ros\/\" \/>\n<meta property=\"og:locale\" content=\"en_US\" \/>\n<meta property=\"og:type\" content=\"article\" \/>\n<meta property=\"og:title\" content=\"LLU\u00cd\u00cd\u00cd\u00cd\u00cd\u00cdS! Coreografies amb l\u2019arxiu. Marta Ros - Festival Panor\u00e0mic\" \/>\n<meta property=\"og:description\" content=\"Exhibitions\u00abLLU\u00cd\u00cd\u00cd\u00cd\u00cd\u00cdS! Coreografies amb l\u2019arxiu\u00bb (Cheese! Choreographies from the archive) Exhibition by Marta Ros, curated by Merc\u00e8 AlsinaGRANOLLERSRoca Umbert F\u00e0brica de les ArtsAudiovisual and installation in the streets of Roca Umbert. [&hellip;]\" \/>\n<meta property=\"og:url\" content=\"https:\/\/festivalpanoramic.cat\/en\/project\/lluiiiiiis-coreografies-amb-larxiu-marta-ros\/\" \/>\n<meta property=\"og:site_name\" content=\"Festival Panor\u00e0mic\" \/>\n<meta property=\"article:modified_time\" content=\"2024-09-20T07:42:14+00:00\" \/>\n<meta property=\"og:image\" content=\"https:\/\/festivalpanoramic.cat\/wp-content\/uploads\/2024\/09\/dest_IMAGEN-PRINCIPAL.png\" \/>\n\t<meta property=\"og:image:width\" content=\"1397\" \/>\n\t<meta property=\"og:image:height\" content=\"1048\" \/>\n\t<meta property=\"og:image:type\" content=\"image\/png\" \/>\n<meta name=\"twitter:card\" content=\"summary_large_image\" \/>\n<meta name=\"twitter:label1\" content=\"Est. reading time\" \/>\n\t<meta name=\"twitter:data1\" content=\"8 minutes\" \/>\n<script type=\"application\/ld+json\" class=\"yoast-schema-graph\">{\"@context\":\"https:\/\/schema.org\",\"@graph\":[{\"@type\":\"WebPage\",\"@id\":\"https:\/\/festivalpanoramic.cat\/en\/project\/lluiiiiiis-coreografies-amb-larxiu-marta-ros\/\",\"url\":\"https:\/\/festivalpanoramic.cat\/en\/project\/lluiiiiiis-coreografies-amb-larxiu-marta-ros\/\",\"name\":\"LLU\u00cd\u00cd\u00cd\u00cd\u00cd\u00cdS! Coreografies amb l\u2019arxiu. Marta Ros - Festival Panor\u00e0mic\",\"isPartOf\":{\"@id\":\"https:\/\/festivalpanoramic.cat\/en\/#website\"},\"primaryImageOfPage\":{\"@id\":\"https:\/\/festivalpanoramic.cat\/en\/project\/lluiiiiiis-coreografies-amb-larxiu-marta-ros\/#primaryimage\"},\"image\":{\"@id\":\"https:\/\/festivalpanoramic.cat\/en\/project\/lluiiiiiis-coreografies-amb-larxiu-marta-ros\/#primaryimage\"},\"thumbnailUrl\":\"https:\/\/festivalpanoramic.cat\/wp-content\/uploads\/2024\/09\/dest_IMAGEN-PRINCIPAL.png\",\"datePublished\":\"2024-09-18T07:46:16+00:00\",\"dateModified\":\"2024-09-20T07:42:14+00:00\",\"breadcrumb\":{\"@id\":\"https:\/\/festivalpanoramic.cat\/en\/project\/lluiiiiiis-coreografies-amb-larxiu-marta-ros\/#breadcrumb\"},\"inLanguage\":\"en-US\",\"potentialAction\":[{\"@type\":\"ReadAction\",\"target\":[\"https:\/\/festivalpanoramic.cat\/en\/project\/lluiiiiiis-coreografies-amb-larxiu-marta-ros\/\"]}]},{\"@type\":\"ImageObject\",\"inLanguage\":\"en-US\",\"@id\":\"https:\/\/festivalpanoramic.cat\/en\/project\/lluiiiiiis-coreografies-amb-larxiu-marta-ros\/#primaryimage\",\"url\":\"https:\/\/festivalpanoramic.cat\/wp-content\/uploads\/2024\/09\/dest_IMAGEN-PRINCIPAL.png\",\"contentUrl\":\"https:\/\/festivalpanoramic.cat\/wp-content\/uploads\/2024\/09\/dest_IMAGEN-PRINCIPAL.png\",\"width\":1397,\"height\":1048},{\"@type\":\"BreadcrumbList\",\"@id\":\"https:\/\/festivalpanoramic.cat\/en\/project\/lluiiiiiis-coreografies-amb-larxiu-marta-ros\/#breadcrumb\",\"itemListElement\":[{\"@type\":\"ListItem\",\"position\":1,\"name\":\"Inici\",\"item\":\"https:\/\/festivalpanoramic.cat\/en\/\"},{\"@type\":\"ListItem\",\"position\":2,\"name\":\"Projects\",\"item\":\"https:\/\/festivalpanoramic.cat\/en\/project\/\"},{\"@type\":\"ListItem\",\"position\":3,\"name\":\"LLU\u00cd\u00cd\u00cd\u00cd\u00cd\u00cdS! Coreografies amb l\u2019arxiu. Marta Ros\"}]},{\"@type\":\"WebSite\",\"@id\":\"https:\/\/festivalpanoramic.cat\/en\/#website\",\"url\":\"https:\/\/festivalpanoramic.cat\/en\/\",\"name\":\"Festival Panor\u00e0mic\",\"description\":\"PANOR\u00c0MIC. ARTS I CULTURES VISUALS\",\"potentialAction\":[{\"@type\":\"SearchAction\",\"target\":{\"@type\":\"EntryPoint\",\"urlTemplate\":\"https:\/\/festivalpanoramic.cat\/en\/?s={search_term_string}\"},\"query-input\":{\"@type\":\"PropertyValueSpecification\",\"valueRequired\":true,\"valueName\":\"search_term_string\"}}],\"inLanguage\":\"en-US\"}]}<\/script>\n<!-- \/ Yoast SEO plugin. -->","yoast_head_json":{"title":"LLU\u00cd\u00cd\u00cd\u00cd\u00cd\u00cdS! Coreografies amb l\u2019arxiu. Marta Ros - Festival Panor\u00e0mic","robots":{"index":"index","follow":"follow","max-snippet":"max-snippet:-1","max-image-preview":"max-image-preview:large","max-video-preview":"max-video-preview:-1"},"canonical":"https:\/\/festivalpanoramic.cat\/en\/project\/lluiiiiiis-coreografies-amb-larxiu-marta-ros\/","og_locale":"en_US","og_type":"article","og_title":"LLU\u00cd\u00cd\u00cd\u00cd\u00cd\u00cdS! Coreografies amb l\u2019arxiu. Marta Ros - Festival Panor\u00e0mic","og_description":"Exhibitions\u00abLLU\u00cd\u00cd\u00cd\u00cd\u00cd\u00cdS! Coreografies amb l\u2019arxiu\u00bb (Cheese! Choreographies from the archive) Exhibition by Marta Ros, curated by Merc\u00e8 AlsinaGRANOLLERSRoca Umbert F\u00e0brica de les ArtsAudiovisual and installation in the streets of Roca Umbert. [&hellip;]","og_url":"https:\/\/festivalpanoramic.cat\/en\/project\/lluiiiiiis-coreografies-amb-larxiu-marta-ros\/","og_site_name":"Festival Panor\u00e0mic","article_modified_time":"2024-09-20T07:42:14+00:00","og_image":[{"width":1397,"height":1048,"url":"https:\/\/festivalpanoramic.cat\/wp-content\/uploads\/2024\/09\/dest_IMAGEN-PRINCIPAL.png","type":"image\/png"}],"twitter_card":"summary_large_image","twitter_misc":{"Est. reading time":"8 minutes"},"schema":{"@context":"https:\/\/schema.org","@graph":[{"@type":"WebPage","@id":"https:\/\/festivalpanoramic.cat\/en\/project\/lluiiiiiis-coreografies-amb-larxiu-marta-ros\/","url":"https:\/\/festivalpanoramic.cat\/en\/project\/lluiiiiiis-coreografies-amb-larxiu-marta-ros\/","name":"LLU\u00cd\u00cd\u00cd\u00cd\u00cd\u00cdS! Coreografies amb l\u2019arxiu. Marta Ros - Festival Panor\u00e0mic","isPartOf":{"@id":"https:\/\/festivalpanoramic.cat\/en\/#website"},"primaryImageOfPage":{"@id":"https:\/\/festivalpanoramic.cat\/en\/project\/lluiiiiiis-coreografies-amb-larxiu-marta-ros\/#primaryimage"},"image":{"@id":"https:\/\/festivalpanoramic.cat\/en\/project\/lluiiiiiis-coreografies-amb-larxiu-marta-ros\/#primaryimage"},"thumbnailUrl":"https:\/\/festivalpanoramic.cat\/wp-content\/uploads\/2024\/09\/dest_IMAGEN-PRINCIPAL.png","datePublished":"2024-09-18T07:46:16+00:00","dateModified":"2024-09-20T07:42:14+00:00","breadcrumb":{"@id":"https:\/\/festivalpanoramic.cat\/en\/project\/lluiiiiiis-coreografies-amb-larxiu-marta-ros\/#breadcrumb"},"inLanguage":"en-US","potentialAction":[{"@type":"ReadAction","target":["https:\/\/festivalpanoramic.cat\/en\/project\/lluiiiiiis-coreografies-amb-larxiu-marta-ros\/"]}]},{"@type":"ImageObject","inLanguage":"en-US","@id":"https:\/\/festivalpanoramic.cat\/en\/project\/lluiiiiiis-coreografies-amb-larxiu-marta-ros\/#primaryimage","url":"https:\/\/festivalpanoramic.cat\/wp-content\/uploads\/2024\/09\/dest_IMAGEN-PRINCIPAL.png","contentUrl":"https:\/\/festivalpanoramic.cat\/wp-content\/uploads\/2024\/09\/dest_IMAGEN-PRINCIPAL.png","width":1397,"height":1048},{"@type":"BreadcrumbList","@id":"https:\/\/festivalpanoramic.cat\/en\/project\/lluiiiiiis-coreografies-amb-larxiu-marta-ros\/#breadcrumb","itemListElement":[{"@type":"ListItem","position":1,"name":"Inici","item":"https:\/\/festivalpanoramic.cat\/en\/"},{"@type":"ListItem","position":2,"name":"Projects","item":"https:\/\/festivalpanoramic.cat\/en\/project\/"},{"@type":"ListItem","position":3,"name":"LLU\u00cd\u00cd\u00cd\u00cd\u00cd\u00cdS! Coreografies amb l\u2019arxiu. Marta Ros"}]},{"@type":"WebSite","@id":"https:\/\/festivalpanoramic.cat\/en\/#website","url":"https:\/\/festivalpanoramic.cat\/en\/","name":"Festival Panor\u00e0mic","description":"PANOR\u00c0MIC. ARTS I CULTURES VISUALS","potentialAction":[{"@type":"SearchAction","target":{"@type":"EntryPoint","urlTemplate":"https:\/\/festivalpanoramic.cat\/en\/?s={search_term_string}"},"query-input":{"@type":"PropertyValueSpecification","valueRequired":true,"valueName":"search_term_string"}}],"inLanguage":"en-US"}]}},"_links":{"self":[{"href":"https:\/\/festivalpanoramic.cat\/en\/wp-json\/wp\/v2\/project\/34835","targetHints":{"allow":["GET"]}}],"collection":[{"href":"https:\/\/festivalpanoramic.cat\/en\/wp-json\/wp\/v2\/project"}],"about":[{"href":"https:\/\/festivalpanoramic.cat\/en\/wp-json\/wp\/v2\/types\/project"}],"author":[{"embeddable":true,"href":"https:\/\/festivalpanoramic.cat\/en\/wp-json\/wp\/v2\/users\/1"}],"replies":[{"embeddable":true,"href":"https:\/\/festivalpanoramic.cat\/en\/wp-json\/wp\/v2\/comments?post=34835"}],"version-history":[{"count":9,"href":"https:\/\/festivalpanoramic.cat\/en\/wp-json\/wp\/v2\/project\/34835\/revisions"}],"predecessor-version":[{"id":35247,"href":"https:\/\/festivalpanoramic.cat\/en\/wp-json\/wp\/v2\/project\/34835\/revisions\/35247"}],"wp:featuredmedia":[{"embeddable":true,"href":"https:\/\/festivalpanoramic.cat\/en\/wp-json\/wp\/v2\/media\/34581"}],"wp:attachment":[{"href":"https:\/\/festivalpanoramic.cat\/en\/wp-json\/wp\/v2\/media?parent=34835"}],"wp:term":[{"taxonomy":"project_category","embeddable":true,"href":"https:\/\/festivalpanoramic.cat\/en\/wp-json\/wp\/v2\/project_category?post=34835"},{"taxonomy":"project_tag","embeddable":true,"href":"https:\/\/festivalpanoramic.cat\/en\/wp-json\/wp\/v2\/project_tag?post=34835"}],"curies":[{"name":"wp","href":"https:\/\/api.w.org\/{rel}","templated":true}]}}