{"id":34880,"date":"2024-09-18T10:32:57","date_gmt":"2024-09-18T08:32:57","guid":{"rendered":"https:\/\/festivalpanoramic.cat\/project\/like-snow-in-the-middle-of-summer-rabih-mroue\/"},"modified":"2024-09-20T09:40:55","modified_gmt":"2024-09-20T07:40:55","slug":"like-snow-in-the-middle-of-summer-rabih-mroue","status":"publish","type":"project","link":"https:\/\/festivalpanoramic.cat\/en\/project\/like-snow-in-the-middle-of-summer-rabih-mroue\/","title":{"rendered":"Like Snow in the Middle of Summer. Rabih Mrou\u00e9"},"content":{"rendered":"<p>[et_pb_section fb_built=&#8221;1&#8243; _builder_version=&#8221;4.16&#8243; _module_preset=&#8221;default&#8221; global_colors_info=&#8221;{}&#8221;][et_pb_row column_structure=&#8221;2_5,3_5&#8243; custom_padding_last_edited=&#8221;on|tablet&#8221; _builder_version=&#8221;4.25.0&#8243; _module_preset=&#8221;default&#8221; width=&#8221;95%&#8221; width_tablet=&#8221;90%&#8221; width_phone=&#8221;90%&#8221; width_last_edited=&#8221;on|phone&#8221; max_width=&#8221;2560px&#8221; custom_margin_tablet=&#8221;0px||||false|false&#8221; custom_margin_phone=&#8221;-30px||||false|false&#8221; custom_margin_last_edited=&#8221;on|tablet&#8221; custom_padding_tablet=&#8221;0px||||false|false&#8221; custom_padding_phone=&#8221;0px||0px||true|false&#8221; global_colors_info=&#8221;{}&#8221;][et_pb_column type=&#8221;2_5&#8243; _builder_version=&#8221;4.16&#8243; _module_preset=&#8221;default&#8221; global_colors_info=&#8221;{}&#8221;][et_pb_text admin_label=&#8221;Exposicions&#8221; _builder_version=&#8221;4.17.6&#8243; _module_preset=&#8221;default&#8221; text_font=&#8221;Montserrat extra bold||||||||&#8221; text_text_color=&#8221;#000000&#8243; text_font_size=&#8221;16px&#8221; custom_margin=&#8221;||15px||false|false&#8221; global_colors_info=&#8221;{}&#8221;]<\/p>\n<p>Exhibitions<\/p>\n<p>[\/et_pb_text][et_pb_text admin_label=&#8221;Nom expo&#8221; _builder_version=&#8221;4.25.0&#8243; _module_preset=&#8221;default&#8221; text_font=&#8221;Montserrat extra bold||||||||&#8221; text_text_color=&#8221;#000000&#8243; text_font_size=&#8221;39px&#8221; text_line_height=&#8221;1em&#8221; custom_margin=&#8221;||19px||false|false&#8221; text_font_size_tablet=&#8221;39px&#8221; text_font_size_phone=&#8221;28px&#8221; text_font_size_last_edited=&#8221;on|phone&#8221; text_line_height_tablet=&#8221;&#8221; text_line_height_phone=&#8221;1.2em&#8221; text_line_height_last_edited=&#8221;on|phone&#8221; global_colors_info=&#8221;{}&#8221;]<\/p>\n<p>Like Snow in the Middle of Summer<\/p>\n<p>[\/et_pb_text][et_pb_text admin_label=&#8221;expo de&#8230;&#8221; _builder_version=&#8221;4.25.0&#8243; _module_preset=&#8221;default&#8221; text_font=&#8221;Montserrat Light||||||||&#8221; text_text_color=&#8221;gcid-73263b73-b059-42fc-a61d-05da764fa408&#8243; text_font_size=&#8221;17px&#8221; text_line_height=&#8221;1.1em&#8221; custom_margin=&#8221;-5px||0px||false|false&#8221; hover_enabled=&#8221;0&#8243; text_line_height_tablet=&#8221;0.6em&#8221; text_line_height_phone=&#8221;1.4em&#8221; text_line_height_last_edited=&#8221;on|phone&#8221; locked=&#8221;off&#8221; inline_fonts=&#8221;Montserrat extra bold,akrobat extrabold,Montserrat Light&#8221; global_colors_info=&#8221;{%22gcid-73263b73-b059-42fc-a61d-05da764fa408%22:%91%22text_text_color%22%93}&#8221; sticky_enabled=&#8221;0&#8243;]<\/p>\n<p>Exhibition by <span style=\"font-family: 'Montserrat extra bold';\">Rabih Mrou\u00e9, <\/span>curated by <span style=\"font-family: 'Montserrat extra bold';\">Lisa Deml<\/span><\/p>\n<p>[\/et_pb_text][et_pb_text admin_label=&#8221;Lloc&#8221; _builder_version=&#8221;4.25.0&#8243; _module_preset=&#8221;default&#8221; text_font=&#8221;Montserrat extra bold||||||||&#8221; text_text_color=&#8221;#000000&#8243; text_font_size=&#8221;18px&#8221; custom_margin=&#8221;10px||||false|false&#8221; text_font_size_tablet=&#8221;18px&#8221; text_font_size_phone=&#8221;16px&#8221; text_font_size_last_edited=&#8221;on|phone&#8221; inline_fonts=&#8221;akrobat light,Montserrat Light&#8221; global_colors_info=&#8221;{}&#8221;]<\/p>\n<p><b>GRANOLLERS<br \/><\/b><span style=\"font-weight: 400;\"><b>Refugi Antiaeri<\/b><br \/><\/span><span style=\"font-family: 'Montserrat Light'; font-weight: normal;\">Carrer de Jaume Camp i Lloreda, 8<\/span><\/p>\n<p>[\/et_pb_text][et_pb_button button_url=&#8221;https:\/\/festivalpanoramic.cat\/en\/#home-localitzacions2024&#8243; button_text=&#8221;See the location map&#8221; button_alignment=&#8221;left&#8221; admin_label=&#8221;bot\u00f3 pl\u00e0nol&#8221; _builder_version=&#8221;4.25.0&#8243; _module_preset=&#8221;default&#8221; custom_button=&#8221;on&#8221; button_text_color=&#8221;#000000&#8243; button_bg_color=&#8221;#e8e8e8&#8243; button_border_width=&#8221;0px&#8221; button_border_radius=&#8221;0px&#8221; button_font=&#8221;akrobat extrabold||||||||&#8221; button_icon=&#8221;&#x24;||divi||400&#8243; custom_margin=&#8221;-15px||51px||false|false&#8221; custom_margin_tablet=&#8221;-17px||||false|false&#8221; custom_margin_phone=&#8221;-17px|||0px|false|false&#8221; custom_margin_last_edited=&#8221;on|tablet&#8221; button_text_size_tablet=&#8221;&#8221; button_text_size_phone=&#8221;18px&#8221; button_text_size_last_edited=&#8221;on|phone&#8221; global_colors_info=&#8221;{}&#8221;][\/et_pb_button][et_pb_text admin_label=&#8221;Data&#8221; _builder_version=&#8221;4.25.0&#8243; _module_preset=&#8221;default&#8221; text_font=&#8221;Montserrat Light||||||||&#8221; text_text_color=&#8221;#000000&#8243; text_font_size=&#8221;18px&#8221; custom_margin=&#8221;-34px||62px||false|false&#8221; custom_margin_tablet=&#8221;-24px||||false|false&#8221; custom_margin_phone=&#8221;-24px||44px||false|false&#8221; custom_margin_last_edited=&#8221;on|tablet&#8221; text_font_size_tablet=&#8221;18px&#8221; text_font_size_phone=&#8221;16px&#8221; text_font_size_last_edited=&#8221;on|phone&#8221; global_colors_info=&#8221;{}&#8221;]<\/p>\n<p>From October 10, to November 24<\/p>\n<p>[\/et_pb_text][et_pb_toggle title=&#8221;Schedule&#8221; open_toggle_text_color=&#8221;#000000&#8243; open_toggle_background_color=&#8221;RGBA(255,255,255,0)&#8221; closed_toggle_background_color=&#8221;RGBA(255,255,255,0)&#8221; icon_color=&#8221;#8b794f&#8221; toggle_icon=&#8221;&#x4c;||divi||400&#8243; use_icon_font_size=&#8221;on&#8221; icon_font_size=&#8221;22px&#8221; open_icon_color=&#8221;#8b794f&#8221; open_use_icon_font_size=&#8221;on&#8221; admin_label=&#8221;Horaris&#8221; _builder_version=&#8221;4.25.0&#8243; _module_preset=&#8221;default&#8221; title_text_color=&#8221;#000000&#8243; title_font=&#8221;Montserrat extra bold||||||||&#8221; title_font_size=&#8221;20px&#8221; closed_title_font=&#8221;Montserrat extra bold||||||||&#8221; closed_title_font_size=&#8221;20px&#8221; body_font=&#8221;akrobat light||||||||&#8221; body_text_color=&#8221;#000000&#8243; body_font_size=&#8221;20px&#8221; custom_margin=&#8221;-40px||||false|false&#8221; custom_margin_tablet=&#8221;-14px||||false|false&#8221; custom_margin_phone=&#8221;-20px||||false|false&#8221; custom_margin_last_edited=&#8221;on|desktop&#8221; body_font_size_tablet=&#8221;20px&#8221; body_font_size_phone=&#8221;18px&#8221; body_font_size_last_edited=&#8221;on|phone&#8221; border_width_all=&#8221;0px&#8221; border_width_top=&#8221;1px&#8221; border_color_top=&#8221;#8b794f&#8221; border_width_bottom=&#8221;1px&#8221; border_color_bottom=&#8221;#8c864d&#8221; locked=&#8221;off&#8221; global_colors_info=&#8221;{}&#8221;]<\/p>\n<p>October:<\/p>\n<p><span style=\"font-weight: 400;\">Morning\/Noon (11:00 &#8211; 14:00): Sundays, October 13 and 27<br \/><\/span><span style=\"font-weight: 400;\"><\/span><\/p>\n<p><span style=\"font-weight: 400;\">Afternoon\/Evening (17:00 &#8211; 20:00): Thursday, October 10 Friday, October 11 Friday, October 18 Saturday, October 19 Friday, October 25<\/span><\/p>\n<p><span style=\"font-weight: 400;\"><\/span><\/p>\n<p>November:<\/p>\n<p><span style=\"font-weight: 400;\">Morning\/Noon (11:00 &#8211; 14:00): Sundays, November 10 and 24<\/span><\/p>\n<p><span style=\"font-weight: 400;\">Afternoon\/Evening (17:00 &#8211; 20:00): Saturday, November 2 Friday, November 8 Friday, November 15 Saturday, November 16 Friday, November 22<\/span><\/p>\n<p>[\/et_pb_toggle][et_pb_text _builder_version=&#8221;4.25.0&#8243; _module_preset=&#8221;default&#8221; text_font=&#8221;akrobat light||||||||&#8221; text_text_color=&#8221;#000000&#8243; text_font_size=&#8221;20px&#8221; inline_fonts=&#8221;akrobat extrabold&#8221; global_colors_info=&#8221;{}&#8221;]<\/p>\n<p><span style=\"font-weight: 400;\">Over the last 100 years, the skies have become more precarious, traversed by contested and often conflicting technologies, hegemonies, and ideologies. Like Snow in the Middle of Summer brings together works by Rabih Mrou\u00e9 that reflect on the embodied experience of aerial violence and its lingering aftereffects on urban and social fabrics. Working at the intersection of personal and political narratives, the artist\u2019s oeuvre is intimately tied to the history of Lebanon yet resonates far beyond the region. Spanning theatre, visual arts, literature, and music, his body of work raises questions about the use of images, the strategies of storytelling, and the trustworthiness of memory and the accounts and documents that seek to capture it. The video essays, non-academic lectures, newspaper collages, archival records, and scripted confessions gathered in this exhibition unsettle established histories and past experiences to open up new perspectives, spin alternative narratives, and imagine futures with hope on the horizon.     <\/span><\/p>\n<p>[\/et_pb_text][\/et_pb_column][et_pb_column type=&#8221;3_5&#8243; _builder_version=&#8221;4.16&#8243; _module_preset=&#8221;default&#8221; global_colors_info=&#8221;{}&#8221;][et_pb_image src=&#8221;https:\/\/festivalpanoramic.cat\/wp-content\/uploads\/2024\/09\/Copia-de-Rabih-Mroue_Diary-of-a-Leap-Year_detail-3_2006-2016_Courtesy-of-the-Artist.jpg&#8221; title_text=&#8221;Copia de Rabih Mroue\u0301_Diary of a Leap Year_detail-3_2006-2016_Courtesy of the Artist&#8221; force_fullwidth=&#8221;on&#8221; _builder_version=&#8221;4.25.0&#8243; _module_preset=&#8221;default&#8221; custom_margin_tablet=&#8221;&#8221; custom_margin_phone=&#8221;10px||0px||false|false&#8221; custom_margin_last_edited=&#8221;on|phone&#8221; global_colors_info=&#8221;{}&#8221;][\/et_pb_image][\/et_pb_column][\/et_pb_row][\/et_pb_section][et_pb_section fb_built=&#8221;1&#8243; custom_padding_last_edited=&#8221;on|phone&#8221; _builder_version=&#8221;4.25.0&#8243; _module_preset=&#8221;default&#8221; background_color=&#8221;#e8e8e8&#8243; custom_padding_tablet=&#8221;&#8221; custom_padding_phone=&#8221;||0px||false|false&#8221; global_colors_info=&#8221;{}&#8221;][et_pb_row column_structure=&#8221;2_3,1_3&#8243; _builder_version=&#8221;4.25.0&#8243; _module_preset=&#8221;default&#8221; width=&#8221;95%&#8221; width_tablet=&#8221;90%&#8221; width_phone=&#8221;90%&#8221; width_last_edited=&#8221;on|phone&#8221; max_width=&#8221;2560px&#8221; custom_padding=&#8221;0px||0px||true|false&#8221; global_colors_info=&#8221;{}&#8221;][et_pb_column type=&#8221;2_3&#8243; _builder_version=&#8221;4.16&#8243; _module_preset=&#8221;default&#8221; global_colors_info=&#8221;{}&#8221;][et_pb_text _builder_version=&#8221;4.25.0&#8243; _module_preset=&#8221;default&#8221; text_font=&#8221;akrobat light||||||||&#8221; text_text_color=&#8221;#000000&#8243; text_font_size=&#8221;20px&#8221; custom_padding=&#8221;1px|||||&#8221; inline_fonts=&#8221;Montserrat extra bold&#8221; global_colors_info=&#8221;{}&#8221;]<\/p>\n<p><span style=\"font-family: 'Montserrat extra bold'; font-weight: normal; font-size: x-large;\">Rabih Mrou\u00e9<\/span><\/p>\n<p>Rabih Mrou\u00e9 <span style=\"font-weight: 400;\">(Beirut, 1967) is an actor, director, playwright, visual artist. He is a contributing editor for  <\/span><i><span style=\"font-weight: 400;\">The Drama Review\/TDX <\/span><\/i><span style=\"font-weight: 400;\">He is also a co-founder of the Beirut Art Center (BAC), Beirut. He was a fellow at  <\/span><i><span style=\"font-weight: 400;\">International Research Center: Interweaving Performance Cultures\/FU\/Berlin<\/span><\/i><span style=\"font-weight: 400;\"> (2013 \u2013 2015) and a theatre-director at M\u00fcnchner Kammerspiele (2015-2019). Mrou\u00e9\u2019s works include  <\/span><i><span style=\"font-weight: 400;\">Hartaqat <\/span><\/i><span style=\"font-weight: 400;\">(2023),  <\/span><i><span style=\"font-weight: 400;\">Before falling Seek the assistance of your cane<\/span><\/i><span style=\"font-weight: 400;\">  (2020),  <\/span><i><span style=\"font-weight: 400;\">Borborymgus <\/span><\/i><span style=\"font-weight: 400;\">(2020),  <\/span><i><span style=\"font-weight: 400;\">So Little Time<\/span><\/i><span style=\"font-weight: 400;\">  (2017),  <\/span><i><span style=\"font-weight: 400;\">Sand in the Eyes<\/span><\/i><span style=\"font-weight: 400;\">  (2017),  <\/span><i><span style=\"font-weight: 400;\">Rima Kamel<\/span><\/i><span style=\"font-weight: 400;\">  (2017),  <\/span><i><span style=\"font-weight: 400;\">Ode to joy<\/span><\/i><span style=\"font-weight: 400;\">  (2015),  <\/span><i><span style=\"font-weight: 400;\">Riding on a cloud<\/span><\/i><span style=\"font-weight: 400;\">  (2013),  <\/span><i><span style=\"font-weight: 400;\">The pixelated revolution<\/span><\/i><span style=\"font-weight: 400;\">  (2012),  <\/span><i><span style=\"font-weight: 400;\">The inhabitants of images<\/span><\/i><span style=\"font-weight: 400;\">  (2008),  <\/span><i><span style=\"font-weight: 400;\">Who&#8217;s afraid of representation?<\/span><\/i><span style=\"font-weight: 400;\"> (2005), among others. He has performed and exhibited internationally, including at the Museum of Modern Art, New York (2015); SALT Galata and SALT Beyo\u011flu, Istanbul (2014); CA2M Centro de Arte Dos de Mayo, Madrid (2012\u201313); DOCUMENTA (13), Kassel, Germany (2012); ICP Triennial of Photography and Video, International Center of Photography, New York (2010); and Centre Pompidou, Paris (2007); among others.  <\/span><\/p>\n<p>[\/et_pb_text][\/et_pb_column][et_pb_column type=&#8221;1_3&#8243; _builder_version=&#8221;4.16&#8243; _module_preset=&#8221;default&#8221; global_colors_info=&#8221;{}&#8221;][\/et_pb_column][\/et_pb_row][\/et_pb_section][et_pb_section fb_built=&#8221;1&#8243; custom_padding_last_edited=&#8221;on|phone&#8221; _builder_version=&#8221;4.25.0&#8243; _module_preset=&#8221;default&#8221; background_color=&#8221;#FFFFFF&#8221; custom_padding_tablet=&#8221;&#8221; custom_padding_phone=&#8221;||0px||false|false&#8221; global_colors_info=&#8221;{}&#8221;][et_pb_row column_structure=&#8221;2_3,1_3&#8243; _builder_version=&#8221;4.25.0&#8243; _module_preset=&#8221;default&#8221; width=&#8221;95%&#8221; width_tablet=&#8221;90%&#8221; width_phone=&#8221;90%&#8221; width_last_edited=&#8221;on|phone&#8221; max_width=&#8221;2560px&#8221; custom_padding=&#8221;0px||0px||true|false&#8221; global_colors_info=&#8221;{}&#8221;][et_pb_column type=&#8221;2_3&#8243; _builder_version=&#8221;4.16&#8243; _module_preset=&#8221;default&#8221; global_colors_info=&#8221;{}&#8221;][et_pb_text _builder_version=&#8221;4.25.0&#8243; _module_preset=&#8221;default&#8221; text_font=&#8221;akrobat light||||||||&#8221; text_text_color=&#8221;#000000&#8243; text_font_size=&#8221;20px&#8221; custom_padding=&#8221;1px|||||&#8221; inline_fonts=&#8221;Montserrat extra bold&#8221; global_colors_info=&#8221;{}&#8221;]<\/p>\n<p><span style=\"font-family: 'Montserrat extra bold'; font-weight: normal; font-size: x-large;\">Lisa Deml<\/span><\/p>\n<p>Lisa Deml <span style=\"font-weight: 400;\">(<\/span><span style=\"font-weight: 400;\">Munich, 1993) is an independent curator and writer based in Berlin. Initially trained as a journalist, she subsequently worked for cultural institutions and non-profit organisations, including Haus der Kulturen der Welt (HKW), Berlin, Haus der Kunst, Munich, and Ashkal Alwan, Beirut. Her texts have been featured in exhibition catalogues, such as Rabih Mrou\u00e9: Interviews (ed. Nadim Samman, KW Institute for Contemporary Art \/ Hatje Cantz, 2022), as well as in journals, including Third Text, PARSE, and Critical Arts.  <\/span><\/p>\n<p>[\/et_pb_text][et_pb_social_media_follow icon_color=&#8221;#FFFFFF&#8221; _builder_version=&#8221;4.25.0&#8243; _module_preset=&#8221;default&#8221; background_color=&#8221;RGBA(255,255,255,0)&#8221; locked=&#8221;off&#8221; global_colors_info=&#8221;{}&#8221;][et_pb_social_media_follow_network social_network=&#8221;twitter&#8221; url=&#8221;https:\/\/twitter.com\/Lisa_Deml&#8221; _builder_version=&#8221;4.25.0&#8243; _module_preset=&#8221;default&#8221; background_color=&#8221;#000000&#8243; background_enable_color=&#8221;on&#8221; global_colors_info=&#8221;{}&#8221; follow_button=&#8221;off&#8221; url_new_window=&#8221;on&#8221;]twitter[\/et_pb_social_media_follow_network][\/et_pb_social_media_follow][\/et_pb_column][et_pb_column type=&#8221;1_3&#8243; _builder_version=&#8221;4.16&#8243; _module_preset=&#8221;default&#8221; global_colors_info=&#8221;{}&#8221;][\/et_pb_column][\/et_pb_row][\/et_pb_section]<\/p>\n","protected":false},"excerpt":{"rendered":"<p>ExhibitionsLike Snow in the Middle of SummerExhibition by Rabih Mrou\u00e9, curated by Lisa DemlGRANOLLERSRefugi AntiaeriCarrer de Jaume Camp i Lloreda, 8From October 10, to November 24October: Morning\/Noon (11:00 &#8211; 14:00): [&hellip;]<\/p>\n","protected":false},"author":1,"featured_media":34636,"comment_status":"open","ping_status":"closed","template":"","meta":{"_et_pb_use_builder":"on","_et_pb_old_content":"","_et_gb_content_width":"","footnotes":""},"project_category":[124],"project_tag":[],"class_list":["post-34880","project","type-project","status-publish","has-post-thumbnail","hentry","project_category-exhibitioms-granollers-2024"],"yoast_head":"<!-- This site is optimized with the Yoast SEO plugin v27.2 - https:\/\/yoast.com\/product\/yoast-seo-wordpress\/ -->\n<title>Like Snow in the Middle of Summer. Rabih Mrou\u00e9 - Festival Panor\u00e0mic<\/title>\n<meta name=\"robots\" content=\"index, follow, max-snippet:-1, max-image-preview:large, max-video-preview:-1\" \/>\n<link rel=\"canonical\" href=\"https:\/\/festivalpanoramic.cat\/en\/project\/like-snow-in-the-middle-of-summer-rabih-mroue\/\" \/>\n<meta property=\"og:locale\" content=\"en_US\" \/>\n<meta property=\"og:type\" content=\"article\" \/>\n<meta property=\"og:title\" content=\"Like Snow in the Middle of Summer. Rabih Mrou\u00e9 - Festival Panor\u00e0mic\" \/>\n<meta property=\"og:description\" content=\"ExhibitionsLike Snow in the Middle of SummerExhibition by Rabih Mrou\u00e9, curated by Lisa DemlGRANOLLERSRefugi AntiaeriCarrer de Jaume Camp i Lloreda, 8From October 10, to November 24October: Morning\/Noon (11:00 - 14:00): [&hellip;]\" \/>\n<meta property=\"og:url\" content=\"https:\/\/festivalpanoramic.cat\/en\/project\/like-snow-in-the-middle-of-summer-rabih-mroue\/\" \/>\n<meta property=\"og:site_name\" content=\"Festival Panor\u00e0mic\" \/>\n<meta property=\"article:modified_time\" content=\"2024-09-20T07:40:55+00:00\" \/>\n<meta property=\"og:image\" content=\"https:\/\/festivalpanoramic.cat\/wp-content\/uploads\/2024\/09\/Copia-de-Rabih-Mroue_Diary-of-a-Leap-Year_detail-3_2006-2016_Courtesy-of-the-Artist.jpg\" \/>\n\t<meta property=\"og:image:width\" content=\"1181\" \/>\n\t<meta property=\"og:image:height\" content=\"1747\" \/>\n\t<meta property=\"og:image:type\" content=\"image\/jpeg\" \/>\n<meta name=\"twitter:card\" content=\"summary_large_image\" \/>\n<meta name=\"twitter:label1\" content=\"Est. reading time\" \/>\n\t<meta name=\"twitter:data1\" content=\"8 minutes\" \/>\n<script type=\"application\/ld+json\" class=\"yoast-schema-graph\">{\"@context\":\"https:\/\/schema.org\",\"@graph\":[{\"@type\":\"WebPage\",\"@id\":\"https:\/\/festivalpanoramic.cat\/en\/project\/like-snow-in-the-middle-of-summer-rabih-mroue\/\",\"url\":\"https:\/\/festivalpanoramic.cat\/en\/project\/like-snow-in-the-middle-of-summer-rabih-mroue\/\",\"name\":\"Like Snow in the Middle of Summer. Rabih Mrou\u00e9 - Festival Panor\u00e0mic\",\"isPartOf\":{\"@id\":\"https:\/\/festivalpanoramic.cat\/en\/#website\"},\"primaryImageOfPage\":{\"@id\":\"https:\/\/festivalpanoramic.cat\/en\/project\/like-snow-in-the-middle-of-summer-rabih-mroue\/#primaryimage\"},\"image\":{\"@id\":\"https:\/\/festivalpanoramic.cat\/en\/project\/like-snow-in-the-middle-of-summer-rabih-mroue\/#primaryimage\"},\"thumbnailUrl\":\"https:\/\/festivalpanoramic.cat\/wp-content\/uploads\/2024\/09\/Copia-de-Rabih-Mroue_Diary-of-a-Leap-Year_detail-3_2006-2016_Courtesy-of-the-Artist.jpg\",\"datePublished\":\"2024-09-18T08:32:57+00:00\",\"dateModified\":\"2024-09-20T07:40:55+00:00\",\"breadcrumb\":{\"@id\":\"https:\/\/festivalpanoramic.cat\/en\/project\/like-snow-in-the-middle-of-summer-rabih-mroue\/#breadcrumb\"},\"inLanguage\":\"en-US\",\"potentialAction\":[{\"@type\":\"ReadAction\",\"target\":[\"https:\/\/festivalpanoramic.cat\/en\/project\/like-snow-in-the-middle-of-summer-rabih-mroue\/\"]}]},{\"@type\":\"ImageObject\",\"inLanguage\":\"en-US\",\"@id\":\"https:\/\/festivalpanoramic.cat\/en\/project\/like-snow-in-the-middle-of-summer-rabih-mroue\/#primaryimage\",\"url\":\"https:\/\/festivalpanoramic.cat\/wp-content\/uploads\/2024\/09\/Copia-de-Rabih-Mroue_Diary-of-a-Leap-Year_detail-3_2006-2016_Courtesy-of-the-Artist.jpg\",\"contentUrl\":\"https:\/\/festivalpanoramic.cat\/wp-content\/uploads\/2024\/09\/Copia-de-Rabih-Mroue_Diary-of-a-Leap-Year_detail-3_2006-2016_Courtesy-of-the-Artist.jpg\",\"width\":1181,\"height\":1747},{\"@type\":\"BreadcrumbList\",\"@id\":\"https:\/\/festivalpanoramic.cat\/en\/project\/like-snow-in-the-middle-of-summer-rabih-mroue\/#breadcrumb\",\"itemListElement\":[{\"@type\":\"ListItem\",\"position\":1,\"name\":\"Inici\",\"item\":\"https:\/\/festivalpanoramic.cat\/en\/\"},{\"@type\":\"ListItem\",\"position\":2,\"name\":\"Projects\",\"item\":\"https:\/\/festivalpanoramic.cat\/en\/project\/\"},{\"@type\":\"ListItem\",\"position\":3,\"name\":\"Like Snow in the Middle of Summer. Rabih Mrou\u00e9\"}]},{\"@type\":\"WebSite\",\"@id\":\"https:\/\/festivalpanoramic.cat\/en\/#website\",\"url\":\"https:\/\/festivalpanoramic.cat\/en\/\",\"name\":\"Festival Panor\u00e0mic\",\"description\":\"PANOR\u00c0MIC. ARTS I CULTURES VISUALS\",\"potentialAction\":[{\"@type\":\"SearchAction\",\"target\":{\"@type\":\"EntryPoint\",\"urlTemplate\":\"https:\/\/festivalpanoramic.cat\/en\/?s={search_term_string}\"},\"query-input\":{\"@type\":\"PropertyValueSpecification\",\"valueRequired\":true,\"valueName\":\"search_term_string\"}}],\"inLanguage\":\"en-US\"}]}<\/script>\n<!-- \/ Yoast SEO plugin. -->","yoast_head_json":{"title":"Like Snow in the Middle of Summer. Rabih Mrou\u00e9 - Festival Panor\u00e0mic","robots":{"index":"index","follow":"follow","max-snippet":"max-snippet:-1","max-image-preview":"max-image-preview:large","max-video-preview":"max-video-preview:-1"},"canonical":"https:\/\/festivalpanoramic.cat\/en\/project\/like-snow-in-the-middle-of-summer-rabih-mroue\/","og_locale":"en_US","og_type":"article","og_title":"Like Snow in the Middle of Summer. Rabih Mrou\u00e9 - Festival Panor\u00e0mic","og_description":"ExhibitionsLike Snow in the Middle of SummerExhibition by Rabih Mrou\u00e9, curated by Lisa DemlGRANOLLERSRefugi AntiaeriCarrer de Jaume Camp i Lloreda, 8From October 10, to November 24October: Morning\/Noon (11:00 - 14:00): [&hellip;]","og_url":"https:\/\/festivalpanoramic.cat\/en\/project\/like-snow-in-the-middle-of-summer-rabih-mroue\/","og_site_name":"Festival Panor\u00e0mic","article_modified_time":"2024-09-20T07:40:55+00:00","og_image":[{"width":1181,"height":1747,"url":"https:\/\/festivalpanoramic.cat\/wp-content\/uploads\/2024\/09\/Copia-de-Rabih-Mroue_Diary-of-a-Leap-Year_detail-3_2006-2016_Courtesy-of-the-Artist.jpg","type":"image\/jpeg"}],"twitter_card":"summary_large_image","twitter_misc":{"Est. reading time":"8 minutes"},"schema":{"@context":"https:\/\/schema.org","@graph":[{"@type":"WebPage","@id":"https:\/\/festivalpanoramic.cat\/en\/project\/like-snow-in-the-middle-of-summer-rabih-mroue\/","url":"https:\/\/festivalpanoramic.cat\/en\/project\/like-snow-in-the-middle-of-summer-rabih-mroue\/","name":"Like Snow in the Middle of Summer. Rabih Mrou\u00e9 - Festival Panor\u00e0mic","isPartOf":{"@id":"https:\/\/festivalpanoramic.cat\/en\/#website"},"primaryImageOfPage":{"@id":"https:\/\/festivalpanoramic.cat\/en\/project\/like-snow-in-the-middle-of-summer-rabih-mroue\/#primaryimage"},"image":{"@id":"https:\/\/festivalpanoramic.cat\/en\/project\/like-snow-in-the-middle-of-summer-rabih-mroue\/#primaryimage"},"thumbnailUrl":"https:\/\/festivalpanoramic.cat\/wp-content\/uploads\/2024\/09\/Copia-de-Rabih-Mroue_Diary-of-a-Leap-Year_detail-3_2006-2016_Courtesy-of-the-Artist.jpg","datePublished":"2024-09-18T08:32:57+00:00","dateModified":"2024-09-20T07:40:55+00:00","breadcrumb":{"@id":"https:\/\/festivalpanoramic.cat\/en\/project\/like-snow-in-the-middle-of-summer-rabih-mroue\/#breadcrumb"},"inLanguage":"en-US","potentialAction":[{"@type":"ReadAction","target":["https:\/\/festivalpanoramic.cat\/en\/project\/like-snow-in-the-middle-of-summer-rabih-mroue\/"]}]},{"@type":"ImageObject","inLanguage":"en-US","@id":"https:\/\/festivalpanoramic.cat\/en\/project\/like-snow-in-the-middle-of-summer-rabih-mroue\/#primaryimage","url":"https:\/\/festivalpanoramic.cat\/wp-content\/uploads\/2024\/09\/Copia-de-Rabih-Mroue_Diary-of-a-Leap-Year_detail-3_2006-2016_Courtesy-of-the-Artist.jpg","contentUrl":"https:\/\/festivalpanoramic.cat\/wp-content\/uploads\/2024\/09\/Copia-de-Rabih-Mroue_Diary-of-a-Leap-Year_detail-3_2006-2016_Courtesy-of-the-Artist.jpg","width":1181,"height":1747},{"@type":"BreadcrumbList","@id":"https:\/\/festivalpanoramic.cat\/en\/project\/like-snow-in-the-middle-of-summer-rabih-mroue\/#breadcrumb","itemListElement":[{"@type":"ListItem","position":1,"name":"Inici","item":"https:\/\/festivalpanoramic.cat\/en\/"},{"@type":"ListItem","position":2,"name":"Projects","item":"https:\/\/festivalpanoramic.cat\/en\/project\/"},{"@type":"ListItem","position":3,"name":"Like Snow in the Middle of Summer. Rabih Mrou\u00e9"}]},{"@type":"WebSite","@id":"https:\/\/festivalpanoramic.cat\/en\/#website","url":"https:\/\/festivalpanoramic.cat\/en\/","name":"Festival Panor\u00e0mic","description":"PANOR\u00c0MIC. ARTS I CULTURES VISUALS","potentialAction":[{"@type":"SearchAction","target":{"@type":"EntryPoint","urlTemplate":"https:\/\/festivalpanoramic.cat\/en\/?s={search_term_string}"},"query-input":{"@type":"PropertyValueSpecification","valueRequired":true,"valueName":"search_term_string"}}],"inLanguage":"en-US"}]}},"_links":{"self":[{"href":"https:\/\/festivalpanoramic.cat\/en\/wp-json\/wp\/v2\/project\/34880","targetHints":{"allow":["GET"]}}],"collection":[{"href":"https:\/\/festivalpanoramic.cat\/en\/wp-json\/wp\/v2\/project"}],"about":[{"href":"https:\/\/festivalpanoramic.cat\/en\/wp-json\/wp\/v2\/types\/project"}],"author":[{"embeddable":true,"href":"https:\/\/festivalpanoramic.cat\/en\/wp-json\/wp\/v2\/users\/1"}],"replies":[{"embeddable":true,"href":"https:\/\/festivalpanoramic.cat\/en\/wp-json\/wp\/v2\/comments?post=34880"}],"version-history":[{"count":9,"href":"https:\/\/festivalpanoramic.cat\/en\/wp-json\/wp\/v2\/project\/34880\/revisions"}],"predecessor-version":[{"id":35227,"href":"https:\/\/festivalpanoramic.cat\/en\/wp-json\/wp\/v2\/project\/34880\/revisions\/35227"}],"wp:featuredmedia":[{"embeddable":true,"href":"https:\/\/festivalpanoramic.cat\/en\/wp-json\/wp\/v2\/media\/34636"}],"wp:attachment":[{"href":"https:\/\/festivalpanoramic.cat\/en\/wp-json\/wp\/v2\/media?parent=34880"}],"wp:term":[{"taxonomy":"project_category","embeddable":true,"href":"https:\/\/festivalpanoramic.cat\/en\/wp-json\/wp\/v2\/project_category?post=34880"},{"taxonomy":"project_tag","embeddable":true,"href":"https:\/\/festivalpanoramic.cat\/en\/wp-json\/wp\/v2\/project_tag?post=34880"}],"curies":[{"name":"wp","href":"https:\/\/api.w.org\/{rel}","templated":true}]}}