{"id":34922,"date":"2024-09-18T11:33:05","date_gmt":"2024-09-18T09:33:05","guid":{"rendered":"https:\/\/festivalpanoramic.cat\/project\/reject-modernity-embrace-tradition-joan-palle\/"},"modified":"2024-09-20T09:39:48","modified_gmt":"2024-09-20T07:39:48","slug":"reject-modernity-embrace-tradition-joan-palle","status":"publish","type":"project","link":"https:\/\/festivalpanoramic.cat\/en\/project\/reject-modernity-embrace-tradition-joan-palle\/","title":{"rendered":"Reject Modernity, Embrace Tradition. Joan Pall\u00e9"},"content":{"rendered":"<p>[et_pb_section fb_built=&#8221;1&#8243; _builder_version=&#8221;4.16&#8243; _module_preset=&#8221;default&#8221; global_colors_info=&#8221;{}&#8221;][et_pb_row column_structure=&#8221;2_5,3_5&#8243; custom_padding_last_edited=&#8221;on|tablet&#8221; _builder_version=&#8221;4.25.0&#8243; _module_preset=&#8221;default&#8221; width=&#8221;95%&#8221; width_tablet=&#8221;90%&#8221; width_phone=&#8221;90%&#8221; width_last_edited=&#8221;on|phone&#8221; max_width=&#8221;2560px&#8221; custom_margin_tablet=&#8221;0px||||false|false&#8221; custom_margin_phone=&#8221;-30px||||false|false&#8221; custom_margin_last_edited=&#8221;on|tablet&#8221; custom_padding_tablet=&#8221;0px||||false|false&#8221; custom_padding_phone=&#8221;0px||0px||true|false&#8221; global_colors_info=&#8221;{}&#8221;][et_pb_column type=&#8221;2_5&#8243; _builder_version=&#8221;4.16&#8243; _module_preset=&#8221;default&#8221; global_colors_info=&#8221;{}&#8221;][et_pb_text admin_label=&#8221;Exposicions&#8221; _builder_version=&#8221;4.17.6&#8243; _module_preset=&#8221;default&#8221; text_font=&#8221;Montserrat extra bold||||||||&#8221; text_text_color=&#8221;#000000&#8243; text_font_size=&#8221;16px&#8221; custom_margin=&#8221;||15px||false|false&#8221; global_colors_info=&#8221;{}&#8221;]<\/p>\n<p>Exhibitions<\/p>\n<p>[\/et_pb_text][et_pb_text admin_label=&#8221;Nom expo&#8221; _builder_version=&#8221;4.25.0&#8243; _module_preset=&#8221;default&#8221; text_font=&#8221;Montserrat extra bold||||||||&#8221; text_text_color=&#8221;#000000&#8243; text_font_size=&#8221;39px&#8221; text_line_height=&#8221;1em&#8221; custom_margin=&#8221;||19px||false|false&#8221; text_font_size_tablet=&#8221;39px&#8221; text_font_size_phone=&#8221;28px&#8221; text_font_size_last_edited=&#8221;on|phone&#8221; text_line_height_tablet=&#8221;&#8221; text_line_height_phone=&#8221;1.2em&#8221; text_line_height_last_edited=&#8221;on|phone&#8221; global_colors_info=&#8221;{}&#8221;]<\/p>\n<p>Reject Modernity, Embrace Tradition<\/p>\n<p>[\/et_pb_text][et_pb_text admin_label=&#8221;expo de&#8230;&#8221; _builder_version=&#8221;4.25.0&#8243; _module_preset=&#8221;default&#8221; text_font=&#8221;Montserrat Light||||||||&#8221; text_text_color=&#8221;gcid-73263b73-b059-42fc-a61d-05da764fa408&#8243; text_font_size=&#8221;17px&#8221; text_line_height=&#8221;1.1em&#8221; custom_margin=&#8221;-5px||0px||false|false&#8221; text_line_height_tablet=&#8221;0.6em&#8221; text_line_height_phone=&#8221;1.4em&#8221; text_line_height_last_edited=&#8221;on|phone&#8221; locked=&#8221;off&#8221; inline_fonts=&#8221;Montserrat extra bold,akrobat extrabold,Montserrat Light&#8221; global_colors_info=&#8221;{%22gcid-73263b73-b059-42fc-a61d-05da764fa408%22:%91%22text_text_color%22%93}&#8221;]<\/p>\n<p>Exhibition by <span style=\"font-family: 'Montserrat extra bold';\">Joan Pall\u00e9, <\/span>curated by <span style=\"font-family: 'Montserrat extra bold';\">Merc\u00e8 Alsina<\/span><\/p>\n<p>[\/et_pb_text][et_pb_text admin_label=&#8221;Lloc&#8221; _builder_version=&#8221;4.25.0&#8243; _module_preset=&#8221;default&#8221; text_font=&#8221;Montserrat extra bold||||||||&#8221; text_text_color=&#8221;#000000&#8243; text_font_size=&#8221;18px&#8221; custom_margin=&#8221;10px||||false|false&#8221; text_font_size_tablet=&#8221;18px&#8221; text_font_size_phone=&#8221;16px&#8221; text_font_size_last_edited=&#8221;on|phone&#8221; inline_fonts=&#8221;akrobat light,Montserrat Light&#8221; global_colors_info=&#8221;{}&#8221;]<\/p>\n<p><b>BARCELONA<\/b><b><br \/><\/b><b>Arxiu Hist\u00f2ric de la Ciutat de Barcelona. Casa de l\u2019Ardiaca <\/b><b><br \/><\/b><b>Panor\u00e0mic FILE<br \/><\/b><span style=\"font-family: 'Montserrat Light'; font-weight: normal;\">Facilities in the Sala Dalmases and Sala Massana, and exhibition in the hall &#8211; Carrer de Santa Ll\u00facia, 1<\/span><\/p>\n<p>[\/et_pb_text][et_pb_button button_url=&#8221;https:\/\/festivalpanoramic.cat\/en\/#home-localitzacions2024&#8243; button_text=&#8221;See the location map&#8221; button_alignment=&#8221;left&#8221; admin_label=&#8221;bot\u00f3 pl\u00e0nol&#8221; _builder_version=&#8221;4.25.0&#8243; _module_preset=&#8221;default&#8221; custom_button=&#8221;on&#8221; button_text_color=&#8221;#000000&#8243; button_bg_color=&#8221;#e8e8e8&#8243; button_border_width=&#8221;0px&#8221; button_border_radius=&#8221;0px&#8221; button_font=&#8221;akrobat extrabold||||||||&#8221; button_icon=&#8221;&#x24;||divi||400&#8243; custom_margin=&#8221;-15px||51px||false|false&#8221; custom_margin_tablet=&#8221;-17px||||false|false&#8221; custom_margin_phone=&#8221;-17px|||0px|false|false&#8221; custom_margin_last_edited=&#8221;on|tablet&#8221; button_text_size_tablet=&#8221;&#8221; button_text_size_phone=&#8221;18px&#8221; button_text_size_last_edited=&#8221;on|phone&#8221; global_colors_info=&#8221;{}&#8221;][\/et_pb_button][et_pb_text admin_label=&#8221;Data&#8221; _builder_version=&#8221;4.25.0&#8243; _module_preset=&#8221;default&#8221; text_font=&#8221;Montserrat Light||||||||&#8221; text_text_color=&#8221;#000000&#8243; text_font_size=&#8221;18px&#8221; custom_margin=&#8221;-34px||62px||false|false&#8221; custom_margin_tablet=&#8221;-24px||||false|false&#8221; custom_margin_phone=&#8221;-24px||44px||false|false&#8221; custom_margin_last_edited=&#8221;on|tablet&#8221; text_font_size_tablet=&#8221;18px&#8221; text_font_size_phone=&#8221;16px&#8221; text_font_size_last_edited=&#8221;on|phone&#8221; global_colors_info=&#8221;{}&#8221;]<\/p>\n<p>From October 24 to December 5:<br \/>Site Specific at hall of the Arxiu Hist\u00f2ric de Barcelon<\/p>\n<p>From October 24 until mid-January 2025 &#8220;Reject Modernity, Embrace Tradition&#8221; exhibition in the Sala Dalmases and Sala Massana<br data-mce-bogus=\"1\">font-weight: 400;<span style=\"font-weight: 400;\">Opening hours for lobby visits:<\/span><span style=\"font-weight: 400;\"><br \/><\/span><span style=\"font-weight: 400;\">From Monday to Friday: from 9.30am to 2pm, and from 3pm to 7.30pm<\/span>font-weight: 400;font-weight: 400;font-weight: 400;For visiting the Sala Dalmases and Sala Massana by appointment only.font-weight: 400;font-weight: 400;Contact: Festival Panor\u00e0mic i\/o Arxiu Hist\u00f2ric de Barcelona. Casa de L\u2019ArdiacaSchedulefont-weight: 400;\u00abReject Modernity, Embrace Tradition\u00bb is a project specially developed by the Arxiu Hist\u00f2ric de Barcelona. Casa de l\u2019Ardiaca that engages with the building\u2019s history and its contents to explore aesthetic and political strategies. It challenges binary thinking and aims to provide a more complex perspective on reality. The project riffs on the classic Instagram meme \u00abReject Modernity, Embrace Tradition\u00bb which has been adopted by various political spectrums online, from the alt-right to anarcho-primitivism.font-weight: 400;In the archive consultation room, the project features diptych-style drawings that use images from the municipal historical archive of Barcelona. These drawings propose a variation of the meme: &#8220;Reject Reductionism, Embrace Complexity.&#8221; Meanwhile, in the Dalmases Room, a sculpture interacts with the showcase device, traditionally used for conserving printed material, but also as a producer of discourse. This sculpture includes replicas of materials from the collection of clandestine magazines preserved in the archive. Some of these magazines, published during the dictatorship, were anonymously deposited in the famous letterbox designed by Dom\u00e8nech i Montaner. For this exhibition, a partial enlarged reproduction of this letterbox is displayed in Sala Massana. These two sculptures examine the visual and sculptural elements of the building and the archive, presenting the contrasting sides of the political landscape that shape the city\u2019s historical identity. On one side is the modernist aesthetic linked to the Catalan haute bourgeoisie of the latefont-weight: 400;<span style=\"font-weight: 400;\">19th<\/span> <span style=\"font-weight: 400;\">and early 20th<\/span> <span style=\"font-weight: 400;\">centuries<\/span>font-weight: 400;font-weight: 400;font-weight: 400;, and on the other, the libertarian movements that emerged in the same period. The exhibition compels us to navigate the space between these extremes, reflecting on how we are paradoxically drawn to and influenced by both.Copia de DIGITAL NOMAD COMMUNITY MEME 2font-family: &#8216;Montserrat extra bold&#8217;; font-weight: normal; font-size: x-large;Joan Pall\u00e9Joan Pall\u00e9 <span style=\"font-weight: 400;\">(1989) <\/span>font-weight: 400;font-weight: 400;Lives and works in Barcelona. He has a degree in Fine Arts from the University of Barcelona and a master&#8217;s degree from IAGN Basel, Switzerland. His work is related to critical theory, ironizing with the hegemonic visual imaginary and introducing references to counterculture.font-weight: 400;In his practice, he uses images and texts with a great cultural charge, sometimes with a certain symbolic violence and, in doing so, he seeks to establish a relationship of tension with what he is working on. As a tangential approach disguised as explicit.font-weight: 400;In recent years he has received a production grant from Centre d&#8217;art la Panera (2017), the Roca Umbert Fabrica de Creaci\u00f3 award (2019), the Homessesions residency and production grant in collaboration with arte 3 (2018), and a research grant from Sala d&#8217;Art Jove (Generalitat de Catalunya) and Macba (2018). He has also been awarded the Bienal Larva prize for the best young artist in Lleida (2017). His work has been selected for the Biennal Europea Jove JCE (2017).font-weight: 400;His works have been exhibited afont-weight: 400;Biennale Jeune Creation Europ\u00e9ene. Le Beffroifont-weight: 400;<span style=\"font-weight: 400;\">, Ville de Montrouge, Par\u00eds (2017); <\/span><i><span style=\"font-weight: 400;\">Biennale Jeune Creation Europ\u00e9ene at kunst bygningen i vr\u00e5<\/span><\/i><span style=\"font-weight: 400;\">, Dinamarca (2018); <\/span><i><span style=\"font-weight: 400;\">No es lo que aparece<\/span><\/i><span style=\"font-weight: 400;\">, Fabra i Coats, Barcelona; <\/span><i><span style=\"font-weight: 400;\">Mostra d&#8217;Art Urb\u00e1<\/span><\/i><span style=\"font-weight: 400;\">, Roca Umbert, Granollers (2017); <\/span>font-weight: 400;font-weight: 400;font-weight: 400;font-weight: 400;font-weight: 400;font-weight: 400;font-weight: 400;Embarrat. La Gran M\u00e1quina IVfont-weight: 400;, Tarrega; Centre d&#8217;Art la Panera, Lleida. Recently, he has had solo exhibitions at the Fundaci\u00f3 Arranz Bravo, Barcelona and at the Institut d&#8217;Estudi Ilerdencs, Lleida.font-family: &#8216;Montserrat extra bold&#8217;; font-weight: normal; font-size: x-large;Merc\u00e8 AlsinaMerc\u00e8 Alsinafont-weight: 400;(Barcelona, 1966) holds a PhD cum laude in History and Theory of the Arts from the UB (2018). Art critic and independent curator.font-weight: 400;<span style=\"font-weight: 400;\">Assessor and curator of the Panor\u00e0mic Festival.<\/span><span style=\"font-weight: 400;\">Co-curated the contemporary art cycle santcorneliarts(2) in Cardedeu, recognized with the ACCA award for the best contemporary art programming in Catalonia 2023.<br \/><\/span><span style=\"font-weight: 400;\">She was artistic director of the self-managed space ARTUAL and Galeria 44.<\/span><span style=\"font-weight: 400;\">She curated the Escaparate space at the Abell\u00f3 Museum in Mollet.<\/span>font-weight: 400;font-weight: 400;font-weight: 400;<\/p>\n<p>[\/et_pb_text][et_pb_toggle title=&#8221;Schedule&#8221; open_toggle_text_color=&#8221;#000000&#8243; open_toggle_background_color=&#8221;RGBA(255,255,255,0)&#8221; closed_toggle_background_color=&#8221;RGBA(255,255,255,0)&#8221; icon_color=&#8221;#8b794f&#8221; toggle_icon=&#8221;&#x4c;||divi||400&#8243; use_icon_font_size=&#8221;on&#8221; icon_font_size=&#8221;22px&#8221; open_icon_color=&#8221;#8b794f&#8221; open_use_icon_font_size=&#8221;on&#8221; admin_label=&#8221;Horaris&#8221; _builder_version=&#8221;4.25.0&#8243; _module_preset=&#8221;default&#8221; title_text_color=&#8221;#000000&#8243; title_font=&#8221;Montserrat extra bold||||||||&#8221; title_font_size=&#8221;20px&#8221; closed_title_font=&#8221;Montserrat extra bold||||||||&#8221; closed_title_font_size=&#8221;20px&#8221; body_font=&#8221;akrobat light||||||||&#8221; body_text_color=&#8221;#000000&#8243; body_font_size=&#8221;20px&#8221; custom_margin=&#8221;-40px||||false|false&#8221; custom_margin_tablet=&#8221;-14px||||false|false&#8221; custom_margin_phone=&#8221;-20px||||false|false&#8221; custom_margin_last_edited=&#8221;on|desktop&#8221; body_font_size_tablet=&#8221;20px&#8221; body_font_size_phone=&#8221;18px&#8221; body_font_size_last_edited=&#8221;on|phone&#8221; border_width_all=&#8221;0px&#8221; border_width_top=&#8221;1px&#8221; border_color_top=&#8221;#8b794f&#8221; border_width_bottom=&#8221;1px&#8221; border_color_bottom=&#8221;#8c864d&#8221; locked=&#8221;off&#8221; global_colors_info=&#8221;{}&#8221;]<\/p>\n<p><span style=\"font-weight: 400;\">Opening hours for lobby visits:<\/span><span style=\"font-weight: 400;\"><br \/><\/span><span style=\"font-weight: 400;\">From Monday to Friday: from 9.30am to 2pm, and from 3pm to 7.30pm<\/span><\/p>\n<p><span style=\"font-weight: 400;\">For visiting the Sala Dalmases and Sala Massana by appointment only.<\/span><span style=\"font-weight: 400;\"><br \/><\/span><span style=\"font-weight: 400;\">Contact: Festival Panor\u00e0mic i\/o Arxiu Hist\u00f2ric de Barcelona. Casa de L\u2019Ardiaca <\/span><\/p>\n<p>[\/et_pb_toggle][et_pb_text _builder_version=&#8221;4.25.0&#8243; _module_preset=&#8221;default&#8221; text_font=&#8221;akrobat light||||||||&#8221; text_text_color=&#8221;#000000&#8243; text_font_size=&#8221;20px&#8221; inline_fonts=&#8221;akrobat extrabold&#8221; global_colors_info=&#8221;{}&#8221;]<\/p>\n<p><span style=\"font-weight: 400;\">\u00abReject Modernity, Embrace Tradition\u00bb is a project specially developed by the Arxiu Hist\u00f2ric de Barcelona. Casa de l\u2019Ardiaca that engages with the building\u2019s history and its contents to explore aesthetic and political strategies. It challenges binary thinking and aims to provide a more complex perspective on reality. The project riffs on the classic Instagram meme \u00abReject Modernity, Embrace Tradition\u00bb which has been adopted by various political spectrums online, from the alt-right to anarcho-primitivism.  <\/span><\/p>\n<p><span style=\"font-weight: 400;\">In the archive consultation room, the project features diptych-style drawings that use images from the municipal historical archive of Barcelona. These drawings propose a variation of the meme: &#8220;Reject Reductionism, Embrace Complexity.&#8221; Meanwhile, in the Dalmases Room, a sculpture interacts with the showcase device, traditionally used for conserving printed material, but also as a producer of discourse. This sculpture includes replicas of materials from the collection of clandestine magazines preserved in the archive. Some of these magazines, published during the dictatorship, were anonymously deposited in the famous letterbox designed by Dom\u00e8nech i Montaner. For this exhibition, a partial enlarged reproduction of this letterbox is displayed in Sala Massana. These two sculptures examine the visual and sculptural elements of the building and the archive, presenting the contrasting sides of the political landscape that shape the city\u2019s historical identity. On one side is the modernist aesthetic linked to the Catalan haute bourgeoisie of the late      <\/span><span style=\"font-weight: 400;\">19th<\/span> <span style=\"font-weight: 400;\">and early 20th<\/span> <span style=\"font-weight: 400;\">centuries<\/span><span style=\"font-weight: 400;\">, and on the other, the libertarian movements that emerged in the same period. The exhibition compels us to navigate the space between these extremes, reflecting on how we are paradoxically drawn to and influenced by both. <\/span><\/p>\n<p>[\/et_pb_text][\/et_pb_column][et_pb_column type=&#8221;3_5&#8243; _builder_version=&#8221;4.16&#8243; _module_preset=&#8221;default&#8221; global_colors_info=&#8221;{}&#8221;][et_pb_image src=&#8221;https:\/\/festivalpanoramic.cat\/wp-content\/uploads\/2024\/09\/Copia-de-DIGITAL-NOMAD-COMMUNITY-MEME-2-1.jpg&#8221; title_text=&#8221;Copia de DIGITAL NOMAD COMMUNITY MEME 2&#8243; force_fullwidth=&#8221;on&#8221; _builder_version=&#8221;4.25.0&#8243; _module_preset=&#8221;default&#8221; custom_margin_tablet=&#8221;&#8221; custom_margin_phone=&#8221;10px||0px||false|false&#8221; custom_margin_last_edited=&#8221;on|phone&#8221; global_colors_info=&#8221;{}&#8221;][\/et_pb_image][\/et_pb_column][\/et_pb_row][\/et_pb_section][et_pb_section fb_built=&#8221;1&#8243; custom_padding_last_edited=&#8221;on|phone&#8221; _builder_version=&#8221;4.25.0&#8243; _module_preset=&#8221;default&#8221; background_color=&#8221;#e8e8e8&#8243; custom_padding_tablet=&#8221;&#8221; custom_padding_phone=&#8221;||0px||false|false&#8221; global_colors_info=&#8221;{}&#8221;][et_pb_row column_structure=&#8221;2_3,1_3&#8243; _builder_version=&#8221;4.25.0&#8243; _module_preset=&#8221;default&#8221; width=&#8221;95%&#8221; width_tablet=&#8221;90%&#8221; width_phone=&#8221;90%&#8221; width_last_edited=&#8221;on|phone&#8221; max_width=&#8221;2560px&#8221; custom_padding=&#8221;0px||0px||true|false&#8221; global_colors_info=&#8221;{}&#8221;][et_pb_column type=&#8221;2_3&#8243; _builder_version=&#8221;4.16&#8243; _module_preset=&#8221;default&#8221; global_colors_info=&#8221;{}&#8221;][et_pb_text _builder_version=&#8221;4.25.0&#8243; _module_preset=&#8221;default&#8221; text_font=&#8221;akrobat light||||||||&#8221; text_text_color=&#8221;#000000&#8243; text_font_size=&#8221;20px&#8221; custom_padding=&#8221;1px|||||&#8221; hover_enabled=&#8221;0&#8243; inline_fonts=&#8221;Montserrat extra bold&#8221; global_colors_info=&#8221;{}&#8221; sticky_enabled=&#8221;0&#8243;]<\/p>\n<p><span style=\"font-family: 'Montserrat extra bold'; font-weight: normal; font-size: x-large;\">Joan Pall\u00e9<\/span><\/p>\n<p>Joan Pall\u00e9 <span style=\"font-weight: 400;\">(1989) <\/span> <span style=\"font-weight: 400;\">Lives and works in Barcelona. He has a degree in Fine Arts from the University of Barcelona and a master&#8217;s degree from IAGN Basel, Switzerland. His work is related to critical theory, ironizing with the hegemonic visual imaginary and introducing references to counterculture.  <\/span><\/p>\n<p><span style=\"font-weight: 400;\">In his practice, he uses images and texts with a great cultural charge, sometimes with a certain symbolic violence and, in doing so, he seeks to establish a relationship of tension with what he is working on. As a tangential approach disguised as explicit. <\/span><\/p>\n<p><span style=\"font-weight: 400;\">In recent years he has received a production grant from Centre d&#8217;art la Panera (2017), the Roca Umbert Fabrica de Creaci\u00f3 award (2019), the Homessesions residency and production grant in collaboration with arte 3 (2018), and a research grant from Sala d&#8217;Art Jove (Generalitat de Catalunya) and Macba (2018). He has also been awarded the Bienal Larva prize for the best young artist in Lleida (2017). His work has been selected for the Biennal Europea Jove JCE (2017).  <\/span><\/p>\n<p><span style=\"font-weight: 400;\">His works have been exhibited a <\/span><i><span style=\"font-weight: 400;\">Biennale Jeune Creation Europ\u00e9ene. Le Beffroi <\/span><\/i><span style=\"font-weight: 400;\">, Ville de Montrouge, Par\u00eds (2017); <\/span><i><span style=\"font-weight: 400;\">Biennale Jeune Creation Europ\u00e9ene at kunst bygningen i vr\u00e5<\/span><\/i><span style=\"font-weight: 400;\">, Dinamarca (2018); <\/span><i><span style=\"font-weight: 400;\">No es lo que aparece<\/span><\/i><span style=\"font-weight: 400;\">, Fabra i Coats, Barcelona; <\/span><i><span style=\"font-weight: 400;\">Mostra d&#8217;Art Urb\u00e1<\/span><\/i><span style=\"font-weight: 400;\">, Roca Umbert, Granollers (2017); <\/span> <i><span style=\"font-weight: 400;\">Embarrat. La Gran M\u00e1quina IV <\/span><\/i><span style=\"font-weight: 400;\">, Tarrega; Centre d&#8217;Art la Panera, Lleida. Recently, he has had solo exhibitions at the Fundaci\u00f3 Arranz Bravo, Barcelona and at the Institut d&#8217;Estudi Ilerdencs, Lleida. <\/span><\/p>\n<p>[\/et_pb_text][et_pb_social_media_follow icon_color=&#8221;#FFFFFF&#8221; _builder_version=&#8221;4.25.0&#8243; _module_preset=&#8221;default&#8221; background_color=&#8221;RGBA(255,255,255,0)&#8221; global_colors_info=&#8221;{}&#8221;][et_pb_social_media_follow_network social_network=&#8221;rss&#8221; url=&#8221;http:\/\/joanpalle.com\/&#8221; _builder_version=&#8221;4.25.0&#8243; _module_preset=&#8221;default&#8221; background_color=&#8221;#000000&#8243; background_enable_color=&#8221;on&#8221; global_colors_info=&#8221;{}&#8221; follow_button=&#8221;off&#8221; url_new_window=&#8221;on&#8221;]rss[\/et_pb_social_media_follow_network][et_pb_social_media_follow_network social_network=&#8221;instagram&#8221; url=&#8221;https:\/\/www.instagram.com\/joan_palle&#8221; _builder_version=&#8221;4.25.0&#8243; _module_preset=&#8221;default&#8221; background_color=&#8221;#000000&#8243; background_enable_color=&#8221;on&#8221; global_colors_info=&#8221;{}&#8221; follow_button=&#8221;off&#8221; url_new_window=&#8221;on&#8221;]instagram[\/et_pb_social_media_follow_network][\/et_pb_social_media_follow][\/et_pb_column][et_pb_column type=&#8221;1_3&#8243; _builder_version=&#8221;4.16&#8243; _module_preset=&#8221;default&#8221; global_colors_info=&#8221;{}&#8221;][\/et_pb_column][\/et_pb_row][\/et_pb_section][et_pb_section fb_built=&#8221;1&#8243; custom_padding_last_edited=&#8221;on|phone&#8221; _builder_version=&#8221;4.25.0&#8243; _module_preset=&#8221;default&#8221; background_color=&#8221;#FFFFFF&#8221; custom_padding_tablet=&#8221;&#8221; custom_padding_phone=&#8221;||0px||false|false&#8221; global_colors_info=&#8221;{}&#8221;][et_pb_row column_structure=&#8221;2_3,1_3&#8243; _builder_version=&#8221;4.25.0&#8243; _module_preset=&#8221;default&#8221; width=&#8221;95%&#8221; width_tablet=&#8221;90%&#8221; width_phone=&#8221;90%&#8221; width_last_edited=&#8221;on|phone&#8221; max_width=&#8221;2560px&#8221; custom_padding=&#8221;0px||0px||true|false&#8221; global_colors_info=&#8221;{}&#8221;][et_pb_column type=&#8221;2_3&#8243; _builder_version=&#8221;4.16&#8243; _module_preset=&#8221;default&#8221; global_colors_info=&#8221;{}&#8221;][et_pb_text _builder_version=&#8221;4.25.0&#8243; _module_preset=&#8221;default&#8221; text_font=&#8221;akrobat light||||||||&#8221; text_text_color=&#8221;#000000&#8243; text_font_size=&#8221;20px&#8221; custom_padding=&#8221;1px|||||&#8221; inline_fonts=&#8221;Montserrat extra bold&#8221; global_colors_info=&#8221;{}&#8221;]<\/p>\n<p><span style=\"font-family: 'Montserrat extra bold'; font-weight: normal; font-size: x-large;\">Merc\u00e8 Alsina<\/span><\/p>\n<p>Merc\u00e8 Alsina <span style=\"font-weight: 400;\">(Barcelona, 1966) holds a PhD cum laude in History and Theory of the Arts from the UB (2018). Art critic and independent curator. <br \/><\/span><span style=\"font-weight: 400;\">Assessor and curator of the Panor\u00e0mic Festival.<\/span><span style=\"font-weight: 400;\">Co-curated the contemporary art cycle santcorneliarts(2) in Cardedeu, recognized with the ACCA award for the best contemporary art programming in Catalonia 2023.<br \/><\/span><span style=\"font-weight: 400;\">She was artistic director of the self-managed space ARTUAL and Galeria 44.<\/span><span style=\"font-weight: 400;\">She curated the Escaparate space at the Abell\u00f3 Museum in Mollet.<\/span><\/p>\n<p>[\/et_pb_text][\/et_pb_column][et_pb_column type=&#8221;1_3&#8243; _builder_version=&#8221;4.16&#8243; _module_preset=&#8221;default&#8221; global_colors_info=&#8221;{}&#8221;][\/et_pb_column][\/et_pb_row][\/et_pb_section]<\/p>\n","protected":false},"excerpt":{"rendered":"<p>ExhibitionsReject Modernity, Embrace TraditionExhibition by Joan Pall\u00e9, curated by Merc\u00e8 AlsinaBARCELONAArxiu Hist\u00f2ric de la Ciutat de Barcelona. Casa de l\u2019Ardiaca Panor\u00e0mic FILEFacilities in the Sala Dalmases and Sala Massana, and [&hellip;]<\/p>\n","protected":false},"author":1,"featured_media":34706,"comment_status":"open","ping_status":"closed","template":"","meta":{"_et_pb_use_builder":"on","_et_pb_old_content":"","_et_gb_content_width":"","footnotes":""},"project_category":[129,127],"project_tag":[],"class_list":["post-34922","project","type-project","status-publish","has-post-thumbnail","hentry","project_category-exhibitions-barcelona-2024","project_category-panoramic-file-2024-en"],"yoast_head":"<!-- This site is optimized with the Yoast SEO plugin v27.2 - https:\/\/yoast.com\/product\/yoast-seo-wordpress\/ -->\n<title>Reject Modernity, Embrace Tradition. Joan Pall\u00e9 - Festival Panor\u00e0mic<\/title>\n<meta name=\"robots\" content=\"index, follow, max-snippet:-1, max-image-preview:large, max-video-preview:-1\" \/>\n<link rel=\"canonical\" href=\"https:\/\/festivalpanoramic.cat\/en\/project\/reject-modernity-embrace-tradition-joan-palle\/\" \/>\n<meta property=\"og:locale\" content=\"en_US\" \/>\n<meta property=\"og:type\" content=\"article\" \/>\n<meta property=\"og:title\" content=\"Reject Modernity, Embrace Tradition. Joan Pall\u00e9 - Festival Panor\u00e0mic\" \/>\n<meta property=\"og:description\" content=\"ExhibitionsReject Modernity, Embrace TraditionExhibition by Joan Pall\u00e9, curated by Merc\u00e8 AlsinaBARCELONAArxiu Hist\u00f2ric de la Ciutat de Barcelona. Casa de l\u2019Ardiaca Panor\u00e0mic FILEFacilities in the Sala Dalmases and Sala Massana, and [&hellip;]\" \/>\n<meta property=\"og:url\" content=\"https:\/\/festivalpanoramic.cat\/en\/project\/reject-modernity-embrace-tradition-joan-palle\/\" \/>\n<meta property=\"og:site_name\" content=\"Festival Panor\u00e0mic\" \/>\n<meta property=\"article:modified_time\" content=\"2024-09-20T07:39:48+00:00\" \/>\n<meta property=\"og:image\" content=\"https:\/\/festivalpanoramic.cat\/wp-content\/uploads\/2024\/09\/dest_Copia-de-DIGITAL-NOMAD-COMMUNITY-MEME-2.jpg\" \/>\n\t<meta property=\"og:image:width\" content=\"2001\" \/>\n\t<meta property=\"og:image:height\" content=\"1502\" \/>\n\t<meta property=\"og:image:type\" content=\"image\/jpeg\" \/>\n<meta name=\"twitter:card\" content=\"summary_large_image\" \/>\n<meta name=\"twitter:label1\" content=\"Est. reading time\" \/>\n\t<meta name=\"twitter:data1\" content=\"13 minutes\" \/>\n<script type=\"application\/ld+json\" class=\"yoast-schema-graph\">{\"@context\":\"https:\/\/schema.org\",\"@graph\":[{\"@type\":\"WebPage\",\"@id\":\"https:\/\/festivalpanoramic.cat\/en\/project\/reject-modernity-embrace-tradition-joan-palle\/\",\"url\":\"https:\/\/festivalpanoramic.cat\/en\/project\/reject-modernity-embrace-tradition-joan-palle\/\",\"name\":\"Reject Modernity, Embrace Tradition. Joan Pall\u00e9 - Festival Panor\u00e0mic\",\"isPartOf\":{\"@id\":\"https:\/\/festivalpanoramic.cat\/en\/#website\"},\"primaryImageOfPage\":{\"@id\":\"https:\/\/festivalpanoramic.cat\/en\/project\/reject-modernity-embrace-tradition-joan-palle\/#primaryimage\"},\"image\":{\"@id\":\"https:\/\/festivalpanoramic.cat\/en\/project\/reject-modernity-embrace-tradition-joan-palle\/#primaryimage\"},\"thumbnailUrl\":\"https:\/\/festivalpanoramic.cat\/wp-content\/uploads\/2024\/09\/dest_Copia-de-DIGITAL-NOMAD-COMMUNITY-MEME-2.jpg\",\"datePublished\":\"2024-09-18T09:33:05+00:00\",\"dateModified\":\"2024-09-20T07:39:48+00:00\",\"breadcrumb\":{\"@id\":\"https:\/\/festivalpanoramic.cat\/en\/project\/reject-modernity-embrace-tradition-joan-palle\/#breadcrumb\"},\"inLanguage\":\"en-US\",\"potentialAction\":[{\"@type\":\"ReadAction\",\"target\":[\"https:\/\/festivalpanoramic.cat\/en\/project\/reject-modernity-embrace-tradition-joan-palle\/\"]}]},{\"@type\":\"ImageObject\",\"inLanguage\":\"en-US\",\"@id\":\"https:\/\/festivalpanoramic.cat\/en\/project\/reject-modernity-embrace-tradition-joan-palle\/#primaryimage\",\"url\":\"https:\/\/festivalpanoramic.cat\/wp-content\/uploads\/2024\/09\/dest_Copia-de-DIGITAL-NOMAD-COMMUNITY-MEME-2.jpg\",\"contentUrl\":\"https:\/\/festivalpanoramic.cat\/wp-content\/uploads\/2024\/09\/dest_Copia-de-DIGITAL-NOMAD-COMMUNITY-MEME-2.jpg\",\"width\":2001,\"height\":1502},{\"@type\":\"BreadcrumbList\",\"@id\":\"https:\/\/festivalpanoramic.cat\/en\/project\/reject-modernity-embrace-tradition-joan-palle\/#breadcrumb\",\"itemListElement\":[{\"@type\":\"ListItem\",\"position\":1,\"name\":\"Inici\",\"item\":\"https:\/\/festivalpanoramic.cat\/en\/\"},{\"@type\":\"ListItem\",\"position\":2,\"name\":\"Projects\",\"item\":\"https:\/\/festivalpanoramic.cat\/en\/project\/\"},{\"@type\":\"ListItem\",\"position\":3,\"name\":\"Reject Modernity, Embrace Tradition. Joan Pall\u00e9\"}]},{\"@type\":\"WebSite\",\"@id\":\"https:\/\/festivalpanoramic.cat\/en\/#website\",\"url\":\"https:\/\/festivalpanoramic.cat\/en\/\",\"name\":\"Festival Panor\u00e0mic\",\"description\":\"PANOR\u00c0MIC. ARTS I CULTURES VISUALS\",\"potentialAction\":[{\"@type\":\"SearchAction\",\"target\":{\"@type\":\"EntryPoint\",\"urlTemplate\":\"https:\/\/festivalpanoramic.cat\/en\/?s={search_term_string}\"},\"query-input\":{\"@type\":\"PropertyValueSpecification\",\"valueRequired\":true,\"valueName\":\"search_term_string\"}}],\"inLanguage\":\"en-US\"}]}<\/script>\n<!-- \/ Yoast SEO plugin. -->","yoast_head_json":{"title":"Reject Modernity, Embrace Tradition. Joan Pall\u00e9 - Festival Panor\u00e0mic","robots":{"index":"index","follow":"follow","max-snippet":"max-snippet:-1","max-image-preview":"max-image-preview:large","max-video-preview":"max-video-preview:-1"},"canonical":"https:\/\/festivalpanoramic.cat\/en\/project\/reject-modernity-embrace-tradition-joan-palle\/","og_locale":"en_US","og_type":"article","og_title":"Reject Modernity, Embrace Tradition. Joan Pall\u00e9 - Festival Panor\u00e0mic","og_description":"ExhibitionsReject Modernity, Embrace TraditionExhibition by Joan Pall\u00e9, curated by Merc\u00e8 AlsinaBARCELONAArxiu Hist\u00f2ric de la Ciutat de Barcelona. Casa de l\u2019Ardiaca Panor\u00e0mic FILEFacilities in the Sala Dalmases and Sala Massana, and [&hellip;]","og_url":"https:\/\/festivalpanoramic.cat\/en\/project\/reject-modernity-embrace-tradition-joan-palle\/","og_site_name":"Festival Panor\u00e0mic","article_modified_time":"2024-09-20T07:39:48+00:00","og_image":[{"width":2001,"height":1502,"url":"https:\/\/festivalpanoramic.cat\/wp-content\/uploads\/2024\/09\/dest_Copia-de-DIGITAL-NOMAD-COMMUNITY-MEME-2.jpg","type":"image\/jpeg"}],"twitter_card":"summary_large_image","twitter_misc":{"Est. reading time":"13 minutes"},"schema":{"@context":"https:\/\/schema.org","@graph":[{"@type":"WebPage","@id":"https:\/\/festivalpanoramic.cat\/en\/project\/reject-modernity-embrace-tradition-joan-palle\/","url":"https:\/\/festivalpanoramic.cat\/en\/project\/reject-modernity-embrace-tradition-joan-palle\/","name":"Reject Modernity, Embrace Tradition. Joan Pall\u00e9 - Festival Panor\u00e0mic","isPartOf":{"@id":"https:\/\/festivalpanoramic.cat\/en\/#website"},"primaryImageOfPage":{"@id":"https:\/\/festivalpanoramic.cat\/en\/project\/reject-modernity-embrace-tradition-joan-palle\/#primaryimage"},"image":{"@id":"https:\/\/festivalpanoramic.cat\/en\/project\/reject-modernity-embrace-tradition-joan-palle\/#primaryimage"},"thumbnailUrl":"https:\/\/festivalpanoramic.cat\/wp-content\/uploads\/2024\/09\/dest_Copia-de-DIGITAL-NOMAD-COMMUNITY-MEME-2.jpg","datePublished":"2024-09-18T09:33:05+00:00","dateModified":"2024-09-20T07:39:48+00:00","breadcrumb":{"@id":"https:\/\/festivalpanoramic.cat\/en\/project\/reject-modernity-embrace-tradition-joan-palle\/#breadcrumb"},"inLanguage":"en-US","potentialAction":[{"@type":"ReadAction","target":["https:\/\/festivalpanoramic.cat\/en\/project\/reject-modernity-embrace-tradition-joan-palle\/"]}]},{"@type":"ImageObject","inLanguage":"en-US","@id":"https:\/\/festivalpanoramic.cat\/en\/project\/reject-modernity-embrace-tradition-joan-palle\/#primaryimage","url":"https:\/\/festivalpanoramic.cat\/wp-content\/uploads\/2024\/09\/dest_Copia-de-DIGITAL-NOMAD-COMMUNITY-MEME-2.jpg","contentUrl":"https:\/\/festivalpanoramic.cat\/wp-content\/uploads\/2024\/09\/dest_Copia-de-DIGITAL-NOMAD-COMMUNITY-MEME-2.jpg","width":2001,"height":1502},{"@type":"BreadcrumbList","@id":"https:\/\/festivalpanoramic.cat\/en\/project\/reject-modernity-embrace-tradition-joan-palle\/#breadcrumb","itemListElement":[{"@type":"ListItem","position":1,"name":"Inici","item":"https:\/\/festivalpanoramic.cat\/en\/"},{"@type":"ListItem","position":2,"name":"Projects","item":"https:\/\/festivalpanoramic.cat\/en\/project\/"},{"@type":"ListItem","position":3,"name":"Reject Modernity, Embrace Tradition. Joan Pall\u00e9"}]},{"@type":"WebSite","@id":"https:\/\/festivalpanoramic.cat\/en\/#website","url":"https:\/\/festivalpanoramic.cat\/en\/","name":"Festival Panor\u00e0mic","description":"PANOR\u00c0MIC. ARTS I CULTURES VISUALS","potentialAction":[{"@type":"SearchAction","target":{"@type":"EntryPoint","urlTemplate":"https:\/\/festivalpanoramic.cat\/en\/?s={search_term_string}"},"query-input":{"@type":"PropertyValueSpecification","valueRequired":true,"valueName":"search_term_string"}}],"inLanguage":"en-US"}]}},"_links":{"self":[{"href":"https:\/\/festivalpanoramic.cat\/en\/wp-json\/wp\/v2\/project\/34922","targetHints":{"allow":["GET"]}}],"collection":[{"href":"https:\/\/festivalpanoramic.cat\/en\/wp-json\/wp\/v2\/project"}],"about":[{"href":"https:\/\/festivalpanoramic.cat\/en\/wp-json\/wp\/v2\/types\/project"}],"author":[{"embeddable":true,"href":"https:\/\/festivalpanoramic.cat\/en\/wp-json\/wp\/v2\/users\/1"}],"replies":[{"embeddable":true,"href":"https:\/\/festivalpanoramic.cat\/en\/wp-json\/wp\/v2\/comments?post=34922"}],"version-history":[{"count":6,"href":"https:\/\/festivalpanoramic.cat\/en\/wp-json\/wp\/v2\/project\/34922\/revisions"}],"predecessor-version":[{"id":35211,"href":"https:\/\/festivalpanoramic.cat\/en\/wp-json\/wp\/v2\/project\/34922\/revisions\/35211"}],"wp:featuredmedia":[{"embeddable":true,"href":"https:\/\/festivalpanoramic.cat\/en\/wp-json\/wp\/v2\/media\/34706"}],"wp:attachment":[{"href":"https:\/\/festivalpanoramic.cat\/en\/wp-json\/wp\/v2\/media?parent=34922"}],"wp:term":[{"taxonomy":"project_category","embeddable":true,"href":"https:\/\/festivalpanoramic.cat\/en\/wp-json\/wp\/v2\/project_category?post=34922"},{"taxonomy":"project_tag","embeddable":true,"href":"https:\/\/festivalpanoramic.cat\/en\/wp-json\/wp\/v2\/project_tag?post=34922"}],"curies":[{"name":"wp","href":"https:\/\/api.w.org\/{rel}","templated":true}]}}