{"id":34943,"date":"2024-09-18T12:06:09","date_gmt":"2024-09-18T10:06:09","guid":{"rendered":"https:\/\/festivalpanoramic.cat\/project\/roger-ballen-the-other-side-film-and-photo-works-roger-ballen\/"},"modified":"2025-02-07T12:55:23","modified_gmt":"2025-02-07T10:55:23","slug":"roger-ballen-the-other-side-film-and-photo-works-roger-ballen","status":"publish","type":"project","link":"https:\/\/festivalpanoramic.cat\/en\/project\/roger-ballen-the-other-side-film-and-photo-works-roger-ballen\/","title":{"rendered":"Roger Ballen. The Other Side. Film and Photo Works.   Roger Ballen"},"content":{"rendered":"<p>[et_pb_section fb_built=&#8221;1&#8243; _builder_version=&#8221;4.16&#8243; _module_preset=&#8221;default&#8221; global_colors_info=&#8221;{}&#8221;][et_pb_row column_structure=&#8221;2_5,3_5&#8243; custom_padding_last_edited=&#8221;on|tablet&#8221; _builder_version=&#8221;4.25.0&#8243; _module_preset=&#8221;default&#8221; width=&#8221;95%&#8221; width_tablet=&#8221;90%&#8221; width_phone=&#8221;90%&#8221; width_last_edited=&#8221;on|phone&#8221; max_width=&#8221;2560px&#8221; custom_margin_tablet=&#8221;0px||||false|false&#8221; custom_margin_phone=&#8221;-30px||||false|false&#8221; custom_margin_last_edited=&#8221;on|tablet&#8221; custom_padding_tablet=&#8221;0px||||false|false&#8221; custom_padding_phone=&#8221;0px||0px||true|false&#8221; global_colors_info=&#8221;{}&#8221;][et_pb_column type=&#8221;2_5&#8243; _builder_version=&#8221;4.16&#8243; _module_preset=&#8221;default&#8221; global_colors_info=&#8221;{}&#8221;][et_pb_text admin_label=&#8221;Exposicions&#8221; _builder_version=&#8221;4.17.6&#8243; _module_preset=&#8221;default&#8221; text_font=&#8221;Montserrat extra bold||||||||&#8221; text_text_color=&#8221;#000000&#8243; text_font_size=&#8221;16px&#8221; custom_margin=&#8221;||15px||false|false&#8221; global_colors_info=&#8221;{}&#8221;]<\/p>\n<p>Exhibitions<\/p>\n<p>[\/et_pb_text][et_pb_text admin_label=&#8221;Nom expo&#8221; _builder_version=&#8221;4.25.0&#8243; _module_preset=&#8221;default&#8221; text_font=&#8221;Montserrat extra bold||||||||&#8221; text_text_color=&#8221;#000000&#8243; text_font_size=&#8221;39px&#8221; text_line_height=&#8221;1em&#8221; custom_margin=&#8221;||19px||false|false&#8221; text_font_size_tablet=&#8221;39px&#8221; text_font_size_phone=&#8221;28px&#8221; text_font_size_last_edited=&#8221;on|phone&#8221; text_line_height_tablet=&#8221;&#8221; text_line_height_phone=&#8221;1.2em&#8221; text_line_height_last_edited=&#8221;on|phone&#8221; global_colors_info=&#8221;{}&#8221;]<\/p>\n<p><b>Roger Ballen. The Other Side. Film and Photo Works  <\/b><\/p>\n<p>[\/et_pb_text][et_pb_text admin_label=&#8221;expo de&#8230;&#8221; _builder_version=&#8221;4.27.0&#8243; _module_preset=&#8221;default&#8221; text_font=&#8221;Montserrat Light||||||||&#8221; text_text_color=&#8221;gcid-73263b73-b059-42fc-a61d-05da764fa408&#8243; text_font_size=&#8221;17px&#8221; text_line_height=&#8221;1.1em&#8221; custom_margin=&#8221;-5px||0px||false|false&#8221; hover_enabled=&#8221;0&#8243; text_line_height_tablet=&#8221;0.6em&#8221; text_line_height_phone=&#8221;1.4em&#8221; text_line_height_last_edited=&#8221;on|phone&#8221; locked=&#8221;off&#8221; inline_fonts=&#8221;Montserrat extra bold,Montserrat Light&#8221; global_colors_info=&#8221;{%22gcid-73263b73-b059-42fc-a61d-05da764fa408%22:%91%22text_text_color%22%93}&#8221; sticky_enabled=&#8221;0&#8243;]<\/p>\n<p>Exhibition by <span style=\"font-family: 'Montserrat extra bold'; font-weight: normal;\">Roger Ballen,<\/span> curated by <span style=\"font-family: 'Montserrat extra bold'; font-weight: normal;\">Andr\u00e9s Hispano<\/span> and <span style=\"font-family: 'Montserrat extra bold';\">F\u00e8lix P\u00e9rez-Hita<\/span><\/p>\n<p>[\/et_pb_text][et_pb_text admin_label=&#8221;Lloc&#8221; _builder_version=&#8221;4.25.0&#8243; _module_preset=&#8221;default&#8221; text_font=&#8221;Montserrat extra bold||||||||&#8221; text_text_color=&#8221;#000000&#8243; text_font_size=&#8221;18px&#8221; custom_margin=&#8221;10px||||false|false&#8221; text_font_size_tablet=&#8221;18px&#8221; text_font_size_phone=&#8221;16px&#8221; text_font_size_last_edited=&#8221;on|phone&#8221; inline_fonts=&#8221;akrobat light,Montserrat Light&#8221; global_colors_info=&#8221;{}&#8221;]<\/p>\n<p><b>TERRASSA<br \/><\/b><span style=\"font-weight: 400;\">Sala Muncunill<br \/><\/span><span style=\"font-family: 'Montserrat Light'; font-weight: normal;\">Pla\u00e7a de Did\u00f3, <\/span><\/p>\n<p>[\/et_pb_text][et_pb_button button_url=&#8221;\/en\/#home-localitzacions2024&#8243; button_text=&#8221;See the location map&#8221; button_alignment=&#8221;left&#8221; admin_label=&#8221;bot\u00f3 pl\u00e0nol&#8221; _builder_version=&#8221;4.25.0&#8243; _module_preset=&#8221;default&#8221; custom_button=&#8221;on&#8221; button_text_color=&#8221;#000000&#8243; button_bg_color=&#8221;#e8e8e8&#8243; button_border_width=&#8221;0px&#8221; button_border_radius=&#8221;0px&#8221; button_font=&#8221;akrobat extrabold||||||||&#8221; button_icon=&#8221;&#x24;||divi||400&#8243; custom_margin=&#8221;-15px||51px||false|false&#8221; custom_margin_tablet=&#8221;-17px||||false|false&#8221; custom_margin_phone=&#8221;-17px|||0px|false|false&#8221; custom_margin_last_edited=&#8221;on|tablet&#8221; button_text_size_tablet=&#8221;&#8221; button_text_size_phone=&#8221;18px&#8221; button_text_size_last_edited=&#8221;on|phone&#8221; global_colors_info=&#8221;{}&#8221;][\/et_pb_button][et_pb_text admin_label=&#8221;Data&#8221; _builder_version=&#8221;4.25.0&#8243; _module_preset=&#8221;default&#8221; text_font=&#8221;Montserrat Light||||||||&#8221; text_text_color=&#8221;#000000&#8243; text_font_size=&#8221;18px&#8221; custom_margin=&#8221;-34px||62px||false|false&#8221; custom_margin_tablet=&#8221;-24px||||false|false&#8221; custom_margin_phone=&#8221;-24px||44px||false|false&#8221; custom_margin_last_edited=&#8221;on|tablet&#8221; text_font_size_tablet=&#8221;18px&#8221; text_font_size_phone=&#8221;16px&#8221; text_font_size_last_edited=&#8221;on|phone&#8221; global_colors_info=&#8221;{}&#8221;]<\/p>\n<p>From November 14, to December 29<\/p>\n<p>[\/et_pb_text][et_pb_toggle title=&#8221;Schedule&#8221; open_toggle_text_color=&#8221;#000000&#8243; open_toggle_background_color=&#8221;RGBA(255,255,255,0)&#8221; closed_toggle_background_color=&#8221;RGBA(255,255,255,0)&#8221; icon_color=&#8221;#8b794f&#8221; toggle_icon=&#8221;&#x4c;||divi||400&#8243; use_icon_font_size=&#8221;on&#8221; icon_font_size=&#8221;22px&#8221; open_icon_color=&#8221;#8b794f&#8221; open_use_icon_font_size=&#8221;on&#8221; admin_label=&#8221;Horaris&#8221; _builder_version=&#8221;4.25.0&#8243; _module_preset=&#8221;default&#8221; title_text_color=&#8221;#000000&#8243; title_font=&#8221;Montserrat extra bold||||||||&#8221; title_font_size=&#8221;20px&#8221; closed_title_font=&#8221;Montserrat extra bold||||||||&#8221; closed_title_font_size=&#8221;20px&#8221; body_font=&#8221;akrobat light||||||||&#8221; body_text_color=&#8221;#000000&#8243; body_font_size=&#8221;20px&#8221; custom_margin=&#8221;-40px||||false|false&#8221; custom_margin_tablet=&#8221;-14px||||false|false&#8221; custom_margin_phone=&#8221;-20px||||false|false&#8221; custom_margin_last_edited=&#8221;on|desktop&#8221; body_font_size_tablet=&#8221;20px&#8221; body_font_size_phone=&#8221;18px&#8221; body_font_size_last_edited=&#8221;on|phone&#8221; border_width_all=&#8221;0px&#8221; border_width_top=&#8221;1px&#8221; border_color_top=&#8221;#8b794f&#8221; border_width_bottom=&#8221;1px&#8221; border_color_bottom=&#8221;#8c864d&#8221; locked=&#8221;off&#8221; global_colors_info=&#8221;{}&#8221;]<\/p>\n<p><span style=\"font-weight: 400;\">From Tuesday to Friday: from 4pm to 8pm<\/span><span style=\"font-weight: 400;\">Saturdays from 11am to 2pm, and 4pm to 8pm<\/span><span style=\"font-weight: 400;\">Sundays from 11am to 2pm<\/span><\/p>\n<p>[\/et_pb_toggle][et_pb_text _builder_version=&#8221;4.25.0&#8243; _module_preset=&#8221;default&#8221; text_font=&#8221;akrobat light||||||||&#8221; text_text_color=&#8221;#000000&#8243; text_font_size=&#8221;20px&#8221; inline_fonts=&#8221;akrobat extrabold&#8221; global_colors_info=&#8221;{}&#8221;]<\/p>\n<p><span style=\"font-weight: 400;\">The South African artist ROGER BALLEN, well known for his visual work for the group DIE ANTWOORD, presents an extensive exhibition of his audiovisual and photographic work at the Sala Muncunill in Terrassa as part of the Panor\u00e0mic Festival. <\/span><\/p>\n<p><span style=\"font-weight: 400;\">This exhibition presents his powerful work based on his videos and films, around which photographic work is brought together, representing his main themes and subjects of interest, always located on the other side of the visible, common, obvious or transparent.<\/span><\/p>\n<p>[\/et_pb_text][\/et_pb_column][et_pb_column type=&#8221;3_5&#8243; _builder_version=&#8221;4.16&#8243; _module_preset=&#8221;default&#8221; global_colors_info=&#8221;{}&#8221;][et_pb_image src=&#8221;https:\/\/festivalpanoramic.cat\/wp-content\/uploads\/2024\/09\/Roger-Ballen-Cartell_-Bound-_2018a.jpg&#8221; title_text=&#8221;Roger Ballen Cartell_ Bound-_2018a&#8221; force_fullwidth=&#8221;on&#8221; _builder_version=&#8221;4.27.0&#8243; _module_preset=&#8221;default&#8221; custom_margin_tablet=&#8221;&#8221; custom_margin_phone=&#8221;10px||0px||false|false&#8221; custom_margin_last_edited=&#8221;on|phone&#8221; global_colors_info=&#8221;{}&#8221;][\/et_pb_image][\/et_pb_column][\/et_pb_row][\/et_pb_section][et_pb_section fb_built=&#8221;1&#8243; custom_padding_last_edited=&#8221;on|phone&#8221; _builder_version=&#8221;4.25.0&#8243; _module_preset=&#8221;default&#8221; background_color=&#8221;#e8e8e8&#8243; custom_padding_tablet=&#8221;&#8221; custom_padding_phone=&#8221;||0px||false|false&#8221; global_colors_info=&#8221;{}&#8221;][et_pb_row column_structure=&#8221;2_3,1_3&#8243; custom_padding_last_edited=&#8221;on|phone&#8221; _builder_version=&#8221;4.25.0&#8243; _module_preset=&#8221;default&#8221; width=&#8221;95%&#8221; width_tablet=&#8221;90%&#8221; width_phone=&#8221;90%&#8221; width_last_edited=&#8221;on|phone&#8221; max_width=&#8221;2560px&#8221; custom_margin_tablet=&#8221;&#8221; custom_margin_phone=&#8221;&#8221; custom_margin_last_edited=&#8221;on|phone&#8221; custom_padding=&#8221;0px||0px||true|false&#8221; custom_padding_tablet=&#8221;0px||0px||true|false&#8221; custom_padding_phone=&#8221;0px||0px||true|false&#8221; global_colors_info=&#8221;{}&#8221;][et_pb_column type=&#8221;2_3&#8243; _builder_version=&#8221;4.16&#8243; _module_preset=&#8221;default&#8221; global_colors_info=&#8221;{}&#8221;][et_pb_text _builder_version=&#8221;4.25.0&#8243; _module_preset=&#8221;default&#8221; text_font=&#8221;akrobat light||||||||&#8221; text_text_color=&#8221;#000000&#8243; text_font_size=&#8221;20px&#8221; custom_padding=&#8221;1px|||||&#8221; inline_fonts=&#8221;Montserrat extra bold&#8221; global_colors_info=&#8221;{}&#8221;]<\/p>\n<p><span style=\"font-family: 'Montserrat extra bold'; font-weight: normal; font-size: x-large;\">Roger Ballen<\/span><\/p>\n<p>Roger Ballen<span style=\"font-weight: 400;\"> (New York, 1950) was born in New York, but for nearly 40 years he has lived and worked in South Africa. He is considered one of the most influential and important photographic artists of the 21st century. His strange and extreme works confront the viewer and challenge them to come with him on a journey into their own minds as he explores the deeper recesses of his own.  <\/span><\/p>\n<p><span style=\"font-weight: 400;\">As a photographer and artist, his work goes beyond conventional photography; it seeks to explore the depths of the human psyche. The spaces he photographs represent the conflictual relationship between civilisation and nature, where opposites attract and break apart in a world built not on logic, but on irrationality. Delirium, mirage, dreams, and nightmares coexist, defying categorisation as either light or dark.  <\/span><\/p>\n<p><span style=\"font-weight: 400;\">Ballen&#8217;s photography, often stark and primarily in black-and-white, delves into the surreal, blending elements that transcend simple definitions. He began as a documentary photographer, and over the past few decades, a distinctive and complex vision has evolved. This style is commonly referred to as the \u2018Ballenesque\u2019. His aesthetic integrates photography, film, installation, theatre, sculpture, painting, and drawing.   <\/span><\/p>\n<p><span style=\"font-weight: 400;\">Through art, he aims to challenge the viewer: to confront the repressed and unresolved, and to interrogate what can be seen as real or unreal. He expects to evoke introspection and foster greater self-knowledge. <\/span><\/p>\n<p>[\/et_pb_text][et_pb_social_media_follow icon_color=&#8221;#FFFFFF&#8221; _builder_version=&#8221;4.25.0&#8243; _module_preset=&#8221;default&#8221; background_color=&#8221;RGBA(255,255,255,0)&#8221; global_colors_info=&#8221;{}&#8221;][et_pb_social_media_follow_network social_network=&#8221;rss&#8221; url=&#8221;https:\/\/www.rogerballen.com\/&#8221; _builder_version=&#8221;4.25.0&#8243; _module_preset=&#8221;default&#8221; background_color=&#8221;#000000&#8243; background_enable_color=&#8221;on&#8221; global_colors_info=&#8221;{}&#8221; follow_button=&#8221;off&#8221; url_new_window=&#8221;on&#8221;]rss[\/et_pb_social_media_follow_network][et_pb_social_media_follow_network social_network=&#8221;instagram&#8221; url=&#8221;https:\/\/www.instagram.com\/rogerballen&#8221; _builder_version=&#8221;4.25.0&#8243; _module_preset=&#8221;default&#8221; background_color=&#8221;#000000&#8243; background_enable_color=&#8221;on&#8221; global_colors_info=&#8221;{}&#8221; follow_button=&#8221;off&#8221; url_new_window=&#8221;on&#8221;]instagram[\/et_pb_social_media_follow_network][\/et_pb_social_media_follow][\/et_pb_column][et_pb_column type=&#8221;1_3&#8243; _builder_version=&#8221;4.16&#8243; _module_preset=&#8221;default&#8221; global_colors_info=&#8221;{}&#8221;][\/et_pb_column][\/et_pb_row][\/et_pb_section][et_pb_section fb_built=&#8221;1&#8243; custom_padding_last_edited=&#8221;on|phone&#8221; _builder_version=&#8221;4.25.0&#8243; _module_preset=&#8221;default&#8221; background_color=&#8221;#FFFFFF&#8221; custom_padding_tablet=&#8221;&#8221; custom_padding_phone=&#8221;||0px||false|false&#8221; global_colors_info=&#8221;{}&#8221;][et_pb_row column_structure=&#8221;2_3,1_3&#8243; custom_padding_last_edited=&#8221;on|phone&#8221; _builder_version=&#8221;4.25.0&#8243; _module_preset=&#8221;default&#8221; width=&#8221;95%&#8221; width_tablet=&#8221;90%&#8221; width_phone=&#8221;90%&#8221; width_last_edited=&#8221;on|phone&#8221; max_width=&#8221;2560px&#8221; custom_padding=&#8221;0px||||false|false&#8221; custom_padding_tablet=&#8221;0px||||false|false&#8221; custom_padding_phone=&#8221;0px||0px||true|false&#8221; border_width_bottom=&#8221;2px&#8221; global_colors_info=&#8221;{}&#8221;][et_pb_column type=&#8221;2_3&#8243; _builder_version=&#8221;4.16&#8243; _module_preset=&#8221;default&#8221; global_colors_info=&#8221;{}&#8221;][et_pb_text _builder_version=&#8221;4.25.0&#8243; _module_preset=&#8221;default&#8221; text_font=&#8221;akrobat light||||||||&#8221; text_text_color=&#8221;#000000&#8243; text_font_size=&#8221;20px&#8221; link_font=&#8221;akrobat extrabold||||||||&#8221; link_text_color=&#8221;gcid-73263b73-b059-42fc-a61d-05da764fa408&#8243; custom_padding=&#8221;1px|||||&#8221; inline_fonts=&#8221;Montserrat extra bold&#8221; global_colors_info=&#8221;{%22gcid-73263b73-b059-42fc-a61d-05da764fa408%22:%91%22link_text_color%22%93}&#8221;]<\/p>\n<p><span style=\"font-family: 'Montserrat extra bold'; font-weight: normal; font-size: x-large;\">Andr\u00e9s Hispano<\/span><\/p>\n<p>Andr\u00e9s Hispano<span style=\"font-weight: 400;\"> (Barcelona, 1964)\u200b. He exhibits, writes and works around visual culture.<\/span><\/p>\n<p><span style=\"font-weight: 400;\">He is a professor at the LCI School of Design, Barcelona.<\/span><span style=\"font-weight: 400;\"><br \/><\/span><span style=\"font-weight: 400;\">He directed the programme<\/span> <i><span style=\"font-weight: 400;\">Boing Boing Buddha<\/span><\/i> <span style=\"font-weight: 400;\">on BTV, and co-directed the programmes Baja Fidelidad (XTVL) and<\/span> <i><span style=\"font-weight: 400;\">Soy C\u00e1mara<\/span><\/i> <span style=\"font-weight: 400;\">(CCCB\/TVE).<\/span><span style=\"font-weight: 400;\"><br \/><\/span><span style=\"font-weight: 400;\">He collaborated in the <\/span><i><span style=\"font-weight: 400;\">Cultura\/s<\/span><\/i><span style=\"font-weight: 400;\"> supplement of La Vanguardia (2002\/2014) of which he was a member of the advisory committee. He wrote  <\/span><i><span style=\"font-weight: 400;\">David Lynch, Claroscuro americano<\/span><\/i><span style=\"font-weight: 400;\"> (Gl\u00e9nat, 1998).<\/span><span style=\"font-weight: 400;\"><br \/><\/span><span style=\"font-weight: 400;\">He curated<\/span><i><span style=\"font-weight: 400;\">That\u2019s Not Entertainment<\/span><\/i><span style=\"font-weight: 400;\">! and<\/span><i><span style=\"font-weight: 400;\">Pantalla Global<\/span><\/i><span style=\"font-weight: 400;\"> (CCCB), <\/span><i><span style=\"font-weight: 400;\">El Rei de la casa<\/span><\/i><span style=\"font-weight: 400;\"> (Virreina) iand<\/span><i><span style=\"font-weight: 400;\">Erwin Wurm, One Minute Forever<\/span><\/i><span style=\"font-weight: 400;\"> (Roca Umbert) among other exhibitions.<\/span><\/p>\n<p>[\/et_pb_text][\/et_pb_column][et_pb_column type=&#8221;1_3&#8243; _builder_version=&#8221;4.16&#8243; _module_preset=&#8221;default&#8221; global_colors_info=&#8221;{}&#8221;][\/et_pb_column][\/et_pb_row][et_pb_row column_structure=&#8221;2_3,1_3&#8243; _builder_version=&#8221;4.25.0&#8243; _module_preset=&#8221;default&#8221; width=&#8221;95%&#8221; width_tablet=&#8221;90%&#8221; width_phone=&#8221;90%&#8221; width_last_edited=&#8221;on|phone&#8221; max_width=&#8221;2560px&#8221; global_colors_info=&#8221;{}&#8221;][et_pb_column type=&#8221;2_3&#8243; _builder_version=&#8221;4.16&#8243; _module_preset=&#8221;default&#8221; global_colors_info=&#8221;{}&#8221;][et_pb_text _builder_version=&#8221;4.25.0&#8243; _module_preset=&#8221;default&#8221; text_font=&#8221;akrobat light||||||||&#8221; text_text_color=&#8221;#000000&#8243; text_font_size=&#8221;20px&#8221; link_font=&#8221;akrobat extrabold||||||||&#8221; link_text_color=&#8221;gcid-73263b73-b059-42fc-a61d-05da764fa408&#8243; custom_padding=&#8221;1px|||||&#8221; inline_fonts=&#8221;Montserrat extra bold&#8221; global_colors_info=&#8221;{%22gcid-73263b73-b059-42fc-a61d-05da764fa408%22:%91%22link_text_color%22%93}&#8221;]<\/p>\n<p><span style=\"font-family: 'Montserrat extra bold'; font-weight: normal; font-size: x-large;\">F\u00e8lix P\u00e9rez-Hita<\/span><\/p>\n<p>F\u00e8lix P\u00e9rez-Hita<span style=\"font-weight: 400;\"> (Barcelona, 1967) is a director, screenwriter, video editor and exhibition curator. Graduated in Art History from the University of Barcelona, he directed, with Andr\u00e9s Hispano and Ingrid Guardiola,  <\/span><i><span style=\"font-weight: 400;\">Soy C\u00e1mara<\/span><\/i><span style=\"font-weight: 400;\">, the CCCB\u2019s programme, TVE2\/Vimeo (2010-2021).<\/span><span style=\"font-weight: 400;\"><br \/><\/span><span style=\"font-weight: 400;\"> Since 2012, he has directed the project with Arturo Bast\u00f3n Hilomental: sessions videol\u00f2giques. He is an advisory member of the Panor\u00e0mic Festival. <\/span><span style=\"font-weight: 400;\"><br \/><\/span> <span style=\"font-weight: 400;\"> He worked as a director, screenwriter and editor at <\/span><i><span style=\"font-weight: 400;\">Boing Boing Buddha<\/span><\/i><span style=\"font-weight: 400;\"> (BTV) from 1999 to 2004 and in twenty theme nights about culture for BarcelonaTV. Founding member of Horitz\u00f3.tv (La Capella, Bcn, 2009), <\/span><i><span style=\"font-weight: 400;\">Tvalata<\/span><\/i><span style=\"font-weight: 400;\">with<\/span><i><span style=\"font-weight: 400;\">Neokinok<\/span><\/i> <span style=\"font-weight: 400;\">(educational project with young<\/span><span style=\"font-weight: 400;\"><br \/><\/span> <span style=\"font-weight: 400;\"> people from the neighbourhood of Alagados, Salvador de Bahia, Brazil, 2007) and<\/span><i><span style=\"font-weight: 400;\">Gabinet de crisi<\/span><\/i><span style=\"font-weight: 400;\"> (2001-2008), with Arturo Bast\u00f3n and Kikol Grau.<\/span><span style=\"font-weight: 400;\"><br \/><\/span><span style=\"font-weight: 400;\">He has taught history and theory of the image at several universities and art centers: Elisava, University School of Design (Barcelona, 2017-2023); University of Girona (2019-2020); UPF \u2013 IDEC Postgraduate in audiovisual editing (2013, 2014 and 2015); Institute of Humanities<\/span><span style=\"font-weight: 400;\"><br \/><\/span><span style=\"font-weight: 400;\"> (CCCB Seminars).<\/span><span style=\"font-weight: 400;\"><br \/><\/span><span style=\"font-weight: 400;\">He has collaborated in masters and seminars in: ESCAC (Barcelona), ECAM (Madrid), ERAM (Girona), Bau (Barcelona), University of Lleida, BccN, MUSAC (Le\u00f3n), M\u00e1rgenes (Madrid), Cine por Venir (IVAM), Territorios y Fronteras (Bilbao), Cultura y ciudadan\u00eda (San Sebasti\u00e1n, 2022), etc.<\/span><span style=\"font-weight: 400;\"><br \/><\/span><span style=\"font-weight: 400;\">He has written for Archipi\u00e9lago, Mania (UB), Cultura\/s (La Vanguardia) and El Estado Mental, among other publications<\/span><\/p>\n<p>[\/et_pb_text][\/et_pb_column][et_pb_column type=&#8221;1_3&#8243; _builder_version=&#8221;4.16&#8243; _module_preset=&#8221;default&#8221; global_colors_info=&#8221;{}&#8221;][\/et_pb_column][\/et_pb_row][\/et_pb_section]<\/p>\n","protected":false},"excerpt":{"rendered":"<p>ExhibitionsRoger Ballen. The Other Side. Film and Photo Works Exhibition by Roger Ballen, curated by Andr\u00e9s Hispano and F\u00e8lix P\u00e9rez-HitaTERRASSASala MuncunillPla\u00e7a de Did\u00f3, From November 14, to December 29From Tuesday [&hellip;]<\/p>\n","protected":false},"author":1,"featured_media":35679,"comment_status":"open","ping_status":"closed","template":"","meta":{"_et_pb_use_builder":"on","_et_pb_old_content":"","_et_gb_content_width":"","footnotes":""},"project_category":[131],"project_tag":[],"class_list":["post-34943","project","type-project","status-publish","has-post-thumbnail","hentry","project_category-exhibitions-terrassa-2024"],"yoast_head":"<!-- This site is optimized with the Yoast SEO plugin v27.2 - https:\/\/yoast.com\/product\/yoast-seo-wordpress\/ -->\n<title>Roger Ballen. The Other Side. Film and Photo Works.  Roger Ballen - Festival Panor\u00e0mic<\/title>\n<meta name=\"robots\" content=\"index, follow, max-snippet:-1, max-image-preview:large, max-video-preview:-1\" \/>\n<link rel=\"canonical\" href=\"https:\/\/festivalpanoramic.cat\/en\/project\/roger-ballen-the-other-side-film-and-photo-works-roger-ballen\/\" \/>\n<meta property=\"og:locale\" content=\"en_US\" \/>\n<meta property=\"og:type\" content=\"article\" \/>\n<meta property=\"og:title\" content=\"Roger Ballen. The Other Side. Film and Photo Works.  Roger Ballen - Festival Panor\u00e0mic\" \/>\n<meta property=\"og:description\" content=\"ExhibitionsRoger Ballen. The Other Side. Film and Photo Works Exhibition by Roger Ballen, curated by Andr\u00e9s Hispano and F\u00e8lix P\u00e9rez-HitaTERRASSASala MuncunillPla\u00e7a de Did\u00f3, From November 14, to December 29From Tuesday [&hellip;]\" \/>\n<meta property=\"og:url\" content=\"https:\/\/festivalpanoramic.cat\/en\/project\/roger-ballen-the-other-side-film-and-photo-works-roger-ballen\/\" \/>\n<meta property=\"og:site_name\" content=\"Festival Panor\u00e0mic\" \/>\n<meta property=\"article:modified_time\" content=\"2025-02-07T10:55:23+00:00\" \/>\n<meta property=\"og:image\" content=\"https:\/\/festivalpanoramic.cat\/wp-content\/uploads\/2024\/09\/dest_Roger-Ballen-Cartell_-Bound-_2018a.jpg\" \/>\n\t<meta property=\"og:image:width\" content=\"666\" \/>\n\t<meta property=\"og:image:height\" content=\"500\" \/>\n\t<meta property=\"og:image:type\" content=\"image\/jpeg\" \/>\n<meta name=\"twitter:card\" content=\"summary_large_image\" \/>\n<meta name=\"twitter:label1\" content=\"Est. reading time\" \/>\n\t<meta name=\"twitter:data1\" content=\"10 minutes\" \/>\n<script type=\"application\/ld+json\" class=\"yoast-schema-graph\">{\"@context\":\"https:\/\/schema.org\",\"@graph\":[{\"@type\":\"WebPage\",\"@id\":\"https:\/\/festivalpanoramic.cat\/en\/project\/roger-ballen-the-other-side-film-and-photo-works-roger-ballen\/\",\"url\":\"https:\/\/festivalpanoramic.cat\/en\/project\/roger-ballen-the-other-side-film-and-photo-works-roger-ballen\/\",\"name\":\"Roger Ballen. The Other Side. Film and Photo Works. Roger Ballen - Festival Panor\u00e0mic\",\"isPartOf\":{\"@id\":\"https:\/\/festivalpanoramic.cat\/en\/#website\"},\"primaryImageOfPage\":{\"@id\":\"https:\/\/festivalpanoramic.cat\/en\/project\/roger-ballen-the-other-side-film-and-photo-works-roger-ballen\/#primaryimage\"},\"image\":{\"@id\":\"https:\/\/festivalpanoramic.cat\/en\/project\/roger-ballen-the-other-side-film-and-photo-works-roger-ballen\/#primaryimage\"},\"thumbnailUrl\":\"https:\/\/festivalpanoramic.cat\/wp-content\/uploads\/2024\/09\/dest_Roger-Ballen-Cartell_-Bound-_2018a.jpg\",\"datePublished\":\"2024-09-18T10:06:09+00:00\",\"dateModified\":\"2025-02-07T10:55:23+00:00\",\"breadcrumb\":{\"@id\":\"https:\/\/festivalpanoramic.cat\/en\/project\/roger-ballen-the-other-side-film-and-photo-works-roger-ballen\/#breadcrumb\"},\"inLanguage\":\"en-US\",\"potentialAction\":[{\"@type\":\"ReadAction\",\"target\":[\"https:\/\/festivalpanoramic.cat\/en\/project\/roger-ballen-the-other-side-film-and-photo-works-roger-ballen\/\"]}]},{\"@type\":\"ImageObject\",\"inLanguage\":\"en-US\",\"@id\":\"https:\/\/festivalpanoramic.cat\/en\/project\/roger-ballen-the-other-side-film-and-photo-works-roger-ballen\/#primaryimage\",\"url\":\"https:\/\/festivalpanoramic.cat\/wp-content\/uploads\/2024\/09\/dest_Roger-Ballen-Cartell_-Bound-_2018a.jpg\",\"contentUrl\":\"https:\/\/festivalpanoramic.cat\/wp-content\/uploads\/2024\/09\/dest_Roger-Ballen-Cartell_-Bound-_2018a.jpg\",\"width\":666,\"height\":500},{\"@type\":\"BreadcrumbList\",\"@id\":\"https:\/\/festivalpanoramic.cat\/en\/project\/roger-ballen-the-other-side-film-and-photo-works-roger-ballen\/#breadcrumb\",\"itemListElement\":[{\"@type\":\"ListItem\",\"position\":1,\"name\":\"Inici\",\"item\":\"https:\/\/festivalpanoramic.cat\/en\/\"},{\"@type\":\"ListItem\",\"position\":2,\"name\":\"Projects\",\"item\":\"https:\/\/festivalpanoramic.cat\/en\/project\/\"},{\"@type\":\"ListItem\",\"position\":3,\"name\":\"Roger Ballen. The Other Side. Film and Photo Works. Roger Ballen\"}]},{\"@type\":\"WebSite\",\"@id\":\"https:\/\/festivalpanoramic.cat\/en\/#website\",\"url\":\"https:\/\/festivalpanoramic.cat\/en\/\",\"name\":\"Festival Panor\u00e0mic\",\"description\":\"PANOR\u00c0MIC. ARTS I CULTURES VISUALS\",\"potentialAction\":[{\"@type\":\"SearchAction\",\"target\":{\"@type\":\"EntryPoint\",\"urlTemplate\":\"https:\/\/festivalpanoramic.cat\/en\/?s={search_term_string}\"},\"query-input\":{\"@type\":\"PropertyValueSpecification\",\"valueRequired\":true,\"valueName\":\"search_term_string\"}}],\"inLanguage\":\"en-US\"}]}<\/script>\n<!-- \/ Yoast SEO plugin. -->","yoast_head_json":{"title":"Roger Ballen. The Other Side. Film and Photo Works.  Roger Ballen - Festival Panor\u00e0mic","robots":{"index":"index","follow":"follow","max-snippet":"max-snippet:-1","max-image-preview":"max-image-preview:large","max-video-preview":"max-video-preview:-1"},"canonical":"https:\/\/festivalpanoramic.cat\/en\/project\/roger-ballen-the-other-side-film-and-photo-works-roger-ballen\/","og_locale":"en_US","og_type":"article","og_title":"Roger Ballen. The Other Side. Film and Photo Works.  Roger Ballen - Festival Panor\u00e0mic","og_description":"ExhibitionsRoger Ballen. The Other Side. Film and Photo Works Exhibition by Roger Ballen, curated by Andr\u00e9s Hispano and F\u00e8lix P\u00e9rez-HitaTERRASSASala MuncunillPla\u00e7a de Did\u00f3, From November 14, to December 29From Tuesday [&hellip;]","og_url":"https:\/\/festivalpanoramic.cat\/en\/project\/roger-ballen-the-other-side-film-and-photo-works-roger-ballen\/","og_site_name":"Festival Panor\u00e0mic","article_modified_time":"2025-02-07T10:55:23+00:00","og_image":[{"width":666,"height":500,"url":"https:\/\/festivalpanoramic.cat\/wp-content\/uploads\/2024\/09\/dest_Roger-Ballen-Cartell_-Bound-_2018a.jpg","type":"image\/jpeg"}],"twitter_card":"summary_large_image","twitter_misc":{"Est. reading time":"10 minutes"},"schema":{"@context":"https:\/\/schema.org","@graph":[{"@type":"WebPage","@id":"https:\/\/festivalpanoramic.cat\/en\/project\/roger-ballen-the-other-side-film-and-photo-works-roger-ballen\/","url":"https:\/\/festivalpanoramic.cat\/en\/project\/roger-ballen-the-other-side-film-and-photo-works-roger-ballen\/","name":"Roger Ballen. The Other Side. Film and Photo Works. Roger Ballen - Festival Panor\u00e0mic","isPartOf":{"@id":"https:\/\/festivalpanoramic.cat\/en\/#website"},"primaryImageOfPage":{"@id":"https:\/\/festivalpanoramic.cat\/en\/project\/roger-ballen-the-other-side-film-and-photo-works-roger-ballen\/#primaryimage"},"image":{"@id":"https:\/\/festivalpanoramic.cat\/en\/project\/roger-ballen-the-other-side-film-and-photo-works-roger-ballen\/#primaryimage"},"thumbnailUrl":"https:\/\/festivalpanoramic.cat\/wp-content\/uploads\/2024\/09\/dest_Roger-Ballen-Cartell_-Bound-_2018a.jpg","datePublished":"2024-09-18T10:06:09+00:00","dateModified":"2025-02-07T10:55:23+00:00","breadcrumb":{"@id":"https:\/\/festivalpanoramic.cat\/en\/project\/roger-ballen-the-other-side-film-and-photo-works-roger-ballen\/#breadcrumb"},"inLanguage":"en-US","potentialAction":[{"@type":"ReadAction","target":["https:\/\/festivalpanoramic.cat\/en\/project\/roger-ballen-the-other-side-film-and-photo-works-roger-ballen\/"]}]},{"@type":"ImageObject","inLanguage":"en-US","@id":"https:\/\/festivalpanoramic.cat\/en\/project\/roger-ballen-the-other-side-film-and-photo-works-roger-ballen\/#primaryimage","url":"https:\/\/festivalpanoramic.cat\/wp-content\/uploads\/2024\/09\/dest_Roger-Ballen-Cartell_-Bound-_2018a.jpg","contentUrl":"https:\/\/festivalpanoramic.cat\/wp-content\/uploads\/2024\/09\/dest_Roger-Ballen-Cartell_-Bound-_2018a.jpg","width":666,"height":500},{"@type":"BreadcrumbList","@id":"https:\/\/festivalpanoramic.cat\/en\/project\/roger-ballen-the-other-side-film-and-photo-works-roger-ballen\/#breadcrumb","itemListElement":[{"@type":"ListItem","position":1,"name":"Inici","item":"https:\/\/festivalpanoramic.cat\/en\/"},{"@type":"ListItem","position":2,"name":"Projects","item":"https:\/\/festivalpanoramic.cat\/en\/project\/"},{"@type":"ListItem","position":3,"name":"Roger Ballen. The Other Side. Film and Photo Works. Roger Ballen"}]},{"@type":"WebSite","@id":"https:\/\/festivalpanoramic.cat\/en\/#website","url":"https:\/\/festivalpanoramic.cat\/en\/","name":"Festival Panor\u00e0mic","description":"PANOR\u00c0MIC. ARTS I CULTURES VISUALS","potentialAction":[{"@type":"SearchAction","target":{"@type":"EntryPoint","urlTemplate":"https:\/\/festivalpanoramic.cat\/en\/?s={search_term_string}"},"query-input":{"@type":"PropertyValueSpecification","valueRequired":true,"valueName":"search_term_string"}}],"inLanguage":"en-US"}]}},"_links":{"self":[{"href":"https:\/\/festivalpanoramic.cat\/en\/wp-json\/wp\/v2\/project\/34943","targetHints":{"allow":["GET"]}}],"collection":[{"href":"https:\/\/festivalpanoramic.cat\/en\/wp-json\/wp\/v2\/project"}],"about":[{"href":"https:\/\/festivalpanoramic.cat\/en\/wp-json\/wp\/v2\/types\/project"}],"author":[{"embeddable":true,"href":"https:\/\/festivalpanoramic.cat\/en\/wp-json\/wp\/v2\/users\/1"}],"replies":[{"embeddable":true,"href":"https:\/\/festivalpanoramic.cat\/en\/wp-json\/wp\/v2\/comments?post=34943"}],"version-history":[{"count":22,"href":"https:\/\/festivalpanoramic.cat\/en\/wp-json\/wp\/v2\/project\/34943\/revisions"}],"predecessor-version":[{"id":36636,"href":"https:\/\/festivalpanoramic.cat\/en\/wp-json\/wp\/v2\/project\/34943\/revisions\/36636"}],"wp:featuredmedia":[{"embeddable":true,"href":"https:\/\/festivalpanoramic.cat\/en\/wp-json\/wp\/v2\/media\/35679"}],"wp:attachment":[{"href":"https:\/\/festivalpanoramic.cat\/en\/wp-json\/wp\/v2\/media?parent=34943"}],"wp:term":[{"taxonomy":"project_category","embeddable":true,"href":"https:\/\/festivalpanoramic.cat\/en\/wp-json\/wp\/v2\/project_category?post=34943"},{"taxonomy":"project_tag","embeddable":true,"href":"https:\/\/festivalpanoramic.cat\/en\/wp-json\/wp\/v2\/project_tag?post=34943"}],"curies":[{"name":"wp","href":"https:\/\/api.w.org\/{rel}","templated":true}]}}