{"id":35475,"date":"2024-09-23T09:03:27","date_gmt":"2024-09-23T07:03:27","guid":{"rendered":"https:\/\/festivalpanoramic.cat\/project\/anthropomorphisms-invertebrate-tuning-essays-alfonso-borragan-and-paula-bruna\/"},"modified":"2024-09-30T10:52:01","modified_gmt":"2024-09-30T08:52:01","slug":"anthropomorphisms-invertebrate-tuning-essays-alfonso-borragan-and-paula-bruna","status":"publish","type":"project","link":"https:\/\/festivalpanoramic.cat\/en\/project\/anthropomorphisms-invertebrate-tuning-essays-alfonso-borragan-and-paula-bruna\/","title":{"rendered":"Anthropomorphisms. Invertebrate Tuning Essays. alfonso borrag\u00e1n and Paula Bruna"},"content":{"rendered":"<p>[et_pb_section fb_built=&#8221;1&#8243; _builder_version=&#8221;4.16&#8243; _module_preset=&#8221;default&#8221; global_colors_info=&#8221;{}&#8221;][et_pb_row column_structure=&#8221;2_5,3_5&#8243; custom_padding_last_edited=&#8221;on|tablet&#8221; _builder_version=&#8221;4.25.0&#8243; _module_preset=&#8221;default&#8221; width=&#8221;95%&#8221; width_tablet=&#8221;90%&#8221; width_phone=&#8221;90%&#8221; width_last_edited=&#8221;on|phone&#8221; max_width=&#8221;2560px&#8221; custom_margin_tablet=&#8221;0px||||false|false&#8221; custom_margin_phone=&#8221;-30px||||false|false&#8221; custom_margin_last_edited=&#8221;on|tablet&#8221; custom_padding_tablet=&#8221;0px||||false|false&#8221; custom_padding_phone=&#8221;0px||0px||true|false&#8221; global_colors_info=&#8221;{}&#8221;][et_pb_column type=&#8221;2_5&#8243; _builder_version=&#8221;4.16&#8243; _module_preset=&#8221;default&#8221; global_colors_info=&#8221;{}&#8221;][et_pb_text admin_label=&#8221;Exposicions&#8221; _builder_version=&#8221;4.17.6&#8243; _module_preset=&#8221;default&#8221; text_font=&#8221;Montserrat extra bold||||||||&#8221; text_text_color=&#8221;#000000&#8243; text_font_size=&#8221;16px&#8221; custom_margin=&#8221;||15px||false|false&#8221; global_colors_info=&#8221;{}&#8221;]<\/p>\n<p>Exhibitions<\/p>\n<p>[\/et_pb_text][et_pb_text admin_label=&#8221;Nom expo&#8221; _builder_version=&#8221;4.27.0&#8243; _module_preset=&#8221;default&#8221; text_font=&#8221;Montserrat extra bold||||||||&#8221; text_text_color=&#8221;#000000&#8243; text_font_size=&#8221;39px&#8221; text_line_height=&#8221;1em&#8221; custom_margin=&#8221;||19px||false|false&#8221; text_font_size_tablet=&#8221;39px&#8221; text_font_size_phone=&#8221;28px&#8221; text_font_size_last_edited=&#8221;on|phone&#8221; text_line_height_tablet=&#8221;&#8221; text_line_height_phone=&#8221;1.2em&#8221; text_line_height_last_edited=&#8221;on|phone&#8221; global_colors_info=&#8221;{}&#8221;]<\/p>\n<p><b>Anthropomorphisms. Invertebrate Tuning Essays <\/b><\/p>\n<p>[\/et_pb_text][et_pb_text admin_label=&#8221;expo de&#8230;&#8221; _builder_version=&#8221;4.27.0&#8243; _module_preset=&#8221;default&#8221; text_font=&#8221;Montserrat Light||||||||&#8221; text_text_color=&#8221;gcid-73263b73-b059-42fc-a61d-05da764fa408&#8243; text_font_size=&#8221;17px&#8221; text_line_height=&#8221;1.1em&#8221; custom_margin=&#8221;-5px||0px||false|false&#8221; text_line_height_tablet=&#8221;1.1em&#8221; text_line_height_phone=&#8221;1.3em&#8221; text_line_height_last_edited=&#8221;on|phone&#8221; locked=&#8221;off&#8221; inline_fonts=&#8221;Montserrat extra bold,Montserrat Light&#8221; global_colors_info=&#8221;{%22gcid-73263b73-b059-42fc-a61d-05da764fa408%22:%91%22text_text_color%22%93}&#8221;]<\/p>\n<p><span style=\"font-weight: 400;\">An exhibition by <span style=\"font-family: 'Montserrat extra bold'; font-weight: normal;\">alfonso borrag\u00e1n<\/span> (in collaboration with Ignacio Hern\u00e1ndez, Carmen Borrag\u00e1n, Marco Loayza, Jonathan Loayza, Jaime Rodr\u00edguez, Carlos Condori Romero, Jhoh Alan Choquevillca, Jorge Pavisic, CREAT, Jos\u00e9 D. Gilgado, Ma. Ren\u00e9 Vacaflores, Claudia L\u00f3pez and Elena Zahera) and <span style=\"font-family: 'Montserrat extra bold'; font-weight: normal;\">Paula Bruna<\/span> (in collaboration with Luis Palazzesi, Iv\u00e1n P\u00e9rez Lorenzo and Oriane Hidalgo), curated by <span style=\"font-family: 'Montserrat extra bold'; font-weight: normal;\">Marta Dah\u00f3.<\/span><\/span><\/p>\n<p>[\/et_pb_text][et_pb_text admin_label=&#8221;Lloc&#8221; _builder_version=&#8221;4.27.0&#8243; _module_preset=&#8221;default&#8221; text_font=&#8221;Montserrat extra bold||||||||&#8221; text_text_color=&#8221;#000000&#8243; text_font_size=&#8221;18px&#8221; custom_margin=&#8221;10px||||false|false&#8221; text_font_size_tablet=&#8221;18px&#8221; text_font_size_phone=&#8221;16px&#8221; text_font_size_last_edited=&#8221;on|phone&#8221; inline_fonts=&#8221;akrobat light,Montserrat Light&#8221; global_colors_info=&#8221;{}&#8221;]<\/p>\n<p><b>GRANOLLERS<br \/><\/b><span style=\"font-weight: 400;\">Museu de Ci\u00e8ncies Naturals de Granollers &#8211; <\/span><span style=\"font-family: 'Montserrat Light'; font-weight: normal;\">Carrer Palaud\u00e0ries, 102<\/span><\/p>\n<p>[\/et_pb_text][et_pb_button button_url=&#8221;\/en\/#home-localitzacions2024&#8243; button_text=&#8221;See the location map&#8221; button_alignment=&#8221;left&#8221; admin_label=&#8221;bot\u00f3 pl\u00e0nol&#8221; _builder_version=&#8221;4.25.0&#8243; _module_preset=&#8221;default&#8221; custom_button=&#8221;on&#8221; button_text_color=&#8221;#000000&#8243; button_bg_color=&#8221;#e8e8e8&#8243; button_border_width=&#8221;0px&#8221; button_border_radius=&#8221;0px&#8221; button_font=&#8221;akrobat extrabold||||||||&#8221; button_icon=&#8221;&#x24;||divi||400&#8243; custom_margin=&#8221;-15px||51px||false|false&#8221; custom_margin_tablet=&#8221;-17px||||false|false&#8221; custom_margin_phone=&#8221;-17px|||0px|false|false&#8221; custom_margin_last_edited=&#8221;on|tablet&#8221; button_text_size_tablet=&#8221;&#8221; button_text_size_phone=&#8221;18px&#8221; button_text_size_last_edited=&#8221;on|phone&#8221; global_colors_info=&#8221;{}&#8221;][\/et_pb_button][et_pb_text admin_label=&#8221;Data&#8221; _builder_version=&#8221;4.27.0&#8243; _module_preset=&#8221;default&#8221; text_font=&#8221;Montserrat Light||||||||&#8221; text_text_color=&#8221;#000000&#8243; text_font_size=&#8221;18px&#8221; custom_margin=&#8221;-34px||62px||false|false&#8221; custom_margin_tablet=&#8221;-24px||||false|false&#8221; custom_margin_phone=&#8221;-24px||44px||false|false&#8221; custom_margin_last_edited=&#8221;on|tablet&#8221; text_font_size_tablet=&#8221;18px&#8221; text_font_size_phone=&#8221;16px&#8221; text_font_size_last_edited=&#8221;on|phone&#8221; global_colors_info=&#8221;{}&#8221;]<\/p>\n<p>From October 10, to November 24<\/p>\n<p>[\/et_pb_text][et_pb_toggle title=&#8221;Schedule&#8221; open_toggle_text_color=&#8221;#000000&#8243; open_toggle_background_color=&#8221;RGBA(255,255,255,0)&#8221; closed_toggle_background_color=&#8221;RGBA(255,255,255,0)&#8221; icon_color=&#8221;#8b794f&#8221; toggle_icon=&#8221;&#x4c;||divi||400&#8243; use_icon_font_size=&#8221;on&#8221; icon_font_size=&#8221;22px&#8221; open_icon_color=&#8221;#8b794f&#8221; open_use_icon_font_size=&#8221;on&#8221; admin_label=&#8221;Horaris&#8221; _builder_version=&#8221;4.27.0&#8243; _module_preset=&#8221;default&#8221; title_text_color=&#8221;#000000&#8243; title_font=&#8221;Montserrat extra bold||||||||&#8221; title_font_size=&#8221;20px&#8221; closed_title_font=&#8221;Montserrat extra bold||||||||&#8221; closed_title_font_size=&#8221;20px&#8221; body_font=&#8221;akrobat light||||||||&#8221; body_text_color=&#8221;#000000&#8243; body_font_size=&#8221;20px&#8221; custom_margin=&#8221;-40px||||false|false&#8221; custom_margin_tablet=&#8221;-14px||||false|false&#8221; custom_margin_phone=&#8221;-20px||||false|false&#8221; custom_margin_last_edited=&#8221;on|desktop&#8221; body_font_size_tablet=&#8221;20px&#8221; body_font_size_phone=&#8221;18px&#8221; body_font_size_last_edited=&#8221;on|phone&#8221; border_width_all=&#8221;0px&#8221; border_width_top=&#8221;1px&#8221; border_color_top=&#8221;#8b794f&#8221; border_width_bottom=&#8221;1px&#8221; border_color_bottom=&#8221;#8c864d&#8221; locked=&#8221;off&#8221; global_colors_info=&#8221;{}&#8221;]<\/p>\n<p><span style=\"font-weight: 400;\">From Sunday to Saturday 16.00 &#8211; 19.00 h<\/span><br \/><span style=\"font-weight: 400;\">Sundays 12.00 &#8211; 14.00 h<\/span><\/p>\n<p>[\/et_pb_toggle][et_pb_text _builder_version=&#8221;4.27.0&#8243; _module_preset=&#8221;default&#8221; text_font=&#8221;akrobat light||||||||&#8221; text_text_color=&#8221;#000000&#8243; text_font_size=&#8221;20px&#8221; inline_fonts=&#8221;akrobat extrabold&#8221; global_colors_info=&#8221;{}&#8221;]<\/p>\n<p><span style=\"font-weight: 400;\">What happens when we stop underestimating other species, when the pretensions of human superiority begin to yield in the face of the extraordinary capacities of other living beings? The work of alfonso borrag\u00e1n and Paula Bruna, carried out in collaboration with a number of entomological and botanical researchers, dislodges us from our fatally anthropocentric position to connect with what is still imperceptible for us: other time scales, other rhythms, other sensitive forms different from the humane ones. The exhibition   <\/span><i><span style=\"font-weight: 400;\">Anthropomorphisms. Invertebrate Tuning Essays <\/span><\/i><span style=\"font-weight: 400;\"> proposes a poetic and speculative exercise, as well as a series of propitiatory rituals that arise from the desire to imagine other possible ways of coexistence. In this case, with some of the living beings with respect to which, despite their importance in the terrestrial ecosystem, we feel a profound distance, those whom we generally avoid contact with: the arthropods. <\/span><\/p>\n<p>[\/et_pb_text][\/et_pb_column][et_pb_column type=&#8221;3_5&#8243; _builder_version=&#8221;4.16&#8243; _module_preset=&#8221;default&#8221; global_colors_info=&#8221;{}&#8221;][et_pb_image src=&#8221;https:\/\/festivalpanoramic.cat\/wp-content\/uploads\/2024\/09\/alfonso-borragan.jpeg&#8221; title_text=&#8221;alfonso-borraga\u0301n&#8221; force_fullwidth=&#8221;on&#8221; _builder_version=&#8221;4.27.0&#8243; _module_preset=&#8221;default&#8221; custom_margin=&#8221;||0px||false|false&#8221; custom_margin_tablet=&#8221;&#8221; custom_margin_phone=&#8221;10px||0px||false|false&#8221; custom_margin_last_edited=&#8221;on|phone&#8221; custom_padding=&#8221;||0px||false|false&#8221; global_colors_info=&#8221;{}&#8221;][\/et_pb_image][et_pb_text _builder_version=&#8221;4.27.0&#8243; _module_preset=&#8221;default&#8221; text_font=&#8221;akrobat light||||||||&#8221; text_font_size=&#8221;18px&#8221; custom_margin=&#8221;0px||||false|false&#8221; custom_padding=&#8221;15px||||false|false&#8221; custom_padding_tablet=&#8221;15px||||false|false&#8221; custom_padding_phone=&#8221;15px||||false|false&#8221; custom_padding_last_edited=&#8221;on|phone&#8221; locked=&#8221;off&#8221; global_colors_info=&#8221;{}&#8221;]<\/p>\n<p>alfonso borrag\u00e1n in collaboration with Marco Loayza, Jonathan Loayza, Ignacio Hern\u00e1ndez and Jaime Rodr\u00edguez. Vertebra: Activador peregrinatorio de diplopoda. Bronze, perforated human skin and pheromones of <em>anadenobolus monilicornis<\/em>. La Paz (Bolivia), 2024   <\/p>\n<p>[\/et_pb_text][et_pb_image src=&#8221;https:\/\/festivalpanoramic.cat\/wp-content\/uploads\/2024\/09\/Paula-Bruna.jpg&#8221; title_text=&#8221;Paula Bruna&#8221; force_fullwidth=&#8221;on&#8221; _builder_version=&#8221;4.27.0&#8243; _module_preset=&#8221;default&#8221; custom_margin=&#8221;-20px||0px||false|false&#8221; custom_margin_tablet=&#8221;0px||||false|false&#8221; custom_margin_phone=&#8221;10px||0px||false|false&#8221; custom_margin_last_edited=&#8221;on|phone&#8221; custom_padding=&#8221;0px||0px||false|false&#8221; global_colors_info=&#8221;{}&#8221;][\/et_pb_image][et_pb_text _builder_version=&#8221;4.27.0&#8243; _module_preset=&#8221;default&#8221; text_font=&#8221;akrobat light||||||||&#8221; text_font_size=&#8221;18px&#8221; custom_margin=&#8221;0px||||false|false&#8221; custom_padding=&#8221;15px||||false|false&#8221; custom_padding_tablet=&#8221;15px||||false|false&#8221; custom_padding_phone=&#8221;15px||||false|false&#8221; custom_padding_last_edited=&#8221;on|phone&#8221; global_colors_info=&#8221;{}&#8221;]<\/p>\n<p>Paula Bruna, Luis Palazzesi, Iv\u00e1n P\u00e9rez Lorenzo and Oriane Hidalgo. <em>Noctes Achilleienses<\/em> (<em>Achillea Nights<\/em>), video, 2023.<\/p>\n<p>[\/et_pb_text][\/et_pb_column][\/et_pb_row][\/et_pb_section][et_pb_section fb_built=&#8221;1&#8243; custom_padding_last_edited=&#8221;on|phone&#8221; _builder_version=&#8221;4.25.0&#8243; _module_preset=&#8221;default&#8221; background_color=&#8221;#e8e8e8&#8243; custom_padding_tablet=&#8221;&#8221; custom_padding_phone=&#8221;||0px||false|false&#8221; global_colors_info=&#8221;{}&#8221;][et_pb_row column_structure=&#8221;2_3,1_3&#8243; custom_padding_last_edited=&#8221;on|phone&#8221; _builder_version=&#8221;4.27.0&#8243; _module_preset=&#8221;default&#8221; width=&#8221;95%&#8221; width_tablet=&#8221;90%&#8221; width_phone=&#8221;90%&#8221; width_last_edited=&#8221;on|phone&#8221; max_width=&#8221;2560px&#8221; custom_margin_tablet=&#8221;&#8221; custom_margin_phone=&#8221;&#8221; custom_margin_last_edited=&#8221;on|phone&#8221; custom_padding=&#8221;0px||0px||true|false&#8221; custom_padding_tablet=&#8221;0px||0px||true|false&#8221; custom_padding_phone=&#8221;0px||0px||true|false&#8221; border_width_bottom=&#8221;2px&#8221; global_colors_info=&#8221;{}&#8221;][et_pb_column type=&#8221;2_3&#8243; _builder_version=&#8221;4.16&#8243; _module_preset=&#8221;default&#8221; global_colors_info=&#8221;{}&#8221;][et_pb_text _builder_version=&#8221;4.27.0&#8243; _module_preset=&#8221;default&#8221; text_font=&#8221;akrobat light||||||||&#8221; text_text_color=&#8221;#000000&#8243; text_font_size=&#8221;20px&#8221; custom_padding=&#8221;1px|||||&#8221; inline_fonts=&#8221;Montserrat extra bold&#8221; global_colors_info=&#8221;{}&#8221;]<\/p>\n<p><span style=\"font-family: 'Montserrat extra bold'; font-weight: normal; font-size: x-large;\">alfonso borrag\u00e1n<\/span><\/p>\n<p class=\"p1\"><span class=\"s1\">(Santander, 1983). alfonso borrag\u00e1n\u2019s practice is articulated between research, teaching, collective processes and performative action. He explores and activates relational processes, physical and metaphysical, with the earth, usually though collective processes and collective actions. His practice is manifested inside the fragility of collective processes and the ephemerality of action, like a latent image in constant change. His work has been described as a \u201cvague momentum\u201d, the critical instance where the generation of images is potentiated.     <\/span><\/p>\n<p class=\"p1\"><span class=\"s1\">As an artist, he tries to channel an experience, building situations and devices that are born to be consumed and that try to modify the perception of reality, interfere or expand it. These develop at a symbiotic level with humans, through a correspondence that is activated through them and disappears with them. His works are articulated among them as part of a system of relationships in process.   <\/span><\/p>\n<p class=\"p1\"><span class=\"s1\">As part of his work methodology, he activates long periods of research related to the context. Build interdisciplinary teams with scientists, anthropologists, geologists, farmers and other knowledge that expand and develop different views during these processes. <\/span><\/p>\n<p>[\/et_pb_text][et_pb_social_media_follow icon_color=&#8221;#FFFFFF&#8221; _builder_version=&#8221;4.27.0&#8243; _module_preset=&#8221;default&#8221; background_color=&#8221;RGBA(255,255,255,0)&#8221; custom_padding=&#8221;||12px||false|false&#8221; custom_padding_tablet=&#8221;||12px||false|false&#8221; custom_padding_phone=&#8221;||12px||false|false&#8221; custom_padding_last_edited=&#8221;on|desktop&#8221; global_colors_info=&#8221;{}&#8221;][et_pb_social_media_follow_network social_network=&#8221;rss&#8221; url=&#8221;https:\/\/www.alfonsoborragan.com\/&#8221; _builder_version=&#8221;4.27.0&#8243; _module_preset=&#8221;default&#8221; background_color=&#8221;#000000&#8243; background_enable_color=&#8221;on&#8221; global_colors_info=&#8221;{}&#8221; follow_button=&#8221;off&#8221; url_new_window=&#8221;on&#8221;]rss[\/et_pb_social_media_follow_network][et_pb_social_media_follow_network social_network=&#8221;instagram&#8221; url=&#8221;https:\/\/www.instagram.com\/alfonso.borragan&#8221; _builder_version=&#8221;4.27.0&#8243; _module_preset=&#8221;default&#8221; background_color=&#8221;#000000&#8243; background_enable_color=&#8221;on&#8221; global_colors_info=&#8221;{}&#8221; follow_button=&#8221;off&#8221; url_new_window=&#8221;on&#8221;]instagram[\/et_pb_social_media_follow_network][\/et_pb_social_media_follow][\/et_pb_column][et_pb_column type=&#8221;1_3&#8243; _builder_version=&#8221;4.16&#8243; _module_preset=&#8221;default&#8221; global_colors_info=&#8221;{}&#8221;][\/et_pb_column][\/et_pb_row][et_pb_row column_structure=&#8221;2_3,1_3&#8243; custom_padding_last_edited=&#8221;on|phone&#8221; _builder_version=&#8221;4.27.0&#8243; _module_preset=&#8221;default&#8221; width=&#8221;95%&#8221; width_tablet=&#8221;90%&#8221; width_phone=&#8221;90%&#8221; width_last_edited=&#8221;on|phone&#8221; max_width=&#8221;2560px&#8221; custom_margin_tablet=&#8221;&#8221; custom_margin_phone=&#8221;&#8221; custom_margin_last_edited=&#8221;on|phone&#8221; custom_padding=&#8221;||0px||false|false&#8221; custom_padding_tablet=&#8221;0px||0px||true|false&#8221; custom_padding_phone=&#8221;30px||0px||false|false&#8221; global_colors_info=&#8221;{}&#8221;][et_pb_column type=&#8221;2_3&#8243; _builder_version=&#8221;4.16&#8243; _module_preset=&#8221;default&#8221; global_colors_info=&#8221;{}&#8221;][et_pb_text _builder_version=&#8221;4.27.0&#8243; _module_preset=&#8221;default&#8221; text_font=&#8221;akrobat light||||||||&#8221; text_text_color=&#8221;#000000&#8243; text_font_size=&#8221;20px&#8221; custom_padding=&#8221;1px|||||&#8221; inline_fonts=&#8221;Montserrat extra bold&#8221; global_colors_info=&#8221;{}&#8221;]<\/p>\n<p><span style=\"font-family: 'Montserrat extra bold'; font-weight: normal; font-size: x-large;\">Paula Bruna<\/span><\/p>\n<p>Paula Bruna (Barcelona, 1978) holds a PhD in Fine Arts (Universitat de Barcelona) and a BA and MA in Environmental Sciences (Universitat Aut\u00f2noma de Barcelona). She is currently a postdoctoral artistic researcher at the Department of Animal Biology, Plant Biology and Ecology of the Universitat Aut\u00f2noma de Barcelona, being probably the only artistic researcher in our country in the staff of a scientific research center. Paula also teaches at the BAU university center.  <\/p>\n<p>As an environmentalist and artist, she investigates the relationships between human societies and their ecological environment from non-human perspectives, using a combination of scientific facts, speculative fiction and artistic practices. Her main hypothesis is that exploring points of view other than the current anthropocentrism provides knowledge, has effects on ecological awareness and opens the range of possible ways of coexistence. In her research, Paula uses a combination of science-based speculative fiction and artistic practices to approach non-human perspectives. Far from anthropomorphizing the other, Paula calls for the need to \u201cde-anthropomorphize\u201d our society for a better understanding of the environment and ourselves as part of it.   <\/p>\n<p>[\/et_pb_text][et_pb_social_media_follow icon_color=&#8221;#FFFFFF&#8221; _builder_version=&#8221;4.27.0&#8243; _module_preset=&#8221;default&#8221; background_color=&#8221;RGBA(255,255,255,0)&#8221; global_colors_info=&#8221;{}&#8221;][et_pb_social_media_follow_network social_network=&#8221;rss&#8221; url=&#8221;https:\/\/paulabruna.com\/&#8221; _builder_version=&#8221;4.27.0&#8243; _module_preset=&#8221;default&#8221; background_color=&#8221;#000000&#8243; background_enable_color=&#8221;on&#8221; global_colors_info=&#8221;{}&#8221; follow_button=&#8221;off&#8221; url_new_window=&#8221;on&#8221;]rss[\/et_pb_social_media_follow_network][et_pb_social_media_follow_network social_network=&#8221;instagram&#8221; url=&#8221;https:\/\/www.instagram.com\/paulabrunaperez&#8221; _builder_version=&#8221;4.27.0&#8243; _module_preset=&#8221;default&#8221; background_color=&#8221;#000000&#8243; background_enable_color=&#8221;on&#8221; global_colors_info=&#8221;{}&#8221; follow_button=&#8221;off&#8221; url_new_window=&#8221;on&#8221;]instagram[\/et_pb_social_media_follow_network][\/et_pb_social_media_follow][\/et_pb_column][et_pb_column type=&#8221;1_3&#8243; _builder_version=&#8221;4.16&#8243; _module_preset=&#8221;default&#8221; global_colors_info=&#8221;{}&#8221;][\/et_pb_column][\/et_pb_row][\/et_pb_section][et_pb_section fb_built=&#8221;1&#8243; custom_padding_last_edited=&#8221;on|phone&#8221; _builder_version=&#8221;4.25.0&#8243; _module_preset=&#8221;default&#8221; background_color=&#8221;#FFFFFF&#8221; custom_padding_tablet=&#8221;&#8221; custom_padding_phone=&#8221;||0px||false|false&#8221; global_colors_info=&#8221;{}&#8221;][et_pb_row column_structure=&#8221;2_3,1_3&#8243; custom_padding_last_edited=&#8221;on|phone&#8221; _builder_version=&#8221;4.27.0&#8243; _module_preset=&#8221;default&#8221; width=&#8221;95%&#8221; width_tablet=&#8221;90%&#8221; width_phone=&#8221;90%&#8221; width_last_edited=&#8221;on|phone&#8221; max_width=&#8221;2560px&#8221; custom_padding=&#8221;0px||||false|false&#8221; custom_padding_tablet=&#8221;0px||||false|false&#8221; custom_padding_phone=&#8221;0px||0px||true|false&#8221; global_colors_info=&#8221;{}&#8221;][et_pb_column type=&#8221;2_3&#8243; _builder_version=&#8221;4.16&#8243; _module_preset=&#8221;default&#8221; global_colors_info=&#8221;{}&#8221;][et_pb_text _builder_version=&#8221;4.27.0&#8243; _module_preset=&#8221;default&#8221; text_font=&#8221;akrobat light||||||||&#8221; text_text_color=&#8221;#000000&#8243; text_font_size=&#8221;20px&#8221; link_font=&#8221;akrobat extrabold||||||||&#8221; link_text_color=&#8221;gcid-73263b73-b059-42fc-a61d-05da764fa408&#8243; custom_padding=&#8221;1px|||||&#8221; inline_fonts=&#8221;Montserrat extra bold&#8221; global_colors_info=&#8221;{%22gcid-73263b73-b059-42fc-a61d-05da764fa408%22:%91%22link_text_color%22%93}&#8221;]<\/p>\n<p><span style=\"font-family: 'Montserrat extra bold'; font-weight: normal; font-size: x-large;\">Marta Dah\u00f3<\/span><\/p>\n<p>Marta Dah\u00f3 <span style=\"font-weight: 400;\">(Milan, 1969) is a curator and lecturer. With a PhD in Art History from the University of Barcelona, since 1995 she has curated numerous exhibitions for institutions and festivals of international prestige such as La Virreina, where she has presented an extensive exhibition of Guido Guidi.  <\/span><i><span style=\"font-weight: 400;\">Da zero<\/span><\/i><span style=\"font-weight: 400;\"> in whose edition he curated Jorge Yeregui&#8217;s <\/span><i><span style=\"font-weight: 400;\">Deshacer, borrar, Activar<\/span><\/i><span style=\"font-weight: 400;\"> or the Fundaci\u00f3n Mapfre, with whom he has organized three major retrospectives dedicated to the work of Bleda y Rosa (2022), Stephen Shore (2014) and Graciela Iturbide (2009). In addition she has published numerous essays and articles for various publications and catalogs, and has edited the book  <\/span><i><span style=\"font-weight: 400;\">Fotograf\u00eda y<\/span><\/i> <i><span style=\"font-weight: 400;\">exposici\u00f3n. Saberes cruzados <\/span><\/i><span style=\"font-weight: 400;\"> (2022) which brings together the series of conferences held at KBr. Fundaci\u00f3n MAPFRE. Since 2006 he combines curating with teaching (UNIR, Idep, LCI and Elisava).   <\/span><\/p>\n<p>[\/et_pb_text][et_pb_social_media_follow icon_color=&#8221;#FFFFFF&#8221; _builder_version=&#8221;4.27.0&#8243; _module_preset=&#8221;default&#8221; background_color=&#8221;RGBA(255,255,255,0)&#8221; hover_enabled=&#8221;0&#8243; global_colors_info=&#8221;{}&#8221; locked=&#8221;off&#8221; sticky_enabled=&#8221;0&#8243;][et_pb_social_media_follow_network social_network=&#8221;instagram&#8221; url=&#8221;https:\/\/www.instagram.com\/martadaho&#8221; _builder_version=&#8221;4.27.0&#8243; _module_preset=&#8221;default&#8221; background_color=&#8221;#000000&#8243; background_enable_color=&#8221;on&#8221; hover_enabled=&#8221;0&#8243; global_colors_info=&#8221;{}&#8221; follow_button=&#8221;off&#8221; url_new_window=&#8221;on&#8221; sticky_enabled=&#8221;0&#8243;]instagram[\/et_pb_social_media_follow_network][\/et_pb_social_media_follow][\/et_pb_column][et_pb_column type=&#8221;1_3&#8243; _builder_version=&#8221;4.16&#8243; _module_preset=&#8221;default&#8221; global_colors_info=&#8221;{}&#8221;][\/et_pb_column][\/et_pb_row][\/et_pb_section]<\/p>\n","protected":false},"excerpt":{"rendered":"<p>ExhibitionsAnthropomorphisms. Invertebrate Tuning Essays An exhibition by alfonso borrag\u00e1n (in collaboration with Ignacio Hern\u00e1ndez, Carmen Borrag\u00e1n, Marco Loayza, Jonathan Loayza, Jaime Rodr\u00edguez, Carlos Condori Romero, Jhoh Alan Choquevillca, Jorge Pavisic, [&hellip;]<\/p>\n","protected":false},"author":1,"featured_media":35463,"comment_status":"open","ping_status":"closed","template":"","meta":{"_et_pb_use_builder":"on","_et_pb_old_content":"","_et_gb_content_width":"","footnotes":""},"project_category":[124],"project_tag":[],"class_list":["post-35475","project","type-project","status-publish","has-post-thumbnail","hentry","project_category-exhibitioms-granollers-2024"],"yoast_head":"<!-- This site is optimized with the Yoast SEO plugin v27.2 - https:\/\/yoast.com\/product\/yoast-seo-wordpress\/ -->\n<title>Anthropomorphisms. Invertebrate Tuning Essays. alfonso borrag\u00e1n and Paula Bruna - Festival Panor\u00e0mic<\/title>\n<meta name=\"robots\" content=\"index, follow, max-snippet:-1, max-image-preview:large, max-video-preview:-1\" \/>\n<link rel=\"canonical\" href=\"https:\/\/festivalpanoramic.cat\/en\/project\/anthropomorphisms-invertebrate-tuning-essays-alfonso-borragan-and-paula-bruna\/\" \/>\n<meta property=\"og:locale\" content=\"en_US\" \/>\n<meta property=\"og:type\" content=\"article\" \/>\n<meta property=\"og:title\" content=\"Anthropomorphisms. Invertebrate Tuning Essays. alfonso borrag\u00e1n and Paula Bruna - Festival Panor\u00e0mic\" \/>\n<meta property=\"og:description\" content=\"ExhibitionsAnthropomorphisms. Invertebrate Tuning Essays An exhibition by alfonso borrag\u00e1n (in collaboration with Ignacio Hern\u00e1ndez, Carmen Borrag\u00e1n, Marco Loayza, Jonathan Loayza, Jaime Rodr\u00edguez, Carlos Condori Romero, Jhoh Alan Choquevillca, Jorge Pavisic, [&hellip;]\" \/>\n<meta property=\"og:url\" content=\"https:\/\/festivalpanoramic.cat\/en\/project\/anthropomorphisms-invertebrate-tuning-essays-alfonso-borragan-and-paula-bruna\/\" \/>\n<meta property=\"og:site_name\" content=\"Festival Panor\u00e0mic\" \/>\n<meta property=\"article:modified_time\" content=\"2024-09-30T08:52:01+00:00\" \/>\n<meta property=\"og:image\" content=\"https:\/\/festivalpanoramic.cat\/wp-content\/uploads\/2024\/09\/alfonso-borragan.jpeg\" \/>\n\t<meta property=\"og:image:width\" content=\"1280\" \/>\n\t<meta property=\"og:image:height\" content=\"960\" \/>\n\t<meta property=\"og:image:type\" content=\"image\/jpeg\" \/>\n<meta name=\"twitter:card\" content=\"summary_large_image\" \/>\n<meta name=\"twitter:label1\" content=\"Est. reading time\" \/>\n\t<meta name=\"twitter:data1\" content=\"13 minutes\" \/>\n<script type=\"application\/ld+json\" class=\"yoast-schema-graph\">{\"@context\":\"https:\/\/schema.org\",\"@graph\":[{\"@type\":\"WebPage\",\"@id\":\"https:\/\/festivalpanoramic.cat\/en\/project\/anthropomorphisms-invertebrate-tuning-essays-alfonso-borragan-and-paula-bruna\/\",\"url\":\"https:\/\/festivalpanoramic.cat\/en\/project\/anthropomorphisms-invertebrate-tuning-essays-alfonso-borragan-and-paula-bruna\/\",\"name\":\"Anthropomorphisms. Invertebrate Tuning Essays. alfonso borrag\u00e1n and Paula Bruna - Festival Panor\u00e0mic\",\"isPartOf\":{\"@id\":\"https:\/\/festivalpanoramic.cat\/en\/#website\"},\"primaryImageOfPage\":{\"@id\":\"https:\/\/festivalpanoramic.cat\/en\/project\/anthropomorphisms-invertebrate-tuning-essays-alfonso-borragan-and-paula-bruna\/#primaryimage\"},\"image\":{\"@id\":\"https:\/\/festivalpanoramic.cat\/en\/project\/anthropomorphisms-invertebrate-tuning-essays-alfonso-borragan-and-paula-bruna\/#primaryimage\"},\"thumbnailUrl\":\"https:\/\/festivalpanoramic.cat\/wp-content\/uploads\/2024\/09\/alfonso-borragan.jpeg\",\"datePublished\":\"2024-09-23T07:03:27+00:00\",\"dateModified\":\"2024-09-30T08:52:01+00:00\",\"breadcrumb\":{\"@id\":\"https:\/\/festivalpanoramic.cat\/en\/project\/anthropomorphisms-invertebrate-tuning-essays-alfonso-borragan-and-paula-bruna\/#breadcrumb\"},\"inLanguage\":\"en-US\",\"potentialAction\":[{\"@type\":\"ReadAction\",\"target\":[\"https:\/\/festivalpanoramic.cat\/en\/project\/anthropomorphisms-invertebrate-tuning-essays-alfonso-borragan-and-paula-bruna\/\"]}]},{\"@type\":\"ImageObject\",\"inLanguage\":\"en-US\",\"@id\":\"https:\/\/festivalpanoramic.cat\/en\/project\/anthropomorphisms-invertebrate-tuning-essays-alfonso-borragan-and-paula-bruna\/#primaryimage\",\"url\":\"https:\/\/festivalpanoramic.cat\/wp-content\/uploads\/2024\/09\/alfonso-borragan.jpeg\",\"contentUrl\":\"https:\/\/festivalpanoramic.cat\/wp-content\/uploads\/2024\/09\/alfonso-borragan.jpeg\",\"width\":1280,\"height\":960},{\"@type\":\"BreadcrumbList\",\"@id\":\"https:\/\/festivalpanoramic.cat\/en\/project\/anthropomorphisms-invertebrate-tuning-essays-alfonso-borragan-and-paula-bruna\/#breadcrumb\",\"itemListElement\":[{\"@type\":\"ListItem\",\"position\":1,\"name\":\"Inici\",\"item\":\"https:\/\/festivalpanoramic.cat\/en\/\"},{\"@type\":\"ListItem\",\"position\":2,\"name\":\"Projects\",\"item\":\"https:\/\/festivalpanoramic.cat\/en\/project\/\"},{\"@type\":\"ListItem\",\"position\":3,\"name\":\"Anthropomorphisms. Invertebrate Tuning Essays. alfonso borrag\u00e1n and Paula Bruna\"}]},{\"@type\":\"WebSite\",\"@id\":\"https:\/\/festivalpanoramic.cat\/en\/#website\",\"url\":\"https:\/\/festivalpanoramic.cat\/en\/\",\"name\":\"Festival Panor\u00e0mic\",\"description\":\"PANOR\u00c0MIC. ARTS I CULTURES VISUALS\",\"potentialAction\":[{\"@type\":\"SearchAction\",\"target\":{\"@type\":\"EntryPoint\",\"urlTemplate\":\"https:\/\/festivalpanoramic.cat\/en\/?s={search_term_string}\"},\"query-input\":{\"@type\":\"PropertyValueSpecification\",\"valueRequired\":true,\"valueName\":\"search_term_string\"}}],\"inLanguage\":\"en-US\"}]}<\/script>\n<!-- \/ Yoast SEO plugin. -->","yoast_head_json":{"title":"Anthropomorphisms. Invertebrate Tuning Essays. alfonso borrag\u00e1n and Paula Bruna - Festival Panor\u00e0mic","robots":{"index":"index","follow":"follow","max-snippet":"max-snippet:-1","max-image-preview":"max-image-preview:large","max-video-preview":"max-video-preview:-1"},"canonical":"https:\/\/festivalpanoramic.cat\/en\/project\/anthropomorphisms-invertebrate-tuning-essays-alfonso-borragan-and-paula-bruna\/","og_locale":"en_US","og_type":"article","og_title":"Anthropomorphisms. Invertebrate Tuning Essays. alfonso borrag\u00e1n and Paula Bruna - Festival Panor\u00e0mic","og_description":"ExhibitionsAnthropomorphisms. Invertebrate Tuning Essays An exhibition by alfonso borrag\u00e1n (in collaboration with Ignacio Hern\u00e1ndez, Carmen Borrag\u00e1n, Marco Loayza, Jonathan Loayza, Jaime Rodr\u00edguez, Carlos Condori Romero, Jhoh Alan Choquevillca, Jorge Pavisic, [&hellip;]","og_url":"https:\/\/festivalpanoramic.cat\/en\/project\/anthropomorphisms-invertebrate-tuning-essays-alfonso-borragan-and-paula-bruna\/","og_site_name":"Festival Panor\u00e0mic","article_modified_time":"2024-09-30T08:52:01+00:00","og_image":[{"width":1280,"height":960,"url":"https:\/\/festivalpanoramic.cat\/wp-content\/uploads\/2024\/09\/alfonso-borragan.jpeg","type":"image\/jpeg"}],"twitter_card":"summary_large_image","twitter_misc":{"Est. reading time":"13 minutes"},"schema":{"@context":"https:\/\/schema.org","@graph":[{"@type":"WebPage","@id":"https:\/\/festivalpanoramic.cat\/en\/project\/anthropomorphisms-invertebrate-tuning-essays-alfonso-borragan-and-paula-bruna\/","url":"https:\/\/festivalpanoramic.cat\/en\/project\/anthropomorphisms-invertebrate-tuning-essays-alfonso-borragan-and-paula-bruna\/","name":"Anthropomorphisms. Invertebrate Tuning Essays. alfonso borrag\u00e1n and Paula Bruna - Festival Panor\u00e0mic","isPartOf":{"@id":"https:\/\/festivalpanoramic.cat\/en\/#website"},"primaryImageOfPage":{"@id":"https:\/\/festivalpanoramic.cat\/en\/project\/anthropomorphisms-invertebrate-tuning-essays-alfonso-borragan-and-paula-bruna\/#primaryimage"},"image":{"@id":"https:\/\/festivalpanoramic.cat\/en\/project\/anthropomorphisms-invertebrate-tuning-essays-alfonso-borragan-and-paula-bruna\/#primaryimage"},"thumbnailUrl":"https:\/\/festivalpanoramic.cat\/wp-content\/uploads\/2024\/09\/alfonso-borragan.jpeg","datePublished":"2024-09-23T07:03:27+00:00","dateModified":"2024-09-30T08:52:01+00:00","breadcrumb":{"@id":"https:\/\/festivalpanoramic.cat\/en\/project\/anthropomorphisms-invertebrate-tuning-essays-alfonso-borragan-and-paula-bruna\/#breadcrumb"},"inLanguage":"en-US","potentialAction":[{"@type":"ReadAction","target":["https:\/\/festivalpanoramic.cat\/en\/project\/anthropomorphisms-invertebrate-tuning-essays-alfonso-borragan-and-paula-bruna\/"]}]},{"@type":"ImageObject","inLanguage":"en-US","@id":"https:\/\/festivalpanoramic.cat\/en\/project\/anthropomorphisms-invertebrate-tuning-essays-alfonso-borragan-and-paula-bruna\/#primaryimage","url":"https:\/\/festivalpanoramic.cat\/wp-content\/uploads\/2024\/09\/alfonso-borragan.jpeg","contentUrl":"https:\/\/festivalpanoramic.cat\/wp-content\/uploads\/2024\/09\/alfonso-borragan.jpeg","width":1280,"height":960},{"@type":"BreadcrumbList","@id":"https:\/\/festivalpanoramic.cat\/en\/project\/anthropomorphisms-invertebrate-tuning-essays-alfonso-borragan-and-paula-bruna\/#breadcrumb","itemListElement":[{"@type":"ListItem","position":1,"name":"Inici","item":"https:\/\/festivalpanoramic.cat\/en\/"},{"@type":"ListItem","position":2,"name":"Projects","item":"https:\/\/festivalpanoramic.cat\/en\/project\/"},{"@type":"ListItem","position":3,"name":"Anthropomorphisms. Invertebrate Tuning Essays. alfonso borrag\u00e1n and Paula Bruna"}]},{"@type":"WebSite","@id":"https:\/\/festivalpanoramic.cat\/en\/#website","url":"https:\/\/festivalpanoramic.cat\/en\/","name":"Festival Panor\u00e0mic","description":"PANOR\u00c0MIC. ARTS I CULTURES VISUALS","potentialAction":[{"@type":"SearchAction","target":{"@type":"EntryPoint","urlTemplate":"https:\/\/festivalpanoramic.cat\/en\/?s={search_term_string}"},"query-input":{"@type":"PropertyValueSpecification","valueRequired":true,"valueName":"search_term_string"}}],"inLanguage":"en-US"}]}},"_links":{"self":[{"href":"https:\/\/festivalpanoramic.cat\/en\/wp-json\/wp\/v2\/project\/35475","targetHints":{"allow":["GET"]}}],"collection":[{"href":"https:\/\/festivalpanoramic.cat\/en\/wp-json\/wp\/v2\/project"}],"about":[{"href":"https:\/\/festivalpanoramic.cat\/en\/wp-json\/wp\/v2\/types\/project"}],"author":[{"embeddable":true,"href":"https:\/\/festivalpanoramic.cat\/en\/wp-json\/wp\/v2\/users\/1"}],"replies":[{"embeddable":true,"href":"https:\/\/festivalpanoramic.cat\/en\/wp-json\/wp\/v2\/comments?post=35475"}],"version-history":[{"count":17,"href":"https:\/\/festivalpanoramic.cat\/en\/wp-json\/wp\/v2\/project\/35475\/revisions"}],"predecessor-version":[{"id":35803,"href":"https:\/\/festivalpanoramic.cat\/en\/wp-json\/wp\/v2\/project\/35475\/revisions\/35803"}],"wp:featuredmedia":[{"embeddable":true,"href":"https:\/\/festivalpanoramic.cat\/en\/wp-json\/wp\/v2\/media\/35463"}],"wp:attachment":[{"href":"https:\/\/festivalpanoramic.cat\/en\/wp-json\/wp\/v2\/media?parent=35475"}],"wp:term":[{"taxonomy":"project_category","embeddable":true,"href":"https:\/\/festivalpanoramic.cat\/en\/wp-json\/wp\/v2\/project_category?post=35475"},{"taxonomy":"project_tag","embeddable":true,"href":"https:\/\/festivalpanoramic.cat\/en\/wp-json\/wp\/v2\/project_tag?post=35475"}],"curies":[{"name":"wp","href":"https:\/\/api.w.org\/{rel}","templated":true}]}}