{"id":38200,"date":"2025-09-10T17:16:00","date_gmt":"2025-09-10T15:16:00","guid":{"rendered":"https:\/\/festivalpanoramic.cat\/?post_type=project&#038;p=38200"},"modified":"2025-11-06T09:29:26","modified_gmt":"2025-11-06T07:29:26","slug":"capsa-23","status":"publish","type":"project","link":"https:\/\/festivalpanoramic.cat\/en\/project\/capsa-23\/","title":{"rendered":"Capsa n\u00fam 23, Aleix Plademunt"},"content":{"rendered":"<p>[et_pb_section fb_built=&#8221;1&#8243; _builder_version=&#8221;4.16&#8243; _module_preset=&#8221;default&#8221; locked=&#8221;off&#8221; collapsed=&#8221;off&#8221; global_colors_info=&#8221;{}&#8221;][et_pb_row column_structure=&#8221;2_5,3_5&#8243; custom_padding_last_edited=&#8221;on|tablet&#8221; _builder_version=&#8221;4.25.0&#8243; _module_preset=&#8221;default&#8221; width=&#8221;95%&#8221; width_tablet=&#8221;90%&#8221; width_phone=&#8221;90%&#8221; width_last_edited=&#8221;on|phone&#8221; max_width=&#8221;2560px&#8221; custom_margin_tablet=&#8221;0px||||false|false&#8221; custom_margin_phone=&#8221;-30px||||false|false&#8221; custom_margin_last_edited=&#8221;on|tablet&#8221; custom_padding_tablet=&#8221;0px||||false|false&#8221; custom_padding_phone=&#8221;0px||0px||true|false&#8221; locked=&#8221;off&#8221; global_colors_info=&#8221;{}&#8221;][et_pb_column type=&#8221;2_5&#8243; _builder_version=&#8221;4.16&#8243; _module_preset=&#8221;default&#8221; global_colors_info=&#8221;{}&#8221;][et_pb_text admin_label=&#8221;Exposicions&#8221; _builder_version=&#8221;4.27.4&#8243; _module_preset=&#8221;default&#8221; text_font=&#8221;Montserrat extra bold||||||||&#8221; text_text_color=&#8221;#000000&#8243; text_font_size=&#8221;16px&#8221; custom_margin=&#8221;||15px||false|false&#8221; global_colors_info=&#8221;{}&#8221;]<\/p>\n<p>Exhibitions<\/p>\n<p>[\/et_pb_text][et_pb_text admin_label=&#8221;Nom expo&#8221; _builder_version=&#8221;4.27.4&#8243; _module_preset=&#8221;default&#8221; text_font=&#8221;Montserrat extra bold||||||||&#8221; text_text_color=&#8221;#000000&#8243; text_font_size=&#8221;39px&#8221; text_line_height=&#8221;1em&#8221; custom_margin=&#8221;||19px||false|false&#8221; text_font_size_tablet=&#8221;39px&#8221; text_font_size_phone=&#8221;28px&#8221; text_font_size_last_edited=&#8221;on|phone&#8221; text_line_height_tablet=&#8221;&#8221; text_line_height_phone=&#8221;1.2em&#8221; text_line_height_last_edited=&#8221;on|phone&#8221; global_colors_info=&#8221;{}&#8221;]<\/p>\n<p class=\"p1\">Capsa n\u00fam 23<\/p>\n<p>[\/et_pb_text][et_pb_text admin_label=&#8221;expo de&#8230;&#8221; _builder_version=&#8221;4.27.4&#8243; _module_preset=&#8221;default&#8221; text_font=&#8221;&#8211;et_global_heading_font||||||||&#8221; text_text_color=&#8221;gcid-73263b73-b059-42fc-a61d-05da764fa408&#8243; text_font_size=&#8221;22px&#8221; text_line_height=&#8221;1.1em&#8221; custom_margin=&#8221;-5px||15px||false|false&#8221; text_line_height_tablet=&#8221;0.6em&#8221; text_line_height_phone=&#8221;1.4em&#8221; text_line_height_last_edited=&#8221;on|phone&#8221; locked=&#8221;off&#8221; inline_fonts=&#8221;Montserrat extra bold,akrobat extrabold,Montserrat Light&#8221; global_colors_info=&#8221;{%22gcid-73263b73-b059-42fc-a61d-05da764fa408%22:%91%22text_text_color%22%93}&#8221;]<\/p>\n<p><strong>Aleix Plademunt<\/strong><\/p>\n<p>[\/et_pb_text][et_pb_text admin_label=&#8221;expo de&#8230;&#8221; _builder_version=&#8221;4.27.4&#8243; _module_preset=&#8221;default&#8221; text_font=&#8221;&#8211;et_global_heading_font||||||||&#8221; text_text_color=&#8221;gcid-73263b73-b059-42fc-a61d-05da764fa408&#8243; text_font_size=&#8221;17px&#8221; text_line_height=&#8221;1.1em&#8221; custom_margin=&#8221;-5px||40px||false|false&#8221; text_line_height_tablet=&#8221;0.6em&#8221; text_line_height_phone=&#8221;1.4em&#8221; text_line_height_last_edited=&#8221;on|phone&#8221; locked=&#8221;off&#8221; inline_fonts=&#8221;Montserrat extra bold,akrobat extrabold,Montserrat Light&#8221; global_colors_info=&#8221;{%22gcid-73263b73-b059-42fc-a61d-05da764fa408%22:%91%22text_text_color%22%93}&#8221;]<\/p>\n<p>Curated by <strong>Merc\u00e8 Alsina<\/strong><\/p>\n<p>[\/et_pb_text][et_pb_text admin_label=&#8221;Lloc&#8221; _builder_version=&#8221;4.27.4&#8243; _module_preset=&#8221;default&#8221; text_font=&#8221;Montserrat extra bold||||||||&#8221; text_text_color=&#8221;#000000&#8243; text_font_size=&#8221;18px&#8221; custom_margin=&#8221;10px||||false|false&#8221; text_font_size_tablet=&#8221;18px&#8221; text_font_size_phone=&#8221;16px&#8221; text_font_size_last_edited=&#8221;on|phone&#8221; locked=&#8221;off&#8221; inline_fonts=&#8221;akrobat light,Montserrat Light&#8221; global_colors_info=&#8221;{}&#8221;]<\/p>\n<p><b>BARCELONA\u00a0<br \/><\/b><strong><span style=\"font-family: 'Montserrat Light';\"><b>Museu Mar\u00edtim de Barcelona<\/b><\/span><\/strong><span style=\"font-family: 'Montserrat Light'; font-weight: normal;\"><b><br \/><\/b><span style=\"font-family: 'Montserrat Light';\">Av. de les Drassanes s\/n<\/span><\/span><\/p>\n<p>[\/et_pb_text][et_pb_button button_url=&#8221;\/#home-localitzacions2024&#8243; button_text=&#8221;View Map&#8221; button_alignment=&#8221;left&#8221; admin_label=&#8221;bot\u00f3 pl\u00e0nol&#8221; _builder_version=&#8221;4.27.4&#8243; _module_preset=&#8221;default&#8221; custom_button=&#8221;on&#8221; button_text_color=&#8221;#000000&#8243; button_bg_color=&#8221;#e8e8e8&#8243; button_border_width=&#8221;0px&#8221; button_border_radius=&#8221;0px&#8221; button_font=&#8221;akrobat extrabold||||||||&#8221; button_icon=&#8221;&#x24;||divi||400&#8243; custom_margin=&#8221;-15px||51px||false|false&#8221; custom_margin_tablet=&#8221;-17px||||false|false&#8221; custom_margin_phone=&#8221;-17px|||0px|false|false&#8221; custom_margin_last_edited=&#8221;on|tablet&#8221; button_text_size_tablet=&#8221;&#8221; button_text_size_phone=&#8221;18px&#8221; button_text_size_last_edited=&#8221;on|phone&#8221; global_colors_info=&#8221;{}&#8221;][\/et_pb_button][et_pb_text admin_label=&#8221;Data&#8221; _builder_version=&#8221;4.27.4&#8243; _module_preset=&#8221;default&#8221; text_font=&#8221;Montserrat Light||||||||&#8221; text_text_color=&#8221;#000000&#8243; text_font_size=&#8221;18px&#8221; custom_margin=&#8221;-34px||62px||false|false&#8221; custom_margin_tablet=&#8221;-24px||||false|false&#8221; custom_margin_phone=&#8221;-24px||44px||false|false&#8221; custom_margin_last_edited=&#8221;on|tablet&#8221; text_font_size_tablet=&#8221;18px&#8221; text_font_size_phone=&#8221;16px&#8221; text_font_size_last_edited=&#8221;on|phone&#8221; global_colors_info=&#8221;{}&#8221;]<\/p>\n<p>From October 23, 2025, to January 11, 2026<\/p>\n<p>[\/et_pb_text][et_pb_toggle title=&#8221;Hours&#8221; open_toggle_text_color=&#8221;#000000&#8243; open_toggle_background_color=&#8221;RGBA(255,255,255,0)&#8221; closed_toggle_background_color=&#8221;RGBA(255,255,255,0)&#8221; icon_color=&#8221;#8b794f&#8221; toggle_icon=&#8221;&#x4c;||divi||400&#8243; use_icon_font_size=&#8221;on&#8221; icon_font_size=&#8221;22px&#8221; open_icon_color=&#8221;#8b794f&#8221; open_use_icon_font_size=&#8221;on&#8221; admin_label=&#8221;Horaris&#8221; _builder_version=&#8221;4.27.4&#8243; _module_preset=&#8221;default&#8221; title_text_color=&#8221;#000000&#8243; title_font=&#8221;Montserrat extra bold||||||||&#8221; title_font_size=&#8221;20px&#8221; closed_title_font=&#8221;Montserrat extra bold||||||||&#8221; closed_title_font_size=&#8221;20px&#8221; body_font=&#8221;akrobat light||||||||&#8221; body_text_color=&#8221;#000000&#8243; body_font_size=&#8221;20px&#8221; custom_margin=&#8221;-40px||||false|false&#8221; custom_margin_tablet=&#8221;-14px||||false|false&#8221; custom_margin_phone=&#8221;-20px||||false|false&#8221; custom_margin_last_edited=&#8221;on|desktop&#8221; body_font_size_tablet=&#8221;20px&#8221; body_font_size_phone=&#8221;18px&#8221; body_font_size_last_edited=&#8221;on|phone&#8221; border_width_all=&#8221;0px&#8221; border_width_top=&#8221;1px&#8221; border_color_top=&#8221;#8b794f&#8221; border_width_bottom=&#8221;1px&#8221; border_color_bottom=&#8221;#8c864d&#8221; locked=&#8221;off&#8221; global_colors_info=&#8221;{}&#8221;]<\/p>\n<p data-start=\"262\" data-end=\"383\">Monday to Sunday from 10 am to 8 pm.<br data-start=\"97\" data-end=\"100\" \/><\/p>\n<p>[\/et_pb_toggle][\/et_pb_column][et_pb_column type=&#8221;3_5&#8243; _builder_version=&#8221;4.16&#8243; _module_preset=&#8221;default&#8221; global_colors_info=&#8221;{}&#8221;][et_pb_slider admin_label=&#8221;Slider&#8221; module_class=&#8221;divicon_full_screen_slider &#8221; _builder_version=&#8221;4.27.4&#8243; _module_preset=&#8221;default&#8221; custom_margin=&#8221;-80px||20px||false|false&#8221; custom_margin_tablet=&#8221;-80px||||false|false&#8221; custom_margin_phone=&#8221;-102px||||false|false&#8221; custom_margin_last_edited=&#8221;on|phone&#8221; auto=&#8221;on&#8221; auto_speed=&#8221;4000&#8243; auto_ignore_hover=&#8221;on&#8221; hover_enabled=&#8221;0&#8243; hover_transition_duration_tablet=&#8221;&#8221; hover_transition_duration_phone=&#8221;0ms&#8221; hover_transition_duration_last_edited=&#8221;on|phone&#8221; hover_transition_speed_curve_tablet=&#8221;&#8221; hover_transition_speed_curve_phone=&#8221;linear&#8221; hover_transition_speed_curve_last_edited=&#8221;on|phone&#8221; locked=&#8221;off&#8221; global_colors_info=&#8221;{}&#8221; sticky_enabled=&#8221;0&#8243;][et_pb_slide image=&#8221;https:\/\/festivalpanoramic.cat\/wp-content\/uploads\/2025\/09\/54_panoramic_barcelona_DSC04710_Marc-Font-scaled.jpg&#8221; _builder_version=&#8221;4.27.4&#8243; _module_preset=&#8221;default&#8221; background_color=&#8221;RGBA(255,255,255,0)&#8221; background_enable_color=&#8221;on&#8221; hover_enabled=&#8221;0&#8243; locked=&#8221;off&#8221; global_colors_info=&#8221;{}&#8221; sticky_transition=&#8221;on&#8221; title_text=&#8221;54_panoramic_barcelona_DSC04710_Marc Font&#8221; sticky_enabled=&#8221;0&#8243;][\/et_pb_slide][et_pb_slide image=&#8221;https:\/\/festivalpanoramic.cat\/wp-content\/uploads\/2025\/09\/58_panoramic_barcelona_DSC04724_Marc-Font-scaled.jpg&#8221; _builder_version=&#8221;4.27.4&#8243; _module_preset=&#8221;default&#8221; background_color=&#8221;RGBA(255,255,255,0)&#8221; background_enable_color=&#8221;on&#8221; hover_enabled=&#8221;0&#8243; locked=&#8221;off&#8221; global_colors_info=&#8221;{}&#8221; sticky_transition=&#8221;on&#8221; title_text=&#8221;58_panoramic_barcelona_DSC04724_Marc Font&#8221; sticky_enabled=&#8221;0&#8243;][\/et_pb_slide][et_pb_slide image=&#8221;https:\/\/festivalpanoramic.cat\/wp-content\/uploads\/2025\/09\/63_panoramic_barcelona_DSC04753_Marc-Font-scaled.jpg&#8221; _builder_version=&#8221;4.27.4&#8243; _module_preset=&#8221;default&#8221; background_color=&#8221;RGBA(255,255,255,0)&#8221; background_enable_color=&#8221;on&#8221; hover_enabled=&#8221;0&#8243; locked=&#8221;off&#8221; global_colors_info=&#8221;{}&#8221; sticky_transition=&#8221;on&#8221; title_text=&#8221;63_panoramic_barcelona_DSC04753_Marc Font&#8221; sticky_enabled=&#8221;0&#8243;][\/et_pb_slide][et_pb_slide image=&#8221;https:\/\/festivalpanoramic.cat\/wp-content\/uploads\/2025\/09\/67_panoramic_barcelona_DSC04772_Marc-Font-scaled.jpg&#8221; _builder_version=&#8221;4.27.4&#8243; _module_preset=&#8221;default&#8221; background_color=&#8221;RGBA(255,255,255,0)&#8221; background_enable_color=&#8221;on&#8221; hover_enabled=&#8221;0&#8243; locked=&#8221;off&#8221; global_colors_info=&#8221;{}&#8221; sticky_transition=&#8221;on&#8221; title_text=&#8221;67_panoramic_barcelona_DSC04772_Marc Font&#8221; sticky_enabled=&#8221;0&#8243;][\/et_pb_slide][et_pb_slide image=&#8221;https:\/\/festivalpanoramic.cat\/wp-content\/uploads\/2025\/09\/68_panoramic_barcelona_DSC04780_Marc-Font-scaled.jpg&#8221; _builder_version=&#8221;4.27.4&#8243; _module_preset=&#8221;default&#8221; background_color=&#8221;RGBA(255,255,255,0)&#8221; background_enable_color=&#8221;on&#8221; hover_enabled=&#8221;0&#8243; locked=&#8221;off&#8221; global_colors_info=&#8221;{}&#8221; sticky_transition=&#8221;on&#8221; title_text=&#8221;68_panoramic_barcelona_DSC04780_Marc Font&#8221; sticky_enabled=&#8221;0&#8243;][\/et_pb_slide][et_pb_slide image=&#8221;https:\/\/festivalpanoramic.cat\/wp-content\/uploads\/2025\/09\/66_panoramic_barcelona_DSC04768_Marc-Font-scaled.jpg&#8221; _builder_version=&#8221;4.27.4&#8243; _module_preset=&#8221;default&#8221; background_color=&#8221;RGBA(255,255,255,0)&#8221; background_enable_color=&#8221;on&#8221; hover_enabled=&#8221;0&#8243; locked=&#8221;off&#8221; global_colors_info=&#8221;{}&#8221; sticky_transition=&#8221;on&#8221; title_text=&#8221;66_panoramic_barcelona_DSC04768_Marc Font&#8221; sticky_enabled=&#8221;0&#8243;][\/et_pb_slide][et_pb_slide image=&#8221;https:\/\/festivalpanoramic.cat\/wp-content\/uploads\/2025\/09\/71_panoramic_barcelona_DSC04843_Marc-Font-scaled.jpg&#8221; _builder_version=&#8221;4.27.4&#8243; _module_preset=&#8221;default&#8221; background_color=&#8221;RGBA(255,255,255,0)&#8221; background_enable_color=&#8221;on&#8221; hover_enabled=&#8221;0&#8243; locked=&#8221;off&#8221; global_colors_info=&#8221;{}&#8221; sticky_transition=&#8221;on&#8221; title_text=&#8221;71_panoramic_barcelona_DSC04843_Marc Font&#8221; sticky_enabled=&#8221;0&#8243;][\/et_pb_slide][\/et_pb_slider][\/et_pb_column][\/et_pb_row][et_pb_row _builder_version=&#8221;4.27.4&#8243; _module_preset=&#8221;default&#8221; global_colors_info=&#8221;{}&#8221;][et_pb_column type=&#8221;4_4&#8243; _builder_version=&#8221;4.27.4&#8243; _module_preset=&#8221;default&#8221; global_colors_info=&#8221;{}&#8221;][et_pb_text _builder_version=&#8221;4.27.4&#8243; _module_preset=&#8221;default&#8221; text_font=&#8221;akrobat light||||||||&#8221; text_text_color=&#8221;#000000&#8243; text_font_size=&#8221;20px&#8221; inline_fonts=&#8221;akrobat extrabold&#8221; global_colors_info=&#8221;{}&#8221;]<\/p>\n<p class=\"p1\">In<em data-start=\"563\" data-end=\"587\">\u00a0Capsa n\u00fam 23<\/em>, Aleix Plademunt reflects on the acceleration that characterises the 21st century through the slowness of certain archival processes. For this, he works with the photographic archive of the Maritime Museum of Barcelona, where he found that, as often happens in institutional archives, part of the material may remain unregistered for years: invisible documents, momentarily suspended outside the administrative system.<\/p>\n<p class=\"p1\"><span class=\"s1\">The artist revives one of these cases: box 23, the last on the waiting list to be registered. It contains the donation of Juan Bautista Buades, chief engineer and naval inspector born in 1936. The images, taken between 1964 and 1980, oscillate between the intimate and the technical: scenes of everyday life aboard various ships alongside expert records of damage and naval accidents. By showing them, Plademunt reactivates the visibility of these images and deactivates the pause that kept them frozen for seventeen years.<\/span><\/p>\n<p>[\/et_pb_text][\/et_pb_column][\/et_pb_row][\/et_pb_section][et_pb_section fb_built=&#8221;1&#8243; custom_padding_last_edited=&#8221;on|phone&#8221; _builder_version=&#8221;4.25.0&#8243; _module_preset=&#8221;default&#8221; background_color=&#8221;#e8e8e8&#8243; custom_padding_tablet=&#8221;&#8221; custom_padding_phone=&#8221;||0px||false|false&#8221; locked=&#8221;off&#8221; collapsed=&#8221;off&#8221; global_colors_info=&#8221;{}&#8221;][et_pb_row column_structure=&#8221;2_3,1_3&#8243; custom_padding_last_edited=&#8221;on|phone&#8221; _builder_version=&#8221;4.27.0&#8243; _module_preset=&#8221;default&#8221; width=&#8221;95%&#8221; width_tablet=&#8221;90%&#8221; width_phone=&#8221;90%&#8221; width_last_edited=&#8221;on|phone&#8221; max_width=&#8221;2560px&#8221; custom_margin_tablet=&#8221;&#8221; custom_margin_phone=&#8221;&#8221; custom_margin_last_edited=&#8221;on|phone&#8221; custom_padding=&#8221;0px||||false|false&#8221; custom_padding_tablet=&#8221;0px||||false|false&#8221; custom_padding_phone=&#8221;0px||0px||false|false&#8221; border_width_bottom=&#8221;2px&#8221; global_colors_info=&#8221;{}&#8221;][et_pb_column type=&#8221;2_3&#8243; _builder_version=&#8221;4.16&#8243; _module_preset=&#8221;default&#8221; global_colors_info=&#8221;{}&#8221;][et_pb_text _builder_version=&#8221;4.27.4&#8243; _module_preset=&#8221;default&#8221; text_font=&#8221;akrobat light||||||||&#8221; text_text_color=&#8221;#000000&#8243; text_font_size=&#8221;20px&#8221; custom_padding=&#8221;1px|||||&#8221; inline_fonts=&#8221;Montserrat extra bold&#8221; global_colors_info=&#8221;{}&#8221;]<\/p>\n<p><span style=\"font-family: 'Montserrat extra bold'; font-weight: normal; font-size: x-large;\"><span style=\"font-weight: 400;\">Aleix Plademunt<\/span><\/span><\/p>\n<p class=\"p1\"><span class=\"s1\"> Aleix Plademunt (Hostalric, 1980) is a photographer and co-founder of the editorial project Ca l\u2019Isidret. He trained as an engineer before studying photography at the Universitat Polit\u00e8cnica de Catalunya and Universidad de las Am\u00e9ricas Puebla (Mexico). His work, marked by meticulous composition and an analytical gaze, reflects on the human presence in territory, both in its physical and symbolic, historical, and ecological dimensions. Using an objective and detached visual language, he questions notions of space, place, dominion, and intervention.<\/span><\/p>\n<p class=\"p1\">Since 2003, he has held over twenty-five solo exhibitions and more than seventy group shows, including the solo exhibition <i>Matter<\/i> at Sala Canal de Isabel II and Centre de la Photographie Gen\u00e8ve, his participation in <i>Notes for a Fire of the Eyes. Panorama 21<\/i> at MACBA, as well as exhibitions of the project <i>Almost There<\/i> at Le Bal (Paris), IMA Gallery (Tokyo), and Photoforum PasquArt (Biel, Switzerland), among others. <i>Matter<\/i>, one of his nine published books, has been awarded by PhotoEspa\u00f1a, Stiftung Buchkunst, Deutscher Fotobuchpreis, and the Swiss Culture Awards as Best Book of 2022.<\/p>\n<p>[\/et_pb_text][et_pb_social_media_follow icon_color=&#8221;#FFFFFF&#8221; _builder_version=&#8221;4.27.4&#8243; _module_preset=&#8221;default&#8221; background_color=&#8221;RGBA(255,255,255,0)&#8221; global_colors_info=&#8221;{}&#8221;][et_pb_social_media_follow_network social_network=&#8221;rss&#8221; url=&#8221;https:\/\/aleixplademunt.com\/&#8221; _builder_version=&#8221;4.27.4&#8243; _module_preset=&#8221;default&#8221; background_color=&#8221;#ff8a3c&#8221; global_colors_info=&#8221;{}&#8221; follow_button=&#8221;off&#8221; url_new_window=&#8221;on&#8221;]rss[\/et_pb_social_media_follow_network][et_pb_social_media_follow_network social_network=&#8221;instagram&#8221; url=&#8221;https:\/\/www.instagram.com\/aleixplademunt\/&#8221; _builder_version=&#8221;4.27.4&#8243; _module_preset=&#8221;default&#8221; background_color=&#8221;#ea2c59&#8243; global_colors_info=&#8221;{}&#8221; follow_button=&#8221;off&#8221; url_new_window=&#8221;on&#8221;]instagram[\/et_pb_social_media_follow_network][\/et_pb_social_media_follow][\/et_pb_column][et_pb_column type=&#8221;1_3&#8243; _builder_version=&#8221;4.16&#8243; _module_preset=&#8221;default&#8221; global_colors_info=&#8221;{}&#8221;][et_pb_image src=&#8221;https:\/\/festivalpanoramic.cat\/wp-content\/uploads\/2025\/08\/aleix_plademunt_panoramic.png&#8221; title_text=&#8221;aleix_plademunt_panoramic&#8221; _builder_version=&#8221;4.27.4&#8243; _module_preset=&#8221;default&#8221; global_colors_info=&#8221;{}&#8221;][\/et_pb_image][\/et_pb_column][\/et_pb_row][et_pb_row _builder_version=&#8221;4.27.4&#8243; _module_preset=&#8221;default&#8221; global_colors_info=&#8221;{}&#8221;][et_pb_column type=&#8221;4_4&#8243; _builder_version=&#8221;4.27.4&#8243; _module_preset=&#8221;default&#8221; global_colors_info=&#8221;{}&#8221;][et_pb_text admin_label=&#8221;Text&#8221; _builder_version=&#8221;4.27.4&#8243; _module_preset=&#8221;default&#8221; text_font=&#8221;akrobat light||||||||&#8221; text_text_color=&#8221;#000000&#8243; text_font_size=&#8221;20px&#8221; custom_padding=&#8221;1px|||||&#8221; inline_fonts=&#8221;Montserrat extra bold&#8221; global_colors_info=&#8221;{}&#8221;]<\/p>\n<p><span style=\"font-family: 'Montserrat extra bold'; font-weight: normal; font-size: x-large;\">Panor\u00e0mic File<\/span><\/p>\n<p class=\"p1\"><i>Panor\u00e0mic File<\/i> is a section of the festival curated by Merc\u00e8 Alsina, which invites artists to develop new projects based on various photographic archives. This year, they were asked to work in response to the edition&#8217;s theme: <i>Break. A new visual order<\/i>, which reflects on the first quarter of the 21st century and the profound geopolitical, technological, and governance shifts that have taken place.<\/p>\n<p class=\"p1\">The term <i>break<\/i> refers both to the idea of rupture and to that of pause \u2014a necessary pause to process these changes and question whether this is truly the future we had envisioned, doing so through the image.<\/p>\n<p class=\"p1\">In this edition, seven artists delve into different archives to explore the concept of pause in devices where this temporal suspension is, in some way, inherent.<\/p>\n<p class=\"p1\">The projects featured in <i>Panor\u00e0mic File 2025<\/i> are:<\/p>\n<ul class=\"ul1\">\n<li class=\"li2\"><i>3 Tesel\u00b7lacions<\/i>, Erick Beltr\u00e1n. Arxiu Hist\u00f2ric de la Ciutat de Barcelona.<\/li>\n<li class=\"li2\"><i>Tot el que pot passar: La inactivitat com a motor de l\u2019inaudit<\/i>, Laura Aranda Lavado. Roca Umbert F\u00e0brica de les Arts, Granollers (amb la col\u00b7laboraci\u00f3 de l\u2019Arxiu Municipal de Granollers).<\/li>\n<li class=\"li2\"><i>Pausa, Camping o Campament<\/i>, Dani Montlle\u00f3. Arxiu Fotogr\u00e0fic de Barcelona.<\/li>\n<li class=\"li2\"><i>Habitar el co_lapse<\/i>, Irene Pe. Arxiu Tobella.<\/li>\n<li class=\"li2\"><i>Capsa n\u00fam 23<\/i>, Aleix Plademunt. Arxiu Fotogr\u00e0fic del Consorci de les Drassanes Reials del Museu Mar\u00edtim de Barcelona.<\/li>\n<li class=\"li2\"><i>Hold on<\/i>, Laia Sol\u00e9. Arxiu Fotogr\u00e0fic del Centre Excursionista de Catalunya.<\/li>\n<li class=\"li2\"><i>Sobre el descans<\/i>, Natalia Lazaro Prevost. Arxiu d\u2019Etnografia i Folklore de Catalunya.<\/li>\n<\/ul>\n<p>[\/et_pb_text][\/et_pb_column][\/et_pb_row][et_pb_row column_structure=&#8221;2_3,1_3&#8243; custom_padding_last_edited=&#8221;on|phone&#8221; _builder_version=&#8221;4.27.4&#8243; _module_preset=&#8221;default&#8221; width=&#8221;95%&#8221; width_tablet=&#8221;90%&#8221; width_phone=&#8221;90%&#8221; width_last_edited=&#8221;on|phone&#8221; max_width=&#8221;2560px&#8221; custom_padding_tablet=&#8221;&#8221; custom_padding_phone=&#8221;||0px||false|false&#8221; border_width_bottom=&#8221;2px&#8221; locked=&#8221;off&#8221; global_colors_info=&#8221;{}&#8221;][et_pb_column type=&#8221;2_3&#8243; _builder_version=&#8221;4.16&#8243; _module_preset=&#8221;default&#8221; global_colors_info=&#8221;{}&#8221;][et_pb_text _builder_version=&#8221;4.27.4&#8243; _module_preset=&#8221;default&#8221; text_font=&#8221;akrobat light||||||||&#8221; text_text_color=&#8221;#000000&#8243; text_font_size=&#8221;20px&#8221; custom_padding=&#8221;1px|||||&#8221; inline_fonts=&#8221;Montserrat extra bold&#8221; global_colors_info=&#8221;{}&#8221;]<\/p>\n<p><span style=\"font-family: 'Montserrat extra bold'; font-weight: normal; font-size: x-large;\">Merc\u00e8 Alsina<\/span><\/p>\n<p><span style=\"font-weight: 400;\">Merc\u00e8 Alsina (Barcelona, 1966) holds a PhD <\/span><i><span style=\"font-weight: 400;\">cum laude<\/span><\/i><span style=\"font-weight: 400;\"> in Art History. She is an independent curator and journalist. Her research has addressed issues such as the impact of globality on artistic productions and their circulation; questions of identity and historical representation; speculative materialism and the nature of objects; the video essay as a practice of resistance; critical photography and the representation of violence; and the relationship between writing and art, among others.<\/span><\/p>\n<p><span style=\"font-weight: 400;\"><br \/><\/span><span style=\"font-weight: 400;\">Since 2020, she has been part of the curatorial team of the Panor\u00e0mic Festival. She is the author of the essay <\/span><i><span style=\"font-weight: 400;\">Massacre<\/span><\/i><span style=\"font-weight: 400;\"> (2025). In 2024, she received the ACCA Award for Best Contemporary Art Exhibition Programme in Catalonia, granted by the Catalan Association of Art Critics, for the programming of the cycle <\/span><i><span style=\"font-weight: 400;\">santcorneliarts(2)<\/span><\/i><span style=\"font-weight: 400;\"> in Cardedeu, which she has directed together with the artist Enric Maur\u00ed since 2017.<\/span><\/p>\n<p>[\/et_pb_text][et_pb_social_media_follow icon_color=&#8221;#FFFFFF&#8221; _builder_version=&#8221;4.27.4&#8243; _module_preset=&#8221;default&#8221; background_color=&#8221;RGBA(255,255,255,0)&#8221; global_colors_info=&#8221;{}&#8221;][et_pb_social_media_follow_network social_network=&#8221;instagram&#8221; url=&#8221;https:\/\/www.instagram.com\/mercealsina1\/&#8221; _builder_version=&#8221;4.27.4&#8243; _module_preset=&#8221;default&#8221; background_color=&#8221;#000000&#8243; background_enable_color=&#8221;on&#8221; global_colors_info=&#8221;{}&#8221; follow_button=&#8221;off&#8221; url_new_window=&#8221;on&#8221;]instagram[\/et_pb_social_media_follow_network][\/et_pb_social_media_follow][\/et_pb_column][et_pb_column type=&#8221;1_3&#8243; _builder_version=&#8221;4.16&#8243; _module_preset=&#8221;default&#8221; global_colors_info=&#8221;{}&#8221;][et_pb_image src=&#8221;https:\/\/festivalpanoramic.cat\/wp-content\/uploads\/2025\/08\/merce_alsina_panoramic_25.png&#8221; title_text=&#8221;merce_alsina_panoramic_25&#8243; _builder_version=&#8221;4.27.4&#8243; _module_preset=&#8221;default&#8221; global_colors_info=&#8221;{}&#8221;][\/et_pb_image][\/et_pb_column][\/et_pb_row][\/et_pb_section]<\/p>\n","protected":false},"excerpt":{"rendered":"<p>ExhibitionsCapsa n\u00fam 23Aleix PlademuntCurated by Merc\u00e8 AlsinaBARCELONA\u00a0Museu Mar\u00edtim de BarcelonaAv. de les Drassanes s\/nFrom October 23, 2025, to January 11, 2026Monday to Sunday from 10 am to 8 pm.In\u00a0Capsa n\u00fam [&hellip;]<\/p>\n","protected":false},"author":1,"featured_media":38193,"comment_status":"open","ping_status":"closed","template":"","meta":{"_et_pb_use_builder":"on","_et_pb_old_content":"","_et_gb_content_width":"","footnotes":""},"project_category":[156,167,143,144],"project_tag":[],"class_list":["post-38200","project","type-project","status-publish","has-post-thumbnail","hentry","project_category-exhibitions-2025-en","project_category-exhibitions-barcelona-2025","project_category-panoramic-2025-en","project_category-panoramic-file-2025i"],"yoast_head":"<!-- This site is optimized with the Yoast SEO plugin v27.2 - https:\/\/yoast.com\/product\/yoast-seo-wordpress\/ -->\n<title>Capsa n\u00fam 23, Aleix Plademunt - Festival Panor\u00e0mic<\/title>\n<meta name=\"robots\" content=\"index, follow, max-snippet:-1, max-image-preview:large, max-video-preview:-1\" \/>\n<link rel=\"canonical\" href=\"https:\/\/festivalpanoramic.cat\/en\/project\/capsa-23\/\" \/>\n<meta property=\"og:locale\" content=\"en_US\" \/>\n<meta property=\"og:type\" content=\"article\" \/>\n<meta property=\"og:title\" content=\"Capsa n\u00fam 23, Aleix Plademunt - Festival Panor\u00e0mic\" \/>\n<meta property=\"og:description\" content=\"ExhibitionsCapsa n\u00fam 23Aleix PlademuntCurated by Merc\u00e8 AlsinaBARCELONA\u00a0Museu Mar\u00edtim de BarcelonaAv. de les Drassanes s\/nFrom October 23, 2025, to January 11, 2026Monday to Sunday from 10 am to 8 pm.In\u00a0Capsa n\u00fam [&hellip;]\" \/>\n<meta property=\"og:url\" content=\"https:\/\/festivalpanoramic.cat\/en\/project\/capsa-23\/\" \/>\n<meta property=\"og:site_name\" content=\"Festival Panor\u00e0mic\" \/>\n<meta property=\"article:modified_time\" content=\"2025-11-06T07:29:26+00:00\" \/>\n<meta property=\"og:image\" content=\"https:\/\/festivalpanoramic.cat\/wp-content\/uploads\/2025\/08\/aleix_plademunt_panoramic_exp.png\" \/>\n\t<meta property=\"og:image:width\" content=\"1080\" \/>\n\t<meta property=\"og:image:height\" content=\"719\" \/>\n\t<meta property=\"og:image:type\" content=\"image\/png\" \/>\n<meta name=\"twitter:card\" content=\"summary_large_image\" \/>\n<meta name=\"twitter:label1\" content=\"Est. reading time\" \/>\n\t<meta name=\"twitter:data1\" content=\"7 minutes\" \/>\n<script type=\"application\/ld+json\" class=\"yoast-schema-graph\">{\"@context\":\"https:\/\/schema.org\",\"@graph\":[{\"@type\":\"WebPage\",\"@id\":\"https:\/\/festivalpanoramic.cat\/en\/project\/capsa-23\/\",\"url\":\"https:\/\/festivalpanoramic.cat\/en\/project\/capsa-23\/\",\"name\":\"Capsa n\u00fam 23, Aleix Plademunt - Festival Panor\u00e0mic\",\"isPartOf\":{\"@id\":\"https:\/\/festivalpanoramic.cat\/en\/#website\"},\"primaryImageOfPage\":{\"@id\":\"https:\/\/festivalpanoramic.cat\/en\/project\/capsa-23\/#primaryimage\"},\"image\":{\"@id\":\"https:\/\/festivalpanoramic.cat\/en\/project\/capsa-23\/#primaryimage\"},\"thumbnailUrl\":\"https:\/\/festivalpanoramic.cat\/wp-content\/uploads\/2025\/08\/aleix_plademunt_panoramic_exp.png\",\"datePublished\":\"2025-09-10T15:16:00+00:00\",\"dateModified\":\"2025-11-06T07:29:26+00:00\",\"breadcrumb\":{\"@id\":\"https:\/\/festivalpanoramic.cat\/en\/project\/capsa-23\/#breadcrumb\"},\"inLanguage\":\"en-US\",\"potentialAction\":[{\"@type\":\"ReadAction\",\"target\":[\"https:\/\/festivalpanoramic.cat\/en\/project\/capsa-23\/\"]}]},{\"@type\":\"ImageObject\",\"inLanguage\":\"en-US\",\"@id\":\"https:\/\/festivalpanoramic.cat\/en\/project\/capsa-23\/#primaryimage\",\"url\":\"https:\/\/festivalpanoramic.cat\/wp-content\/uploads\/2025\/08\/aleix_plademunt_panoramic_exp.png\",\"contentUrl\":\"https:\/\/festivalpanoramic.cat\/wp-content\/uploads\/2025\/08\/aleix_plademunt_panoramic_exp.png\",\"width\":1080,\"height\":719},{\"@type\":\"BreadcrumbList\",\"@id\":\"https:\/\/festivalpanoramic.cat\/en\/project\/capsa-23\/#breadcrumb\",\"itemListElement\":[{\"@type\":\"ListItem\",\"position\":1,\"name\":\"Inici\",\"item\":\"https:\/\/festivalpanoramic.cat\/en\/\"},{\"@type\":\"ListItem\",\"position\":2,\"name\":\"Projects\",\"item\":\"https:\/\/festivalpanoramic.cat\/en\/project\/\"},{\"@type\":\"ListItem\",\"position\":3,\"name\":\"Capsa n\u00fam 23, Aleix Plademunt\"}]},{\"@type\":\"WebSite\",\"@id\":\"https:\/\/festivalpanoramic.cat\/en\/#website\",\"url\":\"https:\/\/festivalpanoramic.cat\/en\/\",\"name\":\"Festival Panor\u00e0mic\",\"description\":\"PANOR\u00c0MIC. ARTS I CULTURES VISUALS\",\"potentialAction\":[{\"@type\":\"SearchAction\",\"target\":{\"@type\":\"EntryPoint\",\"urlTemplate\":\"https:\/\/festivalpanoramic.cat\/en\/?s={search_term_string}\"},\"query-input\":{\"@type\":\"PropertyValueSpecification\",\"valueRequired\":true,\"valueName\":\"search_term_string\"}}],\"inLanguage\":\"en-US\"}]}<\/script>\n<!-- \/ Yoast SEO plugin. -->","yoast_head_json":{"title":"Capsa n\u00fam 23, Aleix Plademunt - Festival Panor\u00e0mic","robots":{"index":"index","follow":"follow","max-snippet":"max-snippet:-1","max-image-preview":"max-image-preview:large","max-video-preview":"max-video-preview:-1"},"canonical":"https:\/\/festivalpanoramic.cat\/en\/project\/capsa-23\/","og_locale":"en_US","og_type":"article","og_title":"Capsa n\u00fam 23, Aleix Plademunt - Festival Panor\u00e0mic","og_description":"ExhibitionsCapsa n\u00fam 23Aleix PlademuntCurated by Merc\u00e8 AlsinaBARCELONA\u00a0Museu Mar\u00edtim de BarcelonaAv. de les Drassanes s\/nFrom October 23, 2025, to January 11, 2026Monday to Sunday from 10 am to 8 pm.In\u00a0Capsa n\u00fam [&hellip;]","og_url":"https:\/\/festivalpanoramic.cat\/en\/project\/capsa-23\/","og_site_name":"Festival Panor\u00e0mic","article_modified_time":"2025-11-06T07:29:26+00:00","og_image":[{"width":1080,"height":719,"url":"https:\/\/festivalpanoramic.cat\/wp-content\/uploads\/2025\/08\/aleix_plademunt_panoramic_exp.png","type":"image\/png"}],"twitter_card":"summary_large_image","twitter_misc":{"Est. reading time":"7 minutes"},"schema":{"@context":"https:\/\/schema.org","@graph":[{"@type":"WebPage","@id":"https:\/\/festivalpanoramic.cat\/en\/project\/capsa-23\/","url":"https:\/\/festivalpanoramic.cat\/en\/project\/capsa-23\/","name":"Capsa n\u00fam 23, Aleix Plademunt - Festival Panor\u00e0mic","isPartOf":{"@id":"https:\/\/festivalpanoramic.cat\/en\/#website"},"primaryImageOfPage":{"@id":"https:\/\/festivalpanoramic.cat\/en\/project\/capsa-23\/#primaryimage"},"image":{"@id":"https:\/\/festivalpanoramic.cat\/en\/project\/capsa-23\/#primaryimage"},"thumbnailUrl":"https:\/\/festivalpanoramic.cat\/wp-content\/uploads\/2025\/08\/aleix_plademunt_panoramic_exp.png","datePublished":"2025-09-10T15:16:00+00:00","dateModified":"2025-11-06T07:29:26+00:00","breadcrumb":{"@id":"https:\/\/festivalpanoramic.cat\/en\/project\/capsa-23\/#breadcrumb"},"inLanguage":"en-US","potentialAction":[{"@type":"ReadAction","target":["https:\/\/festivalpanoramic.cat\/en\/project\/capsa-23\/"]}]},{"@type":"ImageObject","inLanguage":"en-US","@id":"https:\/\/festivalpanoramic.cat\/en\/project\/capsa-23\/#primaryimage","url":"https:\/\/festivalpanoramic.cat\/wp-content\/uploads\/2025\/08\/aleix_plademunt_panoramic_exp.png","contentUrl":"https:\/\/festivalpanoramic.cat\/wp-content\/uploads\/2025\/08\/aleix_plademunt_panoramic_exp.png","width":1080,"height":719},{"@type":"BreadcrumbList","@id":"https:\/\/festivalpanoramic.cat\/en\/project\/capsa-23\/#breadcrumb","itemListElement":[{"@type":"ListItem","position":1,"name":"Inici","item":"https:\/\/festivalpanoramic.cat\/en\/"},{"@type":"ListItem","position":2,"name":"Projects","item":"https:\/\/festivalpanoramic.cat\/en\/project\/"},{"@type":"ListItem","position":3,"name":"Capsa n\u00fam 23, Aleix Plademunt"}]},{"@type":"WebSite","@id":"https:\/\/festivalpanoramic.cat\/en\/#website","url":"https:\/\/festivalpanoramic.cat\/en\/","name":"Festival Panor\u00e0mic","description":"PANOR\u00c0MIC. ARTS I CULTURES VISUALS","potentialAction":[{"@type":"SearchAction","target":{"@type":"EntryPoint","urlTemplate":"https:\/\/festivalpanoramic.cat\/en\/?s={search_term_string}"},"query-input":{"@type":"PropertyValueSpecification","valueRequired":true,"valueName":"search_term_string"}}],"inLanguage":"en-US"}]}},"_links":{"self":[{"href":"https:\/\/festivalpanoramic.cat\/en\/wp-json\/wp\/v2\/project\/38200","targetHints":{"allow":["GET"]}}],"collection":[{"href":"https:\/\/festivalpanoramic.cat\/en\/wp-json\/wp\/v2\/project"}],"about":[{"href":"https:\/\/festivalpanoramic.cat\/en\/wp-json\/wp\/v2\/types\/project"}],"author":[{"embeddable":true,"href":"https:\/\/festivalpanoramic.cat\/en\/wp-json\/wp\/v2\/users\/1"}],"replies":[{"embeddable":true,"href":"https:\/\/festivalpanoramic.cat\/en\/wp-json\/wp\/v2\/comments?post=38200"}],"version-history":[{"count":18,"href":"https:\/\/festivalpanoramic.cat\/en\/wp-json\/wp\/v2\/project\/38200\/revisions"}],"predecessor-version":[{"id":41558,"href":"https:\/\/festivalpanoramic.cat\/en\/wp-json\/wp\/v2\/project\/38200\/revisions\/41558"}],"wp:featuredmedia":[{"embeddable":true,"href":"https:\/\/festivalpanoramic.cat\/en\/wp-json\/wp\/v2\/media\/38193"}],"wp:attachment":[{"href":"https:\/\/festivalpanoramic.cat\/en\/wp-json\/wp\/v2\/media?parent=38200"}],"wp:term":[{"taxonomy":"project_category","embeddable":true,"href":"https:\/\/festivalpanoramic.cat\/en\/wp-json\/wp\/v2\/project_category?post=38200"},{"taxonomy":"project_tag","embeddable":true,"href":"https:\/\/festivalpanoramic.cat\/en\/wp-json\/wp\/v2\/project_tag?post=38200"}],"curies":[{"name":"wp","href":"https:\/\/api.w.org\/{rel}","templated":true}]}}