{"id":38702,"date":"2025-09-10T17:14:08","date_gmt":"2025-09-10T15:14:08","guid":{"rendered":"https:\/\/festivalpanoramic.cat\/?post_type=project&#038;p=38702"},"modified":"2026-02-18T11:13:45","modified_gmt":"2026-02-18T09:13:45","slug":"ojala-tantdebo-inxallah","status":"publish","type":"project","link":"https:\/\/festivalpanoramic.cat\/en\/project\/ojala-tantdebo-inxallah\/","title":{"rendered":"Tant de bo \/ Ojal\u00e1 \/ Inxal\u00b7lah"},"content":{"rendered":"<p>[et_pb_section fb_built=&#8221;1&#8243; _builder_version=&#8221;4.16&#8243; _module_preset=&#8221;default&#8221; locked=&#8221;off&#8221; collapsed=&#8221;off&#8221; global_colors_info=&#8221;{}&#8221;][et_pb_row column_structure=&#8221;2_5,3_5&#8243; custom_padding_last_edited=&#8221;on|tablet&#8221; _builder_version=&#8221;4.25.0&#8243; _module_preset=&#8221;default&#8221; width=&#8221;95%&#8221; width_tablet=&#8221;90%&#8221; width_phone=&#8221;90%&#8221; width_last_edited=&#8221;on|phone&#8221; max_width=&#8221;2560px&#8221; custom_margin_tablet=&#8221;0px||||false|false&#8221; custom_margin_phone=&#8221;-30px||||false|false&#8221; custom_margin_last_edited=&#8221;on|tablet&#8221; custom_padding_tablet=&#8221;0px||||false|false&#8221; custom_padding_phone=&#8221;0px||0px||true|false&#8221; global_colors_info=&#8221;{}&#8221;][et_pb_column type=&#8221;2_5&#8243; _builder_version=&#8221;4.16&#8243; _module_preset=&#8221;default&#8221; global_colors_info=&#8221;{}&#8221;][et_pb_text admin_label=&#8221;Exposicions&#8221; _builder_version=&#8221;4.27.4&#8243; _module_preset=&#8221;default&#8221; text_font=&#8221;Montserrat extra bold||||||||&#8221; text_text_color=&#8221;#000000&#8243; text_font_size=&#8221;16px&#8221; custom_margin=&#8221;||15px||false|false&#8221; global_colors_info=&#8221;{}&#8221;]<\/p>\n<p>Exhibitions<\/p>\n<p>[\/et_pb_text][et_pb_text admin_label=&#8221;Nom expo&#8221; _builder_version=&#8221;4.27.4&#8243; _module_preset=&#8221;default&#8221; text_font=&#8221;Montserrat extra bold||||||||&#8221; text_text_color=&#8221;#000000&#8243; text_font_size=&#8221;39px&#8221; text_line_height=&#8221;1em&#8221; custom_margin=&#8221;||19px||false|false&#8221; text_font_size_tablet=&#8221;39px&#8221; text_font_size_phone=&#8221;28px&#8221; text_font_size_last_edited=&#8221;on|phone&#8221; text_line_height_tablet=&#8221;&#8221; text_line_height_phone=&#8221;1.2em&#8221; text_line_height_last_edited=&#8221;on|phone&#8221; global_colors_info=&#8221;{}&#8221;]<\/p>\n<p>Tant de bo \/ Ojal\u00e1 \/ Inxal\u00b7lah<\/p>\n<p>[\/et_pb_text][et_pb_text admin_label=&#8221;expo de&#8230;&#8221; _builder_version=&#8221;4.27.4&#8243; _module_preset=&#8221;default&#8221; text_font=&#8221;&#8211;et_global_heading_font||||||||&#8221; text_text_color=&#8221;gcid-73263b73-b059-42fc-a61d-05da764fa408&#8243; text_font_size=&#8221;22px&#8221; text_line_height=&#8221;1.1em&#8221; custom_margin=&#8221;-5px||15px||false|false&#8221; text_line_height_tablet=&#8221;0.6em&#8221; text_line_height_phone=&#8221;1.4em&#8221; text_line_height_last_edited=&#8221;on|phone&#8221; locked=&#8221;off&#8221; inline_fonts=&#8221;Montserrat extra bold,akrobat extrabold,Montserrat Light&#8221; global_colors_info=&#8221;{%22gcid-73263b73-b059-42fc-a61d-05da764fa408%22:%91%22text_text_color%22%93}&#8221;]<\/p>\n<p><strong>Cem A.<\/strong> \u00b7 <strong>Andrea Badia<\/strong> \u00b7 <strong>Tewa Barnosa<\/strong> \u00b7 <strong>Ghyzl\u00e8ne Bouka\u00efla<\/strong> \u00b7 <strong>\u0130rem G\u00fcnayd\u0131n<\/strong> \u00b7 <strong>Elia Kalogianni<\/strong> \u00b7 <strong>Doura\u00efd Souissi<\/strong> \u00b7 <strong>Merve \u00dcnsal<\/strong> \u00b7 <strong>Claudio Zuli\u00e1n<\/strong><\/p>\n<p>[\/et_pb_text][et_pb_text admin_label=&#8221;expo de&#8230;&#8221; _builder_version=&#8221;4.27.4&#8243; _module_preset=&#8221;default&#8221; text_font=&#8221;&#8211;et_global_heading_font||||||||&#8221; text_text_color=&#8221;gcid-73263b73-b059-42fc-a61d-05da764fa408&#8243; text_font_size=&#8221;17px&#8221; text_line_height=&#8221;1.1em&#8221; custom_margin=&#8221;-5px||40px||false|false&#8221; text_line_height_tablet=&#8221;0.6em&#8221; text_line_height_phone=&#8221;1.4em&#8221; text_line_height_last_edited=&#8221;on|phone&#8221; locked=&#8221;off&#8221; inline_fonts=&#8221;Montserrat extra bold,akrobat extrabold,Montserrat Light&#8221; global_colors_info=&#8221;{%22gcid-73263b73-b059-42fc-a61d-05da764fa408%22:%91%22text_text_color%22%93}&#8221;]<\/p>\n<p>Curated by<strong>\u00a0Nadira Aklouche-Laggoune<\/strong>, <strong>Merc\u00e8 Alsina<\/strong> and <strong>Ay\u00e7a Okay<\/strong><\/p>\n<p>[\/et_pb_text][et_pb_text admin_label=&#8221;Lloc&#8221; _builder_version=&#8221;4.27.4&#8243; _module_preset=&#8221;default&#8221; text_font=&#8221;Montserrat extra bold||||||||&#8221; text_text_color=&#8221;#000000&#8243; text_font_size=&#8221;18px&#8221; custom_margin=&#8221;10px||||false|false&#8221; text_font_size_tablet=&#8221;18px&#8221; text_font_size_phone=&#8221;16px&#8221; text_font_size_last_edited=&#8221;on|phone&#8221; locked=&#8221;off&#8221; inline_fonts=&#8221;akrobat light,Montserrat Light&#8221; global_colors_info=&#8221;{}&#8221;]<\/p>\n<p><b>TERRASSA<br \/><\/b><span style=\"font-family: 'Montserrat Light'; font-weight: normal;\"><strong>Sala Muncunill<\/strong><b><br \/><\/b>Pla\u00e7a Did\u00f3, 3<br \/><\/span><\/p>\n<p>[\/et_pb_text][et_pb_button button_url=&#8221;\/#home-localitzacions2024&#8243; button_text=&#8221;View Map&#8221; button_alignment=&#8221;left&#8221; admin_label=&#8221;bot\u00f3 pl\u00e0nol&#8221; _builder_version=&#8221;4.27.4&#8243; _module_preset=&#8221;default&#8221; custom_button=&#8221;on&#8221; button_text_color=&#8221;#000000&#8243; button_bg_color=&#8221;#e8e8e8&#8243; button_border_width=&#8221;0px&#8221; button_border_radius=&#8221;0px&#8221; button_font=&#8221;akrobat extrabold||||||||&#8221; button_icon=&#8221;&#x24;||divi||400&#8243; custom_margin=&#8221;-15px||51px||false|false&#8221; custom_margin_tablet=&#8221;-17px||||false|false&#8221; custom_margin_phone=&#8221;-17px|||0px|false|false&#8221; custom_margin_last_edited=&#8221;on|tablet&#8221; button_text_size_tablet=&#8221;&#8221; button_text_size_phone=&#8221;18px&#8221; button_text_size_last_edited=&#8221;on|phone&#8221; global_colors_info=&#8221;{}&#8221;][\/et_pb_button][et_pb_text admin_label=&#8221;Data&#8221; _builder_version=&#8221;4.27.4&#8243; _module_preset=&#8221;default&#8221; text_font=&#8221;Montserrat Light||||||||&#8221; text_text_color=&#8221;#000000&#8243; text_font_size=&#8221;18px&#8221; custom_margin=&#8221;-34px||62px||false|false&#8221; custom_margin_tablet=&#8221;-24px||||false|false&#8221; custom_margin_phone=&#8221;-24px||44px||false|false&#8221; custom_margin_last_edited=&#8221;on|tablet&#8221; text_font_size_tablet=&#8221;18px&#8221; text_font_size_phone=&#8221;16px&#8221; text_font_size_last_edited=&#8221;on|phone&#8221; global_colors_info=&#8221;{}&#8221;]<\/p>\n<p>From November 6, 2025, to January 18, 2026<\/p>\n<p>[\/et_pb_text][et_pb_toggle title=&#8221;Hours&#8221; open_toggle_text_color=&#8221;#000000&#8243; open_toggle_background_color=&#8221;RGBA(255,255,255,0)&#8221; closed_toggle_background_color=&#8221;RGBA(255,255,255,0)&#8221; icon_color=&#8221;#8b794f&#8221; toggle_icon=&#8221;&#x4c;||divi||400&#8243; use_icon_font_size=&#8221;on&#8221; icon_font_size=&#8221;22px&#8221; open_icon_color=&#8221;#8b794f&#8221; open_use_icon_font_size=&#8221;on&#8221; admin_label=&#8221;Horaris&#8221; _builder_version=&#8221;4.27.4&#8243; _module_preset=&#8221;default&#8221; title_text_color=&#8221;#000000&#8243; title_font=&#8221;Montserrat extra bold||||||||&#8221; title_font_size=&#8221;20px&#8221; closed_title_font=&#8221;Montserrat extra bold||||||||&#8221; closed_title_font_size=&#8221;20px&#8221; body_font=&#8221;akrobat light||||||||&#8221; body_text_color=&#8221;#000000&#8243; body_font_size=&#8221;20px&#8221; custom_margin=&#8221;-40px||||false|false&#8221; custom_margin_tablet=&#8221;-14px||||false|false&#8221; custom_margin_phone=&#8221;-20px||||false|false&#8221; custom_margin_last_edited=&#8221;on|desktop&#8221; body_font_size_tablet=&#8221;20px&#8221; body_font_size_phone=&#8221;18px&#8221; body_font_size_last_edited=&#8221;on|phone&#8221; border_width_all=&#8221;0px&#8221; border_width_top=&#8221;1px&#8221; border_color_top=&#8221;#8b794f&#8221; border_width_bottom=&#8221;1px&#8221; border_color_bottom=&#8221;#8c864d&#8221; locked=&#8221;off&#8221; global_colors_info=&#8221;{}&#8221;]<\/p>\n<ul>\n<li data-start=\"390\" data-end=\"430\">\n<p data-start=\"392\" data-end=\"430\">Tuesday to Friday: 4:00 pm \u2013 8:00 pm<\/p>\n<\/li>\n<li data-start=\"431\" data-end=\"485\">\n<p data-start=\"433\" data-end=\"485\">Saturday: 11:00 am \u2013 2:00 pm and 4:00 pm \u2013 8:00 pm<\/p>\n<\/li>\n<li data-start=\"486\" data-end=\"516\">\n<p data-start=\"488\" data-end=\"516\">Sunday: 11:00 am \u2013 2:00 pm<\/p>\n<\/li>\n<li data-start=\"517\" data-end=\"555\">\n<p data-start=\"519\" data-end=\"555\">Monday and public holidays: closed<\/p>\n<\/li>\n<\/ul>\n<p>[\/et_pb_toggle][\/et_pb_column][et_pb_column type=&#8221;3_5&#8243; _builder_version=&#8221;4.16&#8243; _module_preset=&#8221;default&#8221; global_colors_info=&#8221;{}&#8221;][et_pb_slider admin_label=&#8221;Slider&#8221; module_class=&#8221;divicon_full_screen_slider &#8221; _builder_version=&#8221;4.27.4&#8243; _module_preset=&#8221;default&#8221; custom_margin=&#8221;-80px||20px||false|false&#8221; custom_margin_tablet=&#8221;-80px||||false|false&#8221; custom_margin_phone=&#8221;-102px||||false|false&#8221; custom_margin_last_edited=&#8221;on|phone&#8221; auto=&#8221;on&#8221; auto_speed=&#8221;4000&#8243; auto_ignore_hover=&#8221;on&#8221; hover_transition_duration_tablet=&#8221;&#8221; hover_transition_duration_phone=&#8221;0ms&#8221; hover_transition_duration_last_edited=&#8221;on|phone&#8221; hover_transition_speed_curve_tablet=&#8221;&#8221; hover_transition_speed_curve_phone=&#8221;linear&#8221; hover_transition_speed_curve_last_edited=&#8221;on|phone&#8221; locked=&#8221;off&#8221; global_colors_info=&#8221;{}&#8221;][et_pb_slide image=&#8221;https:\/\/festivalpanoramic.cat\/wp-content\/uploads\/2025\/09\/07_panoramic_Terrassa_DSC03221_Marc-Font-scaled.jpg&#8221; _builder_version=&#8221;4.27.4&#8243; _module_preset=&#8221;default&#8221; background_color=&#8221;RGBA(255,255,255,0)&#8221; background_enable_color=&#8221;on&#8221; locked=&#8221;off&#8221; global_colors_info=&#8221;{}&#8221; sticky_transition=&#8221;on&#8221;][\/et_pb_slide][et_pb_slide image=&#8221;https:\/\/festivalpanoramic.cat\/wp-content\/uploads\/2025\/09\/16_panoramic_Terrassa_DSC03263_Marc-Font-scaled.jpg&#8221; _builder_version=&#8221;4.27.4&#8243; _module_preset=&#8221;default&#8221; background_color=&#8221;RGBA(255,255,255,0)&#8221; background_enable_color=&#8221;on&#8221; locked=&#8221;off&#8221; global_colors_info=&#8221;{}&#8221; sticky_transition=&#8221;on&#8221;][\/et_pb_slide][et_pb_slide image=&#8221;https:\/\/festivalpanoramic.cat\/wp-content\/uploads\/2025\/09\/52_panoramic_Terrassa_DSC04228_Marc-Font-scaled.jpg&#8221; _builder_version=&#8221;4.27.4&#8243; _module_preset=&#8221;default&#8221; background_color=&#8221;RGBA(255,255,255,0)&#8221; background_enable_color=&#8221;on&#8221; locked=&#8221;off&#8221; global_colors_info=&#8221;{}&#8221; sticky_transition=&#8221;on&#8221;][\/et_pb_slide][et_pb_slide image=&#8221;https:\/\/festivalpanoramic.cat\/wp-content\/uploads\/2025\/09\/70_panoramic_Terrassa_DSC04550_Marc-Font-scaled.jpg&#8221; _builder_version=&#8221;4.27.4&#8243; _module_preset=&#8221;default&#8221; background_color=&#8221;RGBA(255,255,255,0)&#8221; background_enable_color=&#8221;on&#8221; locked=&#8221;off&#8221; global_colors_info=&#8221;{}&#8221; sticky_transition=&#8221;on&#8221;][\/et_pb_slide][et_pb_slide image=&#8221;https:\/\/festivalpanoramic.cat\/wp-content\/uploads\/2025\/09\/84_panoramic_Terrassa_DSC04673_Marc-Font-scaled.jpg&#8221; _builder_version=&#8221;4.27.4&#8243; _module_preset=&#8221;default&#8221; background_color=&#8221;RGBA(255,255,255,0)&#8221; background_enable_color=&#8221;on&#8221; locked=&#8221;off&#8221; global_colors_info=&#8221;{}&#8221; sticky_transition=&#8221;on&#8221;][\/et_pb_slide][et_pb_slide image=&#8221;https:\/\/festivalpanoramic.cat\/wp-content\/uploads\/2025\/09\/85_panoramic_Terrassa_DSC04681_Marc-Font-scaled.jpg&#8221; _builder_version=&#8221;4.27.4&#8243; _module_preset=&#8221;default&#8221; background_color=&#8221;RGBA(255,255,255,0)&#8221; background_enable_color=&#8221;on&#8221; locked=&#8221;off&#8221; global_colors_info=&#8221;{}&#8221; sticky_transition=&#8221;on&#8221;][\/et_pb_slide][et_pb_slide image=&#8221;https:\/\/festivalpanoramic.cat\/wp-content\/uploads\/2025\/09\/86_panoramic_Terrassa_DSC04682_Marc-Font-scaled.jpg&#8221; _builder_version=&#8221;4.27.4&#8243; _module_preset=&#8221;default&#8221; background_color=&#8221;RGBA(255,255,255,0)&#8221; background_enable_color=&#8221;on&#8221; locked=&#8221;off&#8221; global_colors_info=&#8221;{}&#8221; sticky_transition=&#8221;on&#8221;][\/et_pb_slide][\/et_pb_slider][\/et_pb_column][\/et_pb_row][et_pb_row _builder_version=&#8221;4.27.4&#8243; _module_preset=&#8221;default&#8221; global_colors_info=&#8221;{}&#8221;][et_pb_column type=&#8221;4_4&#8243; _builder_version=&#8221;4.27.4&#8243; _module_preset=&#8221;default&#8221; global_colors_info=&#8221;{}&#8221;][et_pb_text _builder_version=&#8221;4.27.4&#8243; _module_preset=&#8221;default&#8221; text_font=&#8221;akrobat light||||||||&#8221; text_text_color=&#8221;#000000&#8243; text_font_size=&#8221;20px&#8221; inline_fonts=&#8221;akrobat extrabold&#8221; global_colors_info=&#8221;{}&#8221;]<\/p>\n<p><span style=\"font-weight: 400;\">This exhibition explores the concept of hope, not as a passive expectation, but as an active and world-creating force. Drawing on the philosophical frameworks of Gilles Deleuze, Ernst Bloch, and Hartmut Rosa, the exhibition connects speculative imagination with cultural memory, particularly in the Mediterranean context.<\/span><\/p>\n<p><span style=\"font-weight: 400;\"><br \/><\/span><span style=\"font-weight: 400;\">The title, <\/span><span style=\"font-weight: 400;\">\u201c<\/span><span style=\"font-weight: 400;\">Tant de bo \/ Ojal\u00e1<\/span><span style=\"font-weight: 400;\"> \/ Inxal\u00b7lah\u201d<\/span><span style=\"font-weight: 400;\">, reflects a linguistic and spiritual bridge between Arabic and Spanish, which share the etymological roots of the phrase <\/span><i><span style=\"font-weight: 400;\">\u201cif God wills.\u201d<\/span><\/i><span style=\"font-weight: 400;\"> These expressions carry both personal longing and collective resonance, opening up discussions on identity, language, and belonging.<\/span><\/p>\n<p><span style=\"font-weight: 400;\"><br \/><\/span><span style=\"font-weight: 400;\">Jointly curated by Ay\u00e7a Okay, Nadira Aklouche-Laggoune, and Merc\u00e8 Alsina, the exhibition brings together works by \u0130rem G\u00fcnayd\u0131n, Elia Kalogianni, Tewa Barnosa, Cem A., Andrea Badia, Claudio Zuli\u00e1n, Merve \u00dcnsal, Doura\u00efd Souissi, and Ghyzl\u00e8ne Bouka\u00efla.<\/span><\/p>\n<p>[\/et_pb_text][et_pb_button button_url=&#8221;https:\/\/festivalpanoramic.cat\/wp-content\/uploads\/2026\/02\/01_fullsala_OjalaEN.pdf&#8221; url_new_window=&#8221;on&#8221; button_text=&#8221;Exhibition leaflet&#8221; button_alignment=&#8221;left&#8221; button_alignment_tablet=&#8221;left&#8221; button_alignment_phone=&#8221;center&#8221; button_alignment_last_edited=&#8221;on|phone&#8221; _builder_version=&#8221;4.27.4&#8243; _module_preset=&#8221;default&#8221; custom_button=&#8221;on&#8221; button_text_color=&#8221;#000000&#8243; button_border_width=&#8221;1px&#8221; button_border_radius=&#8221;0px&#8221; button_font=&#8221;akrobat light||||||||&#8221; custom_margin_tablet=&#8221;||40px||false|false&#8221; custom_margin_phone=&#8221;||41px||false|false&#8221; custom_margin_last_edited=&#8221;on|phone&#8221; custom_padding_tablet=&#8221;&#8221; custom_padding_phone=&#8221;&#8221; custom_padding_last_edited=&#8221;on|phone&#8221; hover_enabled=&#8221;0&#8243; button_text_size_tablet=&#8221;&#8221; button_text_size_phone=&#8221;18px&#8221; button_text_size_last_edited=&#8221;on|phone&#8221; locked=&#8221;off&#8221; global_colors_info=&#8221;{}&#8221; sticky_enabled=&#8221;0&#8243;][\/et_pb_button][\/et_pb_column][\/et_pb_row][\/et_pb_section][et_pb_section fb_built=&#8221;1&#8243; custom_padding_last_edited=&#8221;on|phone&#8221; _builder_version=&#8221;4.25.0&#8243; _module_preset=&#8221;default&#8221; background_color=&#8221;#e8e8e8&#8243; custom_padding_tablet=&#8221;&#8221; custom_padding_phone=&#8221;||0px||false|false&#8221; locked=&#8221;off&#8221; collapsed=&#8221;off&#8221; global_colors_info=&#8221;{}&#8221;][et_pb_row column_structure=&#8221;2_3,1_3&#8243; custom_padding_last_edited=&#8221;on|phone&#8221; _builder_version=&#8221;4.27.0&#8243; _module_preset=&#8221;default&#8221; width=&#8221;95%&#8221; width_tablet=&#8221;90%&#8221; width_phone=&#8221;90%&#8221; width_last_edited=&#8221;on|phone&#8221; max_width=&#8221;2560px&#8221; custom_margin_tablet=&#8221;&#8221; custom_margin_phone=&#8221;&#8221; custom_margin_last_edited=&#8221;on|phone&#8221; custom_padding=&#8221;0px||||false|false&#8221; custom_padding_tablet=&#8221;0px||||false|false&#8221; custom_padding_phone=&#8221;0px||0px||false|false&#8221; border_width_bottom=&#8221;2px&#8221; global_colors_info=&#8221;{}&#8221;][et_pb_column type=&#8221;2_3&#8243; _builder_version=&#8221;4.16&#8243; _module_preset=&#8221;default&#8221; global_colors_info=&#8221;{}&#8221;][et_pb_text _builder_version=&#8221;4.27.4&#8243; _module_preset=&#8221;default&#8221; text_font=&#8221;akrobat light||||||||&#8221; text_text_color=&#8221;#000000&#8243; text_font_size=&#8221;20px&#8221; custom_padding=&#8221;1px|||||&#8221; inline_fonts=&#8221;Montserrat extra bold&#8221; global_colors_info=&#8221;{}&#8221;]<\/p>\n<p><span style=\"font-family: 'Montserrat extra bold'; font-weight: normal; font-size: x-large;\">Cem A.<\/span><\/p>\n<p><span style=\"font-weight: 400;\">Cem A. is an artist with a background in anthropology. He is known for running the art meme page @freeze_magazine and for his site-specific installations. His work explores themes such as virality and performativity, often through collaborative projects.<\/span><\/p>\n<p><span style=\"font-weight: 400;\">Cem A.\u2019s solo exhibitions, performances, and interventions include presentations at Kunstsammlung NRW &#8211; K21, Barbican Centre, ZKM Karlsruhe, Berlinische Galerie, Louisiana Museum, and Museum Wiesbaden. His work has also been featured in Documenta Fifteen, Istanbul Museum of Modern Art, Vienna Climate Biennale, Freiburg Biennale, K\u00fcnstlerhaus Bethanien, and the 14th Biennial of Young Artists at the Museum of Contemporary Art in Skopje. He has lectured at the Royal College of Art in London, HEAD Geneva, KASK Ghent, Pratt Institute New York, Universit\u00e4t der K\u00fcnste Berlin, and HDK Valand Gothenburg.<\/span><\/p>\n<p>[\/et_pb_text][et_pb_social_media_follow icon_color=&#8221;#FFFFFF&#8221; _builder_version=&#8221;4.27.4&#8243; _module_preset=&#8221;default&#8221; background_color=&#8221;RGBA(255,255,255,0)&#8221; global_colors_info=&#8221;{}&#8221;][et_pb_social_media_follow_network social_network=&#8221;rss&#8221; url=&#8221;https:\/\/www.cem-a.com\/&#8221; _builder_version=&#8221;4.27.4&#8243; _module_preset=&#8221;default&#8221; background_color=&#8221;#ff8a3c&#8221; global_colors_info=&#8221;{}&#8221; follow_button=&#8221;off&#8221; url_new_window=&#8221;on&#8221;]rss[\/et_pb_social_media_follow_network][et_pb_social_media_follow_network social_network=&#8221;instagram&#8221; url=&#8221;https:\/\/www.instagram.com\/cem_____a\/&#8221; _builder_version=&#8221;4.27.4&#8243; _module_preset=&#8221;default&#8221; background_color=&#8221;#000000&#8243; background_enable_color=&#8221;on&#8221; global_colors_info=&#8221;{}&#8221; follow_button=&#8221;off&#8221; url_new_window=&#8221;on&#8221;]instagram[\/et_pb_social_media_follow_network][\/et_pb_social_media_follow][\/et_pb_column][et_pb_column type=&#8221;1_3&#8243; _builder_version=&#8221;4.16&#8243; _module_preset=&#8221;default&#8221; global_colors_info=&#8221;{}&#8221;][et_pb_image src=&#8221;https:\/\/festivalpanoramic.cat\/wp-content\/uploads\/2025\/08\/cem_a_panoramic.png&#8221; title_text=&#8221;cem_a_panoramic&#8221; _builder_version=&#8221;4.27.4&#8243; _module_preset=&#8221;default&#8221; global_colors_info=&#8221;{}&#8221;][\/et_pb_image][\/et_pb_column][\/et_pb_row][et_pb_row column_structure=&#8221;2_3,1_3&#8243; custom_padding_last_edited=&#8221;on|phone&#8221; _builder_version=&#8221;4.27.4&#8243; _module_preset=&#8221;default&#8221; width=&#8221;95%&#8221; width_tablet=&#8221;90%&#8221; width_phone=&#8221;90%&#8221; width_last_edited=&#8221;on|phone&#8221; max_width=&#8221;2560px&#8221; custom_padding_tablet=&#8221;&#8221; custom_padding_phone=&#8221;||0px||false|false&#8221; border_width_bottom=&#8221;2px&#8221; locked=&#8221;off&#8221; global_colors_info=&#8221;{}&#8221;][et_pb_column type=&#8221;2_3&#8243; _builder_version=&#8221;4.16&#8243; _module_preset=&#8221;default&#8221; global_colors_info=&#8221;{}&#8221;][et_pb_text _builder_version=&#8221;4.27.4&#8243; _module_preset=&#8221;default&#8221; text_font=&#8221;akrobat light||||||||&#8221; text_text_color=&#8221;#000000&#8243; text_font_size=&#8221;20px&#8221; custom_padding=&#8221;1px|||||&#8221; inline_fonts=&#8221;Montserrat extra bold&#8221; global_colors_info=&#8221;{}&#8221;]<\/p>\n<p><span style=\"font-family: 'Montserrat extra bold'; font-weight: normal; font-size: x-large;\"><span style=\"font-weight: 400;\">Nadira Aklouche-Laggoune<\/span><\/span><\/p>\n<p><span style=\"font-weight: 400;\">Nadira Aklouche-Laggoune (Algiers) is an exhibition curator, art critic, and researcher. She holds a degree in Dramatic Arts from the Conservatoire Sup\u00e9rieur of Algiers and a master\u2019s in audiovisual criticism and art theory from the Kiev Institute of Visual Arts. She taught at the \u00c9cole Sup\u00e9rieure des Beaux-Arts d\u2019Alger (1986\u20132020), where she lectured in aesthetics, contemporary image history, and directed seminars on art and audiovisual media.<\/span><\/p>\n<p><span style=\"font-weight: 400;\">She has served on international juries such as AFAC, FDATIC, the Foreignen Prize, and the Pictet Prize. Author of numerous studies on Algerian art and women artists, she has curated exhibitions in Algeria, Dakar, and France. Between 2016 and 2022, she directed the Museum of Modern and Contemporary Art of Algiers, energizing its programming and boosting its international visibility.<\/span><\/p>\n<p>[\/et_pb_text][\/et_pb_column][et_pb_column type=&#8221;1_3&#8243; _builder_version=&#8221;4.16&#8243; _module_preset=&#8221;default&#8221; global_colors_info=&#8221;{}&#8221;][et_pb_image src=&#8221;https:\/\/festivalpanoramic.cat\/wp-content\/uploads\/2025\/08\/nadira_aklouche_panoramic.png&#8221; title_text=&#8221;nadira_aklouche_panoramic&#8221; _builder_version=&#8221;4.27.4&#8243; _module_preset=&#8221;default&#8221; global_colors_info=&#8221;{}&#8221;][\/et_pb_image][\/et_pb_column][\/et_pb_row][et_pb_row column_structure=&#8221;2_3,1_3&#8243; custom_padding_last_edited=&#8221;on|phone&#8221; _builder_version=&#8221;4.27.4&#8243; _module_preset=&#8221;default&#8221; width=&#8221;95%&#8221; width_tablet=&#8221;90%&#8221; width_phone=&#8221;90%&#8221; width_last_edited=&#8221;on|phone&#8221; max_width=&#8221;2560px&#8221; custom_padding_tablet=&#8221;&#8221; custom_padding_phone=&#8221;||0px||false|false&#8221; border_width_bottom=&#8221;2px&#8221; locked=&#8221;off&#8221; global_colors_info=&#8221;{}&#8221;][et_pb_column type=&#8221;2_3&#8243; _builder_version=&#8221;4.16&#8243; _module_preset=&#8221;default&#8221; global_colors_info=&#8221;{}&#8221;][et_pb_text _builder_version=&#8221;4.27.4&#8243; _module_preset=&#8221;default&#8221; text_font=&#8221;akrobat light||||||||&#8221; text_text_color=&#8221;#000000&#8243; text_font_size=&#8221;20px&#8221; custom_padding=&#8221;1px|||||&#8221; inline_fonts=&#8221;Montserrat extra bold&#8221; global_colors_info=&#8221;{}&#8221;]<\/p>\n<p><span style=\"font-family: 'Montserrat extra bold'; font-weight: normal; font-size: x-large;\">Merc\u00e8 Alsina<\/span><\/p>\n<p><span style=\"font-weight: 400;\">Merc\u00e8 Alsina (Barcelona, 1966) holds a PhD <\/span><i><span style=\"font-weight: 400;\">cum laude<\/span><\/i><span style=\"font-weight: 400;\"> in Art History. She is an independent curator and journalist. Her research has addressed issues such as the impact of globality on artistic productions and their circulation; questions of identity and historical representation; speculative materialism and the nature of objects; the video essay as a practice of resistance; critical photography and the representation of violence; and the relationship between writing and art, among others.<\/span><\/p>\n<p><span style=\"font-weight: 400;\"><br \/><\/span><span style=\"font-weight: 400;\">Since 2020, she has been part of the curatorial team of the Panor\u00e0mic Festival. She is the author of the essay <\/span><i><span style=\"font-weight: 400;\">Massacre<\/span><\/i><span style=\"font-weight: 400;\"> (2025). In 2024, she received the ACCA Award for Best Contemporary Art Exhibition Programme in Catalonia, granted by the Catalan Association of Art Critics, for the programming of the cycle <\/span><i><span style=\"font-weight: 400;\">santcorneliarts(2)<\/span><\/i><span style=\"font-weight: 400;\"> in Cardedeu, which she has directed together with the artist Enric Maur\u00ed since 2017.<\/span><\/p>\n<p>[\/et_pb_text][et_pb_social_media_follow icon_color=&#8221;#FFFFFF&#8221; _builder_version=&#8221;4.27.4&#8243; _module_preset=&#8221;default&#8221; background_color=&#8221;RGBA(255,255,255,0)&#8221; global_colors_info=&#8221;{}&#8221;][et_pb_social_media_follow_network social_network=&#8221;instagram&#8221; url=&#8221;https:\/\/www.instagram.com\/mercealsina1\/&#8221; _builder_version=&#8221;4.27.4&#8243; _module_preset=&#8221;default&#8221; background_color=&#8221;#000000&#8243; background_enable_color=&#8221;on&#8221; global_colors_info=&#8221;{}&#8221; follow_button=&#8221;off&#8221; url_new_window=&#8221;on&#8221;]instagram[\/et_pb_social_media_follow_network][\/et_pb_social_media_follow][\/et_pb_column][et_pb_column type=&#8221;1_3&#8243; _builder_version=&#8221;4.16&#8243; _module_preset=&#8221;default&#8221; global_colors_info=&#8221;{}&#8221;][et_pb_image src=&#8221;https:\/\/festivalpanoramic.cat\/wp-content\/uploads\/2025\/08\/merce_alsina_panoramic_25.png&#8221; title_text=&#8221;merce_alsina_panoramic_25&#8243; _builder_version=&#8221;4.27.4&#8243; _module_preset=&#8221;default&#8221; global_colors_info=&#8221;{}&#8221;][\/et_pb_image][\/et_pb_column][\/et_pb_row][et_pb_row column_structure=&#8221;2_3,1_3&#8243; custom_padding_last_edited=&#8221;on|phone&#8221; _builder_version=&#8221;4.27.4&#8243; _module_preset=&#8221;default&#8221; width=&#8221;95%&#8221; width_tablet=&#8221;90%&#8221; width_phone=&#8221;90%&#8221; width_last_edited=&#8221;on|phone&#8221; max_width=&#8221;2560px&#8221; custom_padding_tablet=&#8221;&#8221; custom_padding_phone=&#8221;||0px||false|false&#8221; border_width_bottom=&#8221;2px&#8221; locked=&#8221;off&#8221; global_colors_info=&#8221;{}&#8221;][et_pb_column type=&#8221;2_3&#8243; _builder_version=&#8221;4.16&#8243; _module_preset=&#8221;default&#8221; global_colors_info=&#8221;{}&#8221;][et_pb_text _builder_version=&#8221;4.27.4&#8243; _module_preset=&#8221;default&#8221; text_font=&#8221;akrobat light||||||||&#8221; text_text_color=&#8221;#000000&#8243; text_font_size=&#8221;20px&#8221; custom_padding=&#8221;1px|||||&#8221; inline_fonts=&#8221;Montserrat extra bold&#8221; global_colors_info=&#8221;{}&#8221;]<\/p>\n<p><span style=\"font-family: 'Montserrat extra bold'; font-weight: normal; font-size: x-large;\">Andrea Badia<\/span><\/p>\n<p><span style=\"font-weight: 400;\">The work of Andrea Badia (nddr3) is framed within the concept of post-nature, where technology and organic processes become tools for contemporary creation. Her practice explores tensions and meeting points between the natural and the digital within a context of increasing hybridization. She integrates creative programming, 3D printing, and generative design to reinterpret phenomena of natural ecosystems. This approach addresses issues such as ecological crisis, the impact of emerging technologies, and new forms of interspecies interaction. Her projects generate immersive experiences that blur the boundaries between physical and virtual, questioning traditional notions of the \u201cnatural\u201d and the \u201cartificial.\u201d<\/span><\/p>\n<p>[\/et_pb_text][et_pb_social_media_follow icon_color=&#8221;#FFFFFF&#8221; _builder_version=&#8221;4.27.4&#8243; _module_preset=&#8221;default&#8221; background_color=&#8221;RGBA(255,255,255,0)&#8221; global_colors_info=&#8221;{}&#8221;][et_pb_social_media_follow_network social_network=&#8221;instagram&#8221; url=&#8221;https:\/\/www.instagram.com\/nddr3\/&#8221; _builder_version=&#8221;4.27.4&#8243; _module_preset=&#8221;default&#8221; background_color=&#8221;#000000&#8243; background_enable_color=&#8221;on&#8221; global_colors_info=&#8221;{}&#8221; follow_button=&#8221;off&#8221; url_new_window=&#8221;on&#8221;]instagram[\/et_pb_social_media_follow_network][et_pb_social_media_follow_network social_network=&#8221;tiktok&#8221; url=&#8221;https:\/\/www.tiktok.com\/@nddr3&#8243; _builder_version=&#8221;4.27.4&#8243; _module_preset=&#8221;default&#8221; background_color=&#8221;#fe2c55&#8243; global_colors_info=&#8221;{}&#8221; follow_button=&#8221;off&#8221; url_new_window=&#8221;on&#8221;]tiktok[\/et_pb_social_media_follow_network][\/et_pb_social_media_follow][\/et_pb_column][et_pb_column type=&#8221;1_3&#8243; _builder_version=&#8221;4.16&#8243; _module_preset=&#8221;default&#8221; global_colors_info=&#8221;{}&#8221;][et_pb_image src=&#8221;https:\/\/festivalpanoramic.cat\/wp-content\/uploads\/2025\/08\/andrea_badia_panoramic.png&#8221; title_text=&#8221;andrea_badia_panoramic&#8221; _builder_version=&#8221;4.27.4&#8243; _module_preset=&#8221;default&#8221; global_colors_info=&#8221;{}&#8221;][\/et_pb_image][\/et_pb_column][\/et_pb_row][et_pb_row column_structure=&#8221;2_3,1_3&#8243; custom_padding_last_edited=&#8221;on|phone&#8221; _builder_version=&#8221;4.27.4&#8243; _module_preset=&#8221;default&#8221; width=&#8221;95%&#8221; width_tablet=&#8221;90%&#8221; width_phone=&#8221;90%&#8221; width_last_edited=&#8221;on|phone&#8221; max_width=&#8221;2560px&#8221; custom_padding_tablet=&#8221;&#8221; custom_padding_phone=&#8221;||0px||false|false&#8221; border_width_bottom=&#8221;2px&#8221; locked=&#8221;off&#8221; global_colors_info=&#8221;{}&#8221;][et_pb_column type=&#8221;2_3&#8243; _builder_version=&#8221;4.16&#8243; _module_preset=&#8221;default&#8221; global_colors_info=&#8221;{}&#8221;][et_pb_text _builder_version=&#8221;4.27.4&#8243; _module_preset=&#8221;default&#8221; text_font=&#8221;akrobat light||||||||&#8221; text_text_color=&#8221;#000000&#8243; text_font_size=&#8221;20px&#8221; custom_padding=&#8221;1px|||||&#8221; inline_fonts=&#8221;Montserrat extra bold&#8221; global_colors_info=&#8221;{}&#8221;]<\/p>\n<p><span style=\"font-family: 'Montserrat extra bold'; font-weight: normal; font-size: x-large;\">Tewa Barnosa<\/span><\/p>\n<p><span style=\"font-weight: 400;\">Tewa Barnosa (1998) is an interdisciplinary artist and cultural producer working between Tripoli and Amsterdam. Her practice spans visual arts, time-based media, performance, pedagogical research, and curatorial collaboration. Based on critical observation and research-driven interpretation, she explores historical and political narratives with a particular interest in language and anticolonial modes of communication and existence.<\/span><\/p>\n<p><span style=\"font-weight: 400;\">In her work, she contextualizes images, sounds, and objects while investigating war archives, Libyan and Amazigh oral literature, fiction, and mythologies. Her practice highlights human alienation and socio-ecological turbulence, in dialogue with notions of contemporary warfare and with the violations of cognitive and cultural modes of resistance. In doing so, her work not only belongs to the artistic sphere but also opens a critical space for reflection on memory, identity, and power structures in contemporary societies.<\/span><\/p>\n<p>[\/et_pb_text][et_pb_social_media_follow icon_color=&#8221;#FFFFFF&#8221; _builder_version=&#8221;4.27.4&#8243; _module_preset=&#8221;default&#8221; background_color=&#8221;RGBA(255,255,255,0)&#8221; global_colors_info=&#8221;{}&#8221;][et_pb_social_media_follow_network social_network=&#8221;instagram&#8221; url=&#8221;https:\/\/www.instagram.com\/tewa_barnosa\/&#8221; _builder_version=&#8221;4.27.4&#8243; _module_preset=&#8221;default&#8221; background_color=&#8221;#000000&#8243; background_enable_color=&#8221;on&#8221; global_colors_info=&#8221;{}&#8221; follow_button=&#8221;off&#8221; url_new_window=&#8221;on&#8221;]instagram[\/et_pb_social_media_follow_network][et_pb_social_media_follow_network social_network=&#8221;rss&#8221; url=&#8221;https:\/\/tewabarnosa.com\/&#8221; _builder_version=&#8221;4.27.4&#8243; _module_preset=&#8221;default&#8221; background_color=&#8221;#ff8a3c&#8221; global_colors_info=&#8221;{}&#8221; follow_button=&#8221;off&#8221; url_new_window=&#8221;on&#8221;]rss[\/et_pb_social_media_follow_network][\/et_pb_social_media_follow][\/et_pb_column][et_pb_column type=&#8221;1_3&#8243; _builder_version=&#8221;4.16&#8243; _module_preset=&#8221;default&#8221; global_colors_info=&#8221;{}&#8221;][et_pb_image src=&#8221;https:\/\/festivalpanoramic.cat\/wp-content\/uploads\/2025\/08\/tewa_barnosa.png&#8221; title_text=&#8221;tewa_barnosa&#8221; _builder_version=&#8221;4.27.4&#8243; _module_preset=&#8221;default&#8221; global_colors_info=&#8221;{}&#8221;][\/et_pb_image][\/et_pb_column][\/et_pb_row][et_pb_row column_structure=&#8221;2_3,1_3&#8243; custom_padding_last_edited=&#8221;on|phone&#8221; _builder_version=&#8221;4.27.4&#8243; _module_preset=&#8221;default&#8221; width=&#8221;95%&#8221; width_tablet=&#8221;90%&#8221; width_phone=&#8221;90%&#8221; width_last_edited=&#8221;on|phone&#8221; max_width=&#8221;2560px&#8221; custom_padding_tablet=&#8221;&#8221; custom_padding_phone=&#8221;||0px||false|false&#8221; border_width_bottom=&#8221;2px&#8221; locked=&#8221;off&#8221; global_colors_info=&#8221;{}&#8221;][et_pb_column type=&#8221;2_3&#8243; _builder_version=&#8221;4.16&#8243; _module_preset=&#8221;default&#8221; global_colors_info=&#8221;{}&#8221;][et_pb_text _builder_version=&#8221;4.27.4&#8243; _module_preset=&#8221;default&#8221; text_font=&#8221;akrobat light||||||||&#8221; text_text_color=&#8221;#000000&#8243; text_font_size=&#8221;20px&#8221; custom_padding=&#8221;1px|||||&#8221; inline_fonts=&#8221;Montserrat extra bold&#8221; global_colors_info=&#8221;{}&#8221;]<\/p>\n<p><span style=\"font-family: 'Montserrat extra bold'; font-weight: normal; font-size: x-large;\">Ghyzl\u00e8ne Bouka\u00efla<\/span><\/p>\n<p class=\"p1\"><span style=\"font-weight: 400;\">Born in Algiers in 1993, Ghyzl\u00e8ne lives and works in Algiers. Her visual and film practice explores porous boundaries between reality and fiction. Positioned between speculative fiction and immersive devices, her work investigates liminal territories\u2014spaces of waiting, transit, and anonymity\u2014as active sites of memory and resistance. Through documentary research rooted in postcolonial and anthropocentric narratives, Ghyzl\u00e8ne develops fragmented forms that allow new readings of reality to emerge. Her work has been presented at the Institut du Monde Arabe, Tampere Film Festival (Finland), Les Rencontres Internationales Paris\/Berlin, JAOU Contemporary Art Biennale (Tunisia), and 100% Villette, among others.<\/span><\/p>\n<p>[\/et_pb_text][et_pb_social_media_follow icon_color=&#8221;#FFFFFF&#8221; _builder_version=&#8221;4.27.4&#8243; _module_preset=&#8221;default&#8221; background_color=&#8221;RGBA(255,255,255,0)&#8221; global_colors_info=&#8221;{}&#8221;][et_pb_social_media_follow_network social_network=&#8221;instagram&#8221; url=&#8221;https:\/\/www.instagram.com\/ghyzlene_b\/&#8221; _builder_version=&#8221;4.27.4&#8243; _module_preset=&#8221;default&#8221; background_color=&#8221;#000000&#8243; background_enable_color=&#8221;on&#8221; global_colors_info=&#8221;{}&#8221; follow_button=&#8221;off&#8221; url_new_window=&#8221;on&#8221;]instagram[\/et_pb_social_media_follow_network][\/et_pb_social_media_follow][\/et_pb_column][et_pb_column type=&#8221;1_3&#8243; _builder_version=&#8221;4.16&#8243; _module_preset=&#8221;default&#8221; global_colors_info=&#8221;{}&#8221;][et_pb_image src=&#8221;https:\/\/festivalpanoramic.cat\/wp-content\/uploads\/2025\/08\/ghyzlene_boukaila_panoramic.png&#8221; title_text=&#8221;ghyzlene_boukaila_panoramic&#8221; _builder_version=&#8221;4.27.4&#8243; _module_preset=&#8221;default&#8221; global_colors_info=&#8221;{}&#8221;][\/et_pb_image][\/et_pb_column][\/et_pb_row][et_pb_row column_structure=&#8221;2_3,1_3&#8243; custom_padding_last_edited=&#8221;on|phone&#8221; _builder_version=&#8221;4.27.4&#8243; _module_preset=&#8221;default&#8221; width=&#8221;95%&#8221; width_tablet=&#8221;90%&#8221; width_phone=&#8221;90%&#8221; width_last_edited=&#8221;on|phone&#8221; max_width=&#8221;2560px&#8221; custom_padding_tablet=&#8221;&#8221; custom_padding_phone=&#8221;||0px||false|false&#8221; border_width_bottom=&#8221;2px&#8221; locked=&#8221;off&#8221; global_colors_info=&#8221;{}&#8221;][et_pb_column type=&#8221;2_3&#8243; _builder_version=&#8221;4.16&#8243; _module_preset=&#8221;default&#8221; global_colors_info=&#8221;{}&#8221;][et_pb_text _builder_version=&#8221;4.27.4&#8243; _module_preset=&#8221;default&#8221; text_font=&#8221;akrobat light||||||||&#8221; text_text_color=&#8221;#000000&#8243; text_font_size=&#8221;20px&#8221; custom_padding=&#8221;1px|||||&#8221; inline_fonts=&#8221;Montserrat extra bold&#8221; global_colors_info=&#8221;{}&#8221;]<\/p>\n<p><span style=\"font-family: 'Montserrat extra bold'; font-weight: normal; font-size: x-large;\">\u0130rem G\u00fcnayd\u0131n<\/span><\/p>\n<p><span style=\"font-weight: 400;\">\u0130rem G\u00fcnayd\u0131n is an artist based in Istanbul. Her practice unfolds through writing as a speculative and parafictional tool, exploring the conditions of artistic creation when interacting with the boundaries of narrative, form, and institutional memory. Oscillating between textual and spatial gestures, she works across various media to build aesthetic infrastructures that examine the discarded, the supplementary, the misfiled, and the misinterpreted.<\/span><\/p>\n<p><span style=\"font-weight: 400;\">Her work often exists in states of adjacency: writing and sculpture, archive and excavation, mold and monument, figure and shadow. She engages with and through the gaps of knowledge systems, offering not closure but a carefully constructed disorientation. What remains after history, after art, after authorship, is where her work begins.<\/span><\/p>\n<p class=\"p1\">[\/et_pb_text][et_pb_social_media_follow icon_color=&#8221;#FFFFFF&#8221; _builder_version=&#8221;4.27.4&#8243; _module_preset=&#8221;default&#8221; background_color=&#8221;RGBA(255,255,255,0)&#8221; global_colors_info=&#8221;{}&#8221;][et_pb_social_media_follow_network social_network=&#8221;rss&#8221; url=&#8221;https:\/\/iremgunaydin.com\/?fbclid=PAZXh0bgNhZW0CMTEAAaf1Lfq1ra07znNS7kCwOPzV_iN-sY9GoMjvQgxxGt9O4W2rvPXD93b_CeCSeQ_aem_qDHmhxMfBkssJXThzbSfDg&#8221; _builder_version=&#8221;4.27.4&#8243; _module_preset=&#8221;default&#8221; background_color=&#8221;#ff8a3c&#8221; global_colors_info=&#8221;{}&#8221; follow_button=&#8221;off&#8221; url_new_window=&#8221;on&#8221;]rss[\/et_pb_social_media_follow_network][et_pb_social_media_follow_network social_network=&#8221;instagram&#8221; url=&#8221;https:\/\/www.instagram.com\/fourthisbullshit\/&#8221; _builder_version=&#8221;4.27.4&#8243; _module_preset=&#8221;default&#8221; background_color=&#8221;#000000&#8243; background_enable_color=&#8221;on&#8221; global_colors_info=&#8221;{}&#8221; follow_button=&#8221;off&#8221; url_new_window=&#8221;on&#8221;]instagram[\/et_pb_social_media_follow_network][\/et_pb_social_media_follow][\/et_pb_column][et_pb_column type=&#8221;1_3&#8243; _builder_version=&#8221;4.16&#8243; _module_preset=&#8221;default&#8221; global_colors_info=&#8221;{}&#8221;][et_pb_image src=&#8221;https:\/\/festivalpanoramic.cat\/wp-content\/uploads\/2025\/08\/irem_gunaydin.png&#8221; title_text=&#8221;irem_gunaydin&#8221; _builder_version=&#8221;4.27.4&#8243; _module_preset=&#8221;default&#8221; global_colors_info=&#8221;{}&#8221;][\/et_pb_image][\/et_pb_column][\/et_pb_row][et_pb_row column_structure=&#8221;2_3,1_3&#8243; custom_padding_last_edited=&#8221;on|phone&#8221; _builder_version=&#8221;4.27.4&#8243; _module_preset=&#8221;default&#8221; width=&#8221;95%&#8221; width_tablet=&#8221;90%&#8221; width_phone=&#8221;90%&#8221; width_last_edited=&#8221;on|phone&#8221; max_width=&#8221;2560px&#8221; custom_padding_tablet=&#8221;&#8221; custom_padding_phone=&#8221;||0px||false|false&#8221; border_width_bottom=&#8221;2px&#8221; locked=&#8221;off&#8221; global_colors_info=&#8221;{}&#8221;][et_pb_column type=&#8221;2_3&#8243; _builder_version=&#8221;4.16&#8243; _module_preset=&#8221;default&#8221; global_colors_info=&#8221;{}&#8221;][et_pb_text _builder_version=&#8221;4.27.4&#8243; _module_preset=&#8221;default&#8221; text_font=&#8221;akrobat light||||||||&#8221; text_text_color=&#8221;#000000&#8243; text_font_size=&#8221;20px&#8221; custom_padding=&#8221;1px|||||&#8221; inline_fonts=&#8221;Montserrat extra bold&#8221; global_colors_info=&#8221;{}&#8221;]<\/p>\n<p><span style=\"font-family: 'Montserrat extra bold'; font-weight: normal; font-size: x-large;\">Elia Kalogianni<\/span><\/p>\n<p><span style=\"font-weight: 400;\">Elia Kalogianni (Athens, 1995) is an interdisciplinary artist and filmmaker living between Amsterdam and Athens. Her practice explores topics ranging from tradition and its mnemonic representations to power dynamics and surveillance within contemporary psychosocial frameworks. Working with film, spatial installations, audiovisual and sculptural gestures, moving-image essays, and photography, Kalogianni investigates the fluid boundaries between reality and imagination.<\/span><\/p>\n<p><span style=\"font-weight: 400;\">Her work has been shown in institutions such as the Stedelijk Museum, Venice Biennale (2024), Art Rotterdam, Galleria17, Muziekgebouw, and Internationaal Theater Amsterdam (ITA). Her films have been screened and awarded at numerous international festivals including International Film Festival Rotterdam (IFFR), Netherlands Film Festival (NFF), and Melbourne SSFF. She was nominated for the Hellenic Film Academy Awards (2021) and received a Special Mention at the Eye on Art Research Lab organized by the Eye Filmmuseum (2019).<\/span><\/p>\n<p>[\/et_pb_text][et_pb_social_media_follow icon_color=&#8221;#FFFFFF&#8221; _builder_version=&#8221;4.27.4&#8243; _module_preset=&#8221;default&#8221; background_color=&#8221;RGBA(255,255,255,0)&#8221; global_colors_info=&#8221;{}&#8221;][et_pb_social_media_follow_network social_network=&#8221;instagram&#8221; url=&#8221;https:\/\/www.instagram.com\/elia_kal\/&#8221; _builder_version=&#8221;4.27.4&#8243; _module_preset=&#8221;default&#8221; background_color=&#8221;#000000&#8243; background_enable_color=&#8221;on&#8221; global_colors_info=&#8221;{}&#8221; follow_button=&#8221;off&#8221; url_new_window=&#8221;on&#8221;]instagram[\/et_pb_social_media_follow_network][\/et_pb_social_media_follow][\/et_pb_column][et_pb_column type=&#8221;1_3&#8243; _builder_version=&#8221;4.16&#8243; _module_preset=&#8221;default&#8221; global_colors_info=&#8221;{}&#8221;][et_pb_image src=&#8221;https:\/\/festivalpanoramic.cat\/wp-content\/uploads\/2025\/08\/elia_kalogianni_panoramic.png&#8221; title_text=&#8221;elia_kalogianni_panoramic&#8221; _builder_version=&#8221;4.27.4&#8243; _module_preset=&#8221;default&#8221; global_colors_info=&#8221;{}&#8221;][\/et_pb_image][\/et_pb_column][\/et_pb_row][et_pb_row column_structure=&#8221;2_3,1_3&#8243; custom_padding_last_edited=&#8221;on|phone&#8221; _builder_version=&#8221;4.27.4&#8243; _module_preset=&#8221;default&#8221; width=&#8221;95%&#8221; width_tablet=&#8221;90%&#8221; width_phone=&#8221;90%&#8221; width_last_edited=&#8221;on|phone&#8221; max_width=&#8221;2560px&#8221; custom_padding_tablet=&#8221;&#8221; custom_padding_phone=&#8221;||0px||false|false&#8221; border_width_bottom=&#8221;2px&#8221; locked=&#8221;off&#8221; global_colors_info=&#8221;{}&#8221;][et_pb_column type=&#8221;2_3&#8243; _builder_version=&#8221;4.16&#8243; _module_preset=&#8221;default&#8221; global_colors_info=&#8221;{}&#8221;][et_pb_text _builder_version=&#8221;4.27.4&#8243; _module_preset=&#8221;default&#8221; text_font=&#8221;akrobat light||||||||&#8221; text_text_color=&#8221;#000000&#8243; text_font_size=&#8221;20px&#8221; custom_padding=&#8221;1px|||||&#8221; inline_fonts=&#8221;Montserrat extra bold&#8221; global_colors_info=&#8221;{}&#8221;]<\/p>\n<p><span style=\"font-family: 'Montserrat extra bold'; font-weight: normal; font-size: x-large;\">Ay\u00e7a Okay<\/span><\/p>\n<p><span style=\"font-weight: 400;\">Ay\u00e7a Okay is a curator and cultural manager, member of AICA Turkey, CIMAM, and ICOM. Her research in contemporary art builds on a methodology that combines a holistic curatorial approach with intellectual exchange, fostering sustainable collaborations across SWANA and European regions.<\/span><\/p>\n<p><span style=\"font-weight: 400;\">Since 2018, she has curated exhibitions and collection projects for institutions such as the BAKSI Museum, Loop Barcelona, Borusan Contemporary, Contemporary Istanbul Foundation, Zico House Beirut, Performistanbul, Scope Berlin, and Vorfluter Projektraum. She has also led cultural commissions for Turkish Airlines, SANKO, and QNB Finansbank. Internationally, she has participated in the Oslo Open International Curators Visit Program, EMST National Museum of Contemporary Art (Athens), and was a finalist at the Crack International Art Camp in Bangladesh.<\/span><\/p>\n<p>[\/et_pb_text][et_pb_social_media_follow icon_color=&#8221;#FFFFFF&#8221; _builder_version=&#8221;4.27.4&#8243; _module_preset=&#8221;default&#8221; background_color=&#8221;RGBA(255,255,255,0)&#8221; global_colors_info=&#8221;{}&#8221;][et_pb_social_media_follow_network social_network=&#8221;rss&#8221; url=&#8221;https:\/\/aycaokay.com\/?fbclid=PAZXh0bgNhZW0CMTEAAacpoMbJvEJRd3Lj-6Rlisrfy1bVK-3GX7G3X04vcvTvIv2P2mdwYXQ1rkYTJA_aem_5x8ElAlLQOa8df5rS8_F9A&#8221; _builder_version=&#8221;4.27.4&#8243; _module_preset=&#8221;default&#8221; background_color=&#8221;#ff8a3c&#8221; global_colors_info=&#8221;{}&#8221; follow_button=&#8221;off&#8221; url_new_window=&#8221;on&#8221;]rss[\/et_pb_social_media_follow_network][et_pb_social_media_follow_network social_network=&#8221;instagram&#8221; url=&#8221;https:\/\/www.instagram.com\/aycaokay\/&#8221; _builder_version=&#8221;4.27.4&#8243; _module_preset=&#8221;default&#8221; background_color=&#8221;#000000&#8243; background_enable_color=&#8221;on&#8221; global_colors_info=&#8221;{}&#8221; follow_button=&#8221;off&#8221; url_new_window=&#8221;on&#8221;]instagram[\/et_pb_social_media_follow_network][\/et_pb_social_media_follow][\/et_pb_column][et_pb_column type=&#8221;1_3&#8243; _builder_version=&#8221;4.16&#8243; _module_preset=&#8221;default&#8221; global_colors_info=&#8221;{}&#8221;][et_pb_image src=&#8221;https:\/\/festivalpanoramic.cat\/wp-content\/uploads\/2025\/08\/aica_okay_panoramic.png&#8221; title_text=&#8221;aica_okay_panoramic&#8221; _builder_version=&#8221;4.27.4&#8243; _module_preset=&#8221;default&#8221; global_colors_info=&#8221;{}&#8221;][\/et_pb_image][\/et_pb_column][\/et_pb_row][et_pb_row column_structure=&#8221;2_3,1_3&#8243; custom_padding_last_edited=&#8221;on|phone&#8221; _builder_version=&#8221;4.27.4&#8243; _module_preset=&#8221;default&#8221; width=&#8221;95%&#8221; width_tablet=&#8221;90%&#8221; width_phone=&#8221;90%&#8221; width_last_edited=&#8221;on|phone&#8221; max_width=&#8221;2560px&#8221; custom_padding_tablet=&#8221;&#8221; custom_padding_phone=&#8221;||0px||false|false&#8221; border_width_bottom=&#8221;2px&#8221; locked=&#8221;off&#8221; global_colors_info=&#8221;{}&#8221;][et_pb_column type=&#8221;2_3&#8243; _builder_version=&#8221;4.16&#8243; _module_preset=&#8221;default&#8221; global_colors_info=&#8221;{}&#8221;][et_pb_text _builder_version=&#8221;4.27.4&#8243; _module_preset=&#8221;default&#8221; text_font=&#8221;akrobat light||||||||&#8221; text_text_color=&#8221;#000000&#8243; text_font_size=&#8221;20px&#8221; custom_padding=&#8221;1px|||||&#8221; inline_fonts=&#8221;Montserrat extra bold&#8221; global_colors_info=&#8221;{}&#8221;]<\/p>\n<p><span style=\"font-family: 'Montserrat extra bold'; font-weight: normal; font-size: x-large;\">Doura\u00efd Souissi<\/span><\/p>\n<p class=\"p1\"><span style=\"font-weight: 400;\">Tunisian photographer and visual artist Doura\u00efd Souissi creates large-format portraits of marginalized youth, adrift in a vast, dark silence, turning their backs on the camera, the world, and its false promises. With subtlety, he explores the hopes and frustrations of the revolution, the fragility of the individual in rapidly transforming societies, and universal themes such as injustice, alienation, exile, freedom, identity, masculinity, and the role of images. In a world governed by individualism, greed, technology, and conflict, his works seek to restore faith in the humility and love necessary for human beings to understand one another. They invite us to look with the spiritual urgency of recognizing and safeguarding the dignity of the Other.<\/span><\/p>\n<p>[\/et_pb_text][et_pb_social_media_follow icon_color=&#8221;#FFFFFF&#8221; _builder_version=&#8221;4.27.4&#8243; _module_preset=&#8221;default&#8221; background_color=&#8221;RGBA(255,255,255,0)&#8221; global_colors_info=&#8221;{}&#8221;][et_pb_social_media_follow_network social_network=&#8221;rss&#8221; url=&#8221;https:\/\/www.douraid-souissi.com\/?fbclid=PAZXh0bgNhZW0CMTEAAadYp9cKQsE3UqDAXBwbK3Xa5YJoUqjtWa6niQjnaTmvYNaEN6iSheCFRuchHg_aem_sknjITSMYlmeEgoIgQyIkQ&#8221; _builder_version=&#8221;4.27.4&#8243; _module_preset=&#8221;default&#8221; background_color=&#8221;#ff8a3c&#8221; global_colors_info=&#8221;{}&#8221; follow_button=&#8221;off&#8221; url_new_window=&#8221;on&#8221;]rss[\/et_pb_social_media_follow_network][et_pb_social_media_follow_network social_network=&#8221;instagram&#8221; url=&#8221;https:\/\/www.instagram.com\/douraidsouissi\/&#8221; _builder_version=&#8221;4.27.4&#8243; _module_preset=&#8221;default&#8221; background_color=&#8221;#000000&#8243; background_enable_color=&#8221;on&#8221; global_colors_info=&#8221;{}&#8221; follow_button=&#8221;off&#8221; url_new_window=&#8221;on&#8221;]instagram[\/et_pb_social_media_follow_network][\/et_pb_social_media_follow][\/et_pb_column][et_pb_column type=&#8221;1_3&#8243; _builder_version=&#8221;4.16&#8243; _module_preset=&#8221;default&#8221; global_colors_info=&#8221;{}&#8221;][et_pb_image src=&#8221;https:\/\/festivalpanoramic.cat\/wp-content\/uploads\/2025\/08\/Douraid_Souissi_panoramic.png&#8221; title_text=&#8221;Douraid_Souissi_panoramic&#8221; _builder_version=&#8221;4.27.4&#8243; _module_preset=&#8221;default&#8221; global_colors_info=&#8221;{}&#8221;][\/et_pb_image][\/et_pb_column][\/et_pb_row][et_pb_row column_structure=&#8221;2_3,1_3&#8243; custom_padding_last_edited=&#8221;on|phone&#8221; _builder_version=&#8221;4.27.4&#8243; _module_preset=&#8221;default&#8221; width=&#8221;95%&#8221; width_tablet=&#8221;90%&#8221; width_phone=&#8221;90%&#8221; width_last_edited=&#8221;on|phone&#8221; max_width=&#8221;2560px&#8221; custom_padding_tablet=&#8221;&#8221; custom_padding_phone=&#8221;||0px||false|false&#8221; border_width_bottom=&#8221;2px&#8221; locked=&#8221;off&#8221; global_colors_info=&#8221;{}&#8221;][et_pb_column type=&#8221;2_3&#8243; _builder_version=&#8221;4.16&#8243; _module_preset=&#8221;default&#8221; global_colors_info=&#8221;{}&#8221;][et_pb_text _builder_version=&#8221;4.27.4&#8243; _module_preset=&#8221;default&#8221; text_font=&#8221;akrobat light||||||||&#8221; text_text_color=&#8221;#000000&#8243; text_font_size=&#8221;20px&#8221; custom_padding=&#8221;1px|||||&#8221; inline_fonts=&#8221;Montserrat extra bold&#8221; global_colors_info=&#8221;{}&#8221;]<\/p>\n<p><span style=\"font-family: 'Montserrat extra bold'; font-weight: normal; font-size: x-large;\">Merve \u00dcnsal<\/span><\/p>\n<p><span style=\"font-weight: 400;\">Merve \u00dcnsal is an artist based in Istanbul. Her practice revolves around methods of attention and listening, working with photography, video, radio, sound, performance, and site-specific installations. She has exhibited internationally, often within artist-led initiatives in cities such as Beirut, Berlin, Cairo, New Delhi, and Toronto.<\/span><\/p>\n<p><span style=\"font-weight: 400;\">She has taken part in residency programs supported by institutions including Delfina Foundation (London), Praksis (Oslo), Fogo Island Arts, Art Metropole (Toronto), and the University of Delaware (Lewes). Additionally, she is the founding editor of m-est.org, a platform focused on artists.<\/span><\/p>\n<p>[\/et_pb_text][et_pb_social_media_follow icon_color=&#8221;#FFFFFF&#8221; _builder_version=&#8221;4.27.4&#8243; _module_preset=&#8221;default&#8221; background_color=&#8221;RGBA(255,255,255,0)&#8221; global_colors_info=&#8221;{}&#8221;][et_pb_social_media_follow_network social_network=&#8221;rss&#8221; url=&#8221;https:\/\/www.merveunsal.com\/&#8221; _builder_version=&#8221;4.27.4&#8243; _module_preset=&#8221;default&#8221; background_color=&#8221;#ff8a3c&#8221; global_colors_info=&#8221;{}&#8221; follow_button=&#8221;off&#8221; url_new_window=&#8221;on&#8221;]rss[\/et_pb_social_media_follow_network][\/et_pb_social_media_follow][\/et_pb_column][et_pb_column type=&#8221;1_3&#8243; _builder_version=&#8221;4.16&#8243; _module_preset=&#8221;default&#8221; global_colors_info=&#8221;{}&#8221;][et_pb_image src=&#8221;https:\/\/festivalpanoramic.cat\/wp-content\/uploads\/2025\/09\/P_Participant_Post4-SG19.png&#8221; title_text=&#8221;P_Participant_Post4-SG19&#8243; _builder_version=&#8221;4.27.4&#8243; _module_preset=&#8221;default&#8221; global_colors_info=&#8221;{}&#8221;][\/et_pb_image][\/et_pb_column][\/et_pb_row][et_pb_row column_structure=&#8221;2_3,1_3&#8243; custom_padding_last_edited=&#8221;on|phone&#8221; _builder_version=&#8221;4.27.4&#8243; _module_preset=&#8221;default&#8221; width=&#8221;95%&#8221; width_tablet=&#8221;90%&#8221; width_phone=&#8221;90%&#8221; width_last_edited=&#8221;on|phone&#8221; max_width=&#8221;2560px&#8221; custom_padding_tablet=&#8221;&#8221; custom_padding_phone=&#8221;||0px||false|false&#8221; border_width_bottom=&#8221;2px&#8221; locked=&#8221;off&#8221; global_colors_info=&#8221;{}&#8221;][et_pb_column type=&#8221;2_3&#8243; _builder_version=&#8221;4.16&#8243; _module_preset=&#8221;default&#8221; global_colors_info=&#8221;{}&#8221;][et_pb_text _builder_version=&#8221;4.27.4&#8243; _module_preset=&#8221;default&#8221; text_font=&#8221;akrobat light||||||||&#8221; text_text_color=&#8221;#000000&#8243; text_font_size=&#8221;20px&#8221; custom_padding=&#8221;1px|||||&#8221; inline_fonts=&#8221;Montserrat extra bold&#8221; global_colors_info=&#8221;{}&#8221;]<\/p>\n<p><span style=\"font-family: 'Montserrat extra bold'; font-weight: normal; font-size: x-large;\">Claudio Zuli\u00e1n<\/span><\/p>\n<p><span style=\"font-weight: 400;\">Claudio Zuli\u00e1n is a visual and sound artist, filmmaker, musician, and writer. Born in Italy, he currently lives in Barcelona. He holds a PhD in Aesthetics, Science, and Technology of the Arts from Universit\u00e9 Paris-Saint Denis and has taught at various universities. He has developed an extensive international career in both visual arts and cinema.<\/span><\/p>\n<p><span style=\"font-weight: 400;\">Recent exhibitions include <\/span><i><span style=\"font-weight: 400;\">Vidas<\/span><\/i><span style=\"font-weight: 400;\"> at the Centro Gallego de Arte Contempor\u00e1neo in Santiago de Compostela (2022), <\/span><i><span style=\"font-weight: 400;\">Historias del porvenir<\/span><\/i><span style=\"font-weight: 400;\"> at Jeu de Paume in Paris (2013), <\/span><i><span style=\"font-weight: 400;\">Piel de serpiente<\/span><\/i><span style=\"font-weight: 400;\"> at Estrany \u2013 de la Mota Art Advisors (2023), and <\/span><i><span style=\"font-weight: 400;\">Hard Time &amp; Animals<\/span><\/i><span style=\"font-weight: 400;\"> at Galer\u00eda Freijo in Madrid (2024). His latest documentary, <\/span><i><span style=\"font-weight: 400;\">Constelaci\u00f3n Portabella<\/span><\/i><span style=\"font-weight: 400;\">, was selected for the Venice Film Festival (2024) and the Valladolid Seminci.<\/span><\/p>\n<p>[\/et_pb_text][et_pb_social_media_follow icon_color=&#8221;#FFFFFF&#8221; _builder_version=&#8221;4.27.4&#8243; _module_preset=&#8221;default&#8221; background_color=&#8221;RGBA(255,255,255,0)&#8221; global_colors_info=&#8221;{}&#8221;][et_pb_social_media_follow_network social_network=&#8221;rss&#8221; url=&#8221;https:\/\/www.claudiozulian.com\/&#8221; _builder_version=&#8221;4.27.4&#8243; _module_preset=&#8221;default&#8221; background_color=&#8221;#ff8a3c&#8221; global_colors_info=&#8221;{}&#8221; follow_button=&#8221;off&#8221; url_new_window=&#8221;on&#8221;]rss[\/et_pb_social_media_follow_network][et_pb_social_media_follow_network social_network=&#8221;instagram&#8221; url=&#8221;https:\/\/www.instagram.com\/claudio_zulian\/&#8221; _builder_version=&#8221;4.27.4&#8243; _module_preset=&#8221;default&#8221; background_color=&#8221;#000000&#8243; background_enable_color=&#8221;on&#8221; global_colors_info=&#8221;{}&#8221; follow_button=&#8221;off&#8221; url_new_window=&#8221;on&#8221;]instagram[\/et_pb_social_media_follow_network][\/et_pb_social_media_follow][\/et_pb_column][et_pb_column type=&#8221;1_3&#8243; _builder_version=&#8221;4.16&#8243; _module_preset=&#8221;default&#8221; global_colors_info=&#8221;{}&#8221;][et_pb_image src=&#8221;https:\/\/festivalpanoramic.cat\/wp-content\/uploads\/2025\/08\/claudio_zulian_panoramic.png&#8221; title_text=&#8221;claudio_zulian_panoramic&#8221; _builder_version=&#8221;4.27.4&#8243; _module_preset=&#8221;default&#8221; global_colors_info=&#8221;{}&#8221;][\/et_pb_image][\/et_pb_column][\/et_pb_row][\/et_pb_section]<\/p>\n","protected":false},"excerpt":{"rendered":"<p>ExhibitionsTant de bo \/ Ojal\u00e1 \/ Inxal\u00b7lahCem A. \u00b7 Andrea Badia \u00b7 Tewa Barnosa \u00b7 Ghyzl\u00e8ne Bouka\u00efla \u00b7 \u0130rem G\u00fcnayd\u0131n \u00b7 Elia Kalogianni \u00b7 Doura\u00efd Souissi \u00b7 Merve \u00dcnsal \u00b7 [&hellip;]<\/p>\n","protected":false},"author":1,"featured_media":38633,"comment_status":"open","ping_status":"closed","template":"","meta":{"_et_pb_use_builder":"on","_et_pb_old_content":"","_et_gb_content_width":"","footnotes":""},"project_category":[156,168,143],"project_tag":[],"class_list":["post-38702","project","type-project","status-publish","has-post-thumbnail","hentry","project_category-exhibitions-2025-en","project_category-exhibitions-terrassa-2025","project_category-panoramic-2025-en"],"yoast_head":"<!-- This site is optimized with the Yoast SEO plugin v27.2 - https:\/\/yoast.com\/product\/yoast-seo-wordpress\/ -->\n<title>Tant de bo \/ Ojal\u00e1 \/ Inxal\u00b7lah - Festival Panor\u00e0mic<\/title>\n<meta name=\"robots\" content=\"index, follow, max-snippet:-1, max-image-preview:large, max-video-preview:-1\" \/>\n<link rel=\"canonical\" href=\"https:\/\/festivalpanoramic.cat\/en\/project\/ojala-tantdebo-inxallah\/\" \/>\n<meta property=\"og:locale\" content=\"en_US\" \/>\n<meta property=\"og:type\" content=\"article\" \/>\n<meta property=\"og:title\" content=\"Tant de bo \/ Ojal\u00e1 \/ Inxal\u00b7lah - Festival Panor\u00e0mic\" \/>\n<meta property=\"og:description\" content=\"ExhibitionsTant de bo \/ Ojal\u00e1 \/ Inxal\u00b7lahCem A. \u00b7 Andrea Badia \u00b7 Tewa Barnosa \u00b7 Ghyzl\u00e8ne Bouka\u00efla \u00b7 \u0130rem G\u00fcnayd\u0131n \u00b7 Elia Kalogianni \u00b7 Doura\u00efd Souissi \u00b7 Merve \u00dcnsal \u00b7 [&hellip;]\" \/>\n<meta property=\"og:url\" content=\"https:\/\/festivalpanoramic.cat\/en\/project\/ojala-tantdebo-inxallah\/\" \/>\n<meta property=\"og:site_name\" content=\"Festival Panor\u00e0mic\" \/>\n<meta property=\"article:modified_time\" content=\"2026-02-18T09:13:45+00:00\" \/>\n<meta property=\"og:image\" content=\"https:\/\/festivalpanoramic.cat\/wp-content\/uploads\/2025\/08\/ojala_panoramic_exp.png\" \/>\n\t<meta property=\"og:image:width\" content=\"1080\" \/>\n\t<meta property=\"og:image:height\" content=\"719\" \/>\n\t<meta property=\"og:image:type\" content=\"image\/png\" \/>\n<meta name=\"twitter:card\" content=\"summary_large_image\" \/>\n<meta name=\"twitter:label1\" content=\"Est. reading time\" \/>\n\t<meta name=\"twitter:data1\" content=\"14 minutes\" \/>\n<script type=\"application\/ld+json\" class=\"yoast-schema-graph\">{\"@context\":\"https:\/\/schema.org\",\"@graph\":[{\"@type\":\"WebPage\",\"@id\":\"https:\/\/festivalpanoramic.cat\/en\/project\/ojala-tantdebo-inxallah\/\",\"url\":\"https:\/\/festivalpanoramic.cat\/en\/project\/ojala-tantdebo-inxallah\/\",\"name\":\"Tant de bo \/ Ojal\u00e1 \/ Inxal\u00b7lah - Festival Panor\u00e0mic\",\"isPartOf\":{\"@id\":\"https:\/\/festivalpanoramic.cat\/en\/#website\"},\"primaryImageOfPage\":{\"@id\":\"https:\/\/festivalpanoramic.cat\/en\/project\/ojala-tantdebo-inxallah\/#primaryimage\"},\"image\":{\"@id\":\"https:\/\/festivalpanoramic.cat\/en\/project\/ojala-tantdebo-inxallah\/#primaryimage\"},\"thumbnailUrl\":\"https:\/\/festivalpanoramic.cat\/wp-content\/uploads\/2025\/08\/ojala_panoramic_exp.png\",\"datePublished\":\"2025-09-10T15:14:08+00:00\",\"dateModified\":\"2026-02-18T09:13:45+00:00\",\"breadcrumb\":{\"@id\":\"https:\/\/festivalpanoramic.cat\/en\/project\/ojala-tantdebo-inxallah\/#breadcrumb\"},\"inLanguage\":\"en-US\",\"potentialAction\":[{\"@type\":\"ReadAction\",\"target\":[\"https:\/\/festivalpanoramic.cat\/en\/project\/ojala-tantdebo-inxallah\/\"]}]},{\"@type\":\"ImageObject\",\"inLanguage\":\"en-US\",\"@id\":\"https:\/\/festivalpanoramic.cat\/en\/project\/ojala-tantdebo-inxallah\/#primaryimage\",\"url\":\"https:\/\/festivalpanoramic.cat\/wp-content\/uploads\/2025\/08\/ojala_panoramic_exp.png\",\"contentUrl\":\"https:\/\/festivalpanoramic.cat\/wp-content\/uploads\/2025\/08\/ojala_panoramic_exp.png\",\"width\":1080,\"height\":719},{\"@type\":\"BreadcrumbList\",\"@id\":\"https:\/\/festivalpanoramic.cat\/en\/project\/ojala-tantdebo-inxallah\/#breadcrumb\",\"itemListElement\":[{\"@type\":\"ListItem\",\"position\":1,\"name\":\"Inici\",\"item\":\"https:\/\/festivalpanoramic.cat\/en\/\"},{\"@type\":\"ListItem\",\"position\":2,\"name\":\"Projects\",\"item\":\"https:\/\/festivalpanoramic.cat\/en\/project\/\"},{\"@type\":\"ListItem\",\"position\":3,\"name\":\"Tant de bo \/ Ojal\u00e1 \/ Inxal\u00b7lah\"}]},{\"@type\":\"WebSite\",\"@id\":\"https:\/\/festivalpanoramic.cat\/en\/#website\",\"url\":\"https:\/\/festivalpanoramic.cat\/en\/\",\"name\":\"Festival Panor\u00e0mic\",\"description\":\"PANOR\u00c0MIC. ARTS I CULTURES VISUALS\",\"potentialAction\":[{\"@type\":\"SearchAction\",\"target\":{\"@type\":\"EntryPoint\",\"urlTemplate\":\"https:\/\/festivalpanoramic.cat\/en\/?s={search_term_string}\"},\"query-input\":{\"@type\":\"PropertyValueSpecification\",\"valueRequired\":true,\"valueName\":\"search_term_string\"}}],\"inLanguage\":\"en-US\"}]}<\/script>\n<!-- \/ Yoast SEO plugin. -->","yoast_head_json":{"title":"Tant de bo \/ Ojal\u00e1 \/ Inxal\u00b7lah - Festival Panor\u00e0mic","robots":{"index":"index","follow":"follow","max-snippet":"max-snippet:-1","max-image-preview":"max-image-preview:large","max-video-preview":"max-video-preview:-1"},"canonical":"https:\/\/festivalpanoramic.cat\/en\/project\/ojala-tantdebo-inxallah\/","og_locale":"en_US","og_type":"article","og_title":"Tant de bo \/ Ojal\u00e1 \/ Inxal\u00b7lah - Festival Panor\u00e0mic","og_description":"ExhibitionsTant de bo \/ Ojal\u00e1 \/ Inxal\u00b7lahCem A. \u00b7 Andrea Badia \u00b7 Tewa Barnosa \u00b7 Ghyzl\u00e8ne Bouka\u00efla \u00b7 \u0130rem G\u00fcnayd\u0131n \u00b7 Elia Kalogianni \u00b7 Doura\u00efd Souissi \u00b7 Merve \u00dcnsal \u00b7 [&hellip;]","og_url":"https:\/\/festivalpanoramic.cat\/en\/project\/ojala-tantdebo-inxallah\/","og_site_name":"Festival Panor\u00e0mic","article_modified_time":"2026-02-18T09:13:45+00:00","og_image":[{"width":1080,"height":719,"url":"https:\/\/festivalpanoramic.cat\/wp-content\/uploads\/2025\/08\/ojala_panoramic_exp.png","type":"image\/png"}],"twitter_card":"summary_large_image","twitter_misc":{"Est. reading time":"14 minutes"},"schema":{"@context":"https:\/\/schema.org","@graph":[{"@type":"WebPage","@id":"https:\/\/festivalpanoramic.cat\/en\/project\/ojala-tantdebo-inxallah\/","url":"https:\/\/festivalpanoramic.cat\/en\/project\/ojala-tantdebo-inxallah\/","name":"Tant de bo \/ Ojal\u00e1 \/ Inxal\u00b7lah - Festival Panor\u00e0mic","isPartOf":{"@id":"https:\/\/festivalpanoramic.cat\/en\/#website"},"primaryImageOfPage":{"@id":"https:\/\/festivalpanoramic.cat\/en\/project\/ojala-tantdebo-inxallah\/#primaryimage"},"image":{"@id":"https:\/\/festivalpanoramic.cat\/en\/project\/ojala-tantdebo-inxallah\/#primaryimage"},"thumbnailUrl":"https:\/\/festivalpanoramic.cat\/wp-content\/uploads\/2025\/08\/ojala_panoramic_exp.png","datePublished":"2025-09-10T15:14:08+00:00","dateModified":"2026-02-18T09:13:45+00:00","breadcrumb":{"@id":"https:\/\/festivalpanoramic.cat\/en\/project\/ojala-tantdebo-inxallah\/#breadcrumb"},"inLanguage":"en-US","potentialAction":[{"@type":"ReadAction","target":["https:\/\/festivalpanoramic.cat\/en\/project\/ojala-tantdebo-inxallah\/"]}]},{"@type":"ImageObject","inLanguage":"en-US","@id":"https:\/\/festivalpanoramic.cat\/en\/project\/ojala-tantdebo-inxallah\/#primaryimage","url":"https:\/\/festivalpanoramic.cat\/wp-content\/uploads\/2025\/08\/ojala_panoramic_exp.png","contentUrl":"https:\/\/festivalpanoramic.cat\/wp-content\/uploads\/2025\/08\/ojala_panoramic_exp.png","width":1080,"height":719},{"@type":"BreadcrumbList","@id":"https:\/\/festivalpanoramic.cat\/en\/project\/ojala-tantdebo-inxallah\/#breadcrumb","itemListElement":[{"@type":"ListItem","position":1,"name":"Inici","item":"https:\/\/festivalpanoramic.cat\/en\/"},{"@type":"ListItem","position":2,"name":"Projects","item":"https:\/\/festivalpanoramic.cat\/en\/project\/"},{"@type":"ListItem","position":3,"name":"Tant de bo \/ Ojal\u00e1 \/ Inxal\u00b7lah"}]},{"@type":"WebSite","@id":"https:\/\/festivalpanoramic.cat\/en\/#website","url":"https:\/\/festivalpanoramic.cat\/en\/","name":"Festival Panor\u00e0mic","description":"PANOR\u00c0MIC. ARTS I CULTURES VISUALS","potentialAction":[{"@type":"SearchAction","target":{"@type":"EntryPoint","urlTemplate":"https:\/\/festivalpanoramic.cat\/en\/?s={search_term_string}"},"query-input":{"@type":"PropertyValueSpecification","valueRequired":true,"valueName":"search_term_string"}}],"inLanguage":"en-US"}]}},"_links":{"self":[{"href":"https:\/\/festivalpanoramic.cat\/en\/wp-json\/wp\/v2\/project\/38702","targetHints":{"allow":["GET"]}}],"collection":[{"href":"https:\/\/festivalpanoramic.cat\/en\/wp-json\/wp\/v2\/project"}],"about":[{"href":"https:\/\/festivalpanoramic.cat\/en\/wp-json\/wp\/v2\/types\/project"}],"author":[{"embeddable":true,"href":"https:\/\/festivalpanoramic.cat\/en\/wp-json\/wp\/v2\/users\/1"}],"replies":[{"embeddable":true,"href":"https:\/\/festivalpanoramic.cat\/en\/wp-json\/wp\/v2\/comments?post=38702"}],"version-history":[{"count":19,"href":"https:\/\/festivalpanoramic.cat\/en\/wp-json\/wp\/v2\/project\/38702\/revisions"}],"predecessor-version":[{"id":41941,"href":"https:\/\/festivalpanoramic.cat\/en\/wp-json\/wp\/v2\/project\/38702\/revisions\/41941"}],"wp:featuredmedia":[{"embeddable":true,"href":"https:\/\/festivalpanoramic.cat\/en\/wp-json\/wp\/v2\/media\/38633"}],"wp:attachment":[{"href":"https:\/\/festivalpanoramic.cat\/en\/wp-json\/wp\/v2\/media?parent=38702"}],"wp:term":[{"taxonomy":"project_category","embeddable":true,"href":"https:\/\/festivalpanoramic.cat\/en\/wp-json\/wp\/v2\/project_category?post=38702"},{"taxonomy":"project_tag","embeddable":true,"href":"https:\/\/festivalpanoramic.cat\/en\/wp-json\/wp\/v2\/project_tag?post=38702"}],"curies":[{"name":"wp","href":"https:\/\/api.w.org\/{rel}","templated":true}]}}