{"id":38776,"date":"2025-08-20T16:10:14","date_gmt":"2025-08-20T14:10:14","guid":{"rendered":"https:\/\/festivalpanoramic.cat\/?post_type=project&#038;p=38776"},"modified":"2025-11-12T13:40:13","modified_gmt":"2025-11-12T11:40:13","slug":"ecologies-de-la-pausa","status":"publish","type":"project","link":"https:\/\/festivalpanoramic.cat\/en\/project\/ecologies-de-la-pausa\/","title":{"rendered":"Ecologies de la pausa"},"content":{"rendered":"<p>[et_pb_section fb_built=&#8221;1&#8243; _builder_version=&#8221;4.16&#8243; _module_preset=&#8221;default&#8221; locked=&#8221;off&#8221; collapsed=&#8221;off&#8221; global_colors_info=&#8221;{}&#8221;][et_pb_row column_structure=&#8221;2_5,3_5&#8243; custom_padding_last_edited=&#8221;on|tablet&#8221; _builder_version=&#8221;4.25.0&#8243; _module_preset=&#8221;default&#8221; width=&#8221;95%&#8221; width_tablet=&#8221;90%&#8221; width_phone=&#8221;90%&#8221; width_last_edited=&#8221;on|phone&#8221; max_width=&#8221;2560px&#8221; custom_margin_tablet=&#8221;0px||||false|false&#8221; custom_margin_phone=&#8221;-30px||||false|false&#8221; custom_margin_last_edited=&#8221;on|tablet&#8221; custom_padding_tablet=&#8221;0px||||false|false&#8221; custom_padding_phone=&#8221;0px||0px||true|false&#8221; global_colors_info=&#8221;{}&#8221;][et_pb_column type=&#8221;2_5&#8243; _builder_version=&#8221;4.16&#8243; _module_preset=&#8221;default&#8221; global_colors_info=&#8221;{}&#8221;][et_pb_text admin_label=&#8221;Exposicions&#8221; _builder_version=&#8221;4.27.4&#8243; _module_preset=&#8221;default&#8221; text_font=&#8221;Montserrat extra bold||||||||&#8221; text_text_color=&#8221;#000000&#8243; text_font_size=&#8221;16px&#8221; custom_margin=&#8221;||15px||false|false&#8221; global_colors_info=&#8221;{}&#8221;]<\/p>\n<p>Exhibitions<\/p>\n<p>[\/et_pb_text][et_pb_text admin_label=&#8221;Nom expo&#8221; _builder_version=&#8221;4.27.4&#8243; _module_preset=&#8221;default&#8221; text_font=&#8221;Montserrat extra bold||||||||&#8221; text_text_color=&#8221;#000000&#8243; text_font_size=&#8221;39px&#8221; text_line_height=&#8221;1em&#8221; custom_margin=&#8221;||19px||false|false&#8221; text_font_size_tablet=&#8221;39px&#8221; text_font_size_phone=&#8221;28px&#8221; text_font_size_last_edited=&#8221;on|phone&#8221; text_line_height_tablet=&#8221;&#8221; text_line_height_phone=&#8221;1.2em&#8221; text_line_height_last_edited=&#8221;on|phone&#8221; global_colors_info=&#8221;{}&#8221;]<\/p>\n<p class=\"p1\">Ecologies de la pausa<\/p>\n<p>[\/et_pb_text][et_pb_text admin_label=&#8221;expo de&#8230;&#8221; _builder_version=&#8221;4.27.4&#8243; _module_preset=&#8221;default&#8221; text_font=&#8221;&#8211;et_global_heading_font||||||||&#8221; text_text_color=&#8221;gcid-73263b73-b059-42fc-a61d-05da764fa408&#8243; text_font_size=&#8221;22px&#8221; text_line_height=&#8221;1.1em&#8221; custom_margin=&#8221;-5px||15px||false|false&#8221; text_line_height_tablet=&#8221;0.6em&#8221; text_line_height_phone=&#8221;1.4em&#8221; text_line_height_last_edited=&#8221;on|phone&#8221; locked=&#8221;off&#8221; inline_fonts=&#8221;Montserrat extra bold,akrobat extrabold,Montserrat Light&#8221; global_colors_info=&#8221;{%22gcid-73263b73-b059-42fc-a61d-05da764fa408%22:%91%22text_text_color%22%93}&#8221;]<\/p>\n<p><strong><em>Off season<\/em><\/strong>, Nina Medioni<\/p>\n<p><strong><em>Entre Islas \/ Paisajes de Explotaci\u00f3n<\/em><\/strong>, Juan A. Zapata<\/p>\n<p>[\/et_pb_text][et_pb_text admin_label=&#8221;Lloc&#8221; _builder_version=&#8221;4.27.4&#8243; _module_preset=&#8221;default&#8221; text_font=&#8221;Montserrat extra bold||||||||&#8221; text_text_color=&#8221;#000000&#8243; text_font_size=&#8221;18px&#8221; custom_margin=&#8221;10px||||false|false&#8221; text_font_size_tablet=&#8221;18px&#8221; text_font_size_phone=&#8221;16px&#8221; text_font_size_last_edited=&#8221;on|phone&#8221; locked=&#8221;off&#8221; inline_fonts=&#8221;akrobat light,Montserrat Light&#8221; global_colors_info=&#8221;{}&#8221;]<\/p>\n<p><b>TERRASSA<br \/><\/b><span style=\"font-family: 'Montserrat Light'; font-weight: normal;\"><strong>Amics de les Arts i Joventuts Musicals &#8211; Sala Salvador Alavedra<\/strong><b><br \/><\/b>Sant Pere, 46<br \/><\/span><\/p>\n<p>[\/et_pb_text][et_pb_button button_url=&#8221;\/#home-localitzacions2024&#8243; button_text=&#8221;View Map&#8221; button_alignment=&#8221;left&#8221; admin_label=&#8221;bot\u00f3 pl\u00e0nol&#8221; _builder_version=&#8221;4.27.4&#8243; _module_preset=&#8221;default&#8221; custom_button=&#8221;on&#8221; button_text_color=&#8221;#000000&#8243; button_bg_color=&#8221;#e8e8e8&#8243; button_border_width=&#8221;0px&#8221; button_border_radius=&#8221;0px&#8221; button_font=&#8221;akrobat extrabold||||||||&#8221; button_icon=&#8221;&#x24;||divi||400&#8243; custom_margin=&#8221;-15px||51px||false|false&#8221; custom_margin_tablet=&#8221;-17px||||false|false&#8221; custom_margin_phone=&#8221;-17px|||0px|false|false&#8221; custom_margin_last_edited=&#8221;on|tablet&#8221; button_text_size_tablet=&#8221;&#8221; button_text_size_phone=&#8221;18px&#8221; button_text_size_last_edited=&#8221;on|phone&#8221; global_colors_info=&#8221;{}&#8221;][\/et_pb_button][et_pb_text admin_label=&#8221;Data&#8221; _builder_version=&#8221;4.27.4&#8243; _module_preset=&#8221;default&#8221; text_font=&#8221;Montserrat Light||||||||&#8221; text_text_color=&#8221;#000000&#8243; text_font_size=&#8221;18px&#8221; custom_margin=&#8221;-34px||62px||false|false&#8221; custom_margin_tablet=&#8221;-24px||||false|false&#8221; custom_margin_phone=&#8221;-24px||44px||false|false&#8221; custom_margin_last_edited=&#8221;on|tablet&#8221; text_font_size_tablet=&#8221;18px&#8221; text_font_size_phone=&#8221;16px&#8221; text_font_size_last_edited=&#8221;on|phone&#8221; global_colors_info=&#8221;{}&#8221;]<\/p>\n<p>From Novembre 6 to December 7, 2025<\/p>\n<p>[\/et_pb_text][et_pb_toggle title=&#8221;Hours&#8221; open_toggle_text_color=&#8221;#000000&#8243; open_toggle_background_color=&#8221;RGBA(255,255,255,0)&#8221; closed_toggle_background_color=&#8221;RGBA(255,255,255,0)&#8221; icon_color=&#8221;#8b794f&#8221; toggle_icon=&#8221;&#x4c;||divi||400&#8243; use_icon_font_size=&#8221;on&#8221; icon_font_size=&#8221;22px&#8221; open_icon_color=&#8221;#8b794f&#8221; open_use_icon_font_size=&#8221;on&#8221; admin_label=&#8221;Horaris&#8221; _builder_version=&#8221;4.27.4&#8243; _module_preset=&#8221;default&#8221; title_text_color=&#8221;#000000&#8243; title_font=&#8221;Montserrat extra bold||||||||&#8221; title_font_size=&#8221;20px&#8221; closed_title_font=&#8221;Montserrat extra bold||||||||&#8221; closed_title_font_size=&#8221;20px&#8221; body_font=&#8221;akrobat light||||||||&#8221; body_text_color=&#8221;#000000&#8243; body_font_size=&#8221;20px&#8221; custom_margin=&#8221;-40px||||false|false&#8221; custom_margin_tablet=&#8221;-14px||||false|false&#8221; custom_margin_phone=&#8221;-20px||||false|false&#8221; custom_margin_last_edited=&#8221;on|desktop&#8221; body_font_size_tablet=&#8221;20px&#8221; body_font_size_phone=&#8221;18px&#8221; body_font_size_last_edited=&#8221;on|phone&#8221; border_width_all=&#8221;0px&#8221; border_width_top=&#8221;1px&#8221; border_color_top=&#8221;#8b794f&#8221; border_width_bottom=&#8221;1px&#8221; border_color_bottom=&#8221;#8c864d&#8221; locked=&#8221;off&#8221; global_colors_info=&#8221;{}&#8221;]<\/p>\n<p>Tuesday to Sunday from 6:00 pm. to 8:00 pm.<\/p>\n<p>[\/et_pb_toggle][\/et_pb_column][et_pb_column type=&#8221;3_5&#8243; _builder_version=&#8221;4.16&#8243; _module_preset=&#8221;default&#8221; global_colors_info=&#8221;{}&#8221;][et_pb_slider admin_label=&#8221;Slider&#8221; module_class=&#8221;divicon_full_screen_slider &#8221; _builder_version=&#8221;4.27.4&#8243; _module_preset=&#8221;default&#8221; custom_margin=&#8221;-80px||20px||false|false&#8221; custom_margin_tablet=&#8221;-80px||||false|false&#8221; custom_margin_phone=&#8221;-102px||||false|false&#8221; custom_margin_last_edited=&#8221;on|phone&#8221; auto=&#8221;on&#8221; auto_speed=&#8221;4000&#8243; auto_ignore_hover=&#8221;on&#8221; hover_transition_duration_tablet=&#8221;&#8221; hover_transition_duration_phone=&#8221;0ms&#8221; hover_transition_duration_last_edited=&#8221;on|phone&#8221; hover_transition_speed_curve_tablet=&#8221;&#8221; hover_transition_speed_curve_phone=&#8221;linear&#8221; hover_transition_speed_curve_last_edited=&#8221;on|phone&#8221; locked=&#8221;off&#8221; global_colors_info=&#8221;{}&#8221;][et_pb_slide image=&#8221;https:\/\/festivalpanoramic.cat\/wp-content\/uploads\/2025\/08\/44_panoramic_Terrassa_DSC03473_Marc-Font-scaled.jpg&#8221; _builder_version=&#8221;4.27.4&#8243; _module_preset=&#8221;default&#8221; background_color=&#8221;RGBA(255,255,255,0)&#8221; background_enable_color=&#8221;on&#8221; locked=&#8221;off&#8221; global_colors_info=&#8221;{}&#8221; sticky_transition=&#8221;on&#8221;][\/et_pb_slide][et_pb_slide image=&#8221;https:\/\/festivalpanoramic.cat\/wp-content\/uploads\/2025\/08\/45_panoramic_Terrassa_DSC04094_Marc-Font-scaled.jpg&#8221; _builder_version=&#8221;4.27.4&#8243; _module_preset=&#8221;default&#8221; background_color=&#8221;RGBA(255,255,255,0)&#8221; background_enable_color=&#8221;on&#8221; locked=&#8221;off&#8221; global_colors_info=&#8221;{}&#8221; sticky_transition=&#8221;on&#8221;][\/et_pb_slide][et_pb_slide image=&#8221;https:\/\/festivalpanoramic.cat\/wp-content\/uploads\/2025\/08\/41_panoramic_Terrassa_DSC04058_Marc-Font-scaled.jpg&#8221; _builder_version=&#8221;4.27.4&#8243; _module_preset=&#8221;default&#8221; background_color=&#8221;RGBA(255,255,255,0)&#8221; background_enable_color=&#8221;on&#8221; locked=&#8221;off&#8221; global_colors_info=&#8221;{}&#8221; sticky_transition=&#8221;on&#8221;][\/et_pb_slide][et_pb_slide image=&#8221;https:\/\/festivalpanoramic.cat\/wp-content\/uploads\/2025\/08\/33_panoramic_Terrassa_DSC03998_Marc-Font-scaled.jpg&#8221; _builder_version=&#8221;4.27.4&#8243; _module_preset=&#8221;default&#8221; background_color=&#8221;RGBA(255,255,255,0)&#8221; background_enable_color=&#8221;on&#8221; locked=&#8221;off&#8221; global_colors_info=&#8221;{}&#8221; sticky_transition=&#8221;on&#8221;][\/et_pb_slide][et_pb_slide image=&#8221;https:\/\/festivalpanoramic.cat\/wp-content\/uploads\/2025\/08\/31_panoramic_Terrassa_DSC03970_Marc-Font-scaled.jpg&#8221; _builder_version=&#8221;4.27.4&#8243; _module_preset=&#8221;default&#8221; background_color=&#8221;RGBA(255,255,255,0)&#8221; background_enable_color=&#8221;on&#8221; locked=&#8221;off&#8221; global_colors_info=&#8221;{}&#8221; sticky_transition=&#8221;on&#8221;][\/et_pb_slide][et_pb_slide image=&#8221;https:\/\/festivalpanoramic.cat\/wp-content\/uploads\/2025\/08\/31_panoramic_Terrassa_DSC03396_Marc-Font-scaled.jpg&#8221; _builder_version=&#8221;4.27.4&#8243; _module_preset=&#8221;default&#8221; background_color=&#8221;RGBA(255,255,255,0)&#8221; background_enable_color=&#8221;on&#8221; locked=&#8221;off&#8221; global_colors_info=&#8221;{}&#8221; sticky_transition=&#8221;on&#8221;][\/et_pb_slide][et_pb_slide image=&#8221;https:\/\/festivalpanoramic.cat\/wp-content\/uploads\/2025\/08\/27_panoramic_Terrassa_DSC03375_Marc-Font-scaled.jpg&#8221; _builder_version=&#8221;4.27.4&#8243; _module_preset=&#8221;default&#8221; background_color=&#8221;RGBA(255,255,255,0)&#8221; background_enable_color=&#8221;on&#8221; locked=&#8221;off&#8221; global_colors_info=&#8221;{}&#8221; sticky_transition=&#8221;on&#8221;][\/et_pb_slide][\/et_pb_slider][\/et_pb_column][\/et_pb_row][et_pb_row _builder_version=&#8221;4.27.4&#8243; _module_preset=&#8221;default&#8221; global_colors_info=&#8221;{}&#8221;][et_pb_column type=&#8221;4_4&#8243; _builder_version=&#8221;4.27.4&#8243; _module_preset=&#8221;default&#8221; global_colors_info=&#8221;{}&#8221;][et_pb_text _builder_version=&#8221;4.27.4&#8243; _module_preset=&#8221;default&#8221; text_font=&#8221;akrobat light||||||||&#8221; text_text_color=&#8221;#000000&#8243; text_font_size=&#8221;20px&#8221; inline_fonts=&#8221;akrobat extrabold&#8221; global_colors_info=&#8221;{}&#8221;]<\/p>\n<p>&#8220;Ecologies of Pause&#8221; is a collaborative program between art centers in the Euroregional area, promoting residencies for artistic research and creation focused on the image and its new narratives. The Fundaci\u00f3n Casa Planas, Centre d\u2019Art et de Photographie de Lectoure, 3C Calce Culture Contemporaine, and the Panor\u00e0mic festival work to strengthen the collective imagination and European cultural identity, with the support of the Euroregi\u00f3 Pirineus Mediterr\u00e0nia and local authorities. On this occasion, the projects of two artists are presented, reflecting on pause in the global context, its relationship with tourism, and its impact on territories and communities, exploring the tourism economy from everyday gestures to its global manifestations.<\/p>\n<p><span style=\"font-weight: 400;\">The photographic series <\/span><i><span style=\"font-weight: 400;\">Off Season<\/span><\/i><span style=\"font-weight: 400;\"> focuses on the seemingly ordinary and empty world of holiday resorts in the low season. These environments, apparently unchanging, are sustained by the everyday gestures of those who come to clean and maintain them.Images of the workers are interspersed with portraits of a few tourists, spotted occasionally before the start of summer, moving through exteriors still deserted and strange. <\/span><span style=\"font-weight: 400;\">With this project, Nina Medioni opens herself to documentary, to prolonged time, to wandering, taking personal detours. Here, photography becomes a way of encountering others, as well as of finding one\u2019s own place within occupied spaces \u2014 sometimes linked to personal history, and sometimes entirely unknown.<\/span><\/p>\n<p><span style=\"font-weight: 400;\"><em>Entre Islas \/ Paisajes de Explotaci\u00f3n<\/em> is an artistic investigation tracing connections between the Caribbean and the Balearic Islands. The extractivist logic of tourism transformed both archipelagos, where hotel architecture, photography and thousands of postcards constructed a fictional narrative and landscape \u2014 a stage for desire, where the livable gives way to the profitable. Through the archive, voices and repetition, the project reveals how the \u201cstaging of illusion\u201d in tourism is not only an aesthetic matter, but a political, economic and cultural operation that still shapes how we inhabit and represent these places.<\/span><\/p>\n<p>[\/et_pb_text][\/et_pb_column][\/et_pb_row][\/et_pb_section][et_pb_section fb_built=&#8221;1&#8243; custom_padding_last_edited=&#8221;on|phone&#8221; _builder_version=&#8221;4.25.0&#8243; _module_preset=&#8221;default&#8221; background_color=&#8221;#e8e8e8&#8243; custom_padding_tablet=&#8221;&#8221; custom_padding_phone=&#8221;||0px||false|false&#8221; locked=&#8221;off&#8221; collapsed=&#8221;off&#8221; global_colors_info=&#8221;{}&#8221;][et_pb_row column_structure=&#8221;2_3,1_3&#8243; custom_padding_last_edited=&#8221;on|phone&#8221; _builder_version=&#8221;4.27.0&#8243; _module_preset=&#8221;default&#8221; width=&#8221;95%&#8221; width_tablet=&#8221;90%&#8221; width_phone=&#8221;90%&#8221; width_last_edited=&#8221;on|phone&#8221; max_width=&#8221;2560px&#8221; custom_margin_tablet=&#8221;&#8221; custom_margin_phone=&#8221;&#8221; custom_margin_last_edited=&#8221;on|phone&#8221; custom_padding=&#8221;0px||||false|false&#8221; custom_padding_tablet=&#8221;0px||||false|false&#8221; custom_padding_phone=&#8221;0px||0px||false|false&#8221; border_width_bottom=&#8221;2px&#8221; global_colors_info=&#8221;{}&#8221;][et_pb_column type=&#8221;2_3&#8243; _builder_version=&#8221;4.16&#8243; _module_preset=&#8221;default&#8221; global_colors_info=&#8221;{}&#8221;][et_pb_text _builder_version=&#8221;4.27.4&#8243; _module_preset=&#8221;default&#8221; text_font=&#8221;akrobat light||||||||&#8221; text_text_color=&#8221;#000000&#8243; text_font_size=&#8221;20px&#8221; custom_padding=&#8221;1px|||||&#8221; inline_fonts=&#8221;Montserrat extra bold&#8221; global_colors_info=&#8221;{}&#8221;]<\/p>\n<p><span style=\"font-family: 'Montserrat extra bold'; font-weight: normal; font-size: x-large;\"><span style=\"font-weight: 400;\">Nina Medioni<\/span><\/span><\/p>\n<p><span style=\"font-weight: 400;\">Nina Medioni was born in Paris in 1991 and lives and works in Marseille. After graduating from the \u00c9cole Nationale de la Photographie in Arles in 2019, she devoted herself to producing several long-term documentary projects. Her work has been exhibited at, among others, the Rencontres d\u2019Arles, the Centre Photographique Marseille, Le Bal and the Photo Saint-Germain Festival in Paris. She published her first book, <\/span><i><span style=\"font-weight: 400;\">Un \u00e9t\u00e9 au Pr\u00e9paou<\/span><\/i><span style=\"font-weight: 400;\">, with September Books in September 2024. Following her first film, <\/span><i><span style=\"font-weight: 400;\">Le Chalet<\/span><\/i><span style=\"font-weight: 400;\"> (2023), recently acquired by the CNAP, she continues with a new project, <\/span><i><span style=\"font-weight: 400;\">Le Hameau<\/span><\/i><span style=\"font-weight: 400;\">. This ongoing body of photographic and video work, centered on a former labor camp, received the <\/span><i><span style=\"font-weight: 400;\">Coup de Coeur<\/span><\/i><span style=\"font-weight: 400;\"> mention of the Le Bal \/ ADAGP Award 2025.<\/span><\/p>\n<p>[\/et_pb_text][et_pb_social_media_follow icon_color=&#8221;#FFFFFF&#8221; _builder_version=&#8221;4.27.4&#8243; _module_preset=&#8221;default&#8221; background_color=&#8221;RGBA(255,255,255,0)&#8221; global_colors_info=&#8221;{}&#8221;][et_pb_social_media_follow_network social_network=&#8221;rss&#8221; url=&#8221;https:\/\/nina-medioni.com\/&#8221; _builder_version=&#8221;4.27.4&#8243; _module_preset=&#8221;default&#8221; background_color=&#8221;#ff8a3c&#8221; global_colors_info=&#8221;{}&#8221; follow_button=&#8221;off&#8221; url_new_window=&#8221;on&#8221;]rss[\/et_pb_social_media_follow_network][et_pb_social_media_follow_network social_network=&#8221;instagram&#8221; url=&#8221;https:\/\/www.instagram.com\/ninamedioni\/&#8221; _builder_version=&#8221;4.27.4&#8243; _module_preset=&#8221;default&#8221; background_color=&#8221;#ea2c59&#8243; global_colors_info=&#8221;{}&#8221; follow_button=&#8221;off&#8221; url_new_window=&#8221;on&#8221;]instagram[\/et_pb_social_media_follow_network][\/et_pb_social_media_follow][\/et_pb_column][et_pb_column type=&#8221;1_3&#8243; _builder_version=&#8221;4.16&#8243; _module_preset=&#8221;default&#8221; global_colors_info=&#8221;{}&#8221;][et_pb_image src=&#8221;https:\/\/festivalpanoramic.cat\/wp-content\/uploads\/2025\/08\/Nina_Medioni_panoramic.png&#8221; title_text=&#8221;Nina_Medioni_panoramic&#8221; _builder_version=&#8221;4.27.4&#8243; _module_preset=&#8221;default&#8221; global_colors_info=&#8221;{}&#8221;][\/et_pb_image][\/et_pb_column][\/et_pb_row][et_pb_row column_structure=&#8221;2_3,1_3&#8243; custom_padding_last_edited=&#8221;on|phone&#8221; _builder_version=&#8221;4.25.0&#8243; _module_preset=&#8221;default&#8221; width=&#8221;95%&#8221; width_tablet=&#8221;90%&#8221; width_phone=&#8221;90%&#8221; width_last_edited=&#8221;on|phone&#8221; max_width=&#8221;2560px&#8221; custom_padding_tablet=&#8221;&#8221; custom_padding_phone=&#8221;||0px||false|false&#8221; border_width_bottom=&#8221;2px&#8221; locked=&#8221;off&#8221; global_colors_info=&#8221;{}&#8221;][et_pb_column type=&#8221;2_3&#8243; _builder_version=&#8221;4.16&#8243; _module_preset=&#8221;default&#8221; global_colors_info=&#8221;{}&#8221;][et_pb_text _builder_version=&#8221;4.27.4&#8243; _module_preset=&#8221;default&#8221; text_font=&#8221;akrobat light||||||||&#8221; text_text_color=&#8221;#000000&#8243; text_font_size=&#8221;20px&#8221; custom_padding=&#8221;1px|||||&#8221; inline_fonts=&#8221;Montserrat extra bold&#8221; global_colors_info=&#8221;{}&#8221;]<\/p>\n<p><span style=\"font-family: 'Montserrat extra bold'; font-weight: normal; font-size: x-large;\">Juan A. Zapata<\/span><\/p>\n<p class=\"p1\"><span style=\"font-weight: 400;\">Juan A. Zapata (Dominican Republic, 1974) is an architect, documentary filmmaker and photographer. His work explores the relationship between landscape, urban and natural transformation, and the sociopolitical and cultural dynamics that traverse them. His documentary <\/span><i><span style=\"font-weight: 400;\">Mal de Ca\u00f1a<\/span><\/i><span style=\"font-weight: 400;\"> (2021), on exploitation and migration in sugarcane and hotel communities in the Dominican Republic, received the Prix de M\u00e9dia at the Festival Nouveaux Regards (Guadeloupe). In <\/span><i><span style=\"font-weight: 400;\">El Oro de Baitoa<\/span><\/i><span style=\"font-weight: 400;\"> (2024), he addresses rural memory and folklore, presented at Casa de Am\u00e9rica (Madrid) and the Museo Bellapart (Santo Domingo). Co-founder of the collective SUPERSUDACA, he received the award for best participation at the Rotterdam Architecture Biennale (2003). He has exhibited internationally and has been recognized with fellowships such as the Graham Foundation.<\/span><\/p>\n<p>[\/et_pb_text][et_pb_social_media_follow icon_color=&#8221;#FFFFFF&#8221; _builder_version=&#8221;4.27.4&#8243; _module_preset=&#8221;default&#8221; background_color=&#8221;RGBA(255,255,255,0)&#8221; global_colors_info=&#8221;{}&#8221;][et_pb_social_media_follow_network social_network=&#8221;instagram&#8221; url=&#8221;https:\/\/www.instagram.com\/_caribeus\/&#8221; _builder_version=&#8221;4.27.4&#8243; _module_preset=&#8221;default&#8221; background_color=&#8221;#ea2c59&#8243; global_colors_info=&#8221;{}&#8221; follow_button=&#8221;off&#8221; url_new_window=&#8221;on&#8221;]instagram[\/et_pb_social_media_follow_network][\/et_pb_social_media_follow][\/et_pb_column][et_pb_column type=&#8221;1_3&#8243; _builder_version=&#8221;4.16&#8243; _module_preset=&#8221;default&#8221; global_colors_info=&#8221;{}&#8221;][et_pb_image src=&#8221;https:\/\/festivalpanoramic.cat\/wp-content\/uploads\/2025\/08\/juan_a_zapata_panoramic.png&#8221; title_text=&#8221;juan_a_zapata_panoramic&#8221; _builder_version=&#8221;4.27.4&#8243; _module_preset=&#8221;default&#8221; global_colors_info=&#8221;{}&#8221;][\/et_pb_image][\/et_pb_column][\/et_pb_row][\/et_pb_section]<\/p>\n","protected":false},"excerpt":{"rendered":"<p>ExhibitionsEcologies de la pausaOff season, Nina Medioni Entre Islas \/ Paisajes de Explotaci\u00f3n, Juan A. ZapataTERRASSAAmics de les Arts i Joventuts Musicals &#8211; Sala Salvador AlavedraSant Pere, 46From Novembre 6 [&hellip;]<\/p>\n","protected":false},"author":1,"featured_media":39675,"comment_status":"open","ping_status":"closed","template":"","meta":{"_et_pb_use_builder":"on","_et_pb_old_content":"","_et_gb_content_width":"","footnotes":""},"project_category":[156,168,143],"project_tag":[],"class_list":["post-38776","project","type-project","status-publish","has-post-thumbnail","hentry","project_category-exhibitions-2025-en","project_category-exhibitions-terrassa-2025","project_category-panoramic-2025-en"],"yoast_head":"<!-- This site is optimized with the Yoast SEO plugin v27.2 - https:\/\/yoast.com\/product\/yoast-seo-wordpress\/ -->\n<title>Ecologies de la pausa - Festival Panor\u00e0mic<\/title>\n<meta name=\"robots\" content=\"index, follow, max-snippet:-1, max-image-preview:large, max-video-preview:-1\" \/>\n<link rel=\"canonical\" href=\"https:\/\/festivalpanoramic.cat\/en\/project\/ecologies-de-la-pausa\/\" \/>\n<meta property=\"og:locale\" content=\"en_US\" \/>\n<meta property=\"og:type\" content=\"article\" \/>\n<meta property=\"og:title\" content=\"Ecologies de la pausa - Festival Panor\u00e0mic\" \/>\n<meta property=\"og:description\" content=\"ExhibitionsEcologies de la pausaOff season, Nina Medioni Entre Islas \/ Paisajes de Explotaci\u00f3n, Juan A. ZapataTERRASSAAmics de les Arts i Joventuts Musicals - Sala Salvador AlavedraSant Pere, 46From Novembre 6 [&hellip;]\" \/>\n<meta property=\"og:url\" content=\"https:\/\/festivalpanoramic.cat\/en\/project\/ecologies-de-la-pausa\/\" \/>\n<meta property=\"og:site_name\" content=\"Festival Panor\u00e0mic\" \/>\n<meta property=\"article:modified_time\" content=\"2025-11-12T11:40:13+00:00\" \/>\n<meta property=\"og:image\" content=\"https:\/\/festivalpanoramic.cat\/wp-content\/uploads\/2025\/08\/ecologies_de_la_pausa_panoramic_exp.jpg\" \/>\n\t<meta property=\"og:image:width\" content=\"1500\" \/>\n\t<meta property=\"og:image:height\" content=\"999\" \/>\n\t<meta property=\"og:image:type\" content=\"image\/jpeg\" \/>\n<meta name=\"twitter:card\" content=\"summary_large_image\" \/>\n<meta name=\"twitter:label1\" content=\"Est. reading time\" \/>\n\t<meta name=\"twitter:data1\" content=\"6 minutes\" \/>\n<script type=\"application\/ld+json\" class=\"yoast-schema-graph\">{\"@context\":\"https:\/\/schema.org\",\"@graph\":[{\"@type\":\"WebPage\",\"@id\":\"https:\/\/festivalpanoramic.cat\/en\/project\/ecologies-de-la-pausa\/\",\"url\":\"https:\/\/festivalpanoramic.cat\/en\/project\/ecologies-de-la-pausa\/\",\"name\":\"Ecologies de la pausa - Festival Panor\u00e0mic\",\"isPartOf\":{\"@id\":\"https:\/\/festivalpanoramic.cat\/en\/#website\"},\"primaryImageOfPage\":{\"@id\":\"https:\/\/festivalpanoramic.cat\/en\/project\/ecologies-de-la-pausa\/#primaryimage\"},\"image\":{\"@id\":\"https:\/\/festivalpanoramic.cat\/en\/project\/ecologies-de-la-pausa\/#primaryimage\"},\"thumbnailUrl\":\"https:\/\/festivalpanoramic.cat\/wp-content\/uploads\/2025\/08\/ecologies_de_la_pausa_panoramic_exp.jpg\",\"datePublished\":\"2025-08-20T14:10:14+00:00\",\"dateModified\":\"2025-11-12T11:40:13+00:00\",\"breadcrumb\":{\"@id\":\"https:\/\/festivalpanoramic.cat\/en\/project\/ecologies-de-la-pausa\/#breadcrumb\"},\"inLanguage\":\"en-US\",\"potentialAction\":[{\"@type\":\"ReadAction\",\"target\":[\"https:\/\/festivalpanoramic.cat\/en\/project\/ecologies-de-la-pausa\/\"]}]},{\"@type\":\"ImageObject\",\"inLanguage\":\"en-US\",\"@id\":\"https:\/\/festivalpanoramic.cat\/en\/project\/ecologies-de-la-pausa\/#primaryimage\",\"url\":\"https:\/\/festivalpanoramic.cat\/wp-content\/uploads\/2025\/08\/ecologies_de_la_pausa_panoramic_exp.jpg\",\"contentUrl\":\"https:\/\/festivalpanoramic.cat\/wp-content\/uploads\/2025\/08\/ecologies_de_la_pausa_panoramic_exp.jpg\",\"width\":1500,\"height\":999,\"caption\":\"Screenshot\"},{\"@type\":\"BreadcrumbList\",\"@id\":\"https:\/\/festivalpanoramic.cat\/en\/project\/ecologies-de-la-pausa\/#breadcrumb\",\"itemListElement\":[{\"@type\":\"ListItem\",\"position\":1,\"name\":\"Inici\",\"item\":\"https:\/\/festivalpanoramic.cat\/en\/\"},{\"@type\":\"ListItem\",\"position\":2,\"name\":\"Projects\",\"item\":\"https:\/\/festivalpanoramic.cat\/en\/project\/\"},{\"@type\":\"ListItem\",\"position\":3,\"name\":\"Ecologies de la pausa\"}]},{\"@type\":\"WebSite\",\"@id\":\"https:\/\/festivalpanoramic.cat\/en\/#website\",\"url\":\"https:\/\/festivalpanoramic.cat\/en\/\",\"name\":\"Festival Panor\u00e0mic\",\"description\":\"PANOR\u00c0MIC. ARTS I CULTURES VISUALS\",\"potentialAction\":[{\"@type\":\"SearchAction\",\"target\":{\"@type\":\"EntryPoint\",\"urlTemplate\":\"https:\/\/festivalpanoramic.cat\/en\/?s={search_term_string}\"},\"query-input\":{\"@type\":\"PropertyValueSpecification\",\"valueRequired\":true,\"valueName\":\"search_term_string\"}}],\"inLanguage\":\"en-US\"}]}<\/script>\n<!-- \/ Yoast SEO plugin. -->","yoast_head_json":{"title":"Ecologies de la pausa - Festival Panor\u00e0mic","robots":{"index":"index","follow":"follow","max-snippet":"max-snippet:-1","max-image-preview":"max-image-preview:large","max-video-preview":"max-video-preview:-1"},"canonical":"https:\/\/festivalpanoramic.cat\/en\/project\/ecologies-de-la-pausa\/","og_locale":"en_US","og_type":"article","og_title":"Ecologies de la pausa - Festival Panor\u00e0mic","og_description":"ExhibitionsEcologies de la pausaOff season, Nina Medioni Entre Islas \/ Paisajes de Explotaci\u00f3n, Juan A. ZapataTERRASSAAmics de les Arts i Joventuts Musicals - Sala Salvador AlavedraSant Pere, 46From Novembre 6 [&hellip;]","og_url":"https:\/\/festivalpanoramic.cat\/en\/project\/ecologies-de-la-pausa\/","og_site_name":"Festival Panor\u00e0mic","article_modified_time":"2025-11-12T11:40:13+00:00","og_image":[{"width":1500,"height":999,"url":"https:\/\/festivalpanoramic.cat\/wp-content\/uploads\/2025\/08\/ecologies_de_la_pausa_panoramic_exp.jpg","type":"image\/jpeg"}],"twitter_card":"summary_large_image","twitter_misc":{"Est. reading time":"6 minutes"},"schema":{"@context":"https:\/\/schema.org","@graph":[{"@type":"WebPage","@id":"https:\/\/festivalpanoramic.cat\/en\/project\/ecologies-de-la-pausa\/","url":"https:\/\/festivalpanoramic.cat\/en\/project\/ecologies-de-la-pausa\/","name":"Ecologies de la pausa - Festival Panor\u00e0mic","isPartOf":{"@id":"https:\/\/festivalpanoramic.cat\/en\/#website"},"primaryImageOfPage":{"@id":"https:\/\/festivalpanoramic.cat\/en\/project\/ecologies-de-la-pausa\/#primaryimage"},"image":{"@id":"https:\/\/festivalpanoramic.cat\/en\/project\/ecologies-de-la-pausa\/#primaryimage"},"thumbnailUrl":"https:\/\/festivalpanoramic.cat\/wp-content\/uploads\/2025\/08\/ecologies_de_la_pausa_panoramic_exp.jpg","datePublished":"2025-08-20T14:10:14+00:00","dateModified":"2025-11-12T11:40:13+00:00","breadcrumb":{"@id":"https:\/\/festivalpanoramic.cat\/en\/project\/ecologies-de-la-pausa\/#breadcrumb"},"inLanguage":"en-US","potentialAction":[{"@type":"ReadAction","target":["https:\/\/festivalpanoramic.cat\/en\/project\/ecologies-de-la-pausa\/"]}]},{"@type":"ImageObject","inLanguage":"en-US","@id":"https:\/\/festivalpanoramic.cat\/en\/project\/ecologies-de-la-pausa\/#primaryimage","url":"https:\/\/festivalpanoramic.cat\/wp-content\/uploads\/2025\/08\/ecologies_de_la_pausa_panoramic_exp.jpg","contentUrl":"https:\/\/festivalpanoramic.cat\/wp-content\/uploads\/2025\/08\/ecologies_de_la_pausa_panoramic_exp.jpg","width":1500,"height":999,"caption":"Screenshot"},{"@type":"BreadcrumbList","@id":"https:\/\/festivalpanoramic.cat\/en\/project\/ecologies-de-la-pausa\/#breadcrumb","itemListElement":[{"@type":"ListItem","position":1,"name":"Inici","item":"https:\/\/festivalpanoramic.cat\/en\/"},{"@type":"ListItem","position":2,"name":"Projects","item":"https:\/\/festivalpanoramic.cat\/en\/project\/"},{"@type":"ListItem","position":3,"name":"Ecologies de la pausa"}]},{"@type":"WebSite","@id":"https:\/\/festivalpanoramic.cat\/en\/#website","url":"https:\/\/festivalpanoramic.cat\/en\/","name":"Festival Panor\u00e0mic","description":"PANOR\u00c0MIC. ARTS I CULTURES VISUALS","potentialAction":[{"@type":"SearchAction","target":{"@type":"EntryPoint","urlTemplate":"https:\/\/festivalpanoramic.cat\/en\/?s={search_term_string}"},"query-input":{"@type":"PropertyValueSpecification","valueRequired":true,"valueName":"search_term_string"}}],"inLanguage":"en-US"}]}},"_links":{"self":[{"href":"https:\/\/festivalpanoramic.cat\/en\/wp-json\/wp\/v2\/project\/38776","targetHints":{"allow":["GET"]}}],"collection":[{"href":"https:\/\/festivalpanoramic.cat\/en\/wp-json\/wp\/v2\/project"}],"about":[{"href":"https:\/\/festivalpanoramic.cat\/en\/wp-json\/wp\/v2\/types\/project"}],"author":[{"embeddable":true,"href":"https:\/\/festivalpanoramic.cat\/en\/wp-json\/wp\/v2\/users\/1"}],"replies":[{"embeddable":true,"href":"https:\/\/festivalpanoramic.cat\/en\/wp-json\/wp\/v2\/comments?post=38776"}],"version-history":[{"count":15,"href":"https:\/\/festivalpanoramic.cat\/en\/wp-json\/wp\/v2\/project\/38776\/revisions"}],"predecessor-version":[{"id":41736,"href":"https:\/\/festivalpanoramic.cat\/en\/wp-json\/wp\/v2\/project\/38776\/revisions\/41736"}],"wp:featuredmedia":[{"embeddable":true,"href":"https:\/\/festivalpanoramic.cat\/en\/wp-json\/wp\/v2\/media\/39675"}],"wp:attachment":[{"href":"https:\/\/festivalpanoramic.cat\/en\/wp-json\/wp\/v2\/media?parent=38776"}],"wp:term":[{"taxonomy":"project_category","embeddable":true,"href":"https:\/\/festivalpanoramic.cat\/en\/wp-json\/wp\/v2\/project_category?post=38776"},{"taxonomy":"project_tag","embeddable":true,"href":"https:\/\/festivalpanoramic.cat\/en\/wp-json\/wp\/v2\/project_tag?post=38776"}],"curies":[{"name":"wp","href":"https:\/\/api.w.org\/{rel}","templated":true}]}}