{"id":26770,"date":"2022-03-21T12:55:25","date_gmt":"2022-03-21T10:55:25","guid":{"rendered":"https:\/\/new.panoramicgranollers.cat\/el-festival\/"},"modified":"2026-04-27T17:38:00","modified_gmt":"2026-04-27T15:38:00","slug":"el-festival","status":"publish","type":"page","link":"https:\/\/festivalpanoramic.cat\/es\/el-festival\/","title":{"rendered":"El festival"},"content":{"rendered":"<p>[et_pb_section fb_built=\u00bb1&#8243; _builder_version=\u00bb4.16&#8243; _module_preset=\u00bbdefault\u00bb locked=\u00bboff\u00bb global_colors_info=\u00bb{}\u00bb][et_pb_row column_structure=\u00bb1_2,1_2&#8243; module_id=\u00bbpresentacio\u00bb _builder_version=\u00bb4.16&#8243; _module_preset=\u00bbdefault\u00bb width=\u00bb95%\u00bb max_width=\u00bb2560px\u00bb global_colors_info=\u00bb{}\u00bb][et_pb_column type=\u00bb1_2&#8243; _builder_version=\u00bb4.16&#8243; _module_preset=\u00bbdefault\u00bb global_colors_info=\u00bb{}\u00bb][et_pb_divider show_divider=\u00bboff\u00bb _builder_version=\u00bb4.27.6&#8243; _module_preset=\u00bbdefault\u00bb global_colors_info=\u00bb{}\u00bb][\/et_pb_divider][et_pb_text _builder_version=\u00bb4.27.6&#8243; _module_preset=\u00bbdefault\u00bb text_text_color=\u00bb#000000&#8243; text_font_size=\u00bb30px\u00bb text_line_height=\u00bb1.3em\u00bb hover_enabled=\u00bb0&#8243; text_font_size_tablet=\u00bb35px\u00bb text_font_size_phone=\u00bb20px\u00bb text_font_size_last_edited=\u00bbon|phone\u00bb inline_fonts=\u00bbMontserrat extra bold\u00bb global_colors_info=\u00bb{}\u00bb sticky_enabled=\u00bb0&#8243;]<\/p>\n<p>Panor\u00e0mic es el festival de Artes y Culturas Visuales que explora la relaci\u00f3n entre el cine, la fotograf\u00eda y las nuevas formas de imagen, y que impulsa la investigaci\u00f3n de nuevos lenguajes y narrativas audiovisuales.<\/p>\n<p>Nace con la voluntad de realizar una pedagog\u00eda cr\u00edtica de la imagen dirigida a p\u00fablicos cada vez m\u00e1s inmersos en entornos visuales, y por tanto con una clara vocaci\u00f3n de servicio.<\/p>\n<p>[\/et_pb_text][\/et_pb_column][et_pb_column type=\u00bb1_2&#8243; _builder_version=\u00bb4.16&#8243; _module_preset=\u00bbdefault\u00bb global_colors_info=\u00bb{}\u00bb][et_pb_divider show_divider=\u00bboff\u00bb _builder_version=\u00bb4.27.6&#8243; _module_preset=\u00bbdefault\u00bb global_colors_info=\u00bb{}\u00bb][\/et_pb_divider][et_pb_text _builder_version=\u00bb4.27.6&#8243; _module_preset=\u00bbdefault\u00bb text_text_color=\u00bb#000000&#8243; text_font_size=\u00bb20px\u00bb text_line_height=\u00bb1.2em\u00bb hover_enabled=\u00bb0&#8243; global_colors_info=\u00bb{}\u00bb sticky_enabled=\u00bb0&#8243;]<\/p>\n<p data-start=\"539\" data-end=\"967\">Panor\u00e0mic propone un espacio de conocimiento y reflexi\u00f3n entre la imagen fija y la imagen en movimiento. Lo hace desplegando todos los \u00e1mbitos en los que la imagen se hace presente: proyecciones de largometrajes y cortometrajes, v\u00eddeo, videoinstalaciones, videojuegos, mappings, exposiciones, talleres, conferencias, workshops, televisi\u00f3n, instalaciones, archivos, bibliograf\u00eda, fotolibros o proyectos interactivos, entre otros.<\/p>\n<p data-start=\"969\" data-end=\"1421\">Panor\u00e0mic se consolida como un festival de referencia para la cultura contempor\u00e1nea, mostrando las artes visuales expandidas en m\u00faltiples formas y procesos creativos. Desde la educaci\u00f3n y la formaci\u00f3n, desde la reflexi\u00f3n y el di\u00e1logo, desde la transversalidad y la hibridaci\u00f3n, desde la creatividad y el aprendizaje, y desde el compromiso con la cultura contempor\u00e1nea y plural, Panor\u00e0mic quiere convertirse en un referente en las ciudades y en el pa\u00eds.<\/p>\n<p data-start=\"1423\" data-end=\"1603\">El festival Panor\u00e0mic est\u00e1 dirigido por Joan Fontcuberta y Albert Gusi, y cuenta con un equipo asesor formado por Andr\u00e9s Hispano, Merc\u00e8 Alsina, Federica Matelli y F\u00e8lix P\u00e9rez-Hita.<\/p>\n<p>[\/et_pb_text][\/et_pb_column][\/et_pb_row][\/et_pb_section][et_pb_section fb_built=\u00bb1&#8243; module_id=\u00bbequip\u00bb _builder_version=\u00bb4.27.6&#8243; _module_preset=\u00bbdefault\u00bb background_color=\u00bb#efefef\u00bb locked=\u00bboff\u00bb global_colors_info=\u00bb{}\u00bb][et_pb_row _builder_version=\u00bb4.16&#8243; _module_preset=\u00bbdefault\u00bb width=\u00bb95%\u00bb max_width=\u00bb2560px\u00bb custom_margin=\u00bb||50px||false|false\u00bb global_colors_info=\u00bb{}\u00bb][et_pb_column type=\u00bb4_4&#8243; _builder_version=\u00bb4.16&#8243; _module_preset=\u00bbdefault\u00bb global_colors_info=\u00bb{}\u00bb][et_pb_text _builder_version=\u00bb4.27.6&#8243; _module_preset=\u00bbdefault\u00bb header_font_size=\u00bb40px\u00bb hover_enabled=\u00bb0&#8243; global_colors_info=\u00bb{}\u00bb sticky_enabled=\u00bb0&#8243;]<\/p>\n<h1>Equipo Panor\u00e0mic<\/h1>\n<p>[\/et_pb_text][\/et_pb_column][\/et_pb_row][et_pb_row column_structure=\u00bb1_6,1_6,1_6,1_6,1_6,1_6&#8243; _builder_version=\u00bb4.16&#8243; _module_preset=\u00bbdefault\u00bb width=\u00bb95%\u00bb max_width=\u00bb2560px\u00bb custom_margin=\u00bb-38px||||false|false\u00bb global_colors_info=\u00bb{}\u00bb][et_pb_column type=\u00bb1_6&#8243; _builder_version=\u00bb4.16&#8243; _module_preset=\u00bbdefault\u00bb global_colors_info=\u00bb{}\u00bb][et_pb_blurb title=\u00bbJoan Fontcuberta\u00bb image=\u00bbhttps:\/\/festivalpanoramic.cat\/wp-content\/uploads\/2022\/03\/joan-2.jpg\u00bb _builder_version=\u00bb4.27.6&#8243; _module_preset=\u00bbdefault\u00bb header_font=\u00bb&#8211;et_global_heading_font||||||||\u00bb header_text_color=\u00bb#e95119&#8243; header_line_height=\u00bb0.2em\u00bb body_font=\u00bbAtHauss-retina||||||||\u00bb body_line_height=\u00bb1.9em\u00bb text_orientation=\u00bbcenter\u00bb custom_margin=\u00bb-35px||||false|false\u00bb hover_enabled=\u00bb0&#8243; body_font_size_tablet=\u00bb\u00bb body_font_size_phone=\u00bb19px\u00bb body_font_size_last_edited=\u00bbon|phone\u00bb border_radii_image=\u00bbon|1202px|1202px|1202px|1202px\u00bb global_colors_info=\u00bb{}\u00bb sticky_enabled=\u00bb0&#8243;]<\/p>\n<p>Codirector<\/p>\n<p>[\/et_pb_blurb][\/et_pb_column][et_pb_column type=\u00bb1_6&#8243; _builder_version=\u00bb4.16&#8243; _module_preset=\u00bbdefault\u00bb global_colors_info=\u00bb{}\u00bb][et_pb_blurb title=\u00bbAlbert Gusi\u00bb image=\u00bbhttps:\/\/festivalpanoramic.cat\/wp-content\/uploads\/2022\/03\/albert.jpg\u00bb _builder_version=\u00bb4.27.6&#8243; _module_preset=\u00bbdefault\u00bb header_font=\u00bb&#8211;et_global_heading_font||||||||\u00bb header_text_color=\u00bb#e95119&#8243; header_line_height=\u00bb0.2em\u00bb body_font=\u00bbAtHauss-retina||||||||\u00bb body_line_height=\u00bb1.9em\u00bb text_orientation=\u00bbcenter\u00bb custom_margin=\u00bb-35px||||false|false\u00bb hover_enabled=\u00bb0&#8243; body_font_size_tablet=\u00bb\u00bb body_font_size_phone=\u00bb19px\u00bb body_font_size_last_edited=\u00bbon|phone\u00bb border_radii_image=\u00bbon|1202px|1202px|1202px|1202px\u00bb global_colors_info=\u00bb{}\u00bb sticky_enabled=\u00bb0&#8243;]<\/p>\n<p>Codirector<\/p>\n<p>[\/et_pb_blurb][\/et_pb_column][et_pb_column type=\u00bb1_6&#8243; _builder_version=\u00bb4.16&#8243; _module_preset=\u00bbdefault\u00bb global_colors_info=\u00bb{}\u00bb][et_pb_blurb title=\u00bbAndr\u00e9s Hispano\u00bb image=\u00bbhttps:\/\/festivalpanoramic.cat\/wp-content\/uploads\/2022\/03\/Andres.jpg\u00bb _builder_version=\u00bb4.27.6&#8243; _module_preset=\u00bbdefault\u00bb header_font=\u00bb&#8211;et_global_heading_font||||||||\u00bb header_text_color=\u00bb#e95119&#8243; header_line_height=\u00bb0.2em\u00bb body_font=\u00bbAtHauss-retina||||||||\u00bb body_line_height=\u00bb1.9em\u00bb text_orientation=\u00bbcenter\u00bb custom_margin=\u00bb-35px||||false|false\u00bb hover_enabled=\u00bb0&#8243; body_font_size_tablet=\u00bb\u00bb body_font_size_phone=\u00bb19px\u00bb body_font_size_last_edited=\u00bbon|phone\u00bb border_radii_image=\u00bbon|1202px|1202px|1202px|1202px\u00bb global_colors_info=\u00bb{}\u00bb sticky_enabled=\u00bb0&#8243;]<\/p>\n<p>Equipo asesor<\/p>\n<p>[\/et_pb_blurb][\/et_pb_column][et_pb_column type=\u00bb1_6&#8243; _builder_version=\u00bb4.16&#8243; _module_preset=\u00bbdefault\u00bb global_colors_info=\u00bb{}\u00bb][et_pb_blurb title=\u00bbMerc\u00e8 Alsina\u00bb image=\u00bbhttps:\/\/festivalpanoramic.cat\/wp-content\/uploads\/2022\/03\/art-globalization-interculturality-phd-students-merce-alsina-copia.jpg\u00bb _builder_version=\u00bb4.27.6&#8243; _module_preset=\u00bbdefault\u00bb header_font=\u00bb&#8211;et_global_heading_font||||||||\u00bb header_text_color=\u00bb#e95119&#8243; header_line_height=\u00bb0.2em\u00bb body_font=\u00bbAtHauss-retina||||||||\u00bb body_line_height=\u00bb1.9em\u00bb text_orientation=\u00bbcenter\u00bb custom_margin=\u00bb-35px||||false|false\u00bb hover_enabled=\u00bb0&#8243; body_font_size_tablet=\u00bb\u00bb body_font_size_phone=\u00bb19px\u00bb body_font_size_last_edited=\u00bbon|phone\u00bb border_radii_image=\u00bbon|1202px|1202px|1202px|1202px\u00bb global_colors_info=\u00bb{}\u00bb sticky_enabled=\u00bb0&#8243;]<\/p>\n<p>Equipo asesor<\/p>\n<p>[\/et_pb_blurb][\/et_pb_column][et_pb_column type=\u00bb1_6&#8243; _builder_version=\u00bb4.16&#8243; _module_preset=\u00bbdefault\u00bb global_colors_info=\u00bb{}\u00bb][et_pb_blurb title=\u00bbF\u00e8lix P\u00e9rez-Hita\u00bb image=\u00bbhttps:\/\/festivalpanoramic.cat\/wp-content\/uploads\/2022\/03\/Felix-Perez-Hita_foto_2020.jpg\u00bb admin_label=\u00bbBlurb\u00bb _builder_version=\u00bb4.27.6&#8243; _module_preset=\u00bbdefault\u00bb header_font=\u00bb&#8211;et_global_heading_font||||||||\u00bb header_text_color=\u00bb#e95119&#8243; header_line_height=\u00bb0.2em\u00bb body_font=\u00bbAtHauss-retina||||||||\u00bb body_line_height=\u00bb1.9em\u00bb text_orientation=\u00bbcenter\u00bb custom_margin=\u00bb-35px||||false|false\u00bb hover_enabled=\u00bb0&#8243; body_font_size_tablet=\u00bb\u00bb body_font_size_phone=\u00bb19px\u00bb body_font_size_last_edited=\u00bbon|phone\u00bb border_radii_image=\u00bbon|1202px|1202px|1202px|1202px\u00bb global_colors_info=\u00bb{}\u00bb sticky_enabled=\u00bb0&#8243;]<\/p>\n<p>Equipo asesor<\/p>\n<p>[\/et_pb_blurb][\/et_pb_column][et_pb_column type=\u00bb1_6&#8243; _builder_version=\u00bb4.16&#8243; _module_preset=\u00bbdefault\u00bb global_colors_info=\u00bb{}\u00bb][et_pb_blurb title=\u00bbFederica Matelli\u00bb image=\u00bbhttps:\/\/festivalpanoramic.cat\/wp-content\/uploads\/2025\/05\/federcia_matelli.png\u00bb _builder_version=\u00bb4.27.6&#8243; _module_preset=\u00bbdefault\u00bb header_font=\u00bb&#8211;et_global_heading_font||||||||\u00bb header_text_color=\u00bb#e95119&#8243; header_line_height=\u00bb0.2em\u00bb body_font=\u00bbAtHauss-retina||||||||\u00bb body_line_height=\u00bb1.9em\u00bb text_orientation=\u00bbcenter\u00bb custom_margin=\u00bb-35px||||false|false\u00bb hover_enabled=\u00bb0&#8243; body_font_size_tablet=\u00bb\u00bb body_font_size_phone=\u00bb19px\u00bb body_font_size_last_edited=\u00bbon|phone\u00bb border_radii_image=\u00bbon|1202px|1202px|1202px|1202px\u00bb global_colors_info=\u00bb{}\u00bb sticky_enabled=\u00bb0&#8243;]<\/p>\n<p>Equipo asesor<\/p>\n<p>[\/et_pb_blurb][\/et_pb_column][\/et_pb_row][et_pb_row column_structure=\u00bb1_6,1_6,1_6,1_6,1_6,1_6&#8243; _builder_version=\u00bb4.16&#8243; _module_preset=\u00bbdefault\u00bb width=\u00bb95%\u00bb max_width=\u00bb2560px\u00bb custom_margin=\u00bb36px||||false|false\u00bb global_colors_info=\u00bb{}\u00bb][et_pb_column type=\u00bb1_6&#8243; _builder_version=\u00bb4.16&#8243; _module_preset=\u00bbdefault\u00bb global_colors_info=\u00bb{}\u00bb][et_pb_blurb title=\u00bbRoberta Bosco\u00bb image=\u00bbhttps:\/\/festivalpanoramic.cat\/wp-content\/uploads\/2025\/05\/roberta_bosco.png\u00bb _builder_version=\u00bb4.27.6&#8243; _module_preset=\u00bbdefault\u00bb header_font=\u00bb&#8211;et_global_heading_font||||||||\u00bb header_text_color=\u00bb#e95119&#8243; header_line_height=\u00bb0.2em\u00bb body_font=\u00bbAtHauss-retina||||||||\u00bb body_line_height=\u00bb1.9em\u00bb text_orientation=\u00bbcenter\u00bb custom_margin=\u00bb-35px||||false|false\u00bb hover_enabled=\u00bb0&#8243; body_font_size_tablet=\u00bb\u00bb body_font_size_phone=\u00bb19px\u00bb body_font_size_last_edited=\u00bbon|phone\u00bb border_radii_image=\u00bbon|1202px|1202px|1202px|1202px\u00bb global_colors_info=\u00bb{}\u00bb sticky_enabled=\u00bb0&#8243;]<\/p>\n<p>Equipo asesor<\/p>\n<p>[\/et_pb_blurb][\/et_pb_column][et_pb_column type=\u00bb1_6&#8243; _builder_version=\u00bb4.16&#8243; _module_preset=\u00bbdefault\u00bb global_colors_info=\u00bb{}\u00bb][et_pb_blurb title=\u00bbIrene Monteagudo\u00bb image=\u00bbhttps:\/\/festivalpanoramic.cat\/wp-content\/uploads\/2024\/07\/Irene-scaled.jpg\u00bb _builder_version=\u00bb4.27.6&#8243; _module_preset=\u00bbdefault\u00bb header_font=\u00bb&#8211;et_global_heading_font||||||||\u00bb header_text_color=\u00bb#e95119&#8243; header_line_height=\u00bb0.2em\u00bb body_font=\u00bbAtHauss-retina||||||||\u00bb body_line_height=\u00bb1.9em\u00bb text_orientation=\u00bbcenter\u00bb custom_margin=\u00bb-35px||||false|false\u00bb hover_enabled=\u00bb0&#8243; body_font_size_tablet=\u00bb\u00bb body_font_size_phone=\u00bb19px\u00bb body_font_size_last_edited=\u00bbon|phone\u00bb border_radii_image=\u00bbon|1202px|1202px|1202px|1202px\u00bb global_colors_info=\u00bb{}\u00bb sticky_enabled=\u00bb0&#8243;]<\/p>\n<p>Producci\u00f3n<\/p>\n<p>[\/et_pb_blurb][\/et_pb_column][et_pb_column type=\u00bb1_6&#8243; _builder_version=\u00bb4.16&#8243; _module_preset=\u00bbdefault\u00bb global_colors_info=\u00bb{}\u00bb][et_pb_blurb title=\u00bbJudith M\u00e9ndez\u00bb image=\u00bbhttps:\/\/festivalpanoramic.cat\/wp-content\/uploads\/2025\/08\/1d43270d-8522-461b-b3cd-1548424d92dd.jpeg\u00bb _builder_version=\u00bb4.27.6&#8243; _module_preset=\u00bbdefault\u00bb header_font=\u00bb&#8211;et_global_heading_font||||||||\u00bb header_text_color=\u00bb#e95119&#8243; header_line_height=\u00bb0.2em\u00bb body_font=\u00bbAtHauss-retina||||||||\u00bb body_line_height=\u00bb1.9em\u00bb text_orientation=\u00bbcenter\u00bb custom_margin=\u00bb-35px||||false|false\u00bb hover_enabled=\u00bb0&#8243; body_font_size_tablet=\u00bb\u00bb body_font_size_phone=\u00bb19px\u00bb body_font_size_last_edited=\u00bbon|phone\u00bb border_radii_image=\u00bbon|1202px|1202px|1202px|1202px\u00bb locked=\u00bboff\u00bb global_colors_info=\u00bb{}\u00bb sticky_enabled=\u00bb0&#8243;]<\/p>\n<p>Producci\u00f3n<\/p>\n<p>[\/et_pb_blurb][\/et_pb_column][et_pb_column type=\u00bb1_6&#8243; _builder_version=\u00bb4.16&#8243; _module_preset=\u00bbdefault\u00bb global_colors_info=\u00bb{}\u00bb][et_pb_blurb title=\u00bbAnna Surroca\u00bb image=\u00bbhttps:\/\/festivalpanoramic.cat\/wp-content\/uploads\/2025\/05\/anna_surroca.png\u00bb _builder_version=\u00bb4.27.6&#8243; _module_preset=\u00bbdefault\u00bb header_font=\u00bb&#8211;et_global_heading_font||||||||\u00bb header_text_color=\u00bb#e95119&#8243; header_line_height=\u00bb0.2em\u00bb body_font=\u00bbAtHauss-retina||||||||\u00bb body_line_height=\u00bb1.9em\u00bb text_orientation=\u00bbcenter\u00bb custom_margin=\u00bb-35px||||false|false\u00bb hover_enabled=\u00bb0&#8243; body_font_size_tablet=\u00bb\u00bb body_font_size_phone=\u00bb19px\u00bb body_font_size_last_edited=\u00bbon|phone\u00bb border_radii_image=\u00bbon|1202px|1202px|1202px|1202px\u00bb global_colors_info=\u00bb{}\u00bb sticky_enabled=\u00bb0&#8243;]<\/p>\n<p>Coordinaci\u00f3n<\/p>\n<p>[\/et_pb_blurb][\/et_pb_column][et_pb_column type=\u00bb1_6&#8243; _builder_version=\u00bb4.16&#8243; _module_preset=\u00bbdefault\u00bb global_colors_info=\u00bb{}\u00bb][et_pb_blurb title=\u00bbCristina Duarte\u00bb image=\u00bbhttps:\/\/festivalpanoramic.cat\/wp-content\/uploads\/2025\/07\/Foto-web_Cristina-Duarte.png\u00bb _builder_version=\u00bb4.27.6&#8243; _module_preset=\u00bbdefault\u00bb header_font=\u00bb&#8211;et_global_heading_font||||||||\u00bb header_text_color=\u00bb#e95119&#8243; header_line_height=\u00bb0.2em\u00bb body_font=\u00bbAtHauss-retina||||||||\u00bb body_line_height=\u00bb1.9em\u00bb text_orientation=\u00bbcenter\u00bb custom_margin=\u00bb-35px||||false|false\u00bb hover_enabled=\u00bb0&#8243; body_font_size_tablet=\u00bb\u00bb body_font_size_phone=\u00bb19px\u00bb body_font_size_last_edited=\u00bbon|phone\u00bb border_radii_image=\u00bbon|1202px|1202px|1202px|1202px\u00bb global_colors_info=\u00bb{}\u00bb sticky_enabled=\u00bb0&#8243;]<\/p>\n<p>Asistente coordinaci\u00f3n<\/p>\n<p>[\/et_pb_blurb][\/et_pb_column][et_pb_column type=\u00bb1_6&#8243; _builder_version=\u00bb4.16&#8243; _module_preset=\u00bbdefault\u00bb global_colors_info=\u00bb{}\u00bb][et_pb_blurb title=\u00bbTere Vallbona\u00bb image=\u00bbhttps:\/\/festivalpanoramic.cat\/wp-content\/uploads\/2025\/07\/TERESA-VALLBONA-copia.jpg\u00bb _builder_version=\u00bb4.27.6&#8243; _module_preset=\u00bbdefault\u00bb header_font=\u00bb&#8211;et_global_heading_font||||||||\u00bb header_text_color=\u00bb#e95119&#8243; header_line_height=\u00bb0.2em\u00bb body_font=\u00bbAtHauss-retina||||||||\u00bb body_line_height=\u00bb1.9em\u00bb text_orientation=\u00bbcenter\u00bb custom_margin=\u00bb-35px||||false|false\u00bb hover_enabled=\u00bb0&#8243; body_font_size_tablet=\u00bb\u00bb body_font_size_phone=\u00bb19px\u00bb body_font_size_last_edited=\u00bbon|phone\u00bb border_radii_image=\u00bbon|1202px|1202px|1202px|1202px\u00bb global_colors_info=\u00bb{}\u00bb sticky_enabled=\u00bb0&#8243;]<\/p>\n<p>Prensa<\/p>\n<p>[\/et_pb_blurb][\/et_pb_column][\/et_pb_row][et_pb_row column_structure=\u00bb1_6,1_6,1_6,1_6,1_6,1_6&#8243; _builder_version=\u00bb4.16&#8243; _module_preset=\u00bbdefault\u00bb width=\u00bb95%\u00bb max_width=\u00bb2560px\u00bb custom_margin=\u00bb36px||||false|false\u00bb collapsed=\u00bboff\u00bb global_colors_info=\u00bb{}\u00bb][et_pb_column type=\u00bb1_6&#8243; _builder_version=\u00bb4.16&#8243; _module_preset=\u00bbdefault\u00bb global_colors_info=\u00bb{}\u00bb][et_pb_blurb title=\u00bbAuri Al\u00f3s\u00bb image=\u00bbhttps:\/\/festivalpanoramic.cat\/wp-content\/uploads\/2025\/05\/AuriAlos.png\u00bb _builder_version=\u00bb4.27.6&#8243; _module_preset=\u00bbdefault\u00bb header_font=\u00bb&#8211;et_global_heading_font||||||||\u00bb header_text_color=\u00bb#e95119&#8243; header_line_height=\u00bb0.2em\u00bb body_font=\u00bbAtHauss-retina||||||||\u00bb body_line_height=\u00bb1.9em\u00bb text_orientation=\u00bbcenter\u00bb custom_margin=\u00bb-35px||||false|false\u00bb hover_enabled=\u00bb0&#8243; body_font_size_tablet=\u00bb\u00bb body_font_size_phone=\u00bb19px\u00bb body_font_size_last_edited=\u00bbon|phone\u00bb border_radii_image=\u00bbon|1202px|1202px|1202px|1202px\u00bb global_colors_info=\u00bb{}\u00bb sticky_enabled=\u00bb0&#8243;]<\/p>\n<p>Educaci\u00f3n y mediaci\u00f3n<\/p>\n<p>[\/et_pb_blurb][\/et_pb_column][et_pb_column type=\u00bb1_6&#8243; _builder_version=\u00bb4.16&#8243; _module_preset=\u00bbdefault\u00bb global_colors_info=\u00bb{}\u00bb][et_pb_blurb title=\u00bbRosa A. Cruz\u00bb image=\u00bbhttps:\/\/festivalpanoramic.cat\/wp-content\/uploads\/2025\/07\/rosa_a_cruz_foto-1.jpg\u00bb _builder_version=\u00bb4.27.6&#8243; _module_preset=\u00bbdefault\u00bb header_font=\u00bb&#8211;et_global_heading_font||||||||\u00bb header_text_color=\u00bb#e95119&#8243; header_line_height=\u00bb0.2em\u00bb body_font=\u00bbAtHauss-retina||||||||\u00bb body_line_height=\u00bb1.9em\u00bb text_orientation=\u00bbcenter\u00bb custom_margin=\u00bb-35px||||false|false\u00bb hover_enabled=\u00bb0&#8243; body_font_size_tablet=\u00bb\u00bb body_font_size_phone=\u00bb19px\u00bb body_font_size_last_edited=\u00bbon|phone\u00bb border_radii_image=\u00bbon|1202px|1202px|1202px|1202px\u00bb global_colors_info=\u00bb{}\u00bb sticky_enabled=\u00bb0&#8243;]<\/p>\n<p>Comunicaci\u00f3n<\/p>\n<p>[\/et_pb_blurb][\/et_pb_column][et_pb_column type=\u00bb1_6&#8243; _builder_version=\u00bb4.16&#8243; _module_preset=\u00bbdefault\u00bb global_colors_info=\u00bb{}\u00bb][et_pb_blurb title=\u00bbLlu\u00eds Torres\u00bb image=\u00bbhttps:\/\/festivalpanoramic.cat\/wp-content\/uploads\/2025\/07\/lluis.jpg\u00bb admin_label=\u00bbBlurb\u00bb _builder_version=\u00bb4.27.6&#8243; _module_preset=\u00bbdefault\u00bb header_font=\u00bb&#8211;et_global_heading_font||||||||\u00bb header_text_color=\u00bb#e95119&#8243; header_line_height=\u00bb0.2em\u00bb body_font=\u00bbAtHauss-retina||||||||\u00bb body_line_height=\u00bb1.9em\u00bb text_orientation=\u00bbcenter\u00bb custom_margin=\u00bb-35px||||false|false\u00bb hover_enabled=\u00bb0&#8243; body_font_size_tablet=\u00bb\u00bb body_font_size_phone=\u00bb19px\u00bb body_font_size_last_edited=\u00bbon|phone\u00bb border_radii_image=\u00bbon|1202px|1202px|1202px|1202px\u00bb global_colors_info=\u00bb{}\u00bb sticky_enabled=\u00bb0&#8243;]<\/p>\n<p>Dise\u00f1o<\/p>\n<p>[\/et_pb_blurb][\/et_pb_column][et_pb_column type=\u00bb1_6&#8243; _builder_version=\u00bb4.16&#8243; _module_preset=\u00bbdefault\u00bb global_colors_info=\u00bb{}\u00bb][et_pb_blurb title=\u00bbLaia Carrillo\u00bb image=\u00bbhttps:\/\/festivalpanoramic.cat\/wp-content\/uploads\/2025\/07\/Laia.jpg\u00bb admin_label=\u00bbBlurb\u00bb _builder_version=\u00bb4.27.6&#8243; _module_preset=\u00bbdefault\u00bb header_font=\u00bb&#8211;et_global_heading_font||||||||\u00bb header_text_color=\u00bb#e95119&#8243; header_line_height=\u00bb0.2em\u00bb body_font=\u00bbAtHauss-retina||||||||\u00bb body_line_height=\u00bb1.9em\u00bb text_orientation=\u00bbcenter\u00bb custom_margin=\u00bb-35px||||false|false\u00bb hover_enabled=\u00bb0&#8243; body_font_size_tablet=\u00bb\u00bb body_font_size_phone=\u00bb19px\u00bb body_font_size_last_edited=\u00bbon|phone\u00bb border_radii_image=\u00bbon|1202px|1202px|1202px|1202px\u00bb global_colors_info=\u00bb{}\u00bb sticky_enabled=\u00bb0&#8243;]<\/p>\n<p>Dise\u00f1o<\/p>\n<p>[\/et_pb_blurb][\/et_pb_column][et_pb_column type=\u00bb1_6&#8243; _builder_version=\u00bb4.16&#8243; _module_preset=\u00bbdefault\u00bb global_colors_info=\u00bb{}\u00bb][et_pb_blurb title=\u00bbMarc Pi\u00bb image=\u00bbhttps:\/\/festivalpanoramic.cat\/wp-content\/uploads\/2025\/07\/Marc-Pi.jpg\u00bb admin_label=\u00bbBlurb\u00bb _builder_version=\u00bb4.27.6&#8243; _module_preset=\u00bbdefault\u00bb header_font=\u00bb&#8211;et_global_heading_font||||||||\u00bb header_text_color=\u00bb#e95119&#8243; header_line_height=\u00bb0.2em\u00bb body_font=\u00bbAtHauss-retina||||||||\u00bb body_line_height=\u00bb1.9em\u00bb text_orientation=\u00bbcenter\u00bb custom_margin=\u00bb-35px||||false|false\u00bb hover_enabled=\u00bb0&#8243; body_font_size_tablet=\u00bb\u00bb body_font_size_phone=\u00bb19px\u00bb body_font_size_last_edited=\u00bbon|phone\u00bb border_radii_image=\u00bbon|1202px|1202px|1202px|1202px\u00bb global_colors_info=\u00bb{}\u00bb sticky_enabled=\u00bb0&#8243;]<\/p>\n<p>Inform\u00e1tica<\/p>\n<p>[\/et_pb_blurb][\/et_pb_column][et_pb_column type=\u00bb1_6&#8243; _builder_version=\u00bb4.16&#8243; _module_preset=\u00bbdefault\u00bb global_colors_info=\u00bb{}\u00bb][et_pb_blurb title=\u00bbMaxime Bardeau\u00bb image=\u00bbhttps:\/\/festivalpanoramic.cat\/wp-content\/uploads\/2022\/04\/maxime-bardeau.jpg\u00bb _builder_version=\u00bb4.27.6&#8243; _module_preset=\u00bbdefault\u00bb header_font=\u00bb&#8211;et_global_heading_font||||||||\u00bb header_text_color=\u00bb#e95119&#8243; header_line_height=\u00bb0.2em\u00bb body_font=\u00bbAtHauss-retina||||||||\u00bb body_line_height=\u00bb1.9em\u00bb text_orientation=\u00bbcenter\u00bb custom_margin=\u00bb-35px||||false|false\u00bb hover_enabled=\u00bb0&#8243; body_font_size_tablet=\u00bb\u00bb body_font_size_phone=\u00bb19px\u00bb body_font_size_last_edited=\u00bbon|phone\u00bb border_radii_image=\u00bbon|1202px|1202px|1202px|1202px\u00bb locked=\u00bboff\u00bb global_colors_info=\u00bb{}\u00bb sticky_enabled=\u00bb0&#8243;]<\/p>\n<p>Montaje<\/p>\n<p>[\/et_pb_blurb][\/et_pb_column][\/et_pb_row][\/et_pb_section][et_pb_section fb_built=\u00bb1&#8243; module_id=\u00bbColaboradors\u00bb _builder_version=\u00bb4.16&#8243; _module_preset=\u00bbdefault\u00bb locked=\u00bboff\u00bb global_colors_info=\u00bb{}\u00bb][et_pb_row _builder_version=\u00bb4.16&#8243; _module_preset=\u00bbdefault\u00bb width=\u00bb95%\u00bb max_width=\u00bb2560px\u00bb global_colors_info=\u00bb{}\u00bb][et_pb_column type=\u00bb4_4&#8243; _builder_version=\u00bb4.16&#8243; _module_preset=\u00bbdefault\u00bb global_colors_info=\u00bb{}\u00bb][et_pb_text _builder_version=\u00bb4.27.6&#8243; _module_preset=\u00bbdefault\u00bb header_text_color=\u00bb#000000&#8243; header_font_size=\u00bb40px\u00bb hover_enabled=\u00bb0&#8243; global_colors_info=\u00bb{}\u00bb sticky_enabled=\u00bb0&#8243;]<\/p>\n<h1>Colaboradores<\/h1>\n<p>[\/et_pb_text][\/et_pb_column][\/et_pb_row][et_pb_row column_structure=\u00bb1_5,1_5,1_5,1_5,1_5&#8243; _builder_version=\u00bb4.27.6&#8243; _module_preset=\u00bbdefault\u00bb global_colors_info=\u00bb{}\u00bb][et_pb_column type=\u00bb1_5&#8243; _builder_version=\u00bb4.27.6&#8243; _module_preset=\u00bbdefault\u00bb global_colors_info=\u00bb{}\u00bb][et_pb_text _builder_version=\u00bb4.27.6&#8243; _module_preset=\u00bbdefault\u00bb text_text_color=\u00bb#000000&#8243; text_font_size=\u00bb19px\u00bb custom_margin=\u00bb-22px||8px||false|false\u00bb custom_margin_tablet=\u00bb-44px||||false|false\u00bb custom_margin_phone=\u00bb-44px||||false|false\u00bb custom_margin_last_edited=\u00bbon|tablet\u00bb hover_enabled=\u00bb0&#8243; global_colors_info=\u00bb{}\u00bb sticky_enabled=\u00bb0&#8243;]<\/p>\n<p>ORGANIZA<\/p>\n<p>[\/et_pb_text][\/et_pb_column][et_pb_column type=\u00bb1_5&#8243; _builder_version=\u00bb4.27.6&#8243; _module_preset=\u00bbdefault\u00bb global_colors_info=\u00bb{}\u00bb][et_pb_image src=\u00bbhttps:\/\/festivalpanoramic.cat\/wp-content\/uploads\/2023\/10\/Grisart-Lab@1000x.png\u00bb title_text=\u00bbGrisart Lab@1000x\u00bb url=\u00bbhttps:\/\/www.grisart.cat\/\u00bb url_new_window=\u00bbon\u00bb _builder_version=\u00bb4.27.4&#8243; _module_preset=\u00bbdefault\u00bb global_colors_info=\u00bb{}\u00bb][\/et_pb_image][\/et_pb_column][et_pb_column type=\u00bb1_5&#8243; _builder_version=\u00bb4.27.6&#8243; _module_preset=\u00bbdefault\u00bb global_colors_info=\u00bb{}\u00bb][et_pb_text _builder_version=\u00bb4.27.6&#8243; _module_preset=\u00bbdefault\u00bb text_text_color=\u00bb#000000&#8243; text_font_size=\u00bb19px\u00bb custom_margin=\u00bb-22px||8px||false|false\u00bb custom_margin_tablet=\u00bb-44px||||false|false\u00bb custom_margin_phone=\u00bb-44px||||false|false\u00bb custom_margin_last_edited=\u00bbon|tablet\u00bb hover_enabled=\u00bb0&#8243; global_colors_info=\u00bb{}\u00bb sticky_enabled=\u00bb0&#8243;]<\/p>\n<p>EMPRESAS ASOCIADAS<\/p>\n<p>[\/et_pb_text][\/et_pb_column][et_pb_column type=\u00bb1_5&#8243; _builder_version=\u00bb4.27.6&#8243; _module_preset=\u00bbdefault\u00bb global_colors_info=\u00bb{}\u00bb][et_pb_image src=\u00bbhttps:\/\/festivalpanoramic.cat\/wp-content\/uploads\/2023\/10\/A-nivell@1000x.png\u00bb title_text=\u00bbA nivell@1000x\u00bb url=\u00bbhttps:\/\/www.anivell.cat\/\u00bb url_new_window=\u00bbon\u00bb admin_label=\u00bbImage\u00bb _builder_version=\u00bb4.27.4&#8243; _module_preset=\u00bbdefault\u00bb global_colors_info=\u00bb{}\u00bb][\/et_pb_image][\/et_pb_column][et_pb_column type=\u00bb1_5&#8243; _builder_version=\u00bb4.27.6&#8243; _module_preset=\u00bbdefault\u00bb global_colors_info=\u00bb{}\u00bb][et_pb_image src=\u00bbhttps:\/\/festivalpanoramic.cat\/wp-content\/uploads\/2025\/05\/geocrea-1.jpg\u00bb title_text=\u00bbgeocrea\u00bb url=\u00bbhttps:\/\/geocrea.cat\u00bb url_new_window=\u00bbon\u00bb _builder_version=\u00bb4.27.4&#8243; _module_preset=\u00bbdefault\u00bb global_colors_info=\u00bb{}\u00bb][\/et_pb_image][\/et_pb_column][\/et_pb_row][et_pb_row column_structure=\u00bb1_6,1_6,1_6,1_6,1_6,1_6&#8243; _builder_version=\u00bb4.27.6&#8243; _module_preset=\u00bbdefault\u00bb global_colors_info=\u00bb{}\u00bb][et_pb_column type=\u00bb1_6&#8243; _builder_version=\u00bb4.27.6&#8243; _module_preset=\u00bbdefault\u00bb global_colors_info=\u00bb{}\u00bb][et_pb_text admin_label=\u00bbText\u00bb _builder_version=\u00bb4.27.6&#8243; _module_preset=\u00bbdefault\u00bb text_text_color=\u00bb#000000&#8243; text_font_size=\u00bb19px\u00bb custom_margin=\u00bb-22px||8px||false|false\u00bb custom_margin_tablet=\u00bb-44px||||false|false\u00bb custom_margin_phone=\u00bb-44px||||false|false\u00bb custom_margin_last_edited=\u00bbon|tablet\u00bb hover_enabled=\u00bb0&#8243; global_colors_info=\u00bb{}\u00bb sticky_enabled=\u00bb0&#8243;]<\/p>\n<p>PROMUEVE<\/p>\n<p>[\/et_pb_text][\/et_pb_column][et_pb_column type=\u00bb1_6&#8243; _builder_version=\u00bb4.27.6&#8243; _module_preset=\u00bbdefault\u00bb global_colors_info=\u00bb{}\u00bb][et_pb_image src=\u00bbhttps:\/\/festivalpanoramic.cat\/wp-content\/uploads\/2022\/03\/logo-RU.jpg\u00bb title_text=\u00bblogo-RU\u00bb url=\u00bbhttp:\/\/rocaumbert.com\/\u00bb url_new_window=\u00bbon\u00bb _builder_version=\u00bb4.27.4&#8243; _module_preset=\u00bbdefault\u00bb global_colors_info=\u00bb{}\u00bb][\/et_pb_image][\/et_pb_column][et_pb_column type=\u00bb1_6&#8243; _builder_version=\u00bb4.27.6&#8243; _module_preset=\u00bbdefault\u00bb global_colors_info=\u00bb{}\u00bb][et_pb_image src=\u00bbhttps:\/\/festivalpanoramic.cat\/wp-content\/uploads\/2022\/03\/logo-AjGranollers-1.jpg\u00bb title_text=\u00bblogo-AjGranollers\u00bb url=\u00bbhttps:\/\/www.granollers.cat\/\u00bb url_new_window=\u00bbon\u00bb _builder_version=\u00bb4.27.4&#8243; _module_preset=\u00bbdefault\u00bb width=\u00bb100%\u00bb global_colors_info=\u00bb{}\u00bb][\/et_pb_image][\/et_pb_column][et_pb_column type=\u00bb1_6&#8243; _builder_version=\u00bb4.27.6&#8243; _module_preset=\u00bbdefault\u00bb global_colors_info=\u00bb{}\u00bb][\/et_pb_column][et_pb_column type=\u00bb1_6&#8243; _builder_version=\u00bb4.27.6&#8243; _module_preset=\u00bbdefault\u00bb global_colors_info=\u00bb{}\u00bb][\/et_pb_column][et_pb_column type=\u00bb1_6&#8243; _builder_version=\u00bb4.27.6&#8243; _module_preset=\u00bbdefault\u00bb global_colors_info=\u00bb{}\u00bb][\/et_pb_column][\/et_pb_row][et_pb_row column_structure=\u00bb1_6,1_6,1_6,1_6,1_6,1_6&#8243; _builder_version=\u00bb4.27.6&#8243; _module_preset=\u00bbdefault\u00bb global_colors_info=\u00bb{}\u00bb][et_pb_column type=\u00bb1_6&#8243; _builder_version=\u00bb4.27.6&#8243; _module_preset=\u00bbdefault\u00bb global_colors_info=\u00bb{}\u00bb][et_pb_text _builder_version=\u00bb4.27.6&#8243; _module_preset=\u00bbdefault\u00bb text_text_color=\u00bb#000000&#8243; text_font_size=\u00bb19px\u00bb custom_margin=\u00bb-22px||8px||false|false\u00bb custom_margin_tablet=\u00bb-44px||||false|false\u00bb custom_margin_phone=\u00bb-44px||||false|false\u00bb custom_margin_last_edited=\u00bbon|tablet\u00bb hover_enabled=\u00bb0&#8243; global_colors_info=\u00bb{}\u00bb sticky_enabled=\u00bb0&#8243;]<\/p>\n<p>CON EL APOYO DE<\/p>\n<p>[\/et_pb_text][et_pb_image _builder_version=\u00bb4.27.6&#8243; _module_preset=\u00bbdefault\u00bb hover_enabled=\u00bb0&#8243; global_colors_info=\u00bb{}\u00bb sticky_enabled=\u00bb0&#8243;][\/et_pb_image][\/et_pb_column][et_pb_column type=\u00bb1_6&#8243; _builder_version=\u00bb4.27.6&#8243; _module_preset=\u00bbdefault\u00bb global_colors_info=\u00bb{}\u00bb][et_pb_image src=\u00bbhttps:\/\/festivalpanoramic.cat\/wp-content\/uploads\/2024\/07\/terrassa.max-500x500_2.png\u00bb title_text=\u00bbterrassa.max-500x500_2&#8243; url=\u00bbhttps:\/\/www.terrassa.cat\/\u00bb url_new_window=\u00bbon\u00bb admin_label=\u00bbImage\u00bb _builder_version=\u00bb4.27.4&#8243; _module_preset=\u00bbdefault\u00bb custom_margin=\u00bb16px||||false|false\u00bb global_colors_info=\u00bb{}\u00bb][\/et_pb_image][et_pb_image src=\u00bbhttps:\/\/festivalpanoramic.cat\/wp-content\/uploads\/2022\/03\/dep-cultura.jpg\u00bb title_text=\u00bbdep-cultura\u00bb url=\u00bbhttps:\/\/cultura.gencat.cat\/ca\/inici\u00bb url_new_window=\u00bbon\u00bb _builder_version=\u00bb4.27.4&#8243; _module_preset=\u00bbdefault\u00bb width=\u00bb100%\u00bb global_colors_info=\u00bb{}\u00bb][\/et_pb_image][\/et_pb_column][et_pb_column type=\u00bb1_6&#8243; _builder_version=\u00bb4.27.6&#8243; _module_preset=\u00bbdefault\u00bb global_colors_info=\u00bb{}\u00bb][et_pb_image src=\u00bbhttps:\/\/festivalpanoramic.cat\/wp-content\/uploads\/2022\/03\/kbr.jpg\u00bb title_text=\u00bbkbr\u00bb url=\u00bbhttps:\/\/kbr.fundacionmapfre.org\/\u00bb url_new_window=\u00bbon\u00bb _builder_version=\u00bb4.27.4&#8243; _module_preset=\u00bbdefault\u00bb custom_margin=\u00bb16px||||false|false\u00bb global_colors_info=\u00bb{}\u00bb][\/et_pb_image][et_pb_image src=\u00bbhttps:\/\/festivalpanoramic.cat\/wp-content\/uploads\/2024\/04\/Asset-1.png\u00bb title_text=\u00bbAsset 1&#8243; url=\u00bbhttps:\/\/icec.gencat.cat\/ca\/inici\/index.html\u00bb url_new_window=\u00bbon\u00bb _builder_version=\u00bb4.27.6&#8243; _module_preset=\u00bbdefault\u00bb width=\u00bb100%\u00bb global_colors_info=\u00bb{}\u00bb][\/et_pb_image][\/et_pb_column][et_pb_column type=\u00bb1_6&#8243; _builder_version=\u00bb4.27.6&#8243; _module_preset=\u00bbdefault\u00bb global_colors_info=\u00bb{}\u00bb][et_pb_image src=\u00bbhttps:\/\/festivalpanoramic.cat\/wp-content\/uploads\/2022\/09\/ace.jpg\u00bb title_text=\u00bbace\u00bb url=\u00bbhttps:\/\/www.accioncultural.es\/\u00bb url_new_window=\u00bbon\u00bb _builder_version=\u00bb4.27.4&#8243; _module_preset=\u00bbdefault\u00bb custom_margin=\u00bb16px||||false|false\u00bb global_colors_info=\u00bb{}\u00bb][\/et_pb_image][et_pb_image src=\u00bbhttps:\/\/festivalpanoramic.cat\/wp-content\/uploads\/2026\/04\/Diseno-sin-titulo.png\u00bb title_text=\u00bbDisen\u0303o sin ti\u0301tulo\u00bb url=\u00bbhttps:\/\/euroregio.eu\/\u00bb url_new_window=\u00bbon\u00bb _builder_version=\u00bb4.27.6&#8243; _module_preset=\u00bbdefault\u00bb custom_margin=\u00bb0px||||false|false\u00bb global_colors_info=\u00bb{}\u00bb][\/et_pb_image][\/et_pb_column][et_pb_column type=\u00bb1_6&#8243; _builder_version=\u00bb4.27.6&#8243; _module_preset=\u00bbdefault\u00bb global_colors_info=\u00bb{}\u00bb][et_pb_image src=\u00bbhttps:\/\/festivalpanoramic.cat\/wp-content\/uploads\/2022\/03\/diputacio.jpg\u00bb title_text=\u00bbdiputacio\u00bb url=\u00bbhttps:\/\/www.diba.cat\/\u00bb url_new_window=\u00bbon\u00bb _builder_version=\u00bb4.27.4&#8243; _module_preset=\u00bbdefault\u00bb custom_margin=\u00bb16px||||false|false\u00bb global_colors_info=\u00bb{}\u00bb][\/et_pb_image][et_pb_image src=\u00bbhttps:\/\/festivalpanoramic.cat\/wp-content\/uploads\/2024\/07\/ajuntamnt-bcn-copy.png\u00bb title_text=\u00bbajuntamnt bcn copy\u00bb url=\u00bbhttps:\/\/www.barcelona.cat\/barcelonacultura\/es\/icub\u00bb url_new_window=\u00bbon\u00bb _builder_version=\u00bb4.27.6&#8243; _module_preset=\u00bbdefault\u00bb custom_margin=\u00bb16px||||false|false\u00bb global_colors_info=\u00bb{}\u00bb][\/et_pb_image][\/et_pb_column][et_pb_column type=\u00bb1_6&#8243; _builder_version=\u00bb4.27.6&#8243; _module_preset=\u00bbdefault\u00bb global_colors_info=\u00bb{}\u00bb][et_pb_image src=\u00bbhttps:\/\/festivalpanoramic.cat\/wp-content\/uploads\/2022\/03\/r-llull.jpg\u00bb title_text=\u00bbr-llull\u00bb url=\u00bbhttps:\/\/www.llull.cat\/catala\/home\/index.cfm\u00bb url_new_window=\u00bbon\u00bb _builder_version=\u00bb4.27.4&#8243; _module_preset=\u00bbdefault\u00bb custom_margin=\u00bb16px||||false|false\u00bb global_colors_info=\u00bb{}\u00bb][\/et_pb_image][et_pb_image src=\u00bbhttps:\/\/festivalpanoramic.cat\/wp-content\/uploads\/2026\/04\/centrat_negre.png\u00bb title_text=\u00bbcentrat_negre\u00bb url=\u00bbhttps:\/\/www.llull.cat\/catala\/home\/index.cfm\u00bb url_new_window=\u00bbon\u00bb _builder_version=\u00bb4.27.6&#8243; _module_preset=\u00bbdefault\u00bb custom_margin=\u00bb16px||||false|false\u00bb global_colors_info=\u00bb{}\u00bb][\/et_pb_image][\/et_pb_column][\/et_pb_row][et_pb_row column_structure=\u00bb1_6,1_6,1_6,1_6,1_6,1_6&#8243; _builder_version=\u00bb4.27.6&#8243; _module_preset=\u00bbdefault\u00bb global_colors_info=\u00bb{}\u00bb][et_pb_column type=\u00bb1_6&#8243; _builder_version=\u00bb4.27.6&#8243; _module_preset=\u00bbdefault\u00bb global_colors_info=\u00bb{}\u00bb][et_pb_text _builder_version=\u00bb4.27.6&#8243; _module_preset=\u00bbdefault\u00bb text_text_color=\u00bb#000000&#8243; text_font_size=\u00bb19px\u00bb custom_margin=\u00bb-22px||8px||false|false\u00bb custom_margin_tablet=\u00bb-44px||||false|false\u00bb custom_margin_phone=\u00bb-44px||||false|false\u00bb custom_margin_last_edited=\u00bbon|tablet\u00bb hover_enabled=\u00bb0&#8243; global_colors_info=\u00bb{}\u00bb sticky_enabled=\u00bb0&#8243;]<\/p>\n<p>MEDIOS COLABORADORES<\/p>\n<p>[\/et_pb_text][et_pb_image _builder_version=\u00bb4.27.6&#8243; _module_preset=\u00bbdefault\u00bb global_colors_info=\u00bb{}\u00bb][\/et_pb_image][\/et_pb_column][et_pb_column type=\u00bb1_6&#8243; _builder_version=\u00bb4.27.6&#8243; _module_preset=\u00bbdefault\u00bb global_colors_info=\u00bb{}\u00bb][et_pb_image src=\u00bbhttps:\/\/festivalpanoramic.cat\/wp-content\/uploads\/2022\/03\/votv.jpg\u00bb title_text=\u00bbvotv\u00bb url=\u00bbhttps:\/\/votv.cat\/\u00bb url_new_window=\u00bbon\u00bb _builder_version=\u00bb4.27.4&#8243; _module_preset=\u00bbdefault\u00bb width=\u00bb100%\u00bb custom_margin=\u00bb9px||||false|false\u00bb global_colors_info=\u00bb{}\u00bb][\/et_pb_image][et_pb_image src=\u00bbhttps:\/\/festivalpanoramic.cat\/wp-content\/uploads\/2022\/03\/Bonart.jpg\u00bb title_text=\u00bbBonart\u00bb url=\u00bbhttps:\/\/www.bonart.cat\/ca\u00bb url_new_window=\u00bbon\u00bb _builder_version=\u00bb4.27.4&#8243; _module_preset=\u00bbdefault\u00bb custom_margin=\u00bb16px||||false|false\u00bb global_colors_info=\u00bb{}\u00bb][\/et_pb_image][\/et_pb_column][et_pb_column type=\u00bb1_6&#8243; _builder_version=\u00bb4.27.6&#8243; _module_preset=\u00bbdefault\u00bb global_colors_info=\u00bb{}\u00bb][et_pb_image src=\u00bbhttps:\/\/festivalpanoramic.cat\/wp-content\/uploads\/2022\/03\/nuvol.jpg\u00bb title_text=\u00bbnuvol\u00bb url=\u00bbhttps:\/\/www.nuvol.com\/\u00bb url_new_window=\u00bbon\u00bb _builder_version=\u00bb4.27.4&#8243; _module_preset=\u00bbdefault\u00bb custom_margin=\u00bb9px||||false|false\u00bb global_colors_info=\u00bb{}\u00bb][\/et_pb_image][et_pb_image src=\u00bbhttps:\/\/festivalpanoramic.cat\/wp-content\/uploads\/2022\/10\/graf.jpg\u00bb title_text=\u00bbgraf\u00bb url=\u00bbhttps:\/\/www.graf.cat\/\u00bb url_new_window=\u00bbon\u00bb _builder_version=\u00bb4.27.4&#8243; _module_preset=\u00bbdefault\u00bb custom_margin=\u00bb16px||||false|false\u00bb global_colors_info=\u00bb{}\u00bb][\/et_pb_image][\/et_pb_column][et_pb_column type=\u00bb1_6&#8243; _builder_version=\u00bb4.27.6&#8243; _module_preset=\u00bbdefault\u00bb global_colors_info=\u00bb{}\u00bb][et_pb_image src=\u00bbhttps:\/\/festivalpanoramic.cat\/wp-content\/uploads\/2023\/10\/ExitMedia@1000x.png\u00bb title_text=\u00bbExitMedia@1000x\u00bb url=\u00bbhttps:\/\/exitmedia.net\/\u00bb url_new_window=\u00bbon\u00bb _builder_version=\u00bb4.27.4&#8243; _module_preset=\u00bbdefault\u00bb custom_margin=\u00bb9px||||false|false\u00bb global_colors_info=\u00bb{}\u00bb][\/et_pb_image][\/et_pb_column][et_pb_column type=\u00bb1_6&#8243; _builder_version=\u00bb4.27.6&#8243; _module_preset=\u00bbdefault\u00bb global_colors_info=\u00bb{}\u00bb][et_pb_image src=\u00bbhttps:\/\/festivalpanoramic.cat\/wp-content\/uploads\/2022\/03\/r-granollers.jpg\u00bb title_text=\u00bbr-granollers\u00bb url=\u00bbhttps:\/\/www.radiogranollers.cat\/\u00bb url_new_window=\u00bbon\u00bb _builder_version=\u00bb4.27.4&#8243; _module_preset=\u00bbdefault\u00bb custom_margin=\u00bb16px||||false|false\u00bb global_colors_info=\u00bb{}\u00bb][\/et_pb_image][\/et_pb_column][et_pb_column type=\u00bb1_6&#8243; _builder_version=\u00bb4.27.6&#8243; _module_preset=\u00bbdefault\u00bb global_colors_info=\u00bb{}\u00bb][et_pb_image src=\u00bbhttps:\/\/festivalpanoramic.cat\/wp-content\/uploads\/2022\/03\/9nou.jpg\u00bb title_text=\u00bb9nou\u00bb url=\u00bbhttps:\/\/el9nou.cat\/\u00bb url_new_window=\u00bbon\u00bb _builder_version=\u00bb4.27.4&#8243; _module_preset=\u00bbdefault\u00bb custom_margin=\u00bb16px||||false|false\u00bb global_colors_info=\u00bb{}\u00bb][\/et_pb_image][\/et_pb_column][\/et_pb_row][et_pb_row column_structure=\u00bb1_6,1_6,1_6,1_6,1_6,1_6&#8243; _builder_version=\u00bb4.27.6&#8243; _module_preset=\u00bbdefault\u00bb global_colors_info=\u00bb{}\u00bb][et_pb_column type=\u00bb1_6&#8243; _builder_version=\u00bb4.27.6&#8243; _module_preset=\u00bbdefault\u00bb global_colors_info=\u00bb{}\u00bb][et_pb_text _builder_version=\u00bb4.27.6&#8243; _module_preset=\u00bbdefault\u00bb text_text_color=\u00bb#000000&#8243; text_font_size=\u00bb19px\u00bb custom_margin=\u00bb-43px||8px||false|false\u00bb custom_margin_tablet=\u00bb-44px||||false|false\u00bb custom_margin_phone=\u00bb-44px||||false|false\u00bb custom_margin_last_edited=\u00bbon|tablet\u00bb hover_enabled=\u00bb0&#8243; global_colors_info=\u00bb{}\u00bb sticky_enabled=\u00bb0&#8243;]<\/p>\n<p>CENTROS COLABORADORES<\/p>\n<p>[\/et_pb_text][et_pb_image _builder_version=\u00bb4.27.6&#8243; _module_preset=\u00bbdefault\u00bb global_colors_info=\u00bb{}\u00bb][\/et_pb_image][et_pb_image _builder_version=\u00bb4.27.6&#8243; _module_preset=\u00bbdefault\u00bb global_colors_info=\u00bb{}\u00bb][\/et_pb_image][et_pb_image _builder_version=\u00bb4.27.6&#8243; _module_preset=\u00bbdefault\u00bb global_colors_info=\u00bb{}\u00bb][\/et_pb_image][et_pb_image _builder_version=\u00bb4.27.6&#8243; _module_preset=\u00bbdefault\u00bb global_colors_info=\u00bb{}\u00bb][\/et_pb_image][\/et_pb_column][et_pb_column type=\u00bb1_6&#8243; _builder_version=\u00bb4.27.6&#8243; _module_preset=\u00bbdefault\u00bb global_colors_info=\u00bb{}\u00bb][et_pb_image src=\u00bbhttps:\/\/festivalpanoramic.cat\/wp-content\/uploads\/2022\/03\/capella.jpg\u00bb title_text=\u00bbcapella\u00bb url=\u00bbhttps:\/\/www.lacapella.barcelona\/es\u00bb url_new_window=\u00bbon\u00bb _builder_version=\u00bb4.27.4&#8243; _module_preset=\u00bbdefault\u00bb custom_margin=\u00bb16px||||false|false\u00bb global_colors_info=\u00bb{}\u00bb][\/et_pb_image][et_pb_image src=\u00bbhttps:\/\/festivalpanoramic.cat\/wp-content\/uploads\/2022\/10\/centreExcurcionistaCatalunya.jpg\u00bb title_text=\u00bbcentreExcurcionistaCatalunya\u00bb url=\u00bbhttps:\/\/cec.cat\/\u00bb url_new_window=\u00bbon\u00bb _builder_version=\u00bb4.27.6&#8243; _module_preset=\u00bbdefault\u00bb custom_margin=\u00bb16px||||false|false\u00bb global_colors_info=\u00bb{}\u00bb][\/et_pb_image][et_pb_image src=\u00bbhttps:\/\/festivalpanoramic.cat\/wp-content\/uploads\/2025\/10\/logo-gra.png\u00bb title_text=\u00bblogo-gra\u00bb url=\u00bbhttps:\/\/www.grajove.cat\/\u00bb url_new_window=\u00bbon\u00bb _builder_version=\u00bb4.27.6&#8243; _module_preset=\u00bbdefault\u00bb custom_margin_tablet=\u00bb51px||||false|false\u00bb custom_margin_phone=\u00bb51px||||false|false\u00bb custom_margin_last_edited=\u00bbon|phone\u00bb global_colors_info=\u00bb{}\u00bb][\/et_pb_image][et_pb_image src=\u00bbhttps:\/\/festivalpanoramic.cat\/wp-content\/uploads\/2025\/10\/Aefc-1.jpg\u00bb title_text=\u00bbAefc\u00bb url=\u00bbhttps:\/\/www.imf.csic.es\/project\/arxiu-detnografia-i-folklore-de-catalunya\/\u00bb url_new_window=\u00bbon\u00bb _builder_version=\u00bb4.27.6&#8243; _module_preset=\u00bbdefault\u00bb custom_margin=\u00bb16px||||false|false\u00bb global_colors_info=\u00bb{}\u00bb][\/et_pb_image][et_pb_image src=\u00bbhttps:\/\/festivalpanoramic.cat\/wp-content\/uploads\/2026\/04\/Logotip-CCJTriadu.jpeg\u00bb title_text=\u00bbLogotip CCJTriadu\u00bb url=\u00bbhttps:\/\/www.imf.csic.es\/project\/arxiu-detnografia-i-folklore-de-catalunya\/\u00bb url_new_window=\u00bbon\u00bb _builder_version=\u00bb4.27.6&#8243; _module_preset=\u00bbdefault\u00bb custom_margin=\u00bb16px||||false|false\u00bb global_colors_info=\u00bb{}\u00bb][\/et_pb_image][\/et_pb_column][et_pb_column type=\u00bb1_6&#8243; _builder_version=\u00bb4.27.6&#8243; _module_preset=\u00bbdefault\u00bb global_colors_info=\u00bb{}\u00bb][et_pb_image src=\u00bbhttps:\/\/festivalpanoramic.cat\/wp-content\/uploads\/2022\/03\/museu-gr.jpg\u00bb title_text=\u00bbmuseu-gr\u00bb url=\u00bbhttps:\/\/museugranollers.cat\/\u00bb url_new_window=\u00bbon\u00bb _builder_version=\u00bb4.27.4&#8243; _module_preset=\u00bbdefault\u00bb custom_margin=\u00bb9px||||false|false\u00bb global_colors_info=\u00bb{}\u00bb][\/et_pb_image][et_pb_image src=\u00bbhttps:\/\/festivalpanoramic.cat\/wp-content\/uploads\/2025\/05\/mmb_logo.png\u00bb title_text=\u00bbmmb_logo\u00bb url=\u00bbhttps:\/\/www.mmb.cat\/\u00bb url_new_window=\u00bbon\u00bb _builder_version=\u00bb4.27.6&#8243; _module_preset=\u00bbdefault\u00bb global_colors_info=\u00bb{}\u00bb][\/et_pb_image][et_pb_image src=\u00bbhttps:\/\/festivalpanoramic.cat\/wp-content\/uploads\/2023\/10\/Bru@1000x.png\u00bb title_text=\u00bbBru@1000x\u00bb url=\u00bbhttps:\/\/www.bibliotequesdegranollers.cat\/sobre-nosaltres\/biblioteca-roca-umbert\/\u00bb url_new_window=\u00bbon\u00bb _builder_version=\u00bb4.27.6&#8243; _module_preset=\u00bbdefault\u00bb custom_margin=\u00bb-16px||||false|false\u00bb global_colors_info=\u00bb{}\u00bb][\/et_pb_image][et_pb_image src=\u00bbhttps:\/\/festivalpanoramic.cat\/wp-content\/uploads\/2024\/11\/logo-casa-planas-sans-fond1-1.png\u00bb title_text=\u00bblogo casa planas sans fond(1)\u00bb url=\u00bbhttps:\/\/casaplanas.org\/cat\/\u00bb url_new_window=\u00bbon\u00bb _builder_version=\u00bb4.27.6&#8243; _module_preset=\u00bbdefault\u00bb custom_margin=\u00bb16px||||false|false\u00bb global_colors_info=\u00bb{}\u00bb][\/et_pb_image][\/et_pb_column][et_pb_column type=\u00bb1_6&#8243; _builder_version=\u00bb4.27.6&#8243; _module_preset=\u00bbdefault\u00bb global_colors_info=\u00bb{}\u00bb][et_pb_image src=\u00bbhttps:\/\/festivalpanoramic.cat\/wp-content\/uploads\/2022\/03\/cnm.jpg\u00bb title_text=\u00bbcnm\u00bb url=\u00bbhttps:\/\/mcng.cat\/\u00bb url_new_window=\u00bbon\u00bb admin_label=\u00bbImage\u00bb _builder_version=\u00bb4.27.4&#8243; _module_preset=\u00bbdefault\u00bb custom_margin=\u00bb16px||||false|false\u00bb global_colors_info=\u00bb{}\u00bb][\/et_pb_image][et_pb_image src=\u00bbhttps:\/\/festivalpanoramic.cat\/wp-content\/uploads\/2024\/11\/FIMAGEN.png\u00bb title_text=\u00bbFIMAGEN\u00bb url=\u00bbhttps:\/\/festivaldelaimagen.com\/\u00bb url_new_window=\u00bbon\u00bb _builder_version=\u00bb4.27.4&#8243; _module_preset=\u00bbdefault\u00bb custom_margin=\u00bb16px||||false|false\u00bb global_colors_info=\u00bb{}\u00bb][\/et_pb_image][et_pb_image src=\u00bbhttps:\/\/festivalpanoramic.cat\/wp-content\/uploads\/2023\/10\/Hangar@1000x.png\u00bb title_text=\u00bbHangar@1000x\u00bb url=\u00bbhttps:\/\/hangar.org\/ca\/\u00bb url_new_window=\u00bbon\u00bb _builder_version=\u00bb4.27.6&#8243; _module_preset=\u00bbdefault\u00bb custom_margin=\u00bb16px||||false|false\u00bb global_colors_info=\u00bb{}\u00bb][\/et_pb_image][et_pb_image src=\u00bbhttps:\/\/festivalpanoramic.cat\/wp-content\/uploads\/2025\/10\/Logo_BAU_barcelona.png\u00bb title_text=\u00bbLogo_BAU_barcelona\u00bb url=\u00bbhttps:\/\/www.baued.es\/ca\u00bb url_new_window=\u00bbon\u00bb _builder_version=\u00bb4.27.6&#8243; _module_preset=\u00bbdefault\u00bb custom_margin=\u00bb16px||||false|false\u00bb global_colors_info=\u00bb{}\u00bb][\/et_pb_image][\/et_pb_column][et_pb_column type=\u00bb1_6&#8243; _builder_version=\u00bb4.27.6&#8243; _module_preset=\u00bbdefault\u00bb global_colors_info=\u00bb{}\u00bb][et_pb_image src=\u00bbhttps:\/\/festivalpanoramic.cat\/wp-content\/uploads\/2022\/03\/edison.jpg\u00bb title_text=\u00bbedison\u00bb url=\u00bbhttps:\/\/cinemaedison.cat\/\u00bb url_new_window=\u00bbon\u00bb _builder_version=\u00bb4.27.4&#8243; _module_preset=\u00bbdefault\u00bb custom_margin=\u00bb16px||||false|false\u00bb global_colors_info=\u00bb{}\u00bb][\/et_pb_image][et_pb_image src=\u00bbhttps:\/\/festivalpanoramic.cat\/wp-content\/uploads\/2025\/05\/afb_logo.png\u00bb title_text=\u00bbafb_logo\u00bb url=\u00bbhttps:\/\/ajuntament.barcelona.cat\/arxiumunicipal\/arxiufotografic\/ca\u00bb url_new_window=\u00bbon\u00bb _builder_version=\u00bb4.27.4&#8243; _module_preset=\u00bbdefault\u00bb global_colors_info=\u00bb{}\u00bb][\/et_pb_image][et_pb_image src=\u00bbhttps:\/\/festivalpanoramic.cat\/wp-content\/uploads\/2025\/05\/xarxaprod.png\u00bb title_text=\u00bbxarxaprod\u00bb url=\u00bbhttps:\/\/xarxaprod.cat\/\u00bb url_new_window=\u00bbon\u00bb _builder_version=\u00bb4.27.6&#8243; _module_preset=\u00bbdefault\u00bb custom_margin=\u00bb16px||||false|false\u00bb global_colors_info=\u00bb{}\u00bb][\/et_pb_image][et_pb_image src=\u00bbhttps:\/\/festivalpanoramic.cat\/wp-content\/uploads\/2025\/10\/channels4_profile.jpg\u00bb title_text=\u00bbchannels4_profile\u00bb url=\u00bbhttps:\/\/ajuntament.barcelona.cat\/arxiumunicipal\/arxiuhistoric\/ca\u00bb url_new_window=\u00bbon\u00bb _builder_version=\u00bb4.27.6&#8243; _module_preset=\u00bbdefault\u00bb custom_margin=\u00bb16px||||false|false\u00bb global_colors_info=\u00bb{}\u00bb][\/et_pb_image][\/et_pb_column][et_pb_column type=\u00bb1_6&#8243; _builder_version=\u00bb4.27.6&#8243; _module_preset=\u00bbdefault\u00bb global_colors_info=\u00bb{}\u00bb][et_pb_image src=\u00bbhttps:\/\/festivalpanoramic.cat\/wp-content\/uploads\/2022\/03\/arxiuGR.jpg\u00bb title_text=\u00bbarxiuGR\u00bb url=\u00bbhttps:\/\/www.granollers.cat\/arxiu\u00bb url_new_window=\u00bbon\u00bb _builder_version=\u00bb4.27.4&#8243; _module_preset=\u00bbdefault\u00bb custom_margin=\u00bb16px||||false|false\u00bb global_colors_info=\u00bb{}\u00bb][\/et_pb_image][et_pb_image src=\u00bbhttps:\/\/festivalpanoramic.cat\/wp-content\/uploads\/2025\/10\/Logo_Amics-de-les-arts.png\u00bb title_text=\u00bbLogo_Amics de les arts\u00bb url=\u00bbhttps:\/\/amicsdelesarts-jjmm.cat\/\u00bb url_new_window=\u00bbon\u00bb _builder_version=\u00bb4.27.6&#8243; _module_preset=\u00bbdefault\u00bb global_colors_info=\u00bb{}\u00bb][\/et_pb_image][et_pb_image src=\u00bbhttps:\/\/festivalpanoramic.cat\/wp-content\/uploads\/2024\/11\/l-torrentsdart.png\u00bb title_text=\u00bbl-torrentsdart\u00bb url=\u00bbhttps:\/\/www.pssjd.org\/2023\/torrents-dart-dialeg-entre-art-salut-i-comunitat-per-empoderar-a-la-ciutadania\u00bb url_new_window=\u00bbon\u00bb _builder_version=\u00bb4.27.6&#8243; _module_preset=\u00bbdefault\u00bb custom_margin=\u00bb16px||||false|false\u00bb global_colors_info=\u00bb{}\u00bb][\/et_pb_image][et_pb_image src=\u00bbhttps:\/\/festivalpanoramic.cat\/wp-content\/uploads\/2025\/10\/LOGOTIP-CCCB.jpg\u00bb title_text=\u00bbCCCB Marca art final trac\u0327at senyalitzacio\u0301\u00bb url=\u00bbhttps:\/\/www.cccb.org\/ca\u00bb url_new_window=\u00bbon\u00bb _builder_version=\u00bb4.27.6&#8243; _module_preset=\u00bbdefault\u00bb custom_margin=\u00bb16px||||false|false\u00bb global_colors_info=\u00bb{}\u00bb][\/et_pb_image][\/et_pb_column][\/et_pb_row][et_pb_row column_structure=\u00bb1_6,1_6,1_6,1_6,1_6,1_6&#8243; _builder_version=\u00bb4.27.6&#8243; _module_preset=\u00bbdefault\u00bb global_colors_info=\u00bb{}\u00bb][et_pb_column type=\u00bb1_6&#8243; _builder_version=\u00bb4.27.6&#8243; _module_preset=\u00bbdefault\u00bb global_colors_info=\u00bb{}\u00bb][et_pb_text _builder_version=\u00bb4.27.6&#8243; _module_preset=\u00bbdefault\u00bb text_text_color=\u00bb#000000&#8243; text_font_size=\u00bb19px\u00bb custom_margin=\u00bb-43px||8px||false|false\u00bb custom_margin_tablet=\u00bb-44px||||false|false\u00bb custom_margin_phone=\u00bb-44px||||false|false\u00bb custom_margin_last_edited=\u00bbon|tablet\u00bb hover_enabled=\u00bb0&#8243; global_colors_info=\u00bb{}\u00bb sticky_enabled=\u00bb0&#8243;]<\/p>\n<p>EMPRESAS COLABORADORAS<\/p>\n<p>[\/et_pb_text][\/et_pb_column][et_pb_column type=\u00bb1_6&#8243; _builder_version=\u00bb4.27.6&#8243; _module_preset=\u00bbdefault\u00bb global_colors_info=\u00bb{}\u00bb][et_pb_image src=\u00bbhttps:\/\/festivalpanoramic.cat\/wp-content\/uploads\/2022\/09\/Panasonic.jpg\u00bb title_text=\u00bbPanasonic\u00bb url=\u00bbhttps:\/\/www.panasonic.com\/es\/\u00bb url_new_window=\u00bbon\u00bb _builder_version=\u00bb4.27.4&#8243; _module_preset=\u00bbdefault\u00bb width=\u00bb100%\u00bb locked=\u00bboff\u00bb global_colors_info=\u00bb{}\u00bb][\/et_pb_image][\/et_pb_column][et_pb_column type=\u00bb1_6&#8243; _builder_version=\u00bb4.27.6&#8243; _module_preset=\u00bbdefault\u00bb global_colors_info=\u00bb{}\u00bb][et_pb_image src=\u00bbhttps:\/\/festivalpanoramic.cat\/wp-content\/uploads\/2023\/10\/Zica_1@1000x.png\u00bb title_text=\u00bbZica_1@1000x\u00bb url=\u00bbhttps:\/\/zica.es\/\u00bb url_new_window=\u00bbon\u00bb _builder_version=\u00bb4.27.4&#8243; _module_preset=\u00bbdefault\u00bb global_colors_info=\u00bb{}\u00bb][\/et_pb_image][\/et_pb_column][et_pb_column type=\u00bb1_6&#8243; _builder_version=\u00bb4.27.6&#8243; _module_preset=\u00bbdefault\u00bb global_colors_info=\u00bb{}\u00bb][et_pb_image src=\u00bbhttps:\/\/festivalpanoramic.cat\/wp-content\/uploads\/2023\/10\/Vidcus_1@1000x.png\u00bb title_text=\u00bbVidcus_1@1000x\u00bb _builder_version=\u00bb4.27.4&#8243; _module_preset=\u00bbdefault\u00bb global_colors_info=\u00bb{}\u00bb][\/et_pb_image][\/et_pb_column][et_pb_column type=\u00bb1_6&#8243; _builder_version=\u00bb4.27.6&#8243; _module_preset=\u00bbdefault\u00bb global_colors_info=\u00bb{}\u00bb][\/et_pb_column][et_pb_column type=\u00bb1_6&#8243; _builder_version=\u00bb4.27.6&#8243; _module_preset=\u00bbdefault\u00bb global_colors_info=\u00bb{}\u00bb][\/et_pb_column][\/et_pb_row][\/et_pb_section]<\/p>\n","protected":false},"excerpt":{"rendered":"<p>Panor\u00e0mic es el festival de Artes y Culturas Visuales que explora la relaci\u00f3n entre el cine, la fotograf\u00eda y las nuevas formas de imagen, y que impulsa la investigaci\u00f3n de [&hellip;]<\/p>\n","protected":false},"author":1,"featured_media":0,"parent":0,"menu_order":0,"comment_status":"closed","ping_status":"closed","template":"","meta":{"_et_pb_use_builder":"on","_et_pb_old_content":"","_et_gb_content_width":"","footnotes":""},"class_list":["post-26770","page","type-page","status-publish","hentry"],"yoast_head":"<!-- This site is optimized with the Yoast SEO plugin v27.2 - https:\/\/yoast.com\/product\/yoast-seo-wordpress\/ -->\n<title>El festival - Festival Panor\u00e0mic<\/title>\n<meta name=\"robots\" content=\"index, follow, max-snippet:-1, max-image-preview:large, max-video-preview:-1\" \/>\n<link rel=\"canonical\" href=\"https:\/\/festivalpanoramic.cat\/es\/el-festival\/\" \/>\n<meta property=\"og:locale\" content=\"es_ES\" \/>\n<meta property=\"og:type\" content=\"article\" \/>\n<meta property=\"og:title\" content=\"El festival - Festival Panor\u00e0mic\" \/>\n<meta property=\"og:description\" content=\"Panor\u00e0mic es el festival de Artes y Culturas Visuales que explora la relaci\u00f3n entre el cine, la fotograf\u00eda y las nuevas formas de imagen, y que impulsa la investigaci\u00f3n de [&hellip;]\" \/>\n<meta property=\"og:url\" content=\"https:\/\/festivalpanoramic.cat\/es\/el-festival\/\" \/>\n<meta property=\"og:site_name\" content=\"Festival Panor\u00e0mic\" \/>\n<meta property=\"article:modified_time\" content=\"2026-04-27T15:38:00+00:00\" \/>\n<meta name=\"twitter:card\" content=\"summary_large_image\" \/>\n<meta name=\"twitter:label1\" content=\"Tiempo de lectura\" \/>\n\t<meta name=\"twitter:data1\" content=\"15 minutos\" \/>\n<script type=\"application\/ld+json\" class=\"yoast-schema-graph\">{\"@context\":\"https:\/\/schema.org\",\"@graph\":[{\"@type\":\"WebPage\",\"@id\":\"https:\/\/festivalpanoramic.cat\/es\/el-festival\/\",\"url\":\"https:\/\/festivalpanoramic.cat\/es\/el-festival\/\",\"name\":\"El festival - Festival Panor\u00e0mic\",\"isPartOf\":{\"@id\":\"https:\/\/festivalpanoramic.cat\/es\/#website\"},\"datePublished\":\"2022-03-21T10:55:25+00:00\",\"dateModified\":\"2026-04-27T15:38:00+00:00\",\"breadcrumb\":{\"@id\":\"https:\/\/festivalpanoramic.cat\/es\/el-festival\/#breadcrumb\"},\"inLanguage\":\"es\",\"potentialAction\":[{\"@type\":\"ReadAction\",\"target\":[\"https:\/\/festivalpanoramic.cat\/es\/el-festival\/\"]}]},{\"@type\":\"BreadcrumbList\",\"@id\":\"https:\/\/festivalpanoramic.cat\/es\/el-festival\/#breadcrumb\",\"itemListElement\":[{\"@type\":\"ListItem\",\"position\":1,\"name\":\"Inici\",\"item\":\"https:\/\/festivalpanoramic.cat\/es\/\"},{\"@type\":\"ListItem\",\"position\":2,\"name\":\"El festival\"}]},{\"@type\":\"WebSite\",\"@id\":\"https:\/\/festivalpanoramic.cat\/es\/#website\",\"url\":\"https:\/\/festivalpanoramic.cat\/es\/\",\"name\":\"Festival Panor\u00e0mic\",\"description\":\"PANOR\u00c0MIC. ARTS I CULTURES VISUALS\",\"potentialAction\":[{\"@type\":\"SearchAction\",\"target\":{\"@type\":\"EntryPoint\",\"urlTemplate\":\"https:\/\/festivalpanoramic.cat\/es\/?s={search_term_string}\"},\"query-input\":{\"@type\":\"PropertyValueSpecification\",\"valueRequired\":true,\"valueName\":\"search_term_string\"}}],\"inLanguage\":\"es\"}]}<\/script>\n<!-- \/ Yoast SEO plugin. -->","yoast_head_json":{"title":"El festival - Festival Panor\u00e0mic","robots":{"index":"index","follow":"follow","max-snippet":"max-snippet:-1","max-image-preview":"max-image-preview:large","max-video-preview":"max-video-preview:-1"},"canonical":"https:\/\/festivalpanoramic.cat\/es\/el-festival\/","og_locale":"es_ES","og_type":"article","og_title":"El festival - Festival Panor\u00e0mic","og_description":"Panor\u00e0mic es el festival de Artes y Culturas Visuales que explora la relaci\u00f3n entre el cine, la fotograf\u00eda y las nuevas formas de imagen, y que impulsa la investigaci\u00f3n de [&hellip;]","og_url":"https:\/\/festivalpanoramic.cat\/es\/el-festival\/","og_site_name":"Festival Panor\u00e0mic","article_modified_time":"2026-04-27T15:38:00+00:00","twitter_card":"summary_large_image","twitter_misc":{"Tiempo de lectura":"15 minutos"},"schema":{"@context":"https:\/\/schema.org","@graph":[{"@type":"WebPage","@id":"https:\/\/festivalpanoramic.cat\/es\/el-festival\/","url":"https:\/\/festivalpanoramic.cat\/es\/el-festival\/","name":"El festival - Festival Panor\u00e0mic","isPartOf":{"@id":"https:\/\/festivalpanoramic.cat\/es\/#website"},"datePublished":"2022-03-21T10:55:25+00:00","dateModified":"2026-04-27T15:38:00+00:00","breadcrumb":{"@id":"https:\/\/festivalpanoramic.cat\/es\/el-festival\/#breadcrumb"},"inLanguage":"es","potentialAction":[{"@type":"ReadAction","target":["https:\/\/festivalpanoramic.cat\/es\/el-festival\/"]}]},{"@type":"BreadcrumbList","@id":"https:\/\/festivalpanoramic.cat\/es\/el-festival\/#breadcrumb","itemListElement":[{"@type":"ListItem","position":1,"name":"Inici","item":"https:\/\/festivalpanoramic.cat\/es\/"},{"@type":"ListItem","position":2,"name":"El festival"}]},{"@type":"WebSite","@id":"https:\/\/festivalpanoramic.cat\/es\/#website","url":"https:\/\/festivalpanoramic.cat\/es\/","name":"Festival Panor\u00e0mic","description":"PANOR\u00c0MIC. ARTS I CULTURES VISUALS","potentialAction":[{"@type":"SearchAction","target":{"@type":"EntryPoint","urlTemplate":"https:\/\/festivalpanoramic.cat\/es\/?s={search_term_string}"},"query-input":{"@type":"PropertyValueSpecification","valueRequired":true,"valueName":"search_term_string"}}],"inLanguage":"es"}]}},"_links":{"self":[{"href":"https:\/\/festivalpanoramic.cat\/es\/wp-json\/wp\/v2\/pages\/26770","targetHints":{"allow":["GET"]}}],"collection":[{"href":"https:\/\/festivalpanoramic.cat\/es\/wp-json\/wp\/v2\/pages"}],"about":[{"href":"https:\/\/festivalpanoramic.cat\/es\/wp-json\/wp\/v2\/types\/page"}],"author":[{"embeddable":true,"href":"https:\/\/festivalpanoramic.cat\/es\/wp-json\/wp\/v2\/users\/1"}],"replies":[{"embeddable":true,"href":"https:\/\/festivalpanoramic.cat\/es\/wp-json\/wp\/v2\/comments?post=26770"}],"version-history":[{"count":86,"href":"https:\/\/festivalpanoramic.cat\/es\/wp-json\/wp\/v2\/pages\/26770\/revisions"}],"predecessor-version":[{"id":42676,"href":"https:\/\/festivalpanoramic.cat\/es\/wp-json\/wp\/v2\/pages\/26770\/revisions\/42676"}],"wp:attachment":[{"href":"https:\/\/festivalpanoramic.cat\/es\/wp-json\/wp\/v2\/media?parent=26770"}],"curies":[{"name":"wp","href":"https:\/\/api.w.org\/{rel}","templated":true}]}}