{"id":36675,"date":"2025-03-13T09:59:18","date_gmt":"2025-03-13T07:59:18","guid":{"rendered":"https:\/\/festivalpanoramic.cat\/edicion-2024\/"},"modified":"2025-03-13T10:20:04","modified_gmt":"2025-03-13T08:20:04","slug":"edicion-2024","status":"publish","type":"page","link":"https:\/\/festivalpanoramic.cat\/es\/edicion-2024\/","title":{"rendered":"Edici\u00f3n 2024"},"content":{"rendered":"<p>[et_pb_section fb_built=\u00bb1&#8243; _builder_version=\u00bb4.25.0&#8243; _module_preset=\u00bbdefault\u00bb custom_padding=\u00bb0px||0px||true|false\u00bb global_colors_info=\u00bb{}\u00bb][et_pb_row _builder_version=\u00bb4.21.0&#8243; _module_preset=\u00bbdefault\u00bb width=\u00bb100%\u00bb max_width=\u00bb2560px\u00bb custom_margin=\u00bb0px||0px||true|false\u00bb custom_padding=\u00bb0px||0px||false|false\u00bb global_colors_info=\u00bb{}\u00bb][et_pb_column type=\u00bb4_4&#8243; _builder_version=\u00bb4.21.0&#8243; _module_preset=\u00bbdefault\u00bb global_colors_info=\u00bb{}\u00bb][et_pb_slider module_class=\u00bbdivicon_full_screen_slider \u00bb _builder_version=\u00bb4.27.0&#8243; _module_preset=\u00bbdefault\u00bb custom_margin=\u00bb-80px||20px||false|false\u00bb custom_margin_tablet=\u00bb-80px||||false|false\u00bb custom_margin_phone=\u00bb-102px||||false|false\u00bb custom_margin_last_edited=\u00bbon|phone\u00bb auto=\u00bbon\u00bb auto_speed=\u00bb3000&#8243; auto_ignore_hover=\u00bbon\u00bb hover_transition_duration_tablet=\u00bb\u00bb hover_transition_duration_phone=\u00bb0ms\u00bb hover_transition_duration_last_edited=\u00bbon|phone\u00bb hover_transition_speed_curve_tablet=\u00bb\u00bb hover_transition_speed_curve_phone=\u00bblinear\u00bb hover_transition_speed_curve_last_edited=\u00bbon|phone\u00bb global_colors_info=\u00bb{}\u00bb][et_pb_slide _builder_version=\u00bb4.25.0&#8243; _module_preset=\u00bbdefault\u00bb background_image=\u00bbhttps:\/\/festivalpanoramic.cat\/wp-content\/uploads\/2024\/07\/p-portadaweb1.png\u00bb background_enable_image=\u00bbon\u00bb background_last_edited=\u00bbon|desktop\u00bb background_image_phone=\u00bbhttps:\/\/festivalpanoramic.cat\/wp-content\/uploads\/2024\/07\/p-portadaweb-mobil.png\u00bb background_enable_image_phone=\u00bbon\u00bb global_colors_info=\u00bb{}\u00bb custom_css_main_element_last_edited=\u00bbon|phone\u00bb sticky_transition=\u00bbon\u00bb][\/et_pb_slide][\/et_pb_slider][et_pb_text content_tablet=\u00bb<\/p>\n<p><span style=%22color: #8b8554;%22><a href=%22#home-exposicions%22 style=%22color: #8b8554;%22>EXPOSICIONES<\/a> <a href=%22#home-activitats%22 style=%22color: #8b8554;%22>ACTIVIDADES<\/a> <a href=%22#home-jornades%22 style=%22color: #8b8554;%22>III JORNADAS PROFESIONALES<\/a> <a href=%22#home-educacio%22 style=%22color: #8b8554;%22>EDUCACI\u00d3N<\/a><\/span><\/p>\n<p>\u00bb content_phone=\u00bb<\/p>\n<p><span style=%22color: #8b8554;%22><a href=%22#home-exposicions%22 style=%22color: #8b8554;%22>EXPOSICIONES<\/a> | <a href=%22#home-activitats%22 style=%22color: #8b8554;%22>ACTIVIDADES<\/a><br \/><a href=%22#home-jornades%22 style=%22color: #8b8554;%22>III JORNADAS PROFESIONALES<\/a> | <a href=%22#home-educacio%22 style=%22color: #8b8554;%22>EDUCACI\u00d3N<\/a><\/span><\/p>\n<p>\u00bb content_last_edited=\u00bbon|phone\u00bb _builder_version=\u00bb4.27.0&#8243; _module_preset=\u00bbdefault\u00bb text_font=\u00bbakrobat extrabold||||||||\u00bb text_text_color=\u00bbgcid-73263b73-b059-42fc-a61d-05da764fa408&#8243; text_orientation=\u00bbcenter\u00bb width_tablet=\u00bb\u00bb width_phone=\u00bb100%\u00bb width_last_edited=\u00bbon|phone\u00bb module_alignment=\u00bbcenter\u00bb module_alignment_last_edited=\u00bboff|phone\u00bb locked=\u00bboff\u00bb global_colors_info=\u00bb{%22gcid-73263b73-b059-42fc-a61d-05da764fa408%22:%91%22text_text_color%22%93}\u00bb]<\/p>\n<p><span style=\"color: #8b8554;\"><a href=\"#home-exposicions\" style=\"color: #8b8554;\">EXPOSICIONES<\/a> <a href=\"#home-activitats\" style=\"color: #8b8554;\">ACTIVIDADES<\/a> <a href=\"#home-jornades\" style=\"color: #8b8554;\">III JORNADAS PROFESIONALES<\/a> <a href=\"#home-educacio\" style=\"color: #8b8554;\">EDUCACI\u00d3N<\/a><\/span><\/p>\n<p>[\/et_pb_text][\/et_pb_column][\/et_pb_row][\/et_pb_section][et_pb_section fb_built=\u00bb1&#8243; custom_padding_last_edited=\u00bbon|phone\u00bb _builder_version=\u00bb4.25.0&#8243; _module_preset=\u00bbdefault\u00bb custom_padding=\u00bb||80px||false|false\u00bb custom_padding_tablet=\u00bb||60px||false|false\u00bb custom_padding_phone=\u00bb||50px||false|false\u00bb global_colors_info=\u00bb{}\u00bb][et_pb_row _builder_version=\u00bb4.27.0&#8243; _module_preset=\u00bbdefault\u00bb width=\u00bb70%\u00bb width_tablet=\u00bb90%\u00bb width_phone=\u00bb90%\u00bb width_last_edited=\u00bbon|tablet\u00bb module_alignment=\u00bbcenter\u00bb custom_margin=\u00bb0px||0px||false|false\u00bb custom_padding=\u00bb0px||0px||false|false\u00bb global_colors_info=\u00bb{}\u00bb][et_pb_column type=\u00bb4_4&#8243; _builder_version=\u00bb4.24.2&#8243; _module_preset=\u00bbdefault\u00bb global_colors_info=\u00bb{}\u00bb][et_pb_text _builder_version=\u00bb4.25.0&#8243; _module_preset=\u00bbdefault\u00bb text_font=\u00bbakrobat light||||||||\u00bb text_text_color=\u00bb#8b794f\u00bb text_font_size=\u00bb27px\u00bb text_line_height=\u00bb1.2em\u00bb text_orientation=\u00bbcenter\u00bb custom_margin=\u00bb||50px||false|false\u00bb custom_margin_tablet=\u00bb0px||||false|false\u00bb custom_margin_phone=\u00bb0px||||false|false\u00bb custom_margin_last_edited=\u00bbon|phone\u00bb text_font_size_tablet=\u00bb27px\u00bb text_font_size_phone=\u00bb23px\u00bb text_font_size_last_edited=\u00bbon|phone\u00bb locked=\u00bboff\u00bb inline_fonts=\u00bbakrobat light,Montserrat Light,akrobat extrabold\u00bb global_colors_info=\u00bb{}\u00bb]<\/p>\n<p><span style=\"font-family: 'akrobat extrabold';\">Festival Panor\u00e0mic<br \/><span style=\"font-weight: normal; font-family: 'akrobat light';\">Del 10 de octubre al 29 de diciembre<\/span><\/span><\/p>\n<p><span style=\"font-family: 'akrobat extrabold';\"><\/span><span style=\"font-family: 'akrobat extrabold';\"><span style=\"font-weight: normal;\">Fechas inaugurales<\/span><br \/><\/span> 10 de octubre | <span style=\"font-family: 'akrobat extrabold';\">GRANOLLERS<\/span><br \/>24 de octubre | <span style=\"font-family: 'akrobat extrabold';\">BARCELONA<\/span><br \/>14 de noviembre | <span style=\"font-family: 'akrobat extrabold';\">TERRASSA<\/span><\/p>\n<p>[\/et_pb_text][et_pb_text _builder_version=\u00bb4.25.0&#8243; _module_preset=\u00bbdefault\u00bb text_font=\u00bbMontserrat Light|200|||||||\u00bb text_text_color=\u00bb#000000&#8243; text_font_size=\u00bb22px\u00bb text_line_height=\u00bb1.3em\u00bb width=\u00bb100%\u00bb width_tablet=\u00bb100%\u00bb width_phone=\u00bb99%\u00bb width_last_edited=\u00bbon|tablet\u00bb max_width=\u00bb100%\u00bb module_alignment=\u00bbcenter\u00bb custom_margin_tablet=\u00bb\u00bb custom_margin_phone=\u00bb\u00bb custom_margin_last_edited=\u00bbon|phone\u00bb custom_padding_tablet=\u00bb\u00bb custom_padding_phone=\u00bb\u00bb custom_padding_last_edited=\u00bbon|tablet\u00bb text_font_size_tablet=\u00bb18px\u00bb text_font_size_phone=\u00bb16px\u00bb text_font_size_last_edited=\u00bbon|phone\u00bb locked=\u00bboff\u00bb inline_fonts=\u00bbMontserrat extra bold,akrobat extrabold\u00bb global_colors_info=\u00bb{}\u00bb]<\/p>\n<p style=\"text-align: center;\">En el primer cuarto del siglo XXI, estamos asistiendo a una <span style=\"font-family: 'Montserrat extra bold';\">polarizaci\u00f3n de la sociedad<\/span> en las llamadas \u00abeconom\u00edas avanzadas\u00bb, fruto de la concentraci\u00f3n del poder por parte de las grandes corporaciones en la era de la globalizaci\u00f3n.<\/p>\n<p style=\"text-align: center;\">La <span style=\"font-family: 'Montserrat extra bold'; font-weight: normal;\">polarizaci\u00f3n pol\u00edtica<\/span>, consecuencia m\u00e1s de la p\u00e9rdida de poder de los estados, provoca que la opini\u00f3n p\u00fablica se divida en dos extremos opuestos Esto dificulta encontrar consensos y pone en riesgo los sistemas democr\u00e1ticos a la vez que favorece las <span style=\"font-family: 'Montserrat extra bold'; font-weight: normal;\">pol\u00edticas populistas y autoritarias<\/span>.<\/p>\n<p>[\/et_pb_text][et_pb_text _builder_version=\u00bb4.25.0&#8243; _module_preset=\u00bbdefault\u00bb text_font=\u00bbakrobat light|200|||||||\u00bb text_text_color=\u00bb#000000&#8243; text_font_size=\u00bb20px\u00bb text_line_height=\u00bb1.3em\u00bb width=\u00bb100%\u00bb width_tablet=\u00bb100%\u00bb width_phone=\u00bb99%\u00bb width_last_edited=\u00bbon|tablet\u00bb max_width=\u00bb100%\u00bb module_alignment=\u00bbcenter\u00bb custom_margin_tablet=\u00bb\u00bb custom_margin_phone=\u00bb\u00bb custom_margin_last_edited=\u00bbon|phone\u00bb custom_padding_tablet=\u00bb\u00bb custom_padding_phone=\u00bb\u00bb custom_padding_last_edited=\u00bbon|tablet\u00bb text_font_size_tablet=\u00bb18px\u00bb text_font_size_phone=\u00bb16px\u00bb text_font_size_last_edited=\u00bbon|phone\u00bb locked=\u00bboff\u00bb inline_fonts=\u00bbMontserrat extra bold,akrobat extrabold\u00bb global_colors_info=\u00bb{}\u00bb]<\/p>\n<p style=\"text-align: center;\">Somos testigos de las desigualdades m\u00e1s acentuadas, tal y como demuestran la pervivencia de pr\u00e1cticas esclavistas, la emergencia de nuevos conflictos con terminolog\u00edas como \u00abla guerra contra el terrorismo\u00bb, que amenazan la seguridad de la sociedad internacional, o el fen\u00f3meno de las migraciones masivas y la nueva esclavitud.<\/p>\n<p class=\"p1\" style=\"text-align: center;\">El festival Panor\u00e0mic 2024 se centra en trabajos de artistas que realizan una revisi\u00f3n cr\u00edtica de la historia reciente y que, al mismo tiempo, reflexionan sobre la situaci\u00f3n geopol\u00edtica, econ\u00f3mica y social actual, marcada por la polarizaci\u00f3n y sus consecuencias. Por citar algunos, se\u00f1alamos la situaci\u00f3n de la gente mayor, la cuesti\u00f3n del g\u00e9nero, la precariedad laboral, los desplazamientos, las consecuencias de los desastres naturales y de las pol\u00edticas econ\u00f3micas, los l\u00edmites territoriales, el poder del dinero, la revisi\u00f3n de la historia, la proyecci\u00f3n de nuevos escenarios o dislocaciones hist\u00f3ricas\u2026<\/p>\n<p>[\/et_pb_text][et_pb_button button_url=\u00bbhttps:\/\/festivalpanoramic.cat\/wp-content\/uploads\/2024\/11\/Panoramic-Programa2024-2.pdf\u00bb url_new_window=\u00bbon\u00bb button_text=\u00bbDescargar programa\u00bb button_alignment=\u00bbcenter\u00bb _builder_version=\u00bb4.27.2&#8243; _module_preset=\u00bbdefault\u00bb custom_button=\u00bbon\u00bb button_text_size=\u00bb22px\u00bb button_text_color=\u00bb#FFFFFF\u00bb button_bg_color=\u00bbgcid-73263b73-b059-42fc-a61d-05da764fa408&#8243; button_font=\u00bbMontserrat extra bold||||||||\u00bb button_icon=\u00bb&#xf56d;||fa||900&#8243; button_on_hover=\u00bboff\u00bb custom_margin=\u00bb80px||10px||false|false\u00bb custom_margin_tablet=\u00bb60px||10px||false|false\u00bb custom_margin_phone=\u00bb40px||0px||false|false\u00bb custom_margin_last_edited=\u00bbon|phone\u00bb button_text_size_tablet=\u00bb16px\u00bb button_text_size_phone=\u00bb14px\u00bb button_text_size_last_edited=\u00bbon|tablet\u00bb locked=\u00bboff\u00bb global_colors_info=\u00bb{%22gcid-73263b73-b059-42fc-a61d-05da764fa408%22:%91%22button_bg_color%22%93}\u00bb][\/et_pb_button][\/et_pb_column][\/et_pb_row][\/et_pb_section][et_pb_section fb_built=\u00bb1&#8243; admin_label=\u00bbExposicions\u00bb module_id=\u00bbhome-exposicions\u00bb _builder_version=\u00bb4.27.0&#8243; _module_preset=\u00bbdefault\u00bb background_color=\u00bbgcid-e6d4fad3-dea9-4642-9110-e490537dd459&#8243; locked=\u00bboff\u00bb global_colors_info=\u00bb{%22gcid-e6d4fad3-dea9-4642-9110-e490537dd459%22:%91%22background_color%22%93}\u00bb][et_pb_row custom_padding_last_edited=\u00bbon|phone\u00bb _builder_version=\u00bb4.25.0&#8243; _module_preset=\u00bbdefault\u00bb width_tablet=\u00bb\u00bb width_phone=\u00bb90%\u00bb width_last_edited=\u00bbon|phone\u00bb custom_padding_tablet=\u00bb\u00bb custom_padding_phone=\u00bb||0px||false|false\u00bb global_colors_info=\u00bb{}\u00bb][et_pb_column type=\u00bb4_4&#8243; _builder_version=\u00bb4.16&#8243; _module_preset=\u00bbdefault\u00bb global_colors_info=\u00bb{}\u00bb][et_pb_text _builder_version=\u00bb4.25.0&#8243; _module_preset=\u00bbdefault\u00bb text_font=\u00bbakrobat light||||||||\u00bb text_text_color=\u00bb#8b794f\u00bb text_font_size=\u00bb27px\u00bb text_line_height=\u00bb1.1em\u00bb text_orientation=\u00bbcenter\u00bb custom_margin=\u00bb-16px||44px||false|false\u00bb custom_margin_tablet=\u00bb||70px||false|false\u00bb custom_margin_phone=\u00bb-28px||||false|false\u00bb custom_margin_last_edited=\u00bbon|phone\u00bb text_font_size_tablet=\u00bb27px\u00bb text_font_size_phone=\u00bb23px\u00bb text_font_size_last_edited=\u00bbon|phone\u00bb inline_fonts=\u00bbakrobat extrabold\u00bb global_colors_info=\u00bb{}\u00bb]<\/p>\n<p><span style=\"font-family: 'akrobat extrabold';\">GRANOLLERS \u2014 BARCELONA \u2014 TERRASSA<br \/><\/span>10.10\u201429.12.2024<\/p>\n<p>[\/et_pb_text][et_pb_text _builder_version=\u00bb4.27.0&#8243; _module_preset=\u00bbdefault\u00bb text_font=\u00bbMontserrat extra bold||||||||\u00bb text_text_color=\u00bb#000000&#8243; text_font_size=\u00bb60px\u00bb text_orientation=\u00bbcenter\u00bb custom_margin=\u00bb||49px||false|false\u00bb custom_margin_tablet=\u00bb||49px||false|false\u00bb custom_margin_phone=\u00bb-27px||123px||false|false\u00bb custom_margin_last_edited=\u00bbon|phone\u00bb text_font_size_tablet=\u00bb40px\u00bb text_font_size_phone=\u00bb32px\u00bb text_font_size_last_edited=\u00bbon|tablet\u00bb global_colors_info=\u00bb{}\u00bb]<\/p>\n<p class=\"p1\">Exposiciones<\/p>\n<p>[\/et_pb_text][et_pb_text _builder_version=\u00bb4.25.0&#8243; _module_preset=\u00bbdefault\u00bb text_font=\u00bbakrobat light||||||||\u00bb text_text_color=\u00bb#000000&#8243; text_font_size=\u00bb20px\u00bb text_line_height=\u00bb1.5em\u00bb custom_margin=\u00bb-18px||||false|false\u00bb custom_margin_tablet=\u00bb-18px||||false|false\u00bb custom_margin_phone=\u00bb-100px||23px||false|false\u00bb custom_margin_last_edited=\u00bbon|phone\u00bb text_font_size_tablet=\u00bb20px\u00bb text_font_size_phone=\u00bb18px\u00bb text_font_size_last_edited=\u00bbon|phone\u00bb text_line_height_tablet=\u00bb1.5em\u00bb text_line_height_phone=\u00bb1.4em\u00bb text_line_height_last_edited=\u00bbon|phone\u00bb inline_fonts=\u00bbakrobat extrabold\u00bb global_colors_info=\u00bb{}\u00bb]<\/p>\n<div class=\"page\" title=\"Page 1\">\n<div class=\"section\">\n<div class=\"layoutArea\">\n<div class=\"column\">\n<p style=\"text-align: center;\"><span>El programa expositivo del festival explora la tem\u00e1tica del festival a trav\u00e9s del trabajo de artistas catalanes e internacionales. Una selecci\u00f3n esmerada y diversa ofrece en cada edici\u00f3n unas exposiciones \u00fanicas de artistas que nos permiten reflexionar y aprender sobre el concepto que el festival propone. Dentro del programa encontramos la diversidad de proyectos a trav\u00e9s de las secciones <\/span><span>Panora\u0300mic File<\/span><span>, donde se invitan a creadores\/as a revisitar archivos fotogr\u00e1ficos para crear una instalaci\u00f3n en el espacio p\u00fablico, <\/span><span>Panora\u0300mic Review<\/span><span>, donde cada a\u00f1o se redescubre una figura o un movimiento que ha sido relevante en el mundo audiovisual, pero que es desconocido por el gran p\u00fablico, y la muestra <\/span><span>Open Panora\u0300mic <\/span><span>que recopila los proyectos preseleccionados de la convocatoria nacional que cada edici\u00f3n organiza el festival. <\/span> <\/p>\n<\/div>\n<\/div>\n<\/div>\n<\/div>\n<p>[\/et_pb_text][\/et_pb_column][\/et_pb_row][et_pb_row use_custom_gutter=\u00bbon\u00bb gutter_width=\u00bb1&#8243; custom_padding_last_edited=\u00bbon|phone\u00bb _builder_version=\u00bb4.25.0&#8243; _module_preset=\u00bbdefault\u00bb width=\u00bb95%\u00bb width_tablet=\u00bb95%\u00bb width_phone=\u00bb90%\u00bb width_last_edited=\u00bbon|phone\u00bb max_width=\u00bb2560px\u00bb module_alignment=\u00bbcenter\u00bb custom_padding_tablet=\u00bb\u00bb custom_padding_phone=\u00bb||0px||false|false\u00bb global_colors_info=\u00bb{}\u00bb][et_pb_column type=\u00bb4_4&#8243; _builder_version=\u00bb4.16&#8243; _module_preset=\u00bbdefault\u00bb global_colors_info=\u00bb{}\u00bb][et_pb_button button_url=\u00bbhttps:\/\/festivalpanoramic.cat\/es\/exposiciones-2024\/\u00bb button_text=\u00bbVer todas las exposiciones\u00bb button_alignment=\u00bbcenter\u00bb _builder_version=\u00bb4.25.0&#8243; _module_preset=\u00bbdefault\u00bb custom_button=\u00bbon\u00bb button_text_size=\u00bb21px\u00bb button_text_color=\u00bb#000000&#8243; button_border_width=\u00bb0px\u00bb button_font=\u00bbakrobat extrabold||||||||\u00bb button_icon=\u00bb&#x24;||divi||400&#8243; custom_margin=\u00bb||25px||false|false\u00bb global_colors_info=\u00bb{}\u00bb][\/et_pb_button][et_pb_portfolio fullwidth=\u00bboff\u00bb posts_number=\u00bb8&#8243; include_categories=\u00bb121&#8243; show_categories=\u00bboff\u00bb show_pagination=\u00bboff\u00bb zoom_icon_color=\u00bb#000000&#8243; _builder_version=\u00bb4.27.0&#8243; _module_preset=\u00bbdefault\u00bb title_font=\u00bbMontserrat extra bold||||||||\u00bb title_text_color=\u00bb#000000&#8243; custom_padding=\u00bb||||false|false\u00bb title_font_size_tablet=\u00bb18px\u00bb title_font_size_phone=\u00bb18px\u00bb title_font_size_last_edited=\u00bbon|phone\u00bb border_width_all=\u00bb4px\u00bb border_color_all=\u00bb#e2e0d4&#8243; border_width_bottom=\u00bb18px\u00bb global_colors_info=\u00bb{}\u00bb][\/et_pb_portfolio][\/et_pb_column][\/et_pb_row][\/et_pb_section][et_pb_section fb_built=\u00bb1&#8243; admin_label=\u00bbActivitats\u00bb module_id=\u00bbhome-jornades\u00bb _builder_version=\u00bb4.27.0&#8243; _module_preset=\u00bbdefault\u00bb background_color=\u00bb#FFFFFF\u00bb locked=\u00bboff\u00bb global_colors_info=\u00bb{}\u00bb][et_pb_row custom_padding_last_edited=\u00bbon|phone\u00bb _builder_version=\u00bb4.27.0&#8243; _module_preset=\u00bbdefault\u00bb width_tablet=\u00bb90%\u00bb width_phone=\u00bb90%\u00bb width_last_edited=\u00bbon|phone\u00bb custom_margin=\u00bb16px||||false|false\u00bb custom_margin_tablet=\u00bb0px||||false|false\u00bb custom_margin_phone=\u00bb||0px||false|false\u00bb custom_margin_last_edited=\u00bbon|phone\u00bb custom_padding_tablet=\u00bb\u00bb custom_padding_phone=\u00bb||0px||false|false\u00bb global_colors_info=\u00bb{}\u00bb][et_pb_column type=\u00bb4_4&#8243; _builder_version=\u00bb4.16&#8243; _module_preset=\u00bbdefault\u00bb global_colors_info=\u00bb{}\u00bb][et_pb_text _builder_version=\u00bb4.27.0&#8243; _module_preset=\u00bbdefault\u00bb text_font=\u00bbMontserrat extra bold||||||||\u00bb text_text_color=\u00bb#000000&#8243; text_font_size=\u00bb60px\u00bb text_line_height=\u00bb1em\u00bb text_orientation=\u00bbcenter\u00bb custom_margin=\u00bb||49px||false|false\u00bb custom_margin_tablet=\u00bb||49px||false|false\u00bb custom_margin_phone=\u00bb-27px||123px||false|false\u00bb custom_margin_last_edited=\u00bbon|phone\u00bb text_font_size_tablet=\u00bb40px\u00bb text_font_size_phone=\u00bb40px\u00bb text_font_size_last_edited=\u00bbon|phone\u00bb global_colors_info=\u00bb{}\u00bb]<\/p>\n<p>III Jornadas Profesionales<\/p>\n<p>[\/et_pb_text][et_pb_text _builder_version=\u00bb4.27.0&#8243; _module_preset=\u00bbdefault\u00bb text_font=\u00bbakrobat light||||||||\u00bb text_text_color=\u00bb#000000&#8243; text_font_size=\u00bb20px\u00bb text_line_height=\u00bb1.5em\u00bb width=\u00bb80%\u00bb width_tablet=\u00bb100%\u00bb width_phone=\u00bb100%\u00bb width_last_edited=\u00bbon|phone\u00bb module_alignment=\u00bbcenter\u00bb custom_margin=\u00bb-18px||||false|false\u00bb custom_margin_tablet=\u00bb-18px||||false|false\u00bb custom_margin_phone=\u00bb-100px||23px||false|false\u00bb custom_margin_last_edited=\u00bbon|phone\u00bb text_font_size_tablet=\u00bb20px\u00bb text_font_size_phone=\u00bb18px\u00bb text_font_size_last_edited=\u00bbon|phone\u00bb text_line_height_tablet=\u00bb1.5em\u00bb text_line_height_phone=\u00bb1.4em\u00bb text_line_height_last_edited=\u00bbon|phone\u00bb inline_fonts=\u00bbakrobat extrabold\u00bb global_colors_info=\u00bb{}\u00bb]<\/p>\n<p style=\"text-align: center;\"><span style=\"font-weight: 400;\">El festival Panor\u00e0mic organiza las terceras Jornadas Profesionales para visitar las exposiciones y crear un espacio de encuentro en el que se puedan intercambiar conocimientos entre los distintos profesionales del sector de la cultura y las artes visuales. Pueden participar los responsables t\u00e9cnicos de artes visuales de los municipios, los t\u00e9cnicos de cultura, los responsables de los espacios culturales y de exposici\u00f3n y\/o personas que tengan inter\u00e9s en conocer de primera mano la organizaci\u00f3n de programaciones de artes visuales. <\/span><\/p>\n<p>[\/et_pb_text][\/et_pb_column][\/et_pb_row][et_pb_row column_structure=\u00bb1_6,1_6,1_6,1_6,1_6,1_6&#8243; use_custom_gutter=\u00bbon\u00bb gutter_width=\u00bb1&#8243; _builder_version=\u00bb4.27.0&#8243; _module_preset=\u00bbdefault\u00bb width=\u00bb90%\u00bb max_width=\u00bb2560px\u00bb global_colors_info=\u00bb{}\u00bb][et_pb_column type=\u00bb1_6&#8243; _builder_version=\u00bb4.27.0&#8243; _module_preset=\u00bbdefault\u00bb global_colors_info=\u00bb{}\u00bb][et_pb_blurb title=\u00bbJornada de t\u00e9cnicos de artes visuales y de cultura\u00bb image=\u00bbhttps:\/\/festivalpanoramic.cat\/wp-content\/uploads\/2024\/10\/img-jp01.png\u00bb content_max_width=\u00bb1100px\u00bb module_class=\u00bbblurb-custom\u00bb _builder_version=\u00bb4.27.0&#8243; _module_preset=\u00bbdefault\u00bb header_font_size=\u00bb1.1em\u00bb body_font=\u00bbMontserrat extra bold||||||||\u00bb body_text_color=\u00bb#FFFFFF\u00bb link_option_url=\u00bbhttps:\/\/festivalpanoramic.cat\/agenda\/jornada-de-tecnics-darts-visuals-i-de-cultura\/\u00bb header_font_size_tablet=\u00bb1.5em\u00bb header_font_size_phone=\u00bb1.4em\u00bb header_font_size_last_edited=\u00bbon|tablet\u00bb custom_css_free_form=\u00bb.blurb-custom {||    position: relative; \/* Hace que este contenedor act\u00fae como referencia para los elementos posicionados *\/||}||||.blurb-custom .et_pb_main_blurb_image {||    position: relative;||    z-index: 1; \/* Mantiene la imagen en el fondo *\/||    display: block;||    width: 100%; \/* Asegura que la imagen ocupe todo el contenedor *\/||    height: auto;||}||||.blurb-custom h4.et_pb_module_header {||    position: absolute;||    top: 0; \/* Posiciona el t\u00edtulo en la parte superior *\/||    left: 0; \/* Alinea el t\u00edtulo a la izquierda *\/||    z-index: 10; \/* Coloca el t\u00edtulo encima de la imagen *\/||    color: white; \/* Color del texto *\/||    padding: 15px !important;||    margin: 0;||    width: 100%;||    box-sizing: border-box;||}||||.blurb-custom .et_pb_blurb_description {||    position: absolute;||    bottom: 0; \/* Coloca la descripci\u00f3n en la parte inferior de la imagen *\/||    left: 0; \/* Alinea la descripci\u00f3n a la izquierda *\/||    z-index: 10; \/* Asegura que est\u00e9 por encima de la imagen *\/||    color: white; \/* Color del texto *\/||    padding: 15px !important;||    margin: 0;||    width: 100%; \/* Asegura que la descripci\u00f3n ocupe todo el ancho del contenedor *\/||    box-sizing: border-box; \/* Mantiene el padding dentro del ancho *\/||}||||.blurb-custom .et_pb_blurb_container {||    position: absolute;||    top: 0;||    left: 0;||    right: 0;||    bottom: 0; \/* Asegura que el contenedor cubra toda el \u00e1rea de la imagen *\/||    z-index: 5; \/* Coloca el contenedor detr\u00e1s del texto *\/||}||\u00bb border_width_all=\u00bb3px\u00bb border_color_all=\u00bb#FFFFFF\u00bb border_width_all_tablet=\u00bb5px\u00bb border_width_all_phone=\u00bb0px\u00bb border_width_all_last_edited=\u00bbon|phone\u00bb global_colors_info=\u00bb{}\u00bb]<\/p>\n<p><span style=\"font-size: x-large;\">+<\/span><\/p>\n<p>[\/et_pb_blurb][\/et_pb_column][et_pb_column type=\u00bb1_6&#8243; _builder_version=\u00bb4.27.0&#8243; _module_preset=\u00bbdefault\u00bb global_colors_info=\u00bb{}\u00bb][et_pb_blurb title=\u00bbOpen Panor\u00e0mic 2024. Jornada del visionado \u00bb image=\u00bbhttps:\/\/festivalpanoramic.cat\/wp-content\/uploads\/2024\/10\/img-jp02.png\u00bb content_max_width=\u00bb1100px\u00bb module_class=\u00bbblurb-custom\u00bb _builder_version=\u00bb4.27.0&#8243; _module_preset=\u00bbdefault\u00bb header_font_size=\u00bb1.1em\u00bb body_font=\u00bbMontserrat extra bold||||||||\u00bb body_text_color=\u00bb#FFFFFF\u00bb link_option_url=\u00bbhttps:\/\/festivalpanoramic.cat\/agenda\/jornada-del-visionament-open-panoramic-2024\/\u00bb header_font_size_tablet=\u00bb1.5em\u00bb header_font_size_phone=\u00bb1.4em\u00bb header_font_size_last_edited=\u00bbon|tablet\u00bb custom_css_free_form=\u00bb.blurb-custom {||    position: relative; \/* Hace que este contenedor act\u00fae como referencia para los elementos posicionados *\/||}||||.blurb-custom .et_pb_main_blurb_image {||    position: relative;||    z-index: 1; \/* Mantiene la imagen en el fondo *\/||    display: block;||    width: 100%; \/* Asegura que la imagen ocupe todo el contenedor *\/||    height: auto;||}||||.blurb-custom h4.et_pb_module_header {||    position: absolute;||    top: 0; \/* Posiciona el t\u00edtulo en la parte superior *\/||    left: 0; \/* Alinea el t\u00edtulo a la izquierda *\/||    z-index: 10; \/* Coloca el t\u00edtulo encima de la imagen *\/||    color: white; \/* Color del texto *\/||    padding: 15px !important;||    margin: 0;||    width: 100%;||    box-sizing: border-box;||}||||.blurb-custom .et_pb_blurb_description {||    position: absolute;||    bottom: 0; \/* Coloca la descripci\u00f3n en la parte inferior de la imagen *\/||    left: 0; \/* Alinea la descripci\u00f3n a la izquierda *\/||    z-index: 10; \/* Asegura que est\u00e9 por encima de la imagen *\/||    color: white; \/* Color del texto *\/||    padding: 15px !important;||    margin: 0;||    width: 100%; \/* Asegura que la descripci\u00f3n ocupe todo el ancho del contenedor *\/||    box-sizing: border-box; \/* Mantiene el padding dentro del ancho *\/||}||||.blurb-custom .et_pb_blurb_container {||    position: absolute;||    top: 0;||    left: 0;||    right: 0;||    bottom: 0; \/* Asegura que el contenedor cubra toda el \u00e1rea de la imagen *\/||    z-index: 5; \/* Coloca el contenedor detr\u00e1s del texto *\/||}||\u00bb border_width_all=\u00bb3px\u00bb border_color_all=\u00bb#FFFFFF\u00bb border_width_all_tablet=\u00bb5px\u00bb border_width_all_phone=\u00bb0px\u00bb border_width_all_last_edited=\u00bbon|phone\u00bb global_colors_info=\u00bb{}\u00bb]<\/p>\n<p><span style=\"font-size: x-large;\">+<\/span><\/p>\n<p>[\/et_pb_blurb][\/et_pb_column][et_pb_column type=\u00bb1_6&#8243; _builder_version=\u00bb4.27.0&#8243; _module_preset=\u00bbdefault\u00bb global_colors_info=\u00bb{}\u00bb][et_pb_blurb title=\u00bbJornada profesional de networking &quot;De festival en festival&quot;\u00bb image=\u00bbhttps:\/\/festivalpanoramic.cat\/wp-content\/uploads\/2024\/10\/img-jp03.png\u00bb content_max_width=\u00bb1100px\u00bb module_class=\u00bbblurb-custom\u00bb _builder_version=\u00bb4.27.0&#8243; _module_preset=\u00bbdefault\u00bb header_font_size=\u00bb1.1em\u00bb body_font=\u00bbMontserrat extra bold||||||||\u00bb body_text_color=\u00bb#FFFFFF\u00bb link_option_url=\u00bbhttps:\/\/festivalpanoramic.cat\/agenda\/jornada-professional-de-networking-de-festival-en-festival\/\u00bb header_font_size_tablet=\u00bb1.5em\u00bb header_font_size_phone=\u00bb1.4em\u00bb header_font_size_last_edited=\u00bbon|tablet\u00bb custom_css_free_form=\u00bb.blurb-custom {||    position: relative; \/* Hace que este contenedor act\u00fae como referencia para los elementos posicionados *\/||}||||.blurb-custom .et_pb_main_blurb_image {||    position: relative;||    z-index: 1; \/* Mantiene la imagen en el fondo *\/||    display: block;||    width: 100%; \/* Asegura que la imagen ocupe todo el contenedor *\/||    height: auto;||}||||.blurb-custom h4.et_pb_module_header {||    position: absolute;||    top: 0; \/* Posiciona el t\u00edtulo en la parte superior *\/||    left: 0; \/* Alinea el t\u00edtulo a la izquierda *\/||    z-index: 10; \/* Coloca el t\u00edtulo encima de la imagen *\/||    color: white; \/* Color del texto *\/||    padding: 15px !important;||    margin: 0;||    width: 100%;||    box-sizing: border-box;||}||||.blurb-custom .et_pb_blurb_description {||    position: absolute;||    bottom: 0; \/* Coloca la descripci\u00f3n en la parte inferior de la imagen *\/||    left: 0; \/* Alinea la descripci\u00f3n a la izquierda *\/||    z-index: 10; \/* Asegura que est\u00e9 por encima de la imagen *\/||    color: white; \/* Color del texto *\/||    padding: 15px !important;||    margin: 0;||    width: 100%; \/* Asegura que la descripci\u00f3n ocupe todo el ancho del contenedor *\/||    box-sizing: border-box; \/* Mantiene el padding dentro del ancho *\/||}||||.blurb-custom .et_pb_blurb_container {||    position: absolute;||    top: 0;||    left: 0;||    right: 0;||    bottom: 0; \/* Asegura que el contenedor cubra toda el \u00e1rea de la imagen *\/||    z-index: 5; \/* Coloca el contenedor detr\u00e1s del texto *\/||}||\u00bb border_width_all=\u00bb3px\u00bb border_color_all=\u00bb#FFFFFF\u00bb border_width_all_tablet=\u00bb5px\u00bb border_width_all_phone=\u00bb0px\u00bb border_width_all_last_edited=\u00bbon|phone\u00bb global_colors_info=\u00bb{}\u00bb]<\/p>\n<p><span style=\"font-size: x-large;\">+<\/span><\/p>\n<p>[\/et_pb_blurb][\/et_pb_column][et_pb_column type=\u00bb1_6&#8243; _builder_version=\u00bb4.27.0&#8243; _module_preset=\u00bbdefault\u00bb global_colors_info=\u00bb{}\u00bb][et_pb_blurb title=\u00bbConferencias KBr Fundaci\u00f3n MAPFRE &#8211; Festival Panor\u00e0mic\u00bb image=\u00bbhttps:\/\/festivalpanoramic.cat\/wp-content\/uploads\/2024\/10\/img-jp04.png\u00bb content_max_width=\u00bb1100px\u00bb module_class=\u00bbblurb-custom\u00bb _builder_version=\u00bb4.27.0&#8243; _module_preset=\u00bbdefault\u00bb header_font_size=\u00bb1.1em\u00bb body_font=\u00bbMontserrat extra bold||||||||\u00bb body_text_color=\u00bb#FFFFFF\u00bb link_option_url=\u00bbhttps:\/\/festivalpanoramic.cat\/agenda\/llista\/?tribe_eventcategory%5B0%5D=108&#8243; header_font_size_tablet=\u00bb1.5em\u00bb header_font_size_phone=\u00bb1.4em\u00bb header_font_size_last_edited=\u00bbon|tablet\u00bb custom_css_free_form=\u00bb.blurb-custom {||    position: relative; \/* Hace que este contenedor act\u00fae como referencia para los elementos posicionados *\/||}||||.blurb-custom .et_pb_main_blurb_image {||    position: relative;||    z-index: 1; \/* Mantiene la imagen en el fondo *\/||    display: block;||    width: 100%; \/* Asegura que la imagen ocupe todo el contenedor *\/||    height: auto;||}||||.blurb-custom h4.et_pb_module_header {||    position: absolute;||    top: 0; \/* Posiciona el t\u00edtulo en la parte superior *\/||    left: 0; \/* Alinea el t\u00edtulo a la izquierda *\/||    z-index: 10; \/* Coloca el t\u00edtulo encima de la imagen *\/||    color: white; \/* Color del texto *\/||    padding: 15px !important;||    margin: 0;||    width: 100%;||    box-sizing: border-box;||}||||.blurb-custom .et_pb_blurb_description {||    position: absolute;||    bottom: 0; \/* Coloca la descripci\u00f3n en la parte inferior de la imagen *\/||    left: 0; \/* Alinea la descripci\u00f3n a la izquierda *\/||    z-index: 10; \/* Asegura que est\u00e9 por encima de la imagen *\/||    color: white; \/* Color del texto *\/||    padding: 15px !important;||    margin: 0;||    width: 100%; \/* Asegura que la descripci\u00f3n ocupe todo el ancho del contenedor *\/||    box-sizing: border-box; \/* Mantiene el padding dentro del ancho *\/||}||||.blurb-custom .et_pb_blurb_container {||    position: absolute;||    top: 0;||    left: 0;||    right: 0;||    bottom: 0; \/* Asegura que el contenedor cubra toda el \u00e1rea de la imagen *\/||    z-index: 5; \/* Coloca el contenedor detr\u00e1s del texto *\/||}||\u00bb border_width_all=\u00bb3px\u00bb border_color_all=\u00bb#FFFFFF\u00bb border_width_all_tablet=\u00bb5px\u00bb border_width_all_phone=\u00bb0px\u00bb border_width_all_last_edited=\u00bbon|phone\u00bb global_colors_info=\u00bb{}\u00bb]<\/p>\n<p><span style=\"font-size: x-large;\">+<\/span><\/p>\n<p>[\/et_pb_blurb][\/et_pb_column][et_pb_column type=\u00bb1_6&#8243; _builder_version=\u00bb4.27.0&#8243; _module_preset=\u00bbdefault\u00bb global_colors_info=\u00bb{}\u00bb][et_pb_blurb title=\u00bbJornada &quot;El papel de los archivos en la creaci\u00f3n contempor\u00e1nea&quot;\u00bb image=\u00bbhttps:\/\/festivalpanoramic.cat\/wp-content\/uploads\/2024\/11\/Imatge-Jornades-Arxiu-scaled.jpg\u00bb content_max_width=\u00bb1100px\u00bb module_class=\u00bbblurb-custom\u00bb _builder_version=\u00bb4.27.2&#8243; _module_preset=\u00bbdefault\u00bb header_font_size=\u00bb1.1em\u00bb body_font=\u00bbMontserrat extra bold||||||||\u00bb body_text_color=\u00bb#FFFFFF\u00bb link_option_url=\u00bbhttps:\/\/festivalpanoramic.cat\/agenda\/jornada-el-paper-dels-arxius-en-la-creacio-contemporania-2\/\u00bb header_font_size_tablet=\u00bb1.5em\u00bb header_font_size_phone=\u00bb1.4em\u00bb header_font_size_last_edited=\u00bbon|tablet\u00bb custom_css_free_form=\u00bb.blurb-custom {||    position: relative; \/* Hace que este contenedor act\u00fae como referencia para los elementos posicionados *\/||}||||.blurb-custom .et_pb_main_blurb_image {||    position: relative;||    z-index: 1; \/* Mantiene la imagen en el fondo *\/||    display: block;||    width: 100%; \/* Asegura que la imagen ocupe todo el contenedor *\/||    height: auto;||}||||.blurb-custom h4.et_pb_module_header {||    position: absolute;||    top: 0; \/* Posiciona el t\u00edtulo en la parte superior *\/||    left: 0; \/* Alinea el t\u00edtulo a la izquierda *\/||    z-index: 10; \/* Coloca el t\u00edtulo encima de la imagen *\/||    color: white; \/* Color del texto *\/||    padding: 15px !important;||    margin: 0;||    width: 100%;||    box-sizing: border-box;||}||||.blurb-custom .et_pb_blurb_description {||    position: absolute;||    bottom: 0; \/* Coloca la descripci\u00f3n en la parte inferior de la imagen *\/||    left: 0; \/* Alinea la descripci\u00f3n a la izquierda *\/||    z-index: 10; \/* Asegura que est\u00e9 por encima de la imagen *\/||    color: white; \/* Color del texto *\/||    padding: 15px !important;||    margin: 0;||    width: 100%; \/* Asegura que la descripci\u00f3n ocupe todo el ancho del contenedor *\/||    box-sizing: border-box; \/* Mantiene el padding dentro del ancho *\/||}||||.blurb-custom .et_pb_blurb_container {||    position: absolute;||    top: 0;||    left: 0;||    right: 0;||    bottom: 0; \/* Asegura que el contenedor cubra toda el \u00e1rea de la imagen *\/||    z-index: 5; \/* Coloca el contenedor detr\u00e1s del texto *\/||}||\u00bb border_width_all=\u00bb3px\u00bb border_color_all=\u00bb#FFFFFF\u00bb border_width_all_tablet=\u00bb5px\u00bb border_width_all_phone=\u00bb0px\u00bb border_width_all_last_edited=\u00bbon|phone\u00bb global_colors_info=\u00bb{}\u00bb]<\/p>\n<p><span style=\"font-size: x-large;\">+<\/span><\/p>\n<p>[\/et_pb_blurb][\/et_pb_column][et_pb_column type=\u00bb1_6&#8243; _builder_version=\u00bb4.27.0&#8243; _module_preset=\u00bbdefault\u00bb global_colors_info=\u00bb{}\u00bb][et_pb_blurb title=\u00bbSegundo encuentro de responsables de Festivales de Artes Visuales en Catalu\u00f1a\u00bb image=\u00bbhttps:\/\/festivalpanoramic.cat\/wp-content\/uploads\/2024\/10\/img-jp06.png\u00bb content_max_width=\u00bb1100px\u00bb module_class=\u00bbblurb-custom\u00bb _builder_version=\u00bb4.27.2&#8243; _module_preset=\u00bbdefault\u00bb header_font_size=\u00bb1.1em\u00bb body_font=\u00bbMontserrat extra bold||||||||\u00bb body_text_color=\u00bb#FFFFFF\u00bb link_option_url=\u00bbhttps:\/\/festivalpanoramic.cat\/agenda\/segona-trobada-de-responsables-de-festivals-darts-visuals-a-catalunya\/\u00bb header_font_size_tablet=\u00bb1.5em\u00bb header_font_size_phone=\u00bb1.4em\u00bb header_font_size_last_edited=\u00bbon|tablet\u00bb custom_css_free_form=\u00bb.blurb-custom {||    position: relative; \/* Hace que este contenedor act\u00fae como referencia para los elementos posicionados *\/||}||||.blurb-custom .et_pb_main_blurb_image {||    position: relative;||    z-index: 1; \/* Mantiene la imagen en el fondo *\/||    display: block;||    width: 100%; \/* Asegura que la imagen ocupe todo el contenedor *\/||    height: auto;||}||||.blurb-custom h4.et_pb_module_header {||    position: absolute;||    top: 0; \/* Posiciona el t\u00edtulo en la parte superior *\/||    left: 0; \/* Alinea el t\u00edtulo a la izquierda *\/||    z-index: 10; \/* Coloca el t\u00edtulo encima de la imagen *\/||    color: white; \/* Color del texto *\/||    padding: 15px !important;||    margin: 0;||    width: 100%;||    box-sizing: border-box;||}||||.blurb-custom .et_pb_blurb_description {||    position: absolute;||    bottom: 0; \/* Coloca la descripci\u00f3n en la parte inferior de la imagen *\/||    left: 0; \/* Alinea la descripci\u00f3n a la izquierda *\/||    z-index: 10; \/* Asegura que est\u00e9 por encima de la imagen *\/||    color: white; \/* Color del texto *\/||    padding: 15px !important;||    margin: 0;||    width: 100%; \/* Asegura que la descripci\u00f3n ocupe todo el ancho del contenedor *\/||    box-sizing: border-box; \/* Mantiene el padding dentro del ancho *\/||}||||.blurb-custom .et_pb_blurb_container {||    position: absolute;||    top: 0;||    left: 0;||    right: 0;||    bottom: 0; \/* Asegura que el contenedor cubra toda el \u00e1rea de la imagen *\/||    z-index: 5; \/* Coloca el contenedor detr\u00e1s del texto *\/||}||\u00bb border_width_all=\u00bb3px\u00bb border_color_all=\u00bb#FFFFFF\u00bb border_width_all_tablet=\u00bb5px\u00bb border_width_all_phone=\u00bb0px\u00bb border_width_all_last_edited=\u00bbon|phone\u00bb global_colors_info=\u00bb{}\u00bb]<\/p>\n<p><span style=\"font-size: x-large;\">+<\/span><\/p>\n<p>[\/et_pb_blurb][\/et_pb_column][\/et_pb_row][\/et_pb_section][et_pb_section fb_built=\u00bb1&#8243; admin_label=\u00bbPrograma educatiu\u00bb module_id=\u00bbhome-educacio\u00bb _builder_version=\u00bb4.27.0&#8243; _module_preset=\u00bbdefault\u00bb background_color=\u00bb#e8e8e8&#8243; locked=\u00bboff\u00bb collapsed=\u00bbon\u00bb global_colors_info=\u00bb{}\u00bb][et_pb_row custom_padding_last_edited=\u00bbon|phone\u00bb _builder_version=\u00bb4.25.0&#8243; _module_preset=\u00bbdefault\u00bb width_tablet=\u00bb\u00bb width_phone=\u00bb90%\u00bb width_last_edited=\u00bbon|phone\u00bb custom_margin_tablet=\u00bb\u00bb custom_margin_phone=\u00bb0px||||false|false\u00bb custom_margin_last_edited=\u00bbon|phone\u00bb custom_padding_tablet=\u00bb\u00bb custom_padding_phone=\u00bb0px||||false|false\u00bb global_colors_info=\u00bb{}\u00bb][et_pb_column type=\u00bb4_4&#8243; _builder_version=\u00bb4.16&#8243; _module_preset=\u00bbdefault\u00bb global_colors_info=\u00bb{}\u00bb][et_pb_text _builder_version=\u00bb4.27.0&#8243; _module_preset=\u00bbdefault\u00bb text_font=\u00bbMontserrat extra bold||||||||\u00bb text_text_color=\u00bb#000000&#8243; text_font_size=\u00bb60px\u00bb text_line_height=\u00bb1.1em\u00bb text_orientation=\u00bbcenter\u00bb custom_margin=\u00bb||49px||false|false\u00bb text_font_size_tablet=\u00bb40px\u00bb text_font_size_phone=\u00bb32px\u00bb text_font_size_last_edited=\u00bbon|tablet\u00bb global_colors_info=\u00bb{}\u00bb]<\/p>\n<p>Panor\u00e0mic Educaci\u00f3n<\/p>\n<p>[\/et_pb_text][et_pb_text _builder_version=\u00bb4.27.0&#8243; _module_preset=\u00bbdefault\u00bb text_font=\u00bbakrobat light||||||||\u00bb text_text_color=\u00bb#000000&#8243; text_font_size=\u00bb20px\u00bb text_line_height=\u00bb1.5em\u00bb module_alignment=\u00bbcenter\u00bb custom_margin=\u00bb-18px||||false|false\u00bb custom_margin_tablet=\u00bb-18px||||false|false\u00bb custom_margin_phone=\u00bb-18px||||false|false\u00bb custom_margin_last_edited=\u00bbon|phone\u00bb text_font_size_tablet=\u00bb20px\u00bb text_font_size_phone=\u00bb18px\u00bb text_font_size_last_edited=\u00bbon|phone\u00bb text_line_height_tablet=\u00bb1.5em\u00bb text_line_height_phone=\u00bb1.4em\u00bb text_line_height_last_edited=\u00bbon|phone\u00bb global_colors_info=\u00bb{}\u00bb]<\/p>\n<p style=\"text-align: center;\">Panor\u00e0mic apuesta por la educaci\u00f3n en la cultura visual, y por esta raz\u00f3n desde los inicios del festival hemos creado una propuesta pedag\u00f3gica para acercar los contenidos tanto a p\u00fablicos escolares como a otras entidades. El programa educativo consta de un dispositivo para los siguientes niveles: primaria, ESO y bachillerato. <\/p>\n<p>[\/et_pb_text][\/et_pb_column][\/et_pb_row][et_pb_row column_structure=\u00bb1_3,1_3,1_3&#8243; _builder_version=\u00bb4.25.0&#8243; _module_preset=\u00bbdefault\u00bb width_tablet=\u00bb90%\u00bb width_phone=\u00bb85%\u00bb width_last_edited=\u00bbon|phone\u00bb global_colors_info=\u00bb{}\u00bb custom_css_main_element_last_edited=\u00bbon|phone\u00bb custom_css_main_element_tablet=\u00bbdisplay: flex;\u00bb custom_css_main_element_phone=\u00bb \u00ab][et_pb_column type=\u00bb1_3&#8243; _builder_version=\u00bb4.16&#8243; _module_preset=\u00bbdefault\u00bb global_colors_info=\u00bb{}\u00bb][et_pb_image src=\u00bbhttps:\/\/festivalpanoramic.cat\/wp-content\/uploads\/2024\/09\/primaria24.png\u00bb title_text=\u00bbprimaria24&#8243; url=\u00bbhttps:\/\/festivalpanoramic.cat\/project\/primaria-cicle-mitja-i-superior-2024\/\u00bb align=\u00bbcenter\u00bb _builder_version=\u00bb4.27.0&#8243; _module_preset=\u00bbdefault\u00bb custom_padding_tablet=\u00bb|5px||5px|true|true\u00bb custom_padding_phone=\u00bb|0px||0px|true|true\u00bb custom_padding_last_edited=\u00bbon|phone\u00bb border_width_all=\u00bb0px\u00bb border_color_all=\u00bb#e2e0d4&#8243; global_colors_info=\u00bb{}\u00bb][\/et_pb_image][\/et_pb_column][et_pb_column type=\u00bb1_3&#8243; _builder_version=\u00bb4.16&#8243; _module_preset=\u00bbdefault\u00bb global_colors_info=\u00bb{}\u00bb][et_pb_image src=\u00bbhttps:\/\/festivalpanoramic.cat\/wp-content\/uploads\/2024\/09\/eso-batxi24_1.png\u00bb title_text=\u00bbeso batxi24_1&#8243; url=\u00bbhttps:\/\/festivalpanoramic.cat\/project\/eso-batxillerat-escoles-dart-i-mes-2024\/\u00bb align=\u00bbcenter\u00bb _builder_version=\u00bb4.27.0&#8243; _module_preset=\u00bbdefault\u00bb custom_padding_tablet=\u00bb|5px||5px|false|true\u00bb custom_padding_phone=\u00bb|0px||0px|false|true\u00bb custom_padding_last_edited=\u00bbon|phone\u00bb border_width_all=\u00bb0px\u00bb border_color_all=\u00bb#e2e0d4&#8243; global_colors_info=\u00bb{}\u00bb][\/et_pb_image][\/et_pb_column][et_pb_column type=\u00bb1_3&#8243; _builder_version=\u00bb4.16&#8243; _module_preset=\u00bbdefault\u00bb global_colors_info=\u00bb{}\u00bb][et_pb_image src=\u00bbhttps:\/\/festivalpanoramic.cat\/wp-content\/uploads\/2024\/09\/masterclass24_1.png\u00bb title_text=\u00bbmasterclass24_1&#8243; url=\u00bbhttps:\/\/festivalpanoramic.cat\/project\/conferencies-i-masterclass-per-a-batxillerats-artistics-i-escoles-dart-cinema-i-o-fotografia-2024\/\u00bb align=\u00bbcenter\u00bb _builder_version=\u00bb4.27.0&#8243; _module_preset=\u00bbdefault\u00bb custom_padding_tablet=\u00bb|5px||5px|false|true\u00bb custom_padding_phone=\u00bb|0px||0px|false|true\u00bb custom_padding_last_edited=\u00bbon|phone\u00bb border_width_all=\u00bb0px\u00bb border_color_all=\u00bb#e2e0d4&#8243; global_colors_info=\u00bb{}\u00bb][\/et_pb_image][\/et_pb_column][\/et_pb_row][\/et_pb_section][et_pb_section fb_built=\u00bb1&#8243; custom_padding_last_edited=\u00bbon|phone\u00bb admin_label=\u00bbLocalitzacions\u00bb module_id=\u00bbhome-localitzacions2024&#8243; _builder_version=\u00bb4.27.0&#8243; _module_preset=\u00bbdefault\u00bb custom_padding_tablet=\u00bb\u00bb custom_padding_phone=\u00bb20px||||false|false\u00bb border_width_top=\u00bb1px\u00bb border_color_top=\u00bb#8c864d\u00bb locked=\u00bboff\u00bb global_colors_info=\u00bb{}\u00bb][et_pb_row custom_padding_last_edited=\u00bbon|phone\u00bb _builder_version=\u00bb4.27.0&#8243; _module_preset=\u00bbdefault\u00bb width=\u00bb95%\u00bb width_tablet=\u00bb90%\u00bb width_phone=\u00bb90%\u00bb width_last_edited=\u00bbon|phone\u00bb max_width=\u00bb2560px\u00bb custom_margin=\u00bb48px||-35px||false|false\u00bb custom_margin_tablet=\u00bb48px||-35px||false|false\u00bb custom_margin_phone=\u00bb0px||-35px||false|false\u00bb custom_margin_last_edited=\u00bbon|phone\u00bb custom_padding_tablet=\u00bb\u00bb custom_padding_phone=\u00bb||10px||false|false\u00bb global_colors_info=\u00bb{}\u00bb][et_pb_column type=\u00bb4_4&#8243; _builder_version=\u00bb4.16&#8243; _module_preset=\u00bbdefault\u00bb global_colors_info=\u00bb{}\u00bb][et_pb_text _builder_version=\u00bb4.27.0&#8243; _module_preset=\u00bbdefault\u00bb text_font=\u00bbMontserrat extra bold||||||||\u00bb text_text_color=\u00bb#000000&#8243; text_font_size=\u00bb60px\u00bb text_line_height=\u00bb1em\u00bb text_font_size_tablet=\u00bb40px\u00bb text_font_size_phone=\u00bb32px\u00bb text_font_size_last_edited=\u00bbon|phone\u00bb inline_fonts=\u00bbMontserrat Light\u00bb global_colors_info=\u00bb{}\u00bb]<\/p>\n<p style=\"text-align: left;\">Localizaciones <span style=\"font-family: 'Montserrat Light';\">de las exposiciones<\/span><\/p>\n<p>[\/et_pb_text][\/et_pb_column][\/et_pb_row][\/et_pb_section][et_pb_section fb_built=\u00bb1&#8243; fullwidth=\u00bbon\u00bb admin_label=\u00bbMapa\u00bb module_id=\u00bbmapa\u00bb _builder_version=\u00bb4.25.0&#8243; _module_preset=\u00bbdefault\u00bb locked=\u00bboff\u00bb global_colors_info=\u00bb{}\u00bb][et_pb_fullwidth_map address=\u00bbCarrer d&#8217;Enric Prat de la Riba, 77, 08401 Granollers, Barcelona, Espanya\u00bb zoom_level=\u00bb11&#8243; address_lat=\u00bb41.530950309624&#8243; address_lng=\u00bb2.2630605802734&#8243; _builder_version=\u00bb4.25.0&#8243; _module_preset=\u00bbdefault\u00bb background_color=\u00bb#E02B20&#8243; height=\u00bb651px\u00bb filter_hue_rotate=\u00bb50deg\u00bb filter_saturate=\u00bb41%\u00bb filter_brightness=\u00bb110%\u00bb child_filter_saturate=\u00bb0%\u00bb global_colors_info=\u00bb{}\u00bb][et_pb_map_pin title=\u00bbL&#039;Adoberia\u00bb pin_address=\u00bbPla\u00e7a de l&#8217;Esgl\u00e9sia, 7, 08401 Granollers, Barcelona, Espa\u00f1a\u00bb pin_address_lat=\u00bb41.6077023&#8243; pin_address_lng=\u00bb2.2862455&#8243; _builder_version=\u00bb4.25.0&#8243; _module_preset=\u00bbdefault\u00bb global_colors_info=\u00bb{}\u00bb]<\/p>\n<p><span>Pla\u00e7a de l&#8217;Esgl\u00e9sia 7<br \/><\/span><span>08401 Granollers<br \/><\/span><a href=\"https:\/\/museugranollers.cat\/\">museugranollers.cat<\/a><\/p>\n<p>[\/et_pb_map_pin][et_pb_map_pin title=\u00bbRoca Umbert f\u00e0brica de les Arts\u00bb pin_address=\u00bbCarrer d&#8217;Enric Prat de la Riba, 77, 08401 Granollers, Barcelona, Espa\u00f1a\u00bb pin_address_lat=\u00bb41.6023598&#8243; pin_address_lng=\u00bb2.2829733&#8243; _builder_version=\u00bb4.25.0&#8243; _module_preset=\u00bbdefault\u00bb global_colors_info=\u00bb{}\u00bb]<\/p>\n<p>Carrer d&#8217;Enric Prat de la Riba, 77<br \/>08401 Granollers<br \/><a href=\"http:\/\/rocaumbert.com\/\">rocaumbert.com<\/a><\/p>\n<p>[\/et_pb_map_pin][et_pb_map_pin title=\u00bbMuseu de Ci\u00e8ncies Naturals de Granollers\u00bb pin_address=\u00bbC\/ Palaud\u00e0ries, 102 41,602616, 2,288373, 08402 Granollers, Barcelona, Espa\u00f1a\u00bb pin_address_lat=\u00bb41.6019298&#8243; pin_address_lng=\u00bb2.2881524&#8243; _builder_version=\u00bb4.25.0&#8243; _module_preset=\u00bbdefault\u00bb global_colors_info=\u00bb{}\u00bb]<\/p>\n<p>Palaud\u00e0ries, 102 41<br \/>08402 Granollers<br \/><a href=\"https:\/\/mcng.cat\/\">mcng.cat<\/a><\/p>\n<p>[\/et_pb_map_pin][et_pb_map_pin title=\u00bbCinema Edison\u00bb pin_address=\u00bbCarrer Joan Camps, 1, 08401 Granollers, Barcelona, Espa\u00f1a\u00bb pin_address_lat=\u00bb41.607372&#8243; pin_address_lng=\u00bb2.282445&#8243; _builder_version=\u00bb4.25.0&#8243; _module_preset=\u00bbdefault\u00bb global_colors_info=\u00bb{}\u00bb]<\/p>\n<p>Carrer Joan Camps, 1<br \/>08401 Granollers<br \/><a href=\"https:\/\/museugranollers.cat\/\">museugranollers.cat<\/a><\/p>\n<p>[\/et_pb_map_pin][et_pb_map_pin title=\u00bbKBr Fundaci\u00f3 Mapfre Barcelona Photo Center\u00bb pin_address=\u00bbAv. del Litoral, 30, 08005 Barcelona, Espa\u00f1a\u00bb pin_address_lat=\u00bb41.3884159&#8243; pin_address_lng=\u00bb2.1982051&#8243; _builder_version=\u00bb4.25.0&#8243; _module_preset=\u00bbdefault\u00bb global_colors_info=\u00bb{}\u00bb]<\/p>\n<p>Av. del Litoral, 30<br \/>08005 Barcelona<br \/><a href=\"https:\/\/kbr.fundacionmapfre.org\/ca\/\">kbr.fundacionmapfre.org<\/a><\/p>\n<p>[\/et_pb_map_pin][et_pb_map_pin title=\u00bbLa Capella\u00bb pin_address=\u00bbCarrer de l&#8217;Hospital, 56, 08001 Barcelona, Espa\u00f1a\u00bb pin_address_lat=\u00bb41.3806182&#8243; pin_address_lng=\u00bb2.1705646&#8243; _builder_version=\u00bb4.25.0&#8243; _module_preset=\u00bbdefault\u00bb global_colors_info=\u00bb{}\u00bb]<\/p>\n<p>Carrer de l&#8217;Hospital, 56<br \/>08001 Barcelona<br \/><a href=\"https:\/\/www.lacapella.barcelona\/ca\">lacapella.barcelona<\/a><\/p>\n<p>[\/et_pb_map_pin][et_pb_map_pin title=\u00bbRefugi Antiaeri\u00bb pin_address=\u00bbCarrer de Jaume Camp i Lloreda, 8, 08401 Granollers, Barcelona, Spain\u00bb pin_address_lat=\u00bb41.6088026&#8243; pin_address_lng=\u00bb2.2884148&#8243; _builder_version=\u00bb4.25.0&#8243; _module_preset=\u00bbdefault\u00bb global_colors_info=\u00bb{}\u00bb]<\/p>\n<div class=\"TzHB6b cLjAic LMRCfc\" jsdata=\"PhoHd;_;AyHDZ8\" data-hveid=\"CFcQAA\" data-ved=\"2ahUKEwiY0I_S7LT6AhUL_IUKHf9jDOQQy9oBKAB6BAhXEAA\">\n<div jsname=\"xQjRM\">\n<div class=\"sATSHe\">\n<div class=\"B03h3d V14nKc i8qq8b ptcLIOszQJu__wholepage-card wp-ms\" data-hveid=\"CFYQAA\">\n<div class=\"UDZeY OTFaAf\">\n<div class=\"QsDR1c\">\n<div class=\"wDYxhc\" data-attrid=\"kc:\/location\/location:address\" data-md=\"1002\" lang=\"ca-ES\" data-hveid=\"CFIQAA\" data-ved=\"2ahUKEwiY0I_S7LT6AhUL_IUKHf9jDOQQkCl6BAhSEAA\">\n<div class=\"Z1hOCe\">\n<div class=\"zloOqf PZPZlf\" data-dtype=\"d3ifr\" data-local-attribute=\"d3adr\" data-ved=\"2ahUKEwiY0I_S7LT6AhUL_IUKHf9jDOQQghwoAHoECFIQAQ\"><span style=\"font-weight: 400;\">Carrer de Jaume Camp i Lloreda, 8<br \/><\/span>08401 Granollers, Barcelona<\/div>\n<\/div>\n<\/div>\n<\/div>\n<\/div>\n<\/div>\n<\/div>\n<\/div>\n<\/div>\n<p>[\/et_pb_map_pin][et_pb_map_pin title=\u00bbArxiu Fotogr\u00e0fic del Centre Excursionista de Catalunya \u00bb pin_address=\u00bbCarrer del Parad\u00eds, 10, 08002 Barcelona, Espa\u00f1a\u00bb pin_address_lat=\u00bb41.3834047&#8243; pin_address_lng=\u00bb2.1772851&#8243; _builder_version=\u00bb4.25.0&#8243; _module_preset=\u00bbdefault\u00bb global_colors_info=\u00bb{}\u00bb]<\/p>\n<p>Carrer del Parad\u00eds 10, 08002 Barcelona.<br \/><a href=\"http:\/\/www.cec.cat\" target=\"_blank\" rel=\"noopener\">www.cec.cat<\/a><\/p>\n<p>[\/et_pb_map_pin][et_pb_map_pin title=\u00bbArxiu d\u2019Etnografia i Folklore de Catalunya (AEFC)\u00bb _builder_version=\u00bb4.25.0&#8243; _module_preset=\u00bbdefault\u00bb global_colors_info=\u00bb{}\u00bb]<\/p>\n<p>Carrer Egipc\u00edaques 15, 08001 Barcelona.<br \/>De dilluns a divendres de 9 h a 15 h.<br \/><a href=\"http:\/\/www.imf.csic.es\" target=\"_blank\" rel=\"noopener\">www.imf.csic.es<\/a><\/p>\n<p>[\/et_pb_map_pin][et_pb_map_pin title=\u00bbFilmoteca de Catalunya\u00bb pin_address=\u00bbPla\u00e7a de Salvador Segu\u00ed, 1-9, 08001 Barcelona, Espa\u00f1a\u00bb pin_address_lat=\u00bb41.3787012&#8243; pin_address_lng=\u00bb2.1707164&#8243; _builder_version=\u00bb4.25.0&#8243; _module_preset=\u00bbdefault\u00bb global_colors_info=\u00bb{}\u00bb]<\/p>\n<p>Pla\u00e7a Salvador Segu\u00ed 1 \u2013 9<br \/>08001 Barcelona<br \/><a href=\"http:\/\/www.filmoteca.cat\" target=\"_blank\" rel=\"noopener\">www.filmoteca.cat<\/a><\/p>\n<p>[\/et_pb_map_pin][et_pb_map_pin title=\u00bbFundaci\u00f3 Llu\u00eds Coromina\u00bb pin_address=\u00bbC\/ de Mallorca, 305, 08037 Barcelona, Spain\u00bb pin_address_lat=\u00bb41.3972441&#8243; pin_address_lng=\u00bb2.1665722&#8243; _builder_version=\u00bb4.25.0&#8243; _module_preset=\u00bbdefault\u00bb global_colors_info=\u00bb{}\u00bb]<\/p>\n<p>C\/ de Mallorca, 305<br \/>08037 Barcelona<br \/><a href=\"http:\/\/www.fundaciolluiscoromina.org\" target=\"_blank\" rel=\"noopener\">www.fundaciolluiscoromina.org<\/a><\/p>\n<p>[\/et_pb_map_pin][et_pb_map_pin title=\u00bbCarrer de la Mare de D\u00e9u de Montserrat\u00bb pin_address=\u00bbCarrer de la Mare de D\u00e9u de Montserrat, 08401 Granollers, Barcelona, Spain\u00bb pin_address_lat=\u00bb41.6004962&#8243; pin_address_lng=\u00bb2.284939&#8243; _builder_version=\u00bb4.25.0&#8243; _module_preset=\u00bbdefault\u00bb global_colors_info=\u00bb{}\u00bb]<\/p>\n<p><span style=\"font-weight: 400;\">Carrer de la Mare de D\u00e9u de Montserrat<br \/>Granollers<\/span><\/p>\n<p>[\/et_pb_map_pin][et_pb_map_pin title=\u00bbArxiu Hist\u00f2ric de la Ciutat de Barcelona\u00bb pin_address=\u00bbCarrer de Santa Ll\u00facia, 1, Ciutat Vella, 08002 Barcelona, Spain\u00bb pin_address_lat=\u00bb41.3840971&#8243; pin_address_lng=\u00bb2.17575&#8243; _builder_version=\u00bb4.25.0&#8243; _module_preset=\u00bbdefault\u00bb global_colors_info=\u00bb{}\u00bb]<\/p>\n<p><span style=\"font-weight: 400;\">La Casa de l\u2019Ardiaca<br \/>Carrer de Santa Ll\u00facia 1, Ciutat Vella, Barcelona<\/span><\/p>\n<p>[\/et_pb_map_pin][et_pb_map_pin title=\u00bbArxiu Tobella\u00bb pin_address=\u00bbPcta. de Saragossa, 2, 08221 Terrassa, Barcelona, Spain\u00bb pin_address_lat=\u00bb41.5649753&#8243; pin_address_lng=\u00bb2.0123407&#8243; _builder_version=\u00bb4.25.0&#8243; _module_preset=\u00bbdefault\u00bb global_colors_info=\u00bb{}\u00bb]<\/p>\n<p><span style=\"font-weight: 400;\">La Casa de l\u2019Ardiaca<br \/>Carrer de Santa Ll\u00facia 1, Ciutat Vella, Barcelona<\/span><\/p>\n<p>[\/et_pb_map_pin][et_pb_map_pin title=\u00bbSala Muncunill\u00bb pin_address=\u00bbPla\u00e7a de Did\u00f3, 3, 08221 Terrassa, Barcelona, Spain\u00bb pin_address_lat=\u00bb41.5639668&#8243; pin_address_lng=\u00bb2.0103982&#8243; _builder_version=\u00bb4.25.0&#8243; _module_preset=\u00bbdefault\u00bb global_colors_info=\u00bb{}\u00bb]<\/p>\n<p><span style=\"font-weight: 400;\"><span>Pla\u00e7a de Did\u00f3, 3<br \/>Terrassa<\/span><\/span><span style=\"font-weight: 400;\"><\/span><\/p>\n<p>[\/et_pb_map_pin][\/et_pb_fullwidth_map][\/et_pb_section]<\/p>\n","protected":false},"excerpt":{"rendered":"<p>EXPOSICIONES ACTIVIDADES III JORNADAS PROFESIONALES EDUCACI\u00d3NFestival Panor\u00e0micDel 10 de octubre al 29 de diciembre Fechas inaugurales 10 de octubre | GRANOLLERS24 de octubre | BARCELONA14 de noviembre | TERRASSAEn el [&hellip;]<\/p>\n","protected":false},"author":1,"featured_media":0,"parent":0,"menu_order":0,"comment_status":"closed","ping_status":"closed","template":"","meta":{"_et_pb_use_builder":"on","_et_pb_old_content":"","_et_gb_content_width":"","footnotes":""},"class_list":["post-36675","page","type-page","status-publish","hentry"],"yoast_head":"<!-- This site is optimized with the Yoast SEO plugin v27.2 - https:\/\/yoast.com\/product\/yoast-seo-wordpress\/ -->\n<title>Edici\u00f3n 2024 - Festival Panor\u00e0mic<\/title>\n<meta name=\"robots\" content=\"index, follow, max-snippet:-1, max-image-preview:large, max-video-preview:-1\" \/>\n<link rel=\"canonical\" href=\"https:\/\/festivalpanoramic.cat\/es\/edicion-2024\/\" \/>\n<meta property=\"og:locale\" content=\"es_ES\" \/>\n<meta property=\"og:type\" content=\"article\" \/>\n<meta property=\"og:title\" content=\"Edici\u00f3n 2024 - Festival Panor\u00e0mic\" \/>\n<meta property=\"og:description\" content=\"EXPOSICIONES ACTIVIDADES III JORNADAS PROFESIONALES EDUCACI\u00d3NFestival Panor\u00e0micDel 10 de octubre al 29 de diciembre Fechas inaugurales 10 de octubre | GRANOLLERS24 de octubre | BARCELONA14 de noviembre | TERRASSAEn el [&hellip;]\" \/>\n<meta property=\"og:url\" content=\"https:\/\/festivalpanoramic.cat\/es\/edicion-2024\/\" \/>\n<meta property=\"og:site_name\" content=\"Festival Panor\u00e0mic\" \/>\n<meta property=\"article:modified_time\" content=\"2025-03-13T08:20:04+00:00\" \/>\n<meta name=\"twitter:card\" content=\"summary_large_image\" \/>\n<meta name=\"twitter:label1\" content=\"Tiempo de lectura\" \/>\n\t<meta name=\"twitter:data1\" content=\"28 minutos\" \/>\n<script type=\"application\/ld+json\" class=\"yoast-schema-graph\">{\"@context\":\"https:\/\/schema.org\",\"@graph\":[{\"@type\":\"WebPage\",\"@id\":\"https:\/\/festivalpanoramic.cat\/es\/edicion-2024\/\",\"url\":\"https:\/\/festivalpanoramic.cat\/es\/edicion-2024\/\",\"name\":\"Edici\u00f3n 2024 - Festival Panor\u00e0mic\",\"isPartOf\":{\"@id\":\"https:\/\/festivalpanoramic.cat\/es\/#website\"},\"datePublished\":\"2025-03-13T07:59:18+00:00\",\"dateModified\":\"2025-03-13T08:20:04+00:00\",\"breadcrumb\":{\"@id\":\"https:\/\/festivalpanoramic.cat\/es\/edicion-2024\/#breadcrumb\"},\"inLanguage\":\"es\",\"potentialAction\":[{\"@type\":\"ReadAction\",\"target\":[\"https:\/\/festivalpanoramic.cat\/es\/edicion-2024\/\"]}]},{\"@type\":\"BreadcrumbList\",\"@id\":\"https:\/\/festivalpanoramic.cat\/es\/edicion-2024\/#breadcrumb\",\"itemListElement\":[{\"@type\":\"ListItem\",\"position\":1,\"name\":\"Inici\",\"item\":\"https:\/\/festivalpanoramic.cat\/es\/\"},{\"@type\":\"ListItem\",\"position\":2,\"name\":\"Edici\u00f3n 2024\"}]},{\"@type\":\"WebSite\",\"@id\":\"https:\/\/festivalpanoramic.cat\/es\/#website\",\"url\":\"https:\/\/festivalpanoramic.cat\/es\/\",\"name\":\"Festival Panor\u00e0mic\",\"description\":\"PANOR\u00c0MIC. ARTS I CULTURES VISUALS\",\"potentialAction\":[{\"@type\":\"SearchAction\",\"target\":{\"@type\":\"EntryPoint\",\"urlTemplate\":\"https:\/\/festivalpanoramic.cat\/es\/?s={search_term_string}\"},\"query-input\":{\"@type\":\"PropertyValueSpecification\",\"valueRequired\":true,\"valueName\":\"search_term_string\"}}],\"inLanguage\":\"es\"}]}<\/script>\n<!-- \/ Yoast SEO plugin. -->","yoast_head_json":{"title":"Edici\u00f3n 2024 - Festival Panor\u00e0mic","robots":{"index":"index","follow":"follow","max-snippet":"max-snippet:-1","max-image-preview":"max-image-preview:large","max-video-preview":"max-video-preview:-1"},"canonical":"https:\/\/festivalpanoramic.cat\/es\/edicion-2024\/","og_locale":"es_ES","og_type":"article","og_title":"Edici\u00f3n 2024 - Festival Panor\u00e0mic","og_description":"EXPOSICIONES ACTIVIDADES III JORNADAS PROFESIONALES EDUCACI\u00d3NFestival Panor\u00e0micDel 10 de octubre al 29 de diciembre Fechas inaugurales 10 de octubre | GRANOLLERS24 de octubre | BARCELONA14 de noviembre | TERRASSAEn el [&hellip;]","og_url":"https:\/\/festivalpanoramic.cat\/es\/edicion-2024\/","og_site_name":"Festival Panor\u00e0mic","article_modified_time":"2025-03-13T08:20:04+00:00","twitter_card":"summary_large_image","twitter_misc":{"Tiempo de lectura":"28 minutos"},"schema":{"@context":"https:\/\/schema.org","@graph":[{"@type":"WebPage","@id":"https:\/\/festivalpanoramic.cat\/es\/edicion-2024\/","url":"https:\/\/festivalpanoramic.cat\/es\/edicion-2024\/","name":"Edici\u00f3n 2024 - Festival Panor\u00e0mic","isPartOf":{"@id":"https:\/\/festivalpanoramic.cat\/es\/#website"},"datePublished":"2025-03-13T07:59:18+00:00","dateModified":"2025-03-13T08:20:04+00:00","breadcrumb":{"@id":"https:\/\/festivalpanoramic.cat\/es\/edicion-2024\/#breadcrumb"},"inLanguage":"es","potentialAction":[{"@type":"ReadAction","target":["https:\/\/festivalpanoramic.cat\/es\/edicion-2024\/"]}]},{"@type":"BreadcrumbList","@id":"https:\/\/festivalpanoramic.cat\/es\/edicion-2024\/#breadcrumb","itemListElement":[{"@type":"ListItem","position":1,"name":"Inici","item":"https:\/\/festivalpanoramic.cat\/es\/"},{"@type":"ListItem","position":2,"name":"Edici\u00f3n 2024"}]},{"@type":"WebSite","@id":"https:\/\/festivalpanoramic.cat\/es\/#website","url":"https:\/\/festivalpanoramic.cat\/es\/","name":"Festival Panor\u00e0mic","description":"PANOR\u00c0MIC. ARTS I CULTURES VISUALS","potentialAction":[{"@type":"SearchAction","target":{"@type":"EntryPoint","urlTemplate":"https:\/\/festivalpanoramic.cat\/es\/?s={search_term_string}"},"query-input":{"@type":"PropertyValueSpecification","valueRequired":true,"valueName":"search_term_string"}}],"inLanguage":"es"}]}},"_links":{"self":[{"href":"https:\/\/festivalpanoramic.cat\/es\/wp-json\/wp\/v2\/pages\/36675","targetHints":{"allow":["GET"]}}],"collection":[{"href":"https:\/\/festivalpanoramic.cat\/es\/wp-json\/wp\/v2\/pages"}],"about":[{"href":"https:\/\/festivalpanoramic.cat\/es\/wp-json\/wp\/v2\/types\/page"}],"author":[{"embeddable":true,"href":"https:\/\/festivalpanoramic.cat\/es\/wp-json\/wp\/v2\/users\/1"}],"replies":[{"embeddable":true,"href":"https:\/\/festivalpanoramic.cat\/es\/wp-json\/wp\/v2\/comments?post=36675"}],"version-history":[{"count":2,"href":"https:\/\/festivalpanoramic.cat\/es\/wp-json\/wp\/v2\/pages\/36675\/revisions"}],"predecessor-version":[{"id":36677,"href":"https:\/\/festivalpanoramic.cat\/es\/wp-json\/wp\/v2\/pages\/36675\/revisions\/36677"}],"wp:attachment":[{"href":"https:\/\/festivalpanoramic.cat\/es\/wp-json\/wp\/v2\/media?parent=36675"}],"curies":[{"name":"wp","href":"https:\/\/api.w.org\/{rel}","templated":true}]}}