{"id":26703,"date":"2022-03-29T14:14:20","date_gmt":"2022-03-29T12:14:20","guid":{"rendered":"https:\/\/new.panoramicgranollers.cat\/project\/sense-intimitat\/"},"modified":"2022-05-05T13:16:00","modified_gmt":"2022-05-05T11:16:00","slug":"sense-intimitat","status":"publish","type":"project","link":"https:\/\/festivalpanoramic.cat\/es\/project\/sense-intimitat\/","title":{"rendered":"Sense intimitat"},"content":{"rendered":"<p>[et_pb_section fb_built=\u00bb1&#8243; _builder_version=\u00bb4.15.0&#8243; _module_preset=\u00bbdefault\u00bb global_colors_info=\u00bb{}\u00bb][et_pb_row _builder_version=\u00bb4.15.0&#8243; _module_preset=\u00bbdefault\u00bb width=\u00bb95%\u00bb max_width=\u00bb2560px\u00bb global_colors_info=\u00bb{}\u00bb][et_pb_column type=\u00bb4_4&#8243; _builder_version=\u00bb4.15.0&#8243; _module_preset=\u00bbdefault\u00bb global_colors_info=\u00bb{}\u00bb][et_pb_text _builder_version=\u00bb4.15.1&#8243; _module_preset=\u00bbdefault\u00bb text_font=\u00bbMontserrat extra bold||||||||\u00bb text_text_color=\u00bb#000000&#8243; text_font_size=\u00bb39px\u00bb text_line_height_tablet=\u00bb\u00bb text_line_height_phone=\u00bb1.2em\u00bb text_line_height_last_edited=\u00bbon|phone\u00bb global_colors_info=\u00bb{}\u00bb]<\/p>\n<p>Sense intimitat<\/p>\n<p>[\/et_pb_text][et_pb_text _builder_version=\u00bb4.15.1&#8243; _module_preset=\u00bbdefault\u00bb text_font=\u00bbMontserrat extra bold||||||||\u00bb text_text_color=\u00bb#8b794f\u00bb text_font_size=\u00bb24px\u00bb custom_margin=\u00bb-22px||||false|false\u00bb custom_margin_tablet=\u00bb-8px||||false|false\u00bb custom_margin_phone=\u00bb-8px||||false|false\u00bb custom_margin_last_edited=\u00bbon|phone\u00bb global_colors_info=\u00bb{}\u00bb]<\/p>\n<p>Muestra comisariada por Andr\u00e9s Hispano y F\u00e8lix P\u00e9rez-Hita<\/p>\n<p>[\/et_pb_text][\/et_pb_column][\/et_pb_row][et_pb_row column_structure=\u00bb3_5,2_5&#8243; _builder_version=\u00bb4.15.0&#8243; _module_preset=\u00bbdefault\u00bb width=\u00bb95%\u00bb max_width=\u00bb2560px\u00bb global_colors_info=\u00bb{}\u00bb][et_pb_column type=\u00bb3_5&#8243; _builder_version=\u00bb4.15.0&#8243; _module_preset=\u00bbdefault\u00bb global_colors_info=\u00bb{}\u00bb][et_pb_text _builder_version=\u00bb4.15.1&#8243; _module_preset=\u00bbdefault\u00bb text_font=\u00bbakrobat light||||||||\u00bb text_text_color=\u00bb#000000&#8243; text_font_size=\u00bb20px\u00bb global_colors_info=\u00bb{}\u00bb]<\/p>\n<div class=\"vc_empty_space\"><span class=\"vc_empty_space_inner\"><\/span><\/div>\n<div class=\"wpb_text_column wpb_content_element \">\n<div class=\"wpb_wrapper\">\n<p>Muestra comisariada por<span> <\/span><a href=\"https:\/\/festivalpanoramic.cat\/andres-hispano-2021\/\">Andr\u00e9s Hispano<\/a><span> <\/span>y<span> <\/span><a href=\"https:\/\/festivalpanoramic.cat\/felix-perez-hita-2021\/\">F\u00e8lix P\u00e9rez-Hita<\/a><span> <\/span>donde la idea de Extimidad, una intimidad expuesta , aparece vinculada a los h\u00e1bitos y las tecnolog\u00edas que han transformado nuestra imagen y la disoluci\u00f3n entre lo privado y lo p\u00fablico. Pero para algunas personas, esta condici\u00f3n, en la que lo privado es p\u00fablico, ha sido una realidad desde siempre: enfermos, presos, prostitutas, vagabundos, n\u00f3madas e internos de todo tipo. La propuesta expositiva consiste en reunir fotolibros, fotograf\u00edas y fotogramas de pel\u00edculas (tanto en formato impreso como en pantalla) de estas personas a trav\u00e9s del cine y la fotograf\u00eda tanto documental como de ficci\u00f3n. Se trata de personas ajenas al lujo de la intimidad, con vidas atravesadas por el ojo y el juicio de todos: m\u00e9dicos, clientes y transe\u00fantes en general. Las personas ajenas a la intimidad, despojadas de una privacidad que, precisamente, hoy nos sorprende en su disoluci\u00f3n voluntaria y tecnificada por j\u00f3venes y no tan j\u00f3venes.<\/p>\n<\/div>\n<\/div>\n<p>[\/et_pb_text][et_pb_toggle title=\u00bbNarrativa\u00bb open_toggle_text_color=\u00bb#000000&#8243; open_toggle_background_color=\u00bbRGBA(255,255,255,0)\u00bb closed_toggle_background_color=\u00bbRGBA(255,255,255,0)\u00bb icon_color=\u00bb#8b794f\u00bb toggle_icon=\u00bb&#x4c;||divi||400&#8243; use_icon_font_size=\u00bbon\u00bb icon_font_size=\u00bb22px\u00bb open_icon_color=\u00bb#8b794f\u00bb open_use_icon_font_size=\u00bbon\u00bb _builder_version=\u00bb4.15.1&#8243; _module_preset=\u00bbdefault\u00bb title_text_color=\u00bb#000000&#8243; title_font=\u00bbMontserrat extra bold||||||||\u00bb title_font_size=\u00bb20px\u00bb closed_title_font=\u00bbMontserrat extra bold||||||||\u00bb closed_title_font_size=\u00bb20px\u00bb body_font=\u00bbakrobat light||||||||\u00bb body_text_color=\u00bb#000000&#8243; body_font_size=\u00bb20px\u00bb border_width_all=\u00bb0px\u00bb border_width_top=\u00bb1px\u00bb border_color_top=\u00bb#8b794f\u00bb global_colors_info=\u00bb{}\u00bb]<\/p>\n<p><span>La exposici\u00f3n se articula en 5 ejes: <\/span><\/p>\n<p><span>Las prisiones: representan una de las restricciones m\u00e1s antiguas y dolorosas, no s\u00f3lo porque son espacios que privan de libertad sino tambi\u00e9n por el acoso del vigilante, el celador o el carcelero, actualmente acompa\u00f1ado de c\u00e1maras y monitores de videovigilancia de todo tipo. Primero, te despojan de la propia huella digital, despu\u00e9s de la imagen y, por \u00faltimo, del nombre. El preso es un n\u00famero, un sujeto que se encuentra bajo una mirada atenta y constante.<\/span><\/p>\n<p><span>*Con im\u00e1genes de la c\u00e1rcel La Modelo de Barcelona y sus internos, provistas por el Memorial Democr\u00e1tico. Im\u00e1genes de El asesino de Pedralbes ( Herralde, 1979) Salvador (M. Huerga, 2007) La Vampira de Barcelona (Ll. Dan\u00e9s, 2020)<\/span><\/p>\n<p><span>Los hospitales: A menudo tambi\u00e9n se nos niega la privacidad en situaciones concretas en nombre de nuestro propio inter\u00e9s (\u00a1qu\u00e9 expresi\u00f3n m\u00e1s terrible!): por ejemplo, en los hospitales y asilos, donde tenemos acceso a unos determinados cuidados a cambio de estar siempre a la vista y bajo el criterio de profesionales, por dentro y por fuera. El resto de pacientes son testigos inevitables de esa situaci\u00f3n. Tal y como sucede en los aeropuertos y otros espacios donde se han ritualizado molestias humillantes pensadas para la docilidad del individuo y no tanto para la propia seguridad, el espacio sanitario nos despoja a trav\u00e9s de una bata y unos l\u00edmites infranqueables de libertades b\u00e1sicas que entregamos en nombre de nuestro propio inter\u00e9s.<\/span><\/p>\n<p><span>*Con im\u00e1genes de Monas como Becky (J Jord\u00e0. 1999)<\/span><\/p>\n<p><span>La infancia: a trav\u00e9s de instituciones como los internados o en pr\u00e1cticas como la iniciaci\u00f3n religiosa, ha conocido el hecho de sacrificar su privacidad como una herramienta de control e integraci\u00f3n. Las instituciones militares, en este sentido, han sido un ejemplo: nada de lo que sucede est\u00e1 pensado para el crecimiento o el recogimiento personal. Al contrario. Muchas obras de ficci\u00f3n han reflejado la importancia de escapar de estos intrusos de la infancia a trav\u00e9s del arte, el exceso o la rebeld\u00eda.<\/span><\/p>\n<p><span>*Con im\u00e1genes del Archivo fotogr\u00e1fico Barcelona y fotograf\u00edas de Xavier Miserachs. <\/span><\/p>\n<p><span>El Espacio p\u00fablico: \u201cLas paredes tienen orejas\u201d es una expresi\u00f3n que se sol\u00eda utilizar para prevenirnos de esp\u00edas y cotilleos. Actualmente, las paredes tienen ojos infinitos y nadie escapa. El espacio p\u00fablico no ve nada como ajeno, no conoce el derecho a la privacidad y, en \u00e9l, se confunde \u201cser\u201d con \u201cexhibirse\u201d. En la calle somos el objetivo de cualquiera, tanto si estamos en tr\u00e1nsito como durmiendo en un cajero o aparecemos enmarcados en nuestra propia ventana. Hace cincuenta a\u00f1os, los paparazis entendieron las calles como un escaparate. Hoy lo hacemos todos: corporaciones, autoridades, influencers, turistas, artistas y curiosos. Todos nos hemos convertido en mirones aplicados, esp\u00edas accidentales y notarios sin la carrera de la historia.<\/span><\/p>\n<p><span>*Con im\u00e1genes de Txema Salvans Prostitutas en las carreteras, Joan Colom y Agus Prats. Im\u00e1genes de cine y v\u00eddeo: Barcelona Show (Carles Barba), El alegre paralelo (Ripoll Freixas y M. Ramon).<\/span><\/p>\n<p>El \u00e1lbum: \u00abInventar el tren es inventar el accidente de tren\u00bb, seg\u00fan dec\u00eda el fil\u00f3sofo Paul Virilio. Bien, pues hacer una fotograf\u00eda es compartirla. . Aunque tengamos pensado reservarla para nuestro \u00e1lbum o caja de los secretos, todas las im\u00e1genes capturadas existen para ser compartidas y su circulaci\u00f3n ser\u00e1 inevitable, aunque no lo queramos. Las im\u00e1genes, en p\u00edxeles o en papel, terminan formando parte de un dominio p\u00fablico fascinante, un \u00e1lbum colectivo lleno de bellos errores y horrores hilarantes que cuenta con sus propios cazadores, ladrones, coleccionistas y recolectores.<\/p>\n<p>[\/et_pb_toggle][et_pb_toggle title=\u00bbFicha t\u00e9cnica\u00bb open_toggle_text_color=\u00bb#000000&#8243; open_toggle_background_color=\u00bbRGBA(255,255,255,0)\u00bb closed_toggle_background_color=\u00bbRGBA(255,255,255,0)\u00bb icon_color=\u00bb#8b794f\u00bb toggle_icon=\u00bb&#x4c;||divi||400&#8243; use_icon_font_size=\u00bbon\u00bb icon_font_size=\u00bb22px\u00bb open_icon_color=\u00bb#8b794f\u00bb open_use_icon_font_size=\u00bbon\u00bb _builder_version=\u00bb4.15.1&#8243; _module_preset=\u00bbdefault\u00bb title_text_color=\u00bb#000000&#8243; title_font=\u00bbMontserrat extra bold||||||||\u00bb title_font_size=\u00bb20px\u00bb closed_title_font=\u00bbMontserrat extra bold||||||||\u00bb closed_title_font_size=\u00bb20px\u00bb body_font=\u00bbakrobat light||||||||\u00bb body_text_color=\u00bb#000000&#8243; body_font_size=\u00bb20px\u00bb border_width_all=\u00bb0px\u00bb border_width_top=\u00bb1px\u00bb border_color_top=\u00bb#8b794f\u00bb global_colors_info=\u00bb{}\u00bb]<\/p>\n<p>La exposici\u00f3n se articula en 5 bloques compuestos de cientos de im\u00e1genes impresas en formato mural que recrean el imaginario visual al que se refieren, tanto desde el mundo del arte, el cine y\/o la publicidad. Estos murales se imprimen con papel encolado y se adecuar\u00e1n a las medidas de cada centro. Los murales van acompa\u00f1ados de 4 audiovisuales que muestran los referentes cin\u00e9filos.<\/p>\n<p><strong>Requerimientos de montaje:<\/strong><\/p>\n<ul>\n<li>Sala de exposiciones de m\u00ednimo 30 m\u00b2 y m\u00e1ximo 100 m\u00b2 que pueda encolarse o vinilar las paredes.<\/li>\n<li>4 TV<\/li>\n<li>Mesa y vitrinas para los libros<\/li>\n<\/ul>\n<p>[\/et_pb_toggle][et_pb_toggle title=\u00bbPropuesta educativa\u00bb open_toggle_text_color=\u00bb#000000&#8243; open_toggle_background_color=\u00bbRGBA(255,255,255,0)\u00bb closed_toggle_background_color=\u00bbRGBA(255,255,255,0)\u00bb icon_color=\u00bb#8b794f\u00bb toggle_icon=\u00bb&#x4c;||divi||400&#8243; use_icon_font_size=\u00bbon\u00bb icon_font_size=\u00bb22px\u00bb open_icon_color=\u00bb#8b794f\u00bb open_use_icon_font_size=\u00bbon\u00bb _builder_version=\u00bb4.15.1&#8243; _module_preset=\u00bbdefault\u00bb title_text_color=\u00bb#000000&#8243; title_font=\u00bbMontserrat extra bold||||||||\u00bb title_font_size=\u00bb20px\u00bb closed_title_font=\u00bbMontserrat extra bold||||||||\u00bb closed_title_font_size=\u00bb20px\u00bb body_font=\u00bbakrobat light||||||||\u00bb body_text_color=\u00bb#000000&#8243; body_font_size=\u00bb20px\u00bb hover_enabled=\u00bb0&#8243; border_width_all=\u00bb0px\u00bb border_width_top=\u00bb1px\u00bb border_color_top=\u00bb#8b794f\u00bb global_colors_info=\u00bb{}\u00bb sticky_enabled=\u00bb0&#8243;]<\/p>\n<p dir=\"ltr\">La propuesta educativa est\u00e1 dirigida a ESO, Bachilleratos y otros entornos educativos y la dinamiza la Salida.<\/p>\n<p dir=\"ltr\">Toma la forma de un \u201cDispositivo Pedag\u00f3gico\u201d que:<\/p>\n<ul>\n<li dir=\"ltr\">\n<p dir=\"ltr\">Ofrece un itinerario educativo con varios momentos (descubrimiento y estimulaci\u00f3n, acci\u00f3n creativa, visita-conversaci\u00f3n y cierre y valoraci\u00f3n) que suponen una experiencia de interacci\u00f3n con las exposiciones.<\/p>\n<\/li>\n<li dir=\"ltr\">\n<p dir=\"ltr\">Parte de las potencialidades del arte como motor del aprendizaje y de las capacidades expresivas de las personas.<\/p>\n<\/li>\n<li dir=\"ltr\">\n<p dir=\"ltr\">Es flexible y adaptable a las necesidades de cada contexto y los intereses de cada grupo.<\/p>\n<\/li>\n<li dir=\"ltr\">\n<p dir=\"ltr\">Combina sesiones virtuales y presenciales y se recibe el apoyo y acompa\u00f1amiento del equipo educativo del Panor\u00e1mico.<\/p>\n<\/li>\n<\/ul>\n<div><span> <\/span><\/div>\n<div>Para cualquier duda, no dude en ponerse en contacto con nosotros: <a href=\"mailto:contacte@panoramicgranollers.cat\" target=\"_blank\" rel=\"noopener\">contacte@panoramicgranollers.<wbr><\/wbr>cat<\/a><\/div>\n<div><\/div>\n<div><a href=\"https:\/\/festivalpanoramic.cat\/edicionsanteriors\/el-festival-i-proposta-educativa\/\"><span>Accede al dispositivo educativo.<\/span><\/a><\/div>\n<p>[\/et_pb_toggle][\/et_pb_column][et_pb_column type=\u00bb2_5&#8243; _builder_version=\u00bb4.15.0&#8243; _module_preset=\u00bbdefault\u00bb global_colors_info=\u00bb{}\u00bb][et_pb_text _builder_version=\u00bb4.15.0&#8243; _module_preset=\u00bbdefault\u00bb text_font=\u00bbMontserrat extra bold||||||||\u00bb text_text_color=\u00bb#000000&#8243; text_font_size=\u00bb23px\u00bb global_colors_info=\u00bb{}\u00bb]<\/p>\n<p>Programaci\u00f3n<\/p>\n<p>[\/et_pb_text][et_pb_text _builder_version=\u00bb4.15.1&#8243; _module_preset=\u00bbdefault\u00bb text_font=\u00bbakrobat light||||||||\u00bb text_text_color=\u00bb#000000&#8243; text_font_size=\u00bb20px\u00bb global_colors_info=\u00bb{}\u00bb]<\/p>\n<p>Del 15 de octubre al 29 de noviembre 2020, dentro del Festival Panor\u00e0mic 2020 \u2013 Festival de cine fotograf\u00eda y m\u00e1s. Museo de Granollers, Granollers.<\/p>\n<p>Del 24 de mayo al 30 de junio de 2021, Sala del Banco de la Rep\u00fablica de Manizales 3D, Colombia.<\/p>\n<p>Agosto 2021 dentro del 20\u00ba Festival Internacional de la Imagen, Inter\/Especies. Bogota, Colombia.<\/p>\n<p>Agosto 2021, dentro del 20\u00ba Festival Internacional de la Imagen, Inter\/Especies. Manizales, Colombia.<\/p>\n<p>[\/et_pb_text][\/et_pb_column][\/et_pb_row][et_pb_row _builder_version=\u00bb4.15.1&#8243; _module_preset=\u00bbdefault\u00bb width=\u00bb95%\u00bb max_width=\u00bb2560px\u00bb global_colors_info=\u00bb{}\u00bb][et_pb_column type=\u00bb4_4&#8243; _builder_version=\u00bb4.15.1&#8243; _module_preset=\u00bbdefault\u00bb global_colors_info=\u00bb{}\u00bb][et_pb_gallery gallery_ids=\u00bb26435,26438,26441,26444&#8243; fullwidth=\u00bbon\u00bb _builder_version=\u00bb4.15.1&#8243; _module_preset=\u00bbdefault\u00bb global_colors_info=\u00bb{}\u00bb][\/et_pb_gallery][\/et_pb_column][\/et_pb_row][\/et_pb_section][et_pb_section fb_built=\u00bb1&#8243; _builder_version=\u00bb4.15.1&#8243; _module_preset=\u00bbdefault\u00bb background_color=\u00bb#e8e8e8&#8243; global_colors_info=\u00bb{}\u00bb][et_pb_row column_structure=\u00bb2_3,1_3&#8243; _builder_version=\u00bb4.15.1&#8243; _module_preset=\u00bbdefault\u00bb width=\u00bb95%\u00bb max_width=\u00bb2560px\u00bb global_colors_info=\u00bb{}\u00bb][et_pb_column type=\u00bb2_3&#8243; _builder_version=\u00bb4.15.1&#8243; _module_preset=\u00bbdefault\u00bb global_colors_info=\u00bb{}\u00bb][et_pb_text _builder_version=\u00bb4.15.1&#8243; _module_preset=\u00bbdefault\u00bb text_font=\u00bbakrobat light||||||||\u00bb text_text_color=\u00bb#000000&#8243; text_font_size=\u00bb20px\u00bb inline_fonts=\u00bbMontserrat extra bold\u00bb global_colors_info=\u00bb{}\u00bb]<\/p>\n<p><span style=\"font-family: 'Montserrat extra bold'; font-weight: normal; font-size: xx-large;\">Andr\u00e9s Hispano<\/span><\/p>\n<p>Escribe regularmente en el suplemento de cultura de La Vanguardia (miembro del comit\u00e9 asesor desde 2002 hasta 2014). Realizador, junto a F\u00e9lix P\u00e9rez-Hita, de Soy C\u00e1mara (TVE-CCCB). Ha comisariado las exposiciones La ciudad de los cineastas (junto con Jordi Ball\u00f3, CCCB, 2001), El rey de la casa (junto con Marc Roig, Palacio de la Virreina, 2007), That&#8217;s not Entertainment! (junto con Antoni Pinent, CCCB, 2007) y \u00abPantalla global\u00bb (junto con Gilles Lipovetsky y Jean Seroy, CCCB, 2011). Dirigi\u00f3 las noches tem\u00e1ticas de BTV (1997-2000), el programa Boing Boing Buddha (creado junto a Manuel Huerga, BTV, 2000-2003) y Baja Fidelidad (junto con F\u00e9lix P\u00e9rez-Hita, XTVL, 2005). Entre otros audiovisuales para museos y centros de arte, ha dirigido So\u00f1ando con nuestra ruina (la Pedrera, 2005), El Encuentro (Palau Moja, 2007), Autoscan (CCCB, 2008) y Wish you were here (DHUB, 2009) . Escribi\u00f3 David Lynch, claroscuro americano (Gl\u00e9nat, 1997) y comisari\u00f3, junto a Antoni Pinent, el pack DVD Del \u00e9xtasis al arrebato (Cameo, 2009). Es profesor invitado de cine y cultura audiovisual en distintas universidades, como la UPF, Elisava, LCI y la URL.<\/p>\n<p><span style=\"color: #8b794f;\"><a href=\"https:\/\/hispanoandres.blogspot.com\/\" style=\"color: #8b794f;\">hispanoandres.blogspot.com.es<\/a><\/span><\/p>\n<p>[\/et_pb_text][\/et_pb_column][et_pb_column type=\u00bb1_3&#8243; _builder_version=\u00bb4.15.1&#8243; _module_preset=\u00bbdefault\u00bb global_colors_info=\u00bb{}\u00bb][et_pb_image src=\u00bbhttps:\/\/festivalpanoramic.cat\/wp-content\/uploads\/2022\/04\/Andres.jpg\u00bb title_text=\u00bbAndres\u00bb _builder_version=\u00bb4.15.1&#8243; _module_preset=\u00bbdefault\u00bb global_colors_info=\u00bb{}\u00bb][\/et_pb_image][\/et_pb_column][\/et_pb_row][et_pb_row _builder_version=\u00bb4.15.1&#8243; _module_preset=\u00bbdefault\u00bb width=\u00bb95%\u00bb max_width=\u00bb2560px\u00bb global_colors_info=\u00bb{}\u00bb][et_pb_column type=\u00bb4_4&#8243; _builder_version=\u00bb4.15.1&#8243; _module_preset=\u00bbdefault\u00bb global_colors_info=\u00bb{}\u00bb][et_pb_divider _builder_version=\u00bb4.15.1&#8243; _module_preset=\u00bbdefault\u00bb global_colors_info=\u00bb{}\u00bb][\/et_pb_divider][\/et_pb_column][\/et_pb_row][et_pb_row column_structure=\u00bb2_3,1_3&#8243; _builder_version=\u00bb4.15.1&#8243; _module_preset=\u00bbdefault\u00bb width=\u00bb95%\u00bb max_width=\u00bb2560px\u00bb global_colors_info=\u00bb{}\u00bb][et_pb_column type=\u00bb2_3&#8243; _builder_version=\u00bb4.15.1&#8243; _module_preset=\u00bbdefault\u00bb global_colors_info=\u00bb{}\u00bb][et_pb_text _builder_version=\u00bb4.15.1&#8243; _module_preset=\u00bbdefault\u00bb text_font=\u00bbakrobat light||||||||\u00bb text_text_color=\u00bb#000000&#8243; text_font_size=\u00bb20px\u00bb inline_fonts=\u00bbMontserrat extra bold\u00bb global_colors_info=\u00bb{}\u00bb]<\/p>\n<p><span style=\"font-family: 'Montserrat extra bold'; font-weight: normal; font-size: xx-large;\">F\u00e8lix P\u00e9rez-Hita<\/span><\/p>\n<p>Actualmente codirige algunos cap\u00edtulos de Soy C\u00e1mara con Andr\u00e9s Hispano, con quienes tambi\u00e9n dirigi\u00f3 Baixa Fidelitat (XTVL-2005), y trabajar como guionista y editor para Boing Boing Buddha (BTV, 2001-2004). Con Arturo Bast\u00f3n dirige HILOMENTAL (sesiones videol\u00f3gicas). Es miembro fundador de la asociaci\u00f3n Horitz\u00f3.tv y, con el colectivo Neokinok.tv, cre\u00f3 Tvlata (Proyecto educativo de tv experimental, 2007). Fue codirector de Gabinete de Crisis: un programa de tv que no ver\u00e1 en la tv (2001-2009), con Bast\u00f3n y Kikl Grau (idea original de Hispano \/ K. Grau). De 1997 a 1999 dirigi\u00f3 una quincena de documentales para Barcelona TV. Ha impartido clases de historia y teor\u00eda de la imagen en la Escuela Superior de Dise\u00f1o Elisava, as\u00ed como en masters y talleres de varias universidades. Ha escrito art\u00edculos sobre cr\u00edtica de la imagen por Man\u00eda, Archipi\u00e9lago, Cultura\/s (La Vanguardia) o El Estado Mental, entre otras publicaciones.<span style=\"color: #8b794f;\"><a href=\"https:\/\/hispanoandres.blogspot.com\/\" style=\"color: #8b794f;\"><\/a><\/span><\/p>\n<p>[\/et_pb_text][\/et_pb_column][et_pb_column type=\u00bb1_3&#8243; _builder_version=\u00bb4.15.1&#8243; _module_preset=\u00bbdefault\u00bb global_colors_info=\u00bb{}\u00bb][et_pb_image src=\u00bbhttps:\/\/festivalpanoramic.cat\/wp-content\/uploads\/2022\/04\/Felix-Perez-Hita.jpg\u00bb title_text=\u00bbFelix-Perez-Hita\u00bb _builder_version=\u00bb4.15.1&#8243; _module_preset=\u00bbdefault\u00bb global_colors_info=\u00bb{}\u00bb][\/et_pb_image][\/et_pb_column][\/et_pb_row][\/et_pb_section]<\/p>\n","protected":false},"excerpt":{"rendered":"<p>Sense intimitatMuestra comisariada por Andr\u00e9s Hispano y F\u00e8lix P\u00e9rez-Hita Muestra comisariada por Andr\u00e9s Hispano y F\u00e8lix P\u00e9rez-Hita donde la idea de Extimidad, una intimidad expuesta , aparece vinculada a los [&hellip;]<\/p>\n","protected":false},"author":1,"featured_media":26431,"comment_status":"open","ping_status":"closed","template":"","meta":{"_et_pb_use_builder":"on","_et_pb_old_content":"","_et_gb_content_width":"","footnotes":""},"project_category":[29],"project_tag":[],"class_list":["post-26703","project","type-project","status-publish","has-post-thumbnail","hentry","project_category-panoramic-tour-es"],"yoast_head":"<!-- This site is optimized with the Yoast SEO plugin v27.2 - https:\/\/yoast.com\/product\/yoast-seo-wordpress\/ -->\n<title>Sense intimitat - Festival Panor\u00e0mic<\/title>\n<meta name=\"robots\" content=\"index, follow, max-snippet:-1, max-image-preview:large, max-video-preview:-1\" \/>\n<link rel=\"canonical\" href=\"https:\/\/festivalpanoramic.cat\/es\/project\/sense-intimitat\/\" \/>\n<meta property=\"og:locale\" content=\"es_ES\" \/>\n<meta property=\"og:type\" content=\"article\" \/>\n<meta property=\"og:title\" content=\"Sense intimitat - Festival Panor\u00e0mic\" \/>\n<meta property=\"og:description\" content=\"Sense intimitatMuestra comisariada por Andr\u00e9s Hispano y F\u00e8lix P\u00e9rez-Hita Muestra comisariada por Andr\u00e9s Hispano y F\u00e8lix P\u00e9rez-Hita donde la idea de Extimidad, una intimidad expuesta , aparece vinculada a los [&hellip;]\" \/>\n<meta property=\"og:url\" content=\"https:\/\/festivalpanoramic.cat\/es\/project\/sense-intimitat\/\" \/>\n<meta property=\"og:site_name\" content=\"Festival Panor\u00e0mic\" \/>\n<meta property=\"article:modified_time\" content=\"2022-05-05T11:16:00+00:00\" \/>\n<meta property=\"og:image\" content=\"https:\/\/festivalpanoramic.cat\/wp-content\/uploads\/2022\/03\/senseintimitat.jpg\" \/>\n\t<meta property=\"og:image:width\" content=\"1024\" \/>\n\t<meta property=\"og:image:height\" content=\"768\" \/>\n\t<meta property=\"og:image:type\" content=\"image\/jpeg\" \/>\n<meta name=\"twitter:card\" content=\"summary_large_image\" \/>\n<meta name=\"twitter:label1\" content=\"Tiempo de lectura\" \/>\n\t<meta name=\"twitter:data1\" content=\"12 minutos\" \/>\n<script type=\"application\/ld+json\" class=\"yoast-schema-graph\">{\"@context\":\"https:\/\/schema.org\",\"@graph\":[{\"@type\":\"WebPage\",\"@id\":\"https:\/\/festivalpanoramic.cat\/es\/project\/sense-intimitat\/\",\"url\":\"https:\/\/festivalpanoramic.cat\/es\/project\/sense-intimitat\/\",\"name\":\"Sense intimitat - Festival Panor\u00e0mic\",\"isPartOf\":{\"@id\":\"https:\/\/festivalpanoramic.cat\/es\/#website\"},\"primaryImageOfPage\":{\"@id\":\"https:\/\/festivalpanoramic.cat\/es\/project\/sense-intimitat\/#primaryimage\"},\"image\":{\"@id\":\"https:\/\/festivalpanoramic.cat\/es\/project\/sense-intimitat\/#primaryimage\"},\"thumbnailUrl\":\"https:\/\/festivalpanoramic.cat\/wp-content\/uploads\/2022\/03\/senseintimitat.jpg\",\"datePublished\":\"2022-03-29T12:14:20+00:00\",\"dateModified\":\"2022-05-05T11:16:00+00:00\",\"breadcrumb\":{\"@id\":\"https:\/\/festivalpanoramic.cat\/es\/project\/sense-intimitat\/#breadcrumb\"},\"inLanguage\":\"es\",\"potentialAction\":[{\"@type\":\"ReadAction\",\"target\":[\"https:\/\/festivalpanoramic.cat\/es\/project\/sense-intimitat\/\"]}]},{\"@type\":\"ImageObject\",\"inLanguage\":\"es\",\"@id\":\"https:\/\/festivalpanoramic.cat\/es\/project\/sense-intimitat\/#primaryimage\",\"url\":\"https:\/\/festivalpanoramic.cat\/wp-content\/uploads\/2022\/03\/senseintimitat.jpg\",\"contentUrl\":\"https:\/\/festivalpanoramic.cat\/wp-content\/uploads\/2022\/03\/senseintimitat.jpg\",\"width\":1024,\"height\":768},{\"@type\":\"BreadcrumbList\",\"@id\":\"https:\/\/festivalpanoramic.cat\/es\/project\/sense-intimitat\/#breadcrumb\",\"itemListElement\":[{\"@type\":\"ListItem\",\"position\":1,\"name\":\"Inici\",\"item\":\"https:\/\/festivalpanoramic.cat\/es\/\"},{\"@type\":\"ListItem\",\"position\":2,\"name\":\"Proyectos\",\"item\":\"https:\/\/festivalpanoramic.cat\/es\/project\/\"},{\"@type\":\"ListItem\",\"position\":3,\"name\":\"Sense intimitat\"}]},{\"@type\":\"WebSite\",\"@id\":\"https:\/\/festivalpanoramic.cat\/es\/#website\",\"url\":\"https:\/\/festivalpanoramic.cat\/es\/\",\"name\":\"Festival Panor\u00e0mic\",\"description\":\"PANOR\u00c0MIC. ARTS I CULTURES VISUALS\",\"potentialAction\":[{\"@type\":\"SearchAction\",\"target\":{\"@type\":\"EntryPoint\",\"urlTemplate\":\"https:\/\/festivalpanoramic.cat\/es\/?s={search_term_string}\"},\"query-input\":{\"@type\":\"PropertyValueSpecification\",\"valueRequired\":true,\"valueName\":\"search_term_string\"}}],\"inLanguage\":\"es\"}]}<\/script>\n<!-- \/ Yoast SEO plugin. -->","yoast_head_json":{"title":"Sense intimitat - Festival Panor\u00e0mic","robots":{"index":"index","follow":"follow","max-snippet":"max-snippet:-1","max-image-preview":"max-image-preview:large","max-video-preview":"max-video-preview:-1"},"canonical":"https:\/\/festivalpanoramic.cat\/es\/project\/sense-intimitat\/","og_locale":"es_ES","og_type":"article","og_title":"Sense intimitat - Festival Panor\u00e0mic","og_description":"Sense intimitatMuestra comisariada por Andr\u00e9s Hispano y F\u00e8lix P\u00e9rez-Hita Muestra comisariada por Andr\u00e9s Hispano y F\u00e8lix P\u00e9rez-Hita donde la idea de Extimidad, una intimidad expuesta , aparece vinculada a los [&hellip;]","og_url":"https:\/\/festivalpanoramic.cat\/es\/project\/sense-intimitat\/","og_site_name":"Festival Panor\u00e0mic","article_modified_time":"2022-05-05T11:16:00+00:00","og_image":[{"width":1024,"height":768,"url":"https:\/\/festivalpanoramic.cat\/wp-content\/uploads\/2022\/03\/senseintimitat.jpg","type":"image\/jpeg"}],"twitter_card":"summary_large_image","twitter_misc":{"Tiempo de lectura":"12 minutos"},"schema":{"@context":"https:\/\/schema.org","@graph":[{"@type":"WebPage","@id":"https:\/\/festivalpanoramic.cat\/es\/project\/sense-intimitat\/","url":"https:\/\/festivalpanoramic.cat\/es\/project\/sense-intimitat\/","name":"Sense intimitat - Festival Panor\u00e0mic","isPartOf":{"@id":"https:\/\/festivalpanoramic.cat\/es\/#website"},"primaryImageOfPage":{"@id":"https:\/\/festivalpanoramic.cat\/es\/project\/sense-intimitat\/#primaryimage"},"image":{"@id":"https:\/\/festivalpanoramic.cat\/es\/project\/sense-intimitat\/#primaryimage"},"thumbnailUrl":"https:\/\/festivalpanoramic.cat\/wp-content\/uploads\/2022\/03\/senseintimitat.jpg","datePublished":"2022-03-29T12:14:20+00:00","dateModified":"2022-05-05T11:16:00+00:00","breadcrumb":{"@id":"https:\/\/festivalpanoramic.cat\/es\/project\/sense-intimitat\/#breadcrumb"},"inLanguage":"es","potentialAction":[{"@type":"ReadAction","target":["https:\/\/festivalpanoramic.cat\/es\/project\/sense-intimitat\/"]}]},{"@type":"ImageObject","inLanguage":"es","@id":"https:\/\/festivalpanoramic.cat\/es\/project\/sense-intimitat\/#primaryimage","url":"https:\/\/festivalpanoramic.cat\/wp-content\/uploads\/2022\/03\/senseintimitat.jpg","contentUrl":"https:\/\/festivalpanoramic.cat\/wp-content\/uploads\/2022\/03\/senseintimitat.jpg","width":1024,"height":768},{"@type":"BreadcrumbList","@id":"https:\/\/festivalpanoramic.cat\/es\/project\/sense-intimitat\/#breadcrumb","itemListElement":[{"@type":"ListItem","position":1,"name":"Inici","item":"https:\/\/festivalpanoramic.cat\/es\/"},{"@type":"ListItem","position":2,"name":"Proyectos","item":"https:\/\/festivalpanoramic.cat\/es\/project\/"},{"@type":"ListItem","position":3,"name":"Sense intimitat"}]},{"@type":"WebSite","@id":"https:\/\/festivalpanoramic.cat\/es\/#website","url":"https:\/\/festivalpanoramic.cat\/es\/","name":"Festival Panor\u00e0mic","description":"PANOR\u00c0MIC. ARTS I CULTURES VISUALS","potentialAction":[{"@type":"SearchAction","target":{"@type":"EntryPoint","urlTemplate":"https:\/\/festivalpanoramic.cat\/es\/?s={search_term_string}"},"query-input":{"@type":"PropertyValueSpecification","valueRequired":true,"valueName":"search_term_string"}}],"inLanguage":"es"}]}},"_links":{"self":[{"href":"https:\/\/festivalpanoramic.cat\/es\/wp-json\/wp\/v2\/project\/26703","targetHints":{"allow":["GET"]}}],"collection":[{"href":"https:\/\/festivalpanoramic.cat\/es\/wp-json\/wp\/v2\/project"}],"about":[{"href":"https:\/\/festivalpanoramic.cat\/es\/wp-json\/wp\/v2\/types\/project"}],"author":[{"embeddable":true,"href":"https:\/\/festivalpanoramic.cat\/es\/wp-json\/wp\/v2\/users\/1"}],"replies":[{"embeddable":true,"href":"https:\/\/festivalpanoramic.cat\/es\/wp-json\/wp\/v2\/comments?post=26703"}],"version-history":[{"count":0,"href":"https:\/\/festivalpanoramic.cat\/es\/wp-json\/wp\/v2\/project\/26703\/revisions"}],"wp:featuredmedia":[{"embeddable":true,"href":"https:\/\/festivalpanoramic.cat\/es\/wp-json\/wp\/v2\/media\/26431"}],"wp:attachment":[{"href":"https:\/\/festivalpanoramic.cat\/es\/wp-json\/wp\/v2\/media?parent=26703"}],"wp:term":[{"taxonomy":"project_category","embeddable":true,"href":"https:\/\/festivalpanoramic.cat\/es\/wp-json\/wp\/v2\/project_category?post=26703"},{"taxonomy":"project_tag","embeddable":true,"href":"https:\/\/festivalpanoramic.cat\/es\/wp-json\/wp\/v2\/project_tag?post=26703"}],"curies":[{"name":"wp","href":"https:\/\/api.w.org\/{rel}","templated":true}]}}