{"id":27081,"date":"2022-05-31T11:16:05","date_gmt":"2022-05-31T09:16:05","guid":{"rendered":"https:\/\/festivalpanoramic.cat\/project\/reaccion-en-cadena\/"},"modified":"2022-06-01T09:36:45","modified_gmt":"2022-06-01T07:36:45","slug":"reaccion-en-cadena","status":"publish","type":"project","link":"https:\/\/festivalpanoramic.cat\/es\/project\/reaccion-en-cadena\/","title":{"rendered":"Reacci\u00f3n en cadena"},"content":{"rendered":"<p>[et_pb_section fb_built=\u00bb1&#8243; _builder_version=\u00bb4.15.0&#8243; _module_preset=\u00bbdefault\u00bb global_colors_info=\u00bb{}\u00bb][et_pb_row _builder_version=\u00bb4.15.0&#8243; _module_preset=\u00bbdefault\u00bb width=\u00bb95%\u00bb max_width=\u00bb2560px\u00bb global_colors_info=\u00bb{}\u00bb][et_pb_column type=\u00bb4_4&#8243; _builder_version=\u00bb4.15.0&#8243; _module_preset=\u00bbdefault\u00bb global_colors_info=\u00bb{}\u00bb][et_pb_text _builder_version=\u00bb4.15.1&#8243; _module_preset=\u00bbdefault\u00bb text_font=\u00bbMontserrat extra bold||||||||\u00bb text_text_color=\u00bb#000000&#8243; text_font_size=\u00bb39px\u00bb text_line_height_tablet=\u00bb\u00bb text_line_height_phone=\u00bb1.2em\u00bb text_line_height_last_edited=\u00bbon|phone\u00bb global_colors_info=\u00bb{}\u00bb]<\/p>\n<p>Reacci\u00f3n en cadena<\/p>\n<p>[\/et_pb_text][\/et_pb_column][\/et_pb_row][et_pb_row column_structure=\u00bb3_5,2_5&#8243; _builder_version=\u00bb4.15.0&#8243; _module_preset=\u00bbdefault\u00bb width=\u00bb95%\u00bb max_width=\u00bb2560px\u00bb global_colors_info=\u00bb{}\u00bb][et_pb_column type=\u00bb3_5&#8243; _builder_version=\u00bb4.15.0&#8243; _module_preset=\u00bbdefault\u00bb global_colors_info=\u00bb{}\u00bb][et_pb_text _builder_version=\u00bb4.15.1&#8243; _module_preset=\u00bbdefault\u00bb text_font=\u00bbakrobat light||||||||\u00bb text_text_color=\u00bb#000000&#8243; text_font_size=\u00bb20px\u00bb global_colors_info=\u00bb{}\u00bb]<\/p>\n<div class=\"vc_empty_space\">\n<p><span class=\"vc_empty_space_inner\"><\/span><\/p>\n<p>Poner orden en internet, \u00bfes posible?<\/p>\n<p>La avalancha de im\u00e1genes que nos llega de la red nos obliga a establecer estrategias creativas para adquirir alg\u00fan control sobre ellas.<\/p>\n<p>Esta exposici\u00f3n presenta a tres artistas y sus propuestas sobre c\u00f3mo ordenar o reflejar ese flujo infinito, fascinante y absorbente que tenemos a nuestro alcance con internet.<\/p>\n<p>Los tres representan mundos muy distintos, pero tienen en com\u00fan esta pulsi\u00f3n para explorar y coleccionar estas im\u00e1genes, modestas, funcionales, art\u00edsticas y ponerlas en un orden lleno de ecos que las enriquece. Unos montajes ante los que cada visitante realizar\u00e1 asociaciones visuales diferentes y sentir\u00e1 resonar acuerdos en su inconsciente, propios y ex\u00f3ticos.<\/p>\n<p>Dice Joan Fontcuberta, \u00abante el exceso y la locura de acumulaci\u00f3n ic\u00f3nica propiciada por internet, urge una ecolog\u00eda visual\u00bb. Parte de esta ecolog\u00eda implica intentar realizar un cribado, un montaje, un relato que d\u00e9 sentido al ca\u00f3tico archivo, a esta absurda abundancia de im\u00e1genes e informaci\u00f3n.<\/p>\n<\/div>\n<p>[\/et_pb_text][et_pb_toggle title=\u00bbNarrativa\u00bb open_toggle_text_color=\u00bb#000000&#8243; open_toggle_background_color=\u00bbRGBA(255,255,255,0)\u00bb closed_toggle_background_color=\u00bbRGBA(255,255,255,0)\u00bb icon_color=\u00bb#8b794f\u00bb toggle_icon=\u00bb&#x4c;||divi||400&#8243; use_icon_font_size=\u00bbon\u00bb icon_font_size=\u00bb22px\u00bb open_icon_color=\u00bb#8b794f\u00bb open_use_icon_font_size=\u00bbon\u00bb _builder_version=\u00bb4.15.1&#8243; _module_preset=\u00bbdefault\u00bb title_text_color=\u00bb#000000&#8243; title_font=\u00bbMontserrat extra bold||||||||\u00bb title_font_size=\u00bb20px\u00bb closed_title_font=\u00bbMontserrat extra bold||||||||\u00bb closed_title_font_size=\u00bb20px\u00bb body_font=\u00bbakrobat light||||||||\u00bb body_text_color=\u00bb#000000&#8243; body_font_size=\u00bb20px\u00bb hover_enabled=\u00bb0&#8243; border_width_all=\u00bb0px\u00bb border_width_top=\u00bb1px\u00bb border_color_top=\u00bb#8b794f\u00bb global_colors_info=\u00bb{}\u00bb sticky_enabled=\u00bb0&#8243;]<\/p>\n<p>DINA KELBERMAN<\/p>\n<p>\u201cI&#8217;m Google\u201d, el trabajo que aqu\u00ed presenta, es un flujo de im\u00e1genes sacadas de la red con las que se ha propuesto &#8216;poner orden en<em>Google<\/em>&#8216;. \u00abMi trabajo es, en gran medida, un juego. Hago cosas cuando me lo pide el cuerpo y despu\u00e9s me pregunto el porqu\u00e9 y, a menudo, encuentro conexiones all\u00ed donde antes no era consciente. Mucho de mi trabajo sale de mi tendencia natural a pasar largas horas coleccionando y organizando im\u00e1genes de internet, de la televisi\u00f3n y de otras fuentes habituales en mi vida diaria, creo que los seres humanos tenemos una necesidad intr\u00ednseca de organizar y clasificar las cosas en un intento de hacerlas m\u00e1s inteligibles y creo, tambi\u00e9n, que hay placer al ver conjuntos de ideas e im\u00e1genes organizadas. un testigo extraordinario de una angustia contempor\u00e1nea: crear en la abundancia.<\/p>\n<p>&nbsp;<\/p>\n<p>FRANCELE COCCO<\/p>\n<p>\u201cUpload_suaprece\u201d (Video, 11 minutos. 2021) ofrece una selecci\u00f3n de 1500 im\u00e1genes extra\u00eddas de la plataforma AliExpress, proporcionadas por los mismos clientes, mostradas como una ascensi\u00f3n infinita de productos, contrastando el car\u00e1cter f\u00edsico, fetichista del consumismo con una m\u00edstica propia de la \u00abzombificaci\u00f3n\u00bb que nos embarga en el acto de consultar, curiosear, gastar, abrir el paquete&#8230;<br \/>La m\u00fasica es una versi\u00f3n del \u201cSouvenir de Hapsal\u201d, de Tchaikovsky, compuesta en 1867, a\u00f1o de publicaci\u00f3n de &#8216;El Capital&#8217; de Karl Marx.<\/p>\n<p>&#8216;\u201dRatings\u201d ( V\u00eddeo, 15&#8217;. 2021) re\u00fane v\u00eddeos de consumidores de Amazon donde eval\u00faan los productos adquiridos. Pero, como ella misma nos dice- &#8216; Est\u00e1 lleno de trampas, como si el sonido corresponde a una escena o no (a menudo son m\u00fasicas puestas por los consumidores, otros provienen de pruebas de Alexas o Vinyl display y superpuestas al original). En algunos momentos pongo en duda si lo que escuchamos es la valoraci\u00f3n del producto que vemos. El car\u00e1cter dudoso y las ocultaciones de productos me parec\u00edan importantes para reforzar la carga del fetiche que act\u00faa sobre todos nosotros.<\/p>\n<p>&nbsp;<\/p>\n<p>JONATHAN BROWN<\/p>\n<p>Brown, produce como empujado por fuerzas misteriosas que no conocen ning\u00fan final y que crecen todos los d\u00edas, con el placer del descubrimiento de viejas im\u00e1genes y de las posibles relaciones entre ellas, im\u00e1genes con un aire de familia que van m\u00e1s all\u00e1 de la conciencia y del parentesco, dif\u00edcil de ver fuera de la sensibilidad de su cosechador. Su proceso creativo tiene que ver con \u00abrevelar el secreto o lo desconocido, a partir de un proceso en el que el humor tambi\u00e9n juega un papel importante\u00bb.<br \/>Antes de internet, Jonathan Brown ya era un curioso cazador de tesoros en los mercados de encantos de las ciudades y pueblos por los que pasaba. Tras la llegada de internet, el artista ha seguido con su labor espigadora aunque en este caso, sin la dimensi\u00f3n t\u00e1ctil y la p\u00e1tina de las cosas. Comparte su fascinaci\u00f3n por los chatarreros con Baudelaire y con cierta bohemia hist\u00f3rica.<\/p>\n<p>[\/et_pb_toggle][et_pb_toggle title=\u00bbFicha t\u00e9cnica\u00bb open_toggle_text_color=\u00bb#000000&#8243; open_toggle_background_color=\u00bbRGBA(255,255,255,0)\u00bb closed_toggle_background_color=\u00bbRGBA(255,255,255,0)\u00bb icon_color=\u00bb#8b794f\u00bb toggle_icon=\u00bb&#x4c;||divi||400&#8243; use_icon_font_size=\u00bbon\u00bb icon_font_size=\u00bb22px\u00bb open_icon_color=\u00bb#8b794f\u00bb open_use_icon_font_size=\u00bbon\u00bb _builder_version=\u00bb4.15.1&#8243; _module_preset=\u00bbdefault\u00bb title_text_color=\u00bb#000000&#8243; title_font=\u00bbMontserrat extra bold||||||||\u00bb title_font_size=\u00bb20px\u00bb closed_title_font=\u00bbMontserrat extra bold||||||||\u00bb closed_title_font_size=\u00bb20px\u00bb body_font=\u00bbakrobat light||||||||\u00bb body_text_color=\u00bb#000000&#8243; body_font_size=\u00bb20px\u00bb border_width_all=\u00bb0px\u00bb border_width_top=\u00bb1px\u00bb border_color_top=\u00bb#8b794f\u00bb global_colors_info=\u00bb{}\u00bb]<\/p>\n<p>Textos Curatoriales<\/p>\n<p>4 Vinilos de corte. 210x80cm (aprox)<br \/>1 Monitor 30\u2019<\/p>\n<p>Dina Kelberman<\/p>\n<p>176 Fotograf\u00edas impresas sobre PVC, Medidas Variables<br \/>1 Monitor de 30\u2019<\/p>\n<p>Francele Cocco<\/p>\n<p>2 Proyectores, Proyecci\u00f3n Variable<\/p>\n<p>Jonathan Brown<\/p>\n<p>198 Fotograf\u00edas impresas sobre PVC, Medidas Variables<br \/>1 monitor de 30&#8242;<\/p>\n<p>Adaptable a varios tama\u00f1os de sala. Se puede incluir m\u00e1s artistas si el espacio lo necesita.<\/p>\n<p>[\/et_pb_toggle][et_pb_toggle title=\u00bbPropuesta educativa\u00bb open_toggle_text_color=\u00bb#000000&#8243; open_toggle_background_color=\u00bbRGBA(255,255,255,0)\u00bb closed_toggle_background_color=\u00bbRGBA(255,255,255,0)\u00bb icon_color=\u00bb#8b794f\u00bb toggle_icon=\u00bb&#x4c;||divi||400&#8243; use_icon_font_size=\u00bbon\u00bb icon_font_size=\u00bb22px\u00bb open_icon_color=\u00bb#8b794f\u00bb open_use_icon_font_size=\u00bbon\u00bb _builder_version=\u00bb4.15.1&#8243; _module_preset=\u00bbdefault\u00bb title_text_color=\u00bb#000000&#8243; title_font=\u00bbMontserrat extra bold||||||||\u00bb title_font_size=\u00bb20px\u00bb closed_title_font=\u00bbMontserrat extra bold||||||||\u00bb closed_title_font_size=\u00bb20px\u00bb body_font=\u00bbakrobat light||||||||\u00bb body_text_color=\u00bb#000000&#8243; body_font_size=\u00bb20px\u00bb border_width_all=\u00bb0px\u00bb border_width_top=\u00bb1px\u00bb border_color_top=\u00bb#8b794f\u00bb global_colors_info=\u00bb{}\u00bb]<\/p>\n<p dir=\"ltr\"><a href=\"https:\/\/festivalpanoramic.cat\/wp-content\/uploads\/2022\/05\/Guia-de-recursos-Estirant-del-fil-Reaccio%CC%81-en-Cadena-.pdf\">Ver documento <\/a><\/p>\n<p>[\/et_pb_toggle][\/et_pb_column][et_pb_column type=\u00bb2_5&#8243; _builder_version=\u00bb4.15.0&#8243; _module_preset=\u00bbdefault\u00bb global_colors_info=\u00bb{}\u00bb][et_pb_text _builder_version=\u00bb4.15.0&#8243; _module_preset=\u00bbdefault\u00bb text_font=\u00bbMontserrat extra bold||||||||\u00bb text_text_color=\u00bb#000000&#8243; text_font_size=\u00bb23px\u00bb global_colors_info=\u00bb{}\u00bb]<\/p>\n<p>Programaci\u00f3n<\/p>\n<p>[\/et_pb_text][et_pb_text _builder_version=\u00bb4.15.1&#8243; _module_preset=\u00bbdefault\u00bb text_font=\u00bbakrobat light||||||||\u00bb text_text_color=\u00bb#000000&#8243; text_font_size=\u00bb20px\u00bb global_colors_info=\u00bb{}\u00bb]<\/p>\n<p>Octubre y Noviembre de 2021 en Santa Monica Barcelona<\/p>\n<p>Abril a junio 2022 en Roca Umbert. <\/p>\n<p>[\/et_pb_text][\/et_pb_column][\/et_pb_row][et_pb_row _builder_version=\u00bb4.15.1&#8243; _module_preset=\u00bbdefault\u00bb width=\u00bb95%\u00bb max_width=\u00bb2560px\u00bb global_colors_info=\u00bb{}\u00bb][et_pb_column type=\u00bb4_4&#8243; _builder_version=\u00bb4.15.1&#8243; _module_preset=\u00bbdefault\u00bb global_colors_info=\u00bb{}\u00bb][et_pb_gallery gallery_ids=\u00bb27072,27047,27056,27050,27053&#8243; fullwidth=\u00bbon\u00bb _builder_version=\u00bb4.15.1&#8243; _module_preset=\u00bbdefault\u00bb global_colors_info=\u00bb{}\u00bb][\/et_pb_gallery][\/et_pb_column][\/et_pb_row][\/et_pb_section][et_pb_section fb_built=\u00bb1&#8243; _builder_version=\u00bb4.15.1&#8243; _module_preset=\u00bbdefault\u00bb background_color=\u00bb#e8e8e8&#8243; global_colors_info=\u00bb{}\u00bb][et_pb_row column_structure=\u00bb2_3,1_3&#8243; _builder_version=\u00bb4.15.1&#8243; _module_preset=\u00bbdefault\u00bb width=\u00bb95%\u00bb max_width=\u00bb2560px\u00bb global_colors_info=\u00bb{}\u00bb][et_pb_column type=\u00bb2_3&#8243; _builder_version=\u00bb4.15.1&#8243; _module_preset=\u00bbdefault\u00bb global_colors_info=\u00bb{}\u00bb][et_pb_text _builder_version=\u00bb4.15.1&#8243; _module_preset=\u00bbdefault\u00bb text_font=\u00bbakrobat light||||||||\u00bb text_text_color=\u00bb#000000&#8243; text_font_size=\u00bb20px\u00bb inline_fonts=\u00bbMontserrat extra bold\u00bb global_colors_info=\u00bb{}\u00bb]<\/p>\n<p><span style=\"font-family: 'Montserrat extra bold'; font-weight: normal; font-size: xx-large;\">Jonathan Brown <\/span><\/p>\n<p>Jonathan Brown (Taiwan, 1967) nacido en Taiw\u00e1n, pero criado en Texas, vive actualmente en Amsterdam. Se ve a s\u00ed mismo como un chatarrero que da una nueva vida a im\u00e1genes descartadas: \u00abTengo mucho respeto por el papel que pueda jugar al azar y los \u00aberrores felices\u00bb en mi obra\u00bb, dice el artista.<br \/>Esta breve selecci\u00f3n de su Tumblr &#8216;WonderfulWorldofWonder&#8217; muestra el exquisito mundo de Brown, un orfebre de las im\u00e1genes ajenas, un ojo surrealista que descubre tesoros en los que el resto ve ruido gr\u00e1fico. Las secuencias que articula son composiciones con continuidad siempre cambiante y asombrosa.<\/p>\n<p>[\/et_pb_text][\/et_pb_column][et_pb_column type=\u00bb1_3&#8243; _builder_version=\u00bb4.15.1&#8243; _module_preset=\u00bbdefault\u00bb global_colors_info=\u00bb{}\u00bb][et_pb_image src=\u00bbhttps:\/\/festivalpanoramic.cat\/wp-content\/uploads\/2022\/05\/Jonathan-Brown-press-pic_CORTADA-500&#215;500-1.jpg\u00bb title_text=\u00bbJonathan-Brown-press-pic_CORTADA-500&#215;500&#8243; _builder_version=\u00bb4.15.1&#8243; _module_preset=\u00bbdefault\u00bb global_colors_info=\u00bb{}\u00bb][\/et_pb_image][\/et_pb_column][\/et_pb_row][et_pb_row _builder_version=\u00bb4.15.1&#8243; _module_preset=\u00bbdefault\u00bb width=\u00bb95%\u00bb max_width=\u00bb2560px\u00bb global_colors_info=\u00bb{}\u00bb][et_pb_column type=\u00bb4_4&#8243; _builder_version=\u00bb4.15.1&#8243; _module_preset=\u00bbdefault\u00bb global_colors_info=\u00bb{}\u00bb][et_pb_divider _builder_version=\u00bb4.15.1&#8243; _module_preset=\u00bbdefault\u00bb global_colors_info=\u00bb{}\u00bb][\/et_pb_divider][\/et_pb_column][\/et_pb_row][et_pb_row column_structure=\u00bb2_3,1_3&#8243; _builder_version=\u00bb4.15.1&#8243; _module_preset=\u00bbdefault\u00bb width=\u00bb95%\u00bb max_width=\u00bb2560px\u00bb global_colors_info=\u00bb{}\u00bb][et_pb_column type=\u00bb2_3&#8243; _builder_version=\u00bb4.15.1&#8243; _module_preset=\u00bbdefault\u00bb global_colors_info=\u00bb{}\u00bb][et_pb_text _builder_version=\u00bb4.15.1&#8243; _module_preset=\u00bbdefault\u00bb text_font=\u00bbakrobat light||||||||\u00bb text_text_color=\u00bb#000000&#8243; text_font_size=\u00bb20px\u00bb inline_fonts=\u00bbMontserrat extra bold\u00bb global_colors_info=\u00bb{}\u00bb]<\/p>\n<p><span style=\"font-family: 'Montserrat extra bold'; font-weight: normal; font-size: xx-large;\">Dina Kelberman<\/span><\/p>\n<p>Dina Kelberman (Annapolis, EE.UU., 1979) es una artista norteamericana multidisciplinar y, a su manera, muy disciplinada: \u00abHago c\u00f3mics, trabajos de ordenador, dibujo cosas, pinto cartones, hago p\u00e1ginas web y otras cosas. Soy fundadora del colectivo art\u00edstico Wham City, mis c\u00f3mics se pueden ver en el Baltimore City Paper, en Tiny Mix Tapes y en Mutant Funnies, hago otras cosas como \u201cI&#8217;m Google y Smoke &amp; Fire\u201d en dinakelberman.com. acabes de leer esto ya vivir\u00e9 en una furgoneta.\u00bb Dice el artista.<\/p>\n<p>[\/et_pb_text][\/et_pb_column][et_pb_column type=\u00bb1_3&#8243; _builder_version=\u00bb4.15.1&#8243; _module_preset=\u00bbdefault\u00bb global_colors_info=\u00bb{}\u00bb][et_pb_image src=\u00bbhttps:\/\/festivalpanoramic.cat\/wp-content\/uploads\/2022\/05\/dinakelberma.jpg\u00bb title_text=\u00bbdinakelberma\u00bb _builder_version=\u00bb4.15.1&#8243; _module_preset=\u00bbdefault\u00bb global_colors_info=\u00bb{}\u00bb][\/et_pb_image][\/et_pb_column][\/et_pb_row][et_pb_row _builder_version=\u00bb4.15.1&#8243; _module_preset=\u00bbdefault\u00bb width=\u00bb95%\u00bb max_width=\u00bb2560px\u00bb global_colors_info=\u00bb{}\u00bb][et_pb_column type=\u00bb4_4&#8243; _builder_version=\u00bb4.15.1&#8243; _module_preset=\u00bbdefault\u00bb global_colors_info=\u00bb{}\u00bb][et_pb_divider _builder_version=\u00bb4.15.1&#8243; _module_preset=\u00bbdefault\u00bb custom_margin=\u00bb-1px|||||\u00bb global_colors_info=\u00bb{}\u00bb][\/et_pb_divider][\/et_pb_column][\/et_pb_row][et_pb_row column_structure=\u00bb2_3,1_3&#8243; _builder_version=\u00bb4.15.1&#8243; _module_preset=\u00bbdefault\u00bb width=\u00bb95%\u00bb max_width=\u00bb2560px\u00bb global_colors_info=\u00bb{}\u00bb][et_pb_column type=\u00bb2_3&#8243; _builder_version=\u00bb4.15.1&#8243; _module_preset=\u00bbdefault\u00bb global_colors_info=\u00bb{}\u00bb][et_pb_text _builder_version=\u00bb4.15.1&#8243; _module_preset=\u00bbdefault\u00bb text_font=\u00bbakrobat light||||||||\u00bb text_text_color=\u00bb#000000&#8243; text_font_size=\u00bb20px\u00bb inline_fonts=\u00bbMontserrat extra bold\u00bb global_colors_info=\u00bb{}\u00bb]<\/p>\n<p><span style=\"font-family: 'Montserrat extra bold'; font-weight: normal; font-size: xx-large;\">Francele Cocco<\/span><\/p>\n<p>Francele Cocco (Santa Mar\u00eda, Brasil, 1984), artista e historiadora, aborda la sobreabundancia en las redes, de im\u00e1genes, opiniones, mensajes, como otro flujo de mercanc\u00edas propio del capitalismo. Este exceso de informaci\u00f3n, que percibimos, como todo lo digital, como ingr\u00e1vido, sin peso ni coste, requiere una revisi\u00f3n cr\u00edtica: la explotaci\u00f3n de recursos naturales, los sistemas de producci\u00f3n, modelos de trabajo y repercusiones por las rutas de distribuci\u00f3n se ven profundamente transformadas a causa de esta revoluci\u00f3n, la de internet. De intangible, nada.<\/p>\n<p>[\/et_pb_text][\/et_pb_column][et_pb_column type=\u00bb1_3&#8243; _builder_version=\u00bb4.15.1&#8243; _module_preset=\u00bbdefault\u00bb global_colors_info=\u00bb{}\u00bb][et_pb_image src=\u00bbhttps:\/\/festivalpanoramic.cat\/wp-content\/uploads\/2022\/05\/FranceleCocco.jpg\u00bb title_text=\u00bbFranceleCocco\u00bb _builder_version=\u00bb4.15.1&#8243; _module_preset=\u00bbdefault\u00bb global_colors_info=\u00bb{}\u00bb][\/et_pb_image][\/et_pb_column][\/et_pb_row][\/et_pb_section]<\/p>\n","protected":false},"excerpt":{"rendered":"<p>Reacci\u00f3n en cadena Poner orden en internet, \u00bfes posible? La avalancha de im\u00e1genes que nos llega de la red nos obliga a establecer estrategias creativas para adquirir alg\u00fan control sobre [&hellip;]<\/p>\n","protected":false},"author":1,"featured_media":27072,"comment_status":"open","ping_status":"closed","template":"","meta":{"_et_pb_use_builder":"on","_et_pb_old_content":"","_et_gb_content_width":"","footnotes":""},"project_category":[27],"project_tag":[],"class_list":["post-27081","project","type-project","status-publish","has-post-thumbnail","hentry","project_category-panoramic-tour"],"yoast_head":"<!-- This site is optimized with the Yoast SEO plugin v27.2 - https:\/\/yoast.com\/product\/yoast-seo-wordpress\/ -->\n<title>Reacci\u00f3n en cadena - Festival Panor\u00e0mic<\/title>\n<meta name=\"robots\" content=\"index, follow, max-snippet:-1, max-image-preview:large, max-video-preview:-1\" \/>\n<link rel=\"canonical\" href=\"https:\/\/festivalpanoramic.cat\/es\/project\/reaccion-en-cadena\/\" \/>\n<meta property=\"og:locale\" content=\"es_ES\" \/>\n<meta property=\"og:type\" content=\"article\" \/>\n<meta property=\"og:title\" content=\"Reacci\u00f3n en cadena - Festival Panor\u00e0mic\" \/>\n<meta property=\"og:description\" content=\"Reacci\u00f3n en cadena Poner orden en internet, \u00bfes posible? La avalancha de im\u00e1genes que nos llega de la red nos obliga a establecer estrategias creativas para adquirir alg\u00fan control sobre [&hellip;]\" \/>\n<meta property=\"og:url\" content=\"https:\/\/festivalpanoramic.cat\/es\/project\/reaccion-en-cadena\/\" \/>\n<meta property=\"og:site_name\" content=\"Festival Panor\u00e0mic\" \/>\n<meta property=\"article:modified_time\" content=\"2022-06-01T07:36:45+00:00\" \/>\n<meta property=\"og:image\" content=\"https:\/\/festivalpanoramic.cat\/wp-content\/uploads\/2022\/05\/DSC0187-1.jpg\" \/>\n\t<meta property=\"og:image:width\" content=\"2000\" \/>\n\t<meta property=\"og:image:height\" content=\"1330\" \/>\n\t<meta property=\"og:image:type\" content=\"image\/jpeg\" \/>\n<meta name=\"twitter:card\" content=\"summary_large_image\" \/>\n<meta name=\"twitter:label1\" content=\"Tiempo de lectura\" \/>\n\t<meta name=\"twitter:data1\" content=\"10 minutos\" \/>\n<script type=\"application\/ld+json\" class=\"yoast-schema-graph\">{\"@context\":\"https:\/\/schema.org\",\"@graph\":[{\"@type\":\"WebPage\",\"@id\":\"https:\/\/festivalpanoramic.cat\/es\/project\/reaccion-en-cadena\/\",\"url\":\"https:\/\/festivalpanoramic.cat\/es\/project\/reaccion-en-cadena\/\",\"name\":\"Reacci\u00f3n en cadena - Festival Panor\u00e0mic\",\"isPartOf\":{\"@id\":\"https:\/\/festivalpanoramic.cat\/es\/#website\"},\"primaryImageOfPage\":{\"@id\":\"https:\/\/festivalpanoramic.cat\/es\/project\/reaccion-en-cadena\/#primaryimage\"},\"image\":{\"@id\":\"https:\/\/festivalpanoramic.cat\/es\/project\/reaccion-en-cadena\/#primaryimage\"},\"thumbnailUrl\":\"https:\/\/festivalpanoramic.cat\/wp-content\/uploads\/2022\/05\/DSC0187-1.jpg\",\"datePublished\":\"2022-05-31T09:16:05+00:00\",\"dateModified\":\"2022-06-01T07:36:45+00:00\",\"breadcrumb\":{\"@id\":\"https:\/\/festivalpanoramic.cat\/es\/project\/reaccion-en-cadena\/#breadcrumb\"},\"inLanguage\":\"es\",\"potentialAction\":[{\"@type\":\"ReadAction\",\"target\":[\"https:\/\/festivalpanoramic.cat\/es\/project\/reaccion-en-cadena\/\"]}]},{\"@type\":\"ImageObject\",\"inLanguage\":\"es\",\"@id\":\"https:\/\/festivalpanoramic.cat\/es\/project\/reaccion-en-cadena\/#primaryimage\",\"url\":\"https:\/\/festivalpanoramic.cat\/wp-content\/uploads\/2022\/05\/DSC0187-1.jpg\",\"contentUrl\":\"https:\/\/festivalpanoramic.cat\/wp-content\/uploads\/2022\/05\/DSC0187-1.jpg\",\"width\":2000,\"height\":1330},{\"@type\":\"BreadcrumbList\",\"@id\":\"https:\/\/festivalpanoramic.cat\/es\/project\/reaccion-en-cadena\/#breadcrumb\",\"itemListElement\":[{\"@type\":\"ListItem\",\"position\":1,\"name\":\"Inici\",\"item\":\"https:\/\/festivalpanoramic.cat\/es\/\"},{\"@type\":\"ListItem\",\"position\":2,\"name\":\"Proyectos\",\"item\":\"https:\/\/festivalpanoramic.cat\/es\/project\/\"},{\"@type\":\"ListItem\",\"position\":3,\"name\":\"Reacci\u00f3n en cadena\"}]},{\"@type\":\"WebSite\",\"@id\":\"https:\/\/festivalpanoramic.cat\/es\/#website\",\"url\":\"https:\/\/festivalpanoramic.cat\/es\/\",\"name\":\"Festival Panor\u00e0mic\",\"description\":\"PANOR\u00c0MIC. ARTS I CULTURES VISUALS\",\"potentialAction\":[{\"@type\":\"SearchAction\",\"target\":{\"@type\":\"EntryPoint\",\"urlTemplate\":\"https:\/\/festivalpanoramic.cat\/es\/?s={search_term_string}\"},\"query-input\":{\"@type\":\"PropertyValueSpecification\",\"valueRequired\":true,\"valueName\":\"search_term_string\"}}],\"inLanguage\":\"es\"}]}<\/script>\n<!-- \/ Yoast SEO plugin. -->","yoast_head_json":{"title":"Reacci\u00f3n en cadena - Festival Panor\u00e0mic","robots":{"index":"index","follow":"follow","max-snippet":"max-snippet:-1","max-image-preview":"max-image-preview:large","max-video-preview":"max-video-preview:-1"},"canonical":"https:\/\/festivalpanoramic.cat\/es\/project\/reaccion-en-cadena\/","og_locale":"es_ES","og_type":"article","og_title":"Reacci\u00f3n en cadena - Festival Panor\u00e0mic","og_description":"Reacci\u00f3n en cadena Poner orden en internet, \u00bfes posible? La avalancha de im\u00e1genes que nos llega de la red nos obliga a establecer estrategias creativas para adquirir alg\u00fan control sobre [&hellip;]","og_url":"https:\/\/festivalpanoramic.cat\/es\/project\/reaccion-en-cadena\/","og_site_name":"Festival Panor\u00e0mic","article_modified_time":"2022-06-01T07:36:45+00:00","og_image":[{"width":2000,"height":1330,"url":"https:\/\/festivalpanoramic.cat\/wp-content\/uploads\/2022\/05\/DSC0187-1.jpg","type":"image\/jpeg"}],"twitter_card":"summary_large_image","twitter_misc":{"Tiempo de lectura":"10 minutos"},"schema":{"@context":"https:\/\/schema.org","@graph":[{"@type":"WebPage","@id":"https:\/\/festivalpanoramic.cat\/es\/project\/reaccion-en-cadena\/","url":"https:\/\/festivalpanoramic.cat\/es\/project\/reaccion-en-cadena\/","name":"Reacci\u00f3n en cadena - Festival Panor\u00e0mic","isPartOf":{"@id":"https:\/\/festivalpanoramic.cat\/es\/#website"},"primaryImageOfPage":{"@id":"https:\/\/festivalpanoramic.cat\/es\/project\/reaccion-en-cadena\/#primaryimage"},"image":{"@id":"https:\/\/festivalpanoramic.cat\/es\/project\/reaccion-en-cadena\/#primaryimage"},"thumbnailUrl":"https:\/\/festivalpanoramic.cat\/wp-content\/uploads\/2022\/05\/DSC0187-1.jpg","datePublished":"2022-05-31T09:16:05+00:00","dateModified":"2022-06-01T07:36:45+00:00","breadcrumb":{"@id":"https:\/\/festivalpanoramic.cat\/es\/project\/reaccion-en-cadena\/#breadcrumb"},"inLanguage":"es","potentialAction":[{"@type":"ReadAction","target":["https:\/\/festivalpanoramic.cat\/es\/project\/reaccion-en-cadena\/"]}]},{"@type":"ImageObject","inLanguage":"es","@id":"https:\/\/festivalpanoramic.cat\/es\/project\/reaccion-en-cadena\/#primaryimage","url":"https:\/\/festivalpanoramic.cat\/wp-content\/uploads\/2022\/05\/DSC0187-1.jpg","contentUrl":"https:\/\/festivalpanoramic.cat\/wp-content\/uploads\/2022\/05\/DSC0187-1.jpg","width":2000,"height":1330},{"@type":"BreadcrumbList","@id":"https:\/\/festivalpanoramic.cat\/es\/project\/reaccion-en-cadena\/#breadcrumb","itemListElement":[{"@type":"ListItem","position":1,"name":"Inici","item":"https:\/\/festivalpanoramic.cat\/es\/"},{"@type":"ListItem","position":2,"name":"Proyectos","item":"https:\/\/festivalpanoramic.cat\/es\/project\/"},{"@type":"ListItem","position":3,"name":"Reacci\u00f3n en cadena"}]},{"@type":"WebSite","@id":"https:\/\/festivalpanoramic.cat\/es\/#website","url":"https:\/\/festivalpanoramic.cat\/es\/","name":"Festival Panor\u00e0mic","description":"PANOR\u00c0MIC. ARTS I CULTURES VISUALS","potentialAction":[{"@type":"SearchAction","target":{"@type":"EntryPoint","urlTemplate":"https:\/\/festivalpanoramic.cat\/es\/?s={search_term_string}"},"query-input":{"@type":"PropertyValueSpecification","valueRequired":true,"valueName":"search_term_string"}}],"inLanguage":"es"}]}},"_links":{"self":[{"href":"https:\/\/festivalpanoramic.cat\/es\/wp-json\/wp\/v2\/project\/27081","targetHints":{"allow":["GET"]}}],"collection":[{"href":"https:\/\/festivalpanoramic.cat\/es\/wp-json\/wp\/v2\/project"}],"about":[{"href":"https:\/\/festivalpanoramic.cat\/es\/wp-json\/wp\/v2\/types\/project"}],"author":[{"embeddable":true,"href":"https:\/\/festivalpanoramic.cat\/es\/wp-json\/wp\/v2\/users\/1"}],"replies":[{"embeddable":true,"href":"https:\/\/festivalpanoramic.cat\/es\/wp-json\/wp\/v2\/comments?post=27081"}],"version-history":[{"count":0,"href":"https:\/\/festivalpanoramic.cat\/es\/wp-json\/wp\/v2\/project\/27081\/revisions"}],"wp:featuredmedia":[{"embeddable":true,"href":"https:\/\/festivalpanoramic.cat\/es\/wp-json\/wp\/v2\/media\/27072"}],"wp:attachment":[{"href":"https:\/\/festivalpanoramic.cat\/es\/wp-json\/wp\/v2\/media?parent=27081"}],"wp:term":[{"taxonomy":"project_category","embeddable":true,"href":"https:\/\/festivalpanoramic.cat\/es\/wp-json\/wp\/v2\/project_category?post=27081"},{"taxonomy":"project_tag","embeddable":true,"href":"https:\/\/festivalpanoramic.cat\/es\/wp-json\/wp\/v2\/project_tag?post=27081"}],"curies":[{"name":"wp","href":"https:\/\/api.w.org\/{rel}","templated":true}]}}