{"id":27434,"date":"2022-06-20T12:26:09","date_gmt":"2022-06-20T10:26:09","guid":{"rendered":"https:\/\/festivalpanoramic.cat\/project\/programa-educatiu-primaria\/"},"modified":"2022-06-27T18:42:19","modified_gmt":"2022-06-27T16:42:19","slug":"programa-educatiu-primaria","status":"publish","type":"project","link":"https:\/\/festivalpanoramic.cat\/es\/project\/programa-educatiu-primaria\/","title":{"rendered":"programa educatiu primaria"},"content":{"rendered":"<p>[et_pb_section fb_built=\u00bb1&#8243; _builder_version=\u00bb4.15.0&#8243; _module_preset=\u00bbdefault\u00bb global_colors_info=\u00bb{}\u00bb][et_pb_row _builder_version=\u00bb4.15.0&#8243; _module_preset=\u00bbdefault\u00bb width=\u00bb95%\u00bb max_width=\u00bb2560px\u00bb global_colors_info=\u00bb{}\u00bb][et_pb_column type=\u00bb4_4&#8243; _builder_version=\u00bb4.15.0&#8243; _module_preset=\u00bbdefault\u00bb global_colors_info=\u00bb{}\u00bb][et_pb_text _builder_version=\u00bb4.15.1&#8243; _module_preset=\u00bbdefault\u00bb text_font=\u00bbMontserrat extra bold||||||||\u00bb text_text_color=\u00bb#000000&#8243; text_font_size=\u00bb39px\u00bb text_line_height_tablet=\u00bb\u00bb text_line_height_phone=\u00bb1.2em\u00bb text_line_height_last_edited=\u00bbon|phone\u00bb global_colors_info=\u00bb{}\u00bb]<\/p>\n<p>Prim\u00e0ria<\/p>\n<p>[\/et_pb_text][\/et_pb_column][\/et_pb_row][et_pb_row column_structure=\u00bb2_5,3_5&#8243; _builder_version=\u00bb4.15.1&#8243; _module_preset=\u00bbdefault\u00bb width=\u00bb95%\u00bb max_width=\u00bb2560px\u00bb global_colors_info=\u00bb{}\u00bb][et_pb_column type=\u00bb2_5&#8243; _builder_version=\u00bb4.15.0&#8243; _module_preset=\u00bbdefault\u00bb global_colors_info=\u00bb{}\u00bb][et_pb_text _builder_version=\u00bb4.15.1&#8243; _module_preset=\u00bbdefault\u00bb text_font=\u00bbakrobat light||||||||\u00bb text_text_color=\u00bb#000000&#8243; text_font_size=\u00bb20px\u00bb global_colors_info=\u00bb{}\u00bb]<\/p>\n<div class=\"vc_empty_space\">\n<p><span class=\"vc_empty_space_inner\">Panor\u00e0mic \u00e9s el festival que explora la relaci\u00f3 entre el cinema i la fotografia, i promou i incentiva la recerca de nous llenguatges i narratives audiovisuals. Panor\u00e0mic Granollers motiva el desenvolupament del pensament cr\u00edtic, per la qual cosa considera prioritari establir ponts entre els diferents p\u00fablics a trav\u00e9s de tallers, classes i workshops. Per aquest motiu, es considera imprescindible crear dispositius educatius on els p\u00fablics m\u00e9s joves s\u2019acostin a les diferents disciplines educatives a trav\u00e9s de l\u2019art. Aix\u00ed mateix, aquests dispositius estan estructurats en diferents metodologies que tinguin en compte les necessitats i els interessos de cada centre pedag\u00f2gic amb el qu\u00e8 es treballa.<\/span><\/p>\n<\/div>\n<p>[\/et_pb_text][et_pb_divider color=\u00bbgcid-73263b73-b059-42fc-a61d-05da764fa408&#8243; _builder_version=\u00bb4.15.1&#8243; _module_preset=\u00bbdefault\u00bb global_colors_info=\u00bb{%22gcid-73263b73-b059-42fc-a61d-05da764fa408%22:%91%22color%22%93}\u00bb][\/et_pb_divider][et_pb_text _builder_version=\u00bb4.15.1&#8243; _module_preset=\u00bbdefault\u00bb text_font=\u00bbakrobat light||||||||\u00bb text_text_color=\u00bb#000000&#8243; text_font_size=\u00bb20px\u00bb custom_padding=\u00bb0px|||||\u00bb inline_fonts=\u00bbMontserrat extra bold\u00bb global_colors_info=\u00bb{}\u00bb]<\/p>\n<div class=\"vc_empty_space\">\n<p class=\"p1\"><span style=\"font-family: 'Montserrat extra bold'; font-weight: normal; font-size: x-large;\">Un dia al Panor\u00e0mic<\/span><\/p>\n<p>Activitat dinamitzada per aprofundir en el concepte de Quart Paisatge d\u2019una manera \u00e0mplia i adaptada a cada curs.<\/p>\n<p><strong>Preu<\/strong>: 3 \u20ac per estudiant.<\/p>\n<p>El primer o \u00fanic grup de les escoles i instituts de Granollers ser\u00e0 gratu\u00eft.<\/p>\n<\/div>\n<p>[\/et_pb_text][et_pb_text _builder_version=\u00bb4.15.1&#8243; _module_preset=\u00bbdefault\u00bb text_font=\u00bbakrobat light||||||||\u00bb text_text_color=\u00bb#000000&#8243; text_font_size=\u00bb20px\u00bb custom_padding=\u00bb0px|||||\u00bb inline_fonts=\u00bbMontserrat extra bold\u00bb global_colors_info=\u00bb{}\u00bb]<\/p>\n<div class=\"vc_empty_space\">\n<p class=\"p1\"><span style=\"font-family: 'Montserrat extra bold'; font-weight: normal; font-size: x-large;\">El Panor\u00e0mic a la teva mida<\/span><\/p>\n<p class=\"p1\">Activitat dinamitzada introduct\u00f2ria per treballar alguns dels conceptes del Festival adaptada a cada curs.<\/p>\n<p class=\"p1\"><strong>Preu<\/strong>: 1,5 \u20ac per estudiant.<\/p>\n<p class=\"p1\">El primer o \u00fanic grup de les escoles i instituts de Granollers ser\u00e0 gratu\u00eft.<\/p>\n<\/div>\n<p>[\/et_pb_text][et_pb_button button_url=\u00bbhttps:\/\/form.jotform.com\/221704931251044&#8243; button_text=\u00bbInscriu-te al programa educatiu de Panor\u00e0mic\u00bb button_alignment=\u00bbleft\u00bb _builder_version=\u00bb4.15.1&#8243; _module_preset=\u00bbdefault\u00bb custom_button=\u00bbon\u00bb button_text_color=\u00bb#000000&#8243; button_border_width=\u00bb1px\u00bb button_border_radius=\u00bb0px\u00bb button_font=\u00bbakrobat light||||||||\u00bb global_colors_info=\u00bb{}\u00bb][\/et_pb_button][et_pb_divider color=\u00bbgcid-73263b73-b059-42fc-a61d-05da764fa408&#8243; _builder_version=\u00bb4.15.1&#8243; _module_preset=\u00bbdefault\u00bb global_colors_info=\u00bb{%22gcid-73263b73-b059-42fc-a61d-05da764fa408%22:%91%22color%22%93}\u00bb][\/et_pb_divider][et_pb_text _builder_version=\u00bb4.15.1&#8243; _module_preset=\u00bbdefault\u00bb text_font=\u00bbMontserrat Light||||||||\u00bb text_text_color=\u00bb#000000&#8243; global_colors_info=\u00bb{}\u00bb]<\/p>\n<div class=\"vc_empty_space\">\n<p>Si teniu cap dubte o esteu interessats en realitzar una visita a mida podeu adre\u00e7ar-vos a <span style=\"color: #8c864d;\">educacio@panoramicgranollers.cat<\/span> i ens posarem en contacte amb vosaltres. Si veniu amb autob\u00fas a Granollers, es pot aparcar al centre Roca Umbert F\u00e0brica de les Arts. <\/p>\n<\/div>\n<p>[\/et_pb_text][\/et_pb_column][et_pb_column type=\u00bb3_5&#8243; _builder_version=\u00bb4.15.0&#8243; _module_preset=\u00bbdefault\u00bb global_colors_info=\u00bb{}\u00bb][et_pb_text _builder_version=\u00bb4.15.1&#8243; _module_preset=\u00bbdefault\u00bb text_font=\u00bbMontserrat extra bold||||||||\u00bb text_text_color=\u00bb#000000&#8243; text_font_size=\u00bb23px\u00bb custom_margin=\u00bb||11px||false|false\u00bb custom_margin_tablet=\u00bb||11px||false|false\u00bb custom_margin_phone=\u00bb||11px||false|false\u00bb custom_margin_last_edited=\u00bbon|phone\u00bb global_colors_info=\u00bb{}\u00bb]<\/p>\n<p>Un dia al Panor\u00e0mic<\/p>\n<p>[\/et_pb_text][et_pb_text _builder_version=\u00bb4.15.1&#8243; _module_preset=\u00bbdefault\u00bb text_font=\u00bbakrobat light||||||||\u00bb text_text_color=\u00bb#000000&#8243; text_font_size=\u00bb20px\u00bb text_line_height=\u00bb0.5em\u00bb custom_margin=\u00bb||30px||false|false\u00bb custom_margin_tablet=\u00bb||30px||false|false\u00bb custom_margin_phone=\u00bb||30px||false|false\u00bb custom_margin_last_edited=\u00bbon|phone\u00bb text_line_height_tablet=\u00bb0.5em\u00bb text_line_height_phone=\u00bb0.5em\u00bb text_line_height_last_edited=\u00bbon|tablet\u00bb global_colors_info=\u00bb{}\u00bb]<\/p>\n<p><strong>Horari<\/strong>: 9.30 h a 16.30 h<\/p>\n<p><strong>Dies<\/strong>: de dilluns a divendres<\/p>\n<p>[\/et_pb_text][et_pb_toggle title=\u00bbOPCI\u00d3 A \u00b7 UN DIA AL PANOR\u00c0MIC GRANOLLERS! QU\u00c8 \u00c9S EL QUART PAISATGE?\u00bb open_toggle_text_color=\u00bb#000000&#8243; open_toggle_background_color=\u00bbRGBA(255,255,255,0)\u00bb closed_toggle_background_color=\u00bbRGBA(255,255,255,0)\u00bb icon_color=\u00bb#8b794f\u00bb toggle_icon=\u00bb&#x4c;||divi||400&#8243; use_icon_font_size=\u00bbon\u00bb icon_font_size=\u00bb22px\u00bb open_icon_color=\u00bb#8b794f\u00bb open_use_icon_font_size=\u00bbon\u00bb _builder_version=\u00bb4.15.1&#8243; _module_preset=\u00bbdefault\u00bb title_text_color=\u00bb#000000&#8243; title_font=\u00bbakrobat light||||||||\u00bb title_text_align=\u00bbleft\u00bb title_font_size=\u00bb20px\u00bb closed_title_font=\u00bbakrobat light||||||||\u00bb closed_title_font_size=\u00bb20px\u00bb body_font=\u00bbakrobat light||||||||\u00bb body_text_color=\u00bb#000000&#8243; body_font_size=\u00bb20px\u00bb background_color=\u00bb#3a3a3a\u00bb text_orientation=\u00bbleft\u00bb border_width_all=\u00bb0px\u00bb border_width_top=\u00bb1px\u00bb border_color_top=\u00bb#8b794f\u00bb global_colors_info=\u00bb{}\u00bb]<\/p>\n<p class=\"p1\" style=\"text-align: left;\"><strong>Lloc de trobada<\/strong>:<\/p>\n<p class=\"p1\" style=\"text-align: left;\">Roca Umbert F\u00e0brica de les Arts<\/p>\n<p class=\"p1\" style=\"text-align: left;\">Experi\u00e8ncia art\u00edstica dissenyada per apropar els p\u00fablics infantils les noves maneres de llegir, sentir i entendre el quart paisatge des d\u2019un acostament interdisciplinari.<\/p>\n<p class=\"p2\" style=\"text-align: left;\"><span style=\"color: #808000;\"><strong>De 9.30 a 11.45 h<\/strong><\/span><\/p>\n<p class=\"p1\" style=\"text-align: left;\"><strong>Benvinguda i presentaci\u00f3<\/strong><\/p>\n<p class=\"p1\" style=\"text-align: left;\"><strong>Visita i dinamitzaci\u00f3 de l\u2019exposici\u00f3 HiperCongost de l\u2019artista Jaume Parera<\/strong><\/p>\n<p class=\"p1\" style=\"text-align: left;\">Projecte sobre el paisatge actual del riu Congost en contraposici\u00f3 amb fotografies de l\u2019arxiu fotogr\u00e0fic de Granollers.<\/p>\n<p class=\"p1\" style=\"text-align: left;\"><strong>Visita i dinamitzaci\u00f3 de l\u2019exposici\u00f3 Forest Mind de l\u2019artista Ursula Biemann<\/strong><\/p>\n<p class=\"p1\" style=\"text-align: left;\">Instal\u00b7laci\u00f3 documental audiovisual que adverteix sobre com el paisatge, amb el llenguatge propi, es relaciona amb l\u2019home i les seves accions.<\/p>\n<p class=\"p2\" style=\"text-align: left;\"><strong><span style=\"color: #808000;\">D\u201911.45 a 12.15 h<\/span><\/strong><span class=\"s1\">Pausa<\/span><\/p>\n<p class=\"p2\" style=\"text-align: left;\"><span style=\"color: #808000;\"><strong>De 12.15 a 16.30 h<\/strong><\/span><\/p>\n<p class=\"p1\" style=\"text-align: left;\">Despla\u00e7ament a L\u2019Adoberia<\/p>\n<p class=\"p1\" style=\"text-align: left;\"><strong>Visita i dinamitzaci\u00f3 de l\u2019exposici\u00f3 Other Places de l\u2019artista Andy Kelly<\/strong><\/p>\n<p class=\"p1\" style=\"text-align: left;\">S\u00e8rie de curtmetratges que a\u00eflla i exposa el valor narratiu i est\u00e8tic dels paisatges als videojocs.<\/p>\n<p class=\"p1\" style=\"text-align: left;\"><strong>Despla\u00e7ament al Museu de Granollers<\/strong><\/p>\n<p class=\"p1\" style=\"text-align: left;\"><strong>Visita i dinamitzaci\u00f3 del projecte fotogr\u00e0fic Sunday Sunday de l\u2019artista Txema Salvans<\/strong><\/p>\n<p class=\"p1\" style=\"text-align: left;\">Una investigaci\u00f3 visual que explora els canvis que tenen lloc en un paisatge urb\u00e0 donat pel flux i l\u2019activaci\u00f3 de les persones que l\u2019habiten.<\/p>\n<p class=\"p1\" style=\"text-align: left;\"><strong>Tornar a Roca Umbert \u2013 Dinar- Cloenda<\/strong><\/p>\n<p class=\"p1\" style=\"text-align: left;\"><strong><img loading=\"lazy\" decoding=\"async\" src=\"https:\/\/festivalpanoramic.cat\/wp-content\/uploads\/2022\/06\/1.-Opcio%CC%81-A.jpeg\" width=\"2560\" height=\"1440\" alt=\"\" class=\"wp-image-27268 aligncenter size-full\"><\/strong><\/p>\n<p class=\"p1\">[\/et_pb_toggle][et_pb_toggle title=\u00bbOpci\u00f3 B \u00b7 Vine a passar un dia al Panor\u00e0mic Granollers! Paisatge Familiar i Paisatge Ex\u00f2tic\u00bb open_toggle_text_color=\u00bb#000000&#8243; open_toggle_background_color=\u00bbRGBA(255,255,255,0)\u00bb closed_toggle_background_color=\u00bbRGBA(255,255,255,0)\u00bb icon_color=\u00bb#8b794f\u00bb toggle_icon=\u00bb&#x4c;||divi||400&#8243; use_icon_font_size=\u00bbon\u00bb icon_font_size=\u00bb22px\u00bb open_icon_color=\u00bb#8b794f\u00bb open_use_icon_font_size=\u00bbon\u00bb _builder_version=\u00bb4.15.1&#8243; _module_preset=\u00bbdefault\u00bb title_text_color=\u00bb#000000&#8243; title_font=\u00bbakrobat light|||on|||||\u00bb title_text_align=\u00bbleft\u00bb title_font_size=\u00bb20px\u00bb closed_title_font=\u00bbakrobat light|||on|||||\u00bb closed_title_font_size=\u00bb20px\u00bb body_font=\u00bbakrobat light||||||||\u00bb body_text_color=\u00bb#000000&#8243; body_font_size=\u00bb20px\u00bb background_color=\u00bb#3a3a3a\u00bb text_orientation=\u00bbleft\u00bb custom_margin=\u00bb-27px||||false|false\u00bb custom_margin_tablet=\u00bb-9px||||false|false\u00bb custom_margin_phone=\u00bb-9px||||false|false\u00bb custom_margin_last_edited=\u00bbon|desktop\u00bb border_width_all=\u00bb0px\u00bb border_width_top=\u00bb1px\u00bb border_color_top=\u00bb#8b794f\u00bb global_colors_info=\u00bb{}\u00bb]<\/p>\n<p><strong>Lloc de trobada<\/strong>: Museu de Granollers<\/p>\n<p>Experi\u00e8ncia educativa que es concentra en q\u00fcestionar, criticar i subvertir els l\u00edmits del que entenem com un paisatge proper i conegut o lluny\u00e0 , desconegut o fins i tot anomenat ex\u00f2tic.<\/p>\n<p><span style=\"color: #808000;\"><strong>9.30 \u2013 11.45 h<\/strong><\/span><br \/><strong>Benvinguda i presentaci\u00f3<\/strong><\/p>\n<p><strong>Visita i dinamitzaci\u00f3 del projecte fotogr\u00e0fic <em>Sunday Sunday<\/em> de l&#8217;artista Txema Salvans<\/strong><br \/>Una investigaci\u00f3 visual que explora els canvis que tenen lloc en un paisatge urb\u00e0 donat pel flux i l&#8217;activaci\u00f3 de les persones que l\u2019habiten.<\/p>\n<p><strong>Activitat de caminar pel per\u00edmetre del riu Congost en direcci\u00f3 a Roca Umbert.<\/strong><\/p>\n<p><strong>Visita i dinamitzaci\u00f3 de l&#8217;exposici\u00f3 <em>HiperCongost<\/em> de l\u2019artista Jaume Parera<\/strong>.<br \/>Projecte sobre el paisatge actual del riu Congost en contraposici\u00f3 amb fotografies de l\u2019arxiu fotogr\u00e0fic de Granollers.<\/p>\n<p><span style=\"color: #808000;\"><strong>11.45 \u2013 12.15 h Pausa<\/strong><\/span><\/p>\n<p><span style=\"color: #808000;\"><strong>12.15 \u2013 16.30 h<\/strong><\/span><br \/><strong>Visita i dinamitzaci\u00f3 de l&#8217;exposici\u00f3 <em>Forest Mind<\/em> de l&#8217;artista Ursula Biemann<\/strong><br \/>Instal\u00b7laci\u00f3 documental audiovisual que adverteix sobre com el paisatge, amb el llenguatge propi, es relaciona amb l&#8217;home i les seves accions.<\/p>\n<p><strong>Visita i dinamitzaci\u00f3 del videojoc independent<em> Umbral<\/em> de l&#8217;artista Seraf\u00edn \u00c1lvarez<\/strong><br \/>Activitat interactiva amb un videojoc atmosf\u00e8ric que provoca i q\u00fcestiona els l\u00edmits de l&#8217;espai en un paisatge virtual.<\/p>\n<p><strong>Dinar i despla\u00e7ament al centre de Granollers<\/strong><\/p>\n<p><strong>Visita i dinamitzaci\u00f3 de l&#8217;exposici\u00f3 <em>Other Places<\/em> de l&#8217;artista Andy Kelly<\/strong><br \/>S\u00e8rie de curtmetratges que a\u00eflla i exposa el valor narratiu i est\u00e8tic dels paisatges als videojocs.<\/p>\n<p><strong>Tornada a Roca Umbert i Cloenda<\/strong><\/p>\n<p class=\"p1\" style=\"text-align: left;\"><strong><img loading=\"lazy\" decoding=\"async\" src=\"https:\/\/festivalpanoramic.cat\/wp-content\/uploads\/2022\/06\/2.-Opcio%CC%81-B.jpg\" width=\"1181\" height=\"668\" alt=\"\" class=\"wp-image-27278 aligncenter size-full\"><\/strong><\/p>\n<p class=\"p1\">[\/et_pb_toggle][et_pb_text _builder_version=\u00bb4.15.1&#8243; _module_preset=\u00bbdefault\u00bb text_font=\u00bbMontserrat extra bold||||||||\u00bb text_text_color=\u00bb#000000&#8243; text_font_size=\u00bb23px\u00bb custom_margin=\u00bb||11px||false|false\u00bb custom_margin_tablet=\u00bb||11px||false|false\u00bb custom_margin_phone=\u00bb||11px||false|false\u00bb custom_margin_last_edited=\u00bbon|phone\u00bb global_colors_info=\u00bb{}\u00bb]<\/p>\n<p class=\"p1\">El Panor\u00e0mic a la teva mida<\/p>\n<p>[\/et_pb_text][et_pb_text _builder_version=\u00bb4.15.1&#8243; _module_preset=\u00bbdefault\u00bb text_font=\u00bbakrobat light||||||||\u00bb text_text_color=\u00bb#000000&#8243; text_font_size=\u00bb20px\u00bb text_line_height=\u00bb0.5em\u00bb custom_margin=\u00bb||30px||false|false\u00bb custom_margin_tablet=\u00bb||30px||false|false\u00bb custom_margin_phone=\u00bb||30px||false|false\u00bb custom_margin_last_edited=\u00bbon|phone\u00bb text_line_height_tablet=\u00bb0.5em\u00bb text_line_height_phone=\u00bb0.5em\u00bb text_line_height_last_edited=\u00bbon|tablet\u00bb global_colors_info=\u00bb{}\u00bb]<\/p>\n<p><strong>Durada<\/strong>: 2 hores<\/p>\n<p><strong>Horari<\/strong>: de 9 a 11 h o d\u201911.30 a 13.30 h<\/p>\n<p><strong>Dies<\/strong>: de dilluns a dijous<\/p>\n<p>[\/et_pb_text][et_pb_toggle title=\u00bbOpci\u00f3 A \u00b7 Videojocs i paisatge virtual\u00bb open_toggle_text_color=\u00bb#000000&#8243; open_toggle_background_color=\u00bbRGBA(255,255,255,0)\u00bb closed_toggle_background_color=\u00bbRGBA(255,255,255,0)\u00bb icon_color=\u00bb#8b794f\u00bb toggle_icon=\u00bb&#x4c;||divi||400&#8243; use_icon_font_size=\u00bbon\u00bb icon_font_size=\u00bb22px\u00bb open_icon_color=\u00bb#8b794f\u00bb open_use_icon_font_size=\u00bbon\u00bb _builder_version=\u00bb4.15.1&#8243; _module_preset=\u00bbdefault\u00bb title_text_color=\u00bb#000000&#8243; title_font=\u00bbakrobat light|||on|||||\u00bb title_text_align=\u00bbleft\u00bb title_font_size=\u00bb20px\u00bb closed_title_font=\u00bbakrobat light|||on|||||\u00bb closed_title_font_size=\u00bb20px\u00bb body_font=\u00bbakrobat light||||||||\u00bb body_text_color=\u00bb#000000&#8243; body_font_size=\u00bb20px\u00bb background_color=\u00bb#3a3a3a\u00bb text_orientation=\u00bbleft\u00bb border_width_all=\u00bb0px\u00bb border_width_top=\u00bb1px\u00bb border_color_top=\u00bb#8b794f\u00bb global_colors_info=\u00bb{}\u00bb]<\/p>\n<p><span>Aquesta experi\u00e8ncia cerca introduir els conceptes claus per interrogar, criticar i q\u00fcestionar el rol del paisatge com a element narratiu en mitjans digitals.<\/span> <\/p>\n<p><span><strong>Lloc de trobada:<\/strong><\/span><span> L&#8217;Adoberia <\/span> <\/p>\n<p><span><strong>Benvinguda i presentaci\u00f3 <\/strong><\/span><\/p>\n<p><span><strong>Visita i dinamitzaci\u00f3 de l&#8217;exposici\u00f3 <em>Other Places<\/em> de l&#8217;artista Andy Kelly<\/strong><\/span><\/p>\n<p><span>S\u00e8rie de curtmetratges que a\u00eflla i exposa el valor narratiu i est\u00e8tic dels paisatges als videojocs. <\/span><\/p>\n<p><span><strong>Despla\u00e7ament a Roca Umbert <\/strong><\/span> <\/p>\n<p><span><strong>Visita i dinamitzaci\u00f3 del videojoc independent <em>Umbral<\/em> de l&#8217;artista Seraf\u00edn \u00c1lvarez<\/strong><\/span><\/p>\n<p><span>Activitat interactiva amb un videojoc atmosf\u00e8ric que provoca i q\u00fcestiona els l\u00edmits de l<\/span><span>\u2019<\/span><span>espai en un paisatge virtual. <\/span> <\/p>\n<p><span><strong>Dinamitzaci\u00f3 i cloenda de la visita<\/strong><\/span><\/p>\n<p><span><strong><img loading=\"lazy\" decoding=\"async\" src=\"https:\/\/festivalpanoramic.cat\/wp-content\/uploads\/2022\/06\/3.-Videojocs-i-paisatge-virtual.jpg\" width=\"1920\" height=\"1080\" alt=\"\" class=\"wp-image-27285 aligncenter size-full\" srcset=\"https:\/\/festivalpanoramic.cat\/wp-content\/uploads\/2022\/06\/3.-Videojocs-i-paisatge-virtual.jpg 1920w, https:\/\/festivalpanoramic.cat\/wp-content\/uploads\/2022\/06\/3.-Videojocs-i-paisatge-virtual-1280x720.jpg 1280w, https:\/\/festivalpanoramic.cat\/wp-content\/uploads\/2022\/06\/3.-Videojocs-i-paisatge-virtual-980x551.jpg 980w, https:\/\/festivalpanoramic.cat\/wp-content\/uploads\/2022\/06\/3.-Videojocs-i-paisatge-virtual-480x270.jpg 480w\" sizes=\"(min-width: 0px) and (max-width: 480px) 480px, (min-width: 481px) and (max-width: 980px) 980px, (min-width: 981px) and (max-width: 1280px) 1280px, (min-width: 1281px) 1920px, 100vw\" \/><\/strong><\/span><\/p>\n<p>[\/et_pb_toggle][et_pb_toggle title=\u00bbOpci\u00f3 B \u00b7 Paisatge Familiar i Paisatge Ex\u00f2tic\u00bb open_toggle_text_color=\u00bb#000000&#8243; open_toggle_background_color=\u00bbRGBA(255,255,255,0)\u00bb closed_toggle_background_color=\u00bbRGBA(255,255,255,0)\u00bb icon_color=\u00bb#8b794f\u00bb toggle_icon=\u00bb&#x4c;||divi||400&#8243; use_icon_font_size=\u00bbon\u00bb icon_font_size=\u00bb22px\u00bb open_icon_color=\u00bb#8b794f\u00bb open_use_icon_font_size=\u00bbon\u00bb _builder_version=\u00bb4.15.1&#8243; _module_preset=\u00bbdefault\u00bb title_text_color=\u00bb#000000&#8243; title_font=\u00bbakrobat light|||on|||||\u00bb title_text_align=\u00bbleft\u00bb title_font_size=\u00bb20px\u00bb closed_title_font=\u00bbakrobat light|||on|||||\u00bb closed_title_font_size=\u00bb20px\u00bb body_font=\u00bbakrobat light||||||||\u00bb body_text_color=\u00bb#000000&#8243; body_font_size=\u00bb20px\u00bb background_color=\u00bb#3a3a3a\u00bb text_orientation=\u00bbleft\u00bb custom_margin=\u00bb-27px||||false|false\u00bb custom_margin_tablet=\u00bb-9px||||false|false\u00bb custom_margin_phone=\u00bb-9px||||false|false\u00bb custom_margin_last_edited=\u00bbon|desktop\u00bb border_width_all=\u00bb0px\u00bb border_width_top=\u00bb1px\u00bb border_color_top=\u00bb#8b794f\u00bb global_colors_info=\u00bb{}\u00bb]<\/p>\n<p><span>Experi\u00e8ncia educativa que es concentra a introduir els l\u00edmits entre el que entenem com a paisatge conegut i el desconegut. <\/span><\/p>\n<p><span><strong>Lloc de trobada:<\/strong><\/span><span> Roca Umbert F\u00e0brica de les Arts<\/span><\/p>\n<p><span><strong>Benvinguda i presentaci\u00f3 <\/strong><\/span><\/p>\n<p> <span><strong>Caminada i dinamitzaci\u00f3 pels voltants del riu Congost <\/strong><\/span><span> <\/span><\/p>\n<p><span><strong>Visita i dinamitzaci\u00f3 de l<\/strong><\/span><span><strong>\u2019<\/strong><\/span><span><strong>exposici\u00f3 <em>HiperCongost<\/em> de l<\/strong><\/span><span><strong>\u2019<\/strong><\/span><span><strong>artista Jaume Parera<\/strong><\/span><\/p>\n<p><span>Projecte sobre el paisatge actual del riu Congost en contraposici\u00f3 amb fotografies de l<\/span><span>\u2019<\/span><span>Arxiu de Granollers <\/span> <\/p>\n<p><span><strong>Visita i dinamitzaci\u00f3 de l&#8217;exposici\u00f3<\/strong><\/span><span><strong><em> Forest Mind<\/em><\/strong><\/span><span><strong> de l&#8217;artista Ursula Biemann<\/strong><\/span><\/p>\n<p><span>Instal\u00b7laci\u00f3 documental audiovisual que adverteix sobre com el paisatge, amb el llenguatge propi, es relaciona amb l&#8217;home i les seves accions. <\/span><\/p>\n<p><span><strong>Cloenda<\/strong><\/span><\/p>\n<p><span><strong><img loading=\"lazy\" decoding=\"async\" src=\"https:\/\/festivalpanoramic.cat\/wp-content\/uploads\/2022\/06\/4.-Paisatge-Familiar-i-Paisatge-Exo%CC%80tic.jpg\" width=\"2000\" height=\"1125\" alt=\"\" class=\"wp-image-27288 aligncenter size-full\"><\/strong><\/span><\/p>\n<p>[\/et_pb_toggle][et_pb_toggle title=\u00bbOpci\u00f3 C \u00b7 Canvis al paisatge local\u00bb open_toggle_text_color=\u00bb#000000&#8243; open_toggle_background_color=\u00bbRGBA(255,255,255,0)\u00bb closed_toggle_background_color=\u00bbRGBA(255,255,255,0)\u00bb icon_color=\u00bb#8b794f\u00bb toggle_icon=\u00bb&#x4c;||divi||400&#8243; use_icon_font_size=\u00bbon\u00bb icon_font_size=\u00bb22px\u00bb open_icon_color=\u00bb#8b794f\u00bb open_use_icon_font_size=\u00bbon\u00bb _builder_version=\u00bb4.15.1&#8243; _module_preset=\u00bbdefault\u00bb title_text_color=\u00bb#000000&#8243; title_font=\u00bbakrobat light|||on|||||\u00bb title_text_align=\u00bbleft\u00bb title_font_size=\u00bb20px\u00bb closed_title_font=\u00bbakrobat light|||on|||||\u00bb closed_title_font_size=\u00bb20px\u00bb body_font=\u00bbakrobat light||||||||\u00bb body_text_color=\u00bb#000000&#8243; body_font_size=\u00bb20px\u00bb background_color=\u00bb#3a3a3a\u00bb text_orientation=\u00bbleft\u00bb custom_margin=\u00bb-31px||||false|false\u00bb custom_margin_tablet=\u00bb-9px||||false|false\u00bb custom_margin_phone=\u00bb-9px||||false|false\u00bb custom_margin_last_edited=\u00bbon|desktop\u00bb border_width_all=\u00bb0px\u00bb border_width_top=\u00bb1px\u00bb border_color_top=\u00bb#8b794f\u00bb global_colors_info=\u00bb{}\u00bb]<\/p>\n<p><span>Dinamitzaci\u00f3 concentrada en l&#8217;alfabetitzaci\u00f3 d&#8217;una mirada paisatg\u00edstica i la seva relaci\u00f3 amb les humanitats.<\/span><\/p>\n<p><span><strong>Lloc de trobada:<\/strong><\/span><span> Museu de Granollers <\/span> <\/p>\n<p><span><strong>Benvinguda i presentaci\u00f3 <\/strong><\/span><\/p>\n<p><span><strong>Visita i dinamitzaci\u00f3 del projecte fotogr\u00e0fic <em>Sunday Sunday<\/em> de l&#8217;artista Txema Salvans<\/strong><\/span><\/p>\n<p><span>Una investigaci\u00f3 visual que explora els canvis que tenen lloc en un paisatge urb\u00e0 donat pel flux i l&#8217;activaci\u00f3 de les persones que l<\/span><span>\u2019<\/span><span>habiten. <\/span> <\/p>\n<p><span><strong>Despla\u00e7ament a Roca Umbert <\/strong><\/span><\/p>\n<p><span><strong>Visita i dinamitzaci\u00f3 de l\u00b4exposici\u00f3 <em>HiperCongost<\/em> de l\u00b4artista Jaume Parera.<\/strong><\/span><\/p>\n<p><span>Projecte sobre el paisatge actual del riu congost en contraposici\u00f3 amb Fotografies del Archivo de Granollers. <\/span><\/p>\n<p><span><strong>Dinamitzaci\u00f3 i cloenda de la visita<\/strong><\/span><\/p>\n<p><span><strong><img loading=\"lazy\" decoding=\"async\" src=\"https:\/\/festivalpanoramic.cat\/wp-content\/uploads\/2022\/06\/5.Canvis-al-paisatge-local-300x200.jpg\" width=\"300\" height=\"200\" alt=\"\" class=\"wp-image-27291 aligncenter size-medium\"><\/strong><\/span><\/p>\n<p>[\/et_pb_toggle][et_pb_toggle title=\u00bbOpci\u00f3 D \u00b7 Descobrim el cinema\u00bb open_toggle_text_color=\u00bb#000000&#8243; open_toggle_background_color=\u00bbRGBA(255,255,255,0)\u00bb closed_toggle_background_color=\u00bbRGBA(255,255,255,0)\u00bb icon_color=\u00bb#8b794f\u00bb toggle_icon=\u00bb&#x4c;||divi||400&#8243; use_icon_font_size=\u00bbon\u00bb icon_font_size=\u00bb22px\u00bb open_icon_color=\u00bb#8b794f\u00bb open_use_icon_font_size=\u00bbon\u00bb _builder_version=\u00bb4.15.1&#8243; _module_preset=\u00bbdefault\u00bb title_text_color=\u00bb#000000&#8243; title_font=\u00bbakrobat light|||on|||||\u00bb title_text_align=\u00bbleft\u00bb title_font_size=\u00bb20px\u00bb closed_title_font=\u00bbakrobat light|||on|||||\u00bb closed_title_font_size=\u00bb20px\u00bb body_font=\u00bbakrobat light||||||||\u00bb body_text_color=\u00bb#000000&#8243; body_font_size=\u00bb20px\u00bb background_color=\u00bb#3a3a3a\u00bb text_orientation=\u00bbleft\u00bb custom_margin=\u00bb-27px||||false|false\u00bb custom_margin_tablet=\u00bb-9px||||false|false\u00bb custom_margin_phone=\u00bb-9px||||false|false\u00bb custom_margin_last_edited=\u00bbon|desktop\u00bb hover_enabled=\u00bb0&#8243; border_width_all=\u00bb0px\u00bb border_width_top=\u00bb1px\u00bb border_color_top=\u00bb#8b794f\u00bb global_colors_info=\u00bb{}\u00bb sticky_enabled=\u00bb0&#8243;]<\/p>\n<p><span>Espai de visualitzaci\u00f3 i conversa de curtmetratges vinculats al paisatge. En aquesta activitat es buscar\u00e0 apropar als infants al cinema menys comercial.<\/span><\/p>\n<p><span><strong>Visualitzaci\u00f3 del Cicle de Curts: <\/strong>es mostraran diversos curtmetratges que exploren la idea de Qu\u00e8 \u00e9s el paisatge i com ens hi relacionem <\/span><\/p>\n<p><strong>Dinamitzaci\u00f3 i conversa<span> <\/span><\/strong><\/p>\n<p><strong><\/strong><\/p>\n<p><span><strong>Lloc de trobada:<\/strong><\/span><span> Cinema Edison<\/span><\/p>\n<p><span><strong>Benvinguda i presentaci\u00f3<\/strong><\/span><\/p>\n<p><span><strong><img loading=\"lazy\" decoding=\"async\" src=\"https:\/\/festivalpanoramic.cat\/wp-content\/uploads\/2022\/06\/6.-Descobrim-el-cinema.jpg\" width=\"2000\" height=\"1125\" alt=\"\" class=\"wp-image-27294 aligncenter size-full\" srcset=\"https:\/\/festivalpanoramic.cat\/wp-content\/uploads\/2022\/06\/6.-Descobrim-el-cinema.jpg 2000w, https:\/\/festivalpanoramic.cat\/wp-content\/uploads\/2022\/06\/6.-Descobrim-el-cinema-1280x720.jpg 1280w, https:\/\/festivalpanoramic.cat\/wp-content\/uploads\/2022\/06\/6.-Descobrim-el-cinema-980x551.jpg 980w, https:\/\/festivalpanoramic.cat\/wp-content\/uploads\/2022\/06\/6.-Descobrim-el-cinema-480x270.jpg 480w\" sizes=\"(min-width: 0px) and (max-width: 480px) 480px, (min-width: 481px) and (max-width: 980px) 980px, (min-width: 981px) and (max-width: 1280px) 1280px, (min-width: 1281px) 2000px, 100vw\" \/><\/strong><\/span><\/p>\n<p>[\/et_pb_toggle][\/et_pb_column][\/et_pb_row][\/et_pb_section]<\/p>\n","protected":false},"excerpt":{"rendered":"<p>Prim\u00e0ria Panor\u00e0mic \u00e9s el festival que explora la relaci\u00f3 entre el cinema i la fotografia, i promou i incentiva la recerca de nous llenguatges i narratives audiovisuals. Panor\u00e0mic Granollers motiva [&hellip;]<\/p>\n","protected":false},"author":1,"featured_media":0,"comment_status":"open","ping_status":"closed","template":"","meta":{"_et_pb_use_builder":"on","_et_pb_old_content":"","_et_gb_content_width":"","footnotes":""},"project_category":[],"project_tag":[],"class_list":["post-27434","project","type-project","status-publish","hentry"],"yoast_head":"<!-- This site is optimized with the Yoast SEO plugin v27.2 - https:\/\/yoast.com\/product\/yoast-seo-wordpress\/ -->\n<title>programa educatiu primaria - Festival Panor\u00e0mic<\/title>\n<meta name=\"robots\" content=\"index, follow, max-snippet:-1, max-image-preview:large, max-video-preview:-1\" \/>\n<link rel=\"canonical\" href=\"https:\/\/festivalpanoramic.cat\/es\/project\/programa-educatiu-primaria\/\" \/>\n<meta property=\"og:locale\" content=\"es_ES\" \/>\n<meta property=\"og:type\" content=\"article\" \/>\n<meta property=\"og:title\" content=\"programa educatiu primaria - Festival Panor\u00e0mic\" \/>\n<meta property=\"og:description\" content=\"Prim\u00e0ria Panor\u00e0mic \u00e9s el festival que explora la relaci\u00f3 entre el cinema i la fotografia, i promou i incentiva la recerca de nous llenguatges i narratives audiovisuals. Panor\u00e0mic Granollers motiva [&hellip;]\" \/>\n<meta property=\"og:url\" content=\"https:\/\/festivalpanoramic.cat\/es\/project\/programa-educatiu-primaria\/\" \/>\n<meta property=\"og:site_name\" content=\"Festival Panor\u00e0mic\" \/>\n<meta property=\"article:modified_time\" content=\"2022-06-27T16:42:19+00:00\" \/>\n<meta property=\"og:image\" content=\"https:\/\/festivalpanoramic.cat\/wp-content\/uploads\/2022\/06\/1.-Opcio%CC%81-A.jpeg\" \/>\n<meta name=\"twitter:card\" content=\"summary_large_image\" \/>\n<meta name=\"twitter:label1\" content=\"Tiempo de lectura\" \/>\n\t<meta name=\"twitter:data1\" content=\"13 minutos\" \/>\n<script type=\"application\/ld+json\" class=\"yoast-schema-graph\">{\"@context\":\"https:\/\/schema.org\",\"@graph\":[{\"@type\":\"WebPage\",\"@id\":\"https:\/\/festivalpanoramic.cat\/es\/project\/programa-educatiu-primaria\/\",\"url\":\"https:\/\/festivalpanoramic.cat\/es\/project\/programa-educatiu-primaria\/\",\"name\":\"programa educatiu primaria - Festival Panor\u00e0mic\",\"isPartOf\":{\"@id\":\"https:\/\/festivalpanoramic.cat\/es\/#website\"},\"primaryImageOfPage\":{\"@id\":\"https:\/\/festivalpanoramic.cat\/es\/project\/programa-educatiu-primaria\/#primaryimage\"},\"image\":{\"@id\":\"https:\/\/festivalpanoramic.cat\/es\/project\/programa-educatiu-primaria\/#primaryimage\"},\"thumbnailUrl\":\"https:\/\/festivalpanoramic.cat\/wp-content\/uploads\/2022\/06\/1.-Opcio%CC%81-A.jpeg\",\"datePublished\":\"2022-06-20T10:26:09+00:00\",\"dateModified\":\"2022-06-27T16:42:19+00:00\",\"breadcrumb\":{\"@id\":\"https:\/\/festivalpanoramic.cat\/es\/project\/programa-educatiu-primaria\/#breadcrumb\"},\"inLanguage\":\"es\",\"potentialAction\":[{\"@type\":\"ReadAction\",\"target\":[\"https:\/\/festivalpanoramic.cat\/es\/project\/programa-educatiu-primaria\/\"]}]},{\"@type\":\"ImageObject\",\"inLanguage\":\"es\",\"@id\":\"https:\/\/festivalpanoramic.cat\/es\/project\/programa-educatiu-primaria\/#primaryimage\",\"url\":\"https:\/\/festivalpanoramic.cat\/wp-content\/uploads\/2022\/06\/1.-Opcio%CC%81-A.jpeg\",\"contentUrl\":\"https:\/\/festivalpanoramic.cat\/wp-content\/uploads\/2022\/06\/1.-Opcio%CC%81-A.jpeg\"},{\"@type\":\"BreadcrumbList\",\"@id\":\"https:\/\/festivalpanoramic.cat\/es\/project\/programa-educatiu-primaria\/#breadcrumb\",\"itemListElement\":[{\"@type\":\"ListItem\",\"position\":1,\"name\":\"Inici\",\"item\":\"https:\/\/festivalpanoramic.cat\/es\/\"},{\"@type\":\"ListItem\",\"position\":2,\"name\":\"Proyectos\",\"item\":\"https:\/\/festivalpanoramic.cat\/es\/project\/\"},{\"@type\":\"ListItem\",\"position\":3,\"name\":\"programa educatiu primaria\"}]},{\"@type\":\"WebSite\",\"@id\":\"https:\/\/festivalpanoramic.cat\/es\/#website\",\"url\":\"https:\/\/festivalpanoramic.cat\/es\/\",\"name\":\"Festival Panor\u00e0mic\",\"description\":\"PANOR\u00c0MIC. ARTS I CULTURES VISUALS\",\"potentialAction\":[{\"@type\":\"SearchAction\",\"target\":{\"@type\":\"EntryPoint\",\"urlTemplate\":\"https:\/\/festivalpanoramic.cat\/es\/?s={search_term_string}\"},\"query-input\":{\"@type\":\"PropertyValueSpecification\",\"valueRequired\":true,\"valueName\":\"search_term_string\"}}],\"inLanguage\":\"es\"}]}<\/script>\n<!-- \/ Yoast SEO plugin. -->","yoast_head_json":{"title":"programa educatiu primaria - Festival Panor\u00e0mic","robots":{"index":"index","follow":"follow","max-snippet":"max-snippet:-1","max-image-preview":"max-image-preview:large","max-video-preview":"max-video-preview:-1"},"canonical":"https:\/\/festivalpanoramic.cat\/es\/project\/programa-educatiu-primaria\/","og_locale":"es_ES","og_type":"article","og_title":"programa educatiu primaria - Festival Panor\u00e0mic","og_description":"Prim\u00e0ria Panor\u00e0mic \u00e9s el festival que explora la relaci\u00f3 entre el cinema i la fotografia, i promou i incentiva la recerca de nous llenguatges i narratives audiovisuals. Panor\u00e0mic Granollers motiva [&hellip;]","og_url":"https:\/\/festivalpanoramic.cat\/es\/project\/programa-educatiu-primaria\/","og_site_name":"Festival Panor\u00e0mic","article_modified_time":"2022-06-27T16:42:19+00:00","og_image":[{"url":"https:\/\/festivalpanoramic.cat\/wp-content\/uploads\/2022\/06\/1.-Opcio%CC%81-A.jpeg","type":"","width":"","height":""}],"twitter_card":"summary_large_image","twitter_misc":{"Tiempo de lectura":"13 minutos"},"schema":{"@context":"https:\/\/schema.org","@graph":[{"@type":"WebPage","@id":"https:\/\/festivalpanoramic.cat\/es\/project\/programa-educatiu-primaria\/","url":"https:\/\/festivalpanoramic.cat\/es\/project\/programa-educatiu-primaria\/","name":"programa educatiu primaria - Festival Panor\u00e0mic","isPartOf":{"@id":"https:\/\/festivalpanoramic.cat\/es\/#website"},"primaryImageOfPage":{"@id":"https:\/\/festivalpanoramic.cat\/es\/project\/programa-educatiu-primaria\/#primaryimage"},"image":{"@id":"https:\/\/festivalpanoramic.cat\/es\/project\/programa-educatiu-primaria\/#primaryimage"},"thumbnailUrl":"https:\/\/festivalpanoramic.cat\/wp-content\/uploads\/2022\/06\/1.-Opcio%CC%81-A.jpeg","datePublished":"2022-06-20T10:26:09+00:00","dateModified":"2022-06-27T16:42:19+00:00","breadcrumb":{"@id":"https:\/\/festivalpanoramic.cat\/es\/project\/programa-educatiu-primaria\/#breadcrumb"},"inLanguage":"es","potentialAction":[{"@type":"ReadAction","target":["https:\/\/festivalpanoramic.cat\/es\/project\/programa-educatiu-primaria\/"]}]},{"@type":"ImageObject","inLanguage":"es","@id":"https:\/\/festivalpanoramic.cat\/es\/project\/programa-educatiu-primaria\/#primaryimage","url":"https:\/\/festivalpanoramic.cat\/wp-content\/uploads\/2022\/06\/1.-Opcio%CC%81-A.jpeg","contentUrl":"https:\/\/festivalpanoramic.cat\/wp-content\/uploads\/2022\/06\/1.-Opcio%CC%81-A.jpeg"},{"@type":"BreadcrumbList","@id":"https:\/\/festivalpanoramic.cat\/es\/project\/programa-educatiu-primaria\/#breadcrumb","itemListElement":[{"@type":"ListItem","position":1,"name":"Inici","item":"https:\/\/festivalpanoramic.cat\/es\/"},{"@type":"ListItem","position":2,"name":"Proyectos","item":"https:\/\/festivalpanoramic.cat\/es\/project\/"},{"@type":"ListItem","position":3,"name":"programa educatiu primaria"}]},{"@type":"WebSite","@id":"https:\/\/festivalpanoramic.cat\/es\/#website","url":"https:\/\/festivalpanoramic.cat\/es\/","name":"Festival Panor\u00e0mic","description":"PANOR\u00c0MIC. ARTS I CULTURES VISUALS","potentialAction":[{"@type":"SearchAction","target":{"@type":"EntryPoint","urlTemplate":"https:\/\/festivalpanoramic.cat\/es\/?s={search_term_string}"},"query-input":{"@type":"PropertyValueSpecification","valueRequired":true,"valueName":"search_term_string"}}],"inLanguage":"es"}]}},"_links":{"self":[{"href":"https:\/\/festivalpanoramic.cat\/es\/wp-json\/wp\/v2\/project\/27434","targetHints":{"allow":["GET"]}}],"collection":[{"href":"https:\/\/festivalpanoramic.cat\/es\/wp-json\/wp\/v2\/project"}],"about":[{"href":"https:\/\/festivalpanoramic.cat\/es\/wp-json\/wp\/v2\/types\/project"}],"author":[{"embeddable":true,"href":"https:\/\/festivalpanoramic.cat\/es\/wp-json\/wp\/v2\/users\/1"}],"replies":[{"embeddable":true,"href":"https:\/\/festivalpanoramic.cat\/es\/wp-json\/wp\/v2\/comments?post=27434"}],"version-history":[{"count":0,"href":"https:\/\/festivalpanoramic.cat\/es\/wp-json\/wp\/v2\/project\/27434\/revisions"}],"wp:attachment":[{"href":"https:\/\/festivalpanoramic.cat\/es\/wp-json\/wp\/v2\/media?parent=27434"}],"wp:term":[{"taxonomy":"project_category","embeddable":true,"href":"https:\/\/festivalpanoramic.cat\/es\/wp-json\/wp\/v2\/project_category?post=27434"},{"taxonomy":"project_tag","embeddable":true,"href":"https:\/\/festivalpanoramic.cat\/es\/wp-json\/wp\/v2\/project_tag?post=27434"}],"curies":[{"name":"wp","href":"https:\/\/api.w.org\/{rel}","templated":true}]}}