{"id":28519,"date":"2022-08-31T16:14:24","date_gmt":"2022-08-31T14:14:24","guid":{"rendered":"https:\/\/festivalpanoramic.cat\/?post_type=project&#038;p=28519"},"modified":"2024-04-16T11:10:05","modified_gmt":"2024-04-16T09:10:05","slug":"lherbari-especular-una-analisi-dallo-huma-a-la-botanica-paula-bruna","status":"publish","type":"project","link":"https:\/\/festivalpanoramic.cat\/es\/project\/lherbari-especular-una-analisi-dallo-huma-a-la-botanica-paula-bruna\/","title":{"rendered":"L\u2019herbari especular. Una an\u00e0lisi d\u2019all\u00f2 hum\u00e0 a la bot\u00e0nica | Paula Bruna"},"content":{"rendered":"<p>[et_pb_section fb_built=\u00bb1&#8243; _builder_version=\u00bb4.16&#8243; _module_preset=\u00bbdefault\u00bb global_colors_info=\u00bb{}\u00bb][et_pb_row column_structure=\u00bb3_5,2_5&#8243; _builder_version=\u00bb4.17.6&#8243; _module_preset=\u00bbdefault\u00bb width=\u00bb95%\u00bb max_width=\u00bb2560px\u00bb global_colors_info=\u00bb{}\u00bb][et_pb_column type=\u00bb3_5&#8243; _builder_version=\u00bb4.16&#8243; _module_preset=\u00bbdefault\u00bb global_colors_info=\u00bb{}\u00bb][et_pb_text admin_label=\u00bbExposicions\u00bb _builder_version=\u00bb4.17.6&#8243; _module_preset=\u00bbdefault\u00bb text_font=\u00bbMontserrat extra bold||||||||\u00bb text_text_color=\u00bb#000000&#8243; text_font_size=\u00bb16px\u00bb custom_margin=\u00bb||15px||false|false\u00bb global_colors_info=\u00bb{}\u00bb]<\/p>\n<p>Exposiciones<\/p>\n<p>[\/et_pb_text][et_pb_text admin_label=\u00bbNom expo\u00bb _builder_version=\u00bb4.17.6&#8243; _module_preset=\u00bbdefault\u00bb text_font=\u00bbMontserrat extra bold||||||||\u00bb text_text_color=\u00bb#000000&#8243; text_font_size=\u00bb39px\u00bb text_line_height=\u00bb1em\u00bb custom_margin=\u00bb||19px||false|false\u00bb text_line_height_tablet=\u00bb\u00bb text_line_height_phone=\u00bb1.2em\u00bb text_line_height_last_edited=\u00bbon|phone\u00bb global_colors_info=\u00bb{}\u00bb]<\/p>\n<p>L\u2019herbari especular. Una an\u00e0lisi d\u2019all\u00f2 hum\u00e0 a la bot\u00e0nica <\/p>\n<p>[\/et_pb_text][et_pb_text admin_label=\u00bbexpo de&#8230;\u00bb _builder_version=\u00bb4.17.6&#8243; _module_preset=\u00bbdefault\u00bb text_font=\u00bbMontserrat Light||||||||\u00bb text_text_color=\u00bbgcid-73263b73-b059-42fc-a61d-05da764fa408&#8243; text_font_size=\u00bb17px\u00bb custom_margin=\u00bb-5px||0px||false|false\u00bb inline_fonts=\u00bbMontserrat extra bold,Montserrat Light\u00bb global_colors_info=\u00bb{%22gcid-73263b73-b059-42fc-a61d-05da764fa408%22:%91%22text_text_color%22%93}\u00bb]<\/p>\n<p>Exposici\u00f3n de <span style=\"font-family: 'Montserrat extra bold';\">Paula Bruna<\/span> comisariada por <span style=\"font-family: 'Montserrat extra bold'; font-weight: normal;\">Merc\u00e8 Alsina <span style=\"font-family: 'Montserrat Light';\">y<\/span> Laia Casanova<\/span><span style=\"font-family: 'Montserrat extra bold'; font-weight: normal;\"><\/span><span style=\"font-family: 'Montserrat extra bold'; font-weight: normal;\"><\/span><\/p>\n<p>[\/et_pb_text][et_pb_text admin_label=\u00bbLloc\u00bb _builder_version=\u00bb4.17.6&#8243; _module_preset=\u00bbdefault\u00bb text_font=\u00bbMontserrat extra bold||||||||\u00bb text_text_color=\u00bb#000000&#8243; text_font_size=\u00bb18px\u00bb custom_margin=\u00bb10px||||false|false\u00bb global_colors_info=\u00bb{}\u00bb]<\/p>\n<div id=\"m_2569107918192723313replybody1\">\n<div dir=\"ltr\">\n<p><span>Grisart, Barcelona<\/span><\/p>\n<p><span>Fundaci\u00f3 Foto Colectania, Barcelona<\/span><\/p>\n<p><span>Institut Bot\u00e0nic de Barcelona.<\/span><\/p>\n<\/div>\n<\/div>\n<p>[\/et_pb_text][et_pb_text admin_label=\u00bbData\u00bb _builder_version=\u00bb4.17.6&#8243; _module_preset=\u00bbdefault\u00bb text_font=\u00bbMontserrat Light||||||||\u00bb text_text_color=\u00bb#000000&#8243; text_font_size=\u00bb18px\u00bb custom_margin=\u00bb-10px||43px||false|false\u00bb custom_margin_tablet=\u00bb-24px||||false|false\u00bb custom_margin_phone=\u00bb-24px||||false|false\u00bb custom_margin_last_edited=\u00bbon|tablet\u00bb global_colors_info=\u00bb{}\u00bb]<\/p>\n<p>Del 20 de octubre al 27 de noviembre 2022<\/p>\n<p>[\/et_pb_text][et_pb_text _builder_version=\u00bb4.17.6&#8243; _module_preset=\u00bbdefault\u00bb text_font=\u00bbakrobat light||||||||\u00bb text_text_color=\u00bb#000000&#8243; text_font_size=\u00bb20px\u00bb hover_enabled=\u00bb0&#8243; inline_fonts=\u00bbakrobat extrabold\u00bb global_colors_info=\u00bb{}\u00bb sticky_enabled=\u00bb0&#8243;]<\/p>\n<div class=\"vc_empty_space\">\n<p>La intervenci\u00f3n de Paula Bruna, en colaboraci\u00f3n con el Institut Bot\u00e0nic de Barcelona, se desarrolla dentro del proyecto Plantoc\u00e8 (iniciado por el artista en 2017). Plantoceno es una investigaci\u00f3n en la que Bruna confronta el reino vegetal y la sociedad humana, pone en cuesti\u00f3n la hegemon\u00eda de nuestra especie y genera im\u00e1genes que sugieren un escenario poshumano.<\/p>\n<p>Para Bruna, ante la situaci\u00f3n de crisis medioambiental es necesario repensar las relaciones de los humanos con el resto del planeta, especialmente con los organismos vivos, atendiendo a sus realidades y no s\u00f3lo desde una perspectiva de aprovechamiento econ\u00f3mico o de servicio para los humanos. Por eso Bruna nos invita a situarnos en el \u00abpunto de vida\u00bb de las plantas y, desde ah\u00ed, girar la mirada hacia nuestra sociedad. Esta revisi\u00f3n desde una mirada ajena pone en evidencia las ficciones que impregnan y limitan el pensamiento occidental, como el supremacismo, el colonialismo, el sexismo, o el binarismo.<\/p>\n<\/div>\n<p>[\/et_pb_text][et_pb_divider _builder_version=\u00bb4.17.6&#8243; _module_preset=\u00bbdefault\u00bb global_colors_info=\u00bb{}\u00bb][\/et_pb_divider][et_pb_text _builder_version=\u00bb4.17.6&#8243; _module_preset=\u00bbdefault\u00bb text_font=\u00bbakrobat light||||||||\u00bb text_text_color=\u00bb#000000&#8243; text_font_size=\u00bb20px\u00bb hover_enabled=\u00bb0&#8243; inline_fonts=\u00bbMontserrat Light,akrobat light,akrobat extrabold,Montserrat extra bold\u00bb global_colors_info=\u00bb{}\u00bb sticky_enabled=\u00bb0&#8243;]<\/p>\n<div class=\"vc_empty_space\">\n<p><span style=\"font-size: 20px;\">En el festival Panor\u00e0mic Bruna presenta dos trabajos realizados en el marco de este proyecto:<\/span><\/p>\n<p><span style=\"font-family: 'Montserrat extra bold'; font-weight: normal;\"><strong>Desear como inmortales<\/strong><\/span><span> <\/span>(v\u00eddeo)<\/p>\n<p>La planta cruel ( <em>Araujia sericifera<\/em> ) est\u00e1 considerada una especie invasora en nuestras latitudes. Originaria de Argentina, se expandi\u00f3 por Europa a partir de su comercio para decorar jardines. El relato de la planta cruel en occidente habla de deseo y rechazo, posesi\u00f3n y rebeli\u00f3n, culpa y castigo por no someterse al control de los humanos. Su historia tiene todos los ingredientes de una pel\u00edcula de cine noir donde ella, la planta, tendr\u00eda el papel de <em>femme fatale<\/em> .<br \/>A partir de las semillas de la planta cruel, y entrelazando la historia de esta planta con los recuerdos personales del artista, el video transcurre por la vertiente atractiva y peligrosa del deseo y, desde el otro punto de vista, por el exhuberante rebeld\u00eda y la sumisi\u00f3n de lo deseado.<\/p>\n<p><span style=\"font-family: 'Montserrat extra bold'; font-weight: normal;\"><strong>Una dansa moderna<\/strong><\/span><span> <\/span>(instalaci\u00f3n)<\/p>\n<p>La <em>Araujia sericifera<\/em> es una planta con dos personalidades bot\u00e1nicas: En Sudam\u00e9rica recibe el nombre de Jazm\u00edn de Tucum\u00e1n, y es una planta nativa muy apreciada por ser el h\u00e1bitat de la mariposa monarca. En cambio, en nuestras latitudes se la conoce m\u00e1s como Planta cruel y est\u00e1 considerada una invasora muy agresiva. Este relato sobre dos identidades radicalmente opuestas depositadas en una misma planta recuerda a la historia de dr. Jekyll y Mr. Hyde (Robert Louis Stevenson, 1886).<\/p>\n<p>Conocida como Mala madre o Madre de millones, la <em>Kalanchoe x houghtonii<\/em> es fruto de un cruce artificial llevado a cabo en los a\u00f1os 30 por un jardinero que buscaba una planta m\u00e1s bonita y m\u00e1s resistente. Justamente estas caracter\u00edsticas le han llevado a ser catalogada como una de las especies invasoras con mayor poder de expansi\u00f3n que desencadena cat\u00e1strofes ecol\u00f3gicas. El relato de la Madre de millones presenta similitudes con el monstruo de Frankenstein (Mary Shelley, 1818), una criatura creada por un humano irresponsable que acaba siendo perseguida.<\/p>\n<p>En \u00abUna danza moderna\u00bb, las versiones vegetales de Mr. Hyde y Frankenstein escenifican un baile moderno; una danza de phyto-monstruos creados por la modernidad fruto de nuestro deseo sin l\u00edmites de posesi\u00f3n y control; una coreograf\u00eda de zombies del post-antropoceno que muestran su superioridad hacia los humanos con un movimiento suave de una ternura amenazante.<\/p>\n<p>El conjunto del proyecto se podr\u00e1 ver en varios lugares de la ciudad:<\/p>\n<p><span style=\"font-family: 'akrobat light';\">Lugar:<\/span> <span style=\"font-family: 'akrobat extrabold'; font-weight: normal;\">Fundaci\u00f3 Foto Colectania<\/span> .<span> <\/span><span style=\"font-family: 'Montserrat Light'; font-size: 20px;\">Del 21 al 23 de octubre.<\/span> <span style=\"font-size: 20px; font-family: 'Montserrat extra bold';\">Desear como inmortales<\/span><\/p>\n<p>&#8211;<\/p>\n<p><span style=\"font-family: 'akrobat light'; font-weight: normal;\">Lugar: <span style=\"font-family: 'akrobat extrabold';\">Grisart<\/span> .<\/span> <span style=\"font-family: 'Montserrat Light'; font-weight: normal;\">Del 20 de octubre al 27 de noviembre. <span style=\"font-family: 'Montserrat extra bold';\">Una dansa moderna<\/span> y <span style=\"font-family: 'Montserrat extra bold';\">Desitjar com a inmortals<\/span><\/span><\/p>\n<p>&#8211;<span style=\"font-family: 'Montserrat Light'; font-weight: normal;\"><span style=\"font-family: 'Montserrat extra bold';\"><\/span><\/span><\/p>\n<p>Lugar: <span style=\"font-family: 'akrobat extrabold'; font-weight: normal;\">Institut Bot\u00e0nic de Barcelona<\/span> . <span style=\"font-family: 'Montserrat Light'; font-weight: normal;\">Del 20 de octubre al 27 de Noviembre<\/span> <strong>.<\/strong><span> <\/span>Audiovisual sobre el proceso de trabajo.<span> <\/span><span style=\"font-family: 'Montserrat Light'; font-weight: normal;\">16 de noviembre a las 19h Presentaci\u00f3n del proyecto y conversaci\u00f3n entre <span style=\"font-family: 'Montserrat extra bold';\">Paula Bruna<\/span> y <span style=\"font-family: 'Montserrat extra bold';\">Merc\u00e8 Alsina<\/span><\/span><\/p>\n<p>&#8211;<strong><\/strong><\/p>\n<p><em>Obras realizadas con la colaboraci\u00f3n del Institut Bot\u00e0nic de Barcelona, Cultivamos Cultura, MEIAC Badajoz, Ana Lorente, Juan Antonio Cerezuela, Llapispanc.<\/em><\/p>\n<p>&nbsp;<\/p>\n<\/div>\n<p>[\/et_pb_text][et_pb_divider _builder_version=\u00bb4.17.6&#8243; _module_preset=\u00bbdefault\u00bb global_colors_info=\u00bb{}\u00bb][\/et_pb_divider][et_pb_text _builder_version=\u00bb4.17.6&#8243; _module_preset=\u00bbdefault\u00bb hover_enabled=\u00bb0&#8243; inline_fonts=\u00bbakrobat light,akrobat extrabold,Montserrat Light\u00bb global_colors_info=\u00bb{}\u00bb sticky_enabled=\u00bb0&#8243;]<\/p>\n<p><span style=\"font-family: 'Montserrat extra bold'; color: #000000; font-size: large;\"><span style=\"font-family: 'Montserrat Light';\">22 de octubre de 15 ha 19 h<\/span><\/span><\/p>\n<p><span style=\"font-family: 'Montserrat extra bold'; color: #000000; font-size: large;\"><span style=\"font-family: 'Montserrat Light';\">Taller familiar<\/span> \u00abUna passejada bot\u00e0nica\u00bb <span style=\"font-family: 'Montserrat Light'; font-weight: normal;\">dentro del<\/span> <a href=\"https:\/\/www.barcelona.cat\/barcelonadibuixa\/ca\/properament\" style=\"color: #000000;\">Festival Barcelona Dibuixa<\/a><\/span><\/p>\n<p><span style=\"color: #000000; font-family: 'akrobat light'; font-weight: normal; font-size: large;\">Dibujaremos plantas sobre soportes transl\u00facidos. Llenaremos el espacio con capas de los dibujos de plantas que, en conjunto, formar\u00e1n un bosque por el que pasear. Este taller pone en valor, desde la colectividad y el encuentro, actos cotidianos profundamente afectados durante la pandemia, como pasear, el contacto con otros seres vivos y los ambientes m\u00e1s naturales.<\/span><\/p>\n<p><span style=\"color: #000000; font-family: 'akrobat light'; font-weight: normal; font-size: large;\">Lloc: <span style=\"font-family: 'akrobat extrabold';\">Fundaci\u00f3 Foto Colectania<\/span>, Barcelona<\/span><\/p>\n<p>[\/et_pb_text][\/et_pb_column][et_pb_column type=\u00bb2_5&#8243; _builder_version=\u00bb4.16&#8243; _module_preset=\u00bbdefault\u00bb global_colors_info=\u00bb{}\u00bb][et_pb_image src=\u00bbhttps:\/\/festivalpanoramic.cat\/wp-content\/uploads\/2022\/08\/01-Paula-Bruna-web-scaled.jpg\u00bb title_text=\u00bb01-Paula-Bruna-web\u00bb force_fullwidth=\u00bbon\u00bb _builder_version=\u00bb4.17.6&#8243; _module_preset=\u00bbdefault\u00bb global_colors_info=\u00bb{}\u00bb][\/et_pb_image][\/et_pb_column][\/et_pb_row][\/et_pb_section][et_pb_section fb_built=\u00bb1&#8243; _builder_version=\u00bb4.16&#8243; _module_preset=\u00bbdefault\u00bb background_color=\u00bb#e8e8e8&#8243; global_colors_info=\u00bb{}\u00bb][et_pb_row column_structure=\u00bb2_3,1_3&#8243; _builder_version=\u00bb4.16&#8243; _module_preset=\u00bbdefault\u00bb width=\u00bb95%\u00bb max_width=\u00bb2560px\u00bb global_colors_info=\u00bb{}\u00bb][et_pb_column type=\u00bb2_3&#8243; _builder_version=\u00bb4.16&#8243; _module_preset=\u00bbdefault\u00bb global_colors_info=\u00bb{}\u00bb][et_pb_text _builder_version=\u00bb4.17.6&#8243; _module_preset=\u00bbdefault\u00bb text_font=\u00bbakrobat light||||||||\u00bb text_text_color=\u00bb#000000&#8243; text_font_size=\u00bb20px\u00bb inline_fonts=\u00bbMontserrat extra bold\u00bb global_colors_info=\u00bb{}\u00bb]<\/p>\n<p><span style=\"font-family: 'Montserrat extra bold'; font-weight: normal; font-size: xx-large;\">Paula Bruna <\/span><\/p>\n<p>Artista y ambient\u00f3loga catalana.<br \/>Su trabajo se centra en el an\u00e1lisis de la interacci\u00f3n entre la sociedad y el sistema ecol\u00f3gico en el que se aloja desde puntos de vista no humanos. Ha participado en exposiciones en centros culturales como el CCCB, Santa Monica, entre otros.<\/p>\n<p>[\/et_pb_text][et_pb_social_media_follow _builder_version=\u00bb4.17.6&#8243; _module_preset=\u00bbdefault\u00bb custom_margin=\u00bb-33px||||false|false\u00bb global_colors_info=\u00bb{}\u00bb][et_pb_social_media_follow_network social_network=\u00bbrss\u00bb url=\u00bbhttps:\/\/paulabruna.com\u00bb icon_color=\u00bbgcid-73263b73-b059-42fc-a61d-05da764fa408&#8243; use_icon_font_size=\u00bbon\u00bb icon_font_size=\u00bb20px\u00bb _builder_version=\u00bb4.17.6&#8243; _module_preset=\u00bbdefault\u00bb background_color=\u00bb#ff8a3c\u00bb background_enable_color=\u00bboff\u00bb custom_button=\u00bbon\u00bb button_text_size=\u00bb1px\u00bb button_border_width=\u00bb0px\u00bb button_border_radius=\u00bb0px\u00bb button_letter_spacing=\u00bb0px\u00bb global_colors_info=\u00bb{%22gcid-73263b73-b059-42fc-a61d-05da764fa408%22:%91%22background_color%22,%22icon_color%22%93}\u00bb follow_button=\u00bboff\u00bb url_new_window=\u00bbon\u00bb]rss[\/et_pb_social_media_follow_network][et_pb_social_media_follow_network social_network=\u00bbinstagram\u00bb url=\u00bbhttps:\/\/www.instagram.com\/paulabrunaperez\/\u00bb icon_color=\u00bbgcid-73263b73-b059-42fc-a61d-05da764fa408&#8243; use_icon_font_size=\u00bbon\u00bb icon_font_size=\u00bb20px\u00bb _builder_version=\u00bb4.17.6&#8243; _module_preset=\u00bbdefault\u00bb background_enable_color=\u00bboff\u00bb custom_button=\u00bbon\u00bb button_text_size=\u00bb1px\u00bb button_border_width=\u00bb0px\u00bb button_border_radius=\u00bb0px\u00bb button_letter_spacing=\u00bb0px\u00bb global_colors_info=\u00bb{%22gcid-73263b73-b059-42fc-a61d-05da764fa408%22:%91%22background_color%22,%22icon_color%22%93}\u00bb follow_button=\u00bboff\u00bb url_new_window=\u00bbon\u00bb]instagram[\/et_pb_social_media_follow_network][\/et_pb_social_media_follow][\/et_pb_column][et_pb_column type=\u00bb1_3&#8243; _builder_version=\u00bb4.16&#8243; _module_preset=\u00bbdefault\u00bb global_colors_info=\u00bb{}\u00bb][et_pb_image src=\u00bbhttps:\/\/festivalpanoramic.cat\/wp-content\/uploads\/2022\/03\/PAULABRUNA-2.jpg\u00bb title_text=\u00bbPAULABRUNA-2&#8243; _builder_version=\u00bb4.17.6&#8243; _module_preset=\u00bbdefault\u00bb filter_saturate=\u00bb0%\u00bb global_colors_info=\u00bb{}\u00bb][\/et_pb_image][\/et_pb_column][\/et_pb_row][\/et_pb_section]<\/p>\n","protected":false},"excerpt":{"rendered":"<p>ExposicionesL\u2019herbari especular. Una an\u00e0lisi d\u2019all\u00f2 hum\u00e0 a la bot\u00e0nica Exposici\u00f3n de Paula Bruna comisariada por Merc\u00e8 Alsina y Laia Casanova Grisart, Barcelona Fundaci\u00f3 Foto Colectania, Barcelona Institut Bot\u00e0nic de Barcelona. [&hellip;]<\/p>\n","protected":false},"author":1,"featured_media":28319,"comment_status":"open","ping_status":"closed","template":"","meta":{"_et_pb_use_builder":"on","_et_pb_old_content":"","_et_gb_content_width":"","footnotes":""},"project_category":[50,55,66],"project_tag":[56],"class_list":["post-28519","project","type-project","status-publish","has-post-thumbnail","hentry","project_category-exposiciones-2022","project_category-exposiciones-barcelona-2022","project_category-panoramic-file-2022-es","project_tag-rrr-es"],"yoast_head":"<!-- This site is optimized with the Yoast SEO plugin v27.2 - https:\/\/yoast.com\/product\/yoast-seo-wordpress\/ -->\n<title>L\u2019herbari especular. Una an\u00e0lisi d\u2019all\u00f2 hum\u00e0 a la bot\u00e0nica | Paula Bruna - Festival Panor\u00e0mic<\/title>\n<meta name=\"robots\" content=\"index, follow, max-snippet:-1, max-image-preview:large, max-video-preview:-1\" \/>\n<link rel=\"canonical\" href=\"https:\/\/festivalpanoramic.cat\/es\/project\/lherbari-especular-una-analisi-dallo-huma-a-la-botanica-paula-bruna\/\" \/>\n<meta property=\"og:locale\" content=\"es_ES\" \/>\n<meta property=\"og:type\" content=\"article\" \/>\n<meta property=\"og:title\" content=\"L\u2019herbari especular. Una an\u00e0lisi d\u2019all\u00f2 hum\u00e0 a la bot\u00e0nica | Paula Bruna - Festival Panor\u00e0mic\" \/>\n<meta property=\"og:description\" content=\"ExposicionesL\u2019herbari especular. Una an\u00e0lisi d\u2019all\u00f2 hum\u00e0 a la bot\u00e0nica Exposici\u00f3n de Paula Bruna comisariada por Merc\u00e8 Alsina y Laia Casanova Grisart, Barcelona Fundaci\u00f3 Foto Colectania, Barcelona Institut Bot\u00e0nic de Barcelona. [&hellip;]\" \/>\n<meta property=\"og:url\" content=\"https:\/\/festivalpanoramic.cat\/es\/project\/lherbari-especular-una-analisi-dallo-huma-a-la-botanica-paula-bruna\/\" \/>\n<meta property=\"og:site_name\" content=\"Festival Panor\u00e0mic\" \/>\n<meta property=\"article:modified_time\" content=\"2024-04-16T09:10:05+00:00\" \/>\n<meta property=\"og:image\" content=\"https:\/\/festivalpanoramic.cat\/wp-content\/uploads\/2022\/08\/00-Paula-Bruna-web.jpg\" \/>\n\t<meta property=\"og:image:width\" content=\"980\" \/>\n\t<meta property=\"og:image:height\" content=\"652\" \/>\n\t<meta property=\"og:image:type\" content=\"image\/jpeg\" \/>\n<meta name=\"twitter:card\" content=\"summary_large_image\" \/>\n<meta name=\"twitter:label1\" content=\"Tiempo de lectura\" \/>\n\t<meta name=\"twitter:data1\" content=\"8 minutos\" \/>\n<script type=\"application\/ld+json\" class=\"yoast-schema-graph\">{\"@context\":\"https:\/\/schema.org\",\"@graph\":[{\"@type\":\"WebPage\",\"@id\":\"https:\/\/festivalpanoramic.cat\/es\/project\/lherbari-especular-una-analisi-dallo-huma-a-la-botanica-paula-bruna\/\",\"url\":\"https:\/\/festivalpanoramic.cat\/es\/project\/lherbari-especular-una-analisi-dallo-huma-a-la-botanica-paula-bruna\/\",\"name\":\"L\u2019herbari especular. Una an\u00e0lisi d\u2019all\u00f2 hum\u00e0 a la bot\u00e0nica | Paula Bruna - Festival Panor\u00e0mic\",\"isPartOf\":{\"@id\":\"https:\/\/festivalpanoramic.cat\/es\/#website\"},\"primaryImageOfPage\":{\"@id\":\"https:\/\/festivalpanoramic.cat\/es\/project\/lherbari-especular-una-analisi-dallo-huma-a-la-botanica-paula-bruna\/#primaryimage\"},\"image\":{\"@id\":\"https:\/\/festivalpanoramic.cat\/es\/project\/lherbari-especular-una-analisi-dallo-huma-a-la-botanica-paula-bruna\/#primaryimage\"},\"thumbnailUrl\":\"https:\/\/festivalpanoramic.cat\/wp-content\/uploads\/2022\/08\/00-Paula-Bruna-web.jpg\",\"datePublished\":\"2022-08-31T14:14:24+00:00\",\"dateModified\":\"2024-04-16T09:10:05+00:00\",\"breadcrumb\":{\"@id\":\"https:\/\/festivalpanoramic.cat\/es\/project\/lherbari-especular-una-analisi-dallo-huma-a-la-botanica-paula-bruna\/#breadcrumb\"},\"inLanguage\":\"es\",\"potentialAction\":[{\"@type\":\"ReadAction\",\"target\":[\"https:\/\/festivalpanoramic.cat\/es\/project\/lherbari-especular-una-analisi-dallo-huma-a-la-botanica-paula-bruna\/\"]}]},{\"@type\":\"ImageObject\",\"inLanguage\":\"es\",\"@id\":\"https:\/\/festivalpanoramic.cat\/es\/project\/lherbari-especular-una-analisi-dallo-huma-a-la-botanica-paula-bruna\/#primaryimage\",\"url\":\"https:\/\/festivalpanoramic.cat\/wp-content\/uploads\/2022\/08\/00-Paula-Bruna-web.jpg\",\"contentUrl\":\"https:\/\/festivalpanoramic.cat\/wp-content\/uploads\/2022\/08\/00-Paula-Bruna-web.jpg\",\"width\":980,\"height\":652},{\"@type\":\"BreadcrumbList\",\"@id\":\"https:\/\/festivalpanoramic.cat\/es\/project\/lherbari-especular-una-analisi-dallo-huma-a-la-botanica-paula-bruna\/#breadcrumb\",\"itemListElement\":[{\"@type\":\"ListItem\",\"position\":1,\"name\":\"Inici\",\"item\":\"https:\/\/festivalpanoramic.cat\/es\/\"},{\"@type\":\"ListItem\",\"position\":2,\"name\":\"Proyectos\",\"item\":\"https:\/\/festivalpanoramic.cat\/es\/project\/\"},{\"@type\":\"ListItem\",\"position\":3,\"name\":\"L\u2019herbari especular. Una an\u00e0lisi d\u2019all\u00f2 hum\u00e0 a la bot\u00e0nica | Paula Bruna\"}]},{\"@type\":\"WebSite\",\"@id\":\"https:\/\/festivalpanoramic.cat\/es\/#website\",\"url\":\"https:\/\/festivalpanoramic.cat\/es\/\",\"name\":\"Festival Panor\u00e0mic\",\"description\":\"PANOR\u00c0MIC. ARTS I CULTURES VISUALS\",\"potentialAction\":[{\"@type\":\"SearchAction\",\"target\":{\"@type\":\"EntryPoint\",\"urlTemplate\":\"https:\/\/festivalpanoramic.cat\/es\/?s={search_term_string}\"},\"query-input\":{\"@type\":\"PropertyValueSpecification\",\"valueRequired\":true,\"valueName\":\"search_term_string\"}}],\"inLanguage\":\"es\"}]}<\/script>\n<!-- \/ Yoast SEO plugin. -->","yoast_head_json":{"title":"L\u2019herbari especular. Una an\u00e0lisi d\u2019all\u00f2 hum\u00e0 a la bot\u00e0nica | Paula Bruna - Festival Panor\u00e0mic","robots":{"index":"index","follow":"follow","max-snippet":"max-snippet:-1","max-image-preview":"max-image-preview:large","max-video-preview":"max-video-preview:-1"},"canonical":"https:\/\/festivalpanoramic.cat\/es\/project\/lherbari-especular-una-analisi-dallo-huma-a-la-botanica-paula-bruna\/","og_locale":"es_ES","og_type":"article","og_title":"L\u2019herbari especular. Una an\u00e0lisi d\u2019all\u00f2 hum\u00e0 a la bot\u00e0nica | Paula Bruna - Festival Panor\u00e0mic","og_description":"ExposicionesL\u2019herbari especular. Una an\u00e0lisi d\u2019all\u00f2 hum\u00e0 a la bot\u00e0nica Exposici\u00f3n de Paula Bruna comisariada por Merc\u00e8 Alsina y Laia Casanova Grisart, Barcelona Fundaci\u00f3 Foto Colectania, Barcelona Institut Bot\u00e0nic de Barcelona. [&hellip;]","og_url":"https:\/\/festivalpanoramic.cat\/es\/project\/lherbari-especular-una-analisi-dallo-huma-a-la-botanica-paula-bruna\/","og_site_name":"Festival Panor\u00e0mic","article_modified_time":"2024-04-16T09:10:05+00:00","og_image":[{"width":980,"height":652,"url":"https:\/\/festivalpanoramic.cat\/wp-content\/uploads\/2022\/08\/00-Paula-Bruna-web.jpg","type":"image\/jpeg"}],"twitter_card":"summary_large_image","twitter_misc":{"Tiempo de lectura":"8 minutos"},"schema":{"@context":"https:\/\/schema.org","@graph":[{"@type":"WebPage","@id":"https:\/\/festivalpanoramic.cat\/es\/project\/lherbari-especular-una-analisi-dallo-huma-a-la-botanica-paula-bruna\/","url":"https:\/\/festivalpanoramic.cat\/es\/project\/lherbari-especular-una-analisi-dallo-huma-a-la-botanica-paula-bruna\/","name":"L\u2019herbari especular. Una an\u00e0lisi d\u2019all\u00f2 hum\u00e0 a la bot\u00e0nica | Paula Bruna - Festival Panor\u00e0mic","isPartOf":{"@id":"https:\/\/festivalpanoramic.cat\/es\/#website"},"primaryImageOfPage":{"@id":"https:\/\/festivalpanoramic.cat\/es\/project\/lherbari-especular-una-analisi-dallo-huma-a-la-botanica-paula-bruna\/#primaryimage"},"image":{"@id":"https:\/\/festivalpanoramic.cat\/es\/project\/lherbari-especular-una-analisi-dallo-huma-a-la-botanica-paula-bruna\/#primaryimage"},"thumbnailUrl":"https:\/\/festivalpanoramic.cat\/wp-content\/uploads\/2022\/08\/00-Paula-Bruna-web.jpg","datePublished":"2022-08-31T14:14:24+00:00","dateModified":"2024-04-16T09:10:05+00:00","breadcrumb":{"@id":"https:\/\/festivalpanoramic.cat\/es\/project\/lherbari-especular-una-analisi-dallo-huma-a-la-botanica-paula-bruna\/#breadcrumb"},"inLanguage":"es","potentialAction":[{"@type":"ReadAction","target":["https:\/\/festivalpanoramic.cat\/es\/project\/lherbari-especular-una-analisi-dallo-huma-a-la-botanica-paula-bruna\/"]}]},{"@type":"ImageObject","inLanguage":"es","@id":"https:\/\/festivalpanoramic.cat\/es\/project\/lherbari-especular-una-analisi-dallo-huma-a-la-botanica-paula-bruna\/#primaryimage","url":"https:\/\/festivalpanoramic.cat\/wp-content\/uploads\/2022\/08\/00-Paula-Bruna-web.jpg","contentUrl":"https:\/\/festivalpanoramic.cat\/wp-content\/uploads\/2022\/08\/00-Paula-Bruna-web.jpg","width":980,"height":652},{"@type":"BreadcrumbList","@id":"https:\/\/festivalpanoramic.cat\/es\/project\/lherbari-especular-una-analisi-dallo-huma-a-la-botanica-paula-bruna\/#breadcrumb","itemListElement":[{"@type":"ListItem","position":1,"name":"Inici","item":"https:\/\/festivalpanoramic.cat\/es\/"},{"@type":"ListItem","position":2,"name":"Proyectos","item":"https:\/\/festivalpanoramic.cat\/es\/project\/"},{"@type":"ListItem","position":3,"name":"L\u2019herbari especular. Una an\u00e0lisi d\u2019all\u00f2 hum\u00e0 a la bot\u00e0nica | Paula Bruna"}]},{"@type":"WebSite","@id":"https:\/\/festivalpanoramic.cat\/es\/#website","url":"https:\/\/festivalpanoramic.cat\/es\/","name":"Festival Panor\u00e0mic","description":"PANOR\u00c0MIC. ARTS I CULTURES VISUALS","potentialAction":[{"@type":"SearchAction","target":{"@type":"EntryPoint","urlTemplate":"https:\/\/festivalpanoramic.cat\/es\/?s={search_term_string}"},"query-input":{"@type":"PropertyValueSpecification","valueRequired":true,"valueName":"search_term_string"}}],"inLanguage":"es"}]}},"_links":{"self":[{"href":"https:\/\/festivalpanoramic.cat\/es\/wp-json\/wp\/v2\/project\/28519","targetHints":{"allow":["GET"]}}],"collection":[{"href":"https:\/\/festivalpanoramic.cat\/es\/wp-json\/wp\/v2\/project"}],"about":[{"href":"https:\/\/festivalpanoramic.cat\/es\/wp-json\/wp\/v2\/types\/project"}],"author":[{"embeddable":true,"href":"https:\/\/festivalpanoramic.cat\/es\/wp-json\/wp\/v2\/users\/1"}],"replies":[{"embeddable":true,"href":"https:\/\/festivalpanoramic.cat\/es\/wp-json\/wp\/v2\/comments?post=28519"}],"version-history":[{"count":0,"href":"https:\/\/festivalpanoramic.cat\/es\/wp-json\/wp\/v2\/project\/28519\/revisions"}],"wp:featuredmedia":[{"embeddable":true,"href":"https:\/\/festivalpanoramic.cat\/es\/wp-json\/wp\/v2\/media\/28319"}],"wp:attachment":[{"href":"https:\/\/festivalpanoramic.cat\/es\/wp-json\/wp\/v2\/media?parent=28519"}],"wp:term":[{"taxonomy":"project_category","embeddable":true,"href":"https:\/\/festivalpanoramic.cat\/es\/wp-json\/wp\/v2\/project_category?post=28519"},{"taxonomy":"project_tag","embeddable":true,"href":"https:\/\/festivalpanoramic.cat\/es\/wp-json\/wp\/v2\/project_tag?post=28519"}],"curies":[{"name":"wp","href":"https:\/\/api.w.org\/{rel}","templated":true}]}}