{"id":28697,"date":"2022-09-08T13:55:59","date_gmt":"2022-09-08T11:55:59","guid":{"rendered":"https:\/\/festivalpanoramic.cat\/project\/paula-laverde-austin-me-catalina-bojaca-co\/"},"modified":"2022-09-16T12:45:24","modified_gmt":"2022-09-16T10:45:24","slug":"paula-laverde-austin-me-catalina-bojaca-co","status":"publish","type":"project","link":"https:\/\/festivalpanoramic.cat\/es\/project\/paula-laverde-austin-me-catalina-bojaca-co\/","title":{"rendered":"Paula Laverde Austin (MX) | Catalina Boj\u00e1ca (CO)"},"content":{"rendered":"<p>[et_pb_section fb_built=\u00bb1&#8243; _builder_version=\u00bb4.16&#8243; _module_preset=\u00bbdefault\u00bb background_color=\u00bb#e8e8e8&#8243; global_colors_info=\u00bb{}\u00bb theme_builder_area=\u00bbpost_content\u00bb][et_pb_row _builder_version=\u00bb4.17.6&#8243; _module_preset=\u00bbdefault\u00bb width=\u00bb95%\u00bb max_width=\u00bb2560px\u00bb custom_margin=\u00bb-43px||||false|false\u00bb custom_margin_tablet=\u00bb-43px||||false|false\u00bb custom_margin_phone=\u00bb-43px||||false|false\u00bb custom_margin_last_edited=\u00bbon|phone\u00bb global_colors_info=\u00bb{}\u00bb theme_builder_area=\u00bbpost_content\u00bb][et_pb_column type=\u00bb4_4&#8243; _builder_version=\u00bb4.17.6&#8243; _module_preset=\u00bbdefault\u00bb global_colors_info=\u00bb{}\u00bb theme_builder_area=\u00bbpost_content\u00bb][et_pb_text _builder_version=\u00bb4.17.6&#8243; _module_preset=\u00bbdefault\u00bb text_font=\u00bbakrobat extrabold||||||||\u00bb text_text_color=\u00bbgcid-73263b73-b059-42fc-a61d-05da764fa408&#8243; text_font_size=\u00bb16px\u00bb inline_fonts=\u00bbakrobat light\u00bb global_colors_info=\u00bb{%22gcid-73263b73-b059-42fc-a61d-05da764fa408%22:%91%22text_text_color%22%93}\u00bb theme_builder_area=\u00bbpost_content\u00bb]<\/p>\n<p class=\"p1\">VISIONADOS EN LA CAPELLA, BARCELONA | <span style=\"font-family: 'akrobat light';\">28.10.2022<\/span><\/p>\n<p class=\"p1\">\n<p>[\/et_pb_text][\/et_pb_column][\/et_pb_row][et_pb_row column_structure=\u00bb1_4,1_2,1_4&#8243; _builder_version=\u00bb4.17.6&#8243; _module_preset=\u00bbdefault\u00bb width=\u00bb95%\u00bb max_width=\u00bb2560px\u00bb custom_margin=\u00bb-42px||||false|false\u00bb custom_margin_tablet=\u00bb-42px||||false|false\u00bb custom_margin_phone=\u00bb-42px||||false|false\u00bb custom_margin_last_edited=\u00bbon|phone\u00bb global_colors_info=\u00bb{}\u00bb theme_builder_area=\u00bbpost_content\u00bb][et_pb_column type=\u00bb1_4&#8243; _builder_version=\u00bb4.16&#8243; _module_preset=\u00bbdefault\u00bb global_colors_info=\u00bb{}\u00bb theme_builder_area=\u00bbpost_content\u00bb][et_pb_image src=\u00bbhttps:\/\/festivalpanoramic.cat\/wp-content\/uploads\/2022\/09\/web-paula.jpg\u00bb title_text=\u00bbweb-paula\u00bb _builder_version=\u00bb4.17.6&#8243; _module_preset=\u00bbdefault\u00bb filter_saturate=\u00bb0%\u00bb hover_enabled=\u00bb0&#8243; global_colors_info=\u00bb{}\u00bb theme_builder_area=\u00bbpost_content\u00bb sticky_enabled=\u00bb0&#8243;][\/et_pb_image][\/et_pb_column][et_pb_column type=\u00bb1_2&#8243; _builder_version=\u00bb4.16&#8243; _module_preset=\u00bbdefault\u00bb global_colors_info=\u00bb{}\u00bb theme_builder_area=\u00bbpost_content\u00bb][et_pb_text _builder_version=\u00bb4.17.6&#8243; _module_preset=\u00bbdefault\u00bb text_font=\u00bbakrobat light||||||||\u00bb text_text_color=\u00bb#000000&#8243; text_font_size=\u00bb20px\u00bb inline_fonts=\u00bbMontserrat extra bold\u00bb global_colors_info=\u00bb{}\u00bb theme_builder_area=\u00bbpost_content\u00bb]<\/p>\n<p><span style=\"font-family: 'Montserrat extra bold'; font-weight: normal; font-size: small;\">Comisaria<\/span><\/p>\n<p><span style=\"font-family: 'Montserrat extra bold'; font-weight: normal; font-size: xx-large;\">Paula Laverde Austin<\/span><\/p>\n<p>Naci\u00f3 en 1972 en la Ciudad de M\u00e9xico. Realiz\u00f3 estudios de dise\u00f1o y comunicaci\u00f3n gr\u00e1fica en la Universidad Aut\u00f3noma Metropolitana. De 2002 a 2013 residi\u00f3 en Barcelona donde se especializ\u00f3 en ilustraci\u00f3n y motion graphics, realiz\u00f3 estudios en litograf\u00eda y grabado en la escuela de Artes y Oficios, La Llotja. Fue artista residente del TPK arte y pensamiento contempor\u00e1neo en Barcelona, desarrollando obra personal, varios proyectos de libro de artista, curadur\u00eda y exponiendo en distintos pa\u00edses, como Espa\u00f1a, Chile y Francia.<br \/>En marzo de 2010 result\u00f3 ganadora del tercer puesto del concurso de convocatoria internacional Guadalupe Madre Tierra, con un pol\u00edptico de seis piezas titulado La Milagrosa que se encuentra instalado como obra permanente en el parque natural la Barranca de Amanalco en Cuernavaca Morelos, M\u00e9xico.<br \/>De forma simult\u00e1nea ha publicado ilustraciones para diferentes medios impresos (Conaculta, libros gratuitos de la SEP, Editorial Montesinos, La Cartonera, Editorial Expansi\u00f3n, Norma Editorial, entre otros), carteles para pel\u00edculas y eventos culturales, as\u00ed como montaje de escenograf\u00eda para diversas actividades de Casa Am\u00e8rica de Catalunya. Ha sido seleccionada dos veces en la Bienal Internacional del Cartel, con los carteles de las pel\u00edculas \u201cPerdida\u201d (M\u00e9xico-Catalunya 2009) y \u201cAcorazado\u201d de Alvaro Curiel (M\u00e9xico, 2010).<br \/>Desde 2012 hasta ahora realiza la curador\u00eda y coordinaci\u00f3n de la exposici\u00f3n colectiva \u201cNo nos cabe tanta muerte, Memorial en Ciudad Ju\u00e1rez\u201d itinerante en diferentes galer\u00edas del territorio espa\u00f1ol. Actualmente reside en la Ciudad de M\u00e9xico.<\/p>\n<p>[\/et_pb_text][et_pb_social_media_follow _builder_version=\u00bb4.17.6&#8243; _module_preset=\u00bbdefault\u00bb custom_margin=\u00bb-33px||||false|false\u00bb hover_enabled=\u00bb0&#8243; global_colors_info=\u00bb{}\u00bb theme_builder_area=\u00bbpost_content\u00bb sticky_enabled=\u00bb0&#8243;][et_pb_social_media_follow_network social_network=\u00bbrss\u00bb url=\u00bbhttp:\/\/www.orquideassusurrantes.net\u00bb icon_color=\u00bbgcid-73263b73-b059-42fc-a61d-05da764fa408&#8243; use_icon_font_size=\u00bbon\u00bb icon_font_size=\u00bb20px\u00bb _builder_version=\u00bb4.17.6&#8243; _module_preset=\u00bbdefault\u00bb background_color=\u00bb#ff8a3c\u00bb background_enable_color=\u00bboff\u00bb custom_button=\u00bbon\u00bb button_text_size=\u00bb1px\u00bb button_border_width=\u00bb0px\u00bb button_border_radius=\u00bb0px\u00bb button_letter_spacing=\u00bb0px\u00bb hover_enabled=\u00bb0&#8243; global_colors_info=\u00bb{%22gcid-73263b73-b059-42fc-a61d-05da764fa408%22:%91%22background_color%22,%22icon_color%22%93}\u00bb theme_builder_area=\u00bbpost_content\u00bb follow_button=\u00bboff\u00bb url_new_window=\u00bbon\u00bb sticky_enabled=\u00bb0&#8243;]rss[\/et_pb_social_media_follow_network][\/et_pb_social_media_follow][\/et_pb_column][et_pb_column type=\u00bb1_4&#8243; _builder_version=\u00bb4.16&#8243; _module_preset=\u00bbdefault\u00bb global_colors_info=\u00bb{}\u00bb theme_builder_area=\u00bbpost_content\u00bb][et_pb_button button_url=\u00bbhttps:\/\/form.jotform.com\/221872642234050?ct=t(Newsletter_interno_211_29_2014_COPY_05)\u00bb button_text=\u00bbInscr\u00edbete a los visionados\u00bb _builder_version=\u00bb4.17.6&#8243; _module_preset=\u00bbdefault\u00bb custom_button=\u00bbon\u00bb button_text_size=\u00bb18px\u00bb button_text_color=\u00bb#FFFFFF\u00bb button_bg_color=\u00bbgcid-73263b73-b059-42fc-a61d-05da764fa408&#8243; button_border_width=\u00bb0px\u00bb button_border_radius=\u00bb0px\u00bb button_font=\u00bbMontserrat extra bold||||||||\u00bb global_colors_info=\u00bb{%22gcid-73263b73-b059-42fc-a61d-05da764fa408%22:%91%22button_bg_color%22%93}\u00bb theme_builder_area=\u00bbpost_content\u00bb][\/et_pb_button][\/et_pb_column][\/et_pb_row][et_pb_row _builder_version=\u00bb4.17.6&#8243; _module_preset=\u00bbdefault\u00bb theme_builder_area=\u00bbpost_content\u00bb max_width=\u00bb2560px\u00bb width=\u00bb95%\u00bb hover_enabled=\u00bb0&#8243; sticky_enabled=\u00bb0&#8243;][et_pb_column _builder_version=\u00bb4.17.6&#8243; _module_preset=\u00bbdefault\u00bb type=\u00bb4_4&#8243; theme_builder_area=\u00bbpost_content\u00bb][et_pb_divider _builder_version=\u00bb4.17.6&#8243; _module_preset=\u00bbdefault\u00bb theme_builder_area=\u00bbpost_content\u00bb global_colors_info=\u00bb{%22gcid-73263b73-b059-42fc-a61d-05da764fa408%22:%91%22color%22%93}\u00bb color=\u00bbgcid-73263b73-b059-42fc-a61d-05da764fa408&#8243; hover_enabled=\u00bb0&#8243; sticky_enabled=\u00bb0&#8243;][\/et_pb_divider][\/et_pb_column][\/et_pb_row][et_pb_row column_structure=\u00bb1_4,1_2,1_4&#8243; _builder_version=\u00bb4.17.6&#8243; _module_preset=\u00bbdefault\u00bb width=\u00bb95%\u00bb max_width=\u00bb2560px\u00bb custom_margin=\u00bb-42px||||false|false\u00bb custom_margin_tablet=\u00bb-42px||||false|false\u00bb custom_margin_phone=\u00bb-42px||||false|false\u00bb custom_margin_last_edited=\u00bbon|phone\u00bb global_colors_info=\u00bb{}\u00bb theme_builder_area=\u00bbpost_content\u00bb][et_pb_column type=\u00bb1_4&#8243; _builder_version=\u00bb4.16&#8243; _module_preset=\u00bbdefault\u00bb global_colors_info=\u00bb{}\u00bb theme_builder_area=\u00bbpost_content\u00bb][et_pb_image src=\u00bbhttps:\/\/festivalpanoramic.cat\/wp-content\/uploads\/2022\/09\/web_Catalina_Bojaca.jpg\u00bb title_text=\u00bbweb_Catalina_Bojaca\u00bb _builder_version=\u00bb4.17.6&#8243; _module_preset=\u00bbdefault\u00bb filter_saturate=\u00bb0%\u00bb hover_enabled=\u00bb0&#8243; global_colors_info=\u00bb{}\u00bb theme_builder_area=\u00bbpost_content\u00bb sticky_enabled=\u00bb0&#8243;][\/et_pb_image][\/et_pb_column][et_pb_column type=\u00bb1_2&#8243; _builder_version=\u00bb4.16&#8243; _module_preset=\u00bbdefault\u00bb global_colors_info=\u00bb{}\u00bb theme_builder_area=\u00bbpost_content\u00bb][et_pb_text _builder_version=\u00bb4.17.6&#8243; _module_preset=\u00bbdefault\u00bb text_font=\u00bbakrobat light||||||||\u00bb text_text_color=\u00bb#000000&#8243; text_font_size=\u00bb20px\u00bb inline_fonts=\u00bbMontserrat extra bold\u00bb global_colors_info=\u00bb{}\u00bb theme_builder_area=\u00bbpost_content\u00bb]<\/p>\n<p><span style=\"font-family: 'Montserrat extra bold'; font-weight: normal; font-size: xx-large;\"><span style=\"font-family: 'Montserrat extra bold'; font-weight: normal; font-size: small;\">Comisaria<\/span><\/span><\/p>\n<p><span style=\"font-family: 'Montserrat extra bold'; font-weight: normal; font-size: xx-large;\">Catalina Boj\u00e1ca<\/span><\/p>\n<p>Productora de proyectos culturales, art\u00edsticos y educativos, nacida en Bogot\u00e1, Colombia, lugar donde realiz\u00f3 estudios de comunicaci\u00f3n social, periodismo y relaciones p\u00fablicas. Trabaj\u00f3 varios a\u00f1os coordinando y produciendo programas de formaci\u00f3n y promoci\u00f3n de artes visuales y teatro de \u00e1mbito nacional para el Ministerio de Cultura de Colombia.<br \/>Actualmente radicada en la Ciudad de M\u00e9xico, donde ha realizado diferentes producciones para artistas pl\u00e1sticos y piezas audiovisuales, fue parte del equipo del programa Laboratorio Audiovisual Comunitario en la Direcci\u00f3n de Vinculaci\u00f3n Comunitaria de la Secretar\u00eda de Cultura Federal, se ejerci\u00f3 como a coordinadora de log\u00edstica y vinculaci\u00f3n a la edici\u00f3n XIV de la Bienal de arte FEMSA. Actualmente es productora de De Casa Producciones, productora de proyectos audiovisuales y educativos, con la que cre\u00f3 en colaboraci\u00f3n con sus otros 2 integrantes el laboratorio audiovisual Alma de Casa, colabora con la III Bienal de Artes y Dise\u00f1o de la UNAM como coordinadora de vinculaci\u00f3n y gesti\u00f3n y es la coordinadora del componente pedag\u00f3gico del 46 Sal\u00f3n Nacional de Artistas de Colombia.<\/p>\n<p>Su inter\u00e9s en la promoci\u00f3n de las artes visuales y el audiovisual a partir de intercambios culturales entre varios pa\u00edses de Am\u00e9rica Latina son la motivaci\u00f3n para extender el alcance de este intercambio con Europa a partir de la plataforma del festival PANORAMIC.<\/p>\n<p>[\/et_pb_text][\/et_pb_column][et_pb_column type=\u00bb1_4&#8243; _builder_version=\u00bb4.16&#8243; _module_preset=\u00bbdefault\u00bb global_colors_info=\u00bb{}\u00bb theme_builder_area=\u00bbpost_content\u00bb][\/et_pb_column][\/et_pb_row][\/et_pb_section][et_pb_section fb_built=\u00bb1&#8243; _builder_version=\u00bb4.16&#8243; _module_preset=\u00bbdefault\u00bb global_colors_info=\u00bb{}\u00bb theme_builder_area=\u00bbpost_content\u00bb][et_pb_row column_structure=\u00bb1_3,1_3,1_3&#8243; _builder_version=\u00bb4.17.6&#8243; _module_preset=\u00bbdefault\u00bb width=\u00bb95%\u00bb max_width=\u00bb2560px\u00bb global_colors_info=\u00bb{}\u00bb theme_builder_area=\u00bbpost_content\u00bb][et_pb_column type=\u00bb1_3&#8243; _builder_version=\u00bb4.16&#8243; _module_preset=\u00bbdefault\u00bb global_colors_info=\u00bb{}\u00bb theme_builder_area=\u00bbpost_content\u00bb][et_pb_image src=\u00bbhttps:\/\/festivalpanoramic.cat\/wp-content\/uploads\/2022\/09\/web-Alejandro-Fournier-EQTLVDEB.jpg\u00bb title_text=\u00bbweb-Alejandro-Fournier-EQTLVDEB\u00bb _builder_version=\u00bb4.17.6&#8243; _module_preset=\u00bbdefault\u00bb hover_enabled=\u00bb0&#8243; global_colors_info=\u00bb{}\u00bb theme_builder_area=\u00bbpost_content\u00bb sticky_enabled=\u00bb0&#8243;][\/et_pb_image][et_pb_text _builder_version=\u00bb4.17.6&#8243; _module_preset=\u00bbdefault\u00bb text_font=\u00bbMontserrat extra bold||||||||\u00bb text_text_color=\u00bb#000000&#8243; text_font_size=\u00bb23px\u00bb text_line_height=\u00bb0.1em\u00bb custom_margin=\u00bb-17px||21px||false|false\u00bb custom_margin_tablet=\u00bb-17px||21px||false|false\u00bb custom_margin_phone=\u00bb-17px||21px||false|false\u00bb custom_margin_last_edited=\u00bbon|tablet\u00bb hover_enabled=\u00bb0&#8243; text_line_height_tablet=\u00bb0.1em\u00bb text_line_height_phone=\u00bb0.1em\u00bb text_line_height_last_edited=\u00bbon|phone\u00bb inline_fonts=\u00bbMontserrat Light\u00bb global_colors_info=\u00bb{}\u00bb theme_builder_area=\u00bbpost_content\u00bb sticky_enabled=\u00bb0&#8243;]<\/p>\n<p><span style=\"font-size: small;\">visionado<\/span><\/p>\n<p><span>Alejandro Fournier<\/span><\/p>\n<p>[\/et_pb_text][et_pb_text _builder_version=\u00bb4.16&#8243; _module_preset=\u00bbdefault\u00bb text_font=\u00bbakrobat light||||||||\u00bb text_text_color=\u00bb#000000&#8243; text_font_size=\u00bb20px\u00bb global_colors_info=\u00bb{}\u00bb theme_builder_area=\u00bbpost_content\u00bb]<\/p>\n<p>Alejandro Fournier (Guadalajara, M\u00e9xico, 1977), Artista multidisciplinar. Desde 1997 se ha dedicado a las artes en las que integra diferentes medios en la producci\u00f3n de su obra como pintura, dibujo, escultura, instalaci\u00f3n, v\u00eddeo, arte sonoro, fotograf\u00eda. Interesado en la relaci\u00f3n del arte y la ciencia, el arte comunitario, relacional y el futurismo.<\/p>\n<p>Ha formado parte en m\u00e1s de 350 exhibiciones de arte contempor\u00e1neo entre individuales, colectivas y las realizadas por el colectivo Sector Reforma (Co-direcci\u00f3n: Javier C\u00e1rdenas Tavizon, Santino Escatel, Alejandro Fournier) de 2003 a la fecha (Consulta: www.sectorreforma). org) y su alter ego sonoro Joe From Wisconsin. Su trabajo ha sido exhibido en M\u00e9xico y el extranjero entre los que destacan: El Museo Experimental El Eco, Museo Carrillo Gil, Antiguo Colegio de San Ildefonso, El Centro de la Imagen, Galer\u00eda Metropolitana de la UAM, Auditorio del MUAC , Centro Nacional de las Artes, Polyforum Siqueiros, Alianza Francesa en CDMX; Cecudo en Tijuana; Museo de las Artes, Instituto Cultural Caba\u00f1as, Museo de Arte de Zapopan, Museo de la Ciudad, MURA en Guadalajara; Centro Fotogr\u00e1fico \u00c1lvarez Bravo en Oaxaca; Museo la Tertulia, La Biblioteca Mario Carbajal Univalle, Galer\u00eda de Bellas Artes en Cali, Colombia; La Labor, Gij\u00f3n, Espa\u00f1a; Parqu\u00e9 Redondo en Montevideo, Uruguay; Instituto Cultural de M\u00e9xico, Par\u00eds, Francia; Bargehouse Oxo Tower, South Bank, Londres, UK; Citt\u00e1n del arte en Venecia, Italia. Ha realizado diferentes esculturas en espacio p\u00fablico, becario por el FONCA (J\u00f3venes Creadores, 2008-2009, Co-Inversi\u00f3n, Sector Reforma, 2011, SNCA 2016-2019), CECA (2010), PECDA (2006 y 2015). \u00abLo que lo ve todo desde el bosque\u00bb resultado del Sistema Nacional de Creadores de Arte (SNCA &#8211; FONCA).<\/p>\n<p>[\/et_pb_text][et_pb_social_media_follow _builder_version=\u00bb4.17.6&#8243; _module_preset=\u00bbdefault\u00bb custom_margin=\u00bb-33px||||false|false\u00bb hover_enabled=\u00bb0&#8243; global_colors_info=\u00bb{}\u00bb theme_builder_area=\u00bbpost_content\u00bb sticky_enabled=\u00bb0&#8243;][et_pb_social_media_follow_network social_network=\u00bbrss\u00bb url=\u00bbhttps:\/\/alejandrofournier.com\/\u00bb icon_color=\u00bbgcid-73263b73-b059-42fc-a61d-05da764fa408&#8243; use_icon_font_size=\u00bbon\u00bb icon_font_size=\u00bb20px\u00bb _builder_version=\u00bb4.17.6&#8243; _module_preset=\u00bbdefault\u00bb background_color=\u00bb#ff8a3c\u00bb background_enable_color=\u00bboff\u00bb custom_button=\u00bbon\u00bb button_text_size=\u00bb1px\u00bb button_border_width=\u00bb0px\u00bb button_border_radius=\u00bb0px\u00bb button_letter_spacing=\u00bb0px\u00bb hover_enabled=\u00bb0&#8243; global_colors_info=\u00bb{%22gcid-73263b73-b059-42fc-a61d-05da764fa408%22:%91%22background_color%22,%22icon_color%22%93}\u00bb theme_builder_area=\u00bbpost_content\u00bb follow_button=\u00bboff\u00bb url_new_window=\u00bbon\u00bb sticky_enabled=\u00bb0&#8243;]rss[\/et_pb_social_media_follow_network][\/et_pb_social_media_follow][et_pb_divider color=\u00bbgcid-73263b73-b059-42fc-a61d-05da764fa408&#8243; _builder_version=\u00bb4.17.6&#8243; _module_preset=\u00bbdefault\u00bb global_colors_info=\u00bb{%22gcid-73263b73-b059-42fc-a61d-05da764fa408%22:%91%22color%22%93}\u00bb theme_builder_area=\u00bbpost_content\u00bb][\/et_pb_divider][\/et_pb_column][et_pb_column type=\u00bb1_3&#8243; _builder_version=\u00bb4.16&#8243; _module_preset=\u00bbdefault\u00bb global_colors_info=\u00bb{}\u00bb theme_builder_area=\u00bbpost_content\u00bb][et_pb_image src=\u00bbhttps:\/\/festivalpanoramic.cat\/wp-content\/uploads\/2022\/09\/ElenaPardo-web.jpg\u00bb title_text=\u00bbElenaPardo-web\u00bb _builder_version=\u00bb4.17.6&#8243; _module_preset=\u00bbdefault\u00bb hover_enabled=\u00bb0&#8243; global_colors_info=\u00bb{}\u00bb theme_builder_area=\u00bbpost_content\u00bb sticky_enabled=\u00bb0&#8243;][\/et_pb_image][et_pb_text _builder_version=\u00bb4.17.6&#8243; _module_preset=\u00bbdefault\u00bb text_font=\u00bbMontserrat extra bold||||||||\u00bb text_text_color=\u00bb#000000&#8243; text_font_size=\u00bb23px\u00bb text_line_height=\u00bb0.1em\u00bb custom_margin=\u00bb-17px||21px||false|false\u00bb custom_margin_tablet=\u00bb-17px||21px||false|false\u00bb custom_margin_phone=\u00bb-17px||21px||false|false\u00bb custom_margin_last_edited=\u00bbon|tablet\u00bb hover_enabled=\u00bb0&#8243; text_line_height_tablet=\u00bb0.1em\u00bb text_line_height_phone=\u00bb0.1em\u00bb text_line_height_last_edited=\u00bbon|phone\u00bb inline_fonts=\u00bbMontserrat Light\u00bb global_colors_info=\u00bb{}\u00bb theme_builder_area=\u00bbpost_content\u00bb sticky_enabled=\u00bb0&#8243;]<\/p>\n<p><span style=\"font-size: small;\">visionado<\/span><\/p>\n<p>Elena Pardo<\/p>\n<p>[\/et_pb_text][et_pb_text _builder_version=\u00bb4.16&#8243; _module_preset=\u00bbdefault\u00bb text_font=\u00bbakrobat light||||||||\u00bb text_text_color=\u00bb#000000&#8243; text_font_size=\u00bb20px\u00bb global_colors_info=\u00bb{}\u00bb theme_builder_area=\u00bbpost_content\u00bb]<\/p>\n<p><span>Elena prado es una artista audiovisual que vive y trabaja entre el estado de Oaxaca y la Ciudad de M\u00e9xico donde se ha posicionado como una de las cineastas representantes del cine experimental, combinando la realizaci\u00f3n de documentales, cine expandido y animaci\u00f3n.<\/span><\/p>\n<p><span>Ha realizado animaciones para los m\u00fasicos Lila Downs y Los Pellejos; para los artistas pl\u00e1sticos Demi\u00e1n Flores y Francis Al\u00ffs o para proyectos como Ambulant, Oaxaca Cinema o la Feria del Libro de Oaxaca.<\/span><\/p>\n<p><span>Cortometrajes como Juquilita, Mi Barrio, Nico y la Berlue, Fuego han sido proyectados en festivales y muestras en M\u00e9xico, Turqu\u00eda, Espa\u00f1a, Francia, Estados Unidos, Colombia, Canad\u00e1 y Corea y forman parte de compilaciones como: (Ready) Media. Arqueolog\u00eda de los medios y la invenci\u00f3n en M\u00e9xico (Laboratorio de Arte Alameda); Cine en Contracorriente: Latinoam\u00e9rica y Espa\u00f1a (Centro de Cultura Contempor\u00e1nea de Barcelona); Collectif Jeune Cin\u00e9ma (distribuidora francesa de cine experimental). Su pieza de cine expandido en soporte f\u00edlmico Desaparecer realizada para la inauguraci\u00f3n del festival L&#8217;Alternativa de Barcelona, \u200b\u200bha sido presentada tambi\u00e9n en Colombia, Argentina, Portugal, Suiza y M\u00e9xico.<\/span><\/p>\n<p><span>Forma parte desde el a\u00f1o 2005 del colectivo de cine expandido Trinchera Ensamble y es adem\u00e1s cofundadora y actualmente directora del Laboratorio Experimental de Cine (LEC).<\/span><\/p>\n<p><span>Desde 2010 ha combinado su carrera art\u00edstica con la de gesti\u00f3n de colaboraciones de artistas mexicanos y extranjeros de cine experimental: programaci\u00f3n de presentaciones en vivo y proyecci\u00f3n de pel\u00edculas, docencia, as\u00ed como tutor\u00edas a nuevas generaciones de j\u00f3venes cineastas.<\/span><\/p>\n<p>[\/et_pb_text][et_pb_social_media_follow _builder_version=\u00bb4.17.6&#8243; _module_preset=\u00bbdefault\u00bb custom_margin=\u00bb-33px||||false|false\u00bb hover_enabled=\u00bb0&#8243; global_colors_info=\u00bb{}\u00bb theme_builder_area=\u00bbpost_content\u00bb sticky_enabled=\u00bb0&#8243;][et_pb_social_media_follow_network social_network=\u00bbrss\u00bb url=\u00bbhttps:\/\/pulsossubterraneos.com\/\u00bb icon_color=\u00bbgcid-73263b73-b059-42fc-a61d-05da764fa408&#8243; use_icon_font_size=\u00bbon\u00bb icon_font_size=\u00bb20px\u00bb _builder_version=\u00bb4.17.6&#8243; _module_preset=\u00bbdefault\u00bb background_color=\u00bb#ff8a3c\u00bb background_enable_color=\u00bboff\u00bb custom_button=\u00bbon\u00bb button_text_size=\u00bb1px\u00bb button_border_width=\u00bb0px\u00bb button_border_radius=\u00bb0px\u00bb button_letter_spacing=\u00bb0px\u00bb hover_enabled=\u00bb0&#8243; global_colors_info=\u00bb{%22gcid-73263b73-b059-42fc-a61d-05da764fa408%22:%91%22background_color%22,%22icon_color%22%93}\u00bb theme_builder_area=\u00bbpost_content\u00bb follow_button=\u00bboff\u00bb url_new_window=\u00bbon\u00bb sticky_enabled=\u00bb0&#8243;]rss[\/et_pb_social_media_follow_network][et_pb_social_media_follow_network social_network=\u00bbrss\u00bb url=\u00bbhttps:\/\/www.elenapardo.com\/\u00bb icon_color=\u00bbgcid-73263b73-b059-42fc-a61d-05da764fa408&#8243; use_icon_font_size=\u00bbon\u00bb icon_font_size=\u00bb20px\u00bb _builder_version=\u00bb4.17.6&#8243; _module_preset=\u00bbdefault\u00bb background_color=\u00bb#ff8a3c\u00bb background_enable_color=\u00bboff\u00bb custom_button=\u00bbon\u00bb button_text_size=\u00bb1px\u00bb button_border_width=\u00bb0px\u00bb button_border_radius=\u00bb0px\u00bb button_letter_spacing=\u00bb0px\u00bb hover_enabled=\u00bb0&#8243; global_colors_info=\u00bb{%22gcid-73263b73-b059-42fc-a61d-05da764fa408%22:%91%22background_color%22,%22icon_color%22%93}\u00bb theme_builder_area=\u00bbpost_content\u00bb follow_button=\u00bboff\u00bb url_new_window=\u00bbon\u00bb sticky_enabled=\u00bb0&#8243;]rss[\/et_pb_social_media_follow_network][\/et_pb_social_media_follow][et_pb_divider color=\u00bbgcid-73263b73-b059-42fc-a61d-05da764fa408&#8243; _builder_version=\u00bb4.17.6&#8243; _module_preset=\u00bbdefault\u00bb global_colors_info=\u00bb{%22gcid-73263b73-b059-42fc-a61d-05da764fa408%22:%91%22color%22%93}\u00bb theme_builder_area=\u00bbpost_content\u00bb][\/et_pb_divider][\/et_pb_column][et_pb_column type=\u00bb1_3&#8243; _builder_version=\u00bb4.16&#8243; _module_preset=\u00bbdefault\u00bb global_colors_info=\u00bb{}\u00bb theme_builder_area=\u00bbpost_content\u00bb][et_pb_image src=\u00bbhttps:\/\/festivalpanoramic.cat\/wp-content\/uploads\/2022\/09\/web-katri-walker.jpg\u00bb title_text=\u00bbweb-katri-walker\u00bb _builder_version=\u00bb4.17.6&#8243; _module_preset=\u00bbdefault\u00bb hover_enabled=\u00bb0&#8243; global_colors_info=\u00bb{}\u00bb theme_builder_area=\u00bbpost_content\u00bb sticky_enabled=\u00bb0&#8243;][\/et_pb_image][et_pb_text _builder_version=\u00bb4.17.6&#8243; _module_preset=\u00bbdefault\u00bb text_font=\u00bbMontserrat extra bold||||||||\u00bb text_text_color=\u00bb#000000&#8243; text_font_size=\u00bb23px\u00bb text_line_height=\u00bb0.1em\u00bb custom_margin=\u00bb-17px||21px||false|false\u00bb custom_margin_tablet=\u00bb-17px||21px||false|false\u00bb custom_margin_phone=\u00bb-17px||21px||false|false\u00bb custom_margin_last_edited=\u00bbon|tablet\u00bb hover_enabled=\u00bb0&#8243; text_line_height_tablet=\u00bb0.1em\u00bb text_line_height_phone=\u00bb0.1em\u00bb text_line_height_last_edited=\u00bbon|phone\u00bb inline_fonts=\u00bbMontserrat Light\u00bb global_colors_info=\u00bb{}\u00bb theme_builder_area=\u00bbpost_content\u00bb sticky_enabled=\u00bb0&#8243;]<\/p>\n<p><span style=\"font-size: small;\">visionado<\/span><\/p>\n<p>Katri Walker<\/p>\n<p>[\/et_pb_text][et_pb_text _builder_version=\u00bb4.16&#8243; _module_preset=\u00bbdefault\u00bb text_font=\u00bbakrobat light||||||||\u00bb text_text_color=\u00bb#000000&#8243; text_font_size=\u00bb20px\u00bb global_colors_info=\u00bb{}\u00bb theme_builder_area=\u00bbpost_content\u00bb]<\/p>\n<p>Katri Walker, escocesa naturalizada mexicana, naci\u00f3 en Edimburgo en 1978. Se gradu\u00f3 con una Licenciatura en Escultura en 2002 y un M\u00e1ster en Bellas Artes en 2007, ambos de Glasgow School of Art. Actualmente vive y trabaja en la Ciudad de M\u00e9xico. A trav\u00e9s de la pr\u00e1ctica art\u00edstica investiga el espacio f\u00e9rtil entre el arte contempor\u00e1neo, el retrato y el cine documental. Trabaja principalmente con instalaciones audiovisuales multicanal, creando obras \u00edntimas que documentan las geograf\u00edas f\u00edsicas y emocionales de sus temas y cuando el concepto lo solicita, tambi\u00e9n trabaja con dibujo, fotograf\u00eda e instalaci\u00f3n escult\u00f3rica.<br \/>Ha exhibido su obra en galer\u00edas y museos en M\u00e9xico e internacionalmente. Su actividad art\u00edstica destacada incluye Una Habitaci\u00f3n Propia: Fragilidades sobre el exterior (2015), una exposici\u00f3n junto a Melanie Smith y Jaki Irvine en el Laboratorio Art Alameda, curada por Jos\u00e9 Luis Barrios la cual form\u00f3 parte del A\u00f1o Dual del Reino Unido y M\u00e9xico. Katri mostr\u00f3 un d\u00edptico proyectado, Trip the Light, que fue la culminaci\u00f3n de un a\u00f1o de investigaci\u00f3n en el mundo de la tauromaquia que tambi\u00e9n mostr\u00f3 como exposici\u00f3n individual en el Museo de la Ciudad de Quer\u00e9taro en 2014. Su primer largometraje documental , Me desgaj\u00e9 del sol, es un retrato \u00edntimo y po\u00e9tico de un grupo de mujeres j\u00f3venes, que crecieron en una casa hogar en la Ciudad de M\u00e9xico. De septiembre de 2015 a diciembre de 2016, trabaj\u00f3 como maestra de audiovisual en la misma casa hogar dictando talleres audiovisuales; se trataba de la investigaci\u00f3n y producci\u00f3n de proyectos a trav\u00e9s del performance, v\u00eddeo experimental, cine de ficci\u00f3n y documental.<br \/>Cofundadora y directora art\u00edstica de Alma de Casa, un laboratorio itinerante audiovisual.<br \/>Becaria del Sistema Nacional de Creadores de Arte del FONCA 2019-2021 con el proyecto Buscando Para\u00edso, investigaci\u00f3n audiovisual que se encuentra en proceso de ser documental.<\/p>\n<p>[\/et_pb_text][et_pb_social_media_follow _builder_version=\u00bb4.17.6&#8243; _module_preset=\u00bbdefault\u00bb custom_margin=\u00bb-33px||||false|false\u00bb hover_enabled=\u00bb0&#8243; global_colors_info=\u00bb{}\u00bb theme_builder_area=\u00bbpost_content\u00bb sticky_enabled=\u00bb0&#8243;][et_pb_social_media_follow_network social_network=\u00bbrss\u00bb url=\u00bbhttps:\/\/buscandoparaiso.art\/\u00bb icon_color=\u00bbgcid-73263b73-b059-42fc-a61d-05da764fa408&#8243; use_icon_font_size=\u00bbon\u00bb icon_font_size=\u00bb20px\u00bb _builder_version=\u00bb4.17.6&#8243; _module_preset=\u00bbdefault\u00bb background_color=\u00bb#ff8a3c\u00bb background_enable_color=\u00bboff\u00bb custom_button=\u00bbon\u00bb button_text_size=\u00bb1px\u00bb button_border_width=\u00bb0px\u00bb button_border_radius=\u00bb0px\u00bb button_letter_spacing=\u00bb0px\u00bb hover_enabled=\u00bb0&#8243; global_colors_info=\u00bb{%22gcid-73263b73-b059-42fc-a61d-05da764fa408%22:%91%22background_color%22,%22icon_color%22%93}\u00bb theme_builder_area=\u00bbpost_content\u00bb follow_button=\u00bboff\u00bb url_new_window=\u00bbon\u00bb sticky_enabled=\u00bb0&#8243;]rss[\/et_pb_social_media_follow_network][et_pb_social_media_follow_network social_network=\u00bbrss\u00bb url=\u00bbhttps:\/\/katriwalker.com\/\u00bb icon_color=\u00bbgcid-73263b73-b059-42fc-a61d-05da764fa408&#8243; use_icon_font_size=\u00bbon\u00bb icon_font_size=\u00bb20px\u00bb _builder_version=\u00bb4.17.6&#8243; _module_preset=\u00bbdefault\u00bb background_color=\u00bb#ff8a3c\u00bb background_enable_color=\u00bboff\u00bb custom_button=\u00bbon\u00bb button_text_size=\u00bb1px\u00bb button_border_width=\u00bb0px\u00bb button_border_radius=\u00bb0px\u00bb button_letter_spacing=\u00bb0px\u00bb hover_enabled=\u00bb0&#8243; global_colors_info=\u00bb{%22gcid-73263b73-b059-42fc-a61d-05da764fa408%22:%91%22background_color%22,%22icon_color%22%93}\u00bb theme_builder_area=\u00bbpost_content\u00bb follow_button=\u00bboff\u00bb url_new_window=\u00bbon\u00bb sticky_enabled=\u00bb0&#8243;]rss[\/et_pb_social_media_follow_network][\/et_pb_social_media_follow][et_pb_divider color=\u00bbgcid-73263b73-b059-42fc-a61d-05da764fa408&#8243; _builder_version=\u00bb4.17.6&#8243; _module_preset=\u00bbdefault\u00bb global_colors_info=\u00bb{%22gcid-73263b73-b059-42fc-a61d-05da764fa408%22:%91%22color%22%93}\u00bb theme_builder_area=\u00bbpost_content\u00bb][\/et_pb_divider][\/et_pb_column][\/et_pb_row][et_pb_row column_structure=\u00bb2_5,3_5&#8243; _builder_version=\u00bb4.16&#8243; _module_preset=\u00bbdefault\u00bb width=\u00bb95%\u00bb max_width=\u00bb2560px\u00bb global_colors_info=\u00bb{}\u00bb theme_builder_area=\u00bbpost_content\u00bb][et_pb_column type=\u00bb2_5&#8243; _builder_version=\u00bb4.16&#8243; _module_preset=\u00bbdefault\u00bb global_colors_info=\u00bb{}\u00bb theme_builder_area=\u00bbpost_content\u00bb][et_pb_text _builder_version=\u00bb4.16&#8243; _module_preset=\u00bbdefault\u00bb text_font=\u00bbakrobat light||||||||\u00bb text_text_color=\u00bb#000000&#8243; text_font_size=\u00bb20px\u00bb text_line_height=\u00bb1.5em\u00bb custom_margin=\u00bb0px||||false|false\u00bb custom_padding=\u00bb0px||||false|false\u00bb link_option_url=\u00bbhttps:\/\/festivalpanoramic.cat\/es\/participants-2022\/\u00bb global_colors_info=\u00bb{}\u00bb theme_builder_area=\u00bbpost_content\u00bb]<\/p>\n<p style=\"text-align: left;\"><strong>Ver todos los proyectos<\/strong><\/p>\n<p>[\/et_pb_text][\/et_pb_column][et_pb_column type=\u00bb3_5&#8243; _builder_version=\u00bb4.16&#8243; _module_preset=\u00bbdefault\u00bb global_colors_info=\u00bb{}\u00bb theme_builder_area=\u00bbpost_content\u00bb][et_pb_post_nav in_same_term=\u00bboff\u00bb prev_text=\u00bbProyecto anterior\u00bb next_text=\u00bbSiguiente proyecto\u00bb _builder_version=\u00bb4.16&#8243; _module_preset=\u00bbdefault\u00bb title_font=\u00bbakrobat light||||||||\u00bb title_text_color=\u00bb#000000&#8243; title_font_size=\u00bb19px\u00bb global_colors_info=\u00bb{}\u00bb theme_builder_area=\u00bbpost_content\u00bb][\/et_pb_post_nav][\/et_pb_column][\/et_pb_row][\/et_pb_section]<\/p>\n","protected":false},"excerpt":{"rendered":"<p>VISIONADOS EN LA CAPELLA, BARCELONA | 28.10.2022 Comisaria Paula Laverde Austin Naci\u00f3 en 1972 en la Ciudad de M\u00e9xico. Realiz\u00f3 estudios de dise\u00f1o y comunicaci\u00f3n gr\u00e1fica en la Universidad Aut\u00f3noma [&hellip;]<\/p>\n","protected":false},"author":1,"featured_media":0,"comment_status":"open","ping_status":"closed","template":"","meta":{"_et_pb_use_builder":"on","_et_pb_old_content":"","_et_gb_content_width":"","footnotes":""},"project_category":[59],"project_tag":[],"class_list":["post-28697","project","type-project","status-publish","hentry","project_category-de-festival-en-festival-2022-es"],"yoast_head":"<!-- This site is optimized with the Yoast SEO plugin v27.2 - https:\/\/yoast.com\/product\/yoast-seo-wordpress\/ -->\n<title>Paula Laverde Austin (MX) | Catalina Boj\u00e1ca (CO) - Festival Panor\u00e0mic<\/title>\n<meta name=\"robots\" content=\"index, follow, max-snippet:-1, max-image-preview:large, max-video-preview:-1\" \/>\n<link rel=\"canonical\" href=\"https:\/\/festivalpanoramic.cat\/es\/project\/paula-laverde-austin-me-catalina-bojaca-co\/\" \/>\n<meta property=\"og:locale\" content=\"es_ES\" \/>\n<meta property=\"og:type\" content=\"article\" \/>\n<meta property=\"og:title\" content=\"Paula Laverde Austin (MX) | Catalina Boj\u00e1ca (CO) - Festival Panor\u00e0mic\" \/>\n<meta property=\"og:description\" content=\"VISIONADOS EN LA CAPELLA, BARCELONA | 28.10.2022 Comisaria Paula Laverde Austin Naci\u00f3 en 1972 en la Ciudad de M\u00e9xico. Realiz\u00f3 estudios de dise\u00f1o y comunicaci\u00f3n gr\u00e1fica en la Universidad Aut\u00f3noma [&hellip;]\" \/>\n<meta property=\"og:url\" content=\"https:\/\/festivalpanoramic.cat\/es\/project\/paula-laverde-austin-me-catalina-bojaca-co\/\" \/>\n<meta property=\"og:site_name\" content=\"Festival Panor\u00e0mic\" \/>\n<meta property=\"article:modified_time\" content=\"2022-09-16T10:45:24+00:00\" \/>\n<meta name=\"twitter:card\" content=\"summary_large_image\" \/>\n<meta name=\"twitter:label1\" content=\"Tiempo de lectura\" \/>\n\t<meta name=\"twitter:data1\" content=\"18 minutos\" \/>\n<script type=\"application\/ld+json\" class=\"yoast-schema-graph\">{\"@context\":\"https:\/\/schema.org\",\"@graph\":[{\"@type\":\"WebPage\",\"@id\":\"https:\/\/festivalpanoramic.cat\/es\/project\/paula-laverde-austin-me-catalina-bojaca-co\/\",\"url\":\"https:\/\/festivalpanoramic.cat\/es\/project\/paula-laverde-austin-me-catalina-bojaca-co\/\",\"name\":\"Paula Laverde Austin (MX) | Catalina Boj\u00e1ca (CO) - Festival Panor\u00e0mic\",\"isPartOf\":{\"@id\":\"https:\/\/festivalpanoramic.cat\/es\/#website\"},\"datePublished\":\"2022-09-08T11:55:59+00:00\",\"dateModified\":\"2022-09-16T10:45:24+00:00\",\"breadcrumb\":{\"@id\":\"https:\/\/festivalpanoramic.cat\/es\/project\/paula-laverde-austin-me-catalina-bojaca-co\/#breadcrumb\"},\"inLanguage\":\"es\",\"potentialAction\":[{\"@type\":\"ReadAction\",\"target\":[\"https:\/\/festivalpanoramic.cat\/es\/project\/paula-laverde-austin-me-catalina-bojaca-co\/\"]}]},{\"@type\":\"BreadcrumbList\",\"@id\":\"https:\/\/festivalpanoramic.cat\/es\/project\/paula-laverde-austin-me-catalina-bojaca-co\/#breadcrumb\",\"itemListElement\":[{\"@type\":\"ListItem\",\"position\":1,\"name\":\"Inici\",\"item\":\"https:\/\/festivalpanoramic.cat\/es\/\"},{\"@type\":\"ListItem\",\"position\":2,\"name\":\"Proyectos\",\"item\":\"https:\/\/festivalpanoramic.cat\/es\/project\/\"},{\"@type\":\"ListItem\",\"position\":3,\"name\":\"Paula Laverde Austin (MX) | Catalina Boj\u00e1ca (CO)\"}]},{\"@type\":\"WebSite\",\"@id\":\"https:\/\/festivalpanoramic.cat\/es\/#website\",\"url\":\"https:\/\/festivalpanoramic.cat\/es\/\",\"name\":\"Festival Panor\u00e0mic\",\"description\":\"PANOR\u00c0MIC. ARTS I CULTURES VISUALS\",\"potentialAction\":[{\"@type\":\"SearchAction\",\"target\":{\"@type\":\"EntryPoint\",\"urlTemplate\":\"https:\/\/festivalpanoramic.cat\/es\/?s={search_term_string}\"},\"query-input\":{\"@type\":\"PropertyValueSpecification\",\"valueRequired\":true,\"valueName\":\"search_term_string\"}}],\"inLanguage\":\"es\"}]}<\/script>\n<!-- \/ Yoast SEO plugin. -->","yoast_head_json":{"title":"Paula Laverde Austin (MX) | Catalina Boj\u00e1ca (CO) - Festival Panor\u00e0mic","robots":{"index":"index","follow":"follow","max-snippet":"max-snippet:-1","max-image-preview":"max-image-preview:large","max-video-preview":"max-video-preview:-1"},"canonical":"https:\/\/festivalpanoramic.cat\/es\/project\/paula-laverde-austin-me-catalina-bojaca-co\/","og_locale":"es_ES","og_type":"article","og_title":"Paula Laverde Austin (MX) | Catalina Boj\u00e1ca (CO) - Festival Panor\u00e0mic","og_description":"VISIONADOS EN LA CAPELLA, BARCELONA | 28.10.2022 Comisaria Paula Laverde Austin Naci\u00f3 en 1972 en la Ciudad de M\u00e9xico. Realiz\u00f3 estudios de dise\u00f1o y comunicaci\u00f3n gr\u00e1fica en la Universidad Aut\u00f3noma [&hellip;]","og_url":"https:\/\/festivalpanoramic.cat\/es\/project\/paula-laverde-austin-me-catalina-bojaca-co\/","og_site_name":"Festival Panor\u00e0mic","article_modified_time":"2022-09-16T10:45:24+00:00","twitter_card":"summary_large_image","twitter_misc":{"Tiempo de lectura":"18 minutos"},"schema":{"@context":"https:\/\/schema.org","@graph":[{"@type":"WebPage","@id":"https:\/\/festivalpanoramic.cat\/es\/project\/paula-laverde-austin-me-catalina-bojaca-co\/","url":"https:\/\/festivalpanoramic.cat\/es\/project\/paula-laverde-austin-me-catalina-bojaca-co\/","name":"Paula Laverde Austin (MX) | Catalina Boj\u00e1ca (CO) - Festival Panor\u00e0mic","isPartOf":{"@id":"https:\/\/festivalpanoramic.cat\/es\/#website"},"datePublished":"2022-09-08T11:55:59+00:00","dateModified":"2022-09-16T10:45:24+00:00","breadcrumb":{"@id":"https:\/\/festivalpanoramic.cat\/es\/project\/paula-laverde-austin-me-catalina-bojaca-co\/#breadcrumb"},"inLanguage":"es","potentialAction":[{"@type":"ReadAction","target":["https:\/\/festivalpanoramic.cat\/es\/project\/paula-laverde-austin-me-catalina-bojaca-co\/"]}]},{"@type":"BreadcrumbList","@id":"https:\/\/festivalpanoramic.cat\/es\/project\/paula-laverde-austin-me-catalina-bojaca-co\/#breadcrumb","itemListElement":[{"@type":"ListItem","position":1,"name":"Inici","item":"https:\/\/festivalpanoramic.cat\/es\/"},{"@type":"ListItem","position":2,"name":"Proyectos","item":"https:\/\/festivalpanoramic.cat\/es\/project\/"},{"@type":"ListItem","position":3,"name":"Paula Laverde Austin (MX) | Catalina Boj\u00e1ca (CO)"}]},{"@type":"WebSite","@id":"https:\/\/festivalpanoramic.cat\/es\/#website","url":"https:\/\/festivalpanoramic.cat\/es\/","name":"Festival Panor\u00e0mic","description":"PANOR\u00c0MIC. ARTS I CULTURES VISUALS","potentialAction":[{"@type":"SearchAction","target":{"@type":"EntryPoint","urlTemplate":"https:\/\/festivalpanoramic.cat\/es\/?s={search_term_string}"},"query-input":{"@type":"PropertyValueSpecification","valueRequired":true,"valueName":"search_term_string"}}],"inLanguage":"es"}]}},"_links":{"self":[{"href":"https:\/\/festivalpanoramic.cat\/es\/wp-json\/wp\/v2\/project\/28697","targetHints":{"allow":["GET"]}}],"collection":[{"href":"https:\/\/festivalpanoramic.cat\/es\/wp-json\/wp\/v2\/project"}],"about":[{"href":"https:\/\/festivalpanoramic.cat\/es\/wp-json\/wp\/v2\/types\/project"}],"author":[{"embeddable":true,"href":"https:\/\/festivalpanoramic.cat\/es\/wp-json\/wp\/v2\/users\/1"}],"replies":[{"embeddable":true,"href":"https:\/\/festivalpanoramic.cat\/es\/wp-json\/wp\/v2\/comments?post=28697"}],"version-history":[{"count":0,"href":"https:\/\/festivalpanoramic.cat\/es\/wp-json\/wp\/v2\/project\/28697\/revisions"}],"wp:attachment":[{"href":"https:\/\/festivalpanoramic.cat\/es\/wp-json\/wp\/v2\/media?parent=28697"}],"wp:term":[{"taxonomy":"project_category","embeddable":true,"href":"https:\/\/festivalpanoramic.cat\/es\/wp-json\/wp\/v2\/project_category?post=28697"},{"taxonomy":"project_tag","embeddable":true,"href":"https:\/\/festivalpanoramic.cat\/es\/wp-json\/wp\/v2\/project_tag?post=28697"}],"curies":[{"name":"wp","href":"https:\/\/api.w.org\/{rel}","templated":true}]}}