{"id":28874,"date":"2022-09-13T13:13:18","date_gmt":"2022-09-13T11:13:18","guid":{"rendered":"https:\/\/festivalpanoramic.cat\/project\/pascal-bois-fr\/"},"modified":"2022-09-13T14:09:04","modified_gmt":"2022-09-13T12:09:04","slug":"pascal-bois-fr","status":"publish","type":"project","link":"https:\/\/festivalpanoramic.cat\/es\/project\/pascal-bois-fr\/","title":{"rendered":"PASCAL BOIS (FR)"},"content":{"rendered":"<p>[et_pb_section fb_built=\u00bb1&#8243; _builder_version=\u00bb4.16&#8243; _module_preset=\u00bbdefault\u00bb background_color=\u00bb#e8e8e8&#8243; global_colors_info=\u00bb{}\u00bb theme_builder_area=\u00bbpost_content\u00bb][et_pb_row _builder_version=\u00bb4.17.6&#8243; _module_preset=\u00bbdefault\u00bb width=\u00bb95%\u00bb max_width=\u00bb2560px\u00bb custom_margin=\u00bb-43px||||false|false\u00bb custom_margin_tablet=\u00bb-43px||||false|false\u00bb custom_margin_phone=\u00bb-43px||||false|false\u00bb custom_margin_last_edited=\u00bbon|phone\u00bb global_colors_info=\u00bb{}\u00bb theme_builder_area=\u00bbpost_content\u00bb][et_pb_column type=\u00bb4_4&#8243; _builder_version=\u00bb4.17.6&#8243; _module_preset=\u00bbdefault\u00bb global_colors_info=\u00bb{}\u00bb theme_builder_area=\u00bbpost_content\u00bb][et_pb_text _builder_version=\u00bb4.17.6&#8243; _module_preset=\u00bbdefault\u00bb text_font=\u00bbakrobat extrabold||||||||\u00bb text_text_color=\u00bbgcid-73263b73-b059-42fc-a61d-05da764fa408&#8243; text_font_size=\u00bb16px\u00bb inline_fonts=\u00bbakrobat light\u00bb global_colors_info=\u00bb{%22gcid-73263b73-b059-42fc-a61d-05da764fa408%22:%91%22text_text_color%22%93}\u00bb theme_builder_area=\u00bbpost_content\u00bb]<\/p>\n<p class=\"p1\">VISIONADOS EN LA CAPELLA, BARCELONA | <span style=\"font-family: 'akrobat light';\">28.10.2022<\/span><\/p>\n<p class=\"p1\">\n<p>[\/et_pb_text][\/et_pb_column][\/et_pb_row][et_pb_row column_structure=\u00bb1_4,1_2,1_4&#8243; _builder_version=\u00bb4.17.6&#8243; _module_preset=\u00bbdefault\u00bb width=\u00bb95%\u00bb max_width=\u00bb2560px\u00bb custom_margin=\u00bb-42px||||false|false\u00bb custom_margin_tablet=\u00bb-42px||||false|false\u00bb custom_margin_phone=\u00bb-42px||||false|false\u00bb custom_margin_last_edited=\u00bbon|phone\u00bb global_colors_info=\u00bb{}\u00bb theme_builder_area=\u00bbpost_content\u00bb][et_pb_column type=\u00bb1_4&#8243; _builder_version=\u00bb4.16&#8243; _module_preset=\u00bbdefault\u00bb global_colors_info=\u00bb{}\u00bb theme_builder_area=\u00bbpost_content\u00bb][et_pb_image src=\u00bbhttps:\/\/festivalpanoramic.cat\/wp-content\/uploads\/2022\/09\/Pascal-web.jpg\u00bb title_text=\u00bbPascal-web\u00bb _builder_version=\u00bb4.17.6&#8243; _module_preset=\u00bbdefault\u00bb filter_saturate=\u00bb0%\u00bb hover_enabled=\u00bb0&#8243; global_colors_info=\u00bb{}\u00bb theme_builder_area=\u00bbpost_content\u00bb sticky_enabled=\u00bb0&#8243;][\/et_pb_image][\/et_pb_column][et_pb_column type=\u00bb1_2&#8243; _builder_version=\u00bb4.16&#8243; _module_preset=\u00bbdefault\u00bb global_colors_info=\u00bb{}\u00bb theme_builder_area=\u00bbpost_content\u00bb][et_pb_text _builder_version=\u00bb4.17.6&#8243; _module_preset=\u00bbdefault\u00bb text_font=\u00bbakrobat light||||||||\u00bb text_text_color=\u00bb#000000&#8243; text_font_size=\u00bb20px\u00bb inline_fonts=\u00bbMontserrat extra bold\u00bb global_colors_info=\u00bb{}\u00bb theme_builder_area=\u00bbpost_content\u00bb]<\/p>\n<p><span style=\"font-family: 'Montserrat extra bold'; font-weight: normal; font-size: small;\">Comisario<\/span><\/p>\n<p><span style=\"font-family: 'Montserrat extra bold'; font-weight: normal; font-size: xx-large;\">Pascal Bois<\/span><\/p>\n<p>Pascal Bois se licenci\u00f3 en ENSP en 1987. Particip\u00f3 en el proyecto del OFAG sobre el tema \u00abla Vie Moderne\u00bb y obtuvo una beca del Ministerio de Cultura: \u00abEntrez las artistas en l&#8217;\u00e9cole\u00bb. Se traslad\u00f3 a Par\u00eds y realiz\u00f3 grabados para la agencia Magnum y para Sebasti\u00e3o Salgado.<\/p>\n<p>Fue asistente de Raymond Depardon y Guy Peellaert en varios frescos fotogr\u00e1ficos. Es profesor de fotograf\u00eda a la \u00c9cole des M\u00e9tiers de la imagen (Gobelins) ya la \u00c9cole des Beaux-Arts del \u00eele de la R\u00e9union. Realiz\u00f3 varias misiones fotogr\u00e1ficas en prisiones e instituciones psiqui\u00e1tricas, as\u00ed como en zonas urbanas perif\u00e9ricas.<\/p>\n<p>De vuelta a Arles en 1994, trabaja desde hace quince a\u00f1os principalmente con el formato panor\u00e1mico en las series \u00abfiction de rue\u00bb y \u00abpaysage et patrimoine\u00bb en el marco de encargos: Lille, Capital Europea de la Cultura (2004), los Puertos de \u00c1frica (Rencuentros de Arles, 2004), La Habana (2005), Parque Nacional de los Pirineos (2007). Su inter\u00e9s por el patrimonio se refleja en el libro Les H\u00f4tels Particuliers de Arles (ed. Picard, 2019), El instante m\u00eame (ed. Bizalion).<br \/>Actualmente, Pascal Bois es miembro del P\u00f4le Culture et Patrimoines. Es formador en el ENSP de Arles y comisario de exposiciones de los proyectos presentados durante el Off des Rencontres de Arles con la asociaci\u00f3n Regards &amp; M\u00e9moires.<\/p>\n<p>Contin\u00faa su trabajo personal y las fotograf\u00edas que ha tomado se presentan como parte de la serie: \u00abInstantan\u00e8s\u00bb.<\/p>\n<p>[\/et_pb_text][\/et_pb_column][et_pb_column type=\u00bb1_4&#8243; _builder_version=\u00bb4.16&#8243; _module_preset=\u00bbdefault\u00bb global_colors_info=\u00bb{}\u00bb theme_builder_area=\u00bbpost_content\u00bb][et_pb_button button_url=\u00bbhttps:\/\/form.jotform.com\/221872642234050?ct=t(Newsletter_interno_211_29_2014_COPY_05)\u00bb button_text=\u00bbInscr\u00edbete a los visionados\u00bb _builder_version=\u00bb4.17.6&#8243; _module_preset=\u00bbdefault\u00bb custom_button=\u00bbon\u00bb button_text_size=\u00bb18px\u00bb button_text_color=\u00bb#FFFFFF\u00bb button_bg_color=\u00bbgcid-73263b73-b059-42fc-a61d-05da764fa408&#8243; button_border_width=\u00bb0px\u00bb button_border_radius=\u00bb0px\u00bb button_font=\u00bbMontserrat extra bold||||||||\u00bb global_colors_info=\u00bb{%22gcid-73263b73-b059-42fc-a61d-05da764fa408%22:%91%22button_bg_color%22%93}\u00bb theme_builder_area=\u00bbpost_content\u00bb][\/et_pb_button][\/et_pb_column][\/et_pb_row][\/et_pb_section][et_pb_section fb_built=\u00bb1&#8243; _builder_version=\u00bb4.16&#8243; _module_preset=\u00bbdefault\u00bb global_colors_info=\u00bb{}\u00bb theme_builder_area=\u00bbpost_content\u00bb][et_pb_row column_structure=\u00bb1_3,1_3,1_3&#8243; _builder_version=\u00bb4.17.6&#8243; _module_preset=\u00bbdefault\u00bb width=\u00bb95%\u00bb max_width=\u00bb2560px\u00bb global_colors_info=\u00bb{}\u00bb theme_builder_area=\u00bbpost_content\u00bb][et_pb_column type=\u00bb1_3&#8243; _builder_version=\u00bb4.16&#8243; _module_preset=\u00bbdefault\u00bb global_colors_info=\u00bb{}\u00bb theme_builder_area=\u00bbpost_content\u00bb][et_pb_image src=\u00bbhttps:\/\/festivalpanoramic.cat\/wp-content\/uploads\/2022\/09\/Mireille-Loup-web.jpg\u00bb title_text=\u00bbMireille-Loup-web\u00bb _builder_version=\u00bb4.17.6&#8243; _module_preset=\u00bbdefault\u00bb hover_enabled=\u00bb0&#8243; global_colors_info=\u00bb{}\u00bb theme_builder_area=\u00bbpost_content\u00bb sticky_enabled=\u00bb0&#8243;][\/et_pb_image][et_pb_text _builder_version=\u00bb4.17.6&#8243; _module_preset=\u00bbdefault\u00bb text_font=\u00bbMontserrat extra bold||||||||\u00bb text_text_color=\u00bb#000000&#8243; text_font_size=\u00bb23px\u00bb text_line_height=\u00bb0.1em\u00bb custom_margin=\u00bb-17px||21px||false|false\u00bb custom_margin_tablet=\u00bb-17px||21px||false|false\u00bb custom_margin_phone=\u00bb-17px||21px||false|false\u00bb custom_margin_last_edited=\u00bbon|tablet\u00bb hover_enabled=\u00bb0&#8243; text_line_height_tablet=\u00bb0.1em\u00bb text_line_height_phone=\u00bb0.1em\u00bb text_line_height_last_edited=\u00bbon|phone\u00bb inline_fonts=\u00bbMontserrat Light\u00bb global_colors_info=\u00bb{}\u00bb theme_builder_area=\u00bbpost_content\u00bb sticky_enabled=\u00bb0&#8243;]<\/p>\n<p><span style=\"font-size: small;\">visionado<\/span><\/p>\n<p><span>Mireille Loup<\/span><\/p>\n<p>[\/et_pb_text][et_pb_text _builder_version=\u00bb4.16&#8243; _module_preset=\u00bbdefault\u00bb text_font=\u00bbakrobat light||||||||\u00bb text_text_color=\u00bb#000000&#8243; text_font_size=\u00bb20px\u00bb global_colors_info=\u00bb{}\u00bb theme_builder_area=\u00bbpost_content\u00bb]<\/p>\n<p>Nacida en Suiza, vive y trabaja en Arles, Francia.<br \/>Su trabajo ha sido expuesto en galer\u00edas de Francia y del extranjero desde 1991, y sus libros empezaron a ser publicados en 1999 por Filigranes Editions, O\u00f9 sont las enfants? e Im\u00e1genes Plurielles. Las siguientes galer\u00edas, enumeradas en orden cronol\u00f3gico y no exhaustivo, han acompa\u00f1ado su enfoque art\u00edstico, Chez Valentin (Par\u00eds), Les Filles du Calvaire (Par\u00eds), Magda Danysz (Par\u00eds Shanghai), Rutger Brandt (Amsterdam), Dear Gallery ( Puerto) ), Galer\u00eda Pobeda (Mosc\u00fa).<br \/>Fot\u00f3grafa, directora audiovisual, autora de cuentos y novelas, dise\u00f1adora de instalaciones de sistemas visuales y sonoros, escenograf\u00edas y textos fotogr\u00e1ficos, ficciones de Internet, aplicaciones para iPad, realidad virtual 3D, el arte de Mireille Loup aborda formas discursivas y est\u00e9ticas que establecen una comunicaci\u00f3n transversal. Su obra se exhibe en centros de arte, museos y festivales como Las Rencontres de Arles 2005 y 2012, Museo de Arte Contempor\u00e2nea de la Universidad de S\u00e3o Paulo (Brasil), Mus\u00e9e Malraux (Francia), Mus\u00e9e de Arte Moderne et de Arte Contemporain de la Ville de Li\u00e8ge (B\u00e9lgica), el Centro National des Arts du Canada en Ottawa, etc. Est\u00e1 presente en muchas colecciones p\u00fablicas y privadas, incluido el Fondo National de Arte Contemporain en Francia (FNAC) y el Museo Metropolitano de Arte en la ciudad de Nueva York.<br \/>Graduada en la Escuela Nacional de Fotograf\u00eda (Arles, Francia) en 1994, despu\u00e9s de estudiar en el ERG &#8211; Instituto Saint Luc de Bruselas, y en la Escuela de los Beaux-Arts de Caen, Mireille Loup ense\u00f1a Expresi\u00f3n Art\u00edstica y Producci\u00f3n Audiovisual en la Universidad de Arles Provence, licenciatura en el departamento de Profesiones Multimedia e Internet. Tambi\u00e9n ense\u00f1a Historia de la Fotograf\u00eda, Cultura de las Artes Visuales y Producci\u00f3n Audiovisual en el BTS Photography de Istres. Contribuye a cursos art\u00edsticos espec\u00edficos en la Ecole des Nouvelles Images (ENSI) en Avi\u00f1\u00f3n, en la licenciatura en fotograf\u00eda e im\u00e1genes Bloo en Lyon e imparte talleres en diversas Escuelas Superiores de Arte.<br \/>Sensible a los temas de la infancia y situaciones de discapacidad, realiza regularmente talleres art\u00edsticos con ni\u00f1os, adolescentes y adultos en los programas ULIS y TEDO, tambi\u00e9n en alianza con la Escuela Nacional de Fotograf\u00eda.<\/p>\n<p>[\/et_pb_text][et_pb_social_media_follow _builder_version=\u00bb4.17.6&#8243; _module_preset=\u00bbdefault\u00bb custom_margin=\u00bb-33px||||false|false\u00bb hover_enabled=\u00bb0&#8243; global_colors_info=\u00bb{}\u00bb theme_builder_area=\u00bbpost_content\u00bb sticky_enabled=\u00bb0&#8243;][et_pb_social_media_follow_network social_network=\u00bbrss\u00bb url=\u00bbhttps:\/\/mireilleloup.com\/fr_FR\/accueil\u00bb icon_color=\u00bbgcid-73263b73-b059-42fc-a61d-05da764fa408&#8243; use_icon_font_size=\u00bbon\u00bb icon_font_size=\u00bb20px\u00bb _builder_version=\u00bb4.17.6&#8243; _module_preset=\u00bbdefault\u00bb background_color=\u00bb#ff8a3c\u00bb background_enable_color=\u00bboff\u00bb custom_button=\u00bbon\u00bb button_text_size=\u00bb1px\u00bb button_border_width=\u00bb0px\u00bb button_border_radius=\u00bb0px\u00bb button_letter_spacing=\u00bb0px\u00bb hover_enabled=\u00bb0&#8243; global_colors_info=\u00bb{%22gcid-73263b73-b059-42fc-a61d-05da764fa408%22:%91%22background_color%22,%22icon_color%22%93}\u00bb theme_builder_area=\u00bbpost_content\u00bb follow_button=\u00bboff\u00bb url_new_window=\u00bbon\u00bb sticky_enabled=\u00bb0&#8243;]rss[\/et_pb_social_media_follow_network][\/et_pb_social_media_follow][et_pb_divider color=\u00bbgcid-73263b73-b059-42fc-a61d-05da764fa408&#8243; _builder_version=\u00bb4.17.6&#8243; _module_preset=\u00bbdefault\u00bb global_colors_info=\u00bb{%22gcid-73263b73-b059-42fc-a61d-05da764fa408%22:%91%22color%22%93}\u00bb theme_builder_area=\u00bbpost_content\u00bb][\/et_pb_divider][\/et_pb_column][et_pb_column type=\u00bb1_3&#8243; _builder_version=\u00bb4.16&#8243; _module_preset=\u00bbdefault\u00bb global_colors_info=\u00bb{}\u00bb theme_builder_area=\u00bbpost_content\u00bb][et_pb_image src=\u00bbhttps:\/\/festivalpanoramic.cat\/wp-content\/uploads\/2022\/09\/Romain-Boutillier-web.jpg\u00bb title_text=\u00bbRomain-Boutillier-web\u00bb _builder_version=\u00bb4.17.6&#8243; _module_preset=\u00bbdefault\u00bb hover_enabled=\u00bb0&#8243; global_colors_info=\u00bb{}\u00bb theme_builder_area=\u00bbpost_content\u00bb sticky_enabled=\u00bb0&#8243;][\/et_pb_image][et_pb_text _builder_version=\u00bb4.17.6&#8243; _module_preset=\u00bbdefault\u00bb text_font=\u00bbMontserrat extra bold||||||||\u00bb text_text_color=\u00bb#000000&#8243; text_font_size=\u00bb23px\u00bb text_line_height=\u00bb0.1em\u00bb custom_margin=\u00bb-17px||21px||false|false\u00bb custom_margin_tablet=\u00bb-17px||21px||false|false\u00bb custom_margin_phone=\u00bb-17px||21px||false|false\u00bb custom_margin_last_edited=\u00bbon|tablet\u00bb hover_enabled=\u00bb0&#8243; text_line_height_tablet=\u00bb0.1em\u00bb text_line_height_phone=\u00bb0.1em\u00bb text_line_height_last_edited=\u00bbon|phone\u00bb inline_fonts=\u00bbMontserrat Light\u00bb global_colors_info=\u00bb{}\u00bb theme_builder_area=\u00bbpost_content\u00bb sticky_enabled=\u00bb0&#8243;]<\/p>\n<p><span style=\"font-size: small;\">visionado<\/span><\/p>\n<p>Romain Boutillier<\/p>\n<p>[\/et_pb_text][et_pb_text _builder_version=\u00bb4.16&#8243; _module_preset=\u00bbdefault\u00bb text_font=\u00bbakrobat light||||||||\u00bb text_text_color=\u00bb#000000&#8243; text_font_size=\u00bb20px\u00bb global_colors_info=\u00bb{}\u00bb theme_builder_area=\u00bbpost_content\u00bb]<\/p>\n<p>Nacido en 1974, vive en Arles y trabaja en todas partes.<\/p>\n<p>Ha experimentado en varios c\u00edrculos de las artes visuales hasta llegar a la fotograf\u00eda.<\/p>\n<p>Desde 2003, ha colaborado con la prensa y la publicaci\u00f3n de encargos de retratos, informes tur\u00edsticos o sociales. Tambi\u00e9n desarrolla trabajos personales que se exhiben regularmente y dirige talleres para los Rencontres Internationales de la Photographie en Arles.<br \/>Su pr\u00e1ctica de diversas artes visuales nutre su mirada de referencias m\u00faltiples; la narraci\u00f3n de sus obras pasa por una forma de experiencia est\u00e9tica singular para cada sujeto.<br \/>Durante varios a\u00f1os, durante sus viajes, ha explorado la fotograf\u00eda callejera para extraer una escritura cinematogr\u00e1fica que coquetea con la ficci\u00f3n.<\/p>\n<p>[\/et_pb_text][et_pb_social_media_follow _builder_version=\u00bb4.17.6&#8243; _module_preset=\u00bbdefault\u00bb custom_margin=\u00bb-33px||||false|false\u00bb hover_enabled=\u00bb0&#8243; global_colors_info=\u00bb{}\u00bb theme_builder_area=\u00bbpost_content\u00bb sticky_enabled=\u00bb0&#8243;][et_pb_social_media_follow_network social_network=\u00bbrss\u00bb url=\u00bbhttps:\/\/www.romainboutillier.com\u00bb icon_color=\u00bbgcid-73263b73-b059-42fc-a61d-05da764fa408&#8243; use_icon_font_size=\u00bbon\u00bb icon_font_size=\u00bb20px\u00bb _builder_version=\u00bb4.17.6&#8243; _module_preset=\u00bbdefault\u00bb background_color=\u00bb#ff8a3c\u00bb background_enable_color=\u00bboff\u00bb custom_button=\u00bbon\u00bb button_text_size=\u00bb1px\u00bb button_border_width=\u00bb0px\u00bb button_border_radius=\u00bb0px\u00bb button_letter_spacing=\u00bb0px\u00bb hover_enabled=\u00bb0&#8243; global_colors_info=\u00bb{%22gcid-73263b73-b059-42fc-a61d-05da764fa408%22:%91%22background_color%22,%22icon_color%22%93}\u00bb theme_builder_area=\u00bbpost_content\u00bb follow_button=\u00bboff\u00bb url_new_window=\u00bbon\u00bb sticky_enabled=\u00bb0&#8243;]rss[\/et_pb_social_media_follow_network][\/et_pb_social_media_follow][et_pb_divider color=\u00bbgcid-73263b73-b059-42fc-a61d-05da764fa408&#8243; _builder_version=\u00bb4.17.6&#8243; _module_preset=\u00bbdefault\u00bb global_colors_info=\u00bb{%22gcid-73263b73-b059-42fc-a61d-05da764fa408%22:%91%22color%22%93}\u00bb theme_builder_area=\u00bbpost_content\u00bb][\/et_pb_divider][\/et_pb_column][et_pb_column type=\u00bb1_3&#8243; _builder_version=\u00bb4.16&#8243; _module_preset=\u00bbdefault\u00bb global_colors_info=\u00bb{}\u00bb theme_builder_area=\u00bbpost_content\u00bb][et_pb_image src=\u00bbhttps:\/\/festivalpanoramic.cat\/wp-content\/uploads\/2022\/09\/instant-meme-web.jpg\u00bb title_text=\u00bbinstant-meme-web\u00bb _builder_version=\u00bb4.17.6&#8243; _module_preset=\u00bbdefault\u00bb hover_enabled=\u00bb0&#8243; global_colors_info=\u00bb{}\u00bb theme_builder_area=\u00bbpost_content\u00bb sticky_enabled=\u00bb0&#8243;][\/et_pb_image][et_pb_text _builder_version=\u00bb4.17.6&#8243; _module_preset=\u00bbdefault\u00bb text_font=\u00bbMontserrat extra bold||||||||\u00bb text_text_color=\u00bb#000000&#8243; text_font_size=\u00bb23px\u00bb text_line_height=\u00bb0.1em\u00bb custom_margin=\u00bb-17px||21px||false|false\u00bb custom_margin_tablet=\u00bb-17px||21px||false|false\u00bb custom_margin_phone=\u00bb-17px||21px||false|false\u00bb custom_margin_last_edited=\u00bbon|tablet\u00bb hover_enabled=\u00bb0&#8243; text_line_height_tablet=\u00bb0.1em\u00bb text_line_height_phone=\u00bb0.1em\u00bb text_line_height_last_edited=\u00bbon|phone\u00bb inline_fonts=\u00bbMontserrat Light\u00bb global_colors_info=\u00bb{}\u00bb theme_builder_area=\u00bbpost_content\u00bb sticky_enabled=\u00bb0&#8243;]<\/p>\n<p><span style=\"font-size: small;\">visionado<\/span><\/p>\n<p>Pascal Bois<\/p>\n<p>[\/et_pb_text][et_pb_text _builder_version=\u00bb4.16&#8243; _module_preset=\u00bbdefault\u00bb text_font=\u00bbakrobat light||||||||\u00bb text_text_color=\u00bb#000000&#8243; text_font_size=\u00bb20px\u00bb global_colors_info=\u00bb{}\u00bb theme_builder_area=\u00bbpost_content\u00bb][\/et_pb_text][\/et_pb_column][\/et_pb_row][et_pb_row column_structure=\u00bb2_5,3_5&#8243; _builder_version=\u00bb4.16&#8243; _module_preset=\u00bbdefault\u00bb width=\u00bb95%\u00bb max_width=\u00bb2560px\u00bb global_colors_info=\u00bb{}\u00bb theme_builder_area=\u00bbpost_content\u00bb][et_pb_column type=\u00bb2_5&#8243; _builder_version=\u00bb4.16&#8243; _module_preset=\u00bbdefault\u00bb global_colors_info=\u00bb{}\u00bb theme_builder_area=\u00bbpost_content\u00bb][et_pb_text _builder_version=\u00bb4.16&#8243; _module_preset=\u00bbdefault\u00bb text_font=\u00bbakrobat light||||||||\u00bb text_text_color=\u00bb#000000&#8243; text_font_size=\u00bb20px\u00bb text_line_height=\u00bb1.5em\u00bb custom_margin=\u00bb0px||||false|false\u00bb custom_padding=\u00bb0px||||false|false\u00bb link_option_url=\u00bbhttps:\/\/festivalpanoramic.cat\/es\/participants-2022\/\u00bb global_colors_info=\u00bb{}\u00bb theme_builder_area=\u00bbpost_content\u00bb]<\/p>\n<p style=\"text-align: left;\"><strong>Ver todos los proyectos<\/strong><\/p>\n<p>[\/et_pb_text][\/et_pb_column][et_pb_column type=\u00bb3_5&#8243; _builder_version=\u00bb4.16&#8243; _module_preset=\u00bbdefault\u00bb global_colors_info=\u00bb{}\u00bb theme_builder_area=\u00bbpost_content\u00bb][et_pb_post_nav in_same_term=\u00bboff\u00bb prev_text=\u00bbProyecto anterior\u00bb next_text=\u00bbSiguiente proyecto\u00bb _builder_version=\u00bb4.16&#8243; _module_preset=\u00bbdefault\u00bb title_font=\u00bbakrobat light||||||||\u00bb title_text_color=\u00bb#000000&#8243; title_font_size=\u00bb19px\u00bb global_colors_info=\u00bb{}\u00bb theme_builder_area=\u00bbpost_content\u00bb][\/et_pb_post_nav][\/et_pb_column][\/et_pb_row][\/et_pb_section]<\/p>\n","protected":false},"excerpt":{"rendered":"<p>VISIONADOS EN LA CAPELLA, BARCELONA | 28.10.2022 Comisario Pascal Bois Pascal Bois se licenci\u00f3 en ENSP en 1987. Particip\u00f3 en el proyecto del OFAG sobre el tema \u00abla Vie Moderne\u00bb [&hellip;]<\/p>\n","protected":false},"author":1,"featured_media":0,"comment_status":"open","ping_status":"closed","template":"","meta":{"_et_pb_use_builder":"on","_et_pb_old_content":"","_et_gb_content_width":"","footnotes":""},"project_category":[59],"project_tag":[],"class_list":["post-28874","project","type-project","status-publish","hentry","project_category-de-festival-en-festival-2022-es"],"yoast_head":"<!-- This site is optimized with the Yoast SEO plugin v27.2 - https:\/\/yoast.com\/product\/yoast-seo-wordpress\/ -->\n<title>PASCAL BOIS (FR) - Festival Panor\u00e0mic<\/title>\n<meta name=\"robots\" content=\"index, follow, max-snippet:-1, max-image-preview:large, max-video-preview:-1\" \/>\n<link rel=\"canonical\" href=\"https:\/\/festivalpanoramic.cat\/es\/project\/pascal-bois-fr\/\" \/>\n<meta property=\"og:locale\" content=\"es_ES\" \/>\n<meta property=\"og:type\" content=\"article\" \/>\n<meta property=\"og:title\" content=\"PASCAL BOIS (FR) - Festival Panor\u00e0mic\" \/>\n<meta property=\"og:description\" content=\"VISIONADOS EN LA CAPELLA, BARCELONA | 28.10.2022 Comisario Pascal Bois Pascal Bois se licenci\u00f3 en ENSP en 1987. Particip\u00f3 en el proyecto del OFAG sobre el tema &quot;la Vie Moderne&quot; [&hellip;]\" \/>\n<meta property=\"og:url\" content=\"https:\/\/festivalpanoramic.cat\/es\/project\/pascal-bois-fr\/\" \/>\n<meta property=\"og:site_name\" content=\"Festival Panor\u00e0mic\" \/>\n<meta property=\"article:modified_time\" content=\"2022-09-13T12:09:04+00:00\" \/>\n<meta name=\"twitter:card\" content=\"summary_large_image\" \/>\n<meta name=\"twitter:label1\" content=\"Tiempo de lectura\" \/>\n\t<meta name=\"twitter:data1\" content=\"11 minutos\" \/>\n<script type=\"application\/ld+json\" class=\"yoast-schema-graph\">{\"@context\":\"https:\/\/schema.org\",\"@graph\":[{\"@type\":\"WebPage\",\"@id\":\"https:\/\/festivalpanoramic.cat\/es\/project\/pascal-bois-fr\/\",\"url\":\"https:\/\/festivalpanoramic.cat\/es\/project\/pascal-bois-fr\/\",\"name\":\"PASCAL BOIS (FR) - Festival Panor\u00e0mic\",\"isPartOf\":{\"@id\":\"https:\/\/festivalpanoramic.cat\/es\/#website\"},\"datePublished\":\"2022-09-13T11:13:18+00:00\",\"dateModified\":\"2022-09-13T12:09:04+00:00\",\"breadcrumb\":{\"@id\":\"https:\/\/festivalpanoramic.cat\/es\/project\/pascal-bois-fr\/#breadcrumb\"},\"inLanguage\":\"es\",\"potentialAction\":[{\"@type\":\"ReadAction\",\"target\":[\"https:\/\/festivalpanoramic.cat\/es\/project\/pascal-bois-fr\/\"]}]},{\"@type\":\"BreadcrumbList\",\"@id\":\"https:\/\/festivalpanoramic.cat\/es\/project\/pascal-bois-fr\/#breadcrumb\",\"itemListElement\":[{\"@type\":\"ListItem\",\"position\":1,\"name\":\"Inici\",\"item\":\"https:\/\/festivalpanoramic.cat\/es\/\"},{\"@type\":\"ListItem\",\"position\":2,\"name\":\"Proyectos\",\"item\":\"https:\/\/festivalpanoramic.cat\/es\/project\/\"},{\"@type\":\"ListItem\",\"position\":3,\"name\":\"PASCAL BOIS (FR)\"}]},{\"@type\":\"WebSite\",\"@id\":\"https:\/\/festivalpanoramic.cat\/es\/#website\",\"url\":\"https:\/\/festivalpanoramic.cat\/es\/\",\"name\":\"Festival Panor\u00e0mic\",\"description\":\"PANOR\u00c0MIC. ARTS I CULTURES VISUALS\",\"potentialAction\":[{\"@type\":\"SearchAction\",\"target\":{\"@type\":\"EntryPoint\",\"urlTemplate\":\"https:\/\/festivalpanoramic.cat\/es\/?s={search_term_string}\"},\"query-input\":{\"@type\":\"PropertyValueSpecification\",\"valueRequired\":true,\"valueName\":\"search_term_string\"}}],\"inLanguage\":\"es\"}]}<\/script>\n<!-- \/ Yoast SEO plugin. -->","yoast_head_json":{"title":"PASCAL BOIS (FR) - Festival Panor\u00e0mic","robots":{"index":"index","follow":"follow","max-snippet":"max-snippet:-1","max-image-preview":"max-image-preview:large","max-video-preview":"max-video-preview:-1"},"canonical":"https:\/\/festivalpanoramic.cat\/es\/project\/pascal-bois-fr\/","og_locale":"es_ES","og_type":"article","og_title":"PASCAL BOIS (FR) - Festival Panor\u00e0mic","og_description":"VISIONADOS EN LA CAPELLA, BARCELONA | 28.10.2022 Comisario Pascal Bois Pascal Bois se licenci\u00f3 en ENSP en 1987. Particip\u00f3 en el proyecto del OFAG sobre el tema \"la Vie Moderne\" [&hellip;]","og_url":"https:\/\/festivalpanoramic.cat\/es\/project\/pascal-bois-fr\/","og_site_name":"Festival Panor\u00e0mic","article_modified_time":"2022-09-13T12:09:04+00:00","twitter_card":"summary_large_image","twitter_misc":{"Tiempo de lectura":"11 minutos"},"schema":{"@context":"https:\/\/schema.org","@graph":[{"@type":"WebPage","@id":"https:\/\/festivalpanoramic.cat\/es\/project\/pascal-bois-fr\/","url":"https:\/\/festivalpanoramic.cat\/es\/project\/pascal-bois-fr\/","name":"PASCAL BOIS (FR) - Festival Panor\u00e0mic","isPartOf":{"@id":"https:\/\/festivalpanoramic.cat\/es\/#website"},"datePublished":"2022-09-13T11:13:18+00:00","dateModified":"2022-09-13T12:09:04+00:00","breadcrumb":{"@id":"https:\/\/festivalpanoramic.cat\/es\/project\/pascal-bois-fr\/#breadcrumb"},"inLanguage":"es","potentialAction":[{"@type":"ReadAction","target":["https:\/\/festivalpanoramic.cat\/es\/project\/pascal-bois-fr\/"]}]},{"@type":"BreadcrumbList","@id":"https:\/\/festivalpanoramic.cat\/es\/project\/pascal-bois-fr\/#breadcrumb","itemListElement":[{"@type":"ListItem","position":1,"name":"Inici","item":"https:\/\/festivalpanoramic.cat\/es\/"},{"@type":"ListItem","position":2,"name":"Proyectos","item":"https:\/\/festivalpanoramic.cat\/es\/project\/"},{"@type":"ListItem","position":3,"name":"PASCAL BOIS (FR)"}]},{"@type":"WebSite","@id":"https:\/\/festivalpanoramic.cat\/es\/#website","url":"https:\/\/festivalpanoramic.cat\/es\/","name":"Festival Panor\u00e0mic","description":"PANOR\u00c0MIC. ARTS I CULTURES VISUALS","potentialAction":[{"@type":"SearchAction","target":{"@type":"EntryPoint","urlTemplate":"https:\/\/festivalpanoramic.cat\/es\/?s={search_term_string}"},"query-input":{"@type":"PropertyValueSpecification","valueRequired":true,"valueName":"search_term_string"}}],"inLanguage":"es"}]}},"_links":{"self":[{"href":"https:\/\/festivalpanoramic.cat\/es\/wp-json\/wp\/v2\/project\/28874","targetHints":{"allow":["GET"]}}],"collection":[{"href":"https:\/\/festivalpanoramic.cat\/es\/wp-json\/wp\/v2\/project"}],"about":[{"href":"https:\/\/festivalpanoramic.cat\/es\/wp-json\/wp\/v2\/types\/project"}],"author":[{"embeddable":true,"href":"https:\/\/festivalpanoramic.cat\/es\/wp-json\/wp\/v2\/users\/1"}],"replies":[{"embeddable":true,"href":"https:\/\/festivalpanoramic.cat\/es\/wp-json\/wp\/v2\/comments?post=28874"}],"version-history":[{"count":0,"href":"https:\/\/festivalpanoramic.cat\/es\/wp-json\/wp\/v2\/project\/28874\/revisions"}],"wp:attachment":[{"href":"https:\/\/festivalpanoramic.cat\/es\/wp-json\/wp\/v2\/media?parent=28874"}],"wp:term":[{"taxonomy":"project_category","embeddable":true,"href":"https:\/\/festivalpanoramic.cat\/es\/wp-json\/wp\/v2\/project_category?post=28874"},{"taxonomy":"project_tag","embeddable":true,"href":"https:\/\/festivalpanoramic.cat\/es\/wp-json\/wp\/v2\/project_tag?post=28874"}],"curies":[{"name":"wp","href":"https:\/\/api.w.org\/{rel}","templated":true}]}}