{"id":28985,"date":"2022-09-19T15:59:37","date_gmt":"2022-09-19T13:59:37","guid":{"rendered":"https:\/\/festivalpanoramic.cat\/project\/enviame-la-foto\/"},"modified":"2022-10-10T13:51:54","modified_gmt":"2022-10-10T11:51:54","slug":"enviame-la-foto","status":"publish","type":"project","link":"https:\/\/festivalpanoramic.cat\/es\/project\/enviame-la-foto\/","title":{"rendered":"Env\u00edame la foto | Gadea Burgaz"},"content":{"rendered":"<p>[et_pb_section fb_built=\u00bb1&#8243; _builder_version=\u00bb4.16&#8243; _module_preset=\u00bbdefault\u00bb global_colors_info=\u00bb{}\u00bb][et_pb_row column_structure=\u00bb2_5,3_5&#8243; _builder_version=\u00bb4.17.6&#8243; _module_preset=\u00bbdefault\u00bb width=\u00bb95%\u00bb max_width=\u00bb2560px\u00bb global_colors_info=\u00bb{}\u00bb][et_pb_column type=\u00bb2_5&#8243; _builder_version=\u00bb4.16&#8243; _module_preset=\u00bbdefault\u00bb global_colors_info=\u00bb{}\u00bb][et_pb_text admin_label=\u00bbExposicions\u00bb _builder_version=\u00bb4.17.6&#8243; _module_preset=\u00bbdefault\u00bb text_font=\u00bbMontserrat extra bold||||||||\u00bb text_text_color=\u00bb#000000&#8243; text_font_size=\u00bb16px\u00bb custom_margin=\u00bb||15px||false|false\u00bb global_colors_info=\u00bb{}\u00bb]<\/p>\n<p>Exposiciones<\/p>\n<p>[\/et_pb_text][et_pb_text admin_label=\u00bbNom expo\u00bb _builder_version=\u00bb4.17.6&#8243; _module_preset=\u00bbdefault\u00bb text_font=\u00bbMontserrat extra bold||||||||\u00bb text_text_color=\u00bb#000000&#8243; text_font_size=\u00bb39px\u00bb text_line_height=\u00bb1em\u00bb custom_margin=\u00bb||19px||false|false\u00bb text_line_height_tablet=\u00bb\u00bb text_line_height_phone=\u00bb1.2em\u00bb text_line_height_last_edited=\u00bbon|phone\u00bb global_colors_info=\u00bb{}\u00bb]<\/p>\n<p>Env\u00edame la foto<\/p>\n<p>[\/et_pb_text][et_pb_text admin_label=\u00bbexpo de&#8230;\u00bb _builder_version=\u00bb4.17.6&#8243; _module_preset=\u00bbdefault\u00bb text_font=\u00bbMontserrat Light||||||||\u00bb text_text_color=\u00bbgcid-73263b73-b059-42fc-a61d-05da764fa408&#8243; text_font_size=\u00bb17px\u00bb text_line_height=\u00bb1.1em\u00bb custom_margin=\u00bb-5px||0px||false|false\u00bb hover_enabled=\u00bb0&#8243; text_line_height_tablet=\u00bb0.6em\u00bb text_line_height_phone=\u00bb1.4em\u00bb text_line_height_last_edited=\u00bbon|phone\u00bb inline_fonts=\u00bbMontserrat extra bold,akrobat extrabold\u00bb global_colors_info=\u00bb{%22gcid-73263b73-b059-42fc-a61d-05da764fa408%22:%91%22text_text_color%22%93}\u00bb sticky_enabled=\u00bb0&#8243;]<\/p>\n<p>Exposici\u00f3n de <span style=\"font-family: 'Montserrat extra bold'; font-weight: normal;\"><span>Gadea Burgaz<\/span><\/span><\/p>\n<p><span>Comisariado por <span style=\"font-family: 'Montserrat extra bold'; font-weight: normal;\">Laia Casanova<\/span> , <span style=\"font-family: 'Montserrat extra bold'; font-weight: normal;\">Alel\u00ed Midelman<\/span> y <span style=\"font-family: 'Montserrat extra bold';\">Alessandra Monachesi<\/span><\/span><\/p>\n<p><span>Proyecto dentro del programa Panor\u00e0mic File<\/span><\/p>\n<p>[\/et_pb_text][et_pb_text admin_label=\u00bbLloc\u00bb _builder_version=\u00bb4.17.6&#8243; _module_preset=\u00bbdefault\u00bb text_font=\u00bbMontserrat extra bold||||||||\u00bb text_text_color=\u00bb#000000&#8243; text_font_size=\u00bb18px\u00bb custom_margin=\u00bb10px||||false|false\u00bb inline_fonts=\u00bbakrobat light\u00bb global_colors_info=\u00bb{}\u00bb]<\/p>\n<p><span>La T\u00e8rmica \u2013 Roca Umbert F\u00e0brica de les Arts<\/span>, Granollers<\/p>\n<p>[\/et_pb_text][et_pb_button button_url=\u00bb\/#mapa\u00bb button_text=\u00bbVer el plano de las localizaciones\u00bb button_alignment=\u00bbleft\u00bb admin_label=\u00bbbot\u00f3 pl\u00e0nol\u00bb _builder_version=\u00bb4.17.6&#8243; _module_preset=\u00bbdefault\u00bb custom_button=\u00bbon\u00bb button_text_color=\u00bb#000000&#8243; button_border_width=\u00bb1px\u00bb button_border_radius=\u00bb0px\u00bb button_font=\u00bbakrobat light||||||||\u00bb custom_margin=\u00bb-15px||51px||false|false\u00bb custom_margin_tablet=\u00bb-17px||||false|false\u00bb custom_margin_phone=\u00bb-17px||||false|false\u00bb custom_margin_last_edited=\u00bbon|tablet\u00bb global_colors_info=\u00bb{}\u00bb][\/et_pb_button][et_pb_text admin_label=\u00bbData\u00bb _builder_version=\u00bb4.17.6&#8243; _module_preset=\u00bbdefault\u00bb text_font=\u00bbMontserrat Light||||||||\u00bb text_text_color=\u00bb#000000&#8243; text_font_size=\u00bb18px\u00bb custom_margin=\u00bb-34px||62px||false|false\u00bb custom_margin_tablet=\u00bb-24px||||false|false\u00bb custom_margin_phone=\u00bb-24px||||false|false\u00bb custom_margin_last_edited=\u00bbon|tablet\u00bb global_colors_info=\u00bb{}\u00bb]<\/p>\n<p>Del 20 de octubre al 27 de noviembre 2022<\/p>\n<p>[\/et_pb_text][et_pb_toggle title=\u00bbHorarios\u00bb open_toggle_text_color=\u00bb#000000&#8243; open_toggle_background_color=\u00bbRGBA(255,255,255,0)\u00bb closed_toggle_background_color=\u00bbRGBA(255,255,255,0)\u00bb icon_color=\u00bb#8b794f\u00bb toggle_icon=\u00bb&#x4c;||divi||400&#8243; use_icon_font_size=\u00bbon\u00bb icon_font_size=\u00bb22px\u00bb open_icon_color=\u00bb#8b794f\u00bb open_use_icon_font_size=\u00bbon\u00bb admin_label=\u00bbHoraris\u00bb _builder_version=\u00bb4.17.6&#8243; _module_preset=\u00bbdefault\u00bb title_text_color=\u00bb#000000&#8243; title_font=\u00bbMontserrat extra bold||||||||\u00bb title_font_size=\u00bb20px\u00bb closed_title_font=\u00bbMontserrat extra bold||||||||\u00bb closed_title_font_size=\u00bb20px\u00bb body_font=\u00bbakrobat light||||||||\u00bb body_text_color=\u00bb#000000&#8243; body_font_size=\u00bb20px\u00bb custom_margin=\u00bb-40px||||false|false\u00bb custom_margin_tablet=\u00bb-14px||||false|false\u00bb custom_margin_phone=\u00bb-14px||||false|false\u00bb custom_margin_last_edited=\u00bbon|desktop\u00bb border_width_all=\u00bb0px\u00bb border_width_top=\u00bb1px\u00bb border_color_top=\u00bb#8b794f\u00bb global_colors_info=\u00bb{}\u00bb]<\/p>\n<div jsname=\"vMIvv\" class=\"vk_bk\" jsaction=\"ytNONe\" aria-expanded=\"true\" role=\"button\" data-ved=\"2ahUKEwiuqaibwJH6AhWF_IUKHRyhCvMQ5nF6BAhjEAQ\" tabindex=\"0\"><span>Jueves, viernes y s\u00e1bado de 17:30 ha 20 h<\/span><\/div>\n<div jsname=\"vMIvv\" class=\"vk_bk\" jsaction=\"ytNONe\" aria-expanded=\"true\" role=\"button\" data-ved=\"2ahUKEwiuqaibwJH6AhWF_IUKHRyhCvMQ5nF6BAhjEAQ\" tabindex=\"0\"><span>Domingo de 11 ha 13 h<\/span><\/div>\n<p>[\/et_pb_toggle][et_pb_text _builder_version=\u00bb4.17.6&#8243; _module_preset=\u00bbdefault\u00bb text_font=\u00bbakrobat light||||||||\u00bb text_text_color=\u00bb#000000&#8243; text_font_size=\u00bb20px\u00bb inline_fonts=\u00bbakrobat extrabold\u00bb global_colors_info=\u00bb{}\u00bb]<\/p>\n<div class=\"vc_empty_space\">\n<p><span>El proyecto consiste en resaltar el viaje de las im\u00e1genes a trav\u00e9s de correspondencias postales en una \u00fanica direcci\u00f3n entre tres sitios. Fotograf\u00edas del Archivo se transformar\u00e1n en composiciones escult\u00f3ricas a lo largo del viaje desde Casa Planas a 3C y Roca Umbert. En Palma de Mallorca el artista las elige, agrupa, piensa y env\u00eda a diario diferentes destinatarios de Calce. Al mes siguiente, en Calce, estas postales f\u00edsicas se mezclan con fotograf\u00edas antiguas familiares de sus habitantes junto a nuevas, digitales de paisaje de la zona. Las composiciones viajan con el artista a Granollers, donde producir\u00e1 un montaje, libre, indefinido, a\u00f1adiendo materiales reutilizados como un pedazo de marco o una gamuza encontrada.<\/span><\/p>\n<\/div>\n<p>[\/et_pb_text][\/et_pb_column][et_pb_column type=\u00bb3_5&#8243; _builder_version=\u00bb4.16&#8243; _module_preset=\u00bbdefault\u00bb global_colors_info=\u00bb{}\u00bb][et_pb_image src=\u00bbhttps:\/\/festivalpanoramic.cat\/wp-content\/uploads\/2022\/09\/01-Gadea-Burgaz-web.jpg\u00bb title_text=\u00bb01-Gadea-Burgaz-web\u00bb force_fullwidth=\u00bbon\u00bb _builder_version=\u00bb4.17.6&#8243; _module_preset=\u00bbdefault\u00bb global_colors_info=\u00bb{}\u00bb][\/et_pb_image][\/et_pb_column][\/et_pb_row][\/et_pb_section][et_pb_section fb_built=\u00bb1&#8243; _builder_version=\u00bb4.16&#8243; _module_preset=\u00bbdefault\u00bb background_color=\u00bb#e8e8e8&#8243; global_colors_info=\u00bb{}\u00bb][et_pb_row column_structure=\u00bb2_3,1_3&#8243; _builder_version=\u00bb4.16&#8243; _module_preset=\u00bbdefault\u00bb width=\u00bb95%\u00bb max_width=\u00bb2560px\u00bb global_colors_info=\u00bb{}\u00bb][et_pb_column type=\u00bb2_3&#8243; _builder_version=\u00bb4.16&#8243; _module_preset=\u00bbdefault\u00bb global_colors_info=\u00bb{}\u00bb][et_pb_text _builder_version=\u00bb4.17.6&#8243; _module_preset=\u00bbdefault\u00bb text_font=\u00bbakrobat light||||||||\u00bb text_text_color=\u00bb#000000&#8243; text_font_size=\u00bb20px\u00bb inline_fonts=\u00bbMontserrat extra bold\u00bb global_colors_info=\u00bb{}\u00bb]<\/p>\n<p><span style=\"font-family: 'Montserrat extra bold'; font-weight: normal; font-size: xx-large;\">Gadea Burgaz <\/span><\/p>\n<p>Madrid, 1992. Tras estudiar Arquitectura y Bellas Artes, trabaja entre diversas disciplinas. De los textiles a la escultura, de la filmaci\u00f3n a la pintura, la arquitectura, la construcci\u00f3n, del urbanismo al paisaje, el teatro, escritos a menudo el dibujo, el movimiento de los cuerpos y las im\u00e1genes, el rostro. Relaciona las cosas. As\u00ed se encuentra frente a temas b\u00e1sicos, antiguos, que son tambi\u00e9n contempor\u00e1neos. Y el proyecto surge.<\/p>\n<p>Graduada en Arquitectura en 2017 por la Universidad Polit\u00e9cnica de Madrid, finaliza sus estudios con un m\u00e1ster que habilita. Previamente, un a\u00f1o en la Facultad de Bellas Artes de Madrid y otro en la Universidad de Tokio, en el laboratorio de Kengo Kuma. Durante 2019 construye un pabell\u00f3n con un amigo para el Festival Conc\u00e9ntrico 05 de Logro\u00f1o, que se instala con otra distribuci\u00f3n en el Goethe-Institut de Madrid y para el evento de la Noche Blanca de Oviedo. En 2020 realiza su primera residencia art\u00edstica de seis meses en WIELS, Museo de Arte Contempor\u00e1neo de Bruselas.<\/p>\n<p>[\/et_pb_text][et_pb_social_media_follow _builder_version=\u00bb4.17.6&#8243; _module_preset=\u00bbdefault\u00bb custom_margin=\u00bb-33px||||false|false\u00bb global_colors_info=\u00bb{}\u00bb][et_pb_social_media_follow_network social_network=\u00bbrss\u00bb url=\u00bbhttps:\/\/gadeaburgaz.com\/\u00bb icon_color=\u00bbgcid-73263b73-b059-42fc-a61d-05da764fa408&#8243; use_icon_font_size=\u00bbon\u00bb icon_font_size=\u00bb20px\u00bb _builder_version=\u00bb4.17.6&#8243; _module_preset=\u00bbdefault\u00bb background_color=\u00bb#ff8a3c\u00bb background_enable_color=\u00bboff\u00bb custom_button=\u00bbon\u00bb button_text_size=\u00bb1px\u00bb button_border_width=\u00bb0px\u00bb button_border_radius=\u00bb0px\u00bb button_letter_spacing=\u00bb0px\u00bb global_colors_info=\u00bb{%22gcid-73263b73-b059-42fc-a61d-05da764fa408%22:%91%22background_color%22,%22icon_color%22%93}\u00bb follow_button=\u00bboff\u00bb url_new_window=\u00bbon\u00bb]rss[\/et_pb_social_media_follow_network][\/et_pb_social_media_follow][\/et_pb_column][et_pb_column type=\u00bb1_3&#8243; _builder_version=\u00bb4.16&#8243; _module_preset=\u00bbdefault\u00bb global_colors_info=\u00bb{}\u00bb][et_pb_image src=\u00bbhttps:\/\/festivalpanoramic.cat\/wp-content\/uploads\/2022\/09\/web-Gadea-Burgaz.jpg\u00bb title_text=\u00bbweb-Gadea-Burgaz\u00bb _builder_version=\u00bb4.17.6&#8243; _module_preset=\u00bbdefault\u00bb filter_saturate=\u00bb0%\u00bb global_colors_info=\u00bb{}\u00bb][\/et_pb_image][\/et_pb_column][\/et_pb_row][\/et_pb_section]<\/p>\n","protected":false},"excerpt":{"rendered":"<p>ExposicionesEnv\u00edame la fotoExposici\u00f3n de Gadea Burgaz Comisariado por Laia Casanova , Alel\u00ed Midelman y Alessandra Monachesi Proyecto dentro del programa Panor\u00e0mic FileLa T\u00e8rmica \u2013 Roca Umbert F\u00e0brica de les Arts, [&hellip;]<\/p>\n","protected":false},"author":1,"featured_media":28972,"comment_status":"open","ping_status":"closed","template":"","meta":{"_et_pb_use_builder":"on","_et_pb_old_content":"","_et_gb_content_width":"","footnotes":""},"project_category":[50,51,66],"project_tag":[],"class_list":["post-28985","project","type-project","status-publish","has-post-thumbnail","hentry","project_category-exposiciones-2022","project_category-exposiciones-granollers-2022","project_category-panoramic-file-2022-es"],"yoast_head":"<!-- This site is optimized with the Yoast SEO plugin v27.2 - https:\/\/yoast.com\/product\/yoast-seo-wordpress\/ -->\n<title>Env\u00edame la foto | Gadea Burgaz - Festival Panor\u00e0mic<\/title>\n<meta name=\"robots\" content=\"index, follow, max-snippet:-1, max-image-preview:large, max-video-preview:-1\" \/>\n<link rel=\"canonical\" href=\"https:\/\/festivalpanoramic.cat\/es\/project\/enviame-la-foto\/\" \/>\n<meta property=\"og:locale\" content=\"es_ES\" \/>\n<meta property=\"og:type\" content=\"article\" \/>\n<meta property=\"og:title\" content=\"Env\u00edame la foto | Gadea Burgaz - Festival Panor\u00e0mic\" \/>\n<meta property=\"og:description\" content=\"ExposicionesEnv\u00edame la fotoExposici\u00f3n de Gadea Burgaz Comisariado por Laia Casanova , Alel\u00ed Midelman y Alessandra Monachesi Proyecto dentro del programa Panor\u00e0mic FileLa T\u00e8rmica \u2013 Roca Umbert F\u00e0brica de les Arts, [&hellip;]\" \/>\n<meta property=\"og:url\" content=\"https:\/\/festivalpanoramic.cat\/es\/project\/enviame-la-foto\/\" \/>\n<meta property=\"og:site_name\" content=\"Festival Panor\u00e0mic\" \/>\n<meta property=\"article:modified_time\" content=\"2022-10-10T11:51:54+00:00\" \/>\n<meta property=\"og:image\" content=\"https:\/\/festivalpanoramic.cat\/wp-content\/uploads\/2022\/09\/00-Gadea-Burgaz-web.jpg\" \/>\n\t<meta property=\"og:image:width\" content=\"980\" \/>\n\t<meta property=\"og:image:height\" content=\"652\" \/>\n\t<meta property=\"og:image:type\" content=\"image\/jpeg\" \/>\n<meta name=\"twitter:card\" content=\"summary_large_image\" \/>\n<meta name=\"twitter:label1\" content=\"Tiempo de lectura\" \/>\n\t<meta name=\"twitter:data1\" content=\"6 minutos\" \/>\n<script type=\"application\/ld+json\" class=\"yoast-schema-graph\">{\"@context\":\"https:\/\/schema.org\",\"@graph\":[{\"@type\":\"WebPage\",\"@id\":\"https:\/\/festivalpanoramic.cat\/es\/project\/enviame-la-foto\/\",\"url\":\"https:\/\/festivalpanoramic.cat\/es\/project\/enviame-la-foto\/\",\"name\":\"Env\u00edame la foto | Gadea Burgaz - Festival Panor\u00e0mic\",\"isPartOf\":{\"@id\":\"https:\/\/festivalpanoramic.cat\/es\/#website\"},\"primaryImageOfPage\":{\"@id\":\"https:\/\/festivalpanoramic.cat\/es\/project\/enviame-la-foto\/#primaryimage\"},\"image\":{\"@id\":\"https:\/\/festivalpanoramic.cat\/es\/project\/enviame-la-foto\/#primaryimage\"},\"thumbnailUrl\":\"https:\/\/festivalpanoramic.cat\/wp-content\/uploads\/2022\/09\/00-Gadea-Burgaz-web.jpg\",\"datePublished\":\"2022-09-19T13:59:37+00:00\",\"dateModified\":\"2022-10-10T11:51:54+00:00\",\"breadcrumb\":{\"@id\":\"https:\/\/festivalpanoramic.cat\/es\/project\/enviame-la-foto\/#breadcrumb\"},\"inLanguage\":\"es\",\"potentialAction\":[{\"@type\":\"ReadAction\",\"target\":[\"https:\/\/festivalpanoramic.cat\/es\/project\/enviame-la-foto\/\"]}]},{\"@type\":\"ImageObject\",\"inLanguage\":\"es\",\"@id\":\"https:\/\/festivalpanoramic.cat\/es\/project\/enviame-la-foto\/#primaryimage\",\"url\":\"https:\/\/festivalpanoramic.cat\/wp-content\/uploads\/2022\/09\/00-Gadea-Burgaz-web.jpg\",\"contentUrl\":\"https:\/\/festivalpanoramic.cat\/wp-content\/uploads\/2022\/09\/00-Gadea-Burgaz-web.jpg\",\"width\":980,\"height\":652},{\"@type\":\"BreadcrumbList\",\"@id\":\"https:\/\/festivalpanoramic.cat\/es\/project\/enviame-la-foto\/#breadcrumb\",\"itemListElement\":[{\"@type\":\"ListItem\",\"position\":1,\"name\":\"Inici\",\"item\":\"https:\/\/festivalpanoramic.cat\/es\/\"},{\"@type\":\"ListItem\",\"position\":2,\"name\":\"Proyectos\",\"item\":\"https:\/\/festivalpanoramic.cat\/es\/project\/\"},{\"@type\":\"ListItem\",\"position\":3,\"name\":\"Env\u00edame la foto | Gadea Burgaz\"}]},{\"@type\":\"WebSite\",\"@id\":\"https:\/\/festivalpanoramic.cat\/es\/#website\",\"url\":\"https:\/\/festivalpanoramic.cat\/es\/\",\"name\":\"Festival Panor\u00e0mic\",\"description\":\"PANOR\u00c0MIC. ARTS I CULTURES VISUALS\",\"potentialAction\":[{\"@type\":\"SearchAction\",\"target\":{\"@type\":\"EntryPoint\",\"urlTemplate\":\"https:\/\/festivalpanoramic.cat\/es\/?s={search_term_string}\"},\"query-input\":{\"@type\":\"PropertyValueSpecification\",\"valueRequired\":true,\"valueName\":\"search_term_string\"}}],\"inLanguage\":\"es\"}]}<\/script>\n<!-- \/ Yoast SEO plugin. -->","yoast_head_json":{"title":"Env\u00edame la foto | Gadea Burgaz - Festival Panor\u00e0mic","robots":{"index":"index","follow":"follow","max-snippet":"max-snippet:-1","max-image-preview":"max-image-preview:large","max-video-preview":"max-video-preview:-1"},"canonical":"https:\/\/festivalpanoramic.cat\/es\/project\/enviame-la-foto\/","og_locale":"es_ES","og_type":"article","og_title":"Env\u00edame la foto | Gadea Burgaz - Festival Panor\u00e0mic","og_description":"ExposicionesEnv\u00edame la fotoExposici\u00f3n de Gadea Burgaz Comisariado por Laia Casanova , Alel\u00ed Midelman y Alessandra Monachesi Proyecto dentro del programa Panor\u00e0mic FileLa T\u00e8rmica \u2013 Roca Umbert F\u00e0brica de les Arts, [&hellip;]","og_url":"https:\/\/festivalpanoramic.cat\/es\/project\/enviame-la-foto\/","og_site_name":"Festival Panor\u00e0mic","article_modified_time":"2022-10-10T11:51:54+00:00","og_image":[{"width":980,"height":652,"url":"https:\/\/festivalpanoramic.cat\/wp-content\/uploads\/2022\/09\/00-Gadea-Burgaz-web.jpg","type":"image\/jpeg"}],"twitter_card":"summary_large_image","twitter_misc":{"Tiempo de lectura":"6 minutos"},"schema":{"@context":"https:\/\/schema.org","@graph":[{"@type":"WebPage","@id":"https:\/\/festivalpanoramic.cat\/es\/project\/enviame-la-foto\/","url":"https:\/\/festivalpanoramic.cat\/es\/project\/enviame-la-foto\/","name":"Env\u00edame la foto | Gadea Burgaz - Festival Panor\u00e0mic","isPartOf":{"@id":"https:\/\/festivalpanoramic.cat\/es\/#website"},"primaryImageOfPage":{"@id":"https:\/\/festivalpanoramic.cat\/es\/project\/enviame-la-foto\/#primaryimage"},"image":{"@id":"https:\/\/festivalpanoramic.cat\/es\/project\/enviame-la-foto\/#primaryimage"},"thumbnailUrl":"https:\/\/festivalpanoramic.cat\/wp-content\/uploads\/2022\/09\/00-Gadea-Burgaz-web.jpg","datePublished":"2022-09-19T13:59:37+00:00","dateModified":"2022-10-10T11:51:54+00:00","breadcrumb":{"@id":"https:\/\/festivalpanoramic.cat\/es\/project\/enviame-la-foto\/#breadcrumb"},"inLanguage":"es","potentialAction":[{"@type":"ReadAction","target":["https:\/\/festivalpanoramic.cat\/es\/project\/enviame-la-foto\/"]}]},{"@type":"ImageObject","inLanguage":"es","@id":"https:\/\/festivalpanoramic.cat\/es\/project\/enviame-la-foto\/#primaryimage","url":"https:\/\/festivalpanoramic.cat\/wp-content\/uploads\/2022\/09\/00-Gadea-Burgaz-web.jpg","contentUrl":"https:\/\/festivalpanoramic.cat\/wp-content\/uploads\/2022\/09\/00-Gadea-Burgaz-web.jpg","width":980,"height":652},{"@type":"BreadcrumbList","@id":"https:\/\/festivalpanoramic.cat\/es\/project\/enviame-la-foto\/#breadcrumb","itemListElement":[{"@type":"ListItem","position":1,"name":"Inici","item":"https:\/\/festivalpanoramic.cat\/es\/"},{"@type":"ListItem","position":2,"name":"Proyectos","item":"https:\/\/festivalpanoramic.cat\/es\/project\/"},{"@type":"ListItem","position":3,"name":"Env\u00edame la foto | Gadea Burgaz"}]},{"@type":"WebSite","@id":"https:\/\/festivalpanoramic.cat\/es\/#website","url":"https:\/\/festivalpanoramic.cat\/es\/","name":"Festival Panor\u00e0mic","description":"PANOR\u00c0MIC. ARTS I CULTURES VISUALS","potentialAction":[{"@type":"SearchAction","target":{"@type":"EntryPoint","urlTemplate":"https:\/\/festivalpanoramic.cat\/es\/?s={search_term_string}"},"query-input":{"@type":"PropertyValueSpecification","valueRequired":true,"valueName":"search_term_string"}}],"inLanguage":"es"}]}},"_links":{"self":[{"href":"https:\/\/festivalpanoramic.cat\/es\/wp-json\/wp\/v2\/project\/28985","targetHints":{"allow":["GET"]}}],"collection":[{"href":"https:\/\/festivalpanoramic.cat\/es\/wp-json\/wp\/v2\/project"}],"about":[{"href":"https:\/\/festivalpanoramic.cat\/es\/wp-json\/wp\/v2\/types\/project"}],"author":[{"embeddable":true,"href":"https:\/\/festivalpanoramic.cat\/es\/wp-json\/wp\/v2\/users\/1"}],"replies":[{"embeddable":true,"href":"https:\/\/festivalpanoramic.cat\/es\/wp-json\/wp\/v2\/comments?post=28985"}],"version-history":[{"count":0,"href":"https:\/\/festivalpanoramic.cat\/es\/wp-json\/wp\/v2\/project\/28985\/revisions"}],"wp:featuredmedia":[{"embeddable":true,"href":"https:\/\/festivalpanoramic.cat\/es\/wp-json\/wp\/v2\/media\/28972"}],"wp:attachment":[{"href":"https:\/\/festivalpanoramic.cat\/es\/wp-json\/wp\/v2\/media?parent=28985"}],"wp:term":[{"taxonomy":"project_category","embeddable":true,"href":"https:\/\/festivalpanoramic.cat\/es\/wp-json\/wp\/v2\/project_category?post=28985"},{"taxonomy":"project_tag","embeddable":true,"href":"https:\/\/festivalpanoramic.cat\/es\/wp-json\/wp\/v2\/project_tag?post=28985"}],"curies":[{"name":"wp","href":"https:\/\/api.w.org\/{rel}","templated":true}]}}