{"id":38209,"date":"2025-09-10T17:16:00","date_gmt":"2025-09-10T15:16:00","guid":{"rendered":"https:\/\/festivalpanoramic.cat\/?post_type=project&#038;p=38209"},"modified":"2025-11-06T09:30:16","modified_gmt":"2025-11-06T07:30:16","slug":"capsa-23","status":"publish","type":"project","link":"https:\/\/festivalpanoramic.cat\/es\/project\/capsa-23\/","title":{"rendered":"Capsa n\u00fam 23, Aleix Plademunt"},"content":{"rendered":"<p>[et_pb_section fb_built=\u00bb1&#8243; _builder_version=\u00bb4.16&#8243; _module_preset=\u00bbdefault\u00bb locked=\u00bboff\u00bb collapsed=\u00bboff\u00bb global_colors_info=\u00bb{}\u00bb][et_pb_row column_structure=\u00bb2_5,3_5&#8243; custom_padding_last_edited=\u00bbon|tablet\u00bb _builder_version=\u00bb4.25.0&#8243; _module_preset=\u00bbdefault\u00bb width=\u00bb95%\u00bb width_tablet=\u00bb90%\u00bb width_phone=\u00bb90%\u00bb width_last_edited=\u00bbon|phone\u00bb max_width=\u00bb2560px\u00bb custom_margin_tablet=\u00bb0px||||false|false\u00bb custom_margin_phone=\u00bb-30px||||false|false\u00bb custom_margin_last_edited=\u00bbon|tablet\u00bb custom_padding_tablet=\u00bb0px||||false|false\u00bb custom_padding_phone=\u00bb0px||0px||true|false\u00bb locked=\u00bboff\u00bb global_colors_info=\u00bb{}\u00bb][et_pb_column type=\u00bb2_5&#8243; _builder_version=\u00bb4.16&#8243; _module_preset=\u00bbdefault\u00bb global_colors_info=\u00bb{}\u00bb][et_pb_text admin_label=\u00bbExposicions\u00bb _builder_version=\u00bb4.27.4&#8243; _module_preset=\u00bbdefault\u00bb text_font=\u00bbMontserrat extra bold||||||||\u00bb text_text_color=\u00bb#000000&#8243; text_font_size=\u00bb16px\u00bb custom_margin=\u00bb||15px||false|false\u00bb global_colors_info=\u00bb{}\u00bb]<\/p>\n<p>Exposiciones<\/p>\n<p>[\/et_pb_text][et_pb_text admin_label=\u00bbNom expo\u00bb _builder_version=\u00bb4.27.4&#8243; _module_preset=\u00bbdefault\u00bb text_font=\u00bbMontserrat extra bold||||||||\u00bb text_text_color=\u00bb#000000&#8243; text_font_size=\u00bb39px\u00bb text_line_height=\u00bb1em\u00bb custom_margin=\u00bb||19px||false|false\u00bb text_font_size_tablet=\u00bb39px\u00bb text_font_size_phone=\u00bb28px\u00bb text_font_size_last_edited=\u00bbon|phone\u00bb text_line_height_tablet=\u00bb\u00bb text_line_height_phone=\u00bb1.2em\u00bb text_line_height_last_edited=\u00bbon|phone\u00bb global_colors_info=\u00bb{}\u00bb]<\/p>\n<p class=\"p1\">Capsa n\u00fam 23<\/p>\n<p>[\/et_pb_text][et_pb_text admin_label=\u00bbexpo de&#8230;\u00bb _builder_version=\u00bb4.27.4&#8243; _module_preset=\u00bbdefault\u00bb text_font=\u00bb&#8211;et_global_heading_font||||||||\u00bb text_text_color=\u00bbgcid-73263b73-b059-42fc-a61d-05da764fa408&#8243; text_font_size=\u00bb22px\u00bb text_line_height=\u00bb1.1em\u00bb custom_margin=\u00bb-5px||15px||false|false\u00bb text_line_height_tablet=\u00bb0.6em\u00bb text_line_height_phone=\u00bb1.4em\u00bb text_line_height_last_edited=\u00bbon|phone\u00bb locked=\u00bboff\u00bb inline_fonts=\u00bbMontserrat extra bold,akrobat extrabold,Montserrat Light\u00bb global_colors_info=\u00bb{%22gcid-73263b73-b059-42fc-a61d-05da764fa408%22:%91%22text_text_color%22%93}\u00bb]<\/p>\n<p><strong>Aleix Plademunt<\/strong><\/p>\n<p>[\/et_pb_text][et_pb_text admin_label=\u00bbexpo de&#8230;\u00bb _builder_version=\u00bb4.27.4&#8243; _module_preset=\u00bbdefault\u00bb text_font=\u00bb&#8211;et_global_heading_font||||||||\u00bb text_text_color=\u00bbgcid-73263b73-b059-42fc-a61d-05da764fa408&#8243; text_font_size=\u00bb17px\u00bb text_line_height=\u00bb1.1em\u00bb custom_margin=\u00bb-5px||40px||false|false\u00bb text_line_height_tablet=\u00bb0.6em\u00bb text_line_height_phone=\u00bb1.4em\u00bb text_line_height_last_edited=\u00bbon|phone\u00bb locked=\u00bboff\u00bb inline_fonts=\u00bbMontserrat extra bold,akrobat extrabold,Montserrat Light\u00bb global_colors_info=\u00bb{%22gcid-73263b73-b059-42fc-a61d-05da764fa408%22:%91%22text_text_color%22%93}\u00bb]<\/p>\n<p>Comisariada por <strong>Merc\u00e8 Alsina<\/strong><\/p>\n<p>[\/et_pb_text][et_pb_text admin_label=\u00bbLloc\u00bb _builder_version=\u00bb4.27.4&#8243; _module_preset=\u00bbdefault\u00bb text_font=\u00bbMontserrat extra bold||||||||\u00bb text_text_color=\u00bb#000000&#8243; text_font_size=\u00bb18px\u00bb custom_margin=\u00bb10px||||false|false\u00bb text_font_size_tablet=\u00bb18px\u00bb text_font_size_phone=\u00bb16px\u00bb text_font_size_last_edited=\u00bbon|phone\u00bb locked=\u00bboff\u00bb inline_fonts=\u00bbakrobat light,Montserrat Light\u00bb global_colors_info=\u00bb{}\u00bb]<\/p>\n<p><b>BARCELONA<br \/><\/b><span style=\"font-family: 'Montserrat Light'; font-weight: normal;\"><strong>Museu Mar\u00edtim de Barcelona<\/strong><b><br \/><\/b>Av. de les Drassanes s\/n<\/span><\/p>\n<p>[\/et_pb_text][et_pb_button button_url=\u00bb\/#home-localitzacions2024&#8243; button_text=\u00bbVer el mapa\u00bb button_alignment=\u00bbleft\u00bb admin_label=\u00bbbot\u00f3 pl\u00e0nol\u00bb _builder_version=\u00bb4.27.4&#8243; _module_preset=\u00bbdefault\u00bb custom_button=\u00bbon\u00bb button_text_color=\u00bb#000000&#8243; button_bg_color=\u00bb#e8e8e8&#8243; button_border_width=\u00bb0px\u00bb button_border_radius=\u00bb0px\u00bb button_font=\u00bbakrobat extrabold||||||||\u00bb button_icon=\u00bb&#x24;||divi||400&#8243; custom_margin=\u00bb-15px||51px||false|false\u00bb custom_margin_tablet=\u00bb-17px||||false|false\u00bb custom_margin_phone=\u00bb-17px|||0px|false|false\u00bb custom_margin_last_edited=\u00bbon|tablet\u00bb button_text_size_tablet=\u00bb\u00bb button_text_size_phone=\u00bb18px\u00bb button_text_size_last_edited=\u00bbon|phone\u00bb global_colors_info=\u00bb{}\u00bb][\/et_pb_button][et_pb_text admin_label=\u00bbData\u00bb _builder_version=\u00bb4.27.4&#8243; _module_preset=\u00bbdefault\u00bb text_font=\u00bbMontserrat Light||||||||\u00bb text_text_color=\u00bb#000000&#8243; text_font_size=\u00bb18px\u00bb custom_margin=\u00bb-34px||62px||false|false\u00bb custom_margin_tablet=\u00bb-24px||||false|false\u00bb custom_margin_phone=\u00bb-24px||44px||false|false\u00bb custom_margin_last_edited=\u00bbon|tablet\u00bb text_font_size_tablet=\u00bb18px\u00bb text_font_size_phone=\u00bb16px\u00bb text_font_size_last_edited=\u00bbon|phone\u00bb global_colors_info=\u00bb{}\u00bb]<\/p>\n<p>Del 23 de octubre de 2025 al 11 de enero de 2026<\/p>\n<p>[\/et_pb_text][et_pb_toggle title=\u00bbHorarios\u00bb open_toggle_text_color=\u00bb#000000&#8243; open_toggle_background_color=\u00bbRGBA(255,255,255,0)\u00bb closed_toggle_background_color=\u00bbRGBA(255,255,255,0)\u00bb icon_color=\u00bb#8b794f\u00bb toggle_icon=\u00bb&#x4c;||divi||400&#8243; use_icon_font_size=\u00bbon\u00bb icon_font_size=\u00bb22px\u00bb open_icon_color=\u00bb#8b794f\u00bb open_use_icon_font_size=\u00bbon\u00bb admin_label=\u00bbHoraris\u00bb _builder_version=\u00bb4.27.4&#8243; _module_preset=\u00bbdefault\u00bb title_text_color=\u00bb#000000&#8243; title_font=\u00bbMontserrat extra bold||||||||\u00bb title_font_size=\u00bb20px\u00bb closed_title_font=\u00bbMontserrat extra bold||||||||\u00bb closed_title_font_size=\u00bb20px\u00bb body_font=\u00bbakrobat light||||||||\u00bb body_text_color=\u00bb#000000&#8243; body_font_size=\u00bb20px\u00bb custom_margin=\u00bb-40px||||false|false\u00bb custom_margin_tablet=\u00bb-14px||||false|false\u00bb custom_margin_phone=\u00bb-20px||||false|false\u00bb custom_margin_last_edited=\u00bbon|desktop\u00bb body_font_size_tablet=\u00bb20px\u00bb body_font_size_phone=\u00bb18px\u00bb body_font_size_last_edited=\u00bbon|phone\u00bb border_width_all=\u00bb0px\u00bb border_width_top=\u00bb1px\u00bb border_color_top=\u00bb#8b794f\u00bb border_width_bottom=\u00bb1px\u00bb border_color_bottom=\u00bb#8c864d\u00bb locked=\u00bboff\u00bb global_colors_info=\u00bb{}\u00bb]<\/p>\n<p data-start=\"80\" data-end=\"195\">De lunes a domingo de 10 a 20 h.<\/p>\n<p>[\/et_pb_toggle][\/et_pb_column][et_pb_column type=\u00bb3_5&#8243; _builder_version=\u00bb4.16&#8243; _module_preset=\u00bbdefault\u00bb global_colors_info=\u00bb{}\u00bb][et_pb_slider admin_label=\u00bbSlider\u00bb module_class=\u00bbdivicon_full_screen_slider \u00bb _builder_version=\u00bb4.27.4&#8243; _module_preset=\u00bbdefault\u00bb custom_margin=\u00bb-80px||20px||false|false\u00bb custom_margin_tablet=\u00bb-80px||||false|false\u00bb custom_margin_phone=\u00bb-102px||||false|false\u00bb custom_margin_last_edited=\u00bbon|phone\u00bb auto=\u00bbon\u00bb auto_speed=\u00bb4000&#8243; auto_ignore_hover=\u00bbon\u00bb hover_enabled=\u00bb0&#8243; hover_transition_duration_tablet=\u00bb\u00bb hover_transition_duration_phone=\u00bb0ms\u00bb hover_transition_duration_last_edited=\u00bbon|phone\u00bb hover_transition_speed_curve_tablet=\u00bb\u00bb hover_transition_speed_curve_phone=\u00bblinear\u00bb hover_transition_speed_curve_last_edited=\u00bbon|phone\u00bb locked=\u00bboff\u00bb global_colors_info=\u00bb{}\u00bb sticky_enabled=\u00bb0&#8243;][et_pb_slide image=\u00bbhttps:\/\/festivalpanoramic.cat\/wp-content\/uploads\/2025\/09\/54_panoramic_barcelona_DSC04710_Marc-Font-scaled.jpg\u00bb _builder_version=\u00bb4.27.4&#8243; _module_preset=\u00bbdefault\u00bb background_color=\u00bbRGBA(255,255,255,0)\u00bb background_enable_color=\u00bbon\u00bb hover_enabled=\u00bb0&#8243; locked=\u00bboff\u00bb global_colors_info=\u00bb{}\u00bb sticky_transition=\u00bbon\u00bb title_text=\u00bb54_panoramic_barcelona_DSC04710_Marc Font\u00bb sticky_enabled=\u00bb0&#8243;][\/et_pb_slide][et_pb_slide image=\u00bbhttps:\/\/festivalpanoramic.cat\/wp-content\/uploads\/2025\/09\/58_panoramic_barcelona_DSC04724_Marc-Font-scaled.jpg\u00bb _builder_version=\u00bb4.27.4&#8243; _module_preset=\u00bbdefault\u00bb background_color=\u00bbRGBA(255,255,255,0)\u00bb background_enable_color=\u00bbon\u00bb hover_enabled=\u00bb0&#8243; locked=\u00bboff\u00bb global_colors_info=\u00bb{}\u00bb sticky_transition=\u00bbon\u00bb title_text=\u00bb58_panoramic_barcelona_DSC04724_Marc Font\u00bb sticky_enabled=\u00bb0&#8243;][\/et_pb_slide][et_pb_slide image=\u00bbhttps:\/\/festivalpanoramic.cat\/wp-content\/uploads\/2025\/09\/63_panoramic_barcelona_DSC04753_Marc-Font-scaled.jpg\u00bb _builder_version=\u00bb4.27.4&#8243; _module_preset=\u00bbdefault\u00bb background_color=\u00bbRGBA(255,255,255,0)\u00bb background_enable_color=\u00bbon\u00bb hover_enabled=\u00bb0&#8243; locked=\u00bboff\u00bb global_colors_info=\u00bb{}\u00bb sticky_transition=\u00bbon\u00bb title_text=\u00bb63_panoramic_barcelona_DSC04753_Marc Font\u00bb sticky_enabled=\u00bb0&#8243;][\/et_pb_slide][et_pb_slide image=\u00bbhttps:\/\/festivalpanoramic.cat\/wp-content\/uploads\/2025\/09\/67_panoramic_barcelona_DSC04772_Marc-Font-scaled.jpg\u00bb _builder_version=\u00bb4.27.4&#8243; _module_preset=\u00bbdefault\u00bb background_color=\u00bbRGBA(255,255,255,0)\u00bb background_enable_color=\u00bbon\u00bb hover_enabled=\u00bb0&#8243; locked=\u00bboff\u00bb global_colors_info=\u00bb{}\u00bb sticky_transition=\u00bbon\u00bb title_text=\u00bb67_panoramic_barcelona_DSC04772_Marc Font\u00bb sticky_enabled=\u00bb0&#8243;][\/et_pb_slide][et_pb_slide image=\u00bbhttps:\/\/festivalpanoramic.cat\/wp-content\/uploads\/2025\/09\/68_panoramic_barcelona_DSC04780_Marc-Font-scaled.jpg\u00bb _builder_version=\u00bb4.27.4&#8243; _module_preset=\u00bbdefault\u00bb background_color=\u00bbRGBA(255,255,255,0)\u00bb background_enable_color=\u00bbon\u00bb hover_enabled=\u00bb0&#8243; locked=\u00bboff\u00bb global_colors_info=\u00bb{}\u00bb sticky_transition=\u00bbon\u00bb title_text=\u00bb68_panoramic_barcelona_DSC04780_Marc Font\u00bb sticky_enabled=\u00bb0&#8243;][\/et_pb_slide][et_pb_slide image=\u00bbhttps:\/\/festivalpanoramic.cat\/wp-content\/uploads\/2025\/09\/66_panoramic_barcelona_DSC04768_Marc-Font-scaled.jpg\u00bb _builder_version=\u00bb4.27.4&#8243; _module_preset=\u00bbdefault\u00bb background_color=\u00bbRGBA(255,255,255,0)\u00bb background_enable_color=\u00bbon\u00bb hover_enabled=\u00bb0&#8243; locked=\u00bboff\u00bb global_colors_info=\u00bb{}\u00bb sticky_transition=\u00bbon\u00bb title_text=\u00bb66_panoramic_barcelona_DSC04768_Marc Font\u00bb sticky_enabled=\u00bb0&#8243;][\/et_pb_slide][et_pb_slide image=\u00bbhttps:\/\/festivalpanoramic.cat\/wp-content\/uploads\/2025\/09\/71_panoramic_barcelona_DSC04843_Marc-Font-scaled.jpg\u00bb _builder_version=\u00bb4.27.4&#8243; _module_preset=\u00bbdefault\u00bb background_color=\u00bbRGBA(255,255,255,0)\u00bb background_enable_color=\u00bbon\u00bb hover_enabled=\u00bb0&#8243; locked=\u00bboff\u00bb global_colors_info=\u00bb{}\u00bb sticky_transition=\u00bbon\u00bb title_text=\u00bb71_panoramic_barcelona_DSC04843_Marc Font\u00bb sticky_enabled=\u00bb0&#8243;][\/et_pb_slide][\/et_pb_slider][\/et_pb_column][\/et_pb_row][et_pb_row _builder_version=\u00bb4.27.4&#8243; _module_preset=\u00bbdefault\u00bb global_colors_info=\u00bb{}\u00bb][et_pb_column type=\u00bb4_4&#8243; _builder_version=\u00bb4.27.4&#8243; _module_preset=\u00bbdefault\u00bb global_colors_info=\u00bb{}\u00bb][et_pb_text _builder_version=\u00bb4.27.4&#8243; _module_preset=\u00bbdefault\u00bb text_font=\u00bbakrobat light||||||||\u00bb text_text_color=\u00bb#000000&#8243; text_font_size=\u00bb20px\u00bb inline_fonts=\u00bbakrobat extrabold\u00bb global_colors_info=\u00bb{}\u00bb]<\/p>\n<p>En \u00abCapsa n\u00fam 23\u00bb, Aleix Plademunt reflexiona sobre la aceleraci\u00f3n caracter\u00edstica del siglo XXI a partir de la lentitud de ciertos procesos archiv\u00edsticos. Para ello, trabaja con el archivo fotogr\u00e1fico del Museo Mar\u00edtimo de Barcelona, donde constat\u00f3 que, como sucede a menudo en archivos institucionales, parte del material puede permanecer durante a\u00f1os pendiente de registro: documentos invisibles, suspendidos moment\u00e1neamente fuera del sistema administrativo.<\/p>\n<p><span style=\"font-weight: 400;\">El artista recupera uno de estos casos: la caja 23, la \u00faltima en la lista de espera para ser registrada. Contiene la donaci\u00f3n de Juan Bautista Buades, jefe de m\u00e1quinas e inspector naval nacido en 1936. Las im\u00e1genes, tomadas entre 1964 y 1980, oscilan entre lo \u00edntimo y lo t\u00e9cnico: escenas de vida cotidiana a bordo de distintos barcos, junto a registros periciales de desperfectos y accidentes navales. Al mostrarlas, Plademunt reactiva la visibilidad de estas im\u00e1genes y desactiva la pausa que las mantuvo congeladas durante diecisiete a\u00f1os.<\/span><\/p>\n<p>[\/et_pb_text][\/et_pb_column][\/et_pb_row][\/et_pb_section][et_pb_section fb_built=\u00bb1&#8243; custom_padding_last_edited=\u00bbon|phone\u00bb _builder_version=\u00bb4.25.0&#8243; _module_preset=\u00bbdefault\u00bb background_color=\u00bb#e8e8e8&#8243; custom_padding_tablet=\u00bb\u00bb custom_padding_phone=\u00bb||0px||false|false\u00bb locked=\u00bboff\u00bb collapsed=\u00bboff\u00bb global_colors_info=\u00bb{}\u00bb][et_pb_row column_structure=\u00bb2_3,1_3&#8243; custom_padding_last_edited=\u00bbon|phone\u00bb _builder_version=\u00bb4.27.0&#8243; _module_preset=\u00bbdefault\u00bb width=\u00bb95%\u00bb width_tablet=\u00bb90%\u00bb width_phone=\u00bb90%\u00bb width_last_edited=\u00bbon|phone\u00bb max_width=\u00bb2560px\u00bb custom_margin_tablet=\u00bb\u00bb custom_margin_phone=\u00bb\u00bb custom_margin_last_edited=\u00bbon|phone\u00bb custom_padding=\u00bb0px||||false|false\u00bb custom_padding_tablet=\u00bb0px||||false|false\u00bb custom_padding_phone=\u00bb0px||0px||false|false\u00bb border_width_bottom=\u00bb2px\u00bb global_colors_info=\u00bb{}\u00bb][et_pb_column type=\u00bb2_3&#8243; _builder_version=\u00bb4.16&#8243; _module_preset=\u00bbdefault\u00bb global_colors_info=\u00bb{}\u00bb][et_pb_text _builder_version=\u00bb4.27.4&#8243; _module_preset=\u00bbdefault\u00bb text_font=\u00bbakrobat light||||||||\u00bb text_text_color=\u00bb#000000&#8243; text_font_size=\u00bb20px\u00bb custom_padding=\u00bb1px|||||\u00bb inline_fonts=\u00bbMontserrat extra bold\u00bb global_colors_info=\u00bb{}\u00bb]<\/p>\n<p><span style=\"font-family: 'Montserrat extra bold'; font-weight: normal; font-size: x-large;\"><span style=\"font-weight: 400;\">Aleix Plademunt<\/span><\/span><\/p>\n<p><span style=\"font-weight: 400;\">Aleix Plademunt (Hostalric, 1980) es fot\u00f3grafo y cofundador del proyecto editorial Ca l\u2019Isidret. Se form\u00f3 en ingenier\u00eda antes de estudiar fotograf\u00eda en la Universidad Polit\u00e9cnica de Catalunya y en la Universidad de las Am\u00e9ricas Puebla (M\u00e9xico). Su obra, de composici\u00f3n meticulosa y mirada anal\u00edtica, reflexiona sobre la presencia humana en el territorio, tanto en su dimensi\u00f3n f\u00edsica como simb\u00f3lica, hist\u00f3rica y ecol\u00f3gica. Con un lenguaje visual objetivo y distante, cuestiona las nociones de espacio, lugar, dominio o intervenci\u00f3n.\u00a0<\/span><\/p>\n<p><span style=\"font-weight: 400;\">Desde el a\u00f1o 2003, ha realizado m\u00e1s de veinticinco exposiciones individuales y m\u00e1s de setenta colectivas, entre las que destacan la exposici\u00f3n individual \u00abMatter\u00bb, en la Sala Canal de Isabel II de Madrid y en el Centre de la Photographie de Gen\u00e8ve, su participaci\u00f3n en la exposici\u00f3n \u00abApuntes para un incendio de los ojos. Panorama 21\u00bb en el MACBA, as\u00ed como las exposiciones del proyecto \u00abAlmost There\u00bb en Le Bal (Par\u00eds), IMA Gallery (Tokio) y Photoforum Pasquart (Biel, Suiza), entre otras. <\/span><i><span style=\"font-weight: 400;\">Matter<\/span><\/i><span style=\"font-weight: 400;\">,<\/span> <span style=\"font-weight: 400;\">uno de sus nueve libros publicados, ha sido premiado por PhotoEspa\u00f1a, Stiftung Buchkunst, Deutscher Fotobuchpreis y los Swiss Culture Awards como mejor libro del a\u00f1o 2022.<\/span><\/p>\n<p>[\/et_pb_text][et_pb_social_media_follow icon_color=\u00bb#FFFFFF\u00bb _builder_version=\u00bb4.27.4&#8243; _module_preset=\u00bbdefault\u00bb background_color=\u00bbRGBA(255,255,255,0)\u00bb global_colors_info=\u00bb{}\u00bb][et_pb_social_media_follow_network social_network=\u00bbrss\u00bb url=\u00bbhttps:\/\/aleixplademunt.com\/\u00bb _builder_version=\u00bb4.27.4&#8243; _module_preset=\u00bbdefault\u00bb background_color=\u00bb#ff8a3c\u00bb global_colors_info=\u00bb{}\u00bb follow_button=\u00bboff\u00bb url_new_window=\u00bbon\u00bb]rss[\/et_pb_social_media_follow_network][et_pb_social_media_follow_network social_network=\u00bbinstagram\u00bb url=\u00bbhttps:\/\/www.instagram.com\/aleixplademunt\/\u00bb _builder_version=\u00bb4.27.4&#8243; _module_preset=\u00bbdefault\u00bb background_color=\u00bb#ea2c59&#8243; global_colors_info=\u00bb{}\u00bb follow_button=\u00bboff\u00bb url_new_window=\u00bbon\u00bb]instagram[\/et_pb_social_media_follow_network][\/et_pb_social_media_follow][\/et_pb_column][et_pb_column type=\u00bb1_3&#8243; _builder_version=\u00bb4.16&#8243; _module_preset=\u00bbdefault\u00bb global_colors_info=\u00bb{}\u00bb][et_pb_image src=\u00bbhttps:\/\/festivalpanoramic.cat\/wp-content\/uploads\/2025\/08\/aleix_plademunt_panoramic.png\u00bb title_text=\u00bbaleix_plademunt_panoramic\u00bb _builder_version=\u00bb4.27.4&#8243; _module_preset=\u00bbdefault\u00bb global_colors_info=\u00bb{}\u00bb][\/et_pb_image][\/et_pb_column][\/et_pb_row][et_pb_row _builder_version=\u00bb4.27.4&#8243; _module_preset=\u00bbdefault\u00bb global_colors_info=\u00bb{}\u00bb][et_pb_column type=\u00bb4_4&#8243; _builder_version=\u00bb4.27.4&#8243; _module_preset=\u00bbdefault\u00bb global_colors_info=\u00bb{}\u00bb][et_pb_text _builder_version=\u00bb4.27.4&#8243; _module_preset=\u00bbdefault\u00bb text_font=\u00bbakrobat light||||||||\u00bb text_text_color=\u00bb#000000&#8243; text_font_size=\u00bb20px\u00bb custom_padding=\u00bb1px|||||\u00bb inline_fonts=\u00bbMontserrat extra bold\u00bb global_colors_info=\u00bb{}\u00bb]<\/p>\n<p><span style=\"font-family: 'Montserrat extra bold'; font-weight: normal; font-size: x-large;\">Panor\u00e0mic File<\/span><\/p>\n<p class=\"p1\"><i>Panor\u00e0mic File<\/i> es una secci\u00f3n del festival, comisariada por Merc\u00e8 Alsina, que invita a artistas a desarrollar nuevos proyectos a partir de diferentes archivos fotogr\u00e1ficos. Este a\u00f1o, se les ha propuesto trabajar a partir del lema de la edici\u00f3n: <i>Break. Un nuevo orden visual<\/i>, que plantea una reflexi\u00f3n sobre el primer cuarto del siglo XXI y los profundos cambios geopol\u00edticos, tecnol\u00f3gicos y de gobernanza que se han producido.<\/p>\n<p class=\"p1\">El t\u00e9rmino <i>break<\/i> remite tanto a la idea de fractura como a la de pausa \u2014una pausa necesaria para gestionar estos cambios y cuestionarnos si este es realmente el futuro que hab\u00edamos imaginado, y hacerlo desde la imagen.<\/p>\n<p class=\"p1\">En esta edici\u00f3n, siete artistas se adentran en diversos archivos para explorar el concepto de pausa en dispositivos donde esta suspensi\u00f3n temporal est\u00e1, de alg\u00fan modo, impl\u00edcita.<\/p>\n<p class=\"p1\">Los proyectos que forman parte de <i>Panor\u00e0mic File 2025<\/i> son:<\/p>\n<ul class=\"ul1\">\n<li class=\"li2\"><i>3 Tesel\u00b7lacions<\/i>, Erick Beltr\u00e1n. Arxiu Hist\u00f2ric de la Ciutat de Barcelona.<\/li>\n<li class=\"li2\"><i>Tot el que pot passar: La inactivitat com a motor de l\u2019inaudit<\/i>, Laura Aranda Lavado. Roca Umbert F\u00e0brica de les Arts, Granollers (amb la col\u00b7laboraci\u00f3 de l\u2019Arxiu Municipal de Granollers).<\/li>\n<li class=\"li2\"><i>Pausa, Camping o Campament<\/i>, Dani Montlle\u00f3. Arxiu Fotogr\u00e0fic de Barcelona.<\/li>\n<li class=\"li2\"><i>Habitar el co_lapse<\/i>, Irene Pe. Arxiu Tobella.<\/li>\n<li class=\"li2\"><i>Capsa n\u00fam 23<\/i>, Aleix Plademunt. Arxiu Fotogr\u00e0fic del Consorci de les Drassanes Reials del Museu Mar\u00edtim de Barcelona.<\/li>\n<li class=\"li2\"><i>Hold on<\/i>, Laia Sol\u00e9. Arxiu Fotogr\u00e0fic del Centre Excursionista de Catalunya.<\/li>\n<li class=\"li2\"><i>Sobre el descans<\/i>, Natalia Lazaro Prevost. Arxiu d\u2019Etnografia i Folklore de Catalunya.<\/li>\n<\/ul>\n<p>[\/et_pb_text][\/et_pb_column][\/et_pb_row][et_pb_row column_structure=\u00bb2_3,1_3&#8243; custom_padding_last_edited=\u00bbon|phone\u00bb _builder_version=\u00bb4.27.4&#8243; _module_preset=\u00bbdefault\u00bb width=\u00bb95%\u00bb width_tablet=\u00bb90%\u00bb width_phone=\u00bb90%\u00bb width_last_edited=\u00bbon|phone\u00bb max_width=\u00bb2560px\u00bb custom_padding_tablet=\u00bb\u00bb custom_padding_phone=\u00bb||0px||false|false\u00bb border_width_bottom=\u00bb2px\u00bb locked=\u00bboff\u00bb global_colors_info=\u00bb{}\u00bb][et_pb_column type=\u00bb2_3&#8243; _builder_version=\u00bb4.16&#8243; _module_preset=\u00bbdefault\u00bb global_colors_info=\u00bb{}\u00bb][et_pb_text _builder_version=\u00bb4.27.4&#8243; _module_preset=\u00bbdefault\u00bb text_font=\u00bbakrobat light||||||||\u00bb text_text_color=\u00bb#000000&#8243; text_font_size=\u00bb20px\u00bb custom_padding=\u00bb1px|||||\u00bb inline_fonts=\u00bbMontserrat extra bold\u00bb global_colors_info=\u00bb{}\u00bb]<\/p>\n<p><span style=\"font-family: 'Montserrat extra bold'; font-weight: normal; font-size: x-large;\">Merc\u00e8 Alsina<\/span><\/p>\n<p><span style=\"font-weight: 400;\">Merc\u00e8 Alsina (Barcelona, 1966) es doctora <\/span><i><span style=\"font-weight: 400;\">cum laude<\/span><\/i><span style=\"font-weight: 400;\"> en Historia del Arte, curadora independiente y periodista. Ha investigado temas como el impacto de la globalidad en las producciones art\u00edsticas y su circulaci\u00f3n, cuestiones de identidad y representaci\u00f3n hist\u00f3rica, el materialismo especulativo y la naturaleza de los objetos, el videoensayo como pr\u00e1ctica de resistencia, la fotograf\u00eda cr\u00edtica y la representaci\u00f3n de la violencia, o la relaci\u00f3n entre la escritura y el arte, entre otros. Forma parte del equipo curatorial del festival Panor\u00e0mic desde el 2020. Autora del ensayo <\/span><i><span style=\"font-weight: 400;\">Massacre<\/span><\/i><span style=\"font-weight: 400;\"> (2025). Premio ACCA 2024 a la mejor programaci\u00f3n expositiva de arte contempor\u00e1neo en Catalu\u00f1a, otorgado por la Asociaci\u00f3n Catalana de Cr\u00edticos de Arte, por la programaci\u00f3n del ciclo \u00absantcorneliarts(2)\u00bb en Cardedeu, que dirige con el artista Enric Maur\u00ed desde el 2017.<\/span><\/p>\n<p>[\/et_pb_text][et_pb_social_media_follow icon_color=\u00bb#FFFFFF\u00bb _builder_version=\u00bb4.27.4&#8243; _module_preset=\u00bbdefault\u00bb background_color=\u00bbRGBA(255,255,255,0)\u00bb global_colors_info=\u00bb{}\u00bb][et_pb_social_media_follow_network social_network=\u00bbinstagram\u00bb url=\u00bbhttps:\/\/www.instagram.com\/mercealsina1\/\u00bb _builder_version=\u00bb4.27.4&#8243; _module_preset=\u00bbdefault\u00bb background_color=\u00bb#000000&#8243; background_enable_color=\u00bbon\u00bb global_colors_info=\u00bb{}\u00bb follow_button=\u00bboff\u00bb url_new_window=\u00bbon\u00bb]instagram[\/et_pb_social_media_follow_network][\/et_pb_social_media_follow][\/et_pb_column][et_pb_column type=\u00bb1_3&#8243; _builder_version=\u00bb4.16&#8243; _module_preset=\u00bbdefault\u00bb global_colors_info=\u00bb{}\u00bb][et_pb_image src=\u00bbhttps:\/\/festivalpanoramic.cat\/wp-content\/uploads\/2025\/08\/merce_alsina_panoramic_25.png\u00bb title_text=\u00bbmerce_alsina_panoramic_25&#8243; _builder_version=\u00bb4.27.4&#8243; _module_preset=\u00bbdefault\u00bb global_colors_info=\u00bb{}\u00bb][\/et_pb_image][\/et_pb_column][\/et_pb_row][\/et_pb_section]<\/p>\n","protected":false},"excerpt":{"rendered":"<p>ExposicionesCapsa n\u00fam 23Aleix PlademuntComisariada por Merc\u00e8 AlsinaBARCELONAMuseu Mar\u00edtim de BarcelonaAv. de les Drassanes s\/nDel 23 de octubre de 2025 al 11 de enero de 2026De lunes a domingo de 10 [&hellip;]<\/p>\n","protected":false},"author":1,"featured_media":38194,"comment_status":"open","ping_status":"closed","template":"","meta":{"_et_pb_use_builder":"on","_et_pb_old_content":"","_et_gb_content_width":"","footnotes":""},"project_category":[157,171,145,176,146],"project_tag":[],"class_list":["post-38209","project","type-project","status-publish","has-post-thumbnail","hentry","project_category-exposiciones-2025","project_category-exposiciones-barcelona-2025","project_category-panoramic-2025-es","project_category-panoramic-file-2025e","project_category-panoramic-file-2025-es"],"yoast_head":"<!-- This site is optimized with the Yoast SEO plugin v27.2 - https:\/\/yoast.com\/product\/yoast-seo-wordpress\/ -->\n<title>Capsa n\u00fam 23, Aleix Plademunt - Festival Panor\u00e0mic<\/title>\n<meta name=\"robots\" content=\"index, follow, max-snippet:-1, max-image-preview:large, max-video-preview:-1\" \/>\n<link rel=\"canonical\" href=\"https:\/\/festivalpanoramic.cat\/es\/project\/capsa-23\/\" \/>\n<meta property=\"og:locale\" content=\"es_ES\" \/>\n<meta property=\"og:type\" content=\"article\" \/>\n<meta property=\"og:title\" content=\"Capsa n\u00fam 23, Aleix Plademunt - Festival Panor\u00e0mic\" \/>\n<meta property=\"og:description\" content=\"ExposicionesCapsa n\u00fam 23Aleix PlademuntComisariada por Merc\u00e8 AlsinaBARCELONAMuseu Mar\u00edtim de BarcelonaAv. de les Drassanes s\/nDel 23 de octubre de 2025 al 11 de enero de 2026De lunes a domingo de 10 [&hellip;]\" \/>\n<meta property=\"og:url\" content=\"https:\/\/festivalpanoramic.cat\/es\/project\/capsa-23\/\" \/>\n<meta property=\"og:site_name\" content=\"Festival Panor\u00e0mic\" \/>\n<meta property=\"article:modified_time\" content=\"2025-11-06T07:30:16+00:00\" \/>\n<meta property=\"og:image\" content=\"https:\/\/festivalpanoramic.cat\/wp-content\/uploads\/2025\/08\/aleix_plademunt_panoramic_exp.png\" \/>\n\t<meta property=\"og:image:width\" content=\"1080\" \/>\n\t<meta property=\"og:image:height\" content=\"719\" \/>\n\t<meta property=\"og:image:type\" content=\"image\/png\" \/>\n<meta name=\"twitter:card\" content=\"summary_large_image\" \/>\n<meta name=\"twitter:label1\" content=\"Tiempo de lectura\" \/>\n\t<meta name=\"twitter:data1\" content=\"7 minutos\" \/>\n<script type=\"application\/ld+json\" class=\"yoast-schema-graph\">{\"@context\":\"https:\/\/schema.org\",\"@graph\":[{\"@type\":\"WebPage\",\"@id\":\"https:\/\/festivalpanoramic.cat\/es\/project\/capsa-23\/\",\"url\":\"https:\/\/festivalpanoramic.cat\/es\/project\/capsa-23\/\",\"name\":\"Capsa n\u00fam 23, Aleix Plademunt - Festival Panor\u00e0mic\",\"isPartOf\":{\"@id\":\"https:\/\/festivalpanoramic.cat\/es\/#website\"},\"primaryImageOfPage\":{\"@id\":\"https:\/\/festivalpanoramic.cat\/es\/project\/capsa-23\/#primaryimage\"},\"image\":{\"@id\":\"https:\/\/festivalpanoramic.cat\/es\/project\/capsa-23\/#primaryimage\"},\"thumbnailUrl\":\"https:\/\/festivalpanoramic.cat\/wp-content\/uploads\/2025\/08\/aleix_plademunt_panoramic_exp.png\",\"datePublished\":\"2025-09-10T15:16:00+00:00\",\"dateModified\":\"2025-11-06T07:30:16+00:00\",\"breadcrumb\":{\"@id\":\"https:\/\/festivalpanoramic.cat\/es\/project\/capsa-23\/#breadcrumb\"},\"inLanguage\":\"es\",\"potentialAction\":[{\"@type\":\"ReadAction\",\"target\":[\"https:\/\/festivalpanoramic.cat\/es\/project\/capsa-23\/\"]}]},{\"@type\":\"ImageObject\",\"inLanguage\":\"es\",\"@id\":\"https:\/\/festivalpanoramic.cat\/es\/project\/capsa-23\/#primaryimage\",\"url\":\"https:\/\/festivalpanoramic.cat\/wp-content\/uploads\/2025\/08\/aleix_plademunt_panoramic_exp.png\",\"contentUrl\":\"https:\/\/festivalpanoramic.cat\/wp-content\/uploads\/2025\/08\/aleix_plademunt_panoramic_exp.png\",\"width\":1080,\"height\":719},{\"@type\":\"BreadcrumbList\",\"@id\":\"https:\/\/festivalpanoramic.cat\/es\/project\/capsa-23\/#breadcrumb\",\"itemListElement\":[{\"@type\":\"ListItem\",\"position\":1,\"name\":\"Inici\",\"item\":\"https:\/\/festivalpanoramic.cat\/es\/\"},{\"@type\":\"ListItem\",\"position\":2,\"name\":\"Proyectos\",\"item\":\"https:\/\/festivalpanoramic.cat\/es\/project\/\"},{\"@type\":\"ListItem\",\"position\":3,\"name\":\"Capsa n\u00fam 23, Aleix Plademunt\"}]},{\"@type\":\"WebSite\",\"@id\":\"https:\/\/festivalpanoramic.cat\/es\/#website\",\"url\":\"https:\/\/festivalpanoramic.cat\/es\/\",\"name\":\"Festival Panor\u00e0mic\",\"description\":\"PANOR\u00c0MIC. ARTS I CULTURES VISUALS\",\"potentialAction\":[{\"@type\":\"SearchAction\",\"target\":{\"@type\":\"EntryPoint\",\"urlTemplate\":\"https:\/\/festivalpanoramic.cat\/es\/?s={search_term_string}\"},\"query-input\":{\"@type\":\"PropertyValueSpecification\",\"valueRequired\":true,\"valueName\":\"search_term_string\"}}],\"inLanguage\":\"es\"}]}<\/script>\n<!-- \/ Yoast SEO plugin. -->","yoast_head_json":{"title":"Capsa n\u00fam 23, Aleix Plademunt - Festival Panor\u00e0mic","robots":{"index":"index","follow":"follow","max-snippet":"max-snippet:-1","max-image-preview":"max-image-preview:large","max-video-preview":"max-video-preview:-1"},"canonical":"https:\/\/festivalpanoramic.cat\/es\/project\/capsa-23\/","og_locale":"es_ES","og_type":"article","og_title":"Capsa n\u00fam 23, Aleix Plademunt - Festival Panor\u00e0mic","og_description":"ExposicionesCapsa n\u00fam 23Aleix PlademuntComisariada por Merc\u00e8 AlsinaBARCELONAMuseu Mar\u00edtim de BarcelonaAv. de les Drassanes s\/nDel 23 de octubre de 2025 al 11 de enero de 2026De lunes a domingo de 10 [&hellip;]","og_url":"https:\/\/festivalpanoramic.cat\/es\/project\/capsa-23\/","og_site_name":"Festival Panor\u00e0mic","article_modified_time":"2025-11-06T07:30:16+00:00","og_image":[{"width":1080,"height":719,"url":"https:\/\/festivalpanoramic.cat\/wp-content\/uploads\/2025\/08\/aleix_plademunt_panoramic_exp.png","type":"image\/png"}],"twitter_card":"summary_large_image","twitter_misc":{"Tiempo de lectura":"7 minutos"},"schema":{"@context":"https:\/\/schema.org","@graph":[{"@type":"WebPage","@id":"https:\/\/festivalpanoramic.cat\/es\/project\/capsa-23\/","url":"https:\/\/festivalpanoramic.cat\/es\/project\/capsa-23\/","name":"Capsa n\u00fam 23, Aleix Plademunt - Festival Panor\u00e0mic","isPartOf":{"@id":"https:\/\/festivalpanoramic.cat\/es\/#website"},"primaryImageOfPage":{"@id":"https:\/\/festivalpanoramic.cat\/es\/project\/capsa-23\/#primaryimage"},"image":{"@id":"https:\/\/festivalpanoramic.cat\/es\/project\/capsa-23\/#primaryimage"},"thumbnailUrl":"https:\/\/festivalpanoramic.cat\/wp-content\/uploads\/2025\/08\/aleix_plademunt_panoramic_exp.png","datePublished":"2025-09-10T15:16:00+00:00","dateModified":"2025-11-06T07:30:16+00:00","breadcrumb":{"@id":"https:\/\/festivalpanoramic.cat\/es\/project\/capsa-23\/#breadcrumb"},"inLanguage":"es","potentialAction":[{"@type":"ReadAction","target":["https:\/\/festivalpanoramic.cat\/es\/project\/capsa-23\/"]}]},{"@type":"ImageObject","inLanguage":"es","@id":"https:\/\/festivalpanoramic.cat\/es\/project\/capsa-23\/#primaryimage","url":"https:\/\/festivalpanoramic.cat\/wp-content\/uploads\/2025\/08\/aleix_plademunt_panoramic_exp.png","contentUrl":"https:\/\/festivalpanoramic.cat\/wp-content\/uploads\/2025\/08\/aleix_plademunt_panoramic_exp.png","width":1080,"height":719},{"@type":"BreadcrumbList","@id":"https:\/\/festivalpanoramic.cat\/es\/project\/capsa-23\/#breadcrumb","itemListElement":[{"@type":"ListItem","position":1,"name":"Inici","item":"https:\/\/festivalpanoramic.cat\/es\/"},{"@type":"ListItem","position":2,"name":"Proyectos","item":"https:\/\/festivalpanoramic.cat\/es\/project\/"},{"@type":"ListItem","position":3,"name":"Capsa n\u00fam 23, Aleix Plademunt"}]},{"@type":"WebSite","@id":"https:\/\/festivalpanoramic.cat\/es\/#website","url":"https:\/\/festivalpanoramic.cat\/es\/","name":"Festival Panor\u00e0mic","description":"PANOR\u00c0MIC. ARTS I CULTURES VISUALS","potentialAction":[{"@type":"SearchAction","target":{"@type":"EntryPoint","urlTemplate":"https:\/\/festivalpanoramic.cat\/es\/?s={search_term_string}"},"query-input":{"@type":"PropertyValueSpecification","valueRequired":true,"valueName":"search_term_string"}}],"inLanguage":"es"}]}},"_links":{"self":[{"href":"https:\/\/festivalpanoramic.cat\/es\/wp-json\/wp\/v2\/project\/38209","targetHints":{"allow":["GET"]}}],"collection":[{"href":"https:\/\/festivalpanoramic.cat\/es\/wp-json\/wp\/v2\/project"}],"about":[{"href":"https:\/\/festivalpanoramic.cat\/es\/wp-json\/wp\/v2\/types\/project"}],"author":[{"embeddable":true,"href":"https:\/\/festivalpanoramic.cat\/es\/wp-json\/wp\/v2\/users\/1"}],"replies":[{"embeddable":true,"href":"https:\/\/festivalpanoramic.cat\/es\/wp-json\/wp\/v2\/comments?post=38209"}],"version-history":[{"count":19,"href":"https:\/\/festivalpanoramic.cat\/es\/wp-json\/wp\/v2\/project\/38209\/revisions"}],"predecessor-version":[{"id":41559,"href":"https:\/\/festivalpanoramic.cat\/es\/wp-json\/wp\/v2\/project\/38209\/revisions\/41559"}],"wp:featuredmedia":[{"embeddable":true,"href":"https:\/\/festivalpanoramic.cat\/es\/wp-json\/wp\/v2\/media\/38194"}],"wp:attachment":[{"href":"https:\/\/festivalpanoramic.cat\/es\/wp-json\/wp\/v2\/media?parent=38209"}],"wp:term":[{"taxonomy":"project_category","embeddable":true,"href":"https:\/\/festivalpanoramic.cat\/es\/wp-json\/wp\/v2\/project_category?post=38209"},{"taxonomy":"project_tag","embeddable":true,"href":"https:\/\/festivalpanoramic.cat\/es\/wp-json\/wp\/v2\/project_tag?post=38209"}],"curies":[{"name":"wp","href":"https:\/\/api.w.org\/{rel}","templated":true}]}}