{"id":38233,"date":"2025-08-04T11:41:22","date_gmt":"2025-08-04T09:41:22","guid":{"rendered":"https:\/\/festivalpanoramic.cat\/?post_type=project&#038;p=38233"},"modified":"2025-11-06T09:44:26","modified_gmt":"2025-11-06T07:44:26","slug":"pausa-camping-o-campamento","status":"publish","type":"project","link":"https:\/\/festivalpanoramic.cat\/es\/project\/pausa-camping-o-campamento\/","title":{"rendered":"Pausa, camping o campamento, Dani Montlle\u00f3"},"content":{"rendered":"<p>[et_pb_section fb_built=\u00bb1&#8243; _builder_version=\u00bb4.16&#8243; _module_preset=\u00bbdefault\u00bb locked=\u00bboff\u00bb collapsed=\u00bboff\u00bb global_colors_info=\u00bb{}\u00bb][et_pb_row column_structure=\u00bb2_5,3_5&#8243; custom_padding_last_edited=\u00bbon|tablet\u00bb _builder_version=\u00bb4.25.0&#8243; _module_preset=\u00bbdefault\u00bb width=\u00bb95%\u00bb width_tablet=\u00bb90%\u00bb width_phone=\u00bb90%\u00bb width_last_edited=\u00bbon|phone\u00bb max_width=\u00bb2560px\u00bb custom_margin_tablet=\u00bb0px||||false|false\u00bb custom_margin_phone=\u00bb-30px||||false|false\u00bb custom_margin_last_edited=\u00bbon|tablet\u00bb custom_padding_tablet=\u00bb0px||||false|false\u00bb custom_padding_phone=\u00bb0px||0px||true|false\u00bb locked=\u00bboff\u00bb global_colors_info=\u00bb{}\u00bb][et_pb_column type=\u00bb2_5&#8243; _builder_version=\u00bb4.16&#8243; _module_preset=\u00bbdefault\u00bb global_colors_info=\u00bb{}\u00bb][et_pb_text admin_label=\u00bbExposicions\u00bb _builder_version=\u00bb4.27.4&#8243; _module_preset=\u00bbdefault\u00bb text_font=\u00bbMontserrat extra bold||||||||\u00bb text_text_color=\u00bb#000000&#8243; text_font_size=\u00bb16px\u00bb custom_margin=\u00bb||15px||false|false\u00bb global_colors_info=\u00bb{}\u00bb]<\/p>\n<p>Exposiciones<\/p>\n<p>[\/et_pb_text][et_pb_text admin_label=\u00bbNom expo\u00bb _builder_version=\u00bb4.27.4&#8243; _module_preset=\u00bbdefault\u00bb text_font=\u00bbMontserrat extra bold||||||||\u00bb text_text_color=\u00bb#000000&#8243; text_font_size=\u00bb39px\u00bb text_line_height=\u00bb1em\u00bb custom_margin=\u00bb||19px||false|false\u00bb text_font_size_tablet=\u00bb39px\u00bb text_font_size_phone=\u00bb28px\u00bb text_font_size_last_edited=\u00bbon|phone\u00bb text_line_height_tablet=\u00bb\u00bb text_line_height_phone=\u00bb1.2em\u00bb text_line_height_last_edited=\u00bbon|phone\u00bb global_colors_info=\u00bb{}\u00bb]<\/p>\n<p><span style=\"font-weight: 400;\">Pausa, camping o campamento<\/span><\/p>\n<p>[\/et_pb_text][et_pb_text admin_label=\u00bbexpo de&#8230;\u00bb _builder_version=\u00bb4.27.4&#8243; _module_preset=\u00bbdefault\u00bb text_font=\u00bb&#8211;et_global_heading_font||||||||\u00bb text_text_color=\u00bbgcid-73263b73-b059-42fc-a61d-05da764fa408&#8243; text_font_size=\u00bb22px\u00bb text_line_height=\u00bb1.1em\u00bb custom_margin=\u00bb-5px||15px||false|false\u00bb text_line_height_tablet=\u00bb0.6em\u00bb text_line_height_phone=\u00bb1.4em\u00bb text_line_height_last_edited=\u00bbon|phone\u00bb locked=\u00bboff\u00bb inline_fonts=\u00bbMontserrat extra bold,akrobat extrabold,Montserrat Light\u00bb global_colors_info=\u00bb{%22gcid-73263b73-b059-42fc-a61d-05da764fa408%22:%91%22text_text_color%22%93}\u00bb]<\/p>\n<p><strong>Dani Montlle\u00f3<\/strong><\/p>\n<p>[\/et_pb_text][et_pb_text admin_label=\u00bbexpo de&#8230;\u00bb _builder_version=\u00bb4.27.4&#8243; _module_preset=\u00bbdefault\u00bb text_font=\u00bb&#8211;et_global_heading_font||||||||\u00bb text_text_color=\u00bbgcid-73263b73-b059-42fc-a61d-05da764fa408&#8243; text_font_size=\u00bb17px\u00bb text_line_height=\u00bb1.1em\u00bb custom_margin=\u00bb-5px||40px||false|false\u00bb text_line_height_tablet=\u00bb0.6em\u00bb text_line_height_phone=\u00bb1.4em\u00bb text_line_height_last_edited=\u00bbon|phone\u00bb locked=\u00bboff\u00bb inline_fonts=\u00bbMontserrat extra bold,akrobat extrabold,Montserrat Light\u00bb global_colors_info=\u00bb{%22gcid-73263b73-b059-42fc-a61d-05da764fa408%22:%91%22text_text_color%22%93}\u00bb]<\/p>\n<p>Comisariada por <strong>Merc\u00e8 Alsina<\/strong><\/p>\n<p>[\/et_pb_text][et_pb_text admin_label=\u00bbLloc\u00bb _builder_version=\u00bb4.27.4&#8243; _module_preset=\u00bbdefault\u00bb text_font=\u00bbMontserrat extra bold||||||||\u00bb text_text_color=\u00bb#000000&#8243; text_font_size=\u00bb18px\u00bb custom_margin=\u00bb10px||||false|false\u00bb text_font_size_tablet=\u00bb18px\u00bb text_font_size_phone=\u00bb16px\u00bb text_font_size_last_edited=\u00bbon|phone\u00bb locked=\u00bboff\u00bb inline_fonts=\u00bbakrobat light,Montserrat Light\u00bb global_colors_info=\u00bb{}\u00bb]<\/p>\n<p><b>BARCELONA<br \/><\/b><span style=\"font-family: 'Montserrat Light'; font-weight: normal;\"><strong>Arxiu Fotogr\u00e0fic de Barcelona<\/strong><b><br \/><\/b>Pla\u00e7a Pons i Clerch, 2, 2a planta<br \/><\/span><\/p>\n<p>[\/et_pb_text][et_pb_button button_url=\u00bb\/#home-localitzacions2024&#8243; button_text=\u00bbVer el mapa\u00bb button_alignment=\u00bbleft\u00bb admin_label=\u00bbbot\u00f3 pl\u00e0nol\u00bb _builder_version=\u00bb4.27.4&#8243; _module_preset=\u00bbdefault\u00bb custom_button=\u00bbon\u00bb button_text_color=\u00bb#000000&#8243; button_bg_color=\u00bb#e8e8e8&#8243; button_border_width=\u00bb0px\u00bb button_border_radius=\u00bb0px\u00bb button_font=\u00bbakrobat extrabold||||||||\u00bb button_icon=\u00bb&#x24;||divi||400&#8243; custom_margin=\u00bb-15px||51px||false|false\u00bb custom_margin_tablet=\u00bb-17px||||false|false\u00bb custom_margin_phone=\u00bb-17px|||0px|false|false\u00bb custom_margin_last_edited=\u00bbon|tablet\u00bb button_text_size_tablet=\u00bb\u00bb button_text_size_phone=\u00bb18px\u00bb button_text_size_last_edited=\u00bbon|phone\u00bb global_colors_info=\u00bb{}\u00bb][\/et_pb_button][et_pb_text admin_label=\u00bbData\u00bb _builder_version=\u00bb4.27.4&#8243; _module_preset=\u00bbdefault\u00bb text_font=\u00bbMontserrat Light||||||||\u00bb text_text_color=\u00bb#000000&#8243; text_font_size=\u00bb18px\u00bb custom_margin=\u00bb-34px||62px||false|false\u00bb custom_margin_tablet=\u00bb-24px||||false|false\u00bb custom_margin_phone=\u00bb-24px||44px||false|false\u00bb custom_margin_last_edited=\u00bbon|tablet\u00bb text_font_size_tablet=\u00bb18px\u00bb text_font_size_phone=\u00bb16px\u00bb text_font_size_last_edited=\u00bbon|phone\u00bb global_colors_info=\u00bb{}\u00bb]<\/p>\n<p>Del 23 d&#8217;octubre de 2025 al 11 de enero de 2026<\/p>\n<p>[\/et_pb_text][et_pb_toggle title=\u00bbHorarios\u00bb open_toggle_text_color=\u00bb#000000&#8243; open_toggle_background_color=\u00bbRGBA(255,255,255,0)\u00bb closed_toggle_background_color=\u00bbRGBA(255,255,255,0)\u00bb icon_color=\u00bb#8b794f\u00bb toggle_icon=\u00bb&#x4c;||divi||400&#8243; use_icon_font_size=\u00bbon\u00bb icon_font_size=\u00bb22px\u00bb open_icon_color=\u00bb#8b794f\u00bb open_use_icon_font_size=\u00bbon\u00bb admin_label=\u00bbHoraris\u00bb _builder_version=\u00bb4.27.4&#8243; _module_preset=\u00bbdefault\u00bb title_text_color=\u00bb#000000&#8243; title_font=\u00bbMontserrat extra bold||||||||\u00bb title_font_size=\u00bb20px\u00bb closed_title_font=\u00bbMontserrat extra bold||||||||\u00bb closed_title_font_size=\u00bb20px\u00bb body_font=\u00bbakrobat light||||||||\u00bb body_text_color=\u00bb#000000&#8243; body_font_size=\u00bb20px\u00bb custom_margin=\u00bb-40px||||false|false\u00bb custom_margin_tablet=\u00bb-14px||||false|false\u00bb custom_margin_phone=\u00bb-20px||||false|false\u00bb custom_margin_last_edited=\u00bbon|desktop\u00bb body_font_size_tablet=\u00bb20px\u00bb body_font_size_phone=\u00bb18px\u00bb body_font_size_last_edited=\u00bbon|phone\u00bb border_width_all=\u00bb0px\u00bb border_width_top=\u00bb1px\u00bb border_color_top=\u00bb#8b794f\u00bb border_width_bottom=\u00bb1px\u00bb border_color_bottom=\u00bb#8c864d\u00bb locked=\u00bboff\u00bb global_colors_info=\u00bb{}\u00bb]<\/p>\n<p data-start=\"30\" data-end=\"115\">De lunes a s\u00e1bado de 10 a 19 h. Domingos y festivos de 10 a 14 h.<\/p>\n<p data-start=\"117\" data-end=\"162\">Cerrado el 25 de diciembre, 1 y 6 de enero.<\/p>\n<p data-start=\"164\" data-end=\"284\">Per\u00edodo excepcional del 3 al 17 de noviembre, fechas en las que solo se podr\u00e1 visitar de lunes a viernes de 10 a 19 h.<\/p>\n<p>[\/et_pb_toggle][\/et_pb_column][et_pb_column type=\u00bb3_5&#8243; _builder_version=\u00bb4.16&#8243; _module_preset=\u00bbdefault\u00bb global_colors_info=\u00bb{}\u00bb][et_pb_slider admin_label=\u00bbSlider\u00bb module_class=\u00bbdivicon_full_screen_slider \u00bb _builder_version=\u00bb4.27.4&#8243; _module_preset=\u00bbdefault\u00bb custom_margin=\u00bb-80px||20px||false|false\u00bb custom_margin_tablet=\u00bb-80px||||false|false\u00bb custom_margin_phone=\u00bb-102px||||false|false\u00bb custom_margin_last_edited=\u00bbon|phone\u00bb auto=\u00bbon\u00bb auto_speed=\u00bb4000&#8243; auto_ignore_hover=\u00bbon\u00bb hover_enabled=\u00bb0&#8243; hover_transition_duration_tablet=\u00bb\u00bb hover_transition_duration_phone=\u00bb0ms\u00bb hover_transition_duration_last_edited=\u00bbon|phone\u00bb hover_transition_speed_curve_tablet=\u00bb\u00bb hover_transition_speed_curve_phone=\u00bblinear\u00bb hover_transition_speed_curve_last_edited=\u00bbon|phone\u00bb locked=\u00bboff\u00bb global_colors_info=\u00bb{}\u00bb sticky_enabled=\u00bb0&#8243;][et_pb_slide image=\u00bbhttps:\/\/festivalpanoramic.cat\/wp-content\/uploads\/2025\/08\/01_panoramic_barcelona_DSC04279_Marc-Font-scaled.jpg\u00bb _builder_version=\u00bb4.27.4&#8243; _module_preset=\u00bbdefault\u00bb background_color=\u00bbRGBA(255,255,255,0)\u00bb background_enable_color=\u00bbon\u00bb hover_enabled=\u00bb0&#8243; locked=\u00bboff\u00bb global_colors_info=\u00bb{}\u00bb sticky_transition=\u00bbon\u00bb title_text=\u00bb01_panoramic_barcelona_DSC04279_Marc Font\u00bb sticky_enabled=\u00bb0&#8243;][\/et_pb_slide][et_pb_slide image=\u00bbhttps:\/\/festivalpanoramic.cat\/wp-content\/uploads\/2025\/08\/02_panoramic_barcelona_DSC04284_Marc-Font-scaled.jpg\u00bb _builder_version=\u00bb4.27.4&#8243; _module_preset=\u00bbdefault\u00bb background_color=\u00bbRGBA(255,255,255,0)\u00bb background_enable_color=\u00bbon\u00bb hover_enabled=\u00bb0&#8243; locked=\u00bboff\u00bb global_colors_info=\u00bb{}\u00bb sticky_transition=\u00bbon\u00bb title_text=\u00bb02_panoramic_barcelona_DSC04284_Marc Font\u00bb sticky_enabled=\u00bb0&#8243;][\/et_pb_slide][et_pb_slide image=\u00bbhttps:\/\/festivalpanoramic.cat\/wp-content\/uploads\/2025\/08\/03_panoramic_barcelona_DSC04287_Marc-Font-scaled.jpg\u00bb _builder_version=\u00bb4.27.4&#8243; _module_preset=\u00bbdefault\u00bb background_color=\u00bbRGBA(255,255,255,0)\u00bb background_enable_color=\u00bbon\u00bb hover_enabled=\u00bb0&#8243; locked=\u00bboff\u00bb global_colors_info=\u00bb{}\u00bb sticky_transition=\u00bbon\u00bb title_text=\u00bb03_panoramic_barcelona_DSC04287_Marc Font\u00bb sticky_enabled=\u00bb0&#8243;][\/et_pb_slide][et_pb_slide image=\u00bbhttps:\/\/festivalpanoramic.cat\/wp-content\/uploads\/2025\/08\/04_panoramic_barcelona_DSC04290_Marc-Font-scaled.jpg\u00bb _builder_version=\u00bb4.27.4&#8243; _module_preset=\u00bbdefault\u00bb background_color=\u00bbRGBA(255,255,255,0)\u00bb background_enable_color=\u00bbon\u00bb hover_enabled=\u00bb0&#8243; locked=\u00bboff\u00bb global_colors_info=\u00bb{}\u00bb sticky_transition=\u00bbon\u00bb title_text=\u00bb04_panoramic_barcelona_DSC04290_Marc Font\u00bb sticky_enabled=\u00bb0&#8243;][\/et_pb_slide][et_pb_slide image=\u00bbhttps:\/\/festivalpanoramic.cat\/wp-content\/uploads\/2025\/08\/07_panoramic_barcelona_DSC04316_Marc-Font-scaled.jpg\u00bb _builder_version=\u00bb4.27.4&#8243; _module_preset=\u00bbdefault\u00bb background_color=\u00bbRGBA(255,255,255,0)\u00bb background_enable_color=\u00bbon\u00bb hover_enabled=\u00bb0&#8243; locked=\u00bboff\u00bb global_colors_info=\u00bb{}\u00bb sticky_transition=\u00bbon\u00bb title_text=\u00bb07_panoramic_barcelona_DSC04316_Marc Font\u00bb sticky_enabled=\u00bb0&#8243;][\/et_pb_slide][et_pb_slide image=\u00bbhttps:\/\/festivalpanoramic.cat\/wp-content\/uploads\/2025\/08\/08_panoramic_barcelona_DSC04328_Marc-Font-scaled.jpg\u00bb _builder_version=\u00bb4.27.4&#8243; _module_preset=\u00bbdefault\u00bb background_color=\u00bbRGBA(255,255,255,0)\u00bb background_enable_color=\u00bbon\u00bb hover_enabled=\u00bb0&#8243; locked=\u00bboff\u00bb global_colors_info=\u00bb{}\u00bb sticky_transition=\u00bbon\u00bb title_text=\u00bb08_panoramic_barcelona_DSC04328_Marc Font\u00bb sticky_enabled=\u00bb0&#8243;][\/et_pb_slide][et_pb_slide image=\u00bbhttps:\/\/festivalpanoramic.cat\/wp-content\/uploads\/2025\/08\/12_panoramic_barcelona_DSC04365_Marc-Font-scaled.jpg\u00bb _builder_version=\u00bb4.27.4&#8243; _module_preset=\u00bbdefault\u00bb background_color=\u00bbRGBA(255,255,255,0)\u00bb background_enable_color=\u00bbon\u00bb hover_enabled=\u00bb0&#8243; locked=\u00bboff\u00bb global_colors_info=\u00bb{}\u00bb sticky_transition=\u00bbon\u00bb title_text=\u00bb12_panoramic_barcelona_DSC04365_Marc Font\u00bb sticky_enabled=\u00bb0&#8243;][\/et_pb_slide][\/et_pb_slider][\/et_pb_column][\/et_pb_row][et_pb_row _builder_version=\u00bb4.27.4&#8243; _module_preset=\u00bbdefault\u00bb global_colors_info=\u00bb{}\u00bb][et_pb_column type=\u00bb4_4&#8243; _builder_version=\u00bb4.27.4&#8243; _module_preset=\u00bbdefault\u00bb global_colors_info=\u00bb{}\u00bb][et_pb_text _builder_version=\u00bb4.27.4&#8243; _module_preset=\u00bbdefault\u00bb text_font=\u00bbakrobat light||||||||\u00bb text_text_color=\u00bb#000000&#8243; text_font_size=\u00bb20px\u00bb inline_fonts=\u00bbakrobat extrabold\u00bb global_colors_info=\u00bb{}\u00bb]<\/p>\n<p><span style=\"font-weight: 400;\">Con este proyecto, el artista Dani Montlle\u00f3 nos invita a reflexionar sobre las similitudes y contrastes entre distintos espacios que la sociedad utiliza cuando necesita una pausa, una fisura temporal en el ritmo acelerado de lo cotidiano. Tanto el camping como el campamento de ocio pueden funcionar como interregnos vitales: espacios de suspensi\u00f3n, donde el descanso y la introspecci\u00f3n se vuelven posibles. Sin embargo, proponen modelos de relaci\u00f3n radicalmente distintos. El campamento se organiza en torno al grupo: todo est\u00e1 pensado para fomentar una comunidad cohesionada, supuestamente igualitaria, donde la interacci\u00f3n es constante. En cambio, el camping pone el \u00e9nfasis en la autonom\u00eda individual, reduciendo al m\u00ednimo el contacto con los dem\u00e1s. Ambos espacios, en su aparente simplicidad, revelan formas opuestas de entender c\u00f3mo cohabitamos el tiempo y el espacio en situaciones de pausa.<\/span><\/p>\n<p>[\/et_pb_text][\/et_pb_column][\/et_pb_row][\/et_pb_section][et_pb_section fb_built=\u00bb1&#8243; custom_padding_last_edited=\u00bbon|phone\u00bb _builder_version=\u00bb4.25.0&#8243; _module_preset=\u00bbdefault\u00bb background_color=\u00bb#e8e8e8&#8243; custom_padding_tablet=\u00bb\u00bb custom_padding_phone=\u00bb||0px||false|false\u00bb locked=\u00bboff\u00bb collapsed=\u00bboff\u00bb global_colors_info=\u00bb{}\u00bb][et_pb_row column_structure=\u00bb2_3,1_3&#8243; custom_padding_last_edited=\u00bbon|phone\u00bb _builder_version=\u00bb4.27.0&#8243; _module_preset=\u00bbdefault\u00bb width=\u00bb95%\u00bb width_tablet=\u00bb90%\u00bb width_phone=\u00bb90%\u00bb width_last_edited=\u00bbon|phone\u00bb max_width=\u00bb2560px\u00bb custom_margin_tablet=\u00bb\u00bb custom_margin_phone=\u00bb\u00bb custom_margin_last_edited=\u00bbon|phone\u00bb custom_padding=\u00bb0px||||false|false\u00bb custom_padding_tablet=\u00bb0px||||false|false\u00bb custom_padding_phone=\u00bb0px||0px||false|false\u00bb border_width_bottom=\u00bb2px\u00bb global_colors_info=\u00bb{}\u00bb][et_pb_column type=\u00bb2_3&#8243; _builder_version=\u00bb4.16&#8243; _module_preset=\u00bbdefault\u00bb global_colors_info=\u00bb{}\u00bb][et_pb_text _builder_version=\u00bb4.27.4&#8243; _module_preset=\u00bbdefault\u00bb text_font=\u00bbakrobat light||||||||\u00bb text_text_color=\u00bb#000000&#8243; text_font_size=\u00bb20px\u00bb custom_padding=\u00bb1px|||||\u00bb inline_fonts=\u00bbMontserrat extra bold\u00bb global_colors_info=\u00bb{}\u00bb]<\/p>\n<p><span style=\"font-family: 'Montserrat extra bold'; font-weight: normal; font-size: x-large;\"><span style=\"font-weight: 400;\">Dani Montlle\u00f3 <\/span><\/span><\/p>\n<p><span style=\"font-weight: 400;\">Dani Montlle\u00f3 (Matar\u00f3, 1966) es un artista multidisciplinar cuya pr\u00e1ctica gira en torno a la construcci\u00f3n de la identidad a trav\u00e9s del di\u00e1logo entre referencias culturales, hist\u00f3ricas y personales. Su obra combina elementos de la arquitectura, la m\u00fasica, la moda o la industria con una mirada cr\u00edtica y po\u00e9tica sobre el objeto, el fetichismo y la cultura popular. A partir de personajes reales o imaginarios y de momentos hist\u00f3ricos recontextualizados, construye relatos que se sit\u00faan entre la ficci\u00f3n y la realidad, explorando conceptos como la utop\u00eda dom\u00e9stica, la estandarizaci\u00f3n, la nostalgia o el confort.<\/span><\/p>\n<p><span style=\"font-weight: 400;\">Con una trayectoria consolidada desde los a\u00f1os noventa, Montlle\u00f3 ha presentado su trabajo en espacios como Can Palauet, La Capella, Arts Santa M\u00f2nica, La Casa Encendida, el Grand Palais o el Laboratorio Arte Alameda. Es fundador de la Asociaci\u00f3n para la Cultura y el Arte Contempor\u00e1neo (ACM) y de proyectos como LACOSA o Subcutanspoon.<\/span><\/p>\n<p>[\/et_pb_text][et_pb_social_media_follow icon_color=\u00bb#FFFFFF\u00bb _builder_version=\u00bb4.27.4&#8243; _module_preset=\u00bbdefault\u00bb background_color=\u00bbRGBA(255,255,255,0)\u00bb global_colors_info=\u00bb{}\u00bb][et_pb_social_media_follow_network social_network=\u00bbinstagram\u00bb url=\u00bbhttps:\/\/www.instagram.com\/dani_montlleo\/\u00bb _builder_version=\u00bb4.27.4&#8243; _module_preset=\u00bbdefault\u00bb background_color=\u00bb#ea2c59&#8243; global_colors_info=\u00bb{}\u00bb follow_button=\u00bboff\u00bb url_new_window=\u00bbon\u00bb]instagram[\/et_pb_social_media_follow_network][\/et_pb_social_media_follow][\/et_pb_column][et_pb_column type=\u00bb1_3&#8243; _builder_version=\u00bb4.16&#8243; _module_preset=\u00bbdefault\u00bb global_colors_info=\u00bb{}\u00bb][et_pb_image src=\u00bbhttps:\/\/festivalpanoramic.cat\/wp-content\/uploads\/2025\/08\/dani_montlleo_panoramic.png\u00bb title_text=\u00bbdani_montlleo_panoramic\u00bb _builder_version=\u00bb4.27.4&#8243; _module_preset=\u00bbdefault\u00bb global_colors_info=\u00bb{}\u00bb][\/et_pb_image][\/et_pb_column][\/et_pb_row][et_pb_row _builder_version=\u00bb4.27.4&#8243; _module_preset=\u00bbdefault\u00bb global_colors_info=\u00bb{}\u00bb][et_pb_column type=\u00bb4_4&#8243; _builder_version=\u00bb4.27.4&#8243; _module_preset=\u00bbdefault\u00bb global_colors_info=\u00bb{}\u00bb][et_pb_text _builder_version=\u00bb4.27.4&#8243; _module_preset=\u00bbdefault\u00bb text_font=\u00bbakrobat light||||||||\u00bb text_text_color=\u00bb#000000&#8243; text_font_size=\u00bb20px\u00bb custom_padding=\u00bb1px|||||\u00bb inline_fonts=\u00bbMontserrat extra bold\u00bb global_colors_info=\u00bb{}\u00bb]<\/p>\n<p><span style=\"font-family: 'Montserrat extra bold'; font-weight: normal; font-size: x-large;\">Panor\u00e0mic File<\/span><\/p>\n<p class=\"p1\"><i>Panor\u00e0mic File<\/i> es una secci\u00f3n del festival, comisariada por Merc\u00e8 Alsina, que invita a artistas a desarrollar nuevos proyectos a partir de diferentes archivos fotogr\u00e1ficos. Este a\u00f1o, se les ha propuesto trabajar a partir del lema de la edici\u00f3n: <i>Break. Un nuevo orden visual<\/i>, que plantea una reflexi\u00f3n sobre el primer cuarto del siglo XXI y los profundos cambios geopol\u00edticos, tecnol\u00f3gicos y de gobernanza que se han producido.<\/p>\n<p class=\"p1\">El t\u00e9rmino <i>break<\/i> remite tanto a la idea de fractura como a la de pausa \u2014una pausa necesaria para gestionar estos cambios y cuestionarnos si este es realmente el futuro que hab\u00edamos imaginado, y hacerlo desde la imagen.<\/p>\n<p class=\"p1\">En esta edici\u00f3n, siete artistas se adentran en diversos archivos para explorar el concepto de pausa en dispositivos donde esta suspensi\u00f3n temporal est\u00e1, de alg\u00fan modo, impl\u00edcita.<\/p>\n<p class=\"p1\">Los proyectos que forman parte de <i>Panor\u00e0mic File 2025<\/i> son:<\/p>\n<ul class=\"ul1\">\n<li class=\"li2\"><i>3 Tesel\u00b7lacions<\/i>, Erick Beltr\u00e1n. Arxiu Hist\u00f2ric de la Ciutat de Barcelona.<\/li>\n<li class=\"li2\"><i>Tot el que pot passar: La inactivitat com a motor de l\u2019inaudit<\/i>, Laura Aranda Lavado. Roca Umbert F\u00e0brica de les Arts, Granollers (amb la col\u00b7laboraci\u00f3 de l\u2019Arxiu Municipal de Granollers).<\/li>\n<li class=\"li2\"><i>Pausa, Camping o Campament<\/i>, Dani Montlle\u00f3. Arxiu Fotogr\u00e0fic de Barcelona.<\/li>\n<li class=\"li2\"><i>Habitar el co_lapse<\/i>, Irene Pe. Arxiu Tobella.<\/li>\n<li class=\"li2\"><i>Capsa 23<\/i>, Aleix Plademunt. Arxiu Fotogr\u00e0fic del Consorci de les Drassanes Reials del Museu Mar\u00edtim de Barcelona.<\/li>\n<li class=\"li2\"><i>Hold on<\/i>, Laia Sol\u00e9. Arxiu Fotogr\u00e0fic del Centre Excursionista de Catalunya.<\/li>\n<li class=\"li2\"><i>Sobre el descans<\/i>, Natalia Lazaro Prevost. Arxiu d\u2019Etnografia i Folklore de Catalunya.<\/li>\n<\/ul>\n<p>[\/et_pb_text][\/et_pb_column][\/et_pb_row][et_pb_row column_structure=\u00bb2_3,1_3&#8243; custom_padding_last_edited=\u00bbon|phone\u00bb _builder_version=\u00bb4.27.4&#8243; _module_preset=\u00bbdefault\u00bb width=\u00bb95%\u00bb width_tablet=\u00bb90%\u00bb width_phone=\u00bb90%\u00bb width_last_edited=\u00bbon|phone\u00bb max_width=\u00bb2560px\u00bb custom_padding_tablet=\u00bb\u00bb custom_padding_phone=\u00bb||0px||false|false\u00bb border_width_bottom=\u00bb2px\u00bb locked=\u00bboff\u00bb global_colors_info=\u00bb{}\u00bb][et_pb_column type=\u00bb2_3&#8243; _builder_version=\u00bb4.16&#8243; _module_preset=\u00bbdefault\u00bb global_colors_info=\u00bb{}\u00bb][et_pb_text _builder_version=\u00bb4.27.4&#8243; _module_preset=\u00bbdefault\u00bb text_font=\u00bbakrobat light||||||||\u00bb text_text_color=\u00bb#000000&#8243; text_font_size=\u00bb20px\u00bb custom_padding=\u00bb1px|||||\u00bb inline_fonts=\u00bbMontserrat extra bold\u00bb global_colors_info=\u00bb{}\u00bb]<\/p>\n<p><span style=\"font-family: 'Montserrat extra bold'; font-weight: normal; font-size: x-large;\">Merc\u00e8 Alsina<\/span><\/p>\n<p><span style=\"font-weight: 400;\">Merc\u00e8 Alsina (Barcelona, 1966) es doctora <\/span><i><span style=\"font-weight: 400;\">cum laude<\/span><\/i><span style=\"font-weight: 400;\"> en Historia del Arte, curadora independiente y periodista. Ha investigado temas como el impacto de la globalidad en las producciones art\u00edsticas y su circulaci\u00f3n, cuestiones de identidad y representaci\u00f3n hist\u00f3rica, el materialismo especulativo y la naturaleza de los objetos, el videoensayo como pr\u00e1ctica de resistencia, la fotograf\u00eda cr\u00edtica y la representaci\u00f3n de la violencia, o la relaci\u00f3n entre la escritura y el arte, entre otros. Forma parte del equipo curatorial del festival Panor\u00e0mic desde el 2020. Autora del ensayo <\/span><i><span style=\"font-weight: 400;\">Massacre<\/span><\/i><span style=\"font-weight: 400;\"> (2025). Premio ACCA 2024 a la mejor programaci\u00f3n expositiva de arte contempor\u00e1neo en Catalu\u00f1a, otorgado por la Asociaci\u00f3n Catalana de Cr\u00edticos de Arte, por la programaci\u00f3n del ciclo \u00absantcorneliarts(2)\u00bb en Cardedeu, que dirige con el artista Enric Maur\u00ed desde el 2017.<\/span><\/p>\n<p>[\/et_pb_text][et_pb_social_media_follow icon_color=\u00bb#FFFFFF\u00bb _builder_version=\u00bb4.27.4&#8243; _module_preset=\u00bbdefault\u00bb background_color=\u00bbRGBA(255,255,255,0)\u00bb global_colors_info=\u00bb{}\u00bb][et_pb_social_media_follow_network social_network=\u00bbinstagram\u00bb url=\u00bbhttps:\/\/www.instagram.com\/mercealsina1\/\u00bb _builder_version=\u00bb4.27.4&#8243; _module_preset=\u00bbdefault\u00bb background_color=\u00bb#000000&#8243; background_enable_color=\u00bbon\u00bb global_colors_info=\u00bb{}\u00bb follow_button=\u00bboff\u00bb url_new_window=\u00bbon\u00bb]instagram[\/et_pb_social_media_follow_network][\/et_pb_social_media_follow][\/et_pb_column][et_pb_column type=\u00bb1_3&#8243; _builder_version=\u00bb4.16&#8243; _module_preset=\u00bbdefault\u00bb global_colors_info=\u00bb{}\u00bb][et_pb_image src=\u00bbhttps:\/\/festivalpanoramic.cat\/wp-content\/uploads\/2025\/08\/merce_alsina_panoramic_25.png\u00bb title_text=\u00bbmerce_alsina_panoramic_25&#8243; _builder_version=\u00bb4.27.4&#8243; _module_preset=\u00bbdefault\u00bb global_colors_info=\u00bb{}\u00bb][\/et_pb_image][\/et_pb_column][\/et_pb_row][\/et_pb_section]<\/p>\n","protected":false},"excerpt":{"rendered":"<p>ExposicionesPausa, camping o campamentoDani Montlle\u00f3Comisariada por Merc\u00e8 AlsinaBARCELONAArxiu Fotogr\u00e0fic de BarcelonaPla\u00e7a Pons i Clerch, 2, 2a plantaDel 23 d&#8217;octubre de 2025 al 11 de enero de 2026De lunes a s\u00e1bado [&hellip;]<\/p>\n","protected":false},"author":1,"featured_media":38224,"comment_status":"open","ping_status":"closed","template":"","meta":{"_et_pb_use_builder":"on","_et_pb_old_content":"","_et_gb_content_width":"","footnotes":""},"project_category":[157,171,145,176,146],"project_tag":[],"class_list":["post-38233","project","type-project","status-publish","has-post-thumbnail","hentry","project_category-exposiciones-2025","project_category-exposiciones-barcelona-2025","project_category-panoramic-2025-es","project_category-panoramic-file-2025e","project_category-panoramic-file-2025-es"],"yoast_head":"<!-- This site is optimized with the Yoast SEO plugin v27.2 - https:\/\/yoast.com\/product\/yoast-seo-wordpress\/ -->\n<title>Pausa, camping o campamento, Dani Montlle\u00f3 - Festival Panor\u00e0mic<\/title>\n<meta name=\"robots\" content=\"index, follow, max-snippet:-1, max-image-preview:large, max-video-preview:-1\" \/>\n<link rel=\"canonical\" href=\"https:\/\/festivalpanoramic.cat\/es\/project\/pausa-camping-o-campamento\/\" \/>\n<meta property=\"og:locale\" content=\"es_ES\" \/>\n<meta property=\"og:type\" content=\"article\" \/>\n<meta property=\"og:title\" content=\"Pausa, camping o campamento, Dani Montlle\u00f3 - Festival Panor\u00e0mic\" \/>\n<meta property=\"og:description\" content=\"ExposicionesPausa, camping o campamentoDani Montlle\u00f3Comisariada por Merc\u00e8 AlsinaBARCELONAArxiu Fotogr\u00e0fic de BarcelonaPla\u00e7a Pons i Clerch, 2, 2a plantaDel 23 d&#039;octubre de 2025 al 11 de enero de 2026De lunes a s\u00e1bado [&hellip;]\" \/>\n<meta property=\"og:url\" content=\"https:\/\/festivalpanoramic.cat\/es\/project\/pausa-camping-o-campamento\/\" \/>\n<meta property=\"og:site_name\" content=\"Festival Panor\u00e0mic\" \/>\n<meta property=\"article:modified_time\" content=\"2025-11-06T07:44:26+00:00\" \/>\n<meta property=\"og:image\" content=\"https:\/\/festivalpanoramic.cat\/wp-content\/uploads\/2025\/08\/dani_montlleo_panoramic_exp.png\" \/>\n\t<meta property=\"og:image:width\" content=\"1080\" \/>\n\t<meta property=\"og:image:height\" content=\"719\" \/>\n\t<meta property=\"og:image:type\" content=\"image\/png\" \/>\n<meta name=\"twitter:card\" content=\"summary_large_image\" \/>\n<meta name=\"twitter:label1\" content=\"Tiempo de lectura\" \/>\n\t<meta name=\"twitter:data1\" content=\"7 minutos\" \/>\n<script type=\"application\/ld+json\" class=\"yoast-schema-graph\">{\"@context\":\"https:\/\/schema.org\",\"@graph\":[{\"@type\":\"WebPage\",\"@id\":\"https:\/\/festivalpanoramic.cat\/es\/project\/pausa-camping-o-campamento\/\",\"url\":\"https:\/\/festivalpanoramic.cat\/es\/project\/pausa-camping-o-campamento\/\",\"name\":\"Pausa, camping o campamento, Dani Montlle\u00f3 - Festival Panor\u00e0mic\",\"isPartOf\":{\"@id\":\"https:\/\/festivalpanoramic.cat\/es\/#website\"},\"primaryImageOfPage\":{\"@id\":\"https:\/\/festivalpanoramic.cat\/es\/project\/pausa-camping-o-campamento\/#primaryimage\"},\"image\":{\"@id\":\"https:\/\/festivalpanoramic.cat\/es\/project\/pausa-camping-o-campamento\/#primaryimage\"},\"thumbnailUrl\":\"https:\/\/festivalpanoramic.cat\/wp-content\/uploads\/2025\/08\/dani_montlleo_panoramic_exp.png\",\"datePublished\":\"2025-08-04T09:41:22+00:00\",\"dateModified\":\"2025-11-06T07:44:26+00:00\",\"breadcrumb\":{\"@id\":\"https:\/\/festivalpanoramic.cat\/es\/project\/pausa-camping-o-campamento\/#breadcrumb\"},\"inLanguage\":\"es\",\"potentialAction\":[{\"@type\":\"ReadAction\",\"target\":[\"https:\/\/festivalpanoramic.cat\/es\/project\/pausa-camping-o-campamento\/\"]}]},{\"@type\":\"ImageObject\",\"inLanguage\":\"es\",\"@id\":\"https:\/\/festivalpanoramic.cat\/es\/project\/pausa-camping-o-campamento\/#primaryimage\",\"url\":\"https:\/\/festivalpanoramic.cat\/wp-content\/uploads\/2025\/08\/dani_montlleo_panoramic_exp.png\",\"contentUrl\":\"https:\/\/festivalpanoramic.cat\/wp-content\/uploads\/2025\/08\/dani_montlleo_panoramic_exp.png\",\"width\":1080,\"height\":719},{\"@type\":\"BreadcrumbList\",\"@id\":\"https:\/\/festivalpanoramic.cat\/es\/project\/pausa-camping-o-campamento\/#breadcrumb\",\"itemListElement\":[{\"@type\":\"ListItem\",\"position\":1,\"name\":\"Inici\",\"item\":\"https:\/\/festivalpanoramic.cat\/es\/\"},{\"@type\":\"ListItem\",\"position\":2,\"name\":\"Proyectos\",\"item\":\"https:\/\/festivalpanoramic.cat\/es\/project\/\"},{\"@type\":\"ListItem\",\"position\":3,\"name\":\"Pausa, camping o campamento, Dani Montlle\u00f3\"}]},{\"@type\":\"WebSite\",\"@id\":\"https:\/\/festivalpanoramic.cat\/es\/#website\",\"url\":\"https:\/\/festivalpanoramic.cat\/es\/\",\"name\":\"Festival Panor\u00e0mic\",\"description\":\"PANOR\u00c0MIC. ARTS I CULTURES VISUALS\",\"potentialAction\":[{\"@type\":\"SearchAction\",\"target\":{\"@type\":\"EntryPoint\",\"urlTemplate\":\"https:\/\/festivalpanoramic.cat\/es\/?s={search_term_string}\"},\"query-input\":{\"@type\":\"PropertyValueSpecification\",\"valueRequired\":true,\"valueName\":\"search_term_string\"}}],\"inLanguage\":\"es\"}]}<\/script>\n<!-- \/ Yoast SEO plugin. -->","yoast_head_json":{"title":"Pausa, camping o campamento, Dani Montlle\u00f3 - Festival Panor\u00e0mic","robots":{"index":"index","follow":"follow","max-snippet":"max-snippet:-1","max-image-preview":"max-image-preview:large","max-video-preview":"max-video-preview:-1"},"canonical":"https:\/\/festivalpanoramic.cat\/es\/project\/pausa-camping-o-campamento\/","og_locale":"es_ES","og_type":"article","og_title":"Pausa, camping o campamento, Dani Montlle\u00f3 - Festival Panor\u00e0mic","og_description":"ExposicionesPausa, camping o campamentoDani Montlle\u00f3Comisariada por Merc\u00e8 AlsinaBARCELONAArxiu Fotogr\u00e0fic de BarcelonaPla\u00e7a Pons i Clerch, 2, 2a plantaDel 23 d'octubre de 2025 al 11 de enero de 2026De lunes a s\u00e1bado [&hellip;]","og_url":"https:\/\/festivalpanoramic.cat\/es\/project\/pausa-camping-o-campamento\/","og_site_name":"Festival Panor\u00e0mic","article_modified_time":"2025-11-06T07:44:26+00:00","og_image":[{"width":1080,"height":719,"url":"https:\/\/festivalpanoramic.cat\/wp-content\/uploads\/2025\/08\/dani_montlleo_panoramic_exp.png","type":"image\/png"}],"twitter_card":"summary_large_image","twitter_misc":{"Tiempo de lectura":"7 minutos"},"schema":{"@context":"https:\/\/schema.org","@graph":[{"@type":"WebPage","@id":"https:\/\/festivalpanoramic.cat\/es\/project\/pausa-camping-o-campamento\/","url":"https:\/\/festivalpanoramic.cat\/es\/project\/pausa-camping-o-campamento\/","name":"Pausa, camping o campamento, Dani Montlle\u00f3 - Festival Panor\u00e0mic","isPartOf":{"@id":"https:\/\/festivalpanoramic.cat\/es\/#website"},"primaryImageOfPage":{"@id":"https:\/\/festivalpanoramic.cat\/es\/project\/pausa-camping-o-campamento\/#primaryimage"},"image":{"@id":"https:\/\/festivalpanoramic.cat\/es\/project\/pausa-camping-o-campamento\/#primaryimage"},"thumbnailUrl":"https:\/\/festivalpanoramic.cat\/wp-content\/uploads\/2025\/08\/dani_montlleo_panoramic_exp.png","datePublished":"2025-08-04T09:41:22+00:00","dateModified":"2025-11-06T07:44:26+00:00","breadcrumb":{"@id":"https:\/\/festivalpanoramic.cat\/es\/project\/pausa-camping-o-campamento\/#breadcrumb"},"inLanguage":"es","potentialAction":[{"@type":"ReadAction","target":["https:\/\/festivalpanoramic.cat\/es\/project\/pausa-camping-o-campamento\/"]}]},{"@type":"ImageObject","inLanguage":"es","@id":"https:\/\/festivalpanoramic.cat\/es\/project\/pausa-camping-o-campamento\/#primaryimage","url":"https:\/\/festivalpanoramic.cat\/wp-content\/uploads\/2025\/08\/dani_montlleo_panoramic_exp.png","contentUrl":"https:\/\/festivalpanoramic.cat\/wp-content\/uploads\/2025\/08\/dani_montlleo_panoramic_exp.png","width":1080,"height":719},{"@type":"BreadcrumbList","@id":"https:\/\/festivalpanoramic.cat\/es\/project\/pausa-camping-o-campamento\/#breadcrumb","itemListElement":[{"@type":"ListItem","position":1,"name":"Inici","item":"https:\/\/festivalpanoramic.cat\/es\/"},{"@type":"ListItem","position":2,"name":"Proyectos","item":"https:\/\/festivalpanoramic.cat\/es\/project\/"},{"@type":"ListItem","position":3,"name":"Pausa, camping o campamento, Dani Montlle\u00f3"}]},{"@type":"WebSite","@id":"https:\/\/festivalpanoramic.cat\/es\/#website","url":"https:\/\/festivalpanoramic.cat\/es\/","name":"Festival Panor\u00e0mic","description":"PANOR\u00c0MIC. ARTS I CULTURES VISUALS","potentialAction":[{"@type":"SearchAction","target":{"@type":"EntryPoint","urlTemplate":"https:\/\/festivalpanoramic.cat\/es\/?s={search_term_string}"},"query-input":{"@type":"PropertyValueSpecification","valueRequired":true,"valueName":"search_term_string"}}],"inLanguage":"es"}]}},"_links":{"self":[{"href":"https:\/\/festivalpanoramic.cat\/es\/wp-json\/wp\/v2\/project\/38233","targetHints":{"allow":["GET"]}}],"collection":[{"href":"https:\/\/festivalpanoramic.cat\/es\/wp-json\/wp\/v2\/project"}],"about":[{"href":"https:\/\/festivalpanoramic.cat\/es\/wp-json\/wp\/v2\/types\/project"}],"author":[{"embeddable":true,"href":"https:\/\/festivalpanoramic.cat\/es\/wp-json\/wp\/v2\/users\/1"}],"replies":[{"embeddable":true,"href":"https:\/\/festivalpanoramic.cat\/es\/wp-json\/wp\/v2\/comments?post=38233"}],"version-history":[{"count":16,"href":"https:\/\/festivalpanoramic.cat\/es\/wp-json\/wp\/v2\/project\/38233\/revisions"}],"predecessor-version":[{"id":41589,"href":"https:\/\/festivalpanoramic.cat\/es\/wp-json\/wp\/v2\/project\/38233\/revisions\/41589"}],"wp:featuredmedia":[{"embeddable":true,"href":"https:\/\/festivalpanoramic.cat\/es\/wp-json\/wp\/v2\/media\/38224"}],"wp:attachment":[{"href":"https:\/\/festivalpanoramic.cat\/es\/wp-json\/wp\/v2\/media?parent=38233"}],"wp:term":[{"taxonomy":"project_category","embeddable":true,"href":"https:\/\/festivalpanoramic.cat\/es\/wp-json\/wp\/v2\/project_category?post=38233"},{"taxonomy":"project_tag","embeddable":true,"href":"https:\/\/festivalpanoramic.cat\/es\/wp-json\/wp\/v2\/project_tag?post=38233"}],"curies":[{"name":"wp","href":"https:\/\/api.w.org\/{rel}","templated":true}]}}