{"id":38707,"date":"2025-09-10T17:14:08","date_gmt":"2025-09-10T15:14:08","guid":{"rendered":"https:\/\/festivalpanoramic.cat\/?post_type=project&#038;p=38707"},"modified":"2026-02-18T11:14:51","modified_gmt":"2026-02-18T09:14:51","slug":"ojala-tantdebo-inxallah","status":"publish","type":"project","link":"https:\/\/festivalpanoramic.cat\/es\/project\/ojala-tantdebo-inxallah\/","title":{"rendered":"Tant de bo \/ Ojal\u00e1 \/ Inxal\u00b7lah"},"content":{"rendered":"<p>[et_pb_section fb_built=\u00bb1&#8243; _builder_version=\u00bb4.16&#8243; _module_preset=\u00bbdefault\u00bb locked=\u00bboff\u00bb collapsed=\u00bboff\u00bb global_colors_info=\u00bb{}\u00bb][et_pb_row column_structure=\u00bb2_5,3_5&#8243; custom_padding_last_edited=\u00bbon|tablet\u00bb _builder_version=\u00bb4.25.0&#8243; _module_preset=\u00bbdefault\u00bb width=\u00bb95%\u00bb width_tablet=\u00bb90%\u00bb width_phone=\u00bb90%\u00bb width_last_edited=\u00bbon|phone\u00bb max_width=\u00bb2560px\u00bb custom_margin_tablet=\u00bb0px||||false|false\u00bb custom_margin_phone=\u00bb-30px||||false|false\u00bb custom_margin_last_edited=\u00bbon|tablet\u00bb custom_padding_tablet=\u00bb0px||||false|false\u00bb custom_padding_phone=\u00bb0px||0px||true|false\u00bb global_colors_info=\u00bb{}\u00bb][et_pb_column type=\u00bb2_5&#8243; _builder_version=\u00bb4.16&#8243; _module_preset=\u00bbdefault\u00bb global_colors_info=\u00bb{}\u00bb][et_pb_text admin_label=\u00bbExposicions\u00bb _builder_version=\u00bb4.27.4&#8243; _module_preset=\u00bbdefault\u00bb text_font=\u00bbMontserrat extra bold||||||||\u00bb text_text_color=\u00bb#000000&#8243; text_font_size=\u00bb16px\u00bb custom_margin=\u00bb||15px||false|false\u00bb global_colors_info=\u00bb{}\u00bb]<\/p>\n<p>Exposiciones<\/p>\n<p>[\/et_pb_text][et_pb_text admin_label=\u00bbNom expo\u00bb _builder_version=\u00bb4.27.4&#8243; _module_preset=\u00bbdefault\u00bb text_font=\u00bbMontserrat extra bold||||||||\u00bb text_text_color=\u00bb#000000&#8243; text_font_size=\u00bb39px\u00bb text_line_height=\u00bb1em\u00bb custom_margin=\u00bb||19px||false|false\u00bb text_font_size_tablet=\u00bb39px\u00bb text_font_size_phone=\u00bb28px\u00bb text_font_size_last_edited=\u00bbon|phone\u00bb text_line_height_tablet=\u00bb\u00bb text_line_height_phone=\u00bb1.2em\u00bb text_line_height_last_edited=\u00bbon|phone\u00bb global_colors_info=\u00bb{}\u00bb]<\/p>\n<p>Tant de bo \/ Ojal\u00e1 \/ Inxal\u00b7lah<\/p>\n<p>[\/et_pb_text][et_pb_text admin_label=\u00bbexpo de&#8230;\u00bb _builder_version=\u00bb4.27.4&#8243; _module_preset=\u00bbdefault\u00bb text_font=\u00bb&#8211;et_global_heading_font||||||||\u00bb text_text_color=\u00bbgcid-73263b73-b059-42fc-a61d-05da764fa408&#8243; text_font_size=\u00bb22px\u00bb text_line_height=\u00bb1.1em\u00bb custom_margin=\u00bb-5px||15px||false|false\u00bb text_line_height_tablet=\u00bb0.6em\u00bb text_line_height_phone=\u00bb1.4em\u00bb text_line_height_last_edited=\u00bbon|phone\u00bb locked=\u00bboff\u00bb inline_fonts=\u00bbMontserrat extra bold,akrobat extrabold,Montserrat Light\u00bb global_colors_info=\u00bb{%22gcid-73263b73-b059-42fc-a61d-05da764fa408%22:%91%22text_text_color%22%93}\u00bb]<\/p>\n<p><strong>Cem A.<\/strong> \u00b7 <strong>Andrea Badia<\/strong> \u00b7 <strong>Tewa Barnosa<\/strong> \u00b7 <strong>Ghyzl\u00e8ne Bouka\u00efla<\/strong> \u00b7 <strong>\u0130rem G\u00fcnayd\u0131n<\/strong> \u00b7 <strong>Elia Kalogianni<\/strong> \u00b7 <strong>Doura\u00efd Souissi<\/strong> \u00b7 <strong>Merve \u00dcnsal<\/strong> \u00b7 <strong>Claudio Zuli\u00e1n<\/strong><\/p>\n<p>[\/et_pb_text][et_pb_text admin_label=\u00bbexpo de&#8230;\u00bb _builder_version=\u00bb4.27.4&#8243; _module_preset=\u00bbdefault\u00bb text_font=\u00bb&#8211;et_global_heading_font||||||||\u00bb text_text_color=\u00bbgcid-73263b73-b059-42fc-a61d-05da764fa408&#8243; text_font_size=\u00bb17px\u00bb text_line_height=\u00bb1.1em\u00bb custom_margin=\u00bb-5px||40px||false|false\u00bb text_line_height_tablet=\u00bb0.6em\u00bb text_line_height_phone=\u00bb1.4em\u00bb text_line_height_last_edited=\u00bbon|phone\u00bb locked=\u00bboff\u00bb inline_fonts=\u00bbMontserrat extra bold,akrobat extrabold,Montserrat Light\u00bb global_colors_info=\u00bb{%22gcid-73263b73-b059-42fc-a61d-05da764fa408%22:%91%22text_text_color%22%93}\u00bb]<\/p>\n<p>Comisariada por<strong>\u00a0Nadira Aklouche-Laggoune<\/strong>, <strong>Merc\u00e8 Alsina<\/strong> y\u00a0<strong>Ay\u00e7a Okay<\/strong><\/p>\n<p>[\/et_pb_text][et_pb_text admin_label=\u00bbLloc\u00bb _builder_version=\u00bb4.27.4&#8243; _module_preset=\u00bbdefault\u00bb text_font=\u00bbMontserrat extra bold||||||||\u00bb text_text_color=\u00bb#000000&#8243; text_font_size=\u00bb18px\u00bb custom_margin=\u00bb10px||||false|false\u00bb text_font_size_tablet=\u00bb18px\u00bb text_font_size_phone=\u00bb16px\u00bb text_font_size_last_edited=\u00bbon|phone\u00bb locked=\u00bboff\u00bb inline_fonts=\u00bbakrobat light,Montserrat Light\u00bb global_colors_info=\u00bb{}\u00bb]<\/p>\n<p><b>TERRASSA<br \/><\/b><span style=\"font-family: 'Montserrat Light'; font-weight: normal;\"><strong>Sala Muncunill<\/strong><b><br \/><\/b>Pla\u00e7a Did\u00f3, 3<br \/><\/span><\/p>\n<p>[\/et_pb_text][et_pb_button button_url=\u00bb\/#home-localitzacions2024&#8243; button_text=\u00bbVer el mapa\u00bb button_alignment=\u00bbleft\u00bb admin_label=\u00bbbot\u00f3 pl\u00e0nol\u00bb _builder_version=\u00bb4.27.4&#8243; _module_preset=\u00bbdefault\u00bb custom_button=\u00bbon\u00bb button_text_color=\u00bb#000000&#8243; button_bg_color=\u00bb#e8e8e8&#8243; button_border_width=\u00bb0px\u00bb button_border_radius=\u00bb0px\u00bb button_font=\u00bbakrobat extrabold||||||||\u00bb button_icon=\u00bb&#x24;||divi||400&#8243; custom_margin=\u00bb-15px||51px||false|false\u00bb custom_margin_tablet=\u00bb-17px||||false|false\u00bb custom_margin_phone=\u00bb-17px|||0px|false|false\u00bb custom_margin_last_edited=\u00bbon|tablet\u00bb button_text_size_tablet=\u00bb\u00bb button_text_size_phone=\u00bb18px\u00bb button_text_size_last_edited=\u00bbon|phone\u00bb global_colors_info=\u00bb{}\u00bb][\/et_pb_button][et_pb_text admin_label=\u00bbData\u00bb _builder_version=\u00bb4.27.4&#8243; _module_preset=\u00bbdefault\u00bb text_font=\u00bbMontserrat Light||||||||\u00bb text_text_color=\u00bb#000000&#8243; text_font_size=\u00bb18px\u00bb custom_margin=\u00bb-34px||62px||false|false\u00bb custom_margin_tablet=\u00bb-24px||||false|false\u00bb custom_margin_phone=\u00bb-24px||44px||false|false\u00bb custom_margin_last_edited=\u00bbon|tablet\u00bb text_font_size_tablet=\u00bb18px\u00bb text_font_size_phone=\u00bb16px\u00bb text_font_size_last_edited=\u00bbon|phone\u00bb global_colors_info=\u00bb{}\u00bb]<\/p>\n<p>Del 6 de novembre de 2025 al 18 de gener de 2026<\/p>\n<p>[\/et_pb_text][et_pb_toggle title=\u00bbHorarios\u00bb open_toggle_text_color=\u00bb#000000&#8243; open_toggle_background_color=\u00bbRGBA(255,255,255,0)\u00bb closed_toggle_background_color=\u00bbRGBA(255,255,255,0)\u00bb icon_color=\u00bb#8b794f\u00bb toggle_icon=\u00bb&#x4c;||divi||400&#8243; use_icon_font_size=\u00bbon\u00bb icon_font_size=\u00bb22px\u00bb open_icon_color=\u00bb#8b794f\u00bb open_use_icon_font_size=\u00bbon\u00bb admin_label=\u00bbHoraris\u00bb _builder_version=\u00bb4.27.4&#8243; _module_preset=\u00bbdefault\u00bb title_text_color=\u00bb#000000&#8243; title_font=\u00bbMontserrat extra bold||||||||\u00bb title_font_size=\u00bb20px\u00bb closed_title_font=\u00bbMontserrat extra bold||||||||\u00bb closed_title_font_size=\u00bb20px\u00bb body_font=\u00bbakrobat light||||||||\u00bb body_text_color=\u00bb#000000&#8243; body_font_size=\u00bb20px\u00bb custom_margin=\u00bb-40px||||false|false\u00bb custom_margin_tablet=\u00bb-14px||||false|false\u00bb custom_margin_phone=\u00bb-20px||||false|false\u00bb custom_margin_last_edited=\u00bbon|desktop\u00bb body_font_size_tablet=\u00bb20px\u00bb body_font_size_phone=\u00bb18px\u00bb body_font_size_last_edited=\u00bbon|phone\u00bb border_width_all=\u00bb0px\u00bb border_width_top=\u00bb1px\u00bb border_color_top=\u00bb#8b794f\u00bb border_width_bottom=\u00bb1px\u00bb border_color_bottom=\u00bb#8c864d\u00bb locked=\u00bboff\u00bb global_colors_info=\u00bb{}\u00bb]<\/p>\n<ul>\n<li data-start=\"228\" data-end=\"268\">\n<p data-start=\"230\" data-end=\"268\">De martes a viernes: 16:00 \u2013 20:00 h<\/p>\n<\/li>\n<li data-start=\"269\" data-end=\"315\">\n<p data-start=\"271\" data-end=\"315\">S\u00e1bados: 11:00 \u2013 14:00 h y 16:00 \u2013 20:00 h<\/p>\n<\/li>\n<li data-start=\"316\" data-end=\"345\">\n<p data-start=\"318\" data-end=\"345\">Domingos: 11:00 \u2013 14:00 h<\/p>\n<\/li>\n<li data-start=\"346\" data-end=\"375\">\n<p data-start=\"348\" data-end=\"375\">Lunes y festivos: cerrado<\/p>\n<\/li>\n<\/ul>\n<p>[\/et_pb_toggle][\/et_pb_column][et_pb_column type=\u00bb3_5&#8243; _builder_version=\u00bb4.16&#8243; _module_preset=\u00bbdefault\u00bb global_colors_info=\u00bb{}\u00bb][et_pb_slider admin_label=\u00bbSlider\u00bb module_class=\u00bbdivicon_full_screen_slider \u00bb _builder_version=\u00bb4.27.4&#8243; _module_preset=\u00bbdefault\u00bb custom_margin=\u00bb-80px||20px||false|false\u00bb custom_margin_tablet=\u00bb-80px||||false|false\u00bb custom_margin_phone=\u00bb-102px||||false|false\u00bb custom_margin_last_edited=\u00bbon|phone\u00bb auto=\u00bbon\u00bb auto_speed=\u00bb4000&#8243; auto_ignore_hover=\u00bbon\u00bb hover_transition_duration_tablet=\u00bb\u00bb hover_transition_duration_phone=\u00bb0ms\u00bb hover_transition_duration_last_edited=\u00bbon|phone\u00bb hover_transition_speed_curve_tablet=\u00bb\u00bb hover_transition_speed_curve_phone=\u00bblinear\u00bb hover_transition_speed_curve_last_edited=\u00bbon|phone\u00bb locked=\u00bboff\u00bb global_colors_info=\u00bb{}\u00bb][et_pb_slide image=\u00bbhttps:\/\/festivalpanoramic.cat\/wp-content\/uploads\/2025\/09\/07_panoramic_Terrassa_DSC03221_Marc-Font-scaled.jpg\u00bb _builder_version=\u00bb4.27.4&#8243; _module_preset=\u00bbdefault\u00bb background_color=\u00bbRGBA(255,255,255,0)\u00bb background_enable_color=\u00bbon\u00bb locked=\u00bboff\u00bb global_colors_info=\u00bb{}\u00bb sticky_transition=\u00bbon\u00bb][\/et_pb_slide][et_pb_slide image=\u00bbhttps:\/\/festivalpanoramic.cat\/wp-content\/uploads\/2025\/09\/16_panoramic_Terrassa_DSC03263_Marc-Font-scaled.jpg\u00bb _builder_version=\u00bb4.27.4&#8243; _module_preset=\u00bbdefault\u00bb background_color=\u00bbRGBA(255,255,255,0)\u00bb background_enable_color=\u00bbon\u00bb locked=\u00bboff\u00bb global_colors_info=\u00bb{}\u00bb sticky_transition=\u00bbon\u00bb][\/et_pb_slide][et_pb_slide image=\u00bbhttps:\/\/festivalpanoramic.cat\/wp-content\/uploads\/2025\/09\/52_panoramic_Terrassa_DSC04228_Marc-Font-scaled.jpg\u00bb _builder_version=\u00bb4.27.4&#8243; _module_preset=\u00bbdefault\u00bb background_color=\u00bbRGBA(255,255,255,0)\u00bb background_enable_color=\u00bbon\u00bb locked=\u00bboff\u00bb global_colors_info=\u00bb{}\u00bb sticky_transition=\u00bbon\u00bb][\/et_pb_slide][et_pb_slide image=\u00bbhttps:\/\/festivalpanoramic.cat\/wp-content\/uploads\/2025\/09\/70_panoramic_Terrassa_DSC04550_Marc-Font-scaled.jpg\u00bb _builder_version=\u00bb4.27.4&#8243; _module_preset=\u00bbdefault\u00bb background_color=\u00bbRGBA(255,255,255,0)\u00bb background_enable_color=\u00bbon\u00bb locked=\u00bboff\u00bb global_colors_info=\u00bb{}\u00bb sticky_transition=\u00bbon\u00bb][\/et_pb_slide][et_pb_slide image=\u00bbhttps:\/\/festivalpanoramic.cat\/wp-content\/uploads\/2025\/09\/84_panoramic_Terrassa_DSC04673_Marc-Font-scaled.jpg\u00bb _builder_version=\u00bb4.27.4&#8243; _module_preset=\u00bbdefault\u00bb background_color=\u00bbRGBA(255,255,255,0)\u00bb background_enable_color=\u00bbon\u00bb locked=\u00bboff\u00bb global_colors_info=\u00bb{}\u00bb sticky_transition=\u00bbon\u00bb][\/et_pb_slide][et_pb_slide image=\u00bbhttps:\/\/festivalpanoramic.cat\/wp-content\/uploads\/2025\/09\/85_panoramic_Terrassa_DSC04681_Marc-Font-scaled.jpg\u00bb _builder_version=\u00bb4.27.4&#8243; _module_preset=\u00bbdefault\u00bb background_color=\u00bbRGBA(255,255,255,0)\u00bb background_enable_color=\u00bbon\u00bb locked=\u00bboff\u00bb global_colors_info=\u00bb{}\u00bb sticky_transition=\u00bbon\u00bb][\/et_pb_slide][et_pb_slide image=\u00bbhttps:\/\/festivalpanoramic.cat\/wp-content\/uploads\/2025\/09\/86_panoramic_Terrassa_DSC04682_Marc-Font-scaled.jpg\u00bb _builder_version=\u00bb4.27.4&#8243; _module_preset=\u00bbdefault\u00bb background_color=\u00bbRGBA(255,255,255,0)\u00bb background_enable_color=\u00bbon\u00bb locked=\u00bboff\u00bb global_colors_info=\u00bb{}\u00bb sticky_transition=\u00bbon\u00bb][\/et_pb_slide][\/et_pb_slider][\/et_pb_column][\/et_pb_row][et_pb_row _builder_version=\u00bb4.27.4&#8243; _module_preset=\u00bbdefault\u00bb global_colors_info=\u00bb{}\u00bb][et_pb_column type=\u00bb4_4&#8243; _builder_version=\u00bb4.27.4&#8243; _module_preset=\u00bbdefault\u00bb global_colors_info=\u00bb{}\u00bb][et_pb_text _builder_version=\u00bb4.27.4&#8243; _module_preset=\u00bbdefault\u00bb text_font=\u00bbakrobat light||||||||\u00bb text_text_color=\u00bb#000000&#8243; text_font_size=\u00bb20px\u00bb inline_fonts=\u00bbakrobat extrabold\u00bb global_colors_info=\u00bb{}\u00bb]<\/p>\n<p><span style=\"font-weight: 400;\">Esta exposici\u00f3n explora el concepto de esperanza, no como expectativa pasiva, sino como fuerza activa y creadora del mundo. Partiendo de los marcos filos\u00f3ficos de Gilles Deleuze, Ernst Bloch y Hartmut Rosa, la muestra conecta la imaginaci\u00f3n especulativa con la memoria cultural, especialmente en el contexto mediterr\u00e1neo.<\/span><\/p>\n<p><span style=\"font-weight: 400;\">El t\u00edtulo, \u00ab<\/span><span style=\"font-weight: 400;\">Tant de bo \/ Ojal\u00e1 \/ <\/span><span style=\"font-weight: 400;\">Inxal\u00b7lah<\/span><span style=\"font-weight: 400;\">\u00bb, refleja un puente ling\u00fc\u00edstico y espiritual entre el \u00e1rabe y el espa\u00f1ol, que comparten las ra\u00edces etimol\u00f3gicas de la frase \u00absi Dios quiere\u00bb. Estas expresiones llevan consigo tanto el anhelo personal como la resonancia colectiva, y ofrecen una apertura a las discusiones sobre la identidad, el lenguaje y la pertenencia.<\/span><\/p>\n<p><span style=\"font-weight: 400;\">Est\u00e1 comisariada conjuntamente por Ay\u00e7a Okay, Nadira Aklouche-Laggoune y Merc\u00e8 Alsina, y re\u00fane obras de \u0130rem G\u00fcnayd\u0131n, Elia Kalogianni, Tewa Barnosa, Cem A., Andrea Badia, Claudio Zulian, Merve \u00dcnsal, Doura\u00efd Souissi y Ghyzl\u00e8ne Bouka\u00efla.<\/span><\/p>\n<p>[\/et_pb_text][et_pb_button button_url=\u00bbhttps:\/\/festivalpanoramic.cat\/wp-content\/uploads\/2026\/02\/01_fullsala_OjalaES.pdf\u00bb url_new_window=\u00bbon\u00bb button_text=\u00bbHoja de sala\u00bb button_alignment=\u00bbleft\u00bb button_alignment_tablet=\u00bbleft\u00bb button_alignment_phone=\u00bbcenter\u00bb button_alignment_last_edited=\u00bbon|phone\u00bb _builder_version=\u00bb4.27.4&#8243; _module_preset=\u00bbdefault\u00bb custom_button=\u00bbon\u00bb button_text_color=\u00bb#000000&#8243; button_border_width=\u00bb1px\u00bb button_border_radius=\u00bb0px\u00bb button_font=\u00bbakrobat light||||||||\u00bb custom_margin_tablet=\u00bb||40px||false|false\u00bb custom_margin_phone=\u00bb||41px||false|false\u00bb custom_margin_last_edited=\u00bbon|phone\u00bb custom_padding_tablet=\u00bb\u00bb custom_padding_phone=\u00bb\u00bb custom_padding_last_edited=\u00bbon|phone\u00bb hover_enabled=\u00bb0&#8243; button_text_size_tablet=\u00bb\u00bb button_text_size_phone=\u00bb18px\u00bb button_text_size_last_edited=\u00bbon|phone\u00bb locked=\u00bboff\u00bb global_colors_info=\u00bb{}\u00bb sticky_enabled=\u00bb0&#8243;][\/et_pb_button][\/et_pb_column][\/et_pb_row][\/et_pb_section][et_pb_section fb_built=\u00bb1&#8243; custom_padding_last_edited=\u00bbon|phone\u00bb _builder_version=\u00bb4.25.0&#8243; _module_preset=\u00bbdefault\u00bb background_color=\u00bb#e8e8e8&#8243; custom_padding_tablet=\u00bb\u00bb custom_padding_phone=\u00bb||0px||false|false\u00bb locked=\u00bboff\u00bb collapsed=\u00bboff\u00bb global_colors_info=\u00bb{}\u00bb][et_pb_row column_structure=\u00bb2_3,1_3&#8243; custom_padding_last_edited=\u00bbon|phone\u00bb _builder_version=\u00bb4.27.0&#8243; _module_preset=\u00bbdefault\u00bb width=\u00bb95%\u00bb width_tablet=\u00bb90%\u00bb width_phone=\u00bb90%\u00bb width_last_edited=\u00bbon|phone\u00bb max_width=\u00bb2560px\u00bb custom_margin_tablet=\u00bb\u00bb custom_margin_phone=\u00bb\u00bb custom_margin_last_edited=\u00bbon|phone\u00bb custom_padding=\u00bb0px||||false|false\u00bb custom_padding_tablet=\u00bb0px||||false|false\u00bb custom_padding_phone=\u00bb0px||0px||false|false\u00bb border_width_bottom=\u00bb2px\u00bb global_colors_info=\u00bb{}\u00bb][et_pb_column type=\u00bb2_3&#8243; _builder_version=\u00bb4.16&#8243; _module_preset=\u00bbdefault\u00bb global_colors_info=\u00bb{}\u00bb][et_pb_text _builder_version=\u00bb4.27.4&#8243; _module_preset=\u00bbdefault\u00bb text_font=\u00bbakrobat light||||||||\u00bb text_text_color=\u00bb#000000&#8243; text_font_size=\u00bb20px\u00bb custom_padding=\u00bb1px|||||\u00bb inline_fonts=\u00bbMontserrat extra bold\u00bb global_colors_info=\u00bb{}\u00bb]<\/p>\n<p><span style=\"font-family: 'Montserrat extra bold'; font-weight: normal; font-size: x-large;\">Cem A.<\/span><\/p>\n<p><span style=\"font-weight: 400;\">Cem A. es un artista con formaci\u00f3n en antropolog\u00eda. Es conocido por dirigir la p\u00e1gina de memes de arte @freeze_magazine y por sus instalaciones <\/span><i><span style=\"font-weight: 400;\">in situ<\/span><\/i><span style=\"font-weight: 400;\">. Su obra explora temas como la viralidad y la performatividad, a menudo a trav\u00e9s de proyectos colaborativos.<\/span><\/p>\n<p><span style=\"font-weight: 400;\">Las exposiciones individuales, <\/span><i><span style=\"font-weight: 400;\">performances<\/span><\/i><span style=\"font-weight: 400;\"> e intervenciones de Cem A. han sido incluidas en espacios como la Kunstsammlung NRW &#8211; K21, el Barbican Centre, el ZKM Karlsruhe, la Berlinische Galerie, el Louisiana Museum y el Museum Wiesbaden. Su obra tambi\u00e9n ha sido expuesta en la Documenta Fifteen, la Galer\u00eda de Arte Moderno de Estambul, la Bienal Klima de Viena, la Bienal de Friburgo, la K\u00fcnstlerhaus Bethanien y la XIV Bienal de J\u00f3venes Artistas del Museo de Arte Contempor\u00e1neo de Skopie. Ha impartido conferencias en el Royal College of Art de Londres, el HEAD de Ginebra, la Academia Real de Bellas Artes de Gante, el Pratt Institute de Nueva York, la Universit\u00e4t der K\u00fcnste de Berl\u00edn y el HDK Valand de Gotemburgo.<\/span><\/p>\n<p>[\/et_pb_text][et_pb_social_media_follow icon_color=\u00bb#FFFFFF\u00bb _builder_version=\u00bb4.27.4&#8243; _module_preset=\u00bbdefault\u00bb background_color=\u00bbRGBA(255,255,255,0)\u00bb global_colors_info=\u00bb{}\u00bb][et_pb_social_media_follow_network social_network=\u00bbrss\u00bb url=\u00bbhttps:\/\/www.cem-a.com\/\u00bb _builder_version=\u00bb4.27.4&#8243; _module_preset=\u00bbdefault\u00bb background_color=\u00bb#ff8a3c\u00bb global_colors_info=\u00bb{}\u00bb follow_button=\u00bboff\u00bb url_new_window=\u00bbon\u00bb]rss[\/et_pb_social_media_follow_network][et_pb_social_media_follow_network social_network=\u00bbinstagram\u00bb url=\u00bbhttps:\/\/www.instagram.com\/cem_____a\/\u00bb _builder_version=\u00bb4.27.4&#8243; _module_preset=\u00bbdefault\u00bb background_color=\u00bb#000000&#8243; background_enable_color=\u00bbon\u00bb global_colors_info=\u00bb{}\u00bb follow_button=\u00bboff\u00bb url_new_window=\u00bbon\u00bb]instagram[\/et_pb_social_media_follow_network][\/et_pb_social_media_follow][\/et_pb_column][et_pb_column type=\u00bb1_3&#8243; _builder_version=\u00bb4.16&#8243; _module_preset=\u00bbdefault\u00bb global_colors_info=\u00bb{}\u00bb][et_pb_image src=\u00bbhttps:\/\/festivalpanoramic.cat\/wp-content\/uploads\/2025\/08\/cem_a_panoramic.png\u00bb title_text=\u00bbcem_a_panoramic\u00bb _builder_version=\u00bb4.27.4&#8243; _module_preset=\u00bbdefault\u00bb global_colors_info=\u00bb{}\u00bb][\/et_pb_image][\/et_pb_column][\/et_pb_row][et_pb_row column_structure=\u00bb2_3,1_3&#8243; custom_padding_last_edited=\u00bbon|phone\u00bb _builder_version=\u00bb4.27.4&#8243; _module_preset=\u00bbdefault\u00bb width=\u00bb95%\u00bb width_tablet=\u00bb90%\u00bb width_phone=\u00bb90%\u00bb width_last_edited=\u00bbon|phone\u00bb max_width=\u00bb2560px\u00bb custom_padding_tablet=\u00bb\u00bb custom_padding_phone=\u00bb||0px||false|false\u00bb border_width_bottom=\u00bb2px\u00bb locked=\u00bboff\u00bb global_colors_info=\u00bb{}\u00bb][et_pb_column type=\u00bb2_3&#8243; _builder_version=\u00bb4.16&#8243; _module_preset=\u00bbdefault\u00bb global_colors_info=\u00bb{}\u00bb][et_pb_text _builder_version=\u00bb4.27.4&#8243; _module_preset=\u00bbdefault\u00bb text_font=\u00bbakrobat light||||||||\u00bb text_text_color=\u00bb#000000&#8243; text_font_size=\u00bb20px\u00bb custom_padding=\u00bb1px|||||\u00bb inline_fonts=\u00bbMontserrat extra bold\u00bb global_colors_info=\u00bb{}\u00bb]<\/p>\n<p><span style=\"font-family: 'Montserrat extra bold'; font-weight: normal; font-size: x-large;\"><span style=\"font-weight: 400;\">Nadira Aklouche-Laggoune<\/span><\/span><\/p>\n<p class=\"p1\"><span style=\"font-weight: 400;\">Nadira Aklouche-Laggoune (Argel) es comisaria de exposiciones, cr\u00edtica de arte e investigadora. Licenciada en Artes Dram\u00e1ticas por el Conservatorio Superior de Argel y m\u00e1ster en Cr\u00edtica Audiovisual y Teor\u00eda del Arte por el Instituto Superior de Artes Visuales de Kiev, fue profesora en la Escuela Superior de Bellas Artes de Argel (1986-2020), donde imparti\u00f3 est\u00e9tica y historia de la imagen contempor\u00e1nea y dirigi\u00f3 seminarios sobre arte y soportes audiovisuales. <\/span><\/p>\n<p class=\"p1\"><span style=\"font-weight: 400;\">Ha formado parte de jurados internacionales como el AFAC, el FDATIC, y el Pictet Prize. Autora de numerosos estudios sobre arte argelino y mujeres artistas, ha comisariado exposiciones en Argelia, Dakar y Francia. Entre 2016 y 2022 dirigi\u00f3 el Museo de Arte Moderno y Contempor\u00e1neo de Argel, dinamizando su programaci\u00f3n y su proyecci\u00f3n internacional.<\/span><\/p>\n<p>[\/et_pb_text][\/et_pb_column][et_pb_column type=\u00bb1_3&#8243; _builder_version=\u00bb4.16&#8243; _module_preset=\u00bbdefault\u00bb global_colors_info=\u00bb{}\u00bb][et_pb_image src=\u00bbhttps:\/\/festivalpanoramic.cat\/wp-content\/uploads\/2025\/08\/nadira_aklouche_panoramic.png\u00bb title_text=\u00bbnadira_aklouche_panoramic\u00bb _builder_version=\u00bb4.27.4&#8243; _module_preset=\u00bbdefault\u00bb global_colors_info=\u00bb{}\u00bb][\/et_pb_image][\/et_pb_column][\/et_pb_row][et_pb_row column_structure=\u00bb2_3,1_3&#8243; custom_padding_last_edited=\u00bbon|phone\u00bb _builder_version=\u00bb4.27.4&#8243; _module_preset=\u00bbdefault\u00bb width=\u00bb95%\u00bb width_tablet=\u00bb90%\u00bb width_phone=\u00bb90%\u00bb width_last_edited=\u00bbon|phone\u00bb max_width=\u00bb2560px\u00bb custom_padding_tablet=\u00bb\u00bb custom_padding_phone=\u00bb||0px||false|false\u00bb border_width_bottom=\u00bb2px\u00bb locked=\u00bboff\u00bb global_colors_info=\u00bb{}\u00bb][et_pb_column type=\u00bb2_3&#8243; _builder_version=\u00bb4.16&#8243; _module_preset=\u00bbdefault\u00bb global_colors_info=\u00bb{}\u00bb][et_pb_text _builder_version=\u00bb4.27.4&#8243; _module_preset=\u00bbdefault\u00bb text_font=\u00bbakrobat light||||||||\u00bb text_text_color=\u00bb#000000&#8243; text_font_size=\u00bb20px\u00bb custom_padding=\u00bb1px|||||\u00bb inline_fonts=\u00bbMontserrat extra bold\u00bb global_colors_info=\u00bb{}\u00bb]<\/p>\n<p><span style=\"font-family: 'Montserrat extra bold'; font-weight: normal; font-size: x-large;\">Merc\u00e8 Alsina<\/span><\/p>\n<p><span style=\"font-weight: 400;\">Merc\u00e8 Alsina (Barcelona, 1966) es doctora <\/span><i><span style=\"font-weight: 400;\">cum laude<\/span><\/i><span style=\"font-weight: 400;\"> en Historia del Arte, curadora independiente y periodista. Ha investigado temas como el impacto de la globalidad en las producciones art\u00edsticas y su circulaci\u00f3n, cuestiones de identidad y representaci\u00f3n hist\u00f3rica, el materialismo especulativo y la naturaleza de los objetos, el videoensayo como pr\u00e1ctica de resistencia, la fotograf\u00eda cr\u00edtica y la representaci\u00f3n de la violencia, o la relaci\u00f3n entre la escritura y el arte, entre otros. Forma parte del equipo curatorial del festival Panor\u00e0mic desde el 2020. Autora del ensayo <\/span><i><span style=\"font-weight: 400;\">Massacre<\/span><\/i><span style=\"font-weight: 400;\"> (2025). Premio ACCA 2024 a la mejor programaci\u00f3n expositiva de arte contempor\u00e1neo en Catalu\u00f1a, otorgado por la Asociaci\u00f3n Catalana de Cr\u00edticos de Arte, por la programaci\u00f3n del ciclo \u00absantcorneliarts(2)\u00bb en Cardedeu, que dirige con el artista Enric Maur\u00ed desde el 2017.<\/span><\/p>\n<p>[\/et_pb_text][et_pb_social_media_follow icon_color=\u00bb#FFFFFF\u00bb _builder_version=\u00bb4.27.4&#8243; _module_preset=\u00bbdefault\u00bb background_color=\u00bbRGBA(255,255,255,0)\u00bb global_colors_info=\u00bb{}\u00bb][et_pb_social_media_follow_network social_network=\u00bbinstagram\u00bb url=\u00bbhttps:\/\/www.instagram.com\/mercealsina1\/\u00bb _builder_version=\u00bb4.27.4&#8243; _module_preset=\u00bbdefault\u00bb background_color=\u00bb#000000&#8243; background_enable_color=\u00bbon\u00bb global_colors_info=\u00bb{}\u00bb follow_button=\u00bboff\u00bb url_new_window=\u00bbon\u00bb]instagram[\/et_pb_social_media_follow_network][\/et_pb_social_media_follow][\/et_pb_column][et_pb_column type=\u00bb1_3&#8243; _builder_version=\u00bb4.16&#8243; _module_preset=\u00bbdefault\u00bb global_colors_info=\u00bb{}\u00bb][et_pb_image src=\u00bbhttps:\/\/festivalpanoramic.cat\/wp-content\/uploads\/2025\/08\/merce_alsina_panoramic_25.png\u00bb title_text=\u00bbmerce_alsina_panoramic_25&#8243; _builder_version=\u00bb4.27.4&#8243; _module_preset=\u00bbdefault\u00bb global_colors_info=\u00bb{}\u00bb][\/et_pb_image][\/et_pb_column][\/et_pb_row][et_pb_row column_structure=\u00bb2_3,1_3&#8243; custom_padding_last_edited=\u00bbon|phone\u00bb _builder_version=\u00bb4.27.4&#8243; _module_preset=\u00bbdefault\u00bb width=\u00bb95%\u00bb width_tablet=\u00bb90%\u00bb width_phone=\u00bb90%\u00bb width_last_edited=\u00bbon|phone\u00bb max_width=\u00bb2560px\u00bb custom_padding_tablet=\u00bb\u00bb custom_padding_phone=\u00bb||0px||false|false\u00bb border_width_bottom=\u00bb2px\u00bb locked=\u00bboff\u00bb global_colors_info=\u00bb{}\u00bb][et_pb_column type=\u00bb2_3&#8243; _builder_version=\u00bb4.16&#8243; _module_preset=\u00bbdefault\u00bb global_colors_info=\u00bb{}\u00bb][et_pb_text _builder_version=\u00bb4.27.4&#8243; _module_preset=\u00bbdefault\u00bb text_font=\u00bbakrobat light||||||||\u00bb text_text_color=\u00bb#000000&#8243; text_font_size=\u00bb20px\u00bb custom_padding=\u00bb1px|||||\u00bb inline_fonts=\u00bbMontserrat extra bold\u00bb global_colors_info=\u00bb{}\u00bb]<\/p>\n<p><span style=\"font-family: 'Montserrat extra bold'; font-weight: normal; font-size: x-large;\">Andrea Badia<\/span><\/p>\n<p><span style=\"font-weight: 400;\">La obra de Andrea Badia (nddr3) se enmarca en el concepto de posnatura, en que la tecnolog\u00eda y los procesos org\u00e1nicos se convierten en herramientas para la creaci\u00f3n contempor\u00e1nea. Su pr\u00e1ctica explora las tensiones y los puntos de encuentro entre lo natural y lo digital, en un contexto de hibridaci\u00f3n creciente. <\/span><\/p>\n<p><span style=\"font-weight: 400;\">Integra programaci\u00f3n creativa, impresi\u00f3n 3D y dise\u00f1o generativo para reinterpretar fen\u00f3menos propios de los ecosistemas naturales. Este enfoque permite abordar cuestiones como la crisis ecol\u00f3gica, el impacto de las tecnolog\u00edas emergentes o las nuevas formas de interacci\u00f3n entre especies. Sus proyectos generan experiencias inmersivas que desdibujan los l\u00edmites entre lo f\u00edsico y lo virtual, y ponen en cuesti\u00f3n las nociones tradicionales de \u00abnatural\u00bb y \u00abartificial\u00bb.<\/span><\/p>\n<p>[\/et_pb_text][et_pb_social_media_follow icon_color=\u00bb#FFFFFF\u00bb _builder_version=\u00bb4.27.4&#8243; _module_preset=\u00bbdefault\u00bb background_color=\u00bbRGBA(255,255,255,0)\u00bb global_colors_info=\u00bb{}\u00bb][et_pb_social_media_follow_network social_network=\u00bbinstagram\u00bb url=\u00bbhttps:\/\/www.instagram.com\/nddr3\/\u00bb _builder_version=\u00bb4.27.4&#8243; _module_preset=\u00bbdefault\u00bb background_color=\u00bb#000000&#8243; background_enable_color=\u00bbon\u00bb global_colors_info=\u00bb{}\u00bb follow_button=\u00bboff\u00bb url_new_window=\u00bbon\u00bb]instagram[\/et_pb_social_media_follow_network][et_pb_social_media_follow_network social_network=\u00bbtiktok\u00bb url=\u00bbhttps:\/\/www.tiktok.com\/@nddr3&#8243; _builder_version=\u00bb4.27.4&#8243; _module_preset=\u00bbdefault\u00bb background_color=\u00bb#fe2c55&#8243; global_colors_info=\u00bb{}\u00bb follow_button=\u00bboff\u00bb url_new_window=\u00bbon\u00bb]tiktok[\/et_pb_social_media_follow_network][\/et_pb_social_media_follow][\/et_pb_column][et_pb_column type=\u00bb1_3&#8243; _builder_version=\u00bb4.16&#8243; _module_preset=\u00bbdefault\u00bb global_colors_info=\u00bb{}\u00bb][et_pb_image src=\u00bbhttps:\/\/festivalpanoramic.cat\/wp-content\/uploads\/2025\/08\/andrea_badia_panoramic.png\u00bb title_text=\u00bbandrea_badia_panoramic\u00bb _builder_version=\u00bb4.27.4&#8243; _module_preset=\u00bbdefault\u00bb global_colors_info=\u00bb{}\u00bb][\/et_pb_image][\/et_pb_column][\/et_pb_row][et_pb_row column_structure=\u00bb2_3,1_3&#8243; custom_padding_last_edited=\u00bbon|phone\u00bb _builder_version=\u00bb4.27.4&#8243; _module_preset=\u00bbdefault\u00bb width=\u00bb95%\u00bb width_tablet=\u00bb90%\u00bb width_phone=\u00bb90%\u00bb width_last_edited=\u00bbon|phone\u00bb max_width=\u00bb2560px\u00bb custom_padding_tablet=\u00bb\u00bb custom_padding_phone=\u00bb||0px||false|false\u00bb border_width_bottom=\u00bb2px\u00bb locked=\u00bboff\u00bb global_colors_info=\u00bb{}\u00bb][et_pb_column type=\u00bb2_3&#8243; _builder_version=\u00bb4.16&#8243; _module_preset=\u00bbdefault\u00bb global_colors_info=\u00bb{}\u00bb][et_pb_text _builder_version=\u00bb4.27.4&#8243; _module_preset=\u00bbdefault\u00bb text_font=\u00bbakrobat light||||||||\u00bb text_text_color=\u00bb#000000&#8243; text_font_size=\u00bb20px\u00bb custom_padding=\u00bb1px|||||\u00bb inline_fonts=\u00bbMontserrat extra bold\u00bb global_colors_info=\u00bb{}\u00bb]<\/p>\n<p><span style=\"font-family: 'Montserrat extra bold'; font-weight: normal; font-size: x-large;\">Tewa Barnosa<\/span><\/p>\n<p><span style=\"font-weight: 400;\">Tewa Barnosa (1998) es una artista interdisciplinar y productora cultural que desarrolla su pr\u00e1ctica entre Tr\u00edpoli y \u00c1msterdam. Su trabajo abarca las artes visuales, los medios temporales, la <\/span><i><span style=\"font-weight: 400;\">performance<\/span><\/i><span style=\"font-weight: 400;\">, la investigaci\u00f3n pedag\u00f3gica y la colaboraci\u00f3n curatorial. Basada en la observaci\u00f3n cr\u00edtica y en la interpretaci\u00f3n del conocimiento a partir de la investigaci\u00f3n, explora narrativas hist\u00f3ricas y pol\u00edticas con un inter\u00e9s particular por el lenguaje y por modos de comunicaci\u00f3n y existencia anticoloniales.<\/span><\/p>\n<p><span style=\"font-weight: 400;\">En su pr\u00e1ctica, contextualiza im\u00e1genes, sonidos y objetos, al tiempo que investiga archivos de guerra, la literatura oral libia y amazig, la ficci\u00f3n y las mitolog\u00edas. Sus obras ponen en evidencia la alienaci\u00f3n humana y las turbulencias socioecol\u00f3gicas, en di\u00e1logo con nociones de la guerra contempor\u00e1nea y con las violaciones de los medios cognitivos y culturales de resistencia. De este modo, su trabajo no solo se inscribe en el terreno art\u00edstico, sino que tambi\u00e9n abre un espacio de reflexi\u00f3n cr\u00edtica sobre la memoria, la identidad y los mecanismos de poder en las sociedades actuales.<\/span><\/p>\n<p>[\/et_pb_text][et_pb_social_media_follow icon_color=\u00bb#FFFFFF\u00bb _builder_version=\u00bb4.27.4&#8243; _module_preset=\u00bbdefault\u00bb background_color=\u00bbRGBA(255,255,255,0)\u00bb global_colors_info=\u00bb{}\u00bb][et_pb_social_media_follow_network social_network=\u00bbinstagram\u00bb url=\u00bbhttps:\/\/www.instagram.com\/tewa_barnosa\/\u00bb _builder_version=\u00bb4.27.4&#8243; _module_preset=\u00bbdefault\u00bb background_color=\u00bb#000000&#8243; background_enable_color=\u00bbon\u00bb global_colors_info=\u00bb{}\u00bb follow_button=\u00bboff\u00bb url_new_window=\u00bbon\u00bb]instagram[\/et_pb_social_media_follow_network][et_pb_social_media_follow_network social_network=\u00bbrss\u00bb url=\u00bbhttps:\/\/tewabarnosa.com\/\u00bb _builder_version=\u00bb4.27.4&#8243; _module_preset=\u00bbdefault\u00bb background_color=\u00bb#ff8a3c\u00bb global_colors_info=\u00bb{}\u00bb follow_button=\u00bboff\u00bb url_new_window=\u00bbon\u00bb]rss[\/et_pb_social_media_follow_network][\/et_pb_social_media_follow][\/et_pb_column][et_pb_column type=\u00bb1_3&#8243; _builder_version=\u00bb4.16&#8243; _module_preset=\u00bbdefault\u00bb global_colors_info=\u00bb{}\u00bb][et_pb_image src=\u00bbhttps:\/\/festivalpanoramic.cat\/wp-content\/uploads\/2025\/08\/tewa_barnosa.png\u00bb title_text=\u00bbtewa_barnosa\u00bb _builder_version=\u00bb4.27.4&#8243; _module_preset=\u00bbdefault\u00bb global_colors_info=\u00bb{}\u00bb][\/et_pb_image][\/et_pb_column][\/et_pb_row][et_pb_row column_structure=\u00bb2_3,1_3&#8243; custom_padding_last_edited=\u00bbon|phone\u00bb _builder_version=\u00bb4.27.4&#8243; _module_preset=\u00bbdefault\u00bb width=\u00bb95%\u00bb width_tablet=\u00bb90%\u00bb width_phone=\u00bb90%\u00bb width_last_edited=\u00bbon|phone\u00bb max_width=\u00bb2560px\u00bb custom_padding_tablet=\u00bb\u00bb custom_padding_phone=\u00bb||0px||false|false\u00bb border_width_bottom=\u00bb2px\u00bb locked=\u00bboff\u00bb global_colors_info=\u00bb{}\u00bb][et_pb_column type=\u00bb2_3&#8243; _builder_version=\u00bb4.16&#8243; _module_preset=\u00bbdefault\u00bb global_colors_info=\u00bb{}\u00bb][et_pb_text _builder_version=\u00bb4.27.4&#8243; _module_preset=\u00bbdefault\u00bb text_font=\u00bbakrobat light||||||||\u00bb text_text_color=\u00bb#000000&#8243; text_font_size=\u00bb20px\u00bb custom_padding=\u00bb1px|||||\u00bb inline_fonts=\u00bbMontserrat extra bold\u00bb global_colors_info=\u00bb{}\u00bb]<\/p>\n<p><span style=\"font-family: 'Montserrat extra bold'; font-weight: normal; font-size: x-large;\">Ghyzl\u00e8ne Bouka\u00efla<\/span><\/p>\n<p class=\"p1\"><span style=\"font-weight: 400;\">Nacida en Argel en 1993, Ghyzl\u00e8ne Bouka\u00efla vive y trabaja en dicha ciudad. Su pr\u00e1ctica visual y f\u00edlmica explora las fronteras porosas entre la realidad y la ficci\u00f3n. Entre la ficci\u00f3n especulativa y los dispositivos inmersivos, su obra explora territorios liminales: lugares de espera, tr\u00e1nsito y anonimato, como centros activos de memoria y resistencia. A partir de la investigaci\u00f3n documental arraigada en narrativas poscoloniales y antropoc\u00e9ntricas, Ghyzl\u00e8ne desarrolla formas fragmentadas que permiten el surgimiento de nuevas lecturas de la realidad. <\/span><\/p>\n<p class=\"p1\"><span style=\"font-weight: 400;\">Su obra se ha presentado en el Instituto del Mundo \u00c1rabe, el Festival de Cine de Tampere (Finlandia), los Encuentros Internacionales Par\u00eds\/Berl\u00edn, la Bienal de Arte Contempor\u00e1neo Jaou (T\u00fanez) y el 100% en La Villette, entre otros.<\/span><\/p>\n<p>[\/et_pb_text][et_pb_social_media_follow icon_color=\u00bb#FFFFFF\u00bb _builder_version=\u00bb4.27.4&#8243; _module_preset=\u00bbdefault\u00bb background_color=\u00bbRGBA(255,255,255,0)\u00bb global_colors_info=\u00bb{}\u00bb][et_pb_social_media_follow_network social_network=\u00bbinstagram\u00bb url=\u00bbhttps:\/\/www.instagram.com\/ghyzlene_b\/\u00bb _builder_version=\u00bb4.27.4&#8243; _module_preset=\u00bbdefault\u00bb background_color=\u00bb#000000&#8243; background_enable_color=\u00bbon\u00bb global_colors_info=\u00bb{}\u00bb follow_button=\u00bboff\u00bb url_new_window=\u00bbon\u00bb]instagram[\/et_pb_social_media_follow_network][\/et_pb_social_media_follow][\/et_pb_column][et_pb_column type=\u00bb1_3&#8243; _builder_version=\u00bb4.16&#8243; _module_preset=\u00bbdefault\u00bb global_colors_info=\u00bb{}\u00bb][et_pb_image src=\u00bbhttps:\/\/festivalpanoramic.cat\/wp-content\/uploads\/2025\/08\/ghyzlene_boukaila_panoramic.png\u00bb title_text=\u00bbghyzlene_boukaila_panoramic\u00bb _builder_version=\u00bb4.27.4&#8243; _module_preset=\u00bbdefault\u00bb global_colors_info=\u00bb{}\u00bb][\/et_pb_image][\/et_pb_column][\/et_pb_row][et_pb_row column_structure=\u00bb2_3,1_3&#8243; custom_padding_last_edited=\u00bbon|phone\u00bb _builder_version=\u00bb4.27.4&#8243; _module_preset=\u00bbdefault\u00bb width=\u00bb95%\u00bb width_tablet=\u00bb90%\u00bb width_phone=\u00bb90%\u00bb width_last_edited=\u00bbon|phone\u00bb max_width=\u00bb2560px\u00bb custom_padding_tablet=\u00bb\u00bb custom_padding_phone=\u00bb||0px||false|false\u00bb border_width_bottom=\u00bb2px\u00bb locked=\u00bboff\u00bb global_colors_info=\u00bb{}\u00bb][et_pb_column type=\u00bb2_3&#8243; _builder_version=\u00bb4.16&#8243; _module_preset=\u00bbdefault\u00bb global_colors_info=\u00bb{}\u00bb][et_pb_text _builder_version=\u00bb4.27.4&#8243; _module_preset=\u00bbdefault\u00bb text_font=\u00bbakrobat light||||||||\u00bb text_text_color=\u00bb#000000&#8243; text_font_size=\u00bb20px\u00bb custom_padding=\u00bb1px|||||\u00bb inline_fonts=\u00bbMontserrat extra bold\u00bb global_colors_info=\u00bb{}\u00bb]<\/p>\n<p><span style=\"font-family: 'Montserrat extra bold'; font-weight: normal; font-size: x-large;\">\u0130rem G\u00fcnayd\u0131n<\/span><\/p>\n<p class=\"p1\"><span style=\"font-weight: 400;\">\u0130rem G\u00fcnayd\u0131n es una artista residente en Estambul. Su obra se desarrolla a trav\u00e9s de la escritura como herramienta especulativa y paraficcional, explorando las condiciones de la creaci\u00f3n art\u00edstica al interactuar con los l\u00edmites de la narrativa, la forma y la memoria institucional. Oscilando entre gestos textuales y espaciales, trabaja a trav\u00e9s de diversos medios para construir infraestructuras est\u00e9ticas que investigan lo descartado, lo suplementario, lo mal archivado, lo malinterpretado. <\/span><\/p>\n<p class=\"p1\"><span style=\"font-weight: 400;\">La obra de G\u00fcnayd\u0131n a menudo se encuentra en estados de adyacencia: escritura y escultura, archivo y excavaci\u00f3n, molde y monumento, figura y sombra. Interact\u00faa con y a trav\u00e9s de las lagunas de los sistemas de conocimiento, ofreciendo no un cierre, sino una desorientaci\u00f3n cuidadosamente construida. En lo que queda despu\u00e9s de la historia, despu\u00e9s del arte, despu\u00e9s de la autor\u00eda, es donde comienza su obra.<\/span><\/p>\n<p class=\"p1\">[\/et_pb_text][et_pb_social_media_follow icon_color=\u00bb#FFFFFF\u00bb _builder_version=\u00bb4.27.4&#8243; _module_preset=\u00bbdefault\u00bb background_color=\u00bbRGBA(255,255,255,0)\u00bb global_colors_info=\u00bb{}\u00bb][et_pb_social_media_follow_network social_network=\u00bbrss\u00bb url=\u00bbhttps:\/\/iremgunaydin.com\/?fbclid=PAZXh0bgNhZW0CMTEAAaf1Lfq1ra07znNS7kCwOPzV_iN-sY9GoMjvQgxxGt9O4W2rvPXD93b_CeCSeQ_aem_qDHmhxMfBkssJXThzbSfDg\u00bb _builder_version=\u00bb4.27.4&#8243; _module_preset=\u00bbdefault\u00bb background_color=\u00bb#ff8a3c\u00bb global_colors_info=\u00bb{}\u00bb follow_button=\u00bboff\u00bb url_new_window=\u00bbon\u00bb]rss[\/et_pb_social_media_follow_network][et_pb_social_media_follow_network social_network=\u00bbinstagram\u00bb url=\u00bbhttps:\/\/www.instagram.com\/fourthisbullshit\/\u00bb _builder_version=\u00bb4.27.4&#8243; _module_preset=\u00bbdefault\u00bb background_color=\u00bb#000000&#8243; background_enable_color=\u00bbon\u00bb global_colors_info=\u00bb{}\u00bb follow_button=\u00bboff\u00bb url_new_window=\u00bbon\u00bb]instagram[\/et_pb_social_media_follow_network][\/et_pb_social_media_follow][\/et_pb_column][et_pb_column type=\u00bb1_3&#8243; _builder_version=\u00bb4.16&#8243; _module_preset=\u00bbdefault\u00bb global_colors_info=\u00bb{}\u00bb][et_pb_image src=\u00bbhttps:\/\/festivalpanoramic.cat\/wp-content\/uploads\/2025\/08\/irem_gunaydin.png\u00bb title_text=\u00bbirem_gunaydin\u00bb _builder_version=\u00bb4.27.4&#8243; _module_preset=\u00bbdefault\u00bb global_colors_info=\u00bb{}\u00bb][\/et_pb_image][\/et_pb_column][\/et_pb_row][et_pb_row column_structure=\u00bb2_3,1_3&#8243; custom_padding_last_edited=\u00bbon|phone\u00bb _builder_version=\u00bb4.27.4&#8243; _module_preset=\u00bbdefault\u00bb width=\u00bb95%\u00bb width_tablet=\u00bb90%\u00bb width_phone=\u00bb90%\u00bb width_last_edited=\u00bbon|phone\u00bb max_width=\u00bb2560px\u00bb custom_padding_tablet=\u00bb\u00bb custom_padding_phone=\u00bb||0px||false|false\u00bb border_width_bottom=\u00bb2px\u00bb locked=\u00bboff\u00bb global_colors_info=\u00bb{}\u00bb][et_pb_column type=\u00bb2_3&#8243; _builder_version=\u00bb4.16&#8243; _module_preset=\u00bbdefault\u00bb global_colors_info=\u00bb{}\u00bb][et_pb_text _builder_version=\u00bb4.27.4&#8243; _module_preset=\u00bbdefault\u00bb text_font=\u00bbakrobat light||||||||\u00bb text_text_color=\u00bb#000000&#8243; text_font_size=\u00bb20px\u00bb custom_padding=\u00bb1px|||||\u00bb inline_fonts=\u00bbMontserrat extra bold\u00bb global_colors_info=\u00bb{}\u00bb]<\/p>\n<p><span style=\"font-family: 'Montserrat extra bold'; font-weight: normal; font-size: x-large;\">Elia Kalogianni<\/span><\/p>\n<p><span style=\"font-weight: 400;\">Elia Kalogianni (Atenas, 1995) es una artista y cineasta interdisciplinaria residente entre \u00c1msterdam y Atenas. Su pr\u00e1ctica explora temas que abarcan desde la tradici\u00f3n y sus representaciones mnemot\u00e9cnicas hasta las din\u00e1micas de poder y la vigilancia dentro de los marcos psicosociales contempor\u00e1neos. Trabajando con cine, instalaciones espaciales, gestos audiovisuales y escult\u00f3ricos, ensayos de imagen en movimiento y fotograf\u00eda, Kalogianni investiga las fluidas fronteras entre la realidad y la imaginaci\u00f3n.<\/span><\/p>\n<p><span style=\"font-weight: 400;\">Su obra se ha presentado en instituciones y espacios como el Museo Stedelijk, la Bienal de Venecia (2024), Art Rotterdam, Galleria17, Muziekgebouw y el Teatro Internacional de \u00c1msterdam (ITA). Sus pel\u00edculas se han proyectado y premiado en numerosos festivales internacionales de cine, como el Festival Internacional de Cine de R\u00f3terdam (IFFR), el Festival de Cine de los Pa\u00edses Bajos (NFF) y el Setting Sun Film Festival (SSFF) de Melbourne. Fue nominada a los Premios de la Academia de Cine Hel\u00e9nica (2021) y recibi\u00f3 una menci\u00f3n especial en el Laboratorio de Investigaci\u00f3n Eye on Art, organizado por el Eye Filmmuseum (2019).<\/span><\/p>\n<p>[\/et_pb_text][et_pb_social_media_follow icon_color=\u00bb#FFFFFF\u00bb _builder_version=\u00bb4.27.4&#8243; _module_preset=\u00bbdefault\u00bb background_color=\u00bbRGBA(255,255,255,0)\u00bb global_colors_info=\u00bb{}\u00bb][et_pb_social_media_follow_network social_network=\u00bbinstagram\u00bb url=\u00bbhttps:\/\/www.instagram.com\/elia_kal\/\u00bb _builder_version=\u00bb4.27.4&#8243; _module_preset=\u00bbdefault\u00bb background_color=\u00bb#000000&#8243; background_enable_color=\u00bbon\u00bb global_colors_info=\u00bb{}\u00bb follow_button=\u00bboff\u00bb url_new_window=\u00bbon\u00bb]instagram[\/et_pb_social_media_follow_network][\/et_pb_social_media_follow][\/et_pb_column][et_pb_column type=\u00bb1_3&#8243; _builder_version=\u00bb4.16&#8243; _module_preset=\u00bbdefault\u00bb global_colors_info=\u00bb{}\u00bb][et_pb_image src=\u00bbhttps:\/\/festivalpanoramic.cat\/wp-content\/uploads\/2025\/08\/elia_kalogianni_panoramic.png\u00bb title_text=\u00bbelia_kalogianni_panoramic\u00bb _builder_version=\u00bb4.27.4&#8243; _module_preset=\u00bbdefault\u00bb global_colors_info=\u00bb{}\u00bb][\/et_pb_image][\/et_pb_column][\/et_pb_row][et_pb_row column_structure=\u00bb2_3,1_3&#8243; custom_padding_last_edited=\u00bbon|phone\u00bb _builder_version=\u00bb4.27.4&#8243; _module_preset=\u00bbdefault\u00bb width=\u00bb95%\u00bb width_tablet=\u00bb90%\u00bb width_phone=\u00bb90%\u00bb width_last_edited=\u00bbon|phone\u00bb max_width=\u00bb2560px\u00bb custom_padding_tablet=\u00bb\u00bb custom_padding_phone=\u00bb||0px||false|false\u00bb border_width_bottom=\u00bb2px\u00bb locked=\u00bboff\u00bb global_colors_info=\u00bb{}\u00bb][et_pb_column type=\u00bb2_3&#8243; _builder_version=\u00bb4.16&#8243; _module_preset=\u00bbdefault\u00bb global_colors_info=\u00bb{}\u00bb][et_pb_text _builder_version=\u00bb4.27.4&#8243; _module_preset=\u00bbdefault\u00bb text_font=\u00bbakrobat light||||||||\u00bb text_text_color=\u00bb#000000&#8243; text_font_size=\u00bb20px\u00bb custom_padding=\u00bb1px|||||\u00bb inline_fonts=\u00bbMontserrat extra bold\u00bb global_colors_info=\u00bb{}\u00bb]<\/p>\n<p><span style=\"font-family: 'Montserrat extra bold'; font-weight: normal; font-size: x-large;\">Ay\u00e7a Okay<\/span><\/p>\n<p><span style=\"font-weight: 400;\">Ay\u00e7a Okay es comisaria y gestora cultural, miembro de la Asociaci\u00f3n Internacional de Cr\u00edticos de Arte (AICA ) deTurqu\u00eda, el Comit\u00e9 Internacional para Museos y Colecciones de Arte (CIMAM) y el Consejo Internacional de Museos (ICOM). Sus investigaciones en el arte contempor\u00e1neo parten de una metodolog\u00eda que combina un enfoque curatorial hol\u00edstico con el intercambio intelectual, potenciando colaboraciones sostenibles en las regiones europea y del Asia occidental y del norte de \u00c1frica.\u00a0<\/span><\/p>\n<p><span style=\"font-weight: 400;\">Desde 2018 ha comisariado exposiciones y proyectos de colecci\u00f3n para instituciones como el Museo BAKSI, Loop Barcelona, Borusan Contemporary, Contemporary Istanbul Foundation, Zico House Beirut, Performistanbul, Scope Berlin y Vorfluter Projektraum, adem\u00e1s de dirigir encargos culturales para Turkish Airlines, SANKO y QNB Finansbank. Internacionalmente, ha participado en el Oslo Open International Curators Visit Program y en el Museo Nacional de Arte Contempor\u00e1neo (EMST) de Atenas y fue finalista del Crack International Art Camp en Banglad\u00e9s.<\/span><\/p>\n<p>[\/et_pb_text][et_pb_social_media_follow icon_color=\u00bb#FFFFFF\u00bb _builder_version=\u00bb4.27.4&#8243; _module_preset=\u00bbdefault\u00bb background_color=\u00bbRGBA(255,255,255,0)\u00bb global_colors_info=\u00bb{}\u00bb][et_pb_social_media_follow_network social_network=\u00bbrss\u00bb url=\u00bbhttps:\/\/aycaokay.com\/?fbclid=PAZXh0bgNhZW0CMTEAAacpoMbJvEJRd3Lj-6Rlisrfy1bVK-3GX7G3X04vcvTvIv2P2mdwYXQ1rkYTJA_aem_5x8ElAlLQOa8df5rS8_F9A\u00bb _builder_version=\u00bb4.27.4&#8243; _module_preset=\u00bbdefault\u00bb background_color=\u00bb#ff8a3c\u00bb global_colors_info=\u00bb{}\u00bb follow_button=\u00bboff\u00bb url_new_window=\u00bbon\u00bb]rss[\/et_pb_social_media_follow_network][et_pb_social_media_follow_network social_network=\u00bbinstagram\u00bb url=\u00bbhttps:\/\/www.instagram.com\/aycaokay\/\u00bb _builder_version=\u00bb4.27.4&#8243; _module_preset=\u00bbdefault\u00bb background_color=\u00bb#000000&#8243; background_enable_color=\u00bbon\u00bb global_colors_info=\u00bb{}\u00bb follow_button=\u00bboff\u00bb url_new_window=\u00bbon\u00bb]instagram[\/et_pb_social_media_follow_network][\/et_pb_social_media_follow][\/et_pb_column][et_pb_column type=\u00bb1_3&#8243; _builder_version=\u00bb4.16&#8243; _module_preset=\u00bbdefault\u00bb global_colors_info=\u00bb{}\u00bb][et_pb_image src=\u00bbhttps:\/\/festivalpanoramic.cat\/wp-content\/uploads\/2025\/08\/aica_okay_panoramic.png\u00bb title_text=\u00bbaica_okay_panoramic\u00bb _builder_version=\u00bb4.27.4&#8243; _module_preset=\u00bbdefault\u00bb global_colors_info=\u00bb{}\u00bb][\/et_pb_image][\/et_pb_column][\/et_pb_row][et_pb_row column_structure=\u00bb2_3,1_3&#8243; custom_padding_last_edited=\u00bbon|phone\u00bb _builder_version=\u00bb4.27.4&#8243; _module_preset=\u00bbdefault\u00bb width=\u00bb95%\u00bb width_tablet=\u00bb90%\u00bb width_phone=\u00bb90%\u00bb width_last_edited=\u00bbon|phone\u00bb max_width=\u00bb2560px\u00bb custom_padding_tablet=\u00bb\u00bb custom_padding_phone=\u00bb||0px||false|false\u00bb border_width_bottom=\u00bb2px\u00bb locked=\u00bboff\u00bb global_colors_info=\u00bb{}\u00bb][et_pb_column type=\u00bb2_3&#8243; _builder_version=\u00bb4.16&#8243; _module_preset=\u00bbdefault\u00bb global_colors_info=\u00bb{}\u00bb][et_pb_text _builder_version=\u00bb4.27.4&#8243; _module_preset=\u00bbdefault\u00bb text_font=\u00bbakrobat light||||||||\u00bb text_text_color=\u00bb#000000&#8243; text_font_size=\u00bb20px\u00bb custom_padding=\u00bb1px|||||\u00bb inline_fonts=\u00bbMontserrat extra bold\u00bb global_colors_info=\u00bb{}\u00bb]<\/p>\n<p><span style=\"font-family: 'Montserrat extra bold'; font-weight: normal; font-size: x-large;\">Doura\u00efd Souissi<\/span><\/p>\n<p class=\"p1\"><span style=\"font-weight: 400;\">El fot\u00f3grafo y artista visual tunecino Doura\u00efd Souissi realiza retratos de gran formato que muestran a j\u00f3venes marginados, a la deriva en un vasto silencio oscuro y vac\u00edo, d\u00e1ndole la espalda a la c\u00e1mara, al mundo y a las falsas promesas de ambos. Con sutileza, explora las esperanzas y frustraciones de la revoluci\u00f3n y la fragilidad del individuo en sociedades en transformaci\u00f3n acelerada, y evoca temas universales como la injusticia, la alienaci\u00f3n, el exilio, la libertad, la identidad, la masculinidad y el papel de las im\u00e1genes. <\/span><\/p>\n<p class=\"p1\"><span style=\"font-weight: 400;\">En un mundo regido por el individualismo, la codicia, la tecnolog\u00eda y el conflicto, sus obras buscan devolver la fe en la humildad y el amor necesarios para que los seres humanos puedan comprenderse entre s\u00ed. Nos invitan a mirar con la urgencia espiritual de reconocer y salvaguardar la dignidad del otro.<\/span><\/p>\n<p>[\/et_pb_text][et_pb_social_media_follow icon_color=\u00bb#FFFFFF\u00bb _builder_version=\u00bb4.27.4&#8243; _module_preset=\u00bbdefault\u00bb background_color=\u00bbRGBA(255,255,255,0)\u00bb global_colors_info=\u00bb{}\u00bb][et_pb_social_media_follow_network social_network=\u00bbrss\u00bb url=\u00bbhttps:\/\/www.douraid-souissi.com\/?fbclid=PAZXh0bgNhZW0CMTEAAadYp9cKQsE3UqDAXBwbK3Xa5YJoUqjtWa6niQjnaTmvYNaEN6iSheCFRuchHg_aem_sknjITSMYlmeEgoIgQyIkQ\u00bb _builder_version=\u00bb4.27.4&#8243; _module_preset=\u00bbdefault\u00bb background_color=\u00bb#ff8a3c\u00bb global_colors_info=\u00bb{}\u00bb follow_button=\u00bboff\u00bb url_new_window=\u00bbon\u00bb]rss[\/et_pb_social_media_follow_network][et_pb_social_media_follow_network social_network=\u00bbinstagram\u00bb url=\u00bbhttps:\/\/www.instagram.com\/douraidsouissi\/\u00bb _builder_version=\u00bb4.27.4&#8243; _module_preset=\u00bbdefault\u00bb background_color=\u00bb#000000&#8243; background_enable_color=\u00bbon\u00bb global_colors_info=\u00bb{}\u00bb follow_button=\u00bboff\u00bb url_new_window=\u00bbon\u00bb]instagram[\/et_pb_social_media_follow_network][\/et_pb_social_media_follow][\/et_pb_column][et_pb_column type=\u00bb1_3&#8243; _builder_version=\u00bb4.16&#8243; _module_preset=\u00bbdefault\u00bb global_colors_info=\u00bb{}\u00bb][et_pb_image src=\u00bbhttps:\/\/festivalpanoramic.cat\/wp-content\/uploads\/2025\/08\/Douraid_Souissi_panoramic.png\u00bb title_text=\u00bbDouraid_Souissi_panoramic\u00bb _builder_version=\u00bb4.27.4&#8243; _module_preset=\u00bbdefault\u00bb global_colors_info=\u00bb{}\u00bb][\/et_pb_image][\/et_pb_column][\/et_pb_row][et_pb_row column_structure=\u00bb2_3,1_3&#8243; custom_padding_last_edited=\u00bbon|phone\u00bb _builder_version=\u00bb4.27.4&#8243; _module_preset=\u00bbdefault\u00bb width=\u00bb95%\u00bb width_tablet=\u00bb90%\u00bb width_phone=\u00bb90%\u00bb width_last_edited=\u00bbon|phone\u00bb max_width=\u00bb2560px\u00bb custom_padding_tablet=\u00bb\u00bb custom_padding_phone=\u00bb||0px||false|false\u00bb border_width_bottom=\u00bb2px\u00bb locked=\u00bboff\u00bb global_colors_info=\u00bb{}\u00bb][et_pb_column type=\u00bb2_3&#8243; _builder_version=\u00bb4.16&#8243; _module_preset=\u00bbdefault\u00bb global_colors_info=\u00bb{}\u00bb][et_pb_text _builder_version=\u00bb4.27.4&#8243; _module_preset=\u00bbdefault\u00bb text_font=\u00bbakrobat light||||||||\u00bb text_text_color=\u00bb#000000&#8243; text_font_size=\u00bb20px\u00bb custom_padding=\u00bb1px|||||\u00bb inline_fonts=\u00bbMontserrat extra bold\u00bb global_colors_info=\u00bb{}\u00bb]<\/p>\n<p><span style=\"font-family: 'Montserrat extra bold'; font-weight: normal; font-size: x-large;\">Merve \u00dcnsal<\/span><\/p>\n<p><span style=\"font-weight: 400;\">Merve \u00dcnsal es artista y vive en Estambul. Su pr\u00e1ctica se articula en torno a m\u00e9todos de atenci\u00f3n y escucha, trabajando con fotograf\u00eda, v\u00eddeo, radio, sonido, <\/span><i><span style=\"font-weight: 400;\">performance<\/span><\/i><span style=\"font-weight: 400;\"> e instalaciones espec\u00edficas para el espacio. Ha presentado su obra en diversos contextos internacionales, a menudo en iniciativas impulsadas por artistas en ciudades como Beirut, Berl\u00edn, El Cairo, Nueva Delhi o Toronto. <\/span><\/p>\n<p><span style=\"font-weight: 400;\">Ha participado en programas de residencia art\u00edstica gracias al apoyo de instituciones como Delfina Foundation (Londres), Praksis (Oslo), Fogo Island Arts, Art Metropole (Toronto) y la Universidad de Delaware (Lewes). Adem\u00e1s, es editora fundadora de m-est.org, una plataforma centrada en artistas.<\/span><\/p>\n<p>[\/et_pb_text][et_pb_social_media_follow icon_color=\u00bb#FFFFFF\u00bb _builder_version=\u00bb4.27.4&#8243; _module_preset=\u00bbdefault\u00bb background_color=\u00bbRGBA(255,255,255,0)\u00bb global_colors_info=\u00bb{}\u00bb][et_pb_social_media_follow_network social_network=\u00bbrss\u00bb url=\u00bbhttps:\/\/www.merveunsal.com\/\u00bb _builder_version=\u00bb4.27.4&#8243; _module_preset=\u00bbdefault\u00bb background_color=\u00bb#ff8a3c\u00bb global_colors_info=\u00bb{}\u00bb follow_button=\u00bboff\u00bb url_new_window=\u00bbon\u00bb]rss[\/et_pb_social_media_follow_network][\/et_pb_social_media_follow][\/et_pb_column][et_pb_column type=\u00bb1_3&#8243; _builder_version=\u00bb4.16&#8243; _module_preset=\u00bbdefault\u00bb global_colors_info=\u00bb{}\u00bb][et_pb_image src=\u00bbhttps:\/\/festivalpanoramic.cat\/wp-content\/uploads\/2025\/09\/P_Participant_Post4-SG19.png\u00bb title_text=\u00bbP_Participant_Post4-SG19&#8243; _builder_version=\u00bb4.27.4&#8243; _module_preset=\u00bbdefault\u00bb global_colors_info=\u00bb{}\u00bb][\/et_pb_image][\/et_pb_column][\/et_pb_row][et_pb_row column_structure=\u00bb2_3,1_3&#8243; custom_padding_last_edited=\u00bbon|phone\u00bb _builder_version=\u00bb4.27.4&#8243; _module_preset=\u00bbdefault\u00bb width=\u00bb95%\u00bb width_tablet=\u00bb90%\u00bb width_phone=\u00bb90%\u00bb width_last_edited=\u00bbon|phone\u00bb max_width=\u00bb2560px\u00bb custom_padding_tablet=\u00bb\u00bb custom_padding_phone=\u00bb||0px||false|false\u00bb border_width_bottom=\u00bb2px\u00bb locked=\u00bboff\u00bb global_colors_info=\u00bb{}\u00bb][et_pb_column type=\u00bb2_3&#8243; _builder_version=\u00bb4.16&#8243; _module_preset=\u00bbdefault\u00bb global_colors_info=\u00bb{}\u00bb][et_pb_text _builder_version=\u00bb4.27.4&#8243; _module_preset=\u00bbdefault\u00bb text_font=\u00bbakrobat light||||||||\u00bb text_text_color=\u00bb#000000&#8243; text_font_size=\u00bb20px\u00bb custom_padding=\u00bb1px|||||\u00bb inline_fonts=\u00bbMontserrat extra bold\u00bb global_colors_info=\u00bb{}\u00bb]<\/p>\n<p><span style=\"font-family: 'Montserrat extra bold'; font-weight: normal; font-size: x-large;\">Claudio Zuli\u00e1n<\/span><\/p>\n<p><span style=\"font-weight: 400;\">Claudio Zuli\u00e1n es artista visual y sonoro, cineasta, m\u00fasico y escritor. Nacido en Italia, reside actualmente en Barcelona. Doctor en Est\u00e9tica, Ciencia y Tecnolog\u00eda de las Artes por la Universidad de Par\u00eds-Saint Denis, ha impartido docencia en diversas universidades y ha desarrollado una amplia trayectoria internacional tanto en el \u00e1mbito de las artes visuales como en el cinematogr\u00e1fico.\u00a0<\/span><\/p>\n<p><span style=\"font-weight: 400;\">Entre sus exposiciones recientes destacan \u00abVidas\u00bb, en el Centro Gallego de Arte Contempor\u00e1neo de Santiago de Compostela (2022), \u00abHistorias del porvenir\u00bb, en el Jeu de Paume de Par\u00eds (2013), \u00abPiel de serpiente\u00bb, en la galer\u00eda Estrany-de la Mota Art Advisors (2023), y \u00abHard Time &amp; Animals\u00bb, en la Galer\u00eda Freijo de Madrid (2024). Su \u00faltimo documental, <\/span><i><span style=\"font-weight: 400;\">Constelaci\u00f3n Portabella<\/span><\/i><span style=\"font-weight: 400;\">, fue seleccionado en la Mostra de Venecia (2024) y en la Seminci de Valladolid.<\/span><\/p>\n<p>[\/et_pb_text][et_pb_social_media_follow icon_color=\u00bb#FFFFFF\u00bb _builder_version=\u00bb4.27.4&#8243; _module_preset=\u00bbdefault\u00bb background_color=\u00bbRGBA(255,255,255,0)\u00bb global_colors_info=\u00bb{}\u00bb][et_pb_social_media_follow_network social_network=\u00bbrss\u00bb url=\u00bbhttps:\/\/www.claudiozulian.com\/\u00bb _builder_version=\u00bb4.27.4&#8243; _module_preset=\u00bbdefault\u00bb background_color=\u00bb#ff8a3c\u00bb global_colors_info=\u00bb{}\u00bb follow_button=\u00bboff\u00bb url_new_window=\u00bbon\u00bb]rss[\/et_pb_social_media_follow_network][et_pb_social_media_follow_network social_network=\u00bbinstagram\u00bb url=\u00bbhttps:\/\/www.instagram.com\/claudio_zulian\/\u00bb _builder_version=\u00bb4.27.4&#8243; _module_preset=\u00bbdefault\u00bb background_color=\u00bb#000000&#8243; background_enable_color=\u00bbon\u00bb global_colors_info=\u00bb{}\u00bb follow_button=\u00bboff\u00bb url_new_window=\u00bbon\u00bb]instagram[\/et_pb_social_media_follow_network][\/et_pb_social_media_follow][\/et_pb_column][et_pb_column type=\u00bb1_3&#8243; _builder_version=\u00bb4.16&#8243; _module_preset=\u00bbdefault\u00bb global_colors_info=\u00bb{}\u00bb][et_pb_image src=\u00bbhttps:\/\/festivalpanoramic.cat\/wp-content\/uploads\/2025\/08\/claudio_zulian_panoramic.png\u00bb title_text=\u00bbclaudio_zulian_panoramic\u00bb _builder_version=\u00bb4.27.4&#8243; _module_preset=\u00bbdefault\u00bb global_colors_info=\u00bb{}\u00bb][\/et_pb_image][\/et_pb_column][\/et_pb_row][\/et_pb_section]<\/p>\n","protected":false},"excerpt":{"rendered":"<p>ExposicionesTant de bo \/ Ojal\u00e1 \/ Inxal\u00b7lahCem A. \u00b7 Andrea Badia \u00b7 Tewa Barnosa \u00b7 Ghyzl\u00e8ne Bouka\u00efla \u00b7 \u0130rem G\u00fcnayd\u0131n \u00b7 Elia Kalogianni \u00b7 Doura\u00efd Souissi \u00b7 Merve \u00dcnsal \u00b7 [&hellip;]<\/p>\n","protected":false},"author":1,"featured_media":38634,"comment_status":"open","ping_status":"closed","template":"","meta":{"_et_pb_use_builder":"on","_et_pb_old_content":"","_et_gb_content_width":"","footnotes":""},"project_category":[157,173,145],"project_tag":[],"class_list":["post-38707","project","type-project","status-publish","has-post-thumbnail","hentry","project_category-exposiciones-2025","project_category-exposiciones-terrassa-2025","project_category-panoramic-2025-es"],"yoast_head":"<!-- This site is optimized with the Yoast SEO plugin v27.2 - https:\/\/yoast.com\/product\/yoast-seo-wordpress\/ -->\n<title>Tant de bo \/ Ojal\u00e1 \/ Inxal\u00b7lah - Festival Panor\u00e0mic<\/title>\n<meta name=\"robots\" content=\"index, follow, max-snippet:-1, max-image-preview:large, max-video-preview:-1\" \/>\n<link rel=\"canonical\" href=\"https:\/\/festivalpanoramic.cat\/es\/project\/ojala-tantdebo-inxallah\/\" \/>\n<meta property=\"og:locale\" content=\"es_ES\" \/>\n<meta property=\"og:type\" content=\"article\" \/>\n<meta property=\"og:title\" content=\"Tant de bo \/ Ojal\u00e1 \/ Inxal\u00b7lah - Festival Panor\u00e0mic\" \/>\n<meta property=\"og:description\" content=\"ExposicionesTant de bo \/ Ojal\u00e1 \/ Inxal\u00b7lahCem A. \u00b7 Andrea Badia \u00b7 Tewa Barnosa \u00b7 Ghyzl\u00e8ne Bouka\u00efla \u00b7 \u0130rem G\u00fcnayd\u0131n \u00b7 Elia Kalogianni \u00b7 Doura\u00efd Souissi \u00b7 Merve \u00dcnsal \u00b7 [&hellip;]\" \/>\n<meta property=\"og:url\" content=\"https:\/\/festivalpanoramic.cat\/es\/project\/ojala-tantdebo-inxallah\/\" \/>\n<meta property=\"og:site_name\" content=\"Festival Panor\u00e0mic\" \/>\n<meta property=\"article:modified_time\" content=\"2026-02-18T09:14:51+00:00\" \/>\n<meta property=\"og:image\" content=\"https:\/\/festivalpanoramic.cat\/wp-content\/uploads\/2025\/08\/ojala_panoramic_exp.png\" \/>\n\t<meta property=\"og:image:width\" content=\"1080\" \/>\n\t<meta property=\"og:image:height\" content=\"719\" \/>\n\t<meta property=\"og:image:type\" content=\"image\/png\" \/>\n<meta name=\"twitter:card\" content=\"summary_large_image\" \/>\n<meta name=\"twitter:label1\" content=\"Tiempo de lectura\" \/>\n\t<meta name=\"twitter:data1\" content=\"15 minutos\" \/>\n<script type=\"application\/ld+json\" class=\"yoast-schema-graph\">{\"@context\":\"https:\/\/schema.org\",\"@graph\":[{\"@type\":\"WebPage\",\"@id\":\"https:\/\/festivalpanoramic.cat\/es\/project\/ojala-tantdebo-inxallah\/\",\"url\":\"https:\/\/festivalpanoramic.cat\/es\/project\/ojala-tantdebo-inxallah\/\",\"name\":\"Tant de bo \/ Ojal\u00e1 \/ Inxal\u00b7lah - Festival Panor\u00e0mic\",\"isPartOf\":{\"@id\":\"https:\/\/festivalpanoramic.cat\/es\/#website\"},\"primaryImageOfPage\":{\"@id\":\"https:\/\/festivalpanoramic.cat\/es\/project\/ojala-tantdebo-inxallah\/#primaryimage\"},\"image\":{\"@id\":\"https:\/\/festivalpanoramic.cat\/es\/project\/ojala-tantdebo-inxallah\/#primaryimage\"},\"thumbnailUrl\":\"https:\/\/festivalpanoramic.cat\/wp-content\/uploads\/2025\/08\/ojala_panoramic_exp.png\",\"datePublished\":\"2025-09-10T15:14:08+00:00\",\"dateModified\":\"2026-02-18T09:14:51+00:00\",\"breadcrumb\":{\"@id\":\"https:\/\/festivalpanoramic.cat\/es\/project\/ojala-tantdebo-inxallah\/#breadcrumb\"},\"inLanguage\":\"es\",\"potentialAction\":[{\"@type\":\"ReadAction\",\"target\":[\"https:\/\/festivalpanoramic.cat\/es\/project\/ojala-tantdebo-inxallah\/\"]}]},{\"@type\":\"ImageObject\",\"inLanguage\":\"es\",\"@id\":\"https:\/\/festivalpanoramic.cat\/es\/project\/ojala-tantdebo-inxallah\/#primaryimage\",\"url\":\"https:\/\/festivalpanoramic.cat\/wp-content\/uploads\/2025\/08\/ojala_panoramic_exp.png\",\"contentUrl\":\"https:\/\/festivalpanoramic.cat\/wp-content\/uploads\/2025\/08\/ojala_panoramic_exp.png\",\"width\":1080,\"height\":719},{\"@type\":\"BreadcrumbList\",\"@id\":\"https:\/\/festivalpanoramic.cat\/es\/project\/ojala-tantdebo-inxallah\/#breadcrumb\",\"itemListElement\":[{\"@type\":\"ListItem\",\"position\":1,\"name\":\"Inici\",\"item\":\"https:\/\/festivalpanoramic.cat\/es\/\"},{\"@type\":\"ListItem\",\"position\":2,\"name\":\"Proyectos\",\"item\":\"https:\/\/festivalpanoramic.cat\/es\/project\/\"},{\"@type\":\"ListItem\",\"position\":3,\"name\":\"Tant de bo \/ Ojal\u00e1 \/ Inxal\u00b7lah\"}]},{\"@type\":\"WebSite\",\"@id\":\"https:\/\/festivalpanoramic.cat\/es\/#website\",\"url\":\"https:\/\/festivalpanoramic.cat\/es\/\",\"name\":\"Festival Panor\u00e0mic\",\"description\":\"PANOR\u00c0MIC. ARTS I CULTURES VISUALS\",\"potentialAction\":[{\"@type\":\"SearchAction\",\"target\":{\"@type\":\"EntryPoint\",\"urlTemplate\":\"https:\/\/festivalpanoramic.cat\/es\/?s={search_term_string}\"},\"query-input\":{\"@type\":\"PropertyValueSpecification\",\"valueRequired\":true,\"valueName\":\"search_term_string\"}}],\"inLanguage\":\"es\"}]}<\/script>\n<!-- \/ Yoast SEO plugin. -->","yoast_head_json":{"title":"Tant de bo \/ Ojal\u00e1 \/ Inxal\u00b7lah - Festival Panor\u00e0mic","robots":{"index":"index","follow":"follow","max-snippet":"max-snippet:-1","max-image-preview":"max-image-preview:large","max-video-preview":"max-video-preview:-1"},"canonical":"https:\/\/festivalpanoramic.cat\/es\/project\/ojala-tantdebo-inxallah\/","og_locale":"es_ES","og_type":"article","og_title":"Tant de bo \/ Ojal\u00e1 \/ Inxal\u00b7lah - Festival Panor\u00e0mic","og_description":"ExposicionesTant de bo \/ Ojal\u00e1 \/ Inxal\u00b7lahCem A. \u00b7 Andrea Badia \u00b7 Tewa Barnosa \u00b7 Ghyzl\u00e8ne Bouka\u00efla \u00b7 \u0130rem G\u00fcnayd\u0131n \u00b7 Elia Kalogianni \u00b7 Doura\u00efd Souissi \u00b7 Merve \u00dcnsal \u00b7 [&hellip;]","og_url":"https:\/\/festivalpanoramic.cat\/es\/project\/ojala-tantdebo-inxallah\/","og_site_name":"Festival Panor\u00e0mic","article_modified_time":"2026-02-18T09:14:51+00:00","og_image":[{"width":1080,"height":719,"url":"https:\/\/festivalpanoramic.cat\/wp-content\/uploads\/2025\/08\/ojala_panoramic_exp.png","type":"image\/png"}],"twitter_card":"summary_large_image","twitter_misc":{"Tiempo de lectura":"15 minutos"},"schema":{"@context":"https:\/\/schema.org","@graph":[{"@type":"WebPage","@id":"https:\/\/festivalpanoramic.cat\/es\/project\/ojala-tantdebo-inxallah\/","url":"https:\/\/festivalpanoramic.cat\/es\/project\/ojala-tantdebo-inxallah\/","name":"Tant de bo \/ Ojal\u00e1 \/ Inxal\u00b7lah - Festival Panor\u00e0mic","isPartOf":{"@id":"https:\/\/festivalpanoramic.cat\/es\/#website"},"primaryImageOfPage":{"@id":"https:\/\/festivalpanoramic.cat\/es\/project\/ojala-tantdebo-inxallah\/#primaryimage"},"image":{"@id":"https:\/\/festivalpanoramic.cat\/es\/project\/ojala-tantdebo-inxallah\/#primaryimage"},"thumbnailUrl":"https:\/\/festivalpanoramic.cat\/wp-content\/uploads\/2025\/08\/ojala_panoramic_exp.png","datePublished":"2025-09-10T15:14:08+00:00","dateModified":"2026-02-18T09:14:51+00:00","breadcrumb":{"@id":"https:\/\/festivalpanoramic.cat\/es\/project\/ojala-tantdebo-inxallah\/#breadcrumb"},"inLanguage":"es","potentialAction":[{"@type":"ReadAction","target":["https:\/\/festivalpanoramic.cat\/es\/project\/ojala-tantdebo-inxallah\/"]}]},{"@type":"ImageObject","inLanguage":"es","@id":"https:\/\/festivalpanoramic.cat\/es\/project\/ojala-tantdebo-inxallah\/#primaryimage","url":"https:\/\/festivalpanoramic.cat\/wp-content\/uploads\/2025\/08\/ojala_panoramic_exp.png","contentUrl":"https:\/\/festivalpanoramic.cat\/wp-content\/uploads\/2025\/08\/ojala_panoramic_exp.png","width":1080,"height":719},{"@type":"BreadcrumbList","@id":"https:\/\/festivalpanoramic.cat\/es\/project\/ojala-tantdebo-inxallah\/#breadcrumb","itemListElement":[{"@type":"ListItem","position":1,"name":"Inici","item":"https:\/\/festivalpanoramic.cat\/es\/"},{"@type":"ListItem","position":2,"name":"Proyectos","item":"https:\/\/festivalpanoramic.cat\/es\/project\/"},{"@type":"ListItem","position":3,"name":"Tant de bo \/ Ojal\u00e1 \/ Inxal\u00b7lah"}]},{"@type":"WebSite","@id":"https:\/\/festivalpanoramic.cat\/es\/#website","url":"https:\/\/festivalpanoramic.cat\/es\/","name":"Festival Panor\u00e0mic","description":"PANOR\u00c0MIC. ARTS I CULTURES VISUALS","potentialAction":[{"@type":"SearchAction","target":{"@type":"EntryPoint","urlTemplate":"https:\/\/festivalpanoramic.cat\/es\/?s={search_term_string}"},"query-input":{"@type":"PropertyValueSpecification","valueRequired":true,"valueName":"search_term_string"}}],"inLanguage":"es"}]}},"_links":{"self":[{"href":"https:\/\/festivalpanoramic.cat\/es\/wp-json\/wp\/v2\/project\/38707","targetHints":{"allow":["GET"]}}],"collection":[{"href":"https:\/\/festivalpanoramic.cat\/es\/wp-json\/wp\/v2\/project"}],"about":[{"href":"https:\/\/festivalpanoramic.cat\/es\/wp-json\/wp\/v2\/types\/project"}],"author":[{"embeddable":true,"href":"https:\/\/festivalpanoramic.cat\/es\/wp-json\/wp\/v2\/users\/1"}],"replies":[{"embeddable":true,"href":"https:\/\/festivalpanoramic.cat\/es\/wp-json\/wp\/v2\/comments?post=38707"}],"version-history":[{"count":20,"href":"https:\/\/festivalpanoramic.cat\/es\/wp-json\/wp\/v2\/project\/38707\/revisions"}],"predecessor-version":[{"id":41943,"href":"https:\/\/festivalpanoramic.cat\/es\/wp-json\/wp\/v2\/project\/38707\/revisions\/41943"}],"wp:featuredmedia":[{"embeddable":true,"href":"https:\/\/festivalpanoramic.cat\/es\/wp-json\/wp\/v2\/media\/38634"}],"wp:attachment":[{"href":"https:\/\/festivalpanoramic.cat\/es\/wp-json\/wp\/v2\/media?parent=38707"}],"wp:term":[{"taxonomy":"project_category","embeddable":true,"href":"https:\/\/festivalpanoramic.cat\/es\/wp-json\/wp\/v2\/project_category?post=38707"},{"taxonomy":"project_tag","embeddable":true,"href":"https:\/\/festivalpanoramic.cat\/es\/wp-json\/wp\/v2\/project_tag?post=38707"}],"curies":[{"name":"wp","href":"https:\/\/api.w.org\/{rel}","templated":true}]}}