{"id":38748,"date":"2025-08-14T11:43:35","date_gmt":"2025-08-14T09:43:35","guid":{"rendered":"https:\/\/festivalpanoramic.cat\/?post_type=project&#038;p=38748"},"modified":"2025-10-21T15:47:37","modified_gmt":"2025-10-21T13:47:37","slug":"open-panoramic-2025","status":"publish","type":"project","link":"https:\/\/festivalpanoramic.cat\/es\/project\/open-panoramic-2025\/","title":{"rendered":"Open Panor\u00e0mic 2025"},"content":{"rendered":"<p>[et_pb_section fb_built=\u00bb1&#8243; _builder_version=\u00bb4.16&#8243; _module_preset=\u00bbdefault\u00bb locked=\u00bboff\u00bb collapsed=\u00bboff\u00bb global_colors_info=\u00bb{}\u00bb][et_pb_row column_structure=\u00bb2_5,3_5&#8243; custom_padding_last_edited=\u00bbon|tablet\u00bb _builder_version=\u00bb4.25.0&#8243; _module_preset=\u00bbdefault\u00bb width=\u00bb95%\u00bb width_tablet=\u00bb90%\u00bb width_phone=\u00bb90%\u00bb width_last_edited=\u00bbon|phone\u00bb max_width=\u00bb2560px\u00bb custom_margin_tablet=\u00bb0px||||false|false\u00bb custom_margin_phone=\u00bb-30px||||false|false\u00bb custom_margin_last_edited=\u00bbon|tablet\u00bb custom_padding_tablet=\u00bb0px||||false|false\u00bb custom_padding_phone=\u00bb0px||0px||true|false\u00bb global_colors_info=\u00bb{}\u00bb][et_pb_column type=\u00bb2_5&#8243; _builder_version=\u00bb4.16&#8243; _module_preset=\u00bbdefault\u00bb global_colors_info=\u00bb{}\u00bb][et_pb_text admin_label=\u00bbExposicions\u00bb _builder_version=\u00bb4.27.4&#8243; _module_preset=\u00bbdefault\u00bb text_font=\u00bbMontserrat extra bold||||||||\u00bb text_text_color=\u00bb#000000&#8243; text_font_size=\u00bb16px\u00bb custom_margin=\u00bb||15px||false|false\u00bb global_colors_info=\u00bb{}\u00bb]<\/p>\n<p>Exposiciones<\/p>\n<p>[\/et_pb_text][et_pb_text admin_label=\u00bbNom expo\u00bb _builder_version=\u00bb4.27.4&#8243; _module_preset=\u00bbdefault\u00bb text_font=\u00bbMontserrat extra bold||||||||\u00bb text_text_color=\u00bb#000000&#8243; text_font_size=\u00bb39px\u00bb text_line_height=\u00bb1em\u00bb custom_margin=\u00bb||19px||false|false\u00bb text_font_size_tablet=\u00bb39px\u00bb text_font_size_phone=\u00bb28px\u00bb text_font_size_last_edited=\u00bbon|phone\u00bb text_line_height_tablet=\u00bb\u00bb text_line_height_phone=\u00bb1.2em\u00bb text_line_height_last_edited=\u00bbon|phone\u00bb global_colors_info=\u00bb{}\u00bb]<\/p>\n<p class=\"p1\">Open Panor\u00e0mic<\/p>\n<p>[\/et_pb_text][et_pb_text admin_label=\u00bbexpo de&#8230;\u00bb _builder_version=\u00bb4.27.4&#8243; _module_preset=\u00bbdefault\u00bb text_font=\u00bb&#8211;et_global_heading_font||||||||\u00bb text_text_color=\u00bbgcid-73263b73-b059-42fc-a61d-05da764fa408&#8243; text_font_size=\u00bb22px\u00bb text_line_height=\u00bb1.1em\u00bb custom_margin=\u00bb-5px||15px||false|false\u00bb text_line_height_tablet=\u00bb0.6em\u00bb text_line_height_phone=\u00bb1.4em\u00bb text_line_height_last_edited=\u00bbon|phone\u00bb locked=\u00bboff\u00bb inline_fonts=\u00bbMontserrat extra bold,akrobat extrabold,Montserrat Light\u00bb global_colors_info=\u00bb{%22gcid-73263b73-b059-42fc-a61d-05da764fa408%22:%91%22text_text_color%22%93}\u00bb]<\/p>\n<p><strong>Marina Baldina \u00b7 Laura Baigorri \u00b7 Marta Bisbal Torres \u00b7 Beatrice Moumdjian \u00b7 M\u00f2nica Porta \u00b7 Ignasi Prat Altimira \u00b7 Benedetta Ristori \u00b7 Kenneth Russo \u00b7 Polina Schneider<\/strong><\/p>\n<p>[\/et_pb_text][et_pb_text admin_label=\u00bbexpo de&#8230;\u00bb _builder_version=\u00bb4.27.4&#8243; _module_preset=\u00bbdefault\u00bb text_font=\u00bb&#8211;et_global_heading_font||||||||\u00bb text_text_color=\u00bbgcid-73263b73-b059-42fc-a61d-05da764fa408&#8243; text_font_size=\u00bb17px\u00bb text_line_height=\u00bb1.1em\u00bb custom_margin=\u00bb-5px||40px||false|false\u00bb text_line_height_tablet=\u00bb0.6em\u00bb text_line_height_phone=\u00bb1.4em\u00bb text_line_height_last_edited=\u00bbon|phone\u00bb locked=\u00bboff\u00bb inline_fonts=\u00bbMontserrat extra bold,akrobat extrabold,Montserrat Light\u00bb global_colors_info=\u00bb{%22gcid-73263b73-b059-42fc-a61d-05da764fa408%22:%91%22text_text_color%22%93}\u00bb]<\/p>\n<p>Comisariada por<strong> Pilar Cruz<\/strong><\/p>\n<p>[\/et_pb_text][et_pb_text admin_label=\u00bbLloc\u00bb _builder_version=\u00bb4.27.4&#8243; _module_preset=\u00bbdefault\u00bb text_font=\u00bbMontserrat extra bold||||||||\u00bb text_text_color=\u00bb#000000&#8243; text_font_size=\u00bb18px\u00bb custom_margin=\u00bb10px||||false|false\u00bb text_font_size_tablet=\u00bb18px\u00bb text_font_size_phone=\u00bb16px\u00bb text_font_size_last_edited=\u00bbon|phone\u00bb locked=\u00bboff\u00bb inline_fonts=\u00bbakrobat light,Montserrat Light\u00bb global_colors_info=\u00bb{}\u00bb]<\/p>\n<p><b>GRANOLLERS<\/b><span style=\"font-family: 'Montserrat Light'; font-weight: normal;\"><b><br \/><\/b><strong><span style=\"font-family: 'Montserrat Light';\">Roca Umbert F\u00e0brica de les Arts<\/span><\/strong><b><br \/><\/b>Espai d&#8217;Arts \u2013 Carrer d\u2019Enric Prat de la Riba, 77<br \/><\/span><\/p>\n<p>[\/et_pb_text][et_pb_button button_url=\u00bb\/#home-localitzacions2024&#8243; button_text=\u00bbVer el mapa\u00bb button_alignment=\u00bbleft\u00bb admin_label=\u00bbbot\u00f3 pl\u00e0nol\u00bb _builder_version=\u00bb4.27.4&#8243; _module_preset=\u00bbdefault\u00bb custom_button=\u00bbon\u00bb button_text_color=\u00bb#000000&#8243; button_bg_color=\u00bb#e8e8e8&#8243; button_border_width=\u00bb0px\u00bb button_border_radius=\u00bb0px\u00bb button_font=\u00bbakrobat extrabold||||||||\u00bb button_icon=\u00bb&#x24;||divi||400&#8243; custom_margin=\u00bb-15px||51px||false|false\u00bb custom_margin_tablet=\u00bb-17px||||false|false\u00bb custom_margin_phone=\u00bb-17px|||0px|false|false\u00bb custom_margin_last_edited=\u00bbon|tablet\u00bb button_text_size_tablet=\u00bb\u00bb button_text_size_phone=\u00bb18px\u00bb button_text_size_last_edited=\u00bbon|phone\u00bb global_colors_info=\u00bb{}\u00bb][\/et_pb_button][et_pb_text admin_label=\u00bbData\u00bb _builder_version=\u00bb4.27.4&#8243; _module_preset=\u00bbdefault\u00bb text_font=\u00bbMontserrat Light||||||||\u00bb text_text_color=\u00bb#000000&#8243; text_font_size=\u00bb18px\u00bb custom_margin=\u00bb-34px||62px||false|false\u00bb custom_margin_tablet=\u00bb-24px||||false|false\u00bb custom_margin_phone=\u00bb-24px||44px||false|false\u00bb custom_margin_last_edited=\u00bbon|tablet\u00bb text_font_size_tablet=\u00bb18px\u00bb text_font_size_phone=\u00bb16px\u00bb text_font_size_last_edited=\u00bbon|phone\u00bb global_colors_info=\u00bb{}\u00bb]<\/p>\n<p>Del 16 de octubre al 30 de noviembre<\/p>\n<p>[\/et_pb_text][et_pb_toggle title=\u00bbHorarios\u00bb open_toggle_text_color=\u00bb#000000&#8243; open_toggle_background_color=\u00bbRGBA(255,255,255,0)\u00bb closed_toggle_background_color=\u00bbRGBA(255,255,255,0)\u00bb icon_color=\u00bb#8b794f\u00bb toggle_icon=\u00bb&#x4c;||divi||400&#8243; use_icon_font_size=\u00bbon\u00bb icon_font_size=\u00bb22px\u00bb open_icon_color=\u00bb#8b794f\u00bb open_use_icon_font_size=\u00bbon\u00bb admin_label=\u00bbHoraris\u00bb _builder_version=\u00bb4.27.4&#8243; _module_preset=\u00bbdefault\u00bb title_text_color=\u00bb#000000&#8243; title_font=\u00bbMontserrat extra bold||||||||\u00bb title_font_size=\u00bb20px\u00bb closed_title_font=\u00bbMontserrat extra bold||||||||\u00bb closed_title_font_size=\u00bb20px\u00bb body_font=\u00bbakrobat light||||||||\u00bb body_text_color=\u00bb#000000&#8243; body_font_size=\u00bb20px\u00bb custom_margin=\u00bb-40px||||false|false\u00bb custom_margin_tablet=\u00bb-14px||||false|false\u00bb custom_margin_phone=\u00bb-20px||||false|false\u00bb custom_margin_last_edited=\u00bbon|desktop\u00bb body_font_size_tablet=\u00bb20px\u00bb body_font_size_phone=\u00bb18px\u00bb body_font_size_last_edited=\u00bbon|phone\u00bb border_width_all=\u00bb0px\u00bb border_width_top=\u00bb1px\u00bb border_color_top=\u00bb#8b794f\u00bb border_width_bottom=\u00bb1px\u00bb border_color_bottom=\u00bb#8c864d\u00bb locked=\u00bboff\u00bb global_colors_info=\u00bb{}\u00bb]<\/p>\n<ul>\n<li data-start=\"180\" data-end=\"208\">\n<p data-start=\"182\" data-end=\"208\">Viernes: 17:00 \u2013 20:00 h<\/p>\n<\/li>\n<li data-start=\"209\" data-end=\"254\">\n<p data-start=\"211\" data-end=\"254\">S\u00e1bado: 11:00 \u2013 14:00 h y 17:00 \u2013 20:00 h<\/p>\n<\/li>\n<li data-start=\"255\" data-end=\"283\">\n<p data-start=\"257\" data-end=\"283\">Domingo: 11:00 \u2013 14:00 h<\/p>\n<\/li>\n<\/ul>\n<p>[\/et_pb_toggle][\/et_pb_column][et_pb_column type=\u00bb3_5&#8243; _builder_version=\u00bb4.16&#8243; _module_preset=\u00bbdefault\u00bb global_colors_info=\u00bb{}\u00bb][et_pb_slider admin_label=\u00bbSlider\u00bb module_class=\u00bbdivicon_full_screen_slider \u00bb _builder_version=\u00bb4.27.4&#8243; _module_preset=\u00bbdefault\u00bb custom_margin=\u00bb-80px||20px||false|false\u00bb custom_margin_tablet=\u00bb-80px||||false|false\u00bb custom_margin_phone=\u00bb-102px||||false|false\u00bb custom_margin_last_edited=\u00bbon|phone\u00bb auto=\u00bbon\u00bb auto_speed=\u00bb4000&#8243; auto_ignore_hover=\u00bbon\u00bb hover_enabled=\u00bb0&#8243; hover_transition_duration_tablet=\u00bb\u00bb hover_transition_duration_phone=\u00bb0ms\u00bb hover_transition_duration_last_edited=\u00bbon|phone\u00bb hover_transition_speed_curve_tablet=\u00bb\u00bb hover_transition_speed_curve_phone=\u00bblinear\u00bb hover_transition_speed_curve_last_edited=\u00bbon|phone\u00bb locked=\u00bboff\u00bb global_colors_info=\u00bb{}\u00bb sticky_enabled=\u00bb0&#8243;][et_pb_slide image=\u00bbhttps:\/\/festivalpanoramic.cat\/wp-content\/uploads\/2025\/08\/106_panoramic_2025_Granollers_DSC09268_Marc-Font-scaled.jpg\u00bb _builder_version=\u00bb4.27.4&#8243; _module_preset=\u00bbdefault\u00bb background_color=\u00bbRGBA(255,255,255,0)\u00bb background_enable_color=\u00bbon\u00bb hover_enabled=\u00bb0&#8243; locked=\u00bboff\u00bb global_colors_info=\u00bb{}\u00bb sticky_transition=\u00bbon\u00bb title_text=\u00bb106_panoramic_2025_Granollers_DSC09268_Marc Font\u00bb sticky_enabled=\u00bb0&#8243;][\/et_pb_slide][et_pb_slide image=\u00bbhttps:\/\/festivalpanoramic.cat\/wp-content\/uploads\/2025\/08\/111_panoramic_2025_Granollers_DSC09293_Marc-Font-scaled.jpg\u00bb _builder_version=\u00bb4.27.4&#8243; _module_preset=\u00bbdefault\u00bb background_color=\u00bbRGBA(255,255,255,0)\u00bb background_enable_color=\u00bbon\u00bb hover_enabled=\u00bb0&#8243; locked=\u00bboff\u00bb global_colors_info=\u00bb{}\u00bb sticky_transition=\u00bbon\u00bb title_text=\u00bb111_panoramic_2025_Granollers_DSC09293_Marc Font\u00bb sticky_enabled=\u00bb0&#8243;][\/et_pb_slide][et_pb_slide image=\u00bbhttps:\/\/festivalpanoramic.cat\/wp-content\/uploads\/2025\/08\/114_panoramic_2025_Granollers_DSC09302_Marc-Font-scaled.jpg\u00bb _builder_version=\u00bb4.27.4&#8243; _module_preset=\u00bbdefault\u00bb background_color=\u00bbRGBA(255,255,255,0)\u00bb background_enable_color=\u00bbon\u00bb hover_enabled=\u00bb0&#8243; locked=\u00bboff\u00bb global_colors_info=\u00bb{}\u00bb sticky_transition=\u00bbon\u00bb title_text=\u00bb114_panoramic_2025_Granollers_DSC09302_Marc Font\u00bb sticky_enabled=\u00bb0&#8243;][\/et_pb_slide][et_pb_slide image=\u00bbhttps:\/\/festivalpanoramic.cat\/wp-content\/uploads\/2025\/08\/124_panoramic_2025_Granollers_DSC09357_Marc-Font-scaled.jpg\u00bb _builder_version=\u00bb4.27.4&#8243; _module_preset=\u00bbdefault\u00bb background_color=\u00bbRGBA(255,255,255,0)\u00bb background_enable_color=\u00bbon\u00bb hover_enabled=\u00bb0&#8243; locked=\u00bboff\u00bb global_colors_info=\u00bb{}\u00bb sticky_transition=\u00bbon\u00bb title_text=\u00bb124_panoramic_2025_Granollers_DSC09357_Marc Font\u00bb sticky_enabled=\u00bb0&#8243;][\/et_pb_slide][et_pb_slide image=\u00bbhttps:\/\/festivalpanoramic.cat\/wp-content\/uploads\/2025\/08\/137_panoramic_2025_-Granollers_DSC01413_Marc-Font-scaled.jpg\u00bb _builder_version=\u00bb4.27.4&#8243; _module_preset=\u00bbdefault\u00bb background_color=\u00bbRGBA(255,255,255,0)\u00bb background_enable_color=\u00bbon\u00bb hover_enabled=\u00bb0&#8243; locked=\u00bboff\u00bb global_colors_info=\u00bb{}\u00bb sticky_transition=\u00bbon\u00bb title_text=\u00bb137_panoramic_2025_ Granollers_DSC01413_Marc Font\u00bb sticky_enabled=\u00bb0&#8243;][\/et_pb_slide][et_pb_slide image=\u00bbhttps:\/\/festivalpanoramic.cat\/wp-content\/uploads\/2025\/08\/125_panoramic_2025_Granollers_DSC09369_Marc-Font-scaled.jpg\u00bb _builder_version=\u00bb4.27.4&#8243; _module_preset=\u00bbdefault\u00bb background_color=\u00bbRGBA(255,255,255,0)\u00bb background_enable_color=\u00bbon\u00bb hover_enabled=\u00bb0&#8243; locked=\u00bboff\u00bb global_colors_info=\u00bb{}\u00bb sticky_transition=\u00bbon\u00bb title_text=\u00bb125_panoramic_2025_Granollers_DSC09369_Marc Font\u00bb sticky_enabled=\u00bb0&#8243;][\/et_pb_slide][et_pb_slide image=\u00bbhttps:\/\/festivalpanoramic.cat\/wp-content\/uploads\/2025\/08\/119_panoramic_2025_Granollers_DSC09333_Marc-Font-scaled.jpg\u00bb _builder_version=\u00bb4.27.4&#8243; _module_preset=\u00bbdefault\u00bb background_color=\u00bbRGBA(255,255,255,0)\u00bb background_enable_color=\u00bbon\u00bb hover_enabled=\u00bb0&#8243; locked=\u00bboff\u00bb global_colors_info=\u00bb{}\u00bb sticky_transition=\u00bbon\u00bb title_text=\u00bb119_panoramic_2025_Granollers_DSC09333_Marc Font\u00bb sticky_enabled=\u00bb0&#8243;][\/et_pb_slide][\/et_pb_slider][\/et_pb_column][\/et_pb_row][et_pb_row _builder_version=\u00bb4.27.4&#8243; _module_preset=\u00bbdefault\u00bb global_colors_info=\u00bb{}\u00bb][et_pb_column type=\u00bb4_4&#8243; _builder_version=\u00bb4.27.4&#8243; _module_preset=\u00bbdefault\u00bb global_colors_info=\u00bb{}\u00bb][et_pb_text _builder_version=\u00bb4.27.4&#8243; _module_preset=\u00bbdefault\u00bb text_font=\u00bbakrobat light||||||||\u00bb text_text_color=\u00bb#000000&#8243; text_font_size=\u00bb20px\u00bb inline_fonts=\u00bbakrobat extrabold\u00bb global_colors_info=\u00bb{}\u00bb]<\/p>\n<p data-start=\"919\" data-end=\"1340\">El <strong data-start=\"922\" data-end=\"940\">Open Panor\u00e0mic<\/strong> es la convocatoria abierta del festival que da voz a creadores nacionales e internacionales y que se convierte en un punto de encuentro entre artistas, programadores y p\u00fablico. En esta 9\u00aa edici\u00f3n, los proyectos seleccionados en las categor\u00edas de imagen fija, ensayo audiovisual y otros formatos configuran una exposici\u00f3n que refleja la vitalidad y la diversidad de la cultura visual contempor\u00e1nea.<\/p>\n<p data-start=\"1342\" data-end=\"1754\">Bajo el lema <strong data-start=\"1355\" data-end=\"1395\">\u00abBreak. Un nuevo orden visual\u00bb<\/strong>, Panor\u00e0mic invita a detenernos y reflexionar sobre la aceleraci\u00f3n y los cambios de nuestro tiempo \u2014sociol\u00f3gicos, geopol\u00edticos y tecnol\u00f3gicos\u2014 y sobre c\u00f3mo estos han transformado el mundo de la imagen. La exposici\u00f3n del Open Panor\u00e0mic se presenta as\u00ed como un espacio para interrogarnos sobre el presente e imaginar los futuros posibles de la cultura visual.<\/p>\n<p>[\/et_pb_text][\/et_pb_column][\/et_pb_row][\/et_pb_section][et_pb_section fb_built=\u00bb1&#8243; custom_padding_last_edited=\u00bbon|phone\u00bb _builder_version=\u00bb4.25.0&#8243; _module_preset=\u00bbdefault\u00bb background_color=\u00bb#e8e8e8&#8243; custom_padding_tablet=\u00bb\u00bb custom_padding_phone=\u00bb||0px||false|false\u00bb locked=\u00bboff\u00bb collapsed=\u00bboff\u00bb global_colors_info=\u00bb{}\u00bb][et_pb_row column_structure=\u00bb2_3,1_3&#8243; custom_padding_last_edited=\u00bbon|phone\u00bb _builder_version=\u00bb4.27.4&#8243; _module_preset=\u00bbdefault\u00bb width=\u00bb95%\u00bb width_tablet=\u00bb90%\u00bb width_phone=\u00bb90%\u00bb width_last_edited=\u00bbon|phone\u00bb max_width=\u00bb2560px\u00bb custom_margin_tablet=\u00bb\u00bb custom_margin_phone=\u00bb\u00bb custom_margin_last_edited=\u00bbon|phone\u00bb custom_padding=\u00bb0px||||false|false\u00bb custom_padding_tablet=\u00bb0px||||false|false\u00bb custom_padding_phone=\u00bb0px||0px||false|false\u00bb border_width_bottom=\u00bb2px\u00bb global_colors_info=\u00bb{}\u00bb][et_pb_column type=\u00bb2_3&#8243; _builder_version=\u00bb4.16&#8243; _module_preset=\u00bbdefault\u00bb global_colors_info=\u00bb{}\u00bb][et_pb_text _builder_version=\u00bb4.27.4&#8243; _module_preset=\u00bbdefault\u00bb text_font=\u00bbakrobat light||||||||\u00bb text_text_color=\u00bb#000000&#8243; text_font_size=\u00bb20px\u00bb custom_padding=\u00bb1px|||||\u00bb inline_fonts=\u00bbMontserrat extra bold\u00bb global_colors_info=\u00bb{}\u00bb]<\/p>\n<p><span style=\"font-family: 'Montserrat extra bold'; font-weight: normal; font-size: x-large;\">Marina Baldina<\/span><\/p>\n<p><span style=\"font-weight: 400;\">Marina Baldina (Briansk, 1993) es una artista que trabaja principalmente con v\u00eddeo y fotograf\u00eda, explorando las intersecciones entre imagen en movimiento, memoria y experiencia cotidiana. Tras formarse como ingeniera en su ciudad natal, se traslad\u00f3 a Mosc\u00fa, donde en 2023 se gradu\u00f3 en la Escuela de Cine Nuevo y en 2024 complet\u00f3 los Talleres Libres del Museo de Arte Moderno de Mosc\u00fa (MMOMA). <\/span><\/p>\n<p><span style=\"font-weight: 400;\">Su obra se ha presentado en festivales y espacios de referencia, como el Athens Digital Arts Festival (ADAF), la Galer\u00eda \u00cele Th\u00e9l\u00e8me en Mosc\u00fa y la Superlative Gallery en Bali. Actualmente vive y trabaja en Mosc\u00fa, combinando la creaci\u00f3n art\u00edstica con la investigaci\u00f3n de nuevos lenguajes visuales en el \u00e1mbito del arte contempor\u00e1neo digital.<\/span><\/p>\n<p>[\/et_pb_text][et_pb_social_media_follow icon_color=\u00bb#FFFFFF\u00bb _builder_version=\u00bb4.27.4&#8243; _module_preset=\u00bbdefault\u00bb background_color=\u00bbRGBA(255,255,255,0)\u00bb global_colors_info=\u00bb{}\u00bb][et_pb_social_media_follow_network social_network=\u00bbrss\u00bb url=\u00bbhttps:\/\/marinabaldina.ru\/?fbclid=PAZXh0bgNhZW0CMTEAAadTK_eWzTX6vDpfBEdl_6r-jyEehpBWinXVR6rmjLRymVKR5qYlCoHm0v3Ipw_aem_1vGQLWxbu7PYF6kJoTxQsA\u00bb _builder_version=\u00bb4.27.4&#8243; _module_preset=\u00bbdefault\u00bb background_color=\u00bb#ff8a3c\u00bb global_colors_info=\u00bb{}\u00bb follow_button=\u00bboff\u00bb url_new_window=\u00bbon\u00bb]rss[\/et_pb_social_media_follow_network][et_pb_social_media_follow_network social_network=\u00bbinstagram\u00bb url=\u00bbhttps:\/\/www.instagram.com\/mariii__chan\/\u00bb _builder_version=\u00bb4.27.4&#8243; _module_preset=\u00bbdefault\u00bb background_color=\u00bb#000000&#8243; background_enable_color=\u00bbon\u00bb global_colors_info=\u00bb{}\u00bb follow_button=\u00bboff\u00bb url_new_window=\u00bbon\u00bb]instagram[\/et_pb_social_media_follow_network][\/et_pb_social_media_follow][\/et_pb_column][et_pb_column type=\u00bb1_3&#8243; _builder_version=\u00bb4.16&#8243; _module_preset=\u00bbdefault\u00bb global_colors_info=\u00bb{}\u00bb][et_pb_image src=\u00bbhttps:\/\/festivalpanoramic.cat\/wp-content\/uploads\/2025\/08\/marina_baldina_panoramic.png\u00bb title_text=\u00bbmarina_baldina_panoramic\u00bb _builder_version=\u00bb4.27.4&#8243; _module_preset=\u00bbdefault\u00bb global_colors_info=\u00bb{}\u00bb][\/et_pb_image][\/et_pb_column][\/et_pb_row][et_pb_row column_structure=\u00bb2_3,1_3&#8243; custom_padding_last_edited=\u00bbon|phone\u00bb _builder_version=\u00bb4.27.4&#8243; _module_preset=\u00bbdefault\u00bb width=\u00bb95%\u00bb width_tablet=\u00bb90%\u00bb width_phone=\u00bb90%\u00bb width_last_edited=\u00bbon|phone\u00bb max_width=\u00bb2560px\u00bb custom_padding_tablet=\u00bb\u00bb custom_padding_phone=\u00bb||0px||false|false\u00bb border_width_bottom=\u00bb2px\u00bb locked=\u00bboff\u00bb global_colors_info=\u00bb{}\u00bb][et_pb_column type=\u00bb2_3&#8243; _builder_version=\u00bb4.16&#8243; _module_preset=\u00bbdefault\u00bb global_colors_info=\u00bb{}\u00bb][et_pb_text _builder_version=\u00bb4.27.4&#8243; _module_preset=\u00bbdefault\u00bb text_font=\u00bbakrobat light||||||||\u00bb text_text_color=\u00bb#000000&#8243; text_font_size=\u00bb20px\u00bb custom_padding=\u00bb1px|||||\u00bb inline_fonts=\u00bbMontserrat extra bold\u00bb global_colors_info=\u00bb{}\u00bb]<\/p>\n<p><span style=\"font-family: 'Montserrat extra bold'; font-weight: normal; font-size: x-large;\"><span style=\"font-weight: 400;\">Laura Baigorri<\/span><\/span><\/p>\n<p class=\"p1\"><span style=\"font-weight: 400;\">Laura Baigorri (Barcelona, 1960) es catedr\u00e1tica de Media Art en la Facultad de Bellas Artes de la Universidad de Barcelona. Actualmente es<\/span><i><span style=\"font-weight: 400;\">\u00a0<\/span><\/i><span style=\"font-weight: 400;\">IP del proyecto I+D+I <\/span><i><span style=\"font-weight: 400;\">Cuerpos conectados III. Espacios latentes de la IA en la creaci\u00f3n audiovisual identitaria<\/span><\/i><span style=\"font-weight: 400;\">\u00a0(2025-2029).\u00a0Combina su experiencia docente con la investigaci\u00f3n, el comisariado y la realizaci\u00f3n de proyectos art\u00edsticos. <\/span><\/p>\n<p class=\"p1\"><span style=\"font-weight: 400;\">Ha publicado art\u00edculos y ensayos sobre arte y activismo en la red, videoarte y <\/span><i><span style=\"font-weight: 400;\">media art<\/span><\/i><span style=\"font-weight: 400;\">. Es autora de los libros <\/span><i><span style=\"font-weight: 400;\">V\u00eddeo en Latinoam\u00e9rica. Una historia cr\u00edtica<\/span><\/i><span style=\"font-weight: 400;\">\u00a0(2008) y <\/span><i><span style=\"font-weight: 400;\">Cuerpos conectados. Arte, identidad y autorrepresentaci\u00f3n en la sociedad transmedia<\/span><\/i><span style=\"font-weight: 400;\">\u00a0(2021), entre otros. Como comisaria destaca su trabajo en Multiverso\u00a0(2016-2019),<\/span><i><span style=\"font-weight: 400;\">\u00a0<\/span><\/i><span style=\"font-weight: 400;\">en Fundaci\u00f3n\u00a0BBVA de Madrid, y en Videoarde. Video cr\u00edtico en Latinoamerica y Caribe\u00a0(2009-2015), para AECID y el Instituto Cervantes.<\/span><\/p>\n<p>[\/et_pb_text][et_pb_social_media_follow icon_color=\u00bb#FFFFFF\u00bb _builder_version=\u00bb4.27.4&#8243; _module_preset=\u00bbdefault\u00bb background_color=\u00bbRGBA(255,255,255,0)\u00bb global_colors_info=\u00bb{}\u00bb][et_pb_social_media_follow_network social_network=\u00bbrss\u00bb url=\u00bbhttps:\/\/laurabaigorri.net\/cv\/\u00bb _builder_version=\u00bb4.27.4&#8243; _module_preset=\u00bbdefault\u00bb background_color=\u00bb#ff8a3c\u00bb global_colors_info=\u00bb{}\u00bb follow_button=\u00bboff\u00bb url_new_window=\u00bbon\u00bb]rss[\/et_pb_social_media_follow_network][et_pb_social_media_follow_network social_network=\u00bbinstagram\u00bb url=\u00bbhttps:\/\/www.instagram.com\/baigorri.laura\/\u00bb _builder_version=\u00bb4.27.4&#8243; _module_preset=\u00bbdefault\u00bb background_color=\u00bb#ea2c59&#8243; global_colors_info=\u00bb{}\u00bb follow_button=\u00bboff\u00bb url_new_window=\u00bbon\u00bb]instagram[\/et_pb_social_media_follow_network][\/et_pb_social_media_follow][\/et_pb_column][et_pb_column type=\u00bb1_3&#8243; _builder_version=\u00bb4.16&#8243; _module_preset=\u00bbdefault\u00bb global_colors_info=\u00bb{}\u00bb][et_pb_image src=\u00bbhttps:\/\/festivalpanoramic.cat\/wp-content\/uploads\/2025\/08\/laura_baigorri_panoramic.png\u00bb title_text=\u00bblaura_baigorri_panoramic\u00bb _builder_version=\u00bb4.27.4&#8243; _module_preset=\u00bbdefault\u00bb global_colors_info=\u00bb{}\u00bb][\/et_pb_image][\/et_pb_column][\/et_pb_row][et_pb_row column_structure=\u00bb2_3,1_3&#8243; custom_padding_last_edited=\u00bbon|phone\u00bb _builder_version=\u00bb4.27.4&#8243; _module_preset=\u00bbdefault\u00bb width=\u00bb95%\u00bb width_tablet=\u00bb90%\u00bb width_phone=\u00bb90%\u00bb width_last_edited=\u00bbon|phone\u00bb max_width=\u00bb2560px\u00bb custom_padding_tablet=\u00bb\u00bb custom_padding_phone=\u00bb||0px||false|false\u00bb border_width_bottom=\u00bb2px\u00bb locked=\u00bboff\u00bb global_colors_info=\u00bb{}\u00bb][et_pb_column type=\u00bb2_3&#8243; _builder_version=\u00bb4.16&#8243; _module_preset=\u00bbdefault\u00bb global_colors_info=\u00bb{}\u00bb][et_pb_text _builder_version=\u00bb4.27.4&#8243; _module_preset=\u00bbdefault\u00bb text_font=\u00bbakrobat light||||||||\u00bb text_text_color=\u00bb#000000&#8243; text_font_size=\u00bb20px\u00bb custom_padding=\u00bb1px|||||\u00bb inline_fonts=\u00bbMontserrat extra bold\u00bb global_colors_info=\u00bb{}\u00bb]<\/p>\n<p><span style=\"font-family: 'Montserrat extra bold'; font-weight: normal; font-size: x-large;\">Marta Bisbal Torres<\/span><\/p>\n<p><span style=\"font-weight: 400;\">Marta Bisbal Torres (Mollerussa, 1974) es artista visual. Sus proyectos se desarrollan a trav\u00e9s de distintos medios, como la instalaci\u00f3n, el v\u00eddeo, el cine, la fotograf\u00eda y la acci\u00f3n performativa. Estos proponen una exploraci\u00f3n del territorio, la arquitectura, la memoria, y las diferentes formas de representarlos y habitarlos, cuestionando la percepci\u00f3n y el propio acto de mirar.<\/span><\/p>\n<p><span style=\"font-weight: 400;\">Ha participado en exposiciones en el Casal Solleric (Palma, 2025), en B\u00f2lit. Centre d\u2019Art Contemporani (Girona, 2025), en Centre d\u2019Art La Panera (Lleida, 2023), en Fotonoviembre (Tenerife, 2023), en Can Many\u00e9 (Alella, 2022), en el Centro P\u00e1rraga (Murcia, 2021), en Roca Umbert F\u00e0brica de les Arts (Granollers, 2020), en la Sala Muncunill (Terrassa, 2018) y en la Sala Kursala (C\u00e1diz, 2016), entre otros. En 2022 recibi\u00f3 el premio El Temps de les Arts de Cinema Experimental.<\/span><\/p>\n<p>[\/et_pb_text][et_pb_social_media_follow icon_color=\u00bb#FFFFFF\u00bb _builder_version=\u00bb4.27.4&#8243; _module_preset=\u00bbdefault\u00bb background_color=\u00bbRGBA(255,255,255,0)\u00bb global_colors_info=\u00bb{}\u00bb][et_pb_social_media_follow_network social_network=\u00bbrss\u00bb url=\u00bbhttps:\/\/www.martabisbal.com\/\u00bb _builder_version=\u00bb4.27.4&#8243; _module_preset=\u00bbdefault\u00bb background_color=\u00bb#ff8a3c\u00bb background_enable_color=\u00bbon\u00bb global_colors_info=\u00bb{}\u00bb follow_button=\u00bboff\u00bb url_new_window=\u00bbon\u00bb]rss[\/et_pb_social_media_follow_network][\/et_pb_social_media_follow][\/et_pb_column][et_pb_column type=\u00bb1_3&#8243; _builder_version=\u00bb4.16&#8243; _module_preset=\u00bbdefault\u00bb global_colors_info=\u00bb{}\u00bb][et_pb_image src=\u00bbhttps:\/\/festivalpanoramic.cat\/wp-content\/uploads\/2025\/08\/marta_bisbal_torres_panoramic.png\u00bb title_text=\u00bbmarta_bisbal_torres_panoramic\u00bb _builder_version=\u00bb4.27.4&#8243; _module_preset=\u00bbdefault\u00bb global_colors_info=\u00bb{}\u00bb][\/et_pb_image][\/et_pb_column][\/et_pb_row][et_pb_row column_structure=\u00bb2_3,1_3&#8243; custom_padding_last_edited=\u00bbon|phone\u00bb _builder_version=\u00bb4.27.4&#8243; _module_preset=\u00bbdefault\u00bb width=\u00bb95%\u00bb width_tablet=\u00bb90%\u00bb width_phone=\u00bb90%\u00bb width_last_edited=\u00bbon|phone\u00bb max_width=\u00bb2560px\u00bb custom_padding_tablet=\u00bb\u00bb custom_padding_phone=\u00bb||0px||false|false\u00bb border_width_bottom=\u00bb2px\u00bb locked=\u00bboff\u00bb global_colors_info=\u00bb{}\u00bb][et_pb_column type=\u00bb2_3&#8243; _builder_version=\u00bb4.16&#8243; _module_preset=\u00bbdefault\u00bb global_colors_info=\u00bb{}\u00bb][et_pb_text _builder_version=\u00bb4.27.4&#8243; _module_preset=\u00bbdefault\u00bb text_font=\u00bbakrobat light||||||||\u00bb text_text_color=\u00bb#000000&#8243; text_font_size=\u00bb20px\u00bb custom_padding=\u00bb1px|||||\u00bb inline_fonts=\u00bbMontserrat extra bold\u00bb global_colors_info=\u00bb{}\u00bb]<\/p>\n<p><span style=\"font-family: 'Montserrat extra bold'; font-weight: normal; font-size: x-large;\">Pilar Cruz<\/span><\/p>\n<p><span style=\"font-weight: 400;\">Pilar Cruz es historiadora del arte, gestora cultural y curadora independiente. Ha comisariado proyectos para instituciones y festivales como ARCO Madrid, Centre d\u2019Art Fabra i Coats, Fundaci\u00f3 Mir\u00f3 (Espai 13), Centre d\u2019Art Santa M\u00f2nica, CaixaForum, festival Panor\u00e0mic y festival Periferias de Huesca, entre otros.<\/span><\/p>\n<p><span style=\"font-weight: 400;\">Form\u00f3 parte del equipo curatorial de La Capella (2021-2023) y fue seleccionada en la primera edici\u00f3n de Komisario Berriak en Donosti. A nivel internacional, ha participado en el comisariado de proyectos con el Archivo Nacional de Malta y el Museu de Arte Contempor\u00e2nea de Serralves, y coordinado la producci\u00f3n de \u00abCatalonia in Venice_Seguint el peix\u00bb (Bienal de Arquitectura 2023). Actualmente dirige el festival Art Nou, coordina la plataforma GRAF y asesora al ICUB para el programa de exposiciones Temporals. Tambi\u00e9n participa como jurado y colabora como cr\u00edtica en cat\u00e1logos y revistas.<\/span><\/p>\n<p>[\/et_pb_text][et_pb_social_media_follow icon_color=\u00bb#FFFFFF\u00bb _builder_version=\u00bb4.27.4&#8243; _module_preset=\u00bbdefault\u00bb background_color=\u00bbRGBA(255,255,255,0)\u00bb global_colors_info=\u00bb{}\u00bb][et_pb_social_media_follow_network social_network=\u00bbinstagram\u00bb url=\u00bbhttps:\/\/www.instagram.com\/pilarcruz_billijeanitsme\/\u00bb _builder_version=\u00bb4.27.4&#8243; _module_preset=\u00bbdefault\u00bb background_color=\u00bb#000000&#8243; background_enable_color=\u00bbon\u00bb global_colors_info=\u00bb{}\u00bb follow_button=\u00bboff\u00bb url_new_window=\u00bbon\u00bb]instagram[\/et_pb_social_media_follow_network][et_pb_social_media_follow_network social_network=\u00bbrss\u00bb url=\u00bbhttps:\/\/pilarcruzramon.wixsite.com\/pilarcruz?fbclid=PAZXh0bgNhZW0CMTEAAaeAAn2MIZb_ueOdWnm3GnywLT87P0yIOMXyvnDWIjyRB9-x2h6KPjT0OlEKTA_aem_LcBJjV_9tNwTs_5n8-MiBQ\u00bb _builder_version=\u00bb4.27.4&#8243; _module_preset=\u00bbdefault\u00bb background_color=\u00bb#ff8a3c\u00bb global_colors_info=\u00bb{}\u00bb follow_button=\u00bboff\u00bb url_new_window=\u00bbon\u00bb]rss[\/et_pb_social_media_follow_network][\/et_pb_social_media_follow][\/et_pb_column][et_pb_column type=\u00bb1_3&#8243; _builder_version=\u00bb4.16&#8243; _module_preset=\u00bbdefault\u00bb global_colors_info=\u00bb{}\u00bb][et_pb_image src=\u00bbhttps:\/\/festivalpanoramic.cat\/wp-content\/uploads\/2025\/08\/pilar_cruz_panoramic.png\u00bb title_text=\u00bbpilar_cruz_panoramic\u00bb _builder_version=\u00bb4.27.4&#8243; _module_preset=\u00bbdefault\u00bb global_colors_info=\u00bb{}\u00bb][\/et_pb_image][\/et_pb_column][\/et_pb_row][et_pb_row column_structure=\u00bb2_3,1_3&#8243; custom_padding_last_edited=\u00bbon|phone\u00bb _builder_version=\u00bb4.27.4&#8243; _module_preset=\u00bbdefault\u00bb width=\u00bb95%\u00bb width_tablet=\u00bb90%\u00bb width_phone=\u00bb90%\u00bb width_last_edited=\u00bbon|phone\u00bb max_width=\u00bb2560px\u00bb custom_padding_tablet=\u00bb\u00bb custom_padding_phone=\u00bb||0px||false|false\u00bb border_width_bottom=\u00bb2px\u00bb locked=\u00bboff\u00bb global_colors_info=\u00bb{}\u00bb][et_pb_column type=\u00bb2_3&#8243; _builder_version=\u00bb4.16&#8243; _module_preset=\u00bbdefault\u00bb global_colors_info=\u00bb{}\u00bb][et_pb_text _builder_version=\u00bb4.27.4&#8243; _module_preset=\u00bbdefault\u00bb text_font=\u00bbakrobat light||||||||\u00bb text_text_color=\u00bb#000000&#8243; text_font_size=\u00bb20px\u00bb custom_padding=\u00bb1px|||||\u00bb inline_fonts=\u00bbMontserrat extra bold\u00bb global_colors_info=\u00bb{}\u00bb]<\/p>\n<p><span style=\"font-family: 'Montserrat extra bold'; font-weight: normal; font-size: x-large;\">Beatrice Moumdjian<\/span><\/p>\n<p><span style=\"font-weight: 400;\">Beatrice Moumdjian naci\u00f3 en Sof\u00eda, en la Rep\u00fablica Popular de Bulgaria, y se traslad\u00f3 a Berl\u00edn con su madre en 1990, donde vive y trabaja actualmente. Ha estudiado Arte de los Medios y Fotograf\u00eda en La Haya, Weimar y Leipzig, y trabaja con cine, fotograf\u00eda y escultura. <\/span><\/p>\n<p><span style=\"font-weight: 400;\">A partir de su conexi\u00f3n eslavo-occidental asi\u00e1tica, diasp\u00f3rica y migrante con el continente euroasi\u00e1tico \u2014el llamado \u00abOriente\u00bb\u2014, aborda las continuidades culturales y sus rupturas, tomando prestados m\u00e9todos burocr\u00e1ticos, arqueol\u00f3gicos y reconstructivos. Ha expuesto en instituciones como nGbK Berl\u00edn, KO-OP Gallery, LUMA Arles y \u0160kuc Gallery, entre otras.<\/span><\/p>\n<p>[\/et_pb_text][et_pb_social_media_follow icon_color=\u00bb#FFFFFF\u00bb _builder_version=\u00bb4.27.4&#8243; _module_preset=\u00bbdefault\u00bb background_color=\u00bbRGBA(255,255,255,0)\u00bb locked=\u00bboff\u00bb global_colors_info=\u00bb{}\u00bb][et_pb_social_media_follow_network social_network=\u00bbinstagram\u00bb url=\u00bbhttps:\/\/www.instagram.com\/surveillanceartist\/\u00bb _builder_version=\u00bb4.27.4&#8243; _module_preset=\u00bbdefault\u00bb background_color=\u00bb#000000&#8243; background_enable_color=\u00bbon\u00bb global_colors_info=\u00bb{}\u00bb follow_button=\u00bboff\u00bb url_new_window=\u00bbon\u00bb]instagram[\/et_pb_social_media_follow_network][et_pb_social_media_follow_network social_network=\u00bbrss\u00bb url=\u00bbhttps:\/\/www.bpschuett.com\/\u00bb _builder_version=\u00bb4.27.4&#8243; _module_preset=\u00bbdefault\u00bb background_color=\u00bb#ff8a3c\u00bb global_colors_info=\u00bb{}\u00bb follow_button=\u00bboff\u00bb url_new_window=\u00bbon\u00bb]rss[\/et_pb_social_media_follow_network][\/et_pb_social_media_follow][\/et_pb_column][et_pb_column type=\u00bb1_3&#8243; _builder_version=\u00bb4.16&#8243; _module_preset=\u00bbdefault\u00bb global_colors_info=\u00bb{}\u00bb][et_pb_image src=\u00bbhttps:\/\/festivalpanoramic.cat\/wp-content\/uploads\/2025\/08\/beatrice_moumdjian_panoramic.png\u00bb title_text=\u00bbbeatrice_moumdjian_panoramic\u00bb _builder_version=\u00bb4.27.4&#8243; _module_preset=\u00bbdefault\u00bb global_colors_info=\u00bb{}\u00bb][\/et_pb_image][\/et_pb_column][\/et_pb_row][et_pb_row column_structure=\u00bb2_3,1_3&#8243; custom_padding_last_edited=\u00bbon|phone\u00bb _builder_version=\u00bb4.27.4&#8243; _module_preset=\u00bbdefault\u00bb width=\u00bb95%\u00bb width_tablet=\u00bb90%\u00bb width_phone=\u00bb90%\u00bb width_last_edited=\u00bbon|phone\u00bb max_width=\u00bb2560px\u00bb custom_padding_tablet=\u00bb\u00bb custom_padding_phone=\u00bb||0px||false|false\u00bb border_width_bottom=\u00bb2px\u00bb locked=\u00bboff\u00bb global_colors_info=\u00bb{}\u00bb][et_pb_column type=\u00bb2_3&#8243; _builder_version=\u00bb4.16&#8243; _module_preset=\u00bbdefault\u00bb global_colors_info=\u00bb{}\u00bb][et_pb_text _builder_version=\u00bb4.27.4&#8243; _module_preset=\u00bbdefault\u00bb text_font=\u00bbakrobat light||||||||\u00bb text_text_color=\u00bb#000000&#8243; text_font_size=\u00bb20px\u00bb custom_padding=\u00bb1px|||||\u00bb inline_fonts=\u00bbMontserrat extra bold\u00bb global_colors_info=\u00bb{}\u00bb]<\/p>\n<p><span style=\"font-family: 'Montserrat extra bold'; font-weight: normal; font-size: x-large;\">M\u00f2nica Porta<\/span><\/p>\n<p><span style=\"font-weight: 400;\">El trabajo art\u00edstico de M\u00f2nica Porta (Barcelona, 1972) se basa en procesos manuales, repetitivos y acumulativos que requieren tiempos muy largos. Esta lentitud no es una limitaci\u00f3n, sino una elecci\u00f3n consciente: una forma de detenerse a observar y escuchar.<\/span><\/p>\n<p><span style=\"font-weight: 400;\">Es licenciada en Historia del Arte y en Bellas Artes y m\u00e1ster en Producci\u00f3n e Investigaci\u00f3n Art\u00edstica por la Universitat de Barcelona.\u00a0Recientemente ha recibido una Beca para la creaci\u00f3n art\u00edstica del OSIC y el Apoyo a la Creaci\u00f3n de l\u2019Espai d\u2019Arts de Roca Umbert.\u00a0Ha mostrado su trabajo en el Espai Zero del Centre d\u2019Art Contemporani Fabra i Coats, en el Museu del Disseny de Barcelona-DHub, en Can Felipa y en Lo Pati, entre otros. Ha realizado residencias art\u00edsticas en centros como Roca Umbert, Casa Aymat y Fabra i Coats.<\/span><\/p>\n<p>[\/et_pb_text][et_pb_social_media_follow icon_color=\u00bb#FFFFFF\u00bb _builder_version=\u00bb4.27.4&#8243; _module_preset=\u00bbdefault\u00bb background_color=\u00bbRGBA(255,255,255,0)\u00bb global_colors_info=\u00bb{}\u00bb][et_pb_social_media_follow_network social_network=\u00bbrss\u00bb url=\u00bbhttps:\/\/monicaporta.hotglue.me\/?fbclid=PAZXh0bgNhZW0CMTEAAafVlHZZVJb_tZumt7p2Bw6UwwG5dbXkA6HUW0nh01aFsGBaCxlhQuquCG__IA_aem_un2hyStpNvu9O68lRjluQA\u00bb _builder_version=\u00bb4.27.4&#8243; _module_preset=\u00bbdefault\u00bb background_color=\u00bb#ff8a3c\u00bb global_colors_info=\u00bb{}\u00bb follow_button=\u00bboff\u00bb url_new_window=\u00bbon\u00bb]rss[\/et_pb_social_media_follow_network][et_pb_social_media_follow_network social_network=\u00bbinstagram\u00bb url=\u00bbhttps:\/\/www.instagram.com\/monicporta\/\u00bb _builder_version=\u00bb4.27.4&#8243; _module_preset=\u00bbdefault\u00bb background_color=\u00bb#000000&#8243; background_enable_color=\u00bbon\u00bb global_colors_info=\u00bb{}\u00bb follow_button=\u00bboff\u00bb url_new_window=\u00bbon\u00bb]instagram[\/et_pb_social_media_follow_network][\/et_pb_social_media_follow][\/et_pb_column][et_pb_column type=\u00bb1_3&#8243; _builder_version=\u00bb4.16&#8243; _module_preset=\u00bbdefault\u00bb global_colors_info=\u00bb{}\u00bb][et_pb_image src=\u00bbhttps:\/\/festivalpanoramic.cat\/wp-content\/uploads\/2025\/08\/monica_porta_panoramic.png\u00bb title_text=\u00bbmonica_porta_panoramic\u00bb _builder_version=\u00bb4.27.4&#8243; _module_preset=\u00bbdefault\u00bb global_colors_info=\u00bb{}\u00bb][\/et_pb_image][\/et_pb_column][\/et_pb_row][et_pb_row column_structure=\u00bb2_3,1_3&#8243; custom_padding_last_edited=\u00bbon|phone\u00bb _builder_version=\u00bb4.27.4&#8243; _module_preset=\u00bbdefault\u00bb width=\u00bb95%\u00bb width_tablet=\u00bb90%\u00bb width_phone=\u00bb90%\u00bb width_last_edited=\u00bbon|phone\u00bb max_width=\u00bb2560px\u00bb custom_padding_tablet=\u00bb\u00bb custom_padding_phone=\u00bb||0px||false|false\u00bb border_width_bottom=\u00bb2px\u00bb locked=\u00bboff\u00bb global_colors_info=\u00bb{}\u00bb][et_pb_column type=\u00bb2_3&#8243; _builder_version=\u00bb4.16&#8243; _module_preset=\u00bbdefault\u00bb global_colors_info=\u00bb{}\u00bb][et_pb_text _builder_version=\u00bb4.27.4&#8243; _module_preset=\u00bbdefault\u00bb text_font=\u00bbakrobat light||||||||\u00bb text_text_color=\u00bb#000000&#8243; text_font_size=\u00bb20px\u00bb custom_padding=\u00bb1px|||||\u00bb inline_fonts=\u00bbMontserrat extra bold\u00bb global_colors_info=\u00bb{}\u00bb]<\/p>\n<p><span style=\"font-family: 'Montserrat extra bold'; font-weight: normal; font-size: x-large;\">Ignasi Prat Altimira<\/span><\/p>\n<p><span style=\"font-weight: 400;\">Ignasi Prat Altimira (Sant Esteve de Palautordera, 1981) pone en juego el poder de la imagen para explorar los imaginarios del poder pol\u00edtico, que van desde los gustos hist\u00f3ricos y culturales de las \u00e9lites franquistas hasta las identidades visuales de los pol\u00edticos en las redes sociales, pasando por la retrat\u00edstica oficial en democracia.<\/span><\/p>\n<p><span style=\"font-weight: 400;\">Es graduado en Fotograf\u00eda, licenciado en Bellas Artes y doctor en Arte y Estudios Culturales. Ha recibido becas como BCN Crea, OSIC, La Capella-BCN Producci\u00f3n y VEGAP, y premios como el Guasch Coranty de la Bienal de Valls, el Premio Ciudad de Manacor\u00a0o una menci\u00f3n especial en los premios a la investigaci\u00f3n del Consell Audiovisual de Catalunya. Su trabajo forma parte de colecciones como la del Pla Nacional de Fotografia, la Fundaci\u00f3 Ciutat de Valls o la Fundaci\u00f3n Cristina Masaveu Peterson.<\/span><\/p>\n<p>[\/et_pb_text][et_pb_social_media_follow icon_color=\u00bb#FFFFFF\u00bb _builder_version=\u00bb4.27.4&#8243; _module_preset=\u00bbdefault\u00bb background_color=\u00bbRGBA(255,255,255,0)\u00bb global_colors_info=\u00bb{}\u00bb][et_pb_social_media_follow_network social_network=\u00bbrss\u00bb url=\u00bbhttps:\/\/ignasiprat.org\/?fbclid=PAZXh0bgNhZW0CMTEAAadGK4ywG5gsUzqByo3pQs1wc7u6Ovg_zwcBec2zvtEAIXmeYIR_A-eRGO7WMw_aem_gKi_aYDgTq0CDs-Aq1EMJA\u00bb _builder_version=\u00bb4.27.4&#8243; _module_preset=\u00bbdefault\u00bb background_color=\u00bb#ff8a3c\u00bb global_colors_info=\u00bb{}\u00bb follow_button=\u00bboff\u00bb url_new_window=\u00bbon\u00bb]rss[\/et_pb_social_media_follow_network][et_pb_social_media_follow_network social_network=\u00bbinstagram\u00bb url=\u00bbhttps:\/\/www.instagram.com\/ignasiprataltimira\/\u00bb _builder_version=\u00bb4.27.4&#8243; _module_preset=\u00bbdefault\u00bb background_color=\u00bb#000000&#8243; background_enable_color=\u00bbon\u00bb global_colors_info=\u00bb{}\u00bb follow_button=\u00bboff\u00bb url_new_window=\u00bbon\u00bb]instagram[\/et_pb_social_media_follow_network][\/et_pb_social_media_follow][\/et_pb_column][et_pb_column type=\u00bb1_3&#8243; _builder_version=\u00bb4.16&#8243; _module_preset=\u00bbdefault\u00bb global_colors_info=\u00bb{}\u00bb][et_pb_image src=\u00bbhttps:\/\/festivalpanoramic.cat\/wp-content\/uploads\/2025\/08\/ignasi_prat_altimira_panoramic.png\u00bb title_text=\u00bbignasi_prat_altimira_panoramic\u00bb _builder_version=\u00bb4.27.4&#8243; _module_preset=\u00bbdefault\u00bb global_colors_info=\u00bb{}\u00bb][\/et_pb_image][\/et_pb_column][\/et_pb_row][et_pb_row column_structure=\u00bb2_3,1_3&#8243; custom_padding_last_edited=\u00bbon|phone\u00bb _builder_version=\u00bb4.27.4&#8243; _module_preset=\u00bbdefault\u00bb width=\u00bb95%\u00bb width_tablet=\u00bb90%\u00bb width_phone=\u00bb90%\u00bb width_last_edited=\u00bbon|phone\u00bb max_width=\u00bb2560px\u00bb custom_padding_tablet=\u00bb\u00bb custom_padding_phone=\u00bb||0px||false|false\u00bb border_width_bottom=\u00bb2px\u00bb locked=\u00bboff\u00bb global_colors_info=\u00bb{}\u00bb][et_pb_column type=\u00bb2_3&#8243; _builder_version=\u00bb4.16&#8243; _module_preset=\u00bbdefault\u00bb global_colors_info=\u00bb{}\u00bb][et_pb_text _builder_version=\u00bb4.27.4&#8243; _module_preset=\u00bbdefault\u00bb text_font=\u00bbakrobat light||||||||\u00bb text_text_color=\u00bb#000000&#8243; text_font_size=\u00bb20px\u00bb custom_padding=\u00bb1px|||||\u00bb inline_fonts=\u00bbMontserrat extra bold\u00bb global_colors_info=\u00bb{}\u00bb]<\/p>\n<p><span style=\"font-family: 'Montserrat extra bold'; font-weight: normal; font-size: x-large;\">Benedetta Ristori<\/span><\/p>\n<p><span style=\"font-weight: 400;\">Benedetta Ristori es una artista visual cuyo trabajo fotogr\u00e1fico se centra a menudo en geograf\u00edas perif\u00e9ricas, tanto literales como simb\u00f3licas, donde la experiencia individual se cruza con sistemas m\u00e1s amplios de historia, cuidado y cambio social.<\/span><\/p>\n<p><span style=\"font-weight: 400;\">Trabajando principalmente en retrato y fotograf\u00eda de paisaje, la pr\u00e1ctica de Ristori se basa en investigaciones a largo plazo. Entre sus proyectos destacan <\/span><i><span style=\"font-weight: 400;\">East<\/span><\/i><span style=\"font-weight: 400;\"> (2015-2018), libro autoeditado en 2018; <\/span><i><span style=\"font-weight: 400;\">Lay Off<\/span><\/i><span style=\"font-weight: 400;\"> (2015-presente); <\/span><i><span style=\"font-weight: 400;\">Take Care<\/span><\/i><span style=\"font-weight: 400;\"> (2018-2020), y <\/span><i><span style=\"font-weight: 400;\">You Don\u2019t Need Soil To Grow<\/span><\/i><span style=\"font-weight: 400;\"> (2021-2023), libro publicado por The Eriskay Connection en 2024.<\/span><\/p>\n<p class=\"p1\"><span style=\"font-weight: 400;\">El trabajo de Ristori se ha expuesto en muestras nacionales e internacionales, incluyendo Scuderie del Quirinale, Triennale Milano, Palazzo delle Esposizioni, Galerie Binome, Plato Gallery y Si Fest. Su fotograf\u00eda ha sido destacada en publicaciones como <\/span><i><span style=\"font-weight: 400;\">Repubblica<\/span><\/i><span style=\"font-weight: 400;\">, <\/span><i><span style=\"font-weight: 400;\">VICE<\/span><\/i><span style=\"font-weight: 400;\">, <\/span><i><span style=\"font-weight: 400;\">Bloomberg Businessweek<\/span><\/i><span style=\"font-weight: 400;\">, <\/span><i><span style=\"font-weight: 400;\">Die Zeit<\/span><\/i><span style=\"font-weight: 400;\">, <\/span><i><span style=\"font-weight: 400;\">Forbes<\/span><\/i><span style=\"font-weight: 400;\">, <\/span><i><span style=\"font-weight: 400;\">Document Journal<\/span><\/i><span style=\"font-weight: 400;\"> y <\/span><i><span style=\"font-weight: 400;\">Vogue Italia<\/span><\/i><span style=\"font-weight: 400;\">.<\/span><\/p>\n<p class=\"p1\">[\/et_pb_text][et_pb_social_media_follow icon_color=\u00bb#FFFFFF\u00bb _builder_version=\u00bb4.27.4&#8243; _module_preset=\u00bbdefault\u00bb background_color=\u00bbRGBA(255,255,255,0)\u00bb global_colors_info=\u00bb{}\u00bb][et_pb_social_media_follow_network social_network=\u00bbrss\u00bb url=\u00bbhttps:\/\/benedettaristori.com\/\u00bb _builder_version=\u00bb4.27.4&#8243; _module_preset=\u00bbdefault\u00bb background_color=\u00bb#ff8a3c\u00bb global_colors_info=\u00bb{}\u00bb follow_button=\u00bboff\u00bb url_new_window=\u00bbon\u00bb]rss[\/et_pb_social_media_follow_network][et_pb_social_media_follow_network social_network=\u00bbinstagram\u00bb url=\u00bbhttps:\/\/www.instagram.com\/b.ristori\/\u00bb _builder_version=\u00bb4.27.4&#8243; _module_preset=\u00bbdefault\u00bb background_color=\u00bb#000000&#8243; background_enable_color=\u00bbon\u00bb global_colors_info=\u00bb{}\u00bb follow_button=\u00bboff\u00bb url_new_window=\u00bbon\u00bb]instagram[\/et_pb_social_media_follow_network][\/et_pb_social_media_follow][\/et_pb_column][et_pb_column type=\u00bb1_3&#8243; _builder_version=\u00bb4.16&#8243; _module_preset=\u00bbdefault\u00bb global_colors_info=\u00bb{}\u00bb][et_pb_image src=\u00bbhttps:\/\/festivalpanoramic.cat\/wp-content\/uploads\/2025\/08\/benedetta_ristori_panoramic.png\u00bb title_text=\u00bbbenedetta_ristori_panoramic\u00bb _builder_version=\u00bb4.27.4&#8243; _module_preset=\u00bbdefault\u00bb global_colors_info=\u00bb{}\u00bb][\/et_pb_image][\/et_pb_column][\/et_pb_row][et_pb_row column_structure=\u00bb2_3,1_3&#8243; custom_padding_last_edited=\u00bbon|phone\u00bb _builder_version=\u00bb4.27.4&#8243; _module_preset=\u00bbdefault\u00bb width=\u00bb95%\u00bb width_tablet=\u00bb90%\u00bb width_phone=\u00bb90%\u00bb width_last_edited=\u00bbon|phone\u00bb max_width=\u00bb2560px\u00bb custom_padding_tablet=\u00bb\u00bb custom_padding_phone=\u00bb||0px||false|false\u00bb border_width_bottom=\u00bb2px\u00bb locked=\u00bboff\u00bb global_colors_info=\u00bb{}\u00bb][et_pb_column type=\u00bb2_3&#8243; _builder_version=\u00bb4.16&#8243; _module_preset=\u00bbdefault\u00bb global_colors_info=\u00bb{}\u00bb][et_pb_text _builder_version=\u00bb4.27.4&#8243; _module_preset=\u00bbdefault\u00bb text_font=\u00bbakrobat light||||||||\u00bb text_text_color=\u00bb#000000&#8243; text_font_size=\u00bb20px\u00bb custom_padding=\u00bb1px|||||\u00bb inline_fonts=\u00bbMontserrat extra bold\u00bb global_colors_info=\u00bb{}\u00bb]<\/p>\n<p><span style=\"font-family: 'Montserrat extra bold'; font-weight: normal; font-size: x-large;\">Kenneth Russo<\/span><\/p>\n<p><span style=\"font-weight: 400;\">Kenneth Russo es artista visual e investigador, licenciado en Bellas Artes por la Universitat de Barcelona, con un m\u00e1ster en Animaci\u00f3n 3D por la Universitat Pompeu Fabra y doctorado en Comunicaci\u00f3n por la Universitat de Girona. Su trabajo se centra en los sistemas de comunicaci\u00f3n interactivos, el dise\u00f1o orientado a la innovaci\u00f3n social, la \u00e9tica de los mundos virtuales y la exploraci\u00f3n especulativa de la inteligencia artificial. La producci\u00f3n art\u00edstica de Russo busca establecer un di\u00e1logo cr\u00edtico con el espectador, entendiendo la tecnolog\u00eda como un medio que se cuestiona a s\u00ed mismo mientras redefine nuestra percepci\u00f3n y construye nuevos significados.\u00a0<\/span><\/p>\n<p><span style=\"font-weight: 400;\">Su obra ha sido presentada en espacios y festivales nacionales e internacionales, como Arts Santa M\u00f2nica, Fundaci\u00f3 Godia, Loop Festival, CCCB, LaCapella, FIB Art, Centro Bu\u00f1uel Calanda, DAHJ Gallery, Digital Graffiti Festival (Florida), Rome Art Week 2024, AI International Film Festival 2024 (San Diego), Korea International AI Film Festival 2024, SAIFF 2025 (Seattle), Lugano Film Fest y ARE 2025 Wire FilmEU (Sof\u00eda).<\/span><\/p>\n<p>[\/et_pb_text][et_pb_social_media_follow icon_color=\u00bb#FFFFFF\u00bb _builder_version=\u00bb4.27.4&#8243; _module_preset=\u00bbdefault\u00bb background_color=\u00bbRGBA(255,255,255,0)\u00bb global_colors_info=\u00bb{}\u00bb][et_pb_social_media_follow_network social_network=\u00bbrss\u00bb url=\u00bbhttps:\/\/www.kennethrusso.net\/p\/1\/en\/Home\u00bb _builder_version=\u00bb4.27.4&#8243; _module_preset=\u00bbdefault\u00bb background_color=\u00bb#ff8a3c\u00bb background_enable_color=\u00bbon\u00bb global_colors_info=\u00bb{}\u00bb follow_button=\u00bboff\u00bb url_new_window=\u00bbon\u00bb]rss[\/et_pb_social_media_follow_network][\/et_pb_social_media_follow][\/et_pb_column][et_pb_column type=\u00bb1_3&#8243; _builder_version=\u00bb4.16&#8243; _module_preset=\u00bbdefault\u00bb global_colors_info=\u00bb{}\u00bb][et_pb_image src=\u00bbhttps:\/\/festivalpanoramic.cat\/wp-content\/uploads\/2025\/08\/kenneth_russo_panoramic.png\u00bb title_text=\u00bbkenneth_russo_panoramic\u00bb _builder_version=\u00bb4.27.4&#8243; _module_preset=\u00bbdefault\u00bb global_colors_info=\u00bb{}\u00bb][\/et_pb_image][\/et_pb_column][\/et_pb_row][et_pb_row column_structure=\u00bb2_3,1_3&#8243; custom_padding_last_edited=\u00bbon|phone\u00bb _builder_version=\u00bb4.27.4&#8243; _module_preset=\u00bbdefault\u00bb width=\u00bb95%\u00bb width_tablet=\u00bb90%\u00bb width_phone=\u00bb90%\u00bb width_last_edited=\u00bbon|phone\u00bb max_width=\u00bb2560px\u00bb custom_padding_tablet=\u00bb\u00bb custom_padding_phone=\u00bb||0px||false|false\u00bb border_width_bottom=\u00bb2px\u00bb locked=\u00bboff\u00bb global_colors_info=\u00bb{}\u00bb][et_pb_column type=\u00bb2_3&#8243; _builder_version=\u00bb4.16&#8243; _module_preset=\u00bbdefault\u00bb global_colors_info=\u00bb{}\u00bb][et_pb_text _builder_version=\u00bb4.27.4&#8243; _module_preset=\u00bbdefault\u00bb text_font=\u00bbakrobat light||||||||\u00bb text_text_color=\u00bb#000000&#8243; text_font_size=\u00bb20px\u00bb custom_padding=\u00bb1px|||||\u00bb inline_fonts=\u00bbMontserrat extra bold\u00bb global_colors_info=\u00bb{}\u00bb]<\/p>\n<p><span style=\"font-family: 'Montserrat extra bold'; font-weight: normal; font-size: x-large;\">Polina Schneider<\/span><\/p>\n<p><span style=\"font-weight: 400;\">Polina Schneider naci\u00f3 en San Petersburgo durante los a\u00f1os de la perestroika. Su educaci\u00f3n, marcada por la convivencia de m\u00faltiples idiomas, culturas y religiones, ha moldeado profundamente su visi\u00f3n del mundo, una perspectiva que impregna toda su pr\u00e1ctica fotogr\u00e1fica. Su trabajo se centra en capturar contrastes y procesos que exploran la b\u00fasqueda de identidad, as\u00ed como temas medioambientales, culturales y pol\u00edticos. Las im\u00e1genes de Polina combinan sensibilidad est\u00e9tica con un fuerte compromiso social, mostrando las tensiones entre individuo y entorno.\u00a0<\/span><\/p>\n<p><span style=\"font-weight: 400;\">Ha expuesto internacionalmente en Europa y Estados Unidos. Adem\u00e1s, es cofundadora de dos colectivos de fotograf\u00eda: C22, liderado por mujeres y enfocado en la fotograf\u00eda ambiental, y 20proKuadrat, que promueve el arte en espacios p\u00fablicos de Hannover.<\/span><\/p>\n<p>[\/et_pb_text][et_pb_social_media_follow icon_color=\u00bb#FFFFFF\u00bb _builder_version=\u00bb4.27.4&#8243; _module_preset=\u00bbdefault\u00bb background_color=\u00bbRGBA(255,255,255,0)\u00bb global_colors_info=\u00bb{}\u00bb][et_pb_social_media_follow_network social_network=\u00bbinstagram\u00bb url=\u00bbhttps:\/\/www.instagram.com\/polisnaps\/\u00bb _builder_version=\u00bb4.27.4&#8243; _module_preset=\u00bbdefault\u00bb background_color=\u00bb#000000&#8243; background_enable_color=\u00bbon\u00bb global_colors_info=\u00bb{}\u00bb follow_button=\u00bboff\u00bb url_new_window=\u00bbon\u00bb]instagram[\/et_pb_social_media_follow_network][\/et_pb_social_media_follow][\/et_pb_column][et_pb_column type=\u00bb1_3&#8243; _builder_version=\u00bb4.16&#8243; _module_preset=\u00bbdefault\u00bb global_colors_info=\u00bb{}\u00bb][et_pb_image src=\u00bbhttps:\/\/festivalpanoramic.cat\/wp-content\/uploads\/2025\/08\/polina_schneider_panoramic.png\u00bb title_text=\u00bbpolina_schneider_panoramic\u00bb _builder_version=\u00bb4.27.4&#8243; _module_preset=\u00bbdefault\u00bb global_colors_info=\u00bb{}\u00bb][\/et_pb_image][\/et_pb_column][\/et_pb_row][\/et_pb_section]<\/p>\n","protected":false},"excerpt":{"rendered":"<p>ExposicionesOpen Panor\u00e0micMarina Baldina \u00b7 Laura Baigorri \u00b7 Marta Bisbal Torres \u00b7 Beatrice Moumdjian \u00b7 M\u00f2nica Porta \u00b7 Ignasi Prat Altimira \u00b7 Benedetta Ristori \u00b7 Kenneth Russo \u00b7 Polina SchneiderComisariada por [&hellip;]<\/p>\n","protected":false},"author":1,"featured_media":39593,"comment_status":"open","ping_status":"closed","template":"","meta":{"_et_pb_use_builder":"on","_et_pb_old_content":"","_et_gb_content_width":"","footnotes":""},"project_category":[157,172,174,145],"project_tag":[],"class_list":["post-38748","project","type-project","status-publish","has-post-thumbnail","hentry","project_category-exposiciones-2025","project_category-exposiciones-granollers-2025","project_category-open-panoramic-2025e","project_category-panoramic-2025-es"],"yoast_head":"<!-- This site is optimized with the Yoast SEO plugin v27.2 - https:\/\/yoast.com\/product\/yoast-seo-wordpress\/ -->\n<title>Open Panor\u00e0mic 2025 - Festival Panor\u00e0mic<\/title>\n<meta name=\"robots\" content=\"index, follow, max-snippet:-1, max-image-preview:large, max-video-preview:-1\" \/>\n<link rel=\"canonical\" href=\"https:\/\/festivalpanoramic.cat\/es\/project\/open-panoramic-2025\/\" \/>\n<meta property=\"og:locale\" content=\"es_ES\" \/>\n<meta property=\"og:type\" content=\"article\" \/>\n<meta property=\"og:title\" content=\"Open Panor\u00e0mic 2025 - Festival Panor\u00e0mic\" \/>\n<meta property=\"og:description\" content=\"ExposicionesOpen Panor\u00e0micMarina Baldina \u00b7 Laura Baigorri \u00b7 Marta Bisbal Torres \u00b7 Beatrice Moumdjian \u00b7 M\u00f2nica Porta \u00b7 Ignasi Prat Altimira \u00b7 Benedetta Ristori \u00b7 Kenneth Russo \u00b7 Polina SchneiderComisariada por [&hellip;]\" \/>\n<meta property=\"og:url\" content=\"https:\/\/festivalpanoramic.cat\/es\/project\/open-panoramic-2025\/\" \/>\n<meta property=\"og:site_name\" content=\"Festival Panor\u00e0mic\" \/>\n<meta property=\"article:modified_time\" content=\"2025-10-21T13:47:37+00:00\" \/>\n<meta property=\"og:image\" content=\"https:\/\/festivalpanoramic.cat\/wp-content\/uploads\/2025\/08\/P_OP_reel-ultimsdies.png\" \/>\n\t<meta property=\"og:image:width\" content=\"833\" \/>\n\t<meta property=\"og:image:height\" content=\"555\" \/>\n\t<meta property=\"og:image:type\" content=\"image\/png\" \/>\n<meta name=\"twitter:card\" content=\"summary_large_image\" \/>\n<meta name=\"twitter:label1\" content=\"Tiempo de lectura\" \/>\n\t<meta name=\"twitter:data1\" content=\"12 minutos\" \/>\n<script type=\"application\/ld+json\" class=\"yoast-schema-graph\">{\"@context\":\"https:\/\/schema.org\",\"@graph\":[{\"@type\":\"WebPage\",\"@id\":\"https:\/\/festivalpanoramic.cat\/es\/project\/open-panoramic-2025\/\",\"url\":\"https:\/\/festivalpanoramic.cat\/es\/project\/open-panoramic-2025\/\",\"name\":\"Open Panor\u00e0mic 2025 - Festival Panor\u00e0mic\",\"isPartOf\":{\"@id\":\"https:\/\/festivalpanoramic.cat\/es\/#website\"},\"primaryImageOfPage\":{\"@id\":\"https:\/\/festivalpanoramic.cat\/es\/project\/open-panoramic-2025\/#primaryimage\"},\"image\":{\"@id\":\"https:\/\/festivalpanoramic.cat\/es\/project\/open-panoramic-2025\/#primaryimage\"},\"thumbnailUrl\":\"https:\/\/festivalpanoramic.cat\/wp-content\/uploads\/2025\/08\/P_OP_reel-ultimsdies.png\",\"datePublished\":\"2025-08-14T09:43:35+00:00\",\"dateModified\":\"2025-10-21T13:47:37+00:00\",\"breadcrumb\":{\"@id\":\"https:\/\/festivalpanoramic.cat\/es\/project\/open-panoramic-2025\/#breadcrumb\"},\"inLanguage\":\"es\",\"potentialAction\":[{\"@type\":\"ReadAction\",\"target\":[\"https:\/\/festivalpanoramic.cat\/es\/project\/open-panoramic-2025\/\"]}]},{\"@type\":\"ImageObject\",\"inLanguage\":\"es\",\"@id\":\"https:\/\/festivalpanoramic.cat\/es\/project\/open-panoramic-2025\/#primaryimage\",\"url\":\"https:\/\/festivalpanoramic.cat\/wp-content\/uploads\/2025\/08\/P_OP_reel-ultimsdies.png\",\"contentUrl\":\"https:\/\/festivalpanoramic.cat\/wp-content\/uploads\/2025\/08\/P_OP_reel-ultimsdies.png\",\"width\":833,\"height\":555},{\"@type\":\"BreadcrumbList\",\"@id\":\"https:\/\/festivalpanoramic.cat\/es\/project\/open-panoramic-2025\/#breadcrumb\",\"itemListElement\":[{\"@type\":\"ListItem\",\"position\":1,\"name\":\"Inici\",\"item\":\"https:\/\/festivalpanoramic.cat\/es\/\"},{\"@type\":\"ListItem\",\"position\":2,\"name\":\"Proyectos\",\"item\":\"https:\/\/festivalpanoramic.cat\/es\/project\/\"},{\"@type\":\"ListItem\",\"position\":3,\"name\":\"Open Panor\u00e0mic 2025\"}]},{\"@type\":\"WebSite\",\"@id\":\"https:\/\/festivalpanoramic.cat\/es\/#website\",\"url\":\"https:\/\/festivalpanoramic.cat\/es\/\",\"name\":\"Festival Panor\u00e0mic\",\"description\":\"PANOR\u00c0MIC. ARTS I CULTURES VISUALS\",\"potentialAction\":[{\"@type\":\"SearchAction\",\"target\":{\"@type\":\"EntryPoint\",\"urlTemplate\":\"https:\/\/festivalpanoramic.cat\/es\/?s={search_term_string}\"},\"query-input\":{\"@type\":\"PropertyValueSpecification\",\"valueRequired\":true,\"valueName\":\"search_term_string\"}}],\"inLanguage\":\"es\"}]}<\/script>\n<!-- \/ Yoast SEO plugin. -->","yoast_head_json":{"title":"Open Panor\u00e0mic 2025 - Festival Panor\u00e0mic","robots":{"index":"index","follow":"follow","max-snippet":"max-snippet:-1","max-image-preview":"max-image-preview:large","max-video-preview":"max-video-preview:-1"},"canonical":"https:\/\/festivalpanoramic.cat\/es\/project\/open-panoramic-2025\/","og_locale":"es_ES","og_type":"article","og_title":"Open Panor\u00e0mic 2025 - Festival Panor\u00e0mic","og_description":"ExposicionesOpen Panor\u00e0micMarina Baldina \u00b7 Laura Baigorri \u00b7 Marta Bisbal Torres \u00b7 Beatrice Moumdjian \u00b7 M\u00f2nica Porta \u00b7 Ignasi Prat Altimira \u00b7 Benedetta Ristori \u00b7 Kenneth Russo \u00b7 Polina SchneiderComisariada por [&hellip;]","og_url":"https:\/\/festivalpanoramic.cat\/es\/project\/open-panoramic-2025\/","og_site_name":"Festival Panor\u00e0mic","article_modified_time":"2025-10-21T13:47:37+00:00","og_image":[{"width":833,"height":555,"url":"https:\/\/festivalpanoramic.cat\/wp-content\/uploads\/2025\/08\/P_OP_reel-ultimsdies.png","type":"image\/png"}],"twitter_card":"summary_large_image","twitter_misc":{"Tiempo de lectura":"12 minutos"},"schema":{"@context":"https:\/\/schema.org","@graph":[{"@type":"WebPage","@id":"https:\/\/festivalpanoramic.cat\/es\/project\/open-panoramic-2025\/","url":"https:\/\/festivalpanoramic.cat\/es\/project\/open-panoramic-2025\/","name":"Open Panor\u00e0mic 2025 - Festival Panor\u00e0mic","isPartOf":{"@id":"https:\/\/festivalpanoramic.cat\/es\/#website"},"primaryImageOfPage":{"@id":"https:\/\/festivalpanoramic.cat\/es\/project\/open-panoramic-2025\/#primaryimage"},"image":{"@id":"https:\/\/festivalpanoramic.cat\/es\/project\/open-panoramic-2025\/#primaryimage"},"thumbnailUrl":"https:\/\/festivalpanoramic.cat\/wp-content\/uploads\/2025\/08\/P_OP_reel-ultimsdies.png","datePublished":"2025-08-14T09:43:35+00:00","dateModified":"2025-10-21T13:47:37+00:00","breadcrumb":{"@id":"https:\/\/festivalpanoramic.cat\/es\/project\/open-panoramic-2025\/#breadcrumb"},"inLanguage":"es","potentialAction":[{"@type":"ReadAction","target":["https:\/\/festivalpanoramic.cat\/es\/project\/open-panoramic-2025\/"]}]},{"@type":"ImageObject","inLanguage":"es","@id":"https:\/\/festivalpanoramic.cat\/es\/project\/open-panoramic-2025\/#primaryimage","url":"https:\/\/festivalpanoramic.cat\/wp-content\/uploads\/2025\/08\/P_OP_reel-ultimsdies.png","contentUrl":"https:\/\/festivalpanoramic.cat\/wp-content\/uploads\/2025\/08\/P_OP_reel-ultimsdies.png","width":833,"height":555},{"@type":"BreadcrumbList","@id":"https:\/\/festivalpanoramic.cat\/es\/project\/open-panoramic-2025\/#breadcrumb","itemListElement":[{"@type":"ListItem","position":1,"name":"Inici","item":"https:\/\/festivalpanoramic.cat\/es\/"},{"@type":"ListItem","position":2,"name":"Proyectos","item":"https:\/\/festivalpanoramic.cat\/es\/project\/"},{"@type":"ListItem","position":3,"name":"Open Panor\u00e0mic 2025"}]},{"@type":"WebSite","@id":"https:\/\/festivalpanoramic.cat\/es\/#website","url":"https:\/\/festivalpanoramic.cat\/es\/","name":"Festival Panor\u00e0mic","description":"PANOR\u00c0MIC. ARTS I CULTURES VISUALS","potentialAction":[{"@type":"SearchAction","target":{"@type":"EntryPoint","urlTemplate":"https:\/\/festivalpanoramic.cat\/es\/?s={search_term_string}"},"query-input":{"@type":"PropertyValueSpecification","valueRequired":true,"valueName":"search_term_string"}}],"inLanguage":"es"}]}},"_links":{"self":[{"href":"https:\/\/festivalpanoramic.cat\/es\/wp-json\/wp\/v2\/project\/38748","targetHints":{"allow":["GET"]}}],"collection":[{"href":"https:\/\/festivalpanoramic.cat\/es\/wp-json\/wp\/v2\/project"}],"about":[{"href":"https:\/\/festivalpanoramic.cat\/es\/wp-json\/wp\/v2\/types\/project"}],"author":[{"embeddable":true,"href":"https:\/\/festivalpanoramic.cat\/es\/wp-json\/wp\/v2\/users\/1"}],"replies":[{"embeddable":true,"href":"https:\/\/festivalpanoramic.cat\/es\/wp-json\/wp\/v2\/comments?post=38748"}],"version-history":[{"count":14,"href":"https:\/\/festivalpanoramic.cat\/es\/wp-json\/wp\/v2\/project\/38748\/revisions"}],"predecessor-version":[{"id":41246,"href":"https:\/\/festivalpanoramic.cat\/es\/wp-json\/wp\/v2\/project\/38748\/revisions\/41246"}],"wp:featuredmedia":[{"embeddable":true,"href":"https:\/\/festivalpanoramic.cat\/es\/wp-json\/wp\/v2\/media\/39593"}],"wp:attachment":[{"href":"https:\/\/festivalpanoramic.cat\/es\/wp-json\/wp\/v2\/media?parent=38748"}],"wp:term":[{"taxonomy":"project_category","embeddable":true,"href":"https:\/\/festivalpanoramic.cat\/es\/wp-json\/wp\/v2\/project_category?post=38748"},{"taxonomy":"project_tag","embeddable":true,"href":"https:\/\/festivalpanoramic.cat\/es\/wp-json\/wp\/v2\/project_tag?post=38748"}],"curies":[{"name":"wp","href":"https:\/\/api.w.org\/{rel}","templated":true}]}}