{"id":38931,"date":"2025-08-22T14:17:35","date_gmt":"2025-08-22T12:17:35","guid":{"rendered":"https:\/\/festivalpanoramic.cat\/?post_type=project&#038;p=38931"},"modified":"2025-09-25T10:36:11","modified_gmt":"2025-09-25T08:36:11","slug":"rutes-vermut-granollers","status":"publish","type":"project","link":"https:\/\/festivalpanoramic.cat\/es\/project\/rutes-vermut-granollers\/","title":{"rendered":"Rutes Vermut Granollers"},"content":{"rendered":"<p>[et_pb_section fb_built=\u00bb1&#8243; _builder_version=\u00bb4.16&#8243; _module_preset=\u00bbdefault\u00bb locked=\u00bboff\u00bb global_colors_info=\u00bb{}\u00bb theme_builder_area=\u00bbpost_content\u00bb][et_pb_row _builder_version=\u00bb4.27.4&#8243; _module_preset=\u00bbdefault\u00bb global_colors_info=\u00bb{}\u00bb theme_builder_area=\u00bbpost_content\u00bb][et_pb_column type=\u00bb4_4&#8243; _builder_version=\u00bb4.27.4&#8243; _module_preset=\u00bbdefault\u00bb global_colors_info=\u00bb{}\u00bb theme_builder_area=\u00bbpost_content\u00bb][et_pb_text _builder_version=\u00bb4.27.4&#8243; _module_preset=\u00bbdefault\u00bb text_font=\u00bbMontserrat extra bold||||||||\u00bb text_text_color=\u00bb#000000&#8243; text_font_size=\u00bb39px\u00bb custom_margin=\u00bb||||false|false\u00bb custom_padding=\u00bb||||false|false\u00bb text_font_size_tablet=\u00bb39px\u00bb text_font_size_phone=\u00bb32px\u00bb text_font_size_last_edited=\u00bbon|phone\u00bb text_line_height_tablet=\u00bb1.2em\u00bb text_line_height_phone=\u00bb1.2em\u00bb text_line_height_last_edited=\u00bbon|phone\u00bb global_colors_info=\u00bb{}\u00bb theme_builder_area=\u00bbpost_content\u00bb]<\/p>\n<h1 data-start=\"194\" data-end=\"266\">RUTES VERMUT GRANOLLERS<\/h1>\n<p>[\/et_pb_text][et_pb_text _builder_version=\u00bb4.27.4&#8243; _module_preset=\u00bbdefault\u00bb text_font=\u00bbakrobat light||||||||\u00bb text_text_color=\u00bb#000000&#8243; text_font_size=\u00bb23px\u00bb custom_margin=\u00bb||11px||false|false\u00bb custom_margin_tablet=\u00bb||11px||false|false\u00bb custom_margin_phone=\u00bb||11px||false|false\u00bb custom_margin_last_edited=\u00bbon|phone\u00bb global_colors_info=\u00bb{}\u00bb theme_builder_area=\u00bbpost_content\u00bb]<\/p>\n<p data-start=\"268\" data-end=\"560\">El festival Panor\u00e0mic et convida a descobrir les exposicions d\u2019una manera diferent: amb calma, mirada cr\u00edtica i un vermut compartit. Les nostres rutes guiades s\u00f3n passejades que combinen art, pensament i conversa, per aturar-nos enmig de la velocitat del m\u00f3n actual i explorar junts noves formes de veure i entendre la imatge.<\/p>\n<p>[\/et_pb_text][\/et_pb_column][\/et_pb_row][et_pb_row _builder_version=\u00bb4.27.4&#8243; _module_preset=\u00bbdefault\u00bb global_colors_info=\u00bb{}\u00bb theme_builder_area=\u00bbpost_content\u00bb][et_pb_column type=\u00bb4_4&#8243; _builder_version=\u00bb4.27.4&#8243; _module_preset=\u00bbdefault\u00bb global_colors_info=\u00bb{}\u00bb theme_builder_area=\u00bbpost_content\u00bb][et_pb_divider color=\u00bbgcid-73263b73-b059-42fc-a61d-05da764fa408&#8243; _builder_version=\u00bb4.27.4&#8243; _module_preset=\u00bbdefault\u00bb custom_margin=\u00bb0px||0px||false|false\u00bb global_colors_info=\u00bb{%22gcid-73263b73-b059-42fc-a61d-05da764fa408%22:%91%22color%22%93}\u00bb theme_builder_area=\u00bbpost_content\u00bb][\/et_pb_divider][\/et_pb_column][\/et_pb_row][et_pb_row column_structure=\u00bb3_5,2_5&#8243; _builder_version=\u00bb4.27.4&#8243; _module_preset=\u00bbdefault\u00bb global_colors_info=\u00bb{}\u00bb theme_builder_area=\u00bbpost_content\u00bb][et_pb_column type=\u00bb3_5&#8243; _builder_version=\u00bb4.27.4&#8243; _module_preset=\u00bbdefault\u00bb global_colors_info=\u00bb{}\u00bb theme_builder_area=\u00bbpost_content\u00bb][et_pb_text _builder_version=\u00bb4.27.4&#8243; _module_preset=\u00bbdefault\u00bb text_font=\u00bbMontserrat extra bold||||||||\u00bb text_text_color=\u00bb#8b794f\u00bb text_font_size=\u00bb39px\u00bb header_font=\u00bbMontserrat extra bold||||||||\u00bb header_text_color=\u00bb#8b794f\u00bb custom_margin=\u00bb||||false|false\u00bb custom_padding=\u00bb||||false|false\u00bb text_font_size_tablet=\u00bb39px\u00bb text_font_size_phone=\u00bb32px\u00bb text_font_size_last_edited=\u00bbon|phone\u00bb text_line_height_tablet=\u00bb1.2em\u00bb text_line_height_phone=\u00bb1.2em\u00bb text_line_height_last_edited=\u00bbon|phone\u00bb global_colors_info=\u00bb{}\u00bb theme_builder_area=\u00bbpost_content\u00bb]<\/p>\n<h1 data-start=\"194\" data-end=\"266\"><span style=\"font-weight: 400;\">RUTA + VERMUT per con\u00e8ixer les exposicions de Roca Umbert F\u00e0brica de les Arts<\/span><\/h1>\n<p>[\/et_pb_text][et_pb_text _builder_version=\u00bb4.27.4&#8243; _module_preset=\u00bbdefault\u00bb text_font=\u00bbakrobat light||||||||\u00bb text_text_color=\u00bb#000000&#8243; text_font_size=\u00bb23px\u00bb custom_margin=\u00bb||11px||false|false\u00bb custom_margin_tablet=\u00bb||11px||false|false\u00bb custom_margin_phone=\u00bb||11px||false|false\u00bb custom_margin_last_edited=\u00bbon|phone\u00bb global_colors_info=\u00bb{}\u00bb theme_builder_area=\u00bbpost_content\u00bb]<\/p>\n<p><span style=\"font-weight: 400;\">En un moment de sobresaturaci\u00f3 informativa i hiperacceleraci\u00f3 visual, aquesta ruta guiada amb vermut ens convida a fer un break: una pausa per mirar amb consci\u00e8ncia i repensar la nostra relaci\u00f3 amb la imatge, la tecnologia i el temps.<\/span><\/p>\n<p><span style=\"font-weight: 400;\">Comen\u00e7arem el recorregut a La T\u00e8rmica, amb la pe\u00e7a<\/span><i><span style=\"font-weight: 400;\"> Error-horror<\/span><\/i><span style=\"font-weight: 400;\">\u00a0de Franc Aleu, una instal\u00b7laci\u00f3 que ens desafia a descobrir la bellesa i el risc dels errors tecnol\u00f2gics. Aleu ens proposa un di\u00e0leg entre m\u00e0quina i imaginaci\u00f3, on l\u2019error esdev\u00e9 possibilitat creativa i l\u00edmit.<\/span><\/p>\n<p><span style=\"font-weight: 400;\">Tot seguit, visitarem l\u2019exposici\u00f3 de Hito Steyerl, una de les veus m\u00e9s l\u00facides del pensament visual contemporani. La seva obra q\u00fcestiona el consum massiu d\u2019imatges, el control digital i el paper de la cultura visual en l\u2019ordre pol\u00edtic global.<\/span><\/p>\n<p><span style=\"font-weight: 400;\">Despr\u00e9s, arribarem a la intervenci\u00f3 de Laura Aranda Lavado, que ens parla de la pausa i la lentitud com a formes de resist\u00e8ncia. La seva obra reivindica altres ritmes i formes d\u2019experimentar el m\u00f3n visual, obrint espais per a imaginar noves narratives.<\/span><\/p>\n<p><span style=\"font-weight: 400;\">Tancarem la ruta amb un vermut compartit i la visita a les propostes seleccionades a Open Panor\u00e0mic, la convocat\u00f2ria p\u00fablica del festival que mostra veus emergents i mirades diverses sobre aquest nou ordre visual. <\/span><span style=\"font-weight: 400;\">Una passejada art\u00edstica per Roca Umbert que ens convida a repensar la velocitat, la percepci\u00f3 i el futur de la imatge, en un temps dominat pel consum i l\u2019extractivisme visual.<\/span><\/p>\n<p>[\/et_pb_text][\/et_pb_column][et_pb_column type=\u00bb2_5&#8243; _builder_version=\u00bb4.27.4&#8243; _module_preset=\u00bbdefault\u00bb global_colors_info=\u00bb{}\u00bb theme_builder_area=\u00bbpost_content\u00bb][et_pb_text admin_label=\u00bbLloc\u00bb _builder_version=\u00bb4.27.4&#8243; _module_preset=\u00bbdefault\u00bb text_font=\u00bbMontserrat extra bold||||||||\u00bb text_text_color=\u00bb#000000&#8243; text_font_size=\u00bb18px\u00bb custom_margin=\u00bb20px||20px||false|false\u00bb text_font_size_tablet=\u00bb18px\u00bb text_font_size_phone=\u00bb16px\u00bb text_font_size_last_edited=\u00bbon|phone\u00bb locked=\u00bboff\u00bb inline_fonts=\u00bbakrobat light,Montserrat Light\u00bb global_colors_info=\u00bb{}\u00bb theme_builder_area=\u00bbpost_content\u00bb]<\/p>\n<p><b>GRANOLLERS<br \/><\/b><span style=\"font-family: 'Montserrat Light'; font-weight: normal;\"><strong>Roca Umbert F\u00e0brica de les Arts<\/strong><b><br \/><\/b><\/span><b><\/b><\/p>\n<p>[\/et_pb_text][et_pb_text admin_label=\u00bbData\u00bb _builder_version=\u00bb4.27.4&#8243; _module_preset=\u00bbdefault\u00bb text_font=\u00bbMontserrat Light||||||||\u00bb text_text_color=\u00bb#000000&#8243; text_font_size=\u00bb18px\u00bb header_font=\u00bbMontserrat extra bold||||||||\u00bb header_line_height=\u00bb1.2em\u00bb custom_margin=\u00bb20px||20px||false|false\u00bb custom_margin_tablet=\u00bb||||false|false\u00bb custom_margin_phone=\u00bb-24px||44px||false|false\u00bb custom_margin_last_edited=\u00bbon|desktop\u00bb text_font_size_tablet=\u00bb18px\u00bb text_font_size_phone=\u00bb16px\u00bb text_font_size_last_edited=\u00bbon|phone\u00bb global_colors_info=\u00bb{}\u00bb theme_builder_area=\u00bbpost_content\u00bb]<\/p>\n<h4><strong>Diumenge 26 d\u2019octubre a les 11h.<\/strong><\/h4>\n<p>[\/et_pb_text][et_pb_button button_url=\u00bbhttps:\/\/platform.festivalpanoramic.cat\/ca\/activitat\/ruta-vermut-a-les-exposicions-roca-umbert-fabrica-de-les-arts\u00bb url_new_window=\u00bbon\u00bb button_text=\u00bbInscriu-te\u00bb button_alignment=\u00bbleft\u00bb button_alignment_tablet=\u00bbleft\u00bb button_alignment_phone=\u00bbcenter\u00bb button_alignment_last_edited=\u00bbon|phone\u00bb _builder_version=\u00bb4.27.4&#8243; _module_preset=\u00bbdefault\u00bb custom_button=\u00bbon\u00bb button_text_color=\u00bb#000000&#8243; button_border_width=\u00bb1px\u00bb button_border_radius=\u00bb0px\u00bb button_font=\u00bbakrobat light||||||||\u00bb custom_margin=\u00bb8px||||false|false\u00bb custom_margin_tablet=\u00bb0px||40px||false|false\u00bb custom_margin_phone=\u00bb||20px||false|false\u00bb custom_margin_last_edited=\u00bbon|phone\u00bb custom_padding_tablet=\u00bb\u00bb custom_padding_phone=\u00bb\u00bb custom_padding_last_edited=\u00bbon|phone\u00bb button_text_size_tablet=\u00bb\u00bb button_text_size_phone=\u00bb18px\u00bb button_text_size_last_edited=\u00bbon|phone\u00bb global_colors_info=\u00bb{}\u00bb theme_builder_area=\u00bbpost_content\u00bb][\/et_pb_button][\/et_pb_column][\/et_pb_row][et_pb_row _builder_version=\u00bb4.27.4&#8243; _module_preset=\u00bbdefault\u00bb global_colors_info=\u00bb{}\u00bb theme_builder_area=\u00bbpost_content\u00bb][et_pb_column type=\u00bb4_4&#8243; _builder_version=\u00bb4.27.4&#8243; _module_preset=\u00bbdefault\u00bb global_colors_info=\u00bb{}\u00bb theme_builder_area=\u00bbpost_content\u00bb][et_pb_divider color=\u00bbgcid-73263b73-b059-42fc-a61d-05da764fa408&#8243; _builder_version=\u00bb4.27.4&#8243; _module_preset=\u00bbdefault\u00bb custom_margin=\u00bb0px||0px||false|false\u00bb global_colors_info=\u00bb{%22gcid-73263b73-b059-42fc-a61d-05da764fa408%22:%91%22color%22%93}\u00bb theme_builder_area=\u00bbpost_content\u00bb][\/et_pb_divider][\/et_pb_column][\/et_pb_row][et_pb_row column_structure=\u00bb3_5,2_5&#8243; _builder_version=\u00bb4.27.4&#8243; _module_preset=\u00bbdefault\u00bb global_colors_info=\u00bb{}\u00bb theme_builder_area=\u00bbpost_content\u00bb][et_pb_column type=\u00bb3_5&#8243; _builder_version=\u00bb4.27.4&#8243; _module_preset=\u00bbdefault\u00bb global_colors_info=\u00bb{}\u00bb theme_builder_area=\u00bbpost_content\u00bb][et_pb_text _builder_version=\u00bb4.27.4&#8243; _module_preset=\u00bbdefault\u00bb text_font=\u00bbMontserrat extra bold||||||||\u00bb text_text_color=\u00bb#8b794f\u00bb text_font_size=\u00bb39px\u00bb header_font=\u00bbMontserrat extra bold||||||||\u00bb header_text_color=\u00bb#8b794f\u00bb custom_margin=\u00bb||||false|false\u00bb custom_padding=\u00bb||||false|false\u00bb text_font_size_tablet=\u00bb39px\u00bb text_font_size_phone=\u00bb32px\u00bb text_font_size_last_edited=\u00bbon|phone\u00bb text_line_height_tablet=\u00bb1.2em\u00bb text_line_height_phone=\u00bb1.2em\u00bb text_line_height_last_edited=\u00bbon|phone\u00bb global_colors_info=\u00bb{}\u00bb theme_builder_area=\u00bbpost_content\u00bb]<\/p>\n<h1 data-start=\"194\" data-end=\"266\"><span style=\"font-weight: 400;\">RUTA + VERMUT per con\u00e8ixer les exposicions del Museu de Ci\u00e8ncies Naturals i l\u2019Adoberia<\/span><\/h1>\n<p>[\/et_pb_text][et_pb_text _builder_version=\u00bb4.27.4&#8243; _module_preset=\u00bbdefault\u00bb text_font=\u00bbakrobat light||||||||\u00bb text_text_color=\u00bb#000000&#8243; text_font_size=\u00bb23px\u00bb custom_margin=\u00bb||11px||false|false\u00bb custom_margin_tablet=\u00bb||11px||false|false\u00bb custom_margin_phone=\u00bb||11px||false|false\u00bb custom_margin_last_edited=\u00bbon|phone\u00bb global_colors_info=\u00bb{}\u00bb theme_builder_area=\u00bbpost_content\u00bb]<\/p>\n<p><span style=\"font-weight: 400;\">Vine a fer un <\/span><i><span style=\"font-weight: 400;\">break<\/span><\/i><span style=\"font-weight: 400;\"> amb nosaltres en aquesta ruta, on explorarem la complexa relaci\u00f3 entre tecnologia i natura a l\u2019era de la imatge accelerada. En un m\u00f3n on la innovaci\u00f3 digital i la intel\u00b7lig\u00e8ncia artificial han transformat radicalment la nostra relaci\u00f3n amb l\u2019entorn, aquestes dues exposicions ens conviden a desaccelerar\u2026 o potser no?<\/span><\/p>\n<p><span style=\"font-weight: 400;\">A <\/span><i><span style=\"font-weight: 400;\">New Farmer<\/span><\/i><span style=\"font-weight: 400;\">, Bruce Eesly aprofundeix en com la tecnologia agr\u00edcola i la fotografia modelen la nostra comprensi\u00f3 de la natura, posant en q\u00fcesti\u00f3 l\u2019impacte de la industrialitzaci\u00f3 i l\u2019extractivisme ambiental. Amb un to ir\u00f2nic, la seva obra ens desafia a repensar la manera com les imatges construeixen hist\u00f2ries que afecten la biodiversitat i sostenibilitat del planeta.<\/span><\/p>\n<p><span style=\"font-weight: 400;\">M\u00f3nica Riki\u0107, per la seva banda, aposta per un di\u00e0leg m\u00e9s pausat i sensible amb la intel\u00b7lig\u00e8ncia artificial i la rob\u00f2tica. Les seves instal\u00b7lacions proposen una connexi\u00f3 humana i conscient amb les m\u00e0quines, contraposant la cultura fren\u00e8tica imperant a una experi\u00e8ncia m\u00e9s contemplativa i cr\u00edtica que obri espais de consci\u00e8ncia i respecte cap a la natura i la t\u00e8cnica.<\/span><\/p>\n<p><span style=\"font-weight: 400;\">Gaudeix d\u2019aquesta combinaci\u00f3 de mirada art\u00edstica i conversa pausada, acompanyada d\u2019un bon vermut, per reflexionar junts sobre la nostra cultura visual i el m\u00f3n que constru\u00efm. <\/span><\/p>\n<p>[\/et_pb_text][\/et_pb_column][et_pb_column type=\u00bb2_5&#8243; _builder_version=\u00bb4.27.4&#8243; _module_preset=\u00bbdefault\u00bb global_colors_info=\u00bb{}\u00bb theme_builder_area=\u00bbpost_content\u00bb][et_pb_text admin_label=\u00bbLloc\u00bb _builder_version=\u00bb4.27.4&#8243; _module_preset=\u00bbdefault\u00bb text_font=\u00bbMontserrat extra bold||||||||\u00bb text_text_color=\u00bb#000000&#8243; text_font_size=\u00bb18px\u00bb custom_margin=\u00bb20px||20px||false|false\u00bb text_font_size_tablet=\u00bb18px\u00bb text_font_size_phone=\u00bb16px\u00bb text_font_size_last_edited=\u00bbon|phone\u00bb locked=\u00bboff\u00bb inline_fonts=\u00bbakrobat light,Montserrat Light\u00bb global_colors_info=\u00bb{}\u00bb theme_builder_area=\u00bbpost_content\u00bb]<\/p>\n<p><b>GRANOLLERS<br \/><\/b><span style=\"font-family: 'Montserrat Light'; font-weight: normal;\"><strong><b>Museu de Ci\u00e8ncies Naturals<\/b><\/strong><\/span><\/p>\n<p>[\/et_pb_text][et_pb_text admin_label=\u00bbData\u00bb _builder_version=\u00bb4.27.4&#8243; _module_preset=\u00bbdefault\u00bb text_font=\u00bbMontserrat Light||||||||\u00bb text_text_color=\u00bb#000000&#8243; text_font_size=\u00bb18px\u00bb header_font=\u00bbMontserrat extra bold||||||||\u00bb header_line_height=\u00bb1.2em\u00bb custom_margin=\u00bb20px||20px||false|false\u00bb custom_margin_tablet=\u00bb||||false|false\u00bb custom_margin_phone=\u00bb-24px||44px||false|false\u00bb custom_margin_last_edited=\u00bbon|desktop\u00bb text_font_size_tablet=\u00bb18px\u00bb text_font_size_phone=\u00bb16px\u00bb text_font_size_last_edited=\u00bbon|phone\u00bb global_colors_info=\u00bb{}\u00bb theme_builder_area=\u00bbpost_content\u00bb]<\/p>\n<h4><strong>Diumenge 16 de novembre a les 11h.<\/strong><\/h4>\n<p>[\/et_pb_text][et_pb_button button_url=\u00bbhttps:\/\/platform.festivalpanoramic.cat\/ca\/activitat\/ruta-vermut-a-les-exposicions-del-museu-de-ciencies-naturals-i-l-adoberia\u00bb url_new_window=\u00bbon\u00bb button_text=\u00bbInscriu-te\u00bb button_alignment=\u00bbleft\u00bb button_alignment_tablet=\u00bbleft\u00bb button_alignment_phone=\u00bbcenter\u00bb button_alignment_last_edited=\u00bbon|phone\u00bb _builder_version=\u00bb4.27.4&#8243; _module_preset=\u00bbdefault\u00bb custom_button=\u00bbon\u00bb button_text_color=\u00bb#000000&#8243; button_border_width=\u00bb1px\u00bb button_border_radius=\u00bb0px\u00bb button_font=\u00bbakrobat light||||||||\u00bb custom_margin=\u00bb8px||||false|false\u00bb custom_margin_tablet=\u00bb0px||40px||false|false\u00bb custom_margin_phone=\u00bb||20px||false|false\u00bb custom_margin_last_edited=\u00bbon|phone\u00bb custom_padding_tablet=\u00bb\u00bb custom_padding_phone=\u00bb\u00bb custom_padding_last_edited=\u00bbon|phone\u00bb button_text_size_tablet=\u00bb\u00bb button_text_size_phone=\u00bb18px\u00bb button_text_size_last_edited=\u00bbon|phone\u00bb global_colors_info=\u00bb{}\u00bb theme_builder_area=\u00bbpost_content\u00bb][\/et_pb_button][\/et_pb_column][\/et_pb_row][et_pb_row _builder_version=\u00bb4.27.4&#8243; _module_preset=\u00bbdefault\u00bb global_colors_info=\u00bb{}\u00bb theme_builder_area=\u00bbpost_content\u00bb][et_pb_column type=\u00bb4_4&#8243; _builder_version=\u00bb4.27.4&#8243; _module_preset=\u00bbdefault\u00bb global_colors_info=\u00bb{}\u00bb theme_builder_area=\u00bbpost_content\u00bb][et_pb_divider color=\u00bbgcid-73263b73-b059-42fc-a61d-05da764fa408&#8243; _builder_version=\u00bb4.27.4&#8243; _module_preset=\u00bbdefault\u00bb custom_margin=\u00bb0px||0px||false|false\u00bb global_colors_info=\u00bb{%22gcid-73263b73-b059-42fc-a61d-05da764fa408%22:%91%22color%22%93}\u00bb theme_builder_area=\u00bbpost_content\u00bb][\/et_pb_divider][\/et_pb_column][\/et_pb_row][et_pb_row column_structure=\u00bb3_5,2_5&#8243; _builder_version=\u00bb4.27.4&#8243; _module_preset=\u00bbdefault\u00bb global_colors_info=\u00bb{}\u00bb theme_builder_area=\u00bbpost_content\u00bb][et_pb_column type=\u00bb3_5&#8243; _builder_version=\u00bb4.27.4&#8243; _module_preset=\u00bbdefault\u00bb global_colors_info=\u00bb{}\u00bb theme_builder_area=\u00bbpost_content\u00bb][et_pb_text _builder_version=\u00bb4.27.4&#8243; _module_preset=\u00bbdefault\u00bb text_font=\u00bbMontserrat extra bold||||||||\u00bb text_text_color=\u00bb#8b794f\u00bb text_font_size=\u00bb39px\u00bb header_font=\u00bbMontserrat extra bold||||||||\u00bb header_text_color=\u00bb#8b794f\u00bb custom_margin=\u00bb||||false|false\u00bb custom_padding=\u00bb||||false|false\u00bb text_font_size_tablet=\u00bb39px\u00bb text_font_size_phone=\u00bb32px\u00bb text_font_size_last_edited=\u00bbon|phone\u00bb text_line_height_tablet=\u00bb1.2em\u00bb text_line_height_phone=\u00bb1.2em\u00bb text_line_height_last_edited=\u00bbon|phone\u00bb global_colors_info=\u00bb{}\u00bb theme_builder_area=\u00bbpost_content\u00bb]<\/p>\n<h1 data-start=\"194\" data-end=\"266\"><span style=\"font-weight: 400;\">RUTA + VERMUT per con\u00e8ixer les exposicions del Cinema Edison i el Museu de Granollers<\/span><\/h1>\n<p>[\/et_pb_text][et_pb_text _builder_version=\u00bb4.27.4&#8243; _module_preset=\u00bbdefault\u00bb text_font=\u00bbakrobat light||||||||\u00bb text_text_color=\u00bb#000000&#8243; text_font_size=\u00bb23px\u00bb custom_margin=\u00bb||11px||false|false\u00bb custom_margin_tablet=\u00bb||11px||false|false\u00bb custom_margin_phone=\u00bb||11px||false|false\u00bb custom_margin_last_edited=\u00bbon|phone\u00bb global_colors_info=\u00bb{}\u00bb theme_builder_area=\u00bbpost_content\u00bb]<\/p>\n<p><span style=\"font-weight: 400;\">Et proposem una ruta per a qui no t\u00e9 pressa: una visita guiada per dues exposicions que, des de perspectives diferents, plantegen la pausa com a gest radical i subversiu.<\/span><\/p>\n<p><span style=\"font-weight: 400;\">A l\u2019exposici\u00f3 comissariada per Estela Ortiz i Juan Evaristo Valls Boix, dins el <\/span><i><span style=\"font-weight: 400;\">Panor\u00e0mic Review,<\/span><\/i><span style=\"font-weight: 400;\"> ens endinsem en l\u2019univers dom\u00e8stic del llit i l\u2019habitaci\u00f3 pr\u00f2pia. Amb humor i tendresa, la mostra connecta l\u2019est\u00e8tica del mem amb el cinema d\u2019autor i la cr\u00edtica social: mandra, esgotament, vulnerabilitat i desig s\u2019entrellacen per preguntar-nos qui pot descansar avui \u2014i qu\u00e8 vol dir descansar realment\u2014 en un m\u00f3n que exigeix estar sempre connectats.<\/span><\/p>\n<p><span style=\"font-weight: 400;\">Tot seguit, l\u2019exposici\u00f3 col\u00b7lectiva comissariada per Rebecca Mutell ens convida a mirar m\u00e9s enll\u00e0 del visible. Amb obres de Hanako Murakami, L\u00e9a Habourdin, Joaqu\u00edn Paredes, Gabriel Leger i altres, descobrirem t\u00e8cniques fotogr\u00e0fiques antigues, processos lents i materials org\u00e0nics que tornen a posar el cos, la mat\u00e8ria i la llum al centre. Una proposta que apel\u00b7la als sentits i al pensament, on la imatge ja no es captura sin\u00f3 que es teixeix amb cura<\/span><\/p>\n<p><span style=\"font-weight: 400;\">Per acabar, gaudirem d\u2019un vermut i temps per conversar, compartir i, sobretot, aturar-nos.<\/span><\/p>\n<p>[\/et_pb_text][\/et_pb_column][et_pb_column type=\u00bb2_5&#8243; _builder_version=\u00bb4.27.4&#8243; _module_preset=\u00bbdefault\u00bb global_colors_info=\u00bb{}\u00bb theme_builder_area=\u00bbpost_content\u00bb][et_pb_text admin_label=\u00bbLloc\u00bb _builder_version=\u00bb4.27.4&#8243; _module_preset=\u00bbdefault\u00bb text_font=\u00bbMontserrat extra bold||||||||\u00bb text_text_color=\u00bb#000000&#8243; text_font_size=\u00bb18px\u00bb custom_margin=\u00bb20px||20px||false|false\u00bb text_font_size_tablet=\u00bb18px\u00bb text_font_size_phone=\u00bb16px\u00bb text_font_size_last_edited=\u00bbon|phone\u00bb locked=\u00bboff\u00bb inline_fonts=\u00bbakrobat light,Montserrat Light\u00bb global_colors_info=\u00bb{}\u00bb theme_builder_area=\u00bbpost_content\u00bb]<\/p>\n<p><b>GRANOLLERS<br \/><\/b><span style=\"font-family: 'Montserrat Light'; font-weight: normal;\"><strong>Cinema Edison<\/strong><br \/><\/span><\/p>\n<p>[\/et_pb_text][et_pb_text admin_label=\u00bbData\u00bb _builder_version=\u00bb4.27.4&#8243; _module_preset=\u00bbdefault\u00bb text_font=\u00bbMontserrat Light||||||||\u00bb text_text_color=\u00bb#000000&#8243; text_font_size=\u00bb18px\u00bb header_font=\u00bbMontserrat extra bold||||||||\u00bb header_line_height=\u00bb1.2em\u00bb custom_margin=\u00bb20px||20px||false|false\u00bb custom_margin_tablet=\u00bb||||false|false\u00bb custom_margin_phone=\u00bb-24px||44px||false|false\u00bb custom_margin_last_edited=\u00bbon|desktop\u00bb text_font_size_tablet=\u00bb18px\u00bb text_font_size_phone=\u00bb16px\u00bb text_font_size_last_edited=\u00bbon|phone\u00bb global_colors_info=\u00bb{}\u00bb theme_builder_area=\u00bbpost_content\u00bb]<\/p>\n<h4><strong>Diumenge 30 de novembre a les 11h.<\/strong><\/h4>\n<p>[\/et_pb_text][et_pb_button button_url=\u00bbhttps:\/\/platform.festivalpanoramic.cat\/ca\/activitat\/ruta-vermut-a-les-exposicions-del-museu-de-granollers-i-el-cinema-edison\u00bb url_new_window=\u00bbon\u00bb button_text=\u00bbInscriu-te\u00bb button_alignment=\u00bbleft\u00bb button_alignment_tablet=\u00bbleft\u00bb button_alignment_phone=\u00bbcenter\u00bb button_alignment_last_edited=\u00bbon|phone\u00bb _builder_version=\u00bb4.27.4&#8243; _module_preset=\u00bbdefault\u00bb custom_button=\u00bbon\u00bb button_text_color=\u00bb#000000&#8243; button_border_width=\u00bb1px\u00bb button_border_radius=\u00bb0px\u00bb button_font=\u00bbakrobat light||||||||\u00bb custom_margin=\u00bb8px||||false|false\u00bb custom_margin_tablet=\u00bb0px||40px||false|false\u00bb custom_margin_phone=\u00bb||20px||false|false\u00bb custom_margin_last_edited=\u00bbon|phone\u00bb custom_padding_tablet=\u00bb\u00bb custom_padding_phone=\u00bb\u00bb custom_padding_last_edited=\u00bbon|phone\u00bb button_text_size_tablet=\u00bb\u00bb button_text_size_phone=\u00bb18px\u00bb button_text_size_last_edited=\u00bbon|phone\u00bb global_colors_info=\u00bb{}\u00bb theme_builder_area=\u00bbpost_content\u00bb][\/et_pb_button][\/et_pb_column][\/et_pb_row][et_pb_row _builder_version=\u00bb4.27.4&#8243; _module_preset=\u00bbdefault\u00bb global_colors_info=\u00bb{}\u00bb theme_builder_area=\u00bbpost_content\u00bb][et_pb_column type=\u00bb4_4&#8243; _builder_version=\u00bb4.27.4&#8243; _module_preset=\u00bbdefault\u00bb global_colors_info=\u00bb{}\u00bb theme_builder_area=\u00bbpost_content\u00bb][et_pb_divider color=\u00bbgcid-73263b73-b059-42fc-a61d-05da764fa408&#8243; _builder_version=\u00bb4.27.4&#8243; _module_preset=\u00bbdefault\u00bb custom_margin=\u00bb0px||0px||false|false\u00bb global_colors_info=\u00bb{%22gcid-73263b73-b059-42fc-a61d-05da764fa408%22:%91%22color%22%93}\u00bb theme_builder_area=\u00bbpost_content\u00bb][\/et_pb_divider][\/et_pb_column][\/et_pb_row][\/et_pb_section]<\/p>\n","protected":false},"excerpt":{"rendered":"<p>RUTES VERMUT GRANOLLERSEl festival Panor\u00e0mic et convida a descobrir les exposicions d\u2019una manera diferent: amb calma, mirada cr\u00edtica i un vermut compartit. Les nostres rutes guiades s\u00f3n passejades que combinen [&hellip;]<\/p>\n","protected":false},"author":1,"featured_media":38926,"comment_status":"open","ping_status":"closed","template":"","meta":{"_et_pb_use_builder":"on","_et_pb_old_content":"","_et_gb_content_width":"","footnotes":""},"project_category":[183,193],"project_tag":[],"class_list":["post-38931","project","type-project","status-publish","has-post-thumbnail","hentry","project_category-actividades-2025","project_category-actividades-granollers-2025"],"yoast_head":"<!-- This site is optimized with the Yoast SEO plugin v27.2 - https:\/\/yoast.com\/product\/yoast-seo-wordpress\/ -->\n<title>Rutes Vermut Granollers - Festival Panor\u00e0mic<\/title>\n<meta name=\"robots\" content=\"index, follow, max-snippet:-1, max-image-preview:large, max-video-preview:-1\" \/>\n<link rel=\"canonical\" href=\"https:\/\/festivalpanoramic.cat\/es\/project\/rutes-vermut-granollers\/\" \/>\n<meta property=\"og:locale\" content=\"es_ES\" \/>\n<meta property=\"og:type\" content=\"article\" \/>\n<meta property=\"og:title\" content=\"Rutes Vermut Granollers - Festival Panor\u00e0mic\" \/>\n<meta property=\"og:description\" content=\"RUTES VERMUT GRANOLLERSEl festival Panor\u00e0mic et convida a descobrir les exposicions d\u2019una manera diferent: amb calma, mirada cr\u00edtica i un vermut compartit. Les nostres rutes guiades s\u00f3n passejades que combinen [&hellip;]\" \/>\n<meta property=\"og:url\" content=\"https:\/\/festivalpanoramic.cat\/es\/project\/rutes-vermut-granollers\/\" \/>\n<meta property=\"og:site_name\" content=\"Festival Panor\u00e0mic\" \/>\n<meta property=\"article:modified_time\" content=\"2025-09-25T08:36:11+00:00\" \/>\n<meta property=\"og:image\" content=\"https:\/\/festivalpanoramic.cat\/wp-content\/uploads\/2025\/08\/rutes_vermut_panoramic_gra.png\" \/>\n\t<meta property=\"og:image:width\" content=\"1080\" \/>\n\t<meta property=\"og:image:height\" content=\"719\" \/>\n\t<meta property=\"og:image:type\" content=\"image\/png\" \/>\n<meta name=\"twitter:card\" content=\"summary_large_image\" \/>\n<meta name=\"twitter:label1\" content=\"Tiempo de lectura\" \/>\n\t<meta name=\"twitter:data1\" content=\"5 minutos\" \/>\n<script type=\"application\/ld+json\" class=\"yoast-schema-graph\">{\"@context\":\"https:\/\/schema.org\",\"@graph\":[{\"@type\":\"WebPage\",\"@id\":\"https:\/\/festivalpanoramic.cat\/es\/project\/rutes-vermut-granollers\/\",\"url\":\"https:\/\/festivalpanoramic.cat\/es\/project\/rutes-vermut-granollers\/\",\"name\":\"Rutes Vermut Granollers - Festival Panor\u00e0mic\",\"isPartOf\":{\"@id\":\"https:\/\/festivalpanoramic.cat\/es\/#website\"},\"primaryImageOfPage\":{\"@id\":\"https:\/\/festivalpanoramic.cat\/es\/project\/rutes-vermut-granollers\/#primaryimage\"},\"image\":{\"@id\":\"https:\/\/festivalpanoramic.cat\/es\/project\/rutes-vermut-granollers\/#primaryimage\"},\"thumbnailUrl\":\"https:\/\/festivalpanoramic.cat\/wp-content\/uploads\/2025\/08\/rutes_vermut_panoramic_gra.png\",\"datePublished\":\"2025-08-22T12:17:35+00:00\",\"dateModified\":\"2025-09-25T08:36:11+00:00\",\"breadcrumb\":{\"@id\":\"https:\/\/festivalpanoramic.cat\/es\/project\/rutes-vermut-granollers\/#breadcrumb\"},\"inLanguage\":\"es\",\"potentialAction\":[{\"@type\":\"ReadAction\",\"target\":[\"https:\/\/festivalpanoramic.cat\/es\/project\/rutes-vermut-granollers\/\"]}]},{\"@type\":\"ImageObject\",\"inLanguage\":\"es\",\"@id\":\"https:\/\/festivalpanoramic.cat\/es\/project\/rutes-vermut-granollers\/#primaryimage\",\"url\":\"https:\/\/festivalpanoramic.cat\/wp-content\/uploads\/2025\/08\/rutes_vermut_panoramic_gra.png\",\"contentUrl\":\"https:\/\/festivalpanoramic.cat\/wp-content\/uploads\/2025\/08\/rutes_vermut_panoramic_gra.png\",\"width\":1080,\"height\":719},{\"@type\":\"BreadcrumbList\",\"@id\":\"https:\/\/festivalpanoramic.cat\/es\/project\/rutes-vermut-granollers\/#breadcrumb\",\"itemListElement\":[{\"@type\":\"ListItem\",\"position\":1,\"name\":\"Inici\",\"item\":\"https:\/\/festivalpanoramic.cat\/es\/\"},{\"@type\":\"ListItem\",\"position\":2,\"name\":\"Proyectos\",\"item\":\"https:\/\/festivalpanoramic.cat\/es\/project\/\"},{\"@type\":\"ListItem\",\"position\":3,\"name\":\"Rutes Vermut Granollers\"}]},{\"@type\":\"WebSite\",\"@id\":\"https:\/\/festivalpanoramic.cat\/es\/#website\",\"url\":\"https:\/\/festivalpanoramic.cat\/es\/\",\"name\":\"Festival Panor\u00e0mic\",\"description\":\"PANOR\u00c0MIC. ARTS I CULTURES VISUALS\",\"potentialAction\":[{\"@type\":\"SearchAction\",\"target\":{\"@type\":\"EntryPoint\",\"urlTemplate\":\"https:\/\/festivalpanoramic.cat\/es\/?s={search_term_string}\"},\"query-input\":{\"@type\":\"PropertyValueSpecification\",\"valueRequired\":true,\"valueName\":\"search_term_string\"}}],\"inLanguage\":\"es\"}]}<\/script>\n<!-- \/ Yoast SEO plugin. -->","yoast_head_json":{"title":"Rutes Vermut Granollers - Festival Panor\u00e0mic","robots":{"index":"index","follow":"follow","max-snippet":"max-snippet:-1","max-image-preview":"max-image-preview:large","max-video-preview":"max-video-preview:-1"},"canonical":"https:\/\/festivalpanoramic.cat\/es\/project\/rutes-vermut-granollers\/","og_locale":"es_ES","og_type":"article","og_title":"Rutes Vermut Granollers - Festival Panor\u00e0mic","og_description":"RUTES VERMUT GRANOLLERSEl festival Panor\u00e0mic et convida a descobrir les exposicions d\u2019una manera diferent: amb calma, mirada cr\u00edtica i un vermut compartit. Les nostres rutes guiades s\u00f3n passejades que combinen [&hellip;]","og_url":"https:\/\/festivalpanoramic.cat\/es\/project\/rutes-vermut-granollers\/","og_site_name":"Festival Panor\u00e0mic","article_modified_time":"2025-09-25T08:36:11+00:00","og_image":[{"width":1080,"height":719,"url":"https:\/\/festivalpanoramic.cat\/wp-content\/uploads\/2025\/08\/rutes_vermut_panoramic_gra.png","type":"image\/png"}],"twitter_card":"summary_large_image","twitter_misc":{"Tiempo de lectura":"5 minutos"},"schema":{"@context":"https:\/\/schema.org","@graph":[{"@type":"WebPage","@id":"https:\/\/festivalpanoramic.cat\/es\/project\/rutes-vermut-granollers\/","url":"https:\/\/festivalpanoramic.cat\/es\/project\/rutes-vermut-granollers\/","name":"Rutes Vermut Granollers - Festival Panor\u00e0mic","isPartOf":{"@id":"https:\/\/festivalpanoramic.cat\/es\/#website"},"primaryImageOfPage":{"@id":"https:\/\/festivalpanoramic.cat\/es\/project\/rutes-vermut-granollers\/#primaryimage"},"image":{"@id":"https:\/\/festivalpanoramic.cat\/es\/project\/rutes-vermut-granollers\/#primaryimage"},"thumbnailUrl":"https:\/\/festivalpanoramic.cat\/wp-content\/uploads\/2025\/08\/rutes_vermut_panoramic_gra.png","datePublished":"2025-08-22T12:17:35+00:00","dateModified":"2025-09-25T08:36:11+00:00","breadcrumb":{"@id":"https:\/\/festivalpanoramic.cat\/es\/project\/rutes-vermut-granollers\/#breadcrumb"},"inLanguage":"es","potentialAction":[{"@type":"ReadAction","target":["https:\/\/festivalpanoramic.cat\/es\/project\/rutes-vermut-granollers\/"]}]},{"@type":"ImageObject","inLanguage":"es","@id":"https:\/\/festivalpanoramic.cat\/es\/project\/rutes-vermut-granollers\/#primaryimage","url":"https:\/\/festivalpanoramic.cat\/wp-content\/uploads\/2025\/08\/rutes_vermut_panoramic_gra.png","contentUrl":"https:\/\/festivalpanoramic.cat\/wp-content\/uploads\/2025\/08\/rutes_vermut_panoramic_gra.png","width":1080,"height":719},{"@type":"BreadcrumbList","@id":"https:\/\/festivalpanoramic.cat\/es\/project\/rutes-vermut-granollers\/#breadcrumb","itemListElement":[{"@type":"ListItem","position":1,"name":"Inici","item":"https:\/\/festivalpanoramic.cat\/es\/"},{"@type":"ListItem","position":2,"name":"Proyectos","item":"https:\/\/festivalpanoramic.cat\/es\/project\/"},{"@type":"ListItem","position":3,"name":"Rutes Vermut Granollers"}]},{"@type":"WebSite","@id":"https:\/\/festivalpanoramic.cat\/es\/#website","url":"https:\/\/festivalpanoramic.cat\/es\/","name":"Festival Panor\u00e0mic","description":"PANOR\u00c0MIC. ARTS I CULTURES VISUALS","potentialAction":[{"@type":"SearchAction","target":{"@type":"EntryPoint","urlTemplate":"https:\/\/festivalpanoramic.cat\/es\/?s={search_term_string}"},"query-input":{"@type":"PropertyValueSpecification","valueRequired":true,"valueName":"search_term_string"}}],"inLanguage":"es"}]}},"_links":{"self":[{"href":"https:\/\/festivalpanoramic.cat\/es\/wp-json\/wp\/v2\/project\/38931","targetHints":{"allow":["GET"]}}],"collection":[{"href":"https:\/\/festivalpanoramic.cat\/es\/wp-json\/wp\/v2\/project"}],"about":[{"href":"https:\/\/festivalpanoramic.cat\/es\/wp-json\/wp\/v2\/types\/project"}],"author":[{"embeddable":true,"href":"https:\/\/festivalpanoramic.cat\/es\/wp-json\/wp\/v2\/users\/1"}],"replies":[{"embeddable":true,"href":"https:\/\/festivalpanoramic.cat\/es\/wp-json\/wp\/v2\/comments?post=38931"}],"version-history":[{"count":3,"href":"https:\/\/festivalpanoramic.cat\/es\/wp-json\/wp\/v2\/project\/38931\/revisions"}],"predecessor-version":[{"id":40460,"href":"https:\/\/festivalpanoramic.cat\/es\/wp-json\/wp\/v2\/project\/38931\/revisions\/40460"}],"wp:featuredmedia":[{"embeddable":true,"href":"https:\/\/festivalpanoramic.cat\/es\/wp-json\/wp\/v2\/media\/38926"}],"wp:attachment":[{"href":"https:\/\/festivalpanoramic.cat\/es\/wp-json\/wp\/v2\/media?parent=38931"}],"wp:term":[{"taxonomy":"project_category","embeddable":true,"href":"https:\/\/festivalpanoramic.cat\/es\/wp-json\/wp\/v2\/project_category?post=38931"},{"taxonomy":"project_tag","embeddable":true,"href":"https:\/\/festivalpanoramic.cat\/es\/wp-json\/wp\/v2\/project_tag?post=38931"}],"curies":[{"name":"wp","href":"https:\/\/api.w.org\/{rel}","templated":true}]}}