{"id":39114,"date":"2025-08-26T16:19:22","date_gmt":"2025-08-26T14:19:22","guid":{"rendered":"https:\/\/festivalpanoramic.cat\/?post_type=project&#038;p=39114"},"modified":"2025-09-22T10:31:36","modified_gmt":"2025-09-22T08:31:36","slug":"educacio-primaria-2025","status":"publish","type":"project","link":"https:\/\/festivalpanoramic.cat\/es\/project\/educacio-primaria-2025\/","title":{"rendered":"Educaci\u00f3 prim\u00e0ria 2025"},"content":{"rendered":"<p>[et_pb_section fb_built=\u00bb1&#8243; _builder_version=\u00bb4.16&#8243; _module_preset=\u00bbdefault\u00bb locked=\u00bboff\u00bb global_colors_info=\u00bb{}\u00bb theme_builder_area=\u00bbpost_content\u00bb][et_pb_row _builder_version=\u00bb4.27.4&#8243; _module_preset=\u00bbdefault\u00bb global_colors_info=\u00bb{}\u00bb theme_builder_area=\u00bbpost_content\u00bb][et_pb_column type=\u00bb4_4&#8243; _builder_version=\u00bb4.27.4&#8243; _module_preset=\u00bbdefault\u00bb global_colors_info=\u00bb{}\u00bb theme_builder_area=\u00bbpost_content\u00bb][et_pb_text _builder_version=\u00bb4.27.4&#8243; _module_preset=\u00bbdefault\u00bb text_font=\u00bbMontserrat extra bold||||||||\u00bb text_text_color=\u00bb#000000&#8243; text_font_size=\u00bb39px\u00bb custom_margin=\u00bb||||false|false\u00bb custom_padding=\u00bb||||false|false\u00bb text_font_size_tablet=\u00bb39px\u00bb text_font_size_phone=\u00bb32px\u00bb text_font_size_last_edited=\u00bbon|phone\u00bb text_line_height_tablet=\u00bb1.2em\u00bb text_line_height_phone=\u00bb1.2em\u00bb text_line_height_last_edited=\u00bbon|phone\u00bb global_colors_info=\u00bb{}\u00bb theme_builder_area=\u00bbpost_content\u00bb]<\/p>\n<h1 data-start=\"194\" data-end=\"266\">GUIA EDUCATIVA PER A CENTRES D&#8217;EDUCACI\u00d3 PRIM\u00c0RIA<\/h1>\n<p>[\/et_pb_text][et_pb_text _builder_version=\u00bb4.27.4&#8243; _module_preset=\u00bbdefault\u00bb text_font=\u00bbakrobat light||||||||\u00bb text_text_color=\u00bb#000000&#8243; text_font_size=\u00bb23px\u00bb custom_margin=\u00bb||11px||false|false\u00bb custom_margin_tablet=\u00bb||11px||false|false\u00bb custom_margin_phone=\u00bb||11px||false|false\u00bb custom_margin_last_edited=\u00bbon|phone\u00bb global_colors_info=\u00bb{}\u00bb theme_builder_area=\u00bbpost_content\u00bb]<\/p>\n<p data-start=\"111\" data-end=\"505\"><strong data-start=\"111\" data-end=\"194\">Panor\u00e0mic \u00e9s el festival que explora la relaci\u00f3 entre el cinema i la fotografia<\/strong>, i promou la recerca de nous llenguatges i narratives audiovisuals. Des d\u2019aquesta mirada oberta i transdisciplin\u00e0ria, el festival impulsa el desenvolupament del pensament cr\u00edtic i considera fonamental establir ponts entre els diferents p\u00fablics a trav\u00e9s de rutes, tallers, visites dinamitzades i confer\u00e8ncies.<\/p>\n<p data-start=\"507\" data-end=\"954\">L\u2019eix tem\u00e0tic de l\u2019edici\u00f3 2025 ens convida a <strong data-start=\"552\" data-end=\"569\">fer una pausa<\/strong>. En un context accelerat on les transformacions tecnol\u00f2giques, socials i mediambientals s\u2019encadenen a una velocitat vertiginosa, proposem aturar-nos per repensar com mirem, qu\u00e8 mirem i des d\u2019on mirem. Apostem per generar espais d\u2019intercanvi i observaci\u00f3 que permetin posar en q\u00fcesti\u00f3 les imatges que ens envolten, el seu impacte i el seu paper en la configuraci\u00f3 del nostre present.<\/p>\n<p data-start=\"956\" data-end=\"1410\">Per aix\u00f2, els dispositius educatius d\u2019enguany s\u2019han dissenyat com a <strong data-start=\"1024\" data-end=\"1051\">entorns de pausa activa<\/strong>, on els m\u00e9s joves poden apropar-se a les pr\u00e0ctiques art\u00edstiques des d\u2019una metodologia cr\u00edtica, experimental i situada. Aquests dispositius s\u2019estructuren en formats diversos i adaptables segons les necessitats i els interessos dels centres educatius, amb l\u2019objectiu de fomentar una relaci\u00f3 viva i conscient entre l\u2019educaci\u00f3, la imatge i la contemporane\u00eftat.<\/p>\n<p>&nbsp;<\/p>\n<p>[\/et_pb_text][et_pb_text _builder_version=\u00bb4.27.4&#8243; _module_preset=\u00bbdefault\u00bb text_font=\u00bbakrobat light||||||||\u00bb text_text_color=\u00bb#000000&#8243; text_font_size=\u00bb20px\u00bb text_line_height=\u00bb1.3em\u00bb link_font=\u00bbakrobat extrabold||||||||\u00bb link_text_color=\u00bbgcid-73263b73-b059-42fc-a61d-05da764fa408&#8243; header_line_height=\u00bb1.3em\u00bb custom_margin=\u00bb||30px||false|false\u00bb custom_margin_tablet=\u00bb||30px||false|false\u00bb custom_margin_phone=\u00bb0px||30px||false|false\u00bb custom_margin_last_edited=\u00bbon|phone\u00bb text_line_height_tablet=\u00bb1.2em\u00bb text_line_height_phone=\u00bb1.2em\u00bb text_line_height_last_edited=\u00bbon|phone\u00bb locked=\u00bboff\u00bb inline_fonts=\u00bbakrobat extrabold\u00bb global_colors_info=\u00bb{%22gcid-73263b73-b059-42fc-a61d-05da764fa408%22:%91%22link_text_color%22%93}\u00bb theme_builder_area=\u00bbpost_content\u00bb]<\/p>\n<h3><span style=\"font-weight: 400;\">Per a dubtes, consultes o gesti\u00f3 de les inscripcions, podeu contactar amb: <a class=\"email\" title=\"Redacta un correu per a\" href=\"mailto:educacio@festivalpanoramic.cat\">educacio@festivalpanoramic.cat<\/a><\/span><\/h3>\n<p>[\/et_pb_text][et_pb_divider color=\u00bbgcid-73263b73-b059-42fc-a61d-05da764fa408&#8243; _builder_version=\u00bb4.27.4&#8243; _module_preset=\u00bbdefault\u00bb custom_margin=\u00bb0px||0px||false|false\u00bb global_colors_info=\u00bb{%22gcid-73263b73-b059-42fc-a61d-05da764fa408%22:%91%22color%22%93}\u00bb theme_builder_area=\u00bbpost_content\u00bb][\/et_pb_divider][\/et_pb_column][\/et_pb_row][et_pb_row _builder_version=\u00bb4.27.4&#8243; _module_preset=\u00bbdefault\u00bb global_colors_info=\u00bb{}\u00bb theme_builder_area=\u00bbpost_content\u00bb][et_pb_column type=\u00bb4_4&#8243; _builder_version=\u00bb4.27.4&#8243; _module_preset=\u00bbdefault\u00bb global_colors_info=\u00bb{}\u00bb theme_builder_area=\u00bbpost_content\u00bb][et_pb_text _builder_version=\u00bb4.27.4&#8243; _module_preset=\u00bbdefault\u00bb text_font=\u00bbMontserrat extra bold||||||||\u00bb text_text_color=\u00bb#8b794f\u00bb text_font_size=\u00bb39px\u00bb header_font=\u00bbMontserrat extra bold||||||||\u00bb header_text_color=\u00bb#8b794f\u00bb custom_margin=\u00bb||||false|false\u00bb custom_padding=\u00bb||||false|false\u00bb text_font_size_tablet=\u00bb39px\u00bb text_font_size_phone=\u00bb32px\u00bb text_font_size_last_edited=\u00bbon|phone\u00bb text_line_height_tablet=\u00bb1.2em\u00bb text_line_height_phone=\u00bb1.2em\u00bb text_line_height_last_edited=\u00bbon|phone\u00bb global_colors_info=\u00bb{}\u00bb theme_builder_area=\u00bbpost_content\u00bb]<\/p>\n<h1 data-start=\"194\" data-end=\"266\"><span style=\"font-weight: 400;\">RUTA 1: <i>Massa imatges per mirar-les totes!<\/i><\/span><\/h1>\n<p>[\/et_pb_text][et_pb_text admin_label=\u00bbLloc\u00bb _builder_version=\u00bb4.27.4&#8243; _module_preset=\u00bbdefault\u00bb text_font=\u00bbMontserrat extra bold||||||||\u00bb text_text_color=\u00bb#000000&#8243; text_font_size=\u00bb18px\u00bb custom_margin=\u00bb20px||20px||false|false\u00bb text_font_size_tablet=\u00bb18px\u00bb text_font_size_phone=\u00bb16px\u00bb text_font_size_last_edited=\u00bbon|phone\u00bb locked=\u00bboff\u00bb inline_fonts=\u00bbakrobat light,Montserrat Light\u00bb global_colors_info=\u00bb{}\u00bb theme_builder_area=\u00bbpost_content\u00bb]<\/p>\n<p><b>RUTES GRANOLLERS\u00a0<br \/><\/b><span style=\"font-family: 'Montserrat Light'; font-weight: normal;\"><strong>Sobresaturaci\u00f3 d\u2019imatges i noves formes de comunicaci\u00f3 &#8211; 60 min.<\/strong><b><\/b><\/span><b><\/b><\/p>\n<p>[\/et_pb_text][et_pb_text _builder_version=\u00bb4.27.4&#8243; _module_preset=\u00bbdefault\u00bb text_font=\u00bbakrobat light||||||||\u00bb text_text_color=\u00bb#000000&#8243; text_font_size=\u00bb23px\u00bb custom_margin=\u00bb||11px||false|false\u00bb custom_margin_tablet=\u00bb||11px||false|false\u00bb custom_margin_phone=\u00bb||11px||false|false\u00bb custom_margin_last_edited=\u00bbon|phone\u00bb global_colors_info=\u00bb{}\u00bb theme_builder_area=\u00bbpost_content\u00bb]<\/p>\n<p data-start=\"239\" data-end=\"388\">Itinerari tem\u00e0tic comentat i acompanyament de l\u2019exposici\u00f3 d\u2019Hito Steyerl i de l\u2019exposici\u00f3 comissariada per Estela Ortiz i Juan Evaristo Valls Boix.<\/p>\n<p data-start=\"390\" data-end=\"799\">La ruta <strong data-start=\"398\" data-end=\"436\">Massa imatges per mirar-les totes!<\/strong> convida els alumnes a <strong data-start=\"459\" data-end=\"545\">reflexionar de manera l\u00fadica i cr\u00edtica sobre el m\u00f3n saturat d\u2019imatges en qu\u00e8 vivim<\/strong>. A trav\u00e9s de dues propostes art\u00edstiques, descobrirem com <strong data-start=\"603\" data-end=\"668\">les fotografies, els v\u00eddeos i els memes que consumim cada dia<\/strong> \u2014a les xarxes socials, la publicitat o el m\u00f2bil\u2014 poden fer-nos pensar, entretenir-nos, per\u00f2 tamb\u00e9 desorientar-nos o esgotar-nos.<\/p>\n<p data-start=\"801\" data-end=\"1067\">Amb <strong data-start=\"805\" data-end=\"876\">Hito Steyerl i v\u00eddeos que barregen humor, ficci\u00f3 i an\u00e0lisi pol\u00edtica<\/strong>, descobrirem com la tecnologia i la informaci\u00f3 transformen la nostra manera de mirar, comunicar-nos i entendre el m\u00f3n. <strong data-start=\"996\" data-end=\"1065\">Qui crea les imatges que veiem? I quin paper hi juguem nosaltres?<\/strong><\/p>\n<p data-start=\"1069\" data-end=\"1438\">A l\u2019exposici\u00f3 comissariada per Estela Ortiz i Juan Evaristo Valls Boix, farem <strong data-start=\"1147\" data-end=\"1185\">una pausa per pensar en el descans<\/strong>. Som realment capa\u00e7os de desconnectar en una societat que no s\u2019atura mai? A trav\u00e9s d\u2019imatges digitals i memes, reflexionarem sobre com ha canviat la manera d\u2019entendre el descans: <strong data-start=\"1365\" data-end=\"1435\">d\u2019un dret necessari a una tend\u00e8ncia que es ven com un producte m\u00e9s<\/strong>.<\/p>\n<p data-start=\"1440\" data-end=\"1588\">Una ruta per <strong data-start=\"1453\" data-end=\"1585\">obrir els ulls, aprendre a mirar de manera cr\u00edtica i entendre millor el paper que tenen les imatges en la nostra vida quotidiana<\/strong>.<\/p>\n<p>&nbsp;<\/p>\n<p>[\/et_pb_text][et_pb_divider color=\u00bbgcid-73263b73-b059-42fc-a61d-05da764fa408&#8243; _builder_version=\u00bb4.27.4&#8243; _module_preset=\u00bbdefault\u00bb custom_margin=\u00bb0px||0px||false|false\u00bb global_colors_info=\u00bb{%22gcid-73263b73-b059-42fc-a61d-05da764fa408%22:%91%22color%22%93}\u00bb theme_builder_area=\u00bbpost_content\u00bb][\/et_pb_divider][\/et_pb_column][\/et_pb_row][et_pb_row _builder_version=\u00bb4.27.4&#8243; _module_preset=\u00bbdefault\u00bb locked=\u00bboff\u00bb global_colors_info=\u00bb{}\u00bb theme_builder_area=\u00bbpost_content\u00bb][et_pb_column type=\u00bb4_4&#8243; _builder_version=\u00bb4.27.4&#8243; _module_preset=\u00bbdefault\u00bb global_colors_info=\u00bb{}\u00bb theme_builder_area=\u00bbpost_content\u00bb][et_pb_text _builder_version=\u00bb4.27.4&#8243; _module_preset=\u00bbdefault\u00bb text_font=\u00bbMontserrat extra bold||||||||\u00bb text_text_color=\u00bb#8b794f\u00bb text_font_size=\u00bb39px\u00bb header_font=\u00bbMontserrat extra bold||||||||\u00bb header_text_color=\u00bb#8b794f\u00bb custom_margin=\u00bb||||false|false\u00bb custom_padding=\u00bb||||false|false\u00bb text_font_size_tablet=\u00bb39px\u00bb text_font_size_phone=\u00bb32px\u00bb text_font_size_last_edited=\u00bbon|phone\u00bb text_line_height_tablet=\u00bb1.2em\u00bb text_line_height_phone=\u00bb1.2em\u00bb text_line_height_last_edited=\u00bbon|phone\u00bb global_colors_info=\u00bb{}\u00bb theme_builder_area=\u00bbpost_content\u00bb]<\/p>\n<h1 data-start=\"194\" data-end=\"266\"><span style=\"font-weight: 400;\">RUTA 2: <i>Tecnologia amb arrels<\/i><\/span><\/h1>\n<p>[\/et_pb_text][et_pb_text admin_label=\u00bbLloc\u00bb _builder_version=\u00bb4.27.4&#8243; _module_preset=\u00bbdefault\u00bb text_font=\u00bbMontserrat extra bold||||||||\u00bb text_text_color=\u00bb#000000&#8243; text_font_size=\u00bb18px\u00bb custom_margin=\u00bb20px||20px||false|false\u00bb text_font_size_tablet=\u00bb18px\u00bb text_font_size_phone=\u00bb16px\u00bb text_font_size_last_edited=\u00bbon|phone\u00bb locked=\u00bboff\u00bb inline_fonts=\u00bbakrobat light,Montserrat Light\u00bb global_colors_info=\u00bb{}\u00bb theme_builder_area=\u00bbpost_content\u00bb]<\/p>\n<p><b>RUTES GRANOLLERS<br \/><\/b><strong><span style=\"font-family: 'Montserrat Light';\"><strong>Tecnologitzaci\u00f3 de la natura en l\u2019era post &#8211; 60 min.<\/strong><\/span><\/strong><\/p>\n<p>[\/et_pb_text][et_pb_text _builder_version=\u00bb4.27.4&#8243; _module_preset=\u00bbdefault\u00bb text_font=\u00bbakrobat light||||||||\u00bb text_text_color=\u00bb#000000&#8243; text_font_size=\u00bb23px\u00bb custom_margin=\u00bb||11px||false|false\u00bb custom_margin_tablet=\u00bb||11px||false|false\u00bb custom_margin_phone=\u00bb||11px||false|false\u00bb custom_margin_last_edited=\u00bbon|phone\u00bb global_colors_info=\u00bb{}\u00bb theme_builder_area=\u00bbpost_content\u00bb]<\/p>\n<p data-start=\"113\" data-end=\"243\">Itinerari tem\u00e0tic comentat i acompanyament de les exposicions <strong data-start=\"175\" data-end=\"205\">New Farmer, de Bruce Eesly<\/strong>, i <strong data-start=\"209\" data-end=\"240\">Sintolanda, de M\u00f3nica Riki\u0107<\/strong>.<\/p>\n<p data-start=\"245\" data-end=\"781\">La ruta <strong data-start=\"253\" data-end=\"278\">Tecnologia amb arrels<\/strong> ens proposa <strong data-start=\"291\" data-end=\"394\">mirar la tecnologia des d\u2019un altre lloc: un lloc arrelat a la natura, a les emocions i a la mem\u00f2ria<\/strong>. L\u2019exposici\u00f3 <strong data-start=\"408\" data-end=\"437\">New Farmer de Bruce Eesly<\/strong> al Museu de Ci\u00e8ncies Naturals ens porta a imaginar <strong data-start=\"489\" data-end=\"542\">una agricultura del futur que no oblida el passat<\/strong>. A trav\u00e9s de la par\u00f2dia i la imatge postfotogr\u00e0fica, l\u2019artista ens fa <strong data-start=\"613\" data-end=\"695\">reflexionar sobre les conseq\u00fc\u00e8ncies dels transg\u00e8nics i l\u2019agricultura intensiva<\/strong>, i ens convida a <strong data-start=\"713\" data-end=\"778\">recuperar sabers locals i una relaci\u00f3 m\u00e9s curosa amb la terra<\/strong>.<\/p>\n<p data-start=\"783\" data-end=\"1136\">A L\u2019Adoberia, el projecte <strong data-start=\"809\" data-end=\"839\">Sintolanda de M\u00f3nica Riki\u0107<\/strong> planteja <strong data-start=\"849\" data-end=\"908\">una trobada po\u00e8tica i cr\u00edtica entre tecnologia i natura<\/strong>. Amb obres que escolten i dialoguen amb entitats no humanes, els artistes ens desafien a <strong data-start=\"998\" data-end=\"1133\">pensar en la intel\u00b7lig\u00e8ncia artificial no com una eina de control, sin\u00f3 com una aliada per imaginar futurs m\u00e9s justos i sostenibles<\/strong>.<\/p>\n<p data-start=\"1138\" data-end=\"1266\">Una ruta per <strong data-start=\"1151\" data-end=\"1263\">reconnectar amb all\u00f2 que ens envolta i entendre que la innovaci\u00f3 tamb\u00e9 pot ser lenta, sensible i respectuosa<\/strong>.<\/p>\n<p>&nbsp;<\/p>\n<p>[\/et_pb_text][et_pb_divider color=\u00bbgcid-73263b73-b059-42fc-a61d-05da764fa408&#8243; _builder_version=\u00bb4.27.4&#8243; _module_preset=\u00bbdefault\u00bb custom_margin=\u00bb0px||0px||false|false\u00bb global_colors_info=\u00bb{%22gcid-73263b73-b059-42fc-a61d-05da764fa408%22:%91%22color%22%93}\u00bb theme_builder_area=\u00bbpost_content\u00bb][\/et_pb_divider][\/et_pb_column][\/et_pb_row][et_pb_row _builder_version=\u00bb4.27.4&#8243; _module_preset=\u00bbdefault\u00bb locked=\u00bboff\u00bb global_colors_info=\u00bb{}\u00bb theme_builder_area=\u00bbpost_content\u00bb][et_pb_column type=\u00bb4_4&#8243; _builder_version=\u00bb4.27.4&#8243; _module_preset=\u00bbdefault\u00bb global_colors_info=\u00bb{}\u00bb theme_builder_area=\u00bbpost_content\u00bb][et_pb_text _builder_version=\u00bb4.27.4&#8243; _module_preset=\u00bbdefault\u00bb text_font=\u00bbMontserrat extra bold||||||||\u00bb text_text_color=\u00bb#8b794f\u00bb text_font_size=\u00bb39px\u00bb header_font=\u00bbMontserrat extra bold||||||||\u00bb header_text_color=\u00bb#8b794f\u00bb custom_margin=\u00bb||||false|false\u00bb custom_padding=\u00bb||||false|false\u00bb text_font_size_tablet=\u00bb39px\u00bb text_font_size_phone=\u00bb32px\u00bb text_font_size_last_edited=\u00bbon|phone\u00bb text_line_height_tablet=\u00bb1.2em\u00bb text_line_height_phone=\u00bb1.2em\u00bb text_line_height_last_edited=\u00bbon|phone\u00bb global_colors_info=\u00bb{}\u00bb theme_builder_area=\u00bbpost_content\u00bb]<\/p>\n<h1 data-start=\"194\" data-end=\"266\"><span style=\"font-weight: 400;\">RUTA 3:<i> Fer fotos amb les mans<\/i><\/span><\/h1>\n<p>[\/et_pb_text][et_pb_text admin_label=\u00bbLloc\u00bb _builder_version=\u00bb4.27.4&#8243; _module_preset=\u00bbdefault\u00bb text_font=\u00bbMontserrat extra bold||||||||\u00bb text_text_color=\u00bb#000000&#8243; text_font_size=\u00bb18px\u00bb custom_margin=\u00bb20px||20px||false|false\u00bb text_font_size_tablet=\u00bb18px\u00bb text_font_size_phone=\u00bb16px\u00bb text_font_size_last_edited=\u00bbon|phone\u00bb locked=\u00bboff\u00bb inline_fonts=\u00bbakrobat light,Montserrat Light\u00bb global_colors_info=\u00bb{}\u00bb theme_builder_area=\u00bbpost_content\u00bb]<\/p>\n<p><b>RUTES GRANOLLERS<br \/><\/b><strong><span style=\"font-family: 'Montserrat Light';\">Procesos artesanals en la imatge, contra la inmediatesa &#8211;\u00a060 min.\u00a0<\/span><\/strong><\/p>\n<p>[\/et_pb_text][et_pb_text _builder_version=\u00bb4.27.4&#8243; _module_preset=\u00bbdefault\u00bb text_font=\u00bbakrobat light||||||||\u00bb text_text_color=\u00bb#000000&#8243; text_font_size=\u00bb23px\u00bb custom_margin=\u00bb||11px||false|false\u00bb custom_margin_tablet=\u00bb||11px||false|false\u00bb custom_margin_phone=\u00bb||11px||false|false\u00bb custom_margin_last_edited=\u00bbon|phone\u00bb global_colors_info=\u00bb{}\u00bb theme_builder_area=\u00bbpost_content\u00bb]<\/p>\n<p data-start=\"113\" data-end=\"322\">Itinerari tem\u00e0tic comentat i acompanyament de l\u2019exposici\u00f3 <strong data-start=\"171\" data-end=\"225\">Materia o[b]scura, comissariada per Rebecca Mutell<\/strong>, i <strong data-start=\"229\" data-end=\"319\">Tot el que pot passar: La inactivitat com a motor de l&#8217;inaudit, de Laura Aranda Lavado<\/strong>.<\/p>\n<p data-start=\"324\" data-end=\"868\">La ruta <strong data-start=\"332\" data-end=\"358\">Fer fotos amb les mans<\/strong> gira entorn del <strong data-start=\"375\" data-end=\"457\">retorn als processos manuals i t\u00e8cniques artesanals en la pr\u00e0ctica fotogr\u00e0fica<\/strong>, com a resposta cr\u00edtica a la digitalitzaci\u00f3 accelerada i a la irrupci\u00f3 de la intel\u00b7lig\u00e8ncia artificial en la imatge. Al Museu de Granollers, <strong data-start=\"599\" data-end=\"658\">l\u2019exposici\u00f3 col\u00b7lectiva comissariada per Rebecca Mutell<\/strong> presenta <strong data-start=\"668\" data-end=\"756\">obres que reivindiquen l\u2019ofici, el temps i la materialitat en la creaci\u00f3 fotogr\u00e0fica<\/strong>, contrapositionant <strong data-start=\"776\" data-end=\"824\">l\u2019experi\u00e8ncia t\u00e0ctil i f\u00edsica de fer imatges<\/strong> a la fredor dels processos automatitzats.<\/p>\n<p data-start=\"870\" data-end=\"1211\">Aquesta l\u00ednia continua a l\u2019Espai Xemeneia de Roca Umbert amb <strong data-start=\"931\" data-end=\"968\">el treball de Laura Aranda Lavado<\/strong>, qui ent\u00e9n <strong data-start=\"980\" data-end=\"1078\">la fotografia com un teixit simb\u00f2lic, ple de mem\u00f2ria, subjectivitats i refer\u00e8ncies compartides<\/strong>. Les seves imatges, que oscil\u00b7len entre el collage i la met\u00e0fora t\u00e8xtil, posen en dubte <strong data-start=\"1167\" data-end=\"1208\">qu\u00e8 vol dir realment fotografiar avui<\/strong>.<\/p>\n<p data-start=\"1213\" data-end=\"1270\">Una ruta que <strong data-start=\"1226\" data-end=\"1267\">ens convida a mirar com es feia abans<\/strong>!<\/p>\n<p>&nbsp;<\/p>\n<p>[\/et_pb_text][et_pb_divider color=\u00bbgcid-73263b73-b059-42fc-a61d-05da764fa408&#8243; _builder_version=\u00bb4.27.4&#8243; _module_preset=\u00bbdefault\u00bb custom_margin=\u00bb0px||0px||false|false\u00bb global_colors_info=\u00bb{%22gcid-73263b73-b059-42fc-a61d-05da764fa408%22:%91%22color%22%93}\u00bb theme_builder_area=\u00bbpost_content\u00bb][\/et_pb_divider][\/et_pb_column][\/et_pb_row][et_pb_row _builder_version=\u00bb4.27.4&#8243; _module_preset=\u00bbdefault\u00bb locked=\u00bboff\u00bb global_colors_info=\u00bb{}\u00bb theme_builder_area=\u00bbpost_content\u00bb][et_pb_column type=\u00bb4_4&#8243; _builder_version=\u00bb4.27.4&#8243; _module_preset=\u00bbdefault\u00bb global_colors_info=\u00bb{}\u00bb theme_builder_area=\u00bbpost_content\u00bb][et_pb_text _builder_version=\u00bb4.27.4&#8243; _module_preset=\u00bbdefault\u00bb text_font=\u00bbMontserrat extra bold||||||||\u00bb text_text_color=\u00bb#8b794f\u00bb text_font_size=\u00bb39px\u00bb header_font=\u00bbMontserrat extra bold||||||||\u00bb header_text_color=\u00bb#8b794f\u00bb custom_margin=\u00bb||||false|false\u00bb custom_padding=\u00bb||||false|false\u00bb text_font_size_tablet=\u00bb39px\u00bb text_font_size_phone=\u00bb32px\u00bb text_font_size_last_edited=\u00bbon|phone\u00bb text_line_height_tablet=\u00bb1.2em\u00bb text_line_height_phone=\u00bb1.2em\u00bb text_line_height_last_edited=\u00bbon|phone\u00bb global_colors_info=\u00bb{}\u00bb theme_builder_area=\u00bbpost_content\u00bb]<\/p>\n<h1 data-start=\"194\" data-end=\"266\"><span style=\"font-weight: 400;\">TALLER 1:<i> Velocitat 1000<\/i> <\/span><\/h1>\n<p>[\/et_pb_text][et_pb_text admin_label=\u00bbLloc\u00bb _builder_version=\u00bb4.27.4&#8243; _module_preset=\u00bbdefault\u00bb text_font=\u00bbMontserrat extra bold||||||||\u00bb text_text_color=\u00bb#000000&#8243; text_font_size=\u00bb18px\u00bb custom_margin=\u00bb20px||20px||false|false\u00bb text_font_size_tablet=\u00bb18px\u00bb text_font_size_phone=\u00bb16px\u00bb text_font_size_last_edited=\u00bbon|phone\u00bb locked=\u00bboff\u00bb inline_fonts=\u00bbakrobat light,Montserrat Light\u00bb global_colors_info=\u00bb{}\u00bb theme_builder_area=\u00bbpost_content\u00bb]<\/p>\n<p><b>TALLERS GRANOLLERS<br \/><\/b><strong><span style=\"font-family: 'Montserrat Light';\"><strong>Sala La Miranda, Roca Umbert &#8211; 120 min.<\/strong><\/span><\/strong><\/p>\n<p>[\/et_pb_text][et_pb_text _builder_version=\u00bb4.27.4&#8243; _module_preset=\u00bbdefault\u00bb text_font=\u00bbakrobat light||||||||\u00bb text_text_color=\u00bb#000000&#8243; text_font_size=\u00bb23px\u00bb custom_margin=\u00bb||11px||false|false\u00bb custom_margin_tablet=\u00bb||11px||false|false\u00bb custom_margin_phone=\u00bb||11px||false|false\u00bb custom_margin_last_edited=\u00bbon|phone\u00bb global_colors_info=\u00bb{}\u00bb theme_builder_area=\u00bbpost_content\u00bb]<\/p>\n<p data-start=\"113\" data-end=\"375\"><strong data-start=\"113\" data-end=\"131\">Velocitat 1000<\/strong> \u00e9s un taller per a escoles de prim\u00e0ria que <strong data-start=\"175\" data-end=\"230\">convida a fer una pausa dins l\u2019hurac\u00e0 del dia a dia<\/strong>. A partir de <strong data-start=\"244\" data-end=\"286\">jocs de ritme, fotografia i microv\u00eddeo<\/strong>, explorarem com <strong data-start=\"303\" data-end=\"372\">la velocitat condiciona la nostra manera de viure, mirar i sentir<\/strong>.<\/p>\n<p data-start=\"377\" data-end=\"628\">Qu\u00e8 passa quan el m\u00f3n corre massa? Qu\u00e8 ens perdem quan no ens aturem? Aquest taller oferir\u00e0 <strong data-start=\"469\" data-end=\"542\">eines per capturar fotogr\u00e0ficament all\u00f2 que sovint passa desapercebut<\/strong>, treballant <strong data-start=\"555\" data-end=\"625\">una mirada m\u00e9s atenta i una escolta m\u00e9s profunda del nostre entorn<\/strong>.<\/p>\n<p data-start=\"630\" data-end=\"735\">Una <strong data-start=\"634\" data-end=\"665\">proposta l\u00fadica i reflexiva<\/strong> que far\u00e0 <strong data-start=\"675\" data-end=\"732\">emergir altres ritmes possibles dins i fora de l\u2019aula<\/strong>!<\/p>\n<p data-start=\"630\" data-end=\"735\">\n<p data-start=\"630\" data-end=\"735\">[\/et_pb_text][et_pb_divider color=\u00bbgcid-73263b73-b059-42fc-a61d-05da764fa408&#8243; _builder_version=\u00bb4.27.4&#8243; _module_preset=\u00bbdefault\u00bb custom_margin=\u00bb0px||0px||false|false\u00bb global_colors_info=\u00bb{%22gcid-73263b73-b059-42fc-a61d-05da764fa408%22:%91%22color%22%93}\u00bb theme_builder_area=\u00bbpost_content\u00bb][\/et_pb_divider][\/et_pb_column][\/et_pb_row][et_pb_row _builder_version=\u00bb4.27.4&#8243; _module_preset=\u00bbdefault\u00bb locked=\u00bboff\u00bb global_colors_info=\u00bb{}\u00bb theme_builder_area=\u00bbpost_content\u00bb][et_pb_column type=\u00bb4_4&#8243; _builder_version=\u00bb4.27.4&#8243; _module_preset=\u00bbdefault\u00bb global_colors_info=\u00bb{}\u00bb theme_builder_area=\u00bbpost_content\u00bb][et_pb_text _builder_version=\u00bb4.27.4&#8243; _module_preset=\u00bbdefault\u00bb text_font=\u00bbMontserrat extra bold||||||||\u00bb text_text_color=\u00bb#8b794f\u00bb text_font_size=\u00bb39px\u00bb header_font=\u00bbMontserrat extra bold||||||||\u00bb header_text_color=\u00bb#8b794f\u00bb custom_margin=\u00bb||||false|false\u00bb custom_padding=\u00bb||||false|false\u00bb text_font_size_tablet=\u00bb39px\u00bb text_font_size_phone=\u00bb32px\u00bb text_font_size_last_edited=\u00bbon|phone\u00bb text_line_height_tablet=\u00bb1.2em\u00bb text_line_height_phone=\u00bb1.2em\u00bb text_line_height_last_edited=\u00bbon|phone\u00bb global_colors_info=\u00bb{}\u00bb theme_builder_area=\u00bbpost_content\u00bb]<\/p>\n<h1 data-start=\"194\" data-end=\"266\"><span style=\"font-weight: 400;\">TALLER 2: <i>Qui decideix, la m\u00e0quina o jo?<\/i><\/span><\/h1>\n<p>[\/et_pb_text][et_pb_text admin_label=\u00bbLloc\u00bb _builder_version=\u00bb4.27.4&#8243; _module_preset=\u00bbdefault\u00bb text_font=\u00bbMontserrat extra bold||||||||\u00bb text_text_color=\u00bb#000000&#8243; text_font_size=\u00bb18px\u00bb custom_margin=\u00bb20px||20px||false|false\u00bb text_font_size_tablet=\u00bb18px\u00bb text_font_size_phone=\u00bb16px\u00bb text_font_size_last_edited=\u00bbon|phone\u00bb locked=\u00bboff\u00bb inline_fonts=\u00bbakrobat light,Montserrat Light\u00bb global_colors_info=\u00bb{}\u00bb theme_builder_area=\u00bbpost_content\u00bb]<\/p>\n<p><b>TALLERS GRANOLLERS<br \/><\/b><strong><span style=\"font-family: 'Montserrat Light';\"><strong>Sala La Miranda, Roca Umbert &#8211; 120 min.<\/strong><\/span><\/strong><\/p>\n<p>[\/et_pb_text][et_pb_text _builder_version=\u00bb4.27.4&#8243; _module_preset=\u00bbdefault\u00bb text_font=\u00bbakrobat light||||||||\u00bb text_text_color=\u00bb#000000&#8243; text_font_size=\u00bb23px\u00bb custom_margin=\u00bb||11px||false|false\u00bb custom_margin_tablet=\u00bb||11px||false|false\u00bb custom_margin_phone=\u00bb||11px||false|false\u00bb custom_margin_last_edited=\u00bbon|phone\u00bb global_colors_info=\u00bb{}\u00bb theme_builder_area=\u00bbpost_content\u00bb]<\/p>\n<p data-start=\"107\" data-end=\"481\"><strong data-start=\"107\" data-end=\"141\">Qui decideix, la m\u00e0quina o jo?<\/strong> \u00e9s una <strong data-start=\"149\" data-end=\"178\">aventura visual i cr\u00edtica<\/strong> per descobrir com les tecnologies influeixen en les nostres decisions sense que, sovint, ens n\u2019adonem. A trav\u00e9s de <strong data-start=\"298\" data-end=\"340\">jocs fotogr\u00e0fics i creaci\u00f3 audiovisual<\/strong>, convidem l\u2019alumnat a <strong data-start=\"363\" data-end=\"429\">q\u00fcestionar qu\u00e8 passa quan les m\u00e0quines decideixen el que veiem<\/strong> i a <strong data-start=\"434\" data-end=\"478\">imaginar un m\u00f3n on tornem a ser qui mana<\/strong>.<\/p>\n<p data-start=\"483\" data-end=\"789\">Els alumnes reflexionaran sobre <strong data-start=\"515\" data-end=\"581\">els l\u00edmits i les possibilitats de la tecnologia per a les arts<\/strong>, sobre un <strong data-start=\"592\" data-end=\"615\">m\u00f3n sense pantalles<\/strong>, i sobre <strong data-start=\"625\" data-end=\"677\">la import\u00e0ncia de no perdre la capacitat cr\u00edtica<\/strong>. En un temps ple de filtres, algoritmes i ordres digitals, aquest taller reivindica <strong data-start=\"762\" data-end=\"786\">el pensament aut\u00f2nom<\/strong>.<\/p>\n<p data-start=\"791\" data-end=\"893\">Una oportunitat per <strong data-start=\"811\" data-end=\"891\">mirar m\u00e9s enll\u00e0 de la pantalla i preguntar-se: qui t\u00e9, realment, el control?<\/strong><\/p>\n<p data-start=\"791\" data-end=\"893\">\n<p data-start=\"630\" data-end=\"735\">[\/et_pb_text][et_pb_divider color=\u00bbgcid-73263b73-b059-42fc-a61d-05da764fa408&#8243; _builder_version=\u00bb4.27.4&#8243; _module_preset=\u00bbdefault\u00bb custom_margin=\u00bb0px||0px||false|false\u00bb global_colors_info=\u00bb{%22gcid-73263b73-b059-42fc-a61d-05da764fa408%22:%91%22color%22%93}\u00bb theme_builder_area=\u00bbpost_content\u00bb][\/et_pb_divider][\/et_pb_column][\/et_pb_row][et_pb_row _builder_version=\u00bb4.27.4&#8243; _module_preset=\u00bbdefault\u00bb locked=\u00bboff\u00bb global_colors_info=\u00bb{}\u00bb theme_builder_area=\u00bbpost_content\u00bb][et_pb_column type=\u00bb4_4&#8243; _builder_version=\u00bb4.27.4&#8243; _module_preset=\u00bbdefault\u00bb global_colors_info=\u00bb{}\u00bb theme_builder_area=\u00bbpost_content\u00bb][et_pb_text _builder_version=\u00bb4.27.4&#8243; _module_preset=\u00bbdefault\u00bb text_font=\u00bbMontserrat extra bold||||||||\u00bb text_text_color=\u00bb#8b794f\u00bb text_font_size=\u00bb39px\u00bb header_font=\u00bbMontserrat extra bold||||||||\u00bb header_text_color=\u00bb#8b794f\u00bb custom_margin=\u00bb||||false|false\u00bb custom_padding=\u00bb||||false|false\u00bb text_font_size_tablet=\u00bb39px\u00bb text_font_size_phone=\u00bb32px\u00bb text_font_size_last_edited=\u00bbon|phone\u00bb text_line_height_tablet=\u00bb1.2em\u00bb text_line_height_phone=\u00bb1.2em\u00bb text_line_height_last_edited=\u00bbon|phone\u00bb global_colors_info=\u00bb{}\u00bb theme_builder_area=\u00bbpost_content\u00bb]<\/p>\n<h1 data-start=\"194\" data-end=\"266\"><span style=\"font-weight: 400;\">TALLER 3: <i>Imatges que parlen<\/i> <\/span><\/h1>\n<p>[\/et_pb_text][et_pb_text admin_label=\u00bbLloc\u00bb _builder_version=\u00bb4.27.4&#8243; _module_preset=\u00bbdefault\u00bb text_font=\u00bbMontserrat extra bold||||||||\u00bb text_text_color=\u00bb#000000&#8243; text_font_size=\u00bb18px\u00bb custom_margin=\u00bb20px||20px||false|false\u00bb text_font_size_tablet=\u00bb18px\u00bb text_font_size_phone=\u00bb16px\u00bb text_font_size_last_edited=\u00bbon|phone\u00bb locked=\u00bboff\u00bb inline_fonts=\u00bbakrobat light,Montserrat Light\u00bb global_colors_info=\u00bb{}\u00bb theme_builder_area=\u00bbpost_content\u00bb]<\/p>\n<p><b>TALLERS GRANOLLERS<br \/><\/b><strong><span style=\"font-family: 'Montserrat Light';\"><strong>Sala La Miranda, Roca Umbert &#8211; 120 min.<\/strong><\/span><\/strong><\/p>\n<p>[\/et_pb_text][et_pb_text _builder_version=\u00bb4.27.4&#8243; _module_preset=\u00bbdefault\u00bb text_font=\u00bbakrobat light||||||||\u00bb text_text_color=\u00bb#000000&#8243; text_font_size=\u00bb23px\u00bb custom_margin=\u00bb||11px||false|false\u00bb custom_margin_tablet=\u00bb||11px||false|false\u00bb custom_margin_phone=\u00bb||11px||false|false\u00bb custom_margin_last_edited=\u00bbon|phone\u00bb global_colors_info=\u00bb{}\u00bb theme_builder_area=\u00bbpost_content\u00bb]<\/p>\n<p data-start=\"113\" data-end=\"297\"><strong data-start=\"113\" data-end=\"135\">Imatges que parlen<\/strong> \u00e9s un taller que <strong data-start=\"153\" data-end=\"214\">convida els alumnes a descobrir que veure tamb\u00e9 \u00e9s llegir<\/strong>, i que darrere de cada imatge s\u2019hi amaguen hist\u00f2ries, emocions i intencions.<\/p>\n<p data-start=\"299\" data-end=\"609\">A partir de <strong data-start=\"311\" data-end=\"385\">jocs, creacions col\u00b7lectives i exploracions fotogr\u00e0fiques i narratives<\/strong>, aprendrem a interpretar els s\u00edmbols que ens envolten i a utilitzar-los com a llenguatge propi. Ens preguntarem qui crea les imatges, amb quina intenci\u00f3, i com poden influir en la nostra manera de pensar i sentir.<\/p>\n<p data-start=\"611\" data-end=\"814\">En un <strong data-start=\"617\" data-end=\"653\">m\u00f3n saturat de missatges visuals<\/strong>, aquest taller vol <strong data-start=\"673\" data-end=\"716\">despertar una mirada cr\u00edtica i creativa<\/strong> que ens ajudi a <strong data-start=\"733\" data-end=\"811\">ser m\u00e9s conscients del poder que t\u00e9 una imatge per comunicar i transformar<\/strong>.<\/p>\n<p data-start=\"611\" data-end=\"814\">\n<p data-start=\"630\" data-end=\"735\">[\/et_pb_text][et_pb_divider color=\u00bbgcid-73263b73-b059-42fc-a61d-05da764fa408&#8243; _builder_version=\u00bb4.27.4&#8243; _module_preset=\u00bbdefault\u00bb custom_margin=\u00bb0px||0px||false|false\u00bb global_colors_info=\u00bb{%22gcid-73263b73-b059-42fc-a61d-05da764fa408%22:%91%22color%22%93}\u00bb theme_builder_area=\u00bbpost_content\u00bb][\/et_pb_divider][\/et_pb_column][\/et_pb_row][et_pb_row _builder_version=\u00bb4.27.4&#8243; _module_preset=\u00bbdefault\u00bb locked=\u00bboff\u00bb global_colors_info=\u00bb{}\u00bb theme_builder_area=\u00bbpost_content\u00bb][et_pb_column type=\u00bb4_4&#8243; _builder_version=\u00bb4.27.4&#8243; _module_preset=\u00bbdefault\u00bb global_colors_info=\u00bb{}\u00bb theme_builder_area=\u00bbpost_content\u00bb][et_pb_text _builder_version=\u00bb4.27.4&#8243; _module_preset=\u00bbdefault\u00bb text_font=\u00bbMontserrat extra bold||||||||\u00bb text_text_color=\u00bb#8b794f\u00bb text_font_size=\u00bb39px\u00bb header_font=\u00bbMontserrat extra bold||||||||\u00bb header_text_color=\u00bb#8b794f\u00bb custom_margin=\u00bb||||false|false\u00bb custom_padding=\u00bb||||false|false\u00bb text_font_size_tablet=\u00bb39px\u00bb text_font_size_phone=\u00bb32px\u00bb text_font_size_last_edited=\u00bbon|phone\u00bb text_line_height_tablet=\u00bb1.2em\u00bb text_line_height_phone=\u00bb1.2em\u00bb text_line_height_last_edited=\u00bbon|phone\u00bb global_colors_info=\u00bb{}\u00bb theme_builder_area=\u00bbpost_content\u00bb]<\/p>\n<h1 data-start=\"194\" data-end=\"266\"><span style=\"font-weight: 400;\">TALLER 4:<i> L\u2019espai invisible<\/i> <\/span><\/h1>\n<p>[\/et_pb_text][et_pb_text admin_label=\u00bbLloc\u00bb _builder_version=\u00bb4.27.4&#8243; _module_preset=\u00bbdefault\u00bb text_font=\u00bbMontserrat extra bold||||||||\u00bb text_text_color=\u00bb#000000&#8243; text_font_size=\u00bb18px\u00bb custom_margin=\u00bb20px||20px||false|false\u00bb text_font_size_tablet=\u00bb18px\u00bb text_font_size_phone=\u00bb16px\u00bb text_font_size_last_edited=\u00bbon|phone\u00bb locked=\u00bboff\u00bb inline_fonts=\u00bbakrobat light,Montserrat Light\u00bb global_colors_info=\u00bb{}\u00bb theme_builder_area=\u00bbpost_content\u00bb]<\/p>\n<p><b>TALLERS GRANOLLERS<br \/><\/b><strong><span style=\"font-family: 'Montserrat Light';\"><strong>Sala La Miranda, Roca Umbert &#8211; 120 min.<\/strong><\/span><\/strong><\/p>\n<p>[\/et_pb_text][et_pb_text _builder_version=\u00bb4.27.4&#8243; _module_preset=\u00bbdefault\u00bb text_font=\u00bbakrobat light||||||||\u00bb text_text_color=\u00bb#000000&#8243; text_font_size=\u00bb23px\u00bb custom_margin=\u00bb||11px||false|false\u00bb custom_margin_tablet=\u00bb||11px||false|false\u00bb custom_margin_phone=\u00bb||11px||false|false\u00bb custom_margin_last_edited=\u00bbon|phone\u00bb global_colors_info=\u00bb{}\u00bb theme_builder_area=\u00bbpost_content\u00bb]<\/p>\n<p data-start=\"107\" data-end=\"277\"><strong data-start=\"107\" data-end=\"128\">L\u2019espai invisible<\/strong> \u00e9s un taller que <strong data-start=\"146\" data-end=\"274\">convida la classe a explorar el buit des d\u2019una perspectiva nova: no com una abs\u00e8ncia, sin\u00f3 com un espai ple de possibilitats<\/strong>.<\/p>\n<p data-start=\"279\" data-end=\"548\">A trav\u00e9s del <strong data-start=\"292\" data-end=\"334\">cos, el silenci i la creaci\u00f3 d\u2019imatges<\/strong>, observarem com el buit pot respirar, fer pensar o fins i tot emocionar. Ens preguntarem qu\u00e8 vol dir que una imatge \u201cestigui buida\u201d, qu\u00e8 passa quan deixem espais en blanc o quan una acci\u00f3 no s\u2019acaba.<\/p>\n<p data-start=\"550\" data-end=\"806\">Jugarem amb el que no es veu, amb el que queda susp\u00e8s o silenciat, per recon\u00e8ixer que, sovint, all\u00f2 que no omple \u00e9s el que m\u00e9s ens transforma. Un <strong data-start=\"704\" data-end=\"764\">viatge delicat i sensorial cap a all\u00f2 que passem per alt<\/strong>, mitjan\u00e7ant la <strong data-start=\"780\" data-end=\"803\">creaci\u00f3 fotogr\u00e0fica<\/strong>.<\/p>\n<p data-start=\"550\" data-end=\"806\">\n<p data-start=\"630\" data-end=\"735\">[\/et_pb_text][et_pb_divider color=\u00bbgcid-73263b73-b059-42fc-a61d-05da764fa408&#8243; _builder_version=\u00bb4.27.4&#8243; _module_preset=\u00bbdefault\u00bb custom_margin=\u00bb0px||0px||false|false\u00bb global_colors_info=\u00bb{%22gcid-73263b73-b059-42fc-a61d-05da764fa408%22:%91%22color%22%93}\u00bb theme_builder_area=\u00bbpost_content\u00bb][\/et_pb_divider][\/et_pb_column][\/et_pb_row][et_pb_row _builder_version=\u00bb4.27.4&#8243; _module_preset=\u00bbdefault\u00bb locked=\u00bboff\u00bb global_colors_info=\u00bb{}\u00bb theme_builder_area=\u00bbpost_content\u00bb][et_pb_column type=\u00bb4_4&#8243; _builder_version=\u00bb4.27.4&#8243; _module_preset=\u00bbdefault\u00bb global_colors_info=\u00bb{}\u00bb theme_builder_area=\u00bbpost_content\u00bb][et_pb_text _builder_version=\u00bb4.27.4&#8243; _module_preset=\u00bbdefault\u00bb text_font=\u00bbMontserrat extra bold||||||||\u00bb text_text_color=\u00bb#8b794f\u00bb text_font_size=\u00bb39px\u00bb header_font=\u00bbMontserrat extra bold||||||||\u00bb header_text_color=\u00bb#8b794f\u00bb custom_margin=\u00bb||||false|false\u00bb custom_padding=\u00bb||||false|false\u00bb text_font_size_tablet=\u00bb39px\u00bb text_font_size_phone=\u00bb32px\u00bb text_font_size_last_edited=\u00bbon|phone\u00bb text_line_height_tablet=\u00bb1.2em\u00bb text_line_height_phone=\u00bb1.2em\u00bb text_line_height_last_edited=\u00bbon|phone\u00bb global_colors_info=\u00bb{}\u00bb theme_builder_area=\u00bbpost_content\u00bb]<\/p>\n<h1 data-start=\"194\" data-end=\"266\">VISITA 1: <i>Open Panor\u00e0mic<\/i><\/h1>\n<p>[\/et_pb_text][et_pb_text admin_label=\u00bbLloc\u00bb _builder_version=\u00bb4.27.4&#8243; _module_preset=\u00bbdefault\u00bb text_font=\u00bbMontserrat extra bold||||||||\u00bb text_text_color=\u00bb#000000&#8243; text_font_size=\u00bb18px\u00bb custom_margin=\u00bb20px||20px||false|false\u00bb text_font_size_tablet=\u00bb18px\u00bb text_font_size_phone=\u00bb16px\u00bb text_font_size_last_edited=\u00bbon|phone\u00bb locked=\u00bboff\u00bb inline_fonts=\u00bbakrobat light,Montserrat Light\u00bb global_colors_info=\u00bb{}\u00bb theme_builder_area=\u00bbpost_content\u00bb]<\/p>\n<p><b>VISITES COMENTADES I DINAMITZADES<br \/><\/b><strong><span style=\"font-family: 'Montserrat Light';\"><strong>Espai d\u2019Arts de Roca Umbert &#8211; 45 min.<\/strong><\/span><\/strong><\/p>\n<p>[\/et_pb_text][et_pb_text _builder_version=\u00bb4.27.4&#8243; _module_preset=\u00bbdefault\u00bb text_font=\u00bbakrobat light||||||||\u00bb text_text_color=\u00bb#000000&#8243; text_font_size=\u00bb23px\u00bb custom_margin=\u00bb||11px||false|false\u00bb custom_margin_tablet=\u00bb||11px||false|false\u00bb custom_margin_phone=\u00bb||11px||false|false\u00bb custom_margin_last_edited=\u00bbon|phone\u00bb global_colors_info=\u00bb{}\u00bb theme_builder_area=\u00bbpost_content\u00bb]<\/p>\n<p data-start=\"107\" data-end=\"326\">Qu\u00e8 vol dir fer una pausa en un m\u00f3n que va tan de pressa? A l\u2019<strong data-start=\"173\" data-end=\"191\">Open Panor\u00e0mic<\/strong>, descobrirem <strong data-start=\"205\" data-end=\"323\">obres d\u2019artistes d\u2019arreu del m\u00f3n <\/strong>que ens conviden a mirar amb calma i a fer-nos preguntes sobre el que ens envolta.<\/p>\n<p data-start=\"328\" data-end=\"512\">En aquesta <strong data-start=\"339\" data-end=\"356\">visita guiada<\/strong>, els alumnes es convertiran en <strong data-start=\"388\" data-end=\"411\">exploradors visuals<\/strong>: observarem, imaginarem hist\u00f2ries i descobrirem <strong data-start=\"460\" data-end=\"509\">detalls amagats per aprendre a mirar diferent<\/strong>.<\/p>\n<p data-start=\"514\" data-end=\"614\">Una <strong data-start=\"518\" data-end=\"556\">experi\u00e8ncia l\u00fadica i participativa<\/strong> per <strong data-start=\"561\" data-end=\"611\">despertar la creativitat i el pensament cr\u00edtic<\/strong>.<\/p>\n<p data-start=\"630\" data-end=\"735\">\n<p data-start=\"630\" data-end=\"735\">[\/et_pb_text][et_pb_divider color=\u00bbgcid-73263b73-b059-42fc-a61d-05da764fa408&#8243; _builder_version=\u00bb4.27.4&#8243; _module_preset=\u00bbdefault\u00bb custom_margin=\u00bb0px||0px||false|false\u00bb global_colors_info=\u00bb{%22gcid-73263b73-b059-42fc-a61d-05da764fa408%22:%91%22color%22%93}\u00bb theme_builder_area=\u00bbpost_content\u00bb][\/et_pb_divider][\/et_pb_column][\/et_pb_row][et_pb_row _builder_version=\u00bb4.27.4&#8243; _module_preset=\u00bbdefault\u00bb locked=\u00bboff\u00bb global_colors_info=\u00bb{}\u00bb theme_builder_area=\u00bbpost_content\u00bb][et_pb_column type=\u00bb4_4&#8243; _builder_version=\u00bb4.27.4&#8243; _module_preset=\u00bbdefault\u00bb global_colors_info=\u00bb{}\u00bb theme_builder_area=\u00bbpost_content\u00bb][et_pb_text _builder_version=\u00bb4.27.4&#8243; _module_preset=\u00bbdefault\u00bb text_font=\u00bbMontserrat extra bold||||||||\u00bb text_text_color=\u00bb#8b794f\u00bb text_font_size=\u00bb39px\u00bb header_font=\u00bbMontserrat extra bold||||||||\u00bb header_text_color=\u00bb#8b794f\u00bb custom_margin=\u00bb||||false|false\u00bb custom_padding=\u00bb||||false|false\u00bb text_font_size_tablet=\u00bb39px\u00bb text_font_size_phone=\u00bb32px\u00bb text_font_size_last_edited=\u00bbon|phone\u00bb text_line_height_tablet=\u00bb1.2em\u00bb text_line_height_phone=\u00bb1.2em\u00bb text_line_height_last_edited=\u00bbon|phone\u00bb global_colors_info=\u00bb{}\u00bb theme_builder_area=\u00bbpost_content\u00bb]<\/p>\n<h1 data-start=\"194\" data-end=\"266\">VISITA 2: <em>Hito Steyerl: Quicksand<\/em><\/h1>\n<p>[\/et_pb_text][et_pb_text admin_label=\u00bbLloc\u00bb _builder_version=\u00bb4.27.4&#8243; _module_preset=\u00bbdefault\u00bb text_font=\u00bbMontserrat extra bold||||||||\u00bb text_text_color=\u00bb#000000&#8243; text_font_size=\u00bb18px\u00bb custom_margin=\u00bb20px||20px||false|false\u00bb text_font_size_tablet=\u00bb18px\u00bb text_font_size_phone=\u00bb16px\u00bb text_font_size_last_edited=\u00bbon|phone\u00bb locked=\u00bboff\u00bb inline_fonts=\u00bbakrobat light,Montserrat Light\u00bb global_colors_info=\u00bb{}\u00bb theme_builder_area=\u00bbpost_content\u00bb]<\/p>\n<p><b>VISITES COMENTADES I DINAMITZADES<br \/><\/b><strong><span style=\"font-family: 'Montserrat Light';\"><strong>Nau Dents de Serra de Roca Umbert &#8211; 45 min.\u00a0<\/strong><\/span><\/strong><\/p>\n<p>[\/et_pb_text][et_pb_text _builder_version=\u00bb4.27.4&#8243; _module_preset=\u00bbdefault\u00bb text_font=\u00bbakrobat light||||||||\u00bb text_text_color=\u00bb#000000&#8243; text_font_size=\u00bb23px\u00bb custom_margin=\u00bb||11px||false|false\u00bb custom_margin_tablet=\u00bb||11px||false|false\u00bb custom_margin_phone=\u00bb||11px||false|false\u00bb custom_margin_last_edited=\u00bbon|phone\u00bb global_colors_info=\u00bb{}\u00bb theme_builder_area=\u00bbpost_content\u00bb]<\/p>\n<p data-start=\"107\" data-end=\"372\">Qu\u00e8 amaguen les imatges que veiem cada dia a les pantalles? L\u2019artista <strong data-start=\"181\" data-end=\"197\">Hito Steyerl<\/strong> ens convida a <strong data-start=\"212\" data-end=\"231\">mirar m\u00e9s enll\u00e0<\/strong>, utilitzant v\u00eddeos plens d\u2019humor i situacions sorprenents per parlar de temes importants com <strong data-start=\"329\" data-end=\"369\">internet, el control o la informaci\u00f3<\/strong>.<\/p>\n<p data-start=\"374\" data-end=\"602\">A la visita, els alumnes descobriran com les imatges poden explicar hist\u00f2ries, influir-nos o fer-nos pensar, i ho faran a trav\u00e9s del <strong data-start=\"515\" data-end=\"599\">di\u00e0leg, petites activitats i jocs d\u2019observaci\u00f3 adaptats a la seva mirada curiosa<\/strong>.<\/p>\n<p data-start=\"514\" data-end=\"614\">\n<p data-start=\"630\" data-end=\"735\">[\/et_pb_text][et_pb_divider color=\u00bbgcid-73263b73-b059-42fc-a61d-05da764fa408&#8243; _builder_version=\u00bb4.27.4&#8243; _module_preset=\u00bbdefault\u00bb custom_margin=\u00bb0px||0px||false|false\u00bb global_colors_info=\u00bb{%22gcid-73263b73-b059-42fc-a61d-05da764fa408%22:%91%22color%22%93}\u00bb theme_builder_area=\u00bbpost_content\u00bb][\/et_pb_divider][\/et_pb_column][\/et_pb_row][et_pb_row _builder_version=\u00bb4.27.4&#8243; _module_preset=\u00bbdefault\u00bb locked=\u00bboff\u00bb global_colors_info=\u00bb{}\u00bb theme_builder_area=\u00bbpost_content\u00bb][et_pb_column type=\u00bb4_4&#8243; _builder_version=\u00bb4.27.4&#8243; _module_preset=\u00bbdefault\u00bb global_colors_info=\u00bb{}\u00bb theme_builder_area=\u00bbpost_content\u00bb][et_pb_text _builder_version=\u00bb4.27.4&#8243; _module_preset=\u00bbdefault\u00bb text_font=\u00bbMontserrat extra bold||||||||\u00bb text_text_color=\u00bb#8b794f\u00bb text_font_size=\u00bb39px\u00bb header_font=\u00bbMontserrat extra bold||||||||\u00bb header_text_color=\u00bb#8b794f\u00bb custom_margin=\u00bb||||false|false\u00bb custom_padding=\u00bb||||false|false\u00bb text_font_size_tablet=\u00bb39px\u00bb text_font_size_phone=\u00bb32px\u00bb text_font_size_last_edited=\u00bbon|phone\u00bb text_line_height_tablet=\u00bb1.2em\u00bb text_line_height_phone=\u00bb1.2em\u00bb text_line_height_last_edited=\u00bbon|phone\u00bb global_colors_info=\u00bb{}\u00bb theme_builder_area=\u00bbpost_content\u00bb]<\/p>\n<h1 data-start=\"194\" data-end=\"266\">VISITA 3:<b>\u00a0<\/b><em>Sintolanda, <\/em>de M\u00f3nica Riki\u0107<\/h1>\n<p>[\/et_pb_text][et_pb_text admin_label=\u00bbLloc\u00bb _builder_version=\u00bb4.27.4&#8243; _module_preset=\u00bbdefault\u00bb text_font=\u00bbMontserrat extra bold||||||||\u00bb text_text_color=\u00bb#000000&#8243; text_font_size=\u00bb18px\u00bb custom_margin=\u00bb20px||20px||false|false\u00bb text_font_size_tablet=\u00bb18px\u00bb text_font_size_phone=\u00bb16px\u00bb text_font_size_last_edited=\u00bbon|phone\u00bb locked=\u00bboff\u00bb inline_fonts=\u00bbakrobat light,Montserrat Light\u00bb global_colors_info=\u00bb{}\u00bb theme_builder_area=\u00bbpost_content\u00bb]<\/p>\n<p><b>VISITES COMENTADES I DINAMITZADES<br \/><\/b><strong><span style=\"font-family: 'Montserrat Light';\"><strong>L&#8217;Adoberia, Granollers &#8211; 45 min.\u00a0<\/strong><\/span><\/strong><\/p>\n<p>[\/et_pb_text][et_pb_text _builder_version=\u00bb4.27.4&#8243; _module_preset=\u00bbdefault\u00bb text_font=\u00bbakrobat light||||||||\u00bb text_text_color=\u00bb#000000&#8243; text_font_size=\u00bb23px\u00bb custom_margin=\u00bb||11px||false|false\u00bb custom_margin_tablet=\u00bb||11px||false|false\u00bb custom_margin_phone=\u00bb||11px||false|false\u00bb custom_margin_last_edited=\u00bbon|phone\u00bb global_colors_info=\u00bb{}\u00bb theme_builder_area=\u00bbpost_content\u00bb]<\/p>\n<p data-start=\"107\" data-end=\"374\">Com ens podem entendre amb una m\u00e0quina? I amb una planta, o amb l\u2019aigua d\u2019un riu? Aquesta exposici\u00f3 ens convida a <strong data-start=\"225\" data-end=\"276\">escoltar coses que sovint passen desapercebudes<\/strong>: el so de la natura, el batec d\u2019una m\u00e0quina, el llenguatge secret dels circuits i les joguines.<\/p>\n<p data-start=\"376\" data-end=\"649\"><strong data-start=\"376\" data-end=\"392\">M\u00f3nica Riki\u0107<\/strong> crea <strong data-start=\"398\" data-end=\"480\">robots simp\u00e0tics que no volen competir, sin\u00f3 col\u00b7laborar i jugar amb nosaltres<\/strong>. L\u2019artista ens proposa escoltar la natura a trav\u00e9s de sons que surten de l\u2019aigua, de la terra o de l\u2019aire, i que ens ajuden a imaginar com se sent el planeta.<\/p>\n<p data-start=\"651\" data-end=\"897\">Durant la <strong data-start=\"661\" data-end=\"671\">visita<\/strong>, <strong data-start=\"673\" data-end=\"812\">escoltarem sons misteriosos, jugarem amb m\u00e0quines amigables i descobrirem com l\u2019art pot ajudar-nos a pensar millor en com cuidem el m\u00f3n<\/strong>. Ser\u00e0 una aventura on la ci\u00e8ncia, la natura i la imaginaci\u00f3 s\u2019agafen de la m\u00e0.<\/p>\n<p data-start=\"651\" data-end=\"897\">\n<p data-start=\"630\" data-end=\"735\">[\/et_pb_text][et_pb_divider color=\u00bbgcid-73263b73-b059-42fc-a61d-05da764fa408&#8243; _builder_version=\u00bb4.27.4&#8243; _module_preset=\u00bbdefault\u00bb custom_margin=\u00bb0px||0px||false|false\u00bb global_colors_info=\u00bb{%22gcid-73263b73-b059-42fc-a61d-05da764fa408%22:%91%22color%22%93}\u00bb theme_builder_area=\u00bbpost_content\u00bb][\/et_pb_divider][\/et_pb_column][\/et_pb_row][et_pb_row _builder_version=\u00bb4.27.4&#8243; _module_preset=\u00bbdefault\u00bb locked=\u00bboff\u00bb global_colors_info=\u00bb{}\u00bb theme_builder_area=\u00bbpost_content\u00bb][et_pb_column type=\u00bb4_4&#8243; _builder_version=\u00bb4.27.4&#8243; _module_preset=\u00bbdefault\u00bb global_colors_info=\u00bb{}\u00bb theme_builder_area=\u00bbpost_content\u00bb][et_pb_text _builder_version=\u00bb4.27.4&#8243; _module_preset=\u00bbdefault\u00bb text_font=\u00bbMontserrat extra bold||||||||\u00bb text_text_color=\u00bb#8b794f\u00bb text_font_size=\u00bb39px\u00bb header_font=\u00bbMontserrat extra bold||||||||\u00bb header_text_color=\u00bb#8b794f\u00bb custom_margin=\u00bb||||false|false\u00bb custom_padding=\u00bb||||false|false\u00bb text_font_size_tablet=\u00bb39px\u00bb text_font_size_phone=\u00bb32px\u00bb text_font_size_last_edited=\u00bbon|phone\u00bb text_line_height_tablet=\u00bb1.2em\u00bb text_line_height_phone=\u00bb1.2em\u00bb text_line_height_last_edited=\u00bbon|phone\u00bb global_colors_info=\u00bb{}\u00bb theme_builder_area=\u00bbpost_content\u00bb]<\/p>\n<h1 data-start=\"194\" data-end=\"266\">VISITA 4: <i>New Farmer<\/i>, de Bruce Eesly<\/h1>\n<p>[\/et_pb_text][et_pb_text admin_label=\u00bbLloc\u00bb _builder_version=\u00bb4.27.4&#8243; _module_preset=\u00bbdefault\u00bb text_font=\u00bbMontserrat extra bold||||||||\u00bb text_text_color=\u00bb#000000&#8243; text_font_size=\u00bb18px\u00bb custom_margin=\u00bb20px||20px||false|false\u00bb text_font_size_tablet=\u00bb18px\u00bb text_font_size_phone=\u00bb16px\u00bb text_font_size_last_edited=\u00bbon|phone\u00bb locked=\u00bboff\u00bb inline_fonts=\u00bbakrobat light,Montserrat Light\u00bb global_colors_info=\u00bb{}\u00bb theme_builder_area=\u00bbpost_content\u00bb]<\/p>\n<p><b>VISITES COMENTADES I DINAMITZADES<br \/><\/b><strong><span style=\"font-family: 'Montserrat Light';\"><strong>Museu de Ci\u00e8ncies Naturals de Granollers &#8211; 45 min.\u00a0<\/strong><\/span><\/strong><\/p>\n<p>[\/et_pb_text][et_pb_text _builder_version=\u00bb4.27.4&#8243; _module_preset=\u00bbdefault\u00bb text_font=\u00bbakrobat light||||||||\u00bb text_text_color=\u00bb#000000&#8243; text_font_size=\u00bb23px\u00bb custom_margin=\u00bb||11px||false|false\u00bb custom_margin_tablet=\u00bb||11px||false|false\u00bb custom_margin_phone=\u00bb||11px||false|false\u00bb custom_margin_last_edited=\u00bbon|phone\u00bb global_colors_info=\u00bb{}\u00bb theme_builder_area=\u00bbpost_content\u00bb]<\/p>\n<p data-start=\"107\" data-end=\"283\">A <strong data-start=\"109\" data-end=\"123\">New Farmer<\/strong>, l\u2019artista <strong data-start=\"135\" data-end=\"150\">Bruce Eesly<\/strong> ens convida a <strong data-start=\"165\" data-end=\"209\">repensar la nostra relaci\u00f3 amb la natura<\/strong> a trav\u00e9s d\u2019<strong data-start=\"221\" data-end=\"280\">imatges que barregen realitat i ficci\u00f3, humor i cr\u00edtica<\/strong>.<\/p>\n<p data-start=\"285\" data-end=\"403\">L\u2019exposici\u00f3 ens parla de com cuidem la terra, de qu\u00e8 mengem i de com les imatges poden fer-nos creure hist\u00f2ries.<\/p>\n<p data-start=\"405\" data-end=\"597\">A la visita, els alumnes descobriran mons imaginaris, jugaran a detectar qu\u00e8 \u00e9s real i qu\u00e8 no, i <strong data-start=\"510\" data-end=\"594\">reflexionaran creativament sobre el paisatge, les llavors i el futur del planeta<\/strong>.<\/p>\n<p data-start=\"405\" data-end=\"597\">\n<p data-start=\"630\" data-end=\"735\">[\/et_pb_text][et_pb_divider color=\u00bbgcid-73263b73-b059-42fc-a61d-05da764fa408&#8243; _builder_version=\u00bb4.27.4&#8243; _module_preset=\u00bbdefault\u00bb custom_margin=\u00bb0px||0px||false|false\u00bb global_colors_info=\u00bb{%22gcid-73263b73-b059-42fc-a61d-05da764fa408%22:%91%22color%22%93}\u00bb theme_builder_area=\u00bbpost_content\u00bb][\/et_pb_divider][\/et_pb_column][\/et_pb_row][et_pb_row _builder_version=\u00bb4.27.4&#8243; _module_preset=\u00bbdefault\u00bb locked=\u00bboff\u00bb global_colors_info=\u00bb{}\u00bb theme_builder_area=\u00bbpost_content\u00bb][et_pb_column type=\u00bb4_4&#8243; _builder_version=\u00bb4.27.4&#8243; _module_preset=\u00bbdefault\u00bb global_colors_info=\u00bb{}\u00bb theme_builder_area=\u00bbpost_content\u00bb][et_pb_text _builder_version=\u00bb4.27.4&#8243; _module_preset=\u00bbdefault\u00bb text_font=\u00bbMontserrat extra bold||||||||\u00bb text_text_color=\u00bb#8b794f\u00bb text_font_size=\u00bb39px\u00bb header_font=\u00bbMontserrat extra bold||||||||\u00bb header_text_color=\u00bb#8b794f\u00bb custom_margin=\u00bb||||false|false\u00bb custom_padding=\u00bb||||false|false\u00bb text_font_size_tablet=\u00bb39px\u00bb text_font_size_phone=\u00bb32px\u00bb text_font_size_last_edited=\u00bbon|phone\u00bb text_line_height_tablet=\u00bb1.2em\u00bb text_line_height_phone=\u00bb1.2em\u00bb text_line_height_last_edited=\u00bbon|phone\u00bb global_colors_info=\u00bb{}\u00bb theme_builder_area=\u00bbpost_content\u00bb]<\/p>\n<h1 data-start=\"194\" data-end=\"266\">VISITA 5: <i>Materia o[b]scura<\/i><\/h1>\n<p>[\/et_pb_text][et_pb_text admin_label=\u00bbLloc\u00bb _builder_version=\u00bb4.27.4&#8243; _module_preset=\u00bbdefault\u00bb text_font=\u00bbMontserrat extra bold||||||||\u00bb text_text_color=\u00bb#000000&#8243; text_font_size=\u00bb18px\u00bb custom_margin=\u00bb20px||20px||false|false\u00bb text_font_size_tablet=\u00bb18px\u00bb text_font_size_phone=\u00bb16px\u00bb text_font_size_last_edited=\u00bbon|phone\u00bb locked=\u00bboff\u00bb inline_fonts=\u00bbakrobat light,Montserrat Light\u00bb global_colors_info=\u00bb{}\u00bb theme_builder_area=\u00bbpost_content\u00bb]<\/p>\n<p><b>VISITES COMENTADES I DINAMITZADES<br \/><\/b><strong><span style=\"font-family: 'Montserrat Light';\"><strong>Museu de Granollers &#8211; 45 min.\u00a0<\/strong><\/span><\/strong><\/p>\n<p>[\/et_pb_text][et_pb_text _builder_version=\u00bb4.27.4&#8243; _module_preset=\u00bbdefault\u00bb text_font=\u00bbakrobat light||||||||\u00bb text_text_color=\u00bb#000000&#8243; text_font_size=\u00bb23px\u00bb custom_margin=\u00bb||11px||false|false\u00bb custom_margin_tablet=\u00bb||11px||false|false\u00bb custom_margin_phone=\u00bb||11px||false|false\u00bb custom_margin_last_edited=\u00bbon|phone\u00bb global_colors_info=\u00bb{}\u00bb theme_builder_area=\u00bbpost_content\u00bb]<\/p>\n<p><span style=\"font-weight: 400;\">En aquesta exposici\u00f3 viatjarem a un m\u00f3n on <strong>les fotografies no neixen del m\u00f2bil ni de la c\u00e0mera<\/strong>, sin\u00f3 de les mans d\u2019artistes que utilitzen la llum, el paper i materials naturals per crear imatges \u00faniques! <\/span><\/p>\n<p><span style=\"font-weight: 400;\">Com uns veritables <strong>alquimistes de la llum,<\/strong> aquests artistes transformen processos antics en hist\u00f2ries fascinants. Explorarem obres que semblen experiments de laboratori, i descobrirem per qu\u00e8, en un m\u00f3n tan r\u00e0pid, encara hi ha qui <strong>aposta per la calma, la paci\u00e8ncia i l\u2019artesania<\/strong> per explicar el m\u00f3n. <\/span><\/p>\n<p><span style=\"font-weight: 400;\">Una experi\u00e8ncia per mirar, somiar i entendre que la fotografia tamb\u00e9 es fa amb el cor.<\/span><\/p>\n<p>&nbsp;<\/p>\n<p data-start=\"630\" data-end=\"735\">[\/et_pb_text][et_pb_divider color=\u00bbgcid-73263b73-b059-42fc-a61d-05da764fa408&#8243; _builder_version=\u00bb4.27.4&#8243; _module_preset=\u00bbdefault\u00bb custom_margin=\u00bb0px||0px||false|false\u00bb global_colors_info=\u00bb{%22gcid-73263b73-b059-42fc-a61d-05da764fa408%22:%91%22color%22%93}\u00bb theme_builder_area=\u00bbpost_content\u00bb][\/et_pb_divider][\/et_pb_column][\/et_pb_row][et_pb_row _builder_version=\u00bb4.27.4&#8243; _module_preset=\u00bbdefault\u00bb locked=\u00bboff\u00bb global_colors_info=\u00bb{}\u00bb theme_builder_area=\u00bbpost_content\u00bb][et_pb_column type=\u00bb4_4&#8243; _builder_version=\u00bb4.27.4&#8243; _module_preset=\u00bbdefault\u00bb global_colors_info=\u00bb{}\u00bb theme_builder_area=\u00bbpost_content\u00bb][et_pb_text _builder_version=\u00bb4.27.4&#8243; _module_preset=\u00bbdefault\u00bb text_font=\u00bbMontserrat extra bold||||||||\u00bb text_text_color=\u00bb#8b794f\u00bb text_font_size=\u00bb39px\u00bb header_font=\u00bbMontserrat extra bold||||||||\u00bb header_text_color=\u00bb#8b794f\u00bb custom_margin=\u00bb||||false|false\u00bb custom_padding=\u00bb||||false|false\u00bb text_font_size_tablet=\u00bb39px\u00bb text_font_size_phone=\u00bb32px\u00bb text_font_size_last_edited=\u00bbon|phone\u00bb text_line_height_tablet=\u00bb1.2em\u00bb text_line_height_phone=\u00bb1.2em\u00bb text_line_height_last_edited=\u00bbon|phone\u00bb global_colors_info=\u00bb{}\u00bb theme_builder_area=\u00bbpost_content\u00bb]<\/p>\n<h1 data-start=\"194\" data-end=\"266\">VISITA 6: <i>Panor\u00e0mic Review<\/i><\/h1>\n<p>[\/et_pb_text][et_pb_text admin_label=\u00bbLloc\u00bb _builder_version=\u00bb4.27.4&#8243; _module_preset=\u00bbdefault\u00bb text_font=\u00bbMontserrat extra bold||||||||\u00bb text_text_color=\u00bb#000000&#8243; text_font_size=\u00bb18px\u00bb custom_margin=\u00bb20px||20px||false|false\u00bb text_font_size_tablet=\u00bb18px\u00bb text_font_size_phone=\u00bb16px\u00bb text_font_size_last_edited=\u00bbon|phone\u00bb locked=\u00bboff\u00bb inline_fonts=\u00bbakrobat light,Montserrat Light\u00bb global_colors_info=\u00bb{}\u00bb theme_builder_area=\u00bbpost_content\u00bb]<\/p>\n<p><b>VISITES COMENTADES I DINAMITZADES<br \/><\/b><strong><span style=\"font-family: 'Montserrat Light';\"><strong>Cinema Edison &#8211; 45 min.\u00a0<\/strong><\/span><\/strong><\/p>\n<p>[\/et_pb_text][et_pb_text _builder_version=\u00bb4.27.4&#8243; _module_preset=\u00bbdefault\u00bb text_font=\u00bbakrobat light||||||||\u00bb text_text_color=\u00bb#000000&#8243; text_font_size=\u00bb23px\u00bb custom_margin=\u00bb||11px||false|false\u00bb custom_margin_tablet=\u00bb||11px||false|false\u00bb custom_margin_phone=\u00bb||11px||false|false\u00bb custom_margin_last_edited=\u00bbon|phone\u00bb global_colors_info=\u00bb{}\u00bb theme_builder_area=\u00bbpost_content\u00bb]<\/p>\n<p><span style=\"font-weight: 400;\">L\u2019exposici\u00f3<\/span><i><span style=\"font-weight: 400;\"> e<\/span><\/i><span style=\"font-weight: 400;\">ns convida a parar un moment\u2026 per\u00f2, som capa\u00e7os de realment fer una pausa? <\/span><\/p>\n<p><span style=\"font-weight: 400;\">Aquesta exposici\u00f3 ens mostra<strong> imatges i memes per pensar en com descansem en un m\u00f3n que mai s\u2019atura<\/strong>. A trav\u00e9s de fotografies i obres digitals que han viatjat pel temps, descobrirem com ha canviat la manera d\u2019entendre el descans: d\u2019un dret necessari a una moda que es ven. <\/span><\/p>\n<p><span style=\"font-weight: 400;\">Els <strong>alumnes aprendran a mirar imatges digitals amb ulls cr\u00edtics<\/strong>, i a preguntar-se qu\u00e8 vol dir \u201cdescansar\u201d en un m\u00f3n on tot s\u2019accelera. Qu\u00e8 fem quan el nostre temps lliure tamb\u00e9 es converteix en un producte?<\/span><\/p>\n<p>&nbsp;<\/p>\n<p data-start=\"630\" data-end=\"735\">[\/et_pb_text][et_pb_divider color=\u00bbgcid-73263b73-b059-42fc-a61d-05da764fa408&#8243; _builder_version=\u00bb4.27.4&#8243; _module_preset=\u00bbdefault\u00bb custom_margin=\u00bb0px||0px||false|false\u00bb global_colors_info=\u00bb{%22gcid-73263b73-b059-42fc-a61d-05da764fa408%22:%91%22color%22%93}\u00bb theme_builder_area=\u00bbpost_content\u00bb][\/et_pb_divider][\/et_pb_column][\/et_pb_row][et_pb_row _builder_version=\u00bb4.27.4&#8243; _module_preset=\u00bbdefault\u00bb locked=\u00bboff\u00bb global_colors_info=\u00bb{}\u00bb theme_builder_area=\u00bbpost_content\u00bb][et_pb_column type=\u00bb4_4&#8243; _builder_version=\u00bb4.27.4&#8243; _module_preset=\u00bbdefault\u00bb global_colors_info=\u00bb{}\u00bb theme_builder_area=\u00bbpost_content\u00bb][et_pb_text _builder_version=\u00bb4.27.4&#8243; _module_preset=\u00bbdefault\u00bb text_font=\u00bbMontserrat extra bold||||||||\u00bb text_text_color=\u00bb#8b794f\u00bb text_font_size=\u00bb39px\u00bb header_font=\u00bbMontserrat extra bold||||||||\u00bb header_text_color=\u00bb#8b794f\u00bb custom_margin=\u00bb||||false|false\u00bb custom_padding=\u00bb||||false|false\u00bb text_font_size_tablet=\u00bb39px\u00bb text_font_size_phone=\u00bb32px\u00bb text_font_size_last_edited=\u00bbon|phone\u00bb text_line_height_tablet=\u00bb1.2em\u00bb text_line_height_phone=\u00bb1.2em\u00bb text_line_height_last_edited=\u00bbon|phone\u00bb global_colors_info=\u00bb{}\u00bb theme_builder_area=\u00bbpost_content\u00bb]<\/p>\n<h1 data-start=\"194\" data-end=\"266\">Itinerari tem\u00e0tic comentat i acompanyament d<i>e <\/i>les exposicions<i> Tant de bo \/ Ojal\u00e1 \/ Inxal\u00b7lah<\/i>\u00a0i <em>Ecologies de la pausa<\/em><\/h1>\n<p>[\/et_pb_text][et_pb_text admin_label=\u00bbLloc\u00bb _builder_version=\u00bb4.27.4&#8243; _module_preset=\u00bbdefault\u00bb text_font=\u00bbMontserrat extra bold||||||||\u00bb text_text_color=\u00bb#000000&#8243; text_font_size=\u00bb18px\u00bb custom_margin=\u00bb20px||20px||false|false\u00bb text_font_size_tablet=\u00bb18px\u00bb text_font_size_phone=\u00bb16px\u00bb text_font_size_last_edited=\u00bbon|phone\u00bb locked=\u00bboff\u00bb inline_fonts=\u00bbakrobat light,Montserrat Light\u00bb global_colors_info=\u00bb{}\u00bb theme_builder_area=\u00bbpost_content\u00bb]<\/p>\n<p><b>RUTA TERRASSA<br \/><\/b><strong><span style=\"font-family: 'Montserrat Light';\">Sala Muncunill <\/span><span style=\"font-family: 'Montserrat Light';\">&#8211; 90 min.<\/span><\/strong><\/p>\n<p>[\/et_pb_text][et_pb_text _builder_version=\u00bb4.27.4&#8243; _module_preset=\u00bbdefault\u00bb text_font=\u00bbakrobat light||||||||\u00bb text_text_color=\u00bb#000000&#8243; text_font_size=\u00bb23px\u00bb custom_margin=\u00bb||11px||false|false\u00bb custom_margin_tablet=\u00bb||11px||false|false\u00bb custom_margin_phone=\u00bb||11px||false|false\u00bb custom_margin_last_edited=\u00bbon|phone\u00bb global_colors_info=\u00bb{}\u00bb theme_builder_area=\u00bbpost_content\u00bb]<\/p>\n<p><span style=\"font-weight: 400;\">Prepareu-vos per a un <strong>viatge per la Mediterr\u00e0nia<\/strong> i m\u00e9s enll\u00e0, a trav\u00e9s de les imatges! <\/span><\/p>\n<p><span style=\"font-weight: 400;\">Comen\u00e7arem amb <\/span><strong><i>Tant de bo \/ Ojal\u00e1 \/ Inxal\u00b7lah<\/i><\/strong><span style=\"font-weight: 400;\">, on artistes de diferents pa\u00efsos ens parlen d\u2019esperan\u00e7a i de desitjos que volen com estels. Ens obren finestres a cultures diferents i ens conviden a imaginar futurs nous. <\/span><\/p>\n<p><span style=\"font-weight: 400;\">Despr\u00e9s, amb <\/span><strong><i>Ecologies de la pausa<\/i><\/strong><span style=\"font-weight: 400;\">, descobrirem qu\u00e8 passa als pobles de vacances quan no hi ha turistes. Amb la seva c\u00e0mera, Nina Medioni observa els preparatius i el silenci d\u2019aquests llocs abans que arribin els visitants. <\/span><span style=\"font-weight: 400;\">Per acabar, KJuan A. Zapata e<\/span><span style=\"font-weight: 400;\">ns porta de viatge entre Mallorca i el Carib. Veurem com el turisme ha transformat aquests paisatges, i com la fotografia ha creat ponts entre illes llunyanes, per\u00f2 connectades pel mar, la mem\u00f2ria i les ganes de descobrir.<\/span><\/p>\n<p>&nbsp;<\/p>\n<p data-start=\"630\" data-end=\"735\">[\/et_pb_text][et_pb_divider color=\u00bbgcid-73263b73-b059-42fc-a61d-05da764fa408&#8243; _builder_version=\u00bb4.27.4&#8243; _module_preset=\u00bbdefault\u00bb custom_margin=\u00bb0px||0px||false|false\u00bb global_colors_info=\u00bb{%22gcid-73263b73-b059-42fc-a61d-05da764fa408%22:%91%22color%22%93}\u00bb theme_builder_area=\u00bbpost_content\u00bb][\/et_pb_divider][\/et_pb_column][\/et_pb_row][et_pb_row _builder_version=\u00bb4.27.4&#8243; _module_preset=\u00bbdefault\u00bb locked=\u00bboff\u00bb global_colors_info=\u00bb{}\u00bb theme_builder_area=\u00bbpost_content\u00bb][et_pb_column type=\u00bb4_4&#8243; _builder_version=\u00bb4.27.4&#8243; _module_preset=\u00bbdefault\u00bb global_colors_info=\u00bb{}\u00bb theme_builder_area=\u00bbpost_content\u00bb][et_pb_text _builder_version=\u00bb4.27.4&#8243; _module_preset=\u00bbdefault\u00bb text_font=\u00bbMontserrat extra bold||||||||\u00bb text_text_color=\u00bb#8b794f\u00bb text_font_size=\u00bb39px\u00bb header_font=\u00bbMontserrat extra bold||||||||\u00bb header_text_color=\u00bb#8b794f\u00bb custom_margin=\u00bb||||false|false\u00bb custom_padding=\u00bb||||false|false\u00bb text_font_size_tablet=\u00bb39px\u00bb text_font_size_phone=\u00bb32px\u00bb text_font_size_last_edited=\u00bbon|phone\u00bb text_line_height_tablet=\u00bb1.2em\u00bb text_line_height_phone=\u00bb1.2em\u00bb text_line_height_last_edited=\u00bbon|phone\u00bb global_colors_info=\u00bb{}\u00bb theme_builder_area=\u00bbpost_content\u00bb]<\/p>\n<h1 data-start=\"194\" data-end=\"266\">Visita comentada i dinamitzaci\u00f3 de l\u2019exposici\u00f3<i> Tant de bo \/ Ojal\u00e1 \/ Inxal\u00b7lah<\/i>, amb taller \u201cImatges per al futur: desitjos que viatgen lluny\u201d<span style=\"font-weight: 400;\">\u00a0<\/span><\/h1>\n<p>[\/et_pb_text][et_pb_text admin_label=\u00bbLloc\u00bb _builder_version=\u00bb4.27.4&#8243; _module_preset=\u00bbdefault\u00bb text_font=\u00bbMontserrat extra bold||||||||\u00bb text_text_color=\u00bb#000000&#8243; text_font_size=\u00bb18px\u00bb custom_margin=\u00bb20px||20px||false|false\u00bb text_font_size_tablet=\u00bb18px\u00bb text_font_size_phone=\u00bb16px\u00bb text_font_size_last_edited=\u00bbon|phone\u00bb locked=\u00bboff\u00bb inline_fonts=\u00bbakrobat light,Montserrat Light\u00bb global_colors_info=\u00bb{}\u00bb theme_builder_area=\u00bbpost_content\u00bb]<\/p>\n<p><b>TALLER TERRASSA<br \/><\/b><strong><span style=\"font-family: 'Montserrat Light';\">Sala Muncunill <\/span><span style=\"font-family: 'Montserrat Light';\">&#8211; 120 min.<\/span><\/strong><\/p>\n<p>[\/et_pb_text][et_pb_text _builder_version=\u00bb4.27.4&#8243; _module_preset=\u00bbdefault\u00bb text_font=\u00bbakrobat light||||||||\u00bb text_text_color=\u00bb#000000&#8243; text_font_size=\u00bb23px\u00bb custom_margin=\u00bb||11px||false|false\u00bb custom_margin_tablet=\u00bb||11px||false|false\u00bb custom_margin_phone=\u00bb||11px||false|false\u00bb custom_margin_last_edited=\u00bbon|phone\u00bb global_colors_info=\u00bb{}\u00bb theme_builder_area=\u00bbpost_content\u00bb]<\/p>\n<p><span style=\"font-weight: 400;\">L\u2019exposici\u00f3 <strong>Tant de bo \/ Ojal\u00e1 \/ <\/strong><\/span><strong>Inxal\u00b7lah<\/strong><span style=\"font-weight: 400;\"><strong>\u00a0<\/strong>explora la for\u00e7a de l\u2019esperan\u00e7a com a motor de canvi,<strong> connectant cultures mediterr\u00e0nies<\/strong> a trav\u00e9s dels seus desitjos i visions de futur. Mitjan\u00e7ant obres d\u2019artistes de diverses or\u00edgens, reflexiona sobre temes com la identitat, la pertinen\u00e7a i el desig de transformar el m\u00f3n, abordant l\u2019esperan\u00e7a com una for\u00e7a activa que ens permet reimaginar el futur.<\/span><\/p>\n<p><strong><i>Imatges per al futur: desitjos que viatgen lluny<\/i><\/strong><span style=\"font-weight: 400;\"> \u00e9s un taller creatiu que convida els alumnes a imaginar futurs possibles a partir de la for\u00e7a dels seus desitjos. <strong>A trav\u00e9s de la fotografia i la performance, explorarem la idea d\u2019esperan\u00e7a com una eina de transformaci\u00f3.<\/strong> Despr\u00e9s de reflexionar en grup sobre qu\u00e8 vol dir \u201cesperar\u201d o desitjar, creant un gran mapa de missatges per a un m\u00f3n millor, i participant d\u2019una instal\u00b7laci\u00f3 audiovisual amb els nostres anhels. Un espai per escoltar-nos, crear en col\u00b7lectiu i deixar que les imatges parlin del futur que volem ser.<\/span><\/p>\n<p>&nbsp;<\/p>\n<p>[\/et_pb_text][et_pb_divider color=\u00bbgcid-73263b73-b059-42fc-a61d-05da764fa408&#8243; _builder_version=\u00bb4.27.4&#8243; _module_preset=\u00bbdefault\u00bb custom_margin=\u00bb0px||0px||false|false\u00bb global_colors_info=\u00bb{%22gcid-73263b73-b059-42fc-a61d-05da764fa408%22:%91%22color%22%93}\u00bb theme_builder_area=\u00bbpost_content\u00bb][\/et_pb_divider][\/et_pb_column][\/et_pb_row][et_pb_row _builder_version=\u00bb4.27.4&#8243; _module_preset=\u00bbdefault\u00bb locked=\u00bboff\u00bb global_colors_info=\u00bb{}\u00bb theme_builder_area=\u00bbpost_content\u00bb][et_pb_column type=\u00bb4_4&#8243; _builder_version=\u00bb4.27.4&#8243; _module_preset=\u00bbdefault\u00bb global_colors_info=\u00bb{}\u00bb theme_builder_area=\u00bbpost_content\u00bb][et_pb_text _builder_version=\u00bb4.27.4&#8243; _module_preset=\u00bbdefault\u00bb text_font=\u00bbMontserrat extra bold||||||||\u00bb text_text_color=\u00bb#8b794f\u00bb text_font_size=\u00bb39px\u00bb header_font=\u00bbMontserrat extra bold||||||||\u00bb header_text_color=\u00bb#8b794f\u00bb custom_margin=\u00bb||||false|false\u00bb custom_padding=\u00bb||||false|false\u00bb text_font_size_tablet=\u00bb39px\u00bb text_font_size_phone=\u00bb32px\u00bb text_font_size_last_edited=\u00bbon|phone\u00bb text_line_height_tablet=\u00bb1.2em\u00bb text_line_height_phone=\u00bb1.2em\u00bb text_line_height_last_edited=\u00bbon|phone\u00bb global_colors_info=\u00bb{}\u00bb theme_builder_area=\u00bbpost_content\u00bb]<\/p>\n<h1 data-start=\"194\" data-end=\"266\">Visita comentada i dinamitzaci\u00f3 de l\u2019exposici\u00f3<i> Tant de bo \/ Ojal\u00e1 \/ Inxal\u00b7lah<\/i><\/h1>\n<p>[\/et_pb_text][et_pb_text admin_label=\u00bbLloc\u00bb _builder_version=\u00bb4.27.4&#8243; _module_preset=\u00bbdefault\u00bb text_font=\u00bbMontserrat extra bold||||||||\u00bb text_text_color=\u00bb#000000&#8243; text_font_size=\u00bb18px\u00bb custom_margin=\u00bb20px||20px||false|false\u00bb text_font_size_tablet=\u00bb18px\u00bb text_font_size_phone=\u00bb16px\u00bb text_font_size_last_edited=\u00bbon|phone\u00bb locked=\u00bboff\u00bb inline_fonts=\u00bbakrobat light,Montserrat Light\u00bb global_colors_info=\u00bb{}\u00bb theme_builder_area=\u00bbpost_content\u00bb]<\/p>\n<p><b>VISITES COMENTADES I DINAMITZADES TERRASSA\u00a0<br \/><\/b><strong><span style=\"font-family: 'Montserrat Light';\">Sala Muncunill <\/span><span style=\"font-family: 'Montserrat Light';\">&#8211; 45 min.<\/span><\/strong><\/p>\n<p>[\/et_pb_text][et_pb_text _builder_version=\u00bb4.27.4&#8243; _module_preset=\u00bbdefault\u00bb text_font=\u00bbakrobat light||||||||\u00bb text_text_color=\u00bb#000000&#8243; text_font_size=\u00bb23px\u00bb custom_margin=\u00bb||11px||false|false\u00bb custom_margin_tablet=\u00bb||11px||false|false\u00bb custom_margin_phone=\u00bb||11px||false|false\u00bb custom_margin_last_edited=\u00bbon|phone\u00bb global_colors_info=\u00bb{}\u00bb theme_builder_area=\u00bbpost_content\u00bb]<\/p>\n<p><span style=\"font-weight: 400;\">L\u2019exposici\u00f3 <strong>Tant de bo \/ Ojal\u00e1 \/ <\/strong><strong>Inxal\u00b7lah<\/strong><\/span><span style=\"font-weight: 400;\">\u00a0ens parla de desitjos, somnis i futurs possibles! Veurem obres d\u2019art creades per persones de diferents llocs del m\u00f3n que ens expliquen qu\u00e8 esperen del dem\u00e0. <\/span><\/p>\n<p><span style=\"font-weight: 400;\"><strong>A trav\u00e9s d\u2019hist\u00f2ries i imatges, descobrirem cultures diverses<\/strong> i parlarem de com l\u2019esperan\u00e7a pot fer que les coses canvi\u00efn. Jugarem a imaginar futurs i a compartir els nostres propis desitjos.<\/span><\/p>\n<p>&nbsp;<\/p>\n<p>[\/et_pb_text][et_pb_divider color=\u00bbgcid-73263b73-b059-42fc-a61d-05da764fa408&#8243; _builder_version=\u00bb4.27.4&#8243; _module_preset=\u00bbdefault\u00bb custom_margin=\u00bb0px||0px||false|false\u00bb global_colors_info=\u00bb{%22gcid-73263b73-b059-42fc-a61d-05da764fa408%22:%91%22color%22%93}\u00bb theme_builder_area=\u00bbpost_content\u00bb][\/et_pb_divider][\/et_pb_column][\/et_pb_row][et_pb_row _builder_version=\u00bb4.27.4&#8243; _module_preset=\u00bbdefault\u00bb locked=\u00bboff\u00bb global_colors_info=\u00bb{}\u00bb theme_builder_area=\u00bbpost_content\u00bb][et_pb_column type=\u00bb4_4&#8243; _builder_version=\u00bb4.27.4&#8243; _module_preset=\u00bbdefault\u00bb global_colors_info=\u00bb{}\u00bb theme_builder_area=\u00bbpost_content\u00bb][et_pb_text _builder_version=\u00bb4.27.4&#8243; _module_preset=\u00bbdefault\u00bb text_font=\u00bbMontserrat extra bold||||||||\u00bb text_text_color=\u00bb#8b794f\u00bb text_font_size=\u00bb39px\u00bb header_font=\u00bbMontserrat extra bold||||||||\u00bb header_text_color=\u00bb#8b794f\u00bb custom_margin=\u00bb||||false|false\u00bb custom_padding=\u00bb||||false|false\u00bb text_font_size_tablet=\u00bb39px\u00bb text_font_size_phone=\u00bb32px\u00bb text_font_size_last_edited=\u00bbon|phone\u00bb text_line_height_tablet=\u00bb1.2em\u00bb text_line_height_phone=\u00bb1.2em\u00bb text_line_height_last_edited=\u00bbon|phone\u00bb global_colors_info=\u00bb{}\u00bb theme_builder_area=\u00bbpost_content\u00bb]<\/p>\n<h1 data-start=\"194\" data-end=\"266\">Visita comentada i dinamitzaci\u00f3 de l&#8217;exposici\u00f3 <em>Ecologies de la pausa<\/em><\/h1>\n<p>[\/et_pb_text][et_pb_text admin_label=\u00bbLloc\u00bb _builder_version=\u00bb4.27.4&#8243; _module_preset=\u00bbdefault\u00bb text_font=\u00bbMontserrat extra bold||||||||\u00bb text_text_color=\u00bb#000000&#8243; text_font_size=\u00bb18px\u00bb custom_margin=\u00bb20px||20px||false|false\u00bb text_font_size_tablet=\u00bb18px\u00bb text_font_size_phone=\u00bb16px\u00bb text_font_size_last_edited=\u00bbon|phone\u00bb locked=\u00bboff\u00bb inline_fonts=\u00bbakrobat light,Montserrat Light\u00bb global_colors_info=\u00bb{}\u00bb theme_builder_area=\u00bbpost_content\u00bb]<\/p>\n<p><b>VISITES COMENTADES I DINAMITZADES TERRASSA<br \/><\/b><strong><span style=\"font-family: 'Montserrat Light';\"><span style=\"font-weight: 400;\"><strong>Sala Salvador Alavedra dels Amics de les Arts<\/strong> <\/span><\/span><span style=\"font-family: 'Montserrat Light';\">&#8211; 45 min.<\/span><\/strong><\/p>\n<p>[\/et_pb_text][et_pb_text _builder_version=\u00bb4.27.4&#8243; _module_preset=\u00bbdefault\u00bb text_font=\u00bbakrobat light||||||||\u00bb text_text_color=\u00bb#000000&#8243; text_font_size=\u00bb23px\u00bb custom_margin=\u00bb||11px||false|false\u00bb custom_margin_tablet=\u00bb||11px||false|false\u00bb custom_margin_phone=\u00bb||11px||false|false\u00bb custom_margin_last_edited=\u00bbon|phone\u00bb global_colors_info=\u00bb{}\u00bb theme_builder_area=\u00bbpost_content\u00bb]<\/p>\n<p><span style=\"font-weight: 400;\">Aquesta visita ens portar\u00e0 en un viatge visual! <\/span><\/p>\n<p><span style=\"font-weight: 400;\">Amb Nina Medioni, <\/span><span style=\"font-weight: 400;\">veurem fotos de pobles i platges abans que arribin els turistes. Observarem com s\u00f3n aquests llocs quan estan en silenci i pensarem qui hi viu quan no hi ha ning\u00fa m\u00e9s.<\/span><\/p>\n<p><span style=\"font-weight: 400;\">Despr\u00e9s, amb Juan A. Zapata,<\/span><span style=\"font-weight: 400;\">\u00a0volarem amb la imaginaci\u00f3 de Mallorca fins al Carib per veure com han canviat aquests llocs pel turisme. Parlarem de paisatges, d\u2019hotels, de vacances&#8230; i del poder de les imatges per a influenciar els nostres records!<\/span><\/p>\n<p>&nbsp;<\/p>\n<p>[\/et_pb_text][et_pb_divider color=\u00bbgcid-73263b73-b059-42fc-a61d-05da764fa408&#8243; _builder_version=\u00bb4.27.4&#8243; _module_preset=\u00bbdefault\u00bb custom_margin=\u00bb0px||0px||false|false\u00bb global_colors_info=\u00bb{%22gcid-73263b73-b059-42fc-a61d-05da764fa408%22:%91%22color%22%93}\u00bb theme_builder_area=\u00bbpost_content\u00bb][\/et_pb_divider][\/et_pb_column][\/et_pb_row][et_pb_row _builder_version=\u00bb4.27.4&#8243; _module_preset=\u00bbdefault\u00bb locked=\u00bboff\u00bb global_colors_info=\u00bb{}\u00bb theme_builder_area=\u00bbpost_content\u00bb][et_pb_column type=\u00bb4_4&#8243; _builder_version=\u00bb4.27.4&#8243; _module_preset=\u00bbdefault\u00bb global_colors_info=\u00bb{}\u00bb theme_builder_area=\u00bbpost_content\u00bb][et_pb_text _builder_version=\u00bb4.27.4&#8243; _module_preset=\u00bbdefault\u00bb text_font=\u00bbMontserrat extra bold||||||||\u00bb text_text_color=\u00bb#8b794f\u00bb text_font_size=\u00bb39px\u00bb header_font=\u00bbMontserrat extra bold||||||||\u00bb header_text_color=\u00bb#8b794f\u00bb custom_margin=\u00bb||||false|false\u00bb custom_padding=\u00bb||||false|false\u00bb text_font_size_tablet=\u00bb39px\u00bb text_font_size_phone=\u00bb32px\u00bb text_font_size_last_edited=\u00bbon|phone\u00bb text_line_height_tablet=\u00bb1.2em\u00bb text_line_height_phone=\u00bb1.2em\u00bb text_line_height_last_edited=\u00bbon|phone\u00bb global_colors_info=\u00bb{}\u00bb theme_builder_area=\u00bbpost_content\u00bb]<\/p>\n<h1 data-start=\"194\" data-end=\"266\">VISITA 1: <i>Hold on<\/i>, de Laia Sol\u00e9 (Panor\u00e0mic File)<\/h1>\n<p>[\/et_pb_text][et_pb_text admin_label=\u00bbLloc\u00bb _builder_version=\u00bb4.27.4&#8243; _module_preset=\u00bbdefault\u00bb text_font=\u00bbMontserrat extra bold||||||||\u00bb text_text_color=\u00bb#000000&#8243; text_font_size=\u00bb18px\u00bb custom_margin=\u00bb20px||20px||false|false\u00bb text_font_size_tablet=\u00bb18px\u00bb text_font_size_phone=\u00bb16px\u00bb text_font_size_last_edited=\u00bbon|phone\u00bb locked=\u00bboff\u00bb inline_fonts=\u00bbakrobat light,Montserrat Light\u00bb global_colors_info=\u00bb{}\u00bb theme_builder_area=\u00bbpost_content\u00bb]<\/p>\n<p><b>VISITES COMENTADES I DINAMITZADES BARCELONA<br \/><\/b><strong><span style=\"font-family: 'Montserrat Light';\"><span style=\"font-weight: 400;\"><strong>Centre Excursionista de Catalunya<\/strong>\u00a0<\/span><\/span><span style=\"font-family: 'Montserrat Light';\">&#8211; 30 min.<\/span><\/strong><\/p>\n<p>[\/et_pb_text][et_pb_text _builder_version=\u00bb4.27.4&#8243; _module_preset=\u00bbdefault\u00bb text_font=\u00bbakrobat light||||||||\u00bb text_text_color=\u00bb#000000&#8243; text_font_size=\u00bb23px\u00bb custom_margin=\u00bb||11px||false|false\u00bb custom_margin_tablet=\u00bb||11px||false|false\u00bb custom_margin_phone=\u00bb||11px||false|false\u00bb custom_margin_last_edited=\u00bbon|phone\u00bb global_colors_info=\u00bb{}\u00bb theme_builder_area=\u00bbpost_content\u00bb]<\/p>\n<p><span style=\"font-weight: 400;\">A trav\u00e9s de fotografies impreses sobre tela i un v\u00eddeo po\u00e8tic, aquesta exposici\u00f3 convida els alumnes a observar el cos hum\u00e0 des d\u2019una mirada diferent: alliberat del context, en moviment i suspensi\u00f3. <\/span><strong><i>Hold on<\/i><\/strong><span style=\"font-weight: 400;\"> \u00e9s una proposta visualment suggeridora que desperta la imaginaci\u00f3 i <strong>obre la porta a parlar del cos, la percepci\u00f3 i la manera com ens representem<\/strong>. Ideal per treballar temes com la identitat corporal i l\u2019expressi\u00f3 visual en l\u2019aula.<\/span><\/p>\n<p><span style=\"font-weight: 400;\">Amb possibilitat de realitzar un itinerari guiat entre diverses exposicions a Barcelona.<\/span><\/p>\n<p>&nbsp;<\/p>\n<p>[\/et_pb_text][et_pb_divider color=\u00bbgcid-73263b73-b059-42fc-a61d-05da764fa408&#8243; _builder_version=\u00bb4.27.4&#8243; _module_preset=\u00bbdefault\u00bb custom_margin=\u00bb0px||0px||false|false\u00bb global_colors_info=\u00bb{%22gcid-73263b73-b059-42fc-a61d-05da764fa408%22:%91%22color%22%93}\u00bb theme_builder_area=\u00bbpost_content\u00bb][\/et_pb_divider][\/et_pb_column][\/et_pb_row][et_pb_row _builder_version=\u00bb4.27.4&#8243; _module_preset=\u00bbdefault\u00bb locked=\u00bboff\u00bb global_colors_info=\u00bb{}\u00bb theme_builder_area=\u00bbpost_content\u00bb][et_pb_column type=\u00bb4_4&#8243; _builder_version=\u00bb4.27.4&#8243; _module_preset=\u00bbdefault\u00bb global_colors_info=\u00bb{}\u00bb theme_builder_area=\u00bbpost_content\u00bb][et_pb_text _builder_version=\u00bb4.27.4&#8243; _module_preset=\u00bbdefault\u00bb text_font=\u00bbMontserrat extra bold||||||||\u00bb text_text_color=\u00bb#8b794f\u00bb text_font_size=\u00bb39px\u00bb header_font=\u00bbMontserrat extra bold||||||||\u00bb header_text_color=\u00bb#8b794f\u00bb custom_margin=\u00bb||||false|false\u00bb custom_padding=\u00bb||||false|false\u00bb text_font_size_tablet=\u00bb39px\u00bb text_font_size_phone=\u00bb32px\u00bb text_font_size_last_edited=\u00bbon|phone\u00bb text_line_height_tablet=\u00bb1.2em\u00bb text_line_height_phone=\u00bb1.2em\u00bb text_line_height_last_edited=\u00bbon|phone\u00bb global_colors_info=\u00bb{}\u00bb theme_builder_area=\u00bbpost_content\u00bb]<\/p>\n<h1 data-start=\"194\" data-end=\"266\">VISITA 2: <em>3 Tesel\u00b7lacions<\/em>, d\u2019Erick Beltr\u00e1n (Panor\u00e0mic File)<\/h1>\n<p>[\/et_pb_text][et_pb_text admin_label=\u00bbLloc\u00bb _builder_version=\u00bb4.27.4&#8243; _module_preset=\u00bbdefault\u00bb text_font=\u00bbMontserrat extra bold||||||||\u00bb text_text_color=\u00bb#000000&#8243; text_font_size=\u00bb18px\u00bb custom_margin=\u00bb20px||20px||false|false\u00bb text_font_size_tablet=\u00bb18px\u00bb text_font_size_phone=\u00bb16px\u00bb text_font_size_last_edited=\u00bbon|phone\u00bb locked=\u00bboff\u00bb inline_fonts=\u00bbakrobat light,Montserrat Light\u00bb global_colors_info=\u00bb{}\u00bb theme_builder_area=\u00bbpost_content\u00bb]<\/p>\n<p><b>VISITES COMENTADES I DINAMITZADES BARCELONA<br \/><\/b><strong><span style=\"font-family: 'Montserrat Light';\"><span style=\"font-weight: 400;\"><strong>Arxiu Hist\u00f2ric de la Ciutat de Barcelona <\/strong><\/span><\/span><span style=\"font-family: 'Montserrat Light';\">&#8211; 30 min.<\/span><\/strong><\/p>\n<p>[\/et_pb_text][et_pb_text _builder_version=\u00bb4.27.4&#8243; _module_preset=\u00bbdefault\u00bb text_font=\u00bbakrobat light||||||||\u00bb text_text_color=\u00bb#000000&#8243; text_font_size=\u00bb23px\u00bb custom_margin=\u00bb||11px||false|false\u00bb custom_margin_tablet=\u00bb||11px||false|false\u00bb custom_margin_phone=\u00bb||11px||false|false\u00bb custom_margin_last_edited=\u00bbon|phone\u00bb global_colors_info=\u00bb{}\u00bb theme_builder_area=\u00bbpost_content\u00bb]<\/p>\n<p><span style=\"font-weight: 400;\">Aquesta exposici\u00f3 convida l\u2019alumnat a veure no solament el que una fotograf\u00eda de premsa mostra, si no tot all\u00f2 que vol amagar: A trav\u00e9s de documents gr\u00e0fics i materials d\u2019arxiu, es plantegen preguntes sobre qui crea la informaci\u00f3, com circula i com pot influir en all\u00f2 que pensem i coneixem. Parlem de com les estructures de poder condicionen la nostra societat, en <strong>una proposta que estimula la curiositat dels alumnes i obre la porta a treballar la comunicaci\u00f3 visual, la construcci\u00f3 del coneixement i el pensament cr\u00edtic des d\u2019una mirada adaptada a l\u2019etapa educativa.<\/strong><\/span><\/p>\n<p><span style=\"font-weight: 400;\">Amb possibilitat de realitzar un itinerari guiat entre diverses exposicions a Barcelona.<\/span><\/p>\n<p>&nbsp;<\/p>\n<p>[\/et_pb_text][et_pb_divider color=\u00bbgcid-73263b73-b059-42fc-a61d-05da764fa408&#8243; _builder_version=\u00bb4.27.4&#8243; _module_preset=\u00bbdefault\u00bb custom_margin=\u00bb0px||0px||false|false\u00bb global_colors_info=\u00bb{%22gcid-73263b73-b059-42fc-a61d-05da764fa408%22:%91%22color%22%93}\u00bb theme_builder_area=\u00bbpost_content\u00bb][\/et_pb_divider][\/et_pb_column][\/et_pb_row][et_pb_row _builder_version=\u00bb4.27.4&#8243; _module_preset=\u00bbdefault\u00bb locked=\u00bboff\u00bb global_colors_info=\u00bb{}\u00bb theme_builder_area=\u00bbpost_content\u00bb][et_pb_column type=\u00bb4_4&#8243; _builder_version=\u00bb4.27.4&#8243; _module_preset=\u00bbdefault\u00bb global_colors_info=\u00bb{}\u00bb theme_builder_area=\u00bbpost_content\u00bb][et_pb_text _builder_version=\u00bb4.27.4&#8243; _module_preset=\u00bbdefault\u00bb text_font=\u00bbMontserrat extra bold||||||||\u00bb text_text_color=\u00bb#8b794f\u00bb text_font_size=\u00bb39px\u00bb header_font=\u00bbMontserrat extra bold||||||||\u00bb header_text_color=\u00bb#8b794f\u00bb custom_margin=\u00bb||||false|false\u00bb custom_padding=\u00bb||||false|false\u00bb text_font_size_tablet=\u00bb39px\u00bb text_font_size_phone=\u00bb32px\u00bb text_font_size_last_edited=\u00bbon|phone\u00bb text_line_height_tablet=\u00bb1.2em\u00bb text_line_height_phone=\u00bb1.2em\u00bb text_line_height_last_edited=\u00bbon|phone\u00bb global_colors_info=\u00bb{}\u00bb theme_builder_area=\u00bbpost_content\u00bb]<\/p>\n<h1 data-start=\"194\" data-end=\"266\">VISITA 3: <i>Sobre el descans<\/i>, de Natalia Lazaro Prevost (Panor\u00e0mic File)<\/h1>\n<p>[\/et_pb_text][et_pb_text admin_label=\u00bbLloc\u00bb _builder_version=\u00bb4.27.4&#8243; _module_preset=\u00bbdefault\u00bb text_font=\u00bbMontserrat extra bold||||||||\u00bb text_text_color=\u00bb#000000&#8243; text_font_size=\u00bb18px\u00bb custom_margin=\u00bb20px||20px||false|false\u00bb text_font_size_tablet=\u00bb18px\u00bb text_font_size_phone=\u00bb16px\u00bb text_font_size_last_edited=\u00bbon|phone\u00bb locked=\u00bboff\u00bb inline_fonts=\u00bbakrobat light,Montserrat Light\u00bb global_colors_info=\u00bb{}\u00bb theme_builder_area=\u00bbpost_content\u00bb]<\/p>\n<p><b>VISITES COMENTADES I DINAMITZADES BARCELONA<br \/><\/b><strong><span style=\"font-family: 'Montserrat Light';\"><span style=\"font-weight: 400;\"><strong>Arxiu d\u2019Etnografia i Folklore de Catalunya<i><\/i> <\/strong><\/span><\/span><span style=\"font-family: 'Montserrat Light';\">&#8211; 30 min.<\/span><\/strong><\/p>\n<p>[\/et_pb_text][et_pb_text _builder_version=\u00bb4.27.4&#8243; _module_preset=\u00bbdefault\u00bb text_font=\u00bbakrobat light||||||||\u00bb text_text_color=\u00bb#000000&#8243; text_font_size=\u00bb23px\u00bb custom_margin=\u00bb||11px||false|false\u00bb custom_margin_tablet=\u00bb||11px||false|false\u00bb custom_margin_phone=\u00bb||11px||false|false\u00bb custom_margin_last_edited=\u00bbon|phone\u00bb global_colors_info=\u00bb{}\u00bb theme_builder_area=\u00bbpost_content\u00bb]<\/p>\n<p><span style=\"font-weight: 400;\">Natalia Lazaro Prevost ens proposa una mirada pausada sobre el cos, especialment el femen\u00ed, en la hist\u00f2ria de la medicina i la ci\u00e8ncia. A partir d\u2019imatges d\u2019arxiu i fotografies contempor\u00e0nies, la visita genera espais per reflexionar amb els nens sobre la import\u00e0ncia de cuidar el cos, escoltar-lo i recon\u00e8ixer com el representem.<strong> Ideal per enlla\u00e7ar amb temes d\u2019educaci\u00f3 emocional, salut i ciutadania.<\/strong><\/span><\/p>\n<p><span style=\"font-weight: 400;\">Amb possibilitat de realitzar un itinerari guiat entre diverses exposicions a Barcelona.<\/span><\/p>\n<p>&nbsp;<\/p>\n<p>[\/et_pb_text][et_pb_divider color=\u00bbgcid-73263b73-b059-42fc-a61d-05da764fa408&#8243; _builder_version=\u00bb4.27.4&#8243; _module_preset=\u00bbdefault\u00bb custom_margin=\u00bb0px||0px||false|false\u00bb global_colors_info=\u00bb{%22gcid-73263b73-b059-42fc-a61d-05da764fa408%22:%91%22color%22%93}\u00bb theme_builder_area=\u00bbpost_content\u00bb][\/et_pb_divider][\/et_pb_column][\/et_pb_row][et_pb_row _builder_version=\u00bb4.27.4&#8243; _module_preset=\u00bbdefault\u00bb locked=\u00bboff\u00bb global_colors_info=\u00bb{}\u00bb theme_builder_area=\u00bbpost_content\u00bb][et_pb_column type=\u00bb4_4&#8243; _builder_version=\u00bb4.27.4&#8243; _module_preset=\u00bbdefault\u00bb global_colors_info=\u00bb{}\u00bb theme_builder_area=\u00bbpost_content\u00bb][et_pb_text _builder_version=\u00bb4.27.4&#8243; _module_preset=\u00bbdefault\u00bb text_font=\u00bbMontserrat extra bold||||||||\u00bb text_text_color=\u00bb#8b794f\u00bb text_font_size=\u00bb39px\u00bb header_font=\u00bbMontserrat extra bold||||||||\u00bb header_text_color=\u00bb#8b794f\u00bb custom_margin=\u00bb||||false|false\u00bb custom_padding=\u00bb||||false|false\u00bb text_font_size_tablet=\u00bb39px\u00bb text_font_size_phone=\u00bb32px\u00bb text_font_size_last_edited=\u00bbon|phone\u00bb text_line_height_tablet=\u00bb1.2em\u00bb text_line_height_phone=\u00bb1.2em\u00bb text_line_height_last_edited=\u00bbon|phone\u00bb global_colors_info=\u00bb{}\u00bb theme_builder_area=\u00bbpost_content\u00bb]<\/p>\n<h1 data-start=\"194\" data-end=\"266\">VISITA 4: <em>Capsa 23<\/em>, d\u2019Aleix Plademunt (Panor\u00e0mic File)<\/h1>\n<p>[\/et_pb_text][et_pb_text admin_label=\u00bbLloc\u00bb _builder_version=\u00bb4.27.4&#8243; _module_preset=\u00bbdefault\u00bb text_font=\u00bbMontserrat extra bold||||||||\u00bb text_text_color=\u00bb#000000&#8243; text_font_size=\u00bb18px\u00bb custom_margin=\u00bb20px||20px||false|false\u00bb text_font_size_tablet=\u00bb18px\u00bb text_font_size_phone=\u00bb16px\u00bb text_font_size_last_edited=\u00bbon|phone\u00bb locked=\u00bboff\u00bb inline_fonts=\u00bbakrobat light,Montserrat Light\u00bb global_colors_info=\u00bb{}\u00bb theme_builder_area=\u00bbpost_content\u00bb]<\/p>\n<p><b>VISITES COMENTADES I DINAMITZADES BARCELONA<br \/><\/b><strong><span style=\"font-family: 'Montserrat Light';\"><span style=\"font-weight: 400;\"><strong>Museu Mar\u00edtim de Barcelona\u00a0<\/strong><\/span><\/span><span style=\"font-family: 'Montserrat Light';\">&#8211; 30 min.<\/span><\/strong><\/p>\n<p>[\/et_pb_text][et_pb_text _builder_version=\u00bb4.27.4&#8243; _module_preset=\u00bbdefault\u00bb text_font=\u00bbakrobat light||||||||\u00bb text_text_color=\u00bb#000000&#8243; text_font_size=\u00bb23px\u00bb custom_margin=\u00bb||11px||false|false\u00bb custom_margin_tablet=\u00bb||11px||false|false\u00bb custom_margin_phone=\u00bb||11px||false|false\u00bb custom_margin_last_edited=\u00bbon|phone\u00bb global_colors_info=\u00bb{}\u00bb theme_builder_area=\u00bbpost_content\u00bb]<\/p>\n<p><span style=\"font-weight: 400;\">Aquesta exposici\u00f3 ofereix una exploraci\u00f3 visual del paisatge com a espai carregat de significats. Les imatges conviden l\u2019alumnat a observar amb m\u00e9s atenci\u00f3 el seu entorn, a preguntar-se qu\u00e8 expliquen els llocs on viuen i quin paper hi tenen com a habitants. <strong>\u00c9s una proposta perfecta per connectar amb l\u2019educaci\u00f3 ambiental, l\u2019observaci\u00f3 activa i la construcci\u00f3 de la identitat a partir del territori.<\/strong><\/span><\/p>\n<p><span style=\"font-weight: 400;\">Amb possibilitat de realitzar un itinerari guiat entre diverses exposicions a Barcelona.<\/span><\/p>\n<p>&nbsp;<\/p>\n<p>[\/et_pb_text][et_pb_divider color=\u00bbgcid-73263b73-b059-42fc-a61d-05da764fa408&#8243; _builder_version=\u00bb4.27.4&#8243; _module_preset=\u00bbdefault\u00bb custom_margin=\u00bb0px||0px||false|false\u00bb global_colors_info=\u00bb{%22gcid-73263b73-b059-42fc-a61d-05da764fa408%22:%91%22color%22%93}\u00bb theme_builder_area=\u00bbpost_content\u00bb][\/et_pb_divider][\/et_pb_column][\/et_pb_row][et_pb_row _builder_version=\u00bb4.27.4&#8243; _module_preset=\u00bbdefault\u00bb locked=\u00bboff\u00bb global_colors_info=\u00bb{}\u00bb theme_builder_area=\u00bbpost_content\u00bb][et_pb_column type=\u00bb4_4&#8243; _builder_version=\u00bb4.27.4&#8243; _module_preset=\u00bbdefault\u00bb global_colors_info=\u00bb{}\u00bb theme_builder_area=\u00bbpost_content\u00bb][et_pb_text _builder_version=\u00bb4.27.4&#8243; _module_preset=\u00bbdefault\u00bb text_font=\u00bbMontserrat extra bold||||||||\u00bb text_text_color=\u00bb#8b794f\u00bb text_font_size=\u00bb39px\u00bb header_font=\u00bbMontserrat extra bold||||||||\u00bb header_text_color=\u00bb#8b794f\u00bb custom_margin=\u00bb||||false|false\u00bb custom_padding=\u00bb||||false|false\u00bb text_font_size_tablet=\u00bb39px\u00bb text_font_size_phone=\u00bb32px\u00bb text_font_size_last_edited=\u00bbon|phone\u00bb text_line_height_tablet=\u00bb1.2em\u00bb text_line_height_phone=\u00bb1.2em\u00bb text_line_height_last_edited=\u00bbon|phone\u00bb global_colors_info=\u00bb{}\u00bb theme_builder_area=\u00bbpost_content\u00bb]<\/p>\n<h1 data-start=\"194\" data-end=\"266\">VISITA 5: <i>Pausa, c\u00e0mping o campament<\/i>, de Dani Montlle\u00f3 (Panor\u00e0mic File)<\/h1>\n<p>[\/et_pb_text][et_pb_text admin_label=\u00bbLloc\u00bb _builder_version=\u00bb4.27.4&#8243; _module_preset=\u00bbdefault\u00bb text_font=\u00bbMontserrat extra bold||||||||\u00bb text_text_color=\u00bb#000000&#8243; text_font_size=\u00bb18px\u00bb custom_margin=\u00bb20px||20px||false|false\u00bb text_font_size_tablet=\u00bb18px\u00bb text_font_size_phone=\u00bb16px\u00bb text_font_size_last_edited=\u00bbon|phone\u00bb locked=\u00bboff\u00bb inline_fonts=\u00bbakrobat light,Montserrat Light\u00bb global_colors_info=\u00bb{}\u00bb theme_builder_area=\u00bbpost_content\u00bb]<\/p>\n<p><b>VISITES COMENTADES I DINAMITZADES BARCELONA<br \/><\/b><strong><span style=\"font-family: 'Montserrat Light';\"><span style=\"font-weight: 400;\"><strong>Arxiu Fotogr\u00e0fic de Barcelona<i><\/i> <\/strong><\/span><\/span><span style=\"font-family: 'Montserrat Light';\">&#8211; 30 min.<\/span><\/strong><\/p>\n<p>[\/et_pb_text][et_pb_text _builder_version=\u00bb4.27.4&#8243; _module_preset=\u00bbdefault\u00bb text_font=\u00bbakrobat light||||||||\u00bb text_text_color=\u00bb#000000&#8243; text_font_size=\u00bb23px\u00bb custom_margin=\u00bb||11px||false|false\u00bb custom_margin_tablet=\u00bb||11px||false|false\u00bb custom_margin_phone=\u00bb||11px||false|false\u00bb custom_margin_last_edited=\u00bbon|phone\u00bb global_colors_info=\u00bb{}\u00bb theme_builder_area=\u00bbpost_content\u00bb]<\/p>\n<p><span style=\"font-weight: 400;\">Partint de l\u2019imaginari dels c\u00e0mpings i llocs de vacances, l\u2019artista proposa una mirada cr\u00edtica per\u00f2 accessible sobre com vivim els espais, qui els organitza i com reflecteixen desigualtats. Amb grans imatges, audiovisuals i refer\u00e8ncies que ens ser\u00e1n properes, aquesta visita pot <strong>obrir converses sobre el nostre entorn i diferents estils de vida que hi conviuen.<\/strong><\/span><\/p>\n<p><span style=\"font-weight: 400;\">Amb possibilitat de realitzar un itinerari guiat entre diverses exposicions a Barcelona.<\/span><\/p>\n<p>&nbsp;<\/p>\n<p>[\/et_pb_text][et_pb_divider color=\u00bbgcid-73263b73-b059-42fc-a61d-05da764fa408&#8243; _builder_version=\u00bb4.27.4&#8243; _module_preset=\u00bbdefault\u00bb custom_margin=\u00bb0px||0px||false|false\u00bb global_colors_info=\u00bb{%22gcid-73263b73-b059-42fc-a61d-05da764fa408%22:%91%22color%22%93}\u00bb theme_builder_area=\u00bbpost_content\u00bb][\/et_pb_divider][\/et_pb_column][\/et_pb_row][\/et_pb_section]<\/p>\n","protected":false},"excerpt":{"rendered":"<p>GUIA EDUCATIVA PER A CENTRES D&#8217;EDUCACI\u00d3 PRIM\u00c0RIAPanor\u00e0mic \u00e9s el festival que explora la relaci\u00f3 entre el cinema i la fotografia, i promou la recerca de nous llenguatges i narratives audiovisuals. [&hellip;]<\/p>\n","protected":false},"author":1,"featured_media":39109,"comment_status":"open","ping_status":"closed","template":"","meta":{"_et_pb_use_builder":"on","_et_pb_old_content":"","_et_gb_content_width":"","footnotes":""},"project_category":[184],"project_tag":[],"class_list":["post-39114","project","type-project","status-publish","has-post-thumbnail","hentry","project_category-educacion-2025"],"yoast_head":"<!-- This site is optimized with the Yoast SEO plugin v27.2 - https:\/\/yoast.com\/product\/yoast-seo-wordpress\/ -->\n<title>Educaci\u00f3 prim\u00e0ria 2025 - Festival Panor\u00e0mic<\/title>\n<meta name=\"robots\" content=\"index, follow, max-snippet:-1, max-image-preview:large, max-video-preview:-1\" \/>\n<link rel=\"canonical\" href=\"https:\/\/festivalpanoramic.cat\/es\/project\/educacio-primaria-2025\/\" \/>\n<meta property=\"og:locale\" content=\"es_ES\" \/>\n<meta property=\"og:type\" content=\"article\" \/>\n<meta property=\"og:title\" content=\"Educaci\u00f3 prim\u00e0ria 2025 - Festival Panor\u00e0mic\" \/>\n<meta property=\"og:description\" content=\"GUIA EDUCATIVA PER A CENTRES D&#039;EDUCACI\u00d3 PRIM\u00c0RIAPanor\u00e0mic \u00e9s el festival que explora la relaci\u00f3 entre el cinema i la fotografia, i promou la recerca de nous llenguatges i narratives audiovisuals. [&hellip;]\" \/>\n<meta property=\"og:url\" content=\"https:\/\/festivalpanoramic.cat\/es\/project\/educacio-primaria-2025\/\" \/>\n<meta property=\"og:site_name\" content=\"Festival Panor\u00e0mic\" \/>\n<meta property=\"article:modified_time\" content=\"2025-09-22T08:31:36+00:00\" \/>\n<meta property=\"og:image\" content=\"https:\/\/festivalpanoramic.cat\/wp-content\/uploads\/2025\/08\/panoramic_primaria.png\" \/>\n\t<meta property=\"og:image:width\" content=\"1080\" \/>\n\t<meta property=\"og:image:height\" content=\"719\" \/>\n\t<meta property=\"og:image:type\" content=\"image\/png\" \/>\n<meta name=\"twitter:card\" content=\"summary_large_image\" \/>\n<meta name=\"twitter:label1\" content=\"Tiempo de lectura\" \/>\n\t<meta name=\"twitter:data1\" content=\"17 minutos\" \/>\n<script type=\"application\/ld+json\" class=\"yoast-schema-graph\">{\"@context\":\"https:\/\/schema.org\",\"@graph\":[{\"@type\":\"WebPage\",\"@id\":\"https:\/\/festivalpanoramic.cat\/es\/project\/educacio-primaria-2025\/\",\"url\":\"https:\/\/festivalpanoramic.cat\/es\/project\/educacio-primaria-2025\/\",\"name\":\"Educaci\u00f3 prim\u00e0ria 2025 - Festival Panor\u00e0mic\",\"isPartOf\":{\"@id\":\"https:\/\/festivalpanoramic.cat\/es\/#website\"},\"primaryImageOfPage\":{\"@id\":\"https:\/\/festivalpanoramic.cat\/es\/project\/educacio-primaria-2025\/#primaryimage\"},\"image\":{\"@id\":\"https:\/\/festivalpanoramic.cat\/es\/project\/educacio-primaria-2025\/#primaryimage\"},\"thumbnailUrl\":\"https:\/\/festivalpanoramic.cat\/wp-content\/uploads\/2025\/08\/panoramic_primaria.png\",\"datePublished\":\"2025-08-26T14:19:22+00:00\",\"dateModified\":\"2025-09-22T08:31:36+00:00\",\"breadcrumb\":{\"@id\":\"https:\/\/festivalpanoramic.cat\/es\/project\/educacio-primaria-2025\/#breadcrumb\"},\"inLanguage\":\"es\",\"potentialAction\":[{\"@type\":\"ReadAction\",\"target\":[\"https:\/\/festivalpanoramic.cat\/es\/project\/educacio-primaria-2025\/\"]}]},{\"@type\":\"ImageObject\",\"inLanguage\":\"es\",\"@id\":\"https:\/\/festivalpanoramic.cat\/es\/project\/educacio-primaria-2025\/#primaryimage\",\"url\":\"https:\/\/festivalpanoramic.cat\/wp-content\/uploads\/2025\/08\/panoramic_primaria.png\",\"contentUrl\":\"https:\/\/festivalpanoramic.cat\/wp-content\/uploads\/2025\/08\/panoramic_primaria.png\",\"width\":1080,\"height\":719},{\"@type\":\"BreadcrumbList\",\"@id\":\"https:\/\/festivalpanoramic.cat\/es\/project\/educacio-primaria-2025\/#breadcrumb\",\"itemListElement\":[{\"@type\":\"ListItem\",\"position\":1,\"name\":\"Inici\",\"item\":\"https:\/\/festivalpanoramic.cat\/es\/\"},{\"@type\":\"ListItem\",\"position\":2,\"name\":\"Proyectos\",\"item\":\"https:\/\/festivalpanoramic.cat\/es\/project\/\"},{\"@type\":\"ListItem\",\"position\":3,\"name\":\"Educaci\u00f3 prim\u00e0ria 2025\"}]},{\"@type\":\"WebSite\",\"@id\":\"https:\/\/festivalpanoramic.cat\/es\/#website\",\"url\":\"https:\/\/festivalpanoramic.cat\/es\/\",\"name\":\"Festival Panor\u00e0mic\",\"description\":\"PANOR\u00c0MIC. ARTS I CULTURES VISUALS\",\"potentialAction\":[{\"@type\":\"SearchAction\",\"target\":{\"@type\":\"EntryPoint\",\"urlTemplate\":\"https:\/\/festivalpanoramic.cat\/es\/?s={search_term_string}\"},\"query-input\":{\"@type\":\"PropertyValueSpecification\",\"valueRequired\":true,\"valueName\":\"search_term_string\"}}],\"inLanguage\":\"es\"}]}<\/script>\n<!-- \/ Yoast SEO plugin. -->","yoast_head_json":{"title":"Educaci\u00f3 prim\u00e0ria 2025 - Festival Panor\u00e0mic","robots":{"index":"index","follow":"follow","max-snippet":"max-snippet:-1","max-image-preview":"max-image-preview:large","max-video-preview":"max-video-preview:-1"},"canonical":"https:\/\/festivalpanoramic.cat\/es\/project\/educacio-primaria-2025\/","og_locale":"es_ES","og_type":"article","og_title":"Educaci\u00f3 prim\u00e0ria 2025 - Festival Panor\u00e0mic","og_description":"GUIA EDUCATIVA PER A CENTRES D'EDUCACI\u00d3 PRIM\u00c0RIAPanor\u00e0mic \u00e9s el festival que explora la relaci\u00f3 entre el cinema i la fotografia, i promou la recerca de nous llenguatges i narratives audiovisuals. [&hellip;]","og_url":"https:\/\/festivalpanoramic.cat\/es\/project\/educacio-primaria-2025\/","og_site_name":"Festival Panor\u00e0mic","article_modified_time":"2025-09-22T08:31:36+00:00","og_image":[{"width":1080,"height":719,"url":"https:\/\/festivalpanoramic.cat\/wp-content\/uploads\/2025\/08\/panoramic_primaria.png","type":"image\/png"}],"twitter_card":"summary_large_image","twitter_misc":{"Tiempo de lectura":"17 minutos"},"schema":{"@context":"https:\/\/schema.org","@graph":[{"@type":"WebPage","@id":"https:\/\/festivalpanoramic.cat\/es\/project\/educacio-primaria-2025\/","url":"https:\/\/festivalpanoramic.cat\/es\/project\/educacio-primaria-2025\/","name":"Educaci\u00f3 prim\u00e0ria 2025 - Festival Panor\u00e0mic","isPartOf":{"@id":"https:\/\/festivalpanoramic.cat\/es\/#website"},"primaryImageOfPage":{"@id":"https:\/\/festivalpanoramic.cat\/es\/project\/educacio-primaria-2025\/#primaryimage"},"image":{"@id":"https:\/\/festivalpanoramic.cat\/es\/project\/educacio-primaria-2025\/#primaryimage"},"thumbnailUrl":"https:\/\/festivalpanoramic.cat\/wp-content\/uploads\/2025\/08\/panoramic_primaria.png","datePublished":"2025-08-26T14:19:22+00:00","dateModified":"2025-09-22T08:31:36+00:00","breadcrumb":{"@id":"https:\/\/festivalpanoramic.cat\/es\/project\/educacio-primaria-2025\/#breadcrumb"},"inLanguage":"es","potentialAction":[{"@type":"ReadAction","target":["https:\/\/festivalpanoramic.cat\/es\/project\/educacio-primaria-2025\/"]}]},{"@type":"ImageObject","inLanguage":"es","@id":"https:\/\/festivalpanoramic.cat\/es\/project\/educacio-primaria-2025\/#primaryimage","url":"https:\/\/festivalpanoramic.cat\/wp-content\/uploads\/2025\/08\/panoramic_primaria.png","contentUrl":"https:\/\/festivalpanoramic.cat\/wp-content\/uploads\/2025\/08\/panoramic_primaria.png","width":1080,"height":719},{"@type":"BreadcrumbList","@id":"https:\/\/festivalpanoramic.cat\/es\/project\/educacio-primaria-2025\/#breadcrumb","itemListElement":[{"@type":"ListItem","position":1,"name":"Inici","item":"https:\/\/festivalpanoramic.cat\/es\/"},{"@type":"ListItem","position":2,"name":"Proyectos","item":"https:\/\/festivalpanoramic.cat\/es\/project\/"},{"@type":"ListItem","position":3,"name":"Educaci\u00f3 prim\u00e0ria 2025"}]},{"@type":"WebSite","@id":"https:\/\/festivalpanoramic.cat\/es\/#website","url":"https:\/\/festivalpanoramic.cat\/es\/","name":"Festival Panor\u00e0mic","description":"PANOR\u00c0MIC. ARTS I CULTURES VISUALS","potentialAction":[{"@type":"SearchAction","target":{"@type":"EntryPoint","urlTemplate":"https:\/\/festivalpanoramic.cat\/es\/?s={search_term_string}"},"query-input":{"@type":"PropertyValueSpecification","valueRequired":true,"valueName":"search_term_string"}}],"inLanguage":"es"}]}},"_links":{"self":[{"href":"https:\/\/festivalpanoramic.cat\/es\/wp-json\/wp\/v2\/project\/39114","targetHints":{"allow":["GET"]}}],"collection":[{"href":"https:\/\/festivalpanoramic.cat\/es\/wp-json\/wp\/v2\/project"}],"about":[{"href":"https:\/\/festivalpanoramic.cat\/es\/wp-json\/wp\/v2\/types\/project"}],"author":[{"embeddable":true,"href":"https:\/\/festivalpanoramic.cat\/es\/wp-json\/wp\/v2\/users\/1"}],"replies":[{"embeddable":true,"href":"https:\/\/festivalpanoramic.cat\/es\/wp-json\/wp\/v2\/comments?post=39114"}],"version-history":[{"count":5,"href":"https:\/\/festivalpanoramic.cat\/es\/wp-json\/wp\/v2\/project\/39114\/revisions"}],"predecessor-version":[{"id":40370,"href":"https:\/\/festivalpanoramic.cat\/es\/wp-json\/wp\/v2\/project\/39114\/revisions\/40370"}],"wp:featuredmedia":[{"embeddable":true,"href":"https:\/\/festivalpanoramic.cat\/es\/wp-json\/wp\/v2\/media\/39109"}],"wp:attachment":[{"href":"https:\/\/festivalpanoramic.cat\/es\/wp-json\/wp\/v2\/media?parent=39114"}],"wp:term":[{"taxonomy":"project_category","embeddable":true,"href":"https:\/\/festivalpanoramic.cat\/es\/wp-json\/wp\/v2\/project_category?post=39114"},{"taxonomy":"project_tag","embeddable":true,"href":"https:\/\/festivalpanoramic.cat\/es\/wp-json\/wp\/v2\/project_tag?post=39114"}],"curies":[{"name":"wp","href":"https:\/\/api.w.org\/{rel}","templated":true}]}}