{"id":41520,"date":"2025-11-05T09:57:47","date_gmt":"2025-11-05T07:57:47","guid":{"rendered":"https:\/\/festivalpanoramic.cat\/?post_type=project&#038;p=41520"},"modified":"2025-11-05T10:16:06","modified_gmt":"2025-11-05T08:16:06","slug":"visita-guiada-con-erick-beltran","status":"publish","type":"project","link":"https:\/\/festivalpanoramic.cat\/es\/project\/visita-guiada-con-erick-beltran\/","title":{"rendered":"Visita guiada con Erick Beltr\u00e1n"},"content":{"rendered":"<p>[et_pb_section fb_built=\u00bb1&#8243; _builder_version=\u00bb4.16&#8243; _module_preset=\u00bbdefault\u00bb locked=\u00bboff\u00bb global_colors_info=\u00bb{}\u00bb][et_pb_row _builder_version=\u00bb4.27.4&#8243; _module_preset=\u00bbdefault\u00bb global_colors_info=\u00bb{}\u00bb][et_pb_column type=\u00bb4_4&#8243; _builder_version=\u00bb4.27.4&#8243; _module_preset=\u00bbdefault\u00bb global_colors_info=\u00bb{}\u00bb][et_pb_text _builder_version=\u00bb4.27.4&#8243; _module_preset=\u00bbdefault\u00bb text_font=\u00bbMontserrat extra bold||||||||\u00bb text_text_color=\u00bb#000000&#8243; text_font_size=\u00bb39px\u00bb custom_margin=\u00bb||||false|false\u00bb custom_padding=\u00bb||||false|false\u00bb hover_enabled=\u00bb0&#8243; text_font_size_tablet=\u00bb39px\u00bb text_font_size_phone=\u00bb32px\u00bb text_font_size_last_edited=\u00bbon|phone\u00bb text_line_height_tablet=\u00bb1.2em\u00bb text_line_height_phone=\u00bb1.2em\u00bb text_line_height_last_edited=\u00bbon|phone\u00bb global_colors_info=\u00bb{}\u00bb sticky_enabled=\u00bb0&#8243;]<\/p>\n<h1 data-start=\"194\" data-end=\"266\">VISITA GUIADA CON EL ARTISTA ERICK BELTR\u00c1N<\/h1>\n<p>[\/et_pb_text][et_pb_text _builder_version=\u00bb4.27.4&#8243; _module_preset=\u00bbdefault\u00bb text_font=\u00bbakrobat light||||||||\u00bb text_text_color=\u00bb#000000&#8243; text_font_size=\u00bb23px\u00bb custom_margin=\u00bb||11px||false|false\u00bb custom_margin_tablet=\u00bb||11px||false|false\u00bb custom_margin_phone=\u00bb||11px||false|false\u00bb custom_margin_last_edited=\u00bbon|phone\u00bb hover_enabled=\u00bb0&#8243; global_colors_info=\u00bb{}\u00bb sticky_enabled=\u00bb0&#8243;]<\/p>\n<p class=\"p1\">El artista <b>Erick Beltr\u00e1n<\/b> ofrecer\u00e1 una <b>visita guiada<\/b> por la exposici\u00f3n <i>3 teselaciones<\/i>, comisariada por <b>Merc\u00e8 Alsina<\/b>, en la que compartir\u00e1 con el p\u00fablico su proceso de trabajo y las ideas que han dado forma al proyecto.<\/p>\n<p class=\"p1\"><i>3 teselaciones<\/i> recupera formatos y estrategias de la gr\u00e1fica popular catalana, como mapas y tableros de juegos de mesa procedentes del Archivo Hist\u00f3rico de la Ciudad de Barcelona. A partir de estos materiales, Beltr\u00e1n crea maquetas que despliegan territorios imaginarios y narrativas abiertas, proponiendo un <b>crecimiento visual potencialmente infinito<\/b>.<\/p>\n<p class=\"p1\">Con esta propuesta, el artista reflexiona sobre lo que hoy podemos interpretar del pasado de los juegos de mesa y sobre si es posible <b>dise\u00f1ar un juego sin final<\/b>. Sus obras transforman estructuras tradicionales, como la del juego de la oca, en un <b>laboratorio visual<\/b> cercano al esp\u00edritu de los <b>gabinetes de curiosidades<\/b> y los <b>palacios de la memoria<\/b>, situando el archivo como <b>acto creativo<\/b>.<\/p>\n<p class=\"p1\"><i>Exposici\u00f3n abierta hasta el 27 de noviembre de 2025.<\/i><\/p>\n<p>[\/et_pb_text][\/et_pb_column][\/et_pb_row][et_pb_row column_structure=\u00bb1_3,2_3&#8243; _builder_version=\u00bb4.27.4&#8243; _module_preset=\u00bbdefault\u00bb global_colors_info=\u00bb{}\u00bb][et_pb_column type=\u00bb1_3&#8243; _builder_version=\u00bb4.27.4&#8243; _module_preset=\u00bbdefault\u00bb global_colors_info=\u00bb{}\u00bb][et_pb_text admin_label=\u00bbLloc\u00bb _builder_version=\u00bb4.27.4&#8243; _module_preset=\u00bbdefault\u00bb text_font=\u00bbMontserrat extra bold||||||||\u00bb text_text_color=\u00bb#000000&#8243; text_font_size=\u00bb18px\u00bb custom_margin=\u00bb20px||20px||false|false\u00bb text_font_size_tablet=\u00bb18px\u00bb text_font_size_phone=\u00bb16px\u00bb text_font_size_last_edited=\u00bbon|phone\u00bb locked=\u00bboff\u00bb inline_fonts=\u00bbakrobat light,Montserrat Light\u00bb global_colors_info=\u00bb{}\u00bb]<\/p>\n<p><b>BARCELONA<br \/><\/b><span style=\"font-family: 'Montserrat Light'; font-weight: normal;\"><strong><b>Arxiu Hist\u00f2ric de la Ciutat de Barcelona &#8211; Casa de l\u2019Ardiaca<\/b><\/strong><b><br \/><\/b>C\/ Santa Ll\u00facia, 1<\/span><\/p>\n<p>[\/et_pb_text][et_pb_text admin_label=\u00bbData\u00bb _builder_version=\u00bb4.27.4&#8243; _module_preset=\u00bbdefault\u00bb text_font=\u00bbMontserrat Light||||||||\u00bb text_text_color=\u00bb#000000&#8243; text_font_size=\u00bb18px\u00bb header_line_height=\u00bb1.2em\u00bb custom_margin=\u00bb20px||20px||false|false\u00bb custom_margin_tablet=\u00bb||||false|false\u00bb custom_margin_phone=\u00bb-24px||44px||false|false\u00bb custom_margin_last_edited=\u00bbon|desktop\u00bb hover_enabled=\u00bb0&#8243; text_font_size_tablet=\u00bb18px\u00bb text_font_size_phone=\u00bb16px\u00bb text_font_size_last_edited=\u00bbon|phone\u00bb global_colors_info=\u00bb{}\u00bb sticky_enabled=\u00bb0&#8243;]<\/p>\n<h4>13 de noviembre 2025, 18:00.<\/h4>\n<p class=\"p1\">Entrada libre hasta completar aforo.<\/p>\n<p>[\/et_pb_text][et_pb_button button_url=\u00bb\/#home-localitzacions2024&#8243; button_text=\u00bbVer el mapa\u00bb button_alignment=\u00bbleft\u00bb admin_label=\u00bbbot\u00f3 pl\u00e0nol\u00bb _builder_version=\u00bb4.27.4&#8243; _module_preset=\u00bbdefault\u00bb custom_button=\u00bbon\u00bb button_text_color=\u00bb#000000&#8243; button_bg_color=\u00bb#e8e8e8&#8243; button_border_width=\u00bb0px\u00bb button_border_radius=\u00bb0px\u00bb button_font=\u00bbakrobat extrabold||||||||\u00bb button_icon=\u00bb&#x24;||divi||400&#8243; custom_margin=\u00bb-15px||51px||false|false\u00bb custom_margin_tablet=\u00bb-17px||||false|false\u00bb custom_margin_phone=\u00bb-17px|||0px|false|false\u00bb custom_margin_last_edited=\u00bbon|tablet\u00bb hover_enabled=\u00bb0&#8243; button_text_size_tablet=\u00bb\u00bb button_text_size_phone=\u00bb18px\u00bb button_text_size_last_edited=\u00bbon|phone\u00bb global_colors_info=\u00bb{}\u00bb sticky_enabled=\u00bb0&#8243;][\/et_pb_button][\/et_pb_column][et_pb_column type=\u00bb2_3&#8243; _builder_version=\u00bb4.27.4&#8243; _module_preset=\u00bbdefault\u00bb global_colors_info=\u00bb{}\u00bb][et_pb_image src=\u00bbhttps:\/\/festivalpanoramic.cat\/wp-content\/uploads\/2025\/11\/24_panoramic_Barcelona_DSC04481_Marc-Font-scaled.jpg\u00bb title_text=\u00bb24_panoramic_Barcelona_DSC04481_Marc Font\u00bb _builder_version=\u00bb4.27.4&#8243; _module_preset=\u00bbdefault\u00bb global_colors_info=\u00bb{}\u00bb][\/et_pb_image][\/et_pb_column][\/et_pb_row][et_pb_row _builder_version=\u00bb4.27.4&#8243; _module_preset=\u00bbdefault\u00bb global_colors_info=\u00bb{}\u00bb][et_pb_column type=\u00bb4_4&#8243; _builder_version=\u00bb4.27.4&#8243; _module_preset=\u00bbdefault\u00bb global_colors_info=\u00bb{}\u00bb][et_pb_divider color=\u00bbgcid-73263b73-b059-42fc-a61d-05da764fa408&#8243; _builder_version=\u00bb4.27.0&#8243; _module_preset=\u00bbdefault\u00bb custom_margin=\u00bb-19px||0px||false|false\u00bb global_colors_info=\u00bb{%22gcid-73263b73-b059-42fc-a61d-05da764fa408%22:%91%22color%22%93}\u00bb][\/et_pb_divider][\/et_pb_column][\/et_pb_row][\/et_pb_section]<\/p>\n","protected":false},"excerpt":{"rendered":"<p>VISITA GUIADA CON EL ARTISTA ERICK BELTR\u00c1NEl artista Erick Beltr\u00e1n ofrecer\u00e1 una visita guiada por la exposici\u00f3n 3 teselaciones, comisariada por Merc\u00e8 Alsina, en la que compartir\u00e1 con el p\u00fablico [&hellip;]<\/p>\n","protected":false},"author":1,"featured_media":41488,"comment_status":"open","ping_status":"closed","template":"","meta":{"_et_pb_use_builder":"on","_et_pb_old_content":"","_et_gb_content_width":"","footnotes":""},"project_category":[183,192,145],"project_tag":[],"class_list":["post-41520","project","type-project","status-publish","has-post-thumbnail","hentry","project_category-actividades-2025","project_category-actividades-barcelona-2025","project_category-panoramic-2025-es"],"yoast_head":"<!-- This site is optimized with the Yoast SEO plugin v27.2 - https:\/\/yoast.com\/product\/yoast-seo-wordpress\/ -->\n<title>Visita guiada con Erick Beltr\u00e1n - Festival Panor\u00e0mic<\/title>\n<meta name=\"robots\" content=\"index, follow, max-snippet:-1, max-image-preview:large, max-video-preview:-1\" \/>\n<link rel=\"canonical\" href=\"https:\/\/festivalpanoramic.cat\/es\/project\/visita-guiada-con-erick-beltran\/\" \/>\n<meta property=\"og:locale\" content=\"es_ES\" \/>\n<meta property=\"og:type\" content=\"article\" \/>\n<meta property=\"og:title\" content=\"Visita guiada con Erick Beltr\u00e1n - Festival Panor\u00e0mic\" \/>\n<meta property=\"og:description\" content=\"VISITA GUIADA CON EL ARTISTA ERICK BELTR\u00c1NEl artista Erick Beltr\u00e1n ofrecer\u00e1 una visita guiada por la exposici\u00f3n 3 teselaciones, comisariada por Merc\u00e8 Alsina, en la que compartir\u00e1 con el p\u00fablico [&hellip;]\" \/>\n<meta property=\"og:url\" content=\"https:\/\/festivalpanoramic.cat\/es\/project\/visita-guiada-con-erick-beltran\/\" \/>\n<meta property=\"og:site_name\" content=\"Festival Panor\u00e0mic\" \/>\n<meta property=\"article:modified_time\" content=\"2025-11-05T08:16:06+00:00\" \/>\n<meta property=\"og:image\" content=\"https:\/\/festivalpanoramic.cat\/wp-content\/uploads\/2025\/11\/24_panoramic_Barcelona_DSC04481_Marc-Font-scaled.jpg\" \/>\n\t<meta property=\"og:image:width\" content=\"2560\" \/>\n\t<meta property=\"og:image:height\" content=\"1707\" \/>\n\t<meta property=\"og:image:type\" content=\"image\/jpeg\" \/>\n<meta name=\"twitter:card\" content=\"summary_large_image\" \/>\n<meta name=\"twitter:label1\" content=\"Tiempo de lectura\" \/>\n\t<meta name=\"twitter:data1\" content=\"2 minutos\" \/>\n<script type=\"application\/ld+json\" class=\"yoast-schema-graph\">{\"@context\":\"https:\/\/schema.org\",\"@graph\":[{\"@type\":\"WebPage\",\"@id\":\"https:\/\/festivalpanoramic.cat\/es\/project\/visita-guiada-con-erick-beltran\/\",\"url\":\"https:\/\/festivalpanoramic.cat\/es\/project\/visita-guiada-con-erick-beltran\/\",\"name\":\"Visita guiada con Erick Beltr\u00e1n - Festival Panor\u00e0mic\",\"isPartOf\":{\"@id\":\"https:\/\/festivalpanoramic.cat\/es\/#website\"},\"primaryImageOfPage\":{\"@id\":\"https:\/\/festivalpanoramic.cat\/es\/project\/visita-guiada-con-erick-beltran\/#primaryimage\"},\"image\":{\"@id\":\"https:\/\/festivalpanoramic.cat\/es\/project\/visita-guiada-con-erick-beltran\/#primaryimage\"},\"thumbnailUrl\":\"https:\/\/festivalpanoramic.cat\/wp-content\/uploads\/2025\/11\/24_panoramic_Barcelona_DSC04481_Marc-Font-scaled.jpg\",\"datePublished\":\"2025-11-05T07:57:47+00:00\",\"dateModified\":\"2025-11-05T08:16:06+00:00\",\"breadcrumb\":{\"@id\":\"https:\/\/festivalpanoramic.cat\/es\/project\/visita-guiada-con-erick-beltran\/#breadcrumb\"},\"inLanguage\":\"es\",\"potentialAction\":[{\"@type\":\"ReadAction\",\"target\":[\"https:\/\/festivalpanoramic.cat\/es\/project\/visita-guiada-con-erick-beltran\/\"]}]},{\"@type\":\"ImageObject\",\"inLanguage\":\"es\",\"@id\":\"https:\/\/festivalpanoramic.cat\/es\/project\/visita-guiada-con-erick-beltran\/#primaryimage\",\"url\":\"https:\/\/festivalpanoramic.cat\/wp-content\/uploads\/2025\/11\/24_panoramic_Barcelona_DSC04481_Marc-Font-scaled.jpg\",\"contentUrl\":\"https:\/\/festivalpanoramic.cat\/wp-content\/uploads\/2025\/11\/24_panoramic_Barcelona_DSC04481_Marc-Font-scaled.jpg\",\"width\":2560,\"height\":1707},{\"@type\":\"BreadcrumbList\",\"@id\":\"https:\/\/festivalpanoramic.cat\/es\/project\/visita-guiada-con-erick-beltran\/#breadcrumb\",\"itemListElement\":[{\"@type\":\"ListItem\",\"position\":1,\"name\":\"Inici\",\"item\":\"https:\/\/festivalpanoramic.cat\/es\/\"},{\"@type\":\"ListItem\",\"position\":2,\"name\":\"Proyectos\",\"item\":\"https:\/\/festivalpanoramic.cat\/es\/project\/\"},{\"@type\":\"ListItem\",\"position\":3,\"name\":\"Visita guiada con Erick Beltr\u00e1n\"}]},{\"@type\":\"WebSite\",\"@id\":\"https:\/\/festivalpanoramic.cat\/es\/#website\",\"url\":\"https:\/\/festivalpanoramic.cat\/es\/\",\"name\":\"Festival Panor\u00e0mic\",\"description\":\"PANOR\u00c0MIC. ARTS I CULTURES VISUALS\",\"potentialAction\":[{\"@type\":\"SearchAction\",\"target\":{\"@type\":\"EntryPoint\",\"urlTemplate\":\"https:\/\/festivalpanoramic.cat\/es\/?s={search_term_string}\"},\"query-input\":{\"@type\":\"PropertyValueSpecification\",\"valueRequired\":true,\"valueName\":\"search_term_string\"}}],\"inLanguage\":\"es\"}]}<\/script>\n<!-- \/ Yoast SEO plugin. -->","yoast_head_json":{"title":"Visita guiada con Erick Beltr\u00e1n - Festival Panor\u00e0mic","robots":{"index":"index","follow":"follow","max-snippet":"max-snippet:-1","max-image-preview":"max-image-preview:large","max-video-preview":"max-video-preview:-1"},"canonical":"https:\/\/festivalpanoramic.cat\/es\/project\/visita-guiada-con-erick-beltran\/","og_locale":"es_ES","og_type":"article","og_title":"Visita guiada con Erick Beltr\u00e1n - Festival Panor\u00e0mic","og_description":"VISITA GUIADA CON EL ARTISTA ERICK BELTR\u00c1NEl artista Erick Beltr\u00e1n ofrecer\u00e1 una visita guiada por la exposici\u00f3n 3 teselaciones, comisariada por Merc\u00e8 Alsina, en la que compartir\u00e1 con el p\u00fablico [&hellip;]","og_url":"https:\/\/festivalpanoramic.cat\/es\/project\/visita-guiada-con-erick-beltran\/","og_site_name":"Festival Panor\u00e0mic","article_modified_time":"2025-11-05T08:16:06+00:00","og_image":[{"width":2560,"height":1707,"url":"https:\/\/festivalpanoramic.cat\/wp-content\/uploads\/2025\/11\/24_panoramic_Barcelona_DSC04481_Marc-Font-scaled.jpg","type":"image\/jpeg"}],"twitter_card":"summary_large_image","twitter_misc":{"Tiempo de lectura":"2 minutos"},"schema":{"@context":"https:\/\/schema.org","@graph":[{"@type":"WebPage","@id":"https:\/\/festivalpanoramic.cat\/es\/project\/visita-guiada-con-erick-beltran\/","url":"https:\/\/festivalpanoramic.cat\/es\/project\/visita-guiada-con-erick-beltran\/","name":"Visita guiada con Erick Beltr\u00e1n - Festival Panor\u00e0mic","isPartOf":{"@id":"https:\/\/festivalpanoramic.cat\/es\/#website"},"primaryImageOfPage":{"@id":"https:\/\/festivalpanoramic.cat\/es\/project\/visita-guiada-con-erick-beltran\/#primaryimage"},"image":{"@id":"https:\/\/festivalpanoramic.cat\/es\/project\/visita-guiada-con-erick-beltran\/#primaryimage"},"thumbnailUrl":"https:\/\/festivalpanoramic.cat\/wp-content\/uploads\/2025\/11\/24_panoramic_Barcelona_DSC04481_Marc-Font-scaled.jpg","datePublished":"2025-11-05T07:57:47+00:00","dateModified":"2025-11-05T08:16:06+00:00","breadcrumb":{"@id":"https:\/\/festivalpanoramic.cat\/es\/project\/visita-guiada-con-erick-beltran\/#breadcrumb"},"inLanguage":"es","potentialAction":[{"@type":"ReadAction","target":["https:\/\/festivalpanoramic.cat\/es\/project\/visita-guiada-con-erick-beltran\/"]}]},{"@type":"ImageObject","inLanguage":"es","@id":"https:\/\/festivalpanoramic.cat\/es\/project\/visita-guiada-con-erick-beltran\/#primaryimage","url":"https:\/\/festivalpanoramic.cat\/wp-content\/uploads\/2025\/11\/24_panoramic_Barcelona_DSC04481_Marc-Font-scaled.jpg","contentUrl":"https:\/\/festivalpanoramic.cat\/wp-content\/uploads\/2025\/11\/24_panoramic_Barcelona_DSC04481_Marc-Font-scaled.jpg","width":2560,"height":1707},{"@type":"BreadcrumbList","@id":"https:\/\/festivalpanoramic.cat\/es\/project\/visita-guiada-con-erick-beltran\/#breadcrumb","itemListElement":[{"@type":"ListItem","position":1,"name":"Inici","item":"https:\/\/festivalpanoramic.cat\/es\/"},{"@type":"ListItem","position":2,"name":"Proyectos","item":"https:\/\/festivalpanoramic.cat\/es\/project\/"},{"@type":"ListItem","position":3,"name":"Visita guiada con Erick Beltr\u00e1n"}]},{"@type":"WebSite","@id":"https:\/\/festivalpanoramic.cat\/es\/#website","url":"https:\/\/festivalpanoramic.cat\/es\/","name":"Festival Panor\u00e0mic","description":"PANOR\u00c0MIC. ARTS I CULTURES VISUALS","potentialAction":[{"@type":"SearchAction","target":{"@type":"EntryPoint","urlTemplate":"https:\/\/festivalpanoramic.cat\/es\/?s={search_term_string}"},"query-input":{"@type":"PropertyValueSpecification","valueRequired":true,"valueName":"search_term_string"}}],"inLanguage":"es"}]}},"_links":{"self":[{"href":"https:\/\/festivalpanoramic.cat\/es\/wp-json\/wp\/v2\/project\/41520","targetHints":{"allow":["GET"]}}],"collection":[{"href":"https:\/\/festivalpanoramic.cat\/es\/wp-json\/wp\/v2\/project"}],"about":[{"href":"https:\/\/festivalpanoramic.cat\/es\/wp-json\/wp\/v2\/types\/project"}],"author":[{"embeddable":true,"href":"https:\/\/festivalpanoramic.cat\/es\/wp-json\/wp\/v2\/users\/1"}],"replies":[{"embeddable":true,"href":"https:\/\/festivalpanoramic.cat\/es\/wp-json\/wp\/v2\/comments?post=41520"}],"version-history":[{"count":2,"href":"https:\/\/festivalpanoramic.cat\/es\/wp-json\/wp\/v2\/project\/41520\/revisions"}],"predecessor-version":[{"id":41523,"href":"https:\/\/festivalpanoramic.cat\/es\/wp-json\/wp\/v2\/project\/41520\/revisions\/41523"}],"wp:featuredmedia":[{"embeddable":true,"href":"https:\/\/festivalpanoramic.cat\/es\/wp-json\/wp\/v2\/media\/41488"}],"wp:attachment":[{"href":"https:\/\/festivalpanoramic.cat\/es\/wp-json\/wp\/v2\/media?parent=41520"}],"wp:term":[{"taxonomy":"project_category","embeddable":true,"href":"https:\/\/festivalpanoramic.cat\/es\/wp-json\/wp\/v2\/project_category?post=41520"},{"taxonomy":"project_tag","embeddable":true,"href":"https:\/\/festivalpanoramic.cat\/es\/wp-json\/wp\/v2\/project_tag?post=41520"}],"curies":[{"name":"wp","href":"https:\/\/api.w.org\/{rel}","templated":true}]}}