{"id":42505,"date":"2026-04-07T15:27:47","date_gmt":"2026-04-07T13:27:47","guid":{"rendered":"https:\/\/festivalpanoramic.cat\/?post_type=project&#038;p=42505"},"modified":"2026-04-17T12:26:24","modified_gmt":"2026-04-17T10:26:24","slug":"convocatoria-open-panoramic-2026","status":"publish","type":"project","link":"https:\/\/festivalpanoramic.cat\/es\/project\/convocatoria-open-panoramic-2026\/","title":{"rendered":"Convocatoria Open Panor\u00e0mic 2026"},"content":{"rendered":"<p>[et_pb_section fb_built=\u00bb1&#8243; _builder_version=\u00bb4.16&#8243; _module_preset=\u00bbdefault\u00bb locked=\u00bboff\u00bb global_colors_info=\u00bb{}\u00bb][et_pb_row _builder_version=\u00bb4.18.1&#8243; _module_preset=\u00bbdefault\u00bb width=\u00bb95%\u00bb max_width=\u00bb2560px\u00bb global_colors_info=\u00bb{}\u00bb][et_pb_column type=\u00bb4_4&#8243; _builder_version=\u00bb4.16&#8243; _module_preset=\u00bbdefault\u00bb global_colors_info=\u00bb{}\u00bb][et_pb_text _builder_version=\u00bb4.27.6&#8243; _module_preset=\u00bbdefault\u00bb text_font=\u00bb&#8211;et_global_heading_font||||||||\u00bb text_text_color=\u00bb#000000&#8243; text_font_size=\u00bb80px\u00bb text_line_height=\u00bb1em\u00bb text_font_size_tablet=\u00bb97px\u00bb text_font_size_phone=\u00bb41px\u00bb text_font_size_last_edited=\u00bbon|phone\u00bb global_colors_info=\u00bb{}\u00bb]<\/p>\n<p>OPEN PANOR\u00c0MIC 2026<\/p>\n<p>[\/et_pb_text][et_pb_text _builder_version=\u00bb4.27.6&#8243; _module_preset=\u00bbdefault\u00bb text_font=\u00bb&#8211;et_global_heading_font||||||||\u00bb text_text_color=\u00bb#000000&#8243; text_font_size=\u00bb20px\u00bb custom_padding=\u00bb||4px|||\u00bb text_font_size_tablet=\u00bb17px\u00bb text_font_size_phone=\u00bb12px\u00bb text_font_size_last_edited=\u00bbon|phone\u00bb global_colors_info=\u00bb{}\u00bb]<\/p>\n<p>Open Panor\u00e0mic es la convocatoria abierta dirigida a creadores nacionales e internacionales para participar en el festival Panor\u00e0mic. Esta iniciativa se concibe como un punto de encuentro entre creadores, programadores y p\u00fablico.<\/p>\n<p>La convocatoria se estructura en tres categor\u00edas: imagen fija, ensayo audiovisual e instalaci\u00f3n y otros formatos. Los proyectos seleccionados formar\u00e1n parte del programa expositivo del Panor\u00e0mic 2026.<\/p>\n<p>[\/et_pb_text][\/et_pb_column][\/et_pb_row][et_pb_row column_structure=\u00bb2_3,1_3&#8243; _builder_version=\u00bb4.16&#8243; _module_preset=\u00bbdefault\u00bb width=\u00bb95%\u00bb max_width=\u00bb2560px\u00bb custom_padding=\u00bb|||17px||\u00bb global_colors_info=\u00bb{}\u00bb][et_pb_column type=\u00bb2_3&#8243; _builder_version=\u00bb4.16&#8243; _module_preset=\u00bbdefault\u00bb global_colors_info=\u00bb{}\u00bb][et_pb_text admin_label=\u00bbText\u00bb _builder_version=\u00bb4.27.6&#8243; _module_preset=\u00bbdefault\u00bb text_font_size=\u00bb18px\u00bb header_text_color=\u00bb#e95119&#8243; global_colors_info=\u00bb{}\u00bb]<\/p>\n<h1>Tem\u00e1tica<\/h1>\n<p>&nbsp;<\/p>\n<p>Panor\u00e0mic es un festival de artes y culturas visuales que explora la relaci\u00f3n entre disciplinas como el cine, la fotograf\u00eda y los nuevos lenguajes vinculados a la imagen. Cada edici\u00f3n propone una tem\u00e1tica que se articula a trav\u00e9s de la imagen y sus m\u00faltiples representaciones.<\/p>\n<p>En esta d\u00e9cima edici\u00f3n, la tem\u00e1tica gira en torno al concepto \u00abArder de deseo\u00bb. El texto curatorial se encuentra al final del documento con las bases.<\/p>\n<p>[\/et_pb_text][et_pb_divider color=\u00bb#e95119&#8243; _builder_version=\u00bb4.27.6&#8243; _module_preset=\u00bbdefault\u00bb global_colors_info=\u00bb{}\u00bb][\/et_pb_divider][et_pb_text _builder_version=\u00bb4.27.6&#8243; _module_preset=\u00bbdefault\u00bb text_font_size=\u00bb18px\u00bb global_colors_info=\u00bb{}\u00bb]<\/p>\n<h1>Participaci\u00f3n y presentaci\u00f3n de propuestas<\/h1>\n<p>&nbsp;<\/p>\n<ul>\n<li>Podr\u00e1n participar artistas y colectivos de <strong>cualquier nacionalidad<\/strong>, independientemente de su lugar de residencia.<\/li>\n<li>Es necesario ser <strong>mayor de edad<\/strong>.<\/li>\n<li>Las obras pueden ser creaci\u00f3n <strong>individual o colectiva<\/strong>.<\/li>\n<li>Cada artista o colectivo podr\u00e1 presentar un <strong>\u00fanico proyecto por categor\u00eda<\/strong>.<\/li>\n<li>Los participantes deber\u00e1n disponer de todos los <strong>derechos de autor y de exhibici\u00f3n<\/strong> de las obras presentadas.<\/li>\n<li>Los proyectos deben haber sido creados entre <strong>2022 y 2026<\/strong>, y estar vinculados a la tem\u00e1tica <strong>\u00abArder de deseo\u00bb<\/strong>.<\/li>\n<li>La convocatoria cuenta con <strong>tres categor\u00edas<\/strong>: imagen fija, ensayo audiovisual e instalaci\u00f3n y otros formatos. Los artistas deber\u00e1n indicar la categor\u00eda en la que participan. A continuaci\u00f3n, se detallan los requisitos espec\u00edficos.<\/li>\n<\/ul>\n<p>[\/et_pb_text][et_pb_divider color=\u00bb#e95119&#8243; _builder_version=\u00bb4.27.6&#8243; _module_preset=\u00bbdefault\u00bb global_colors_info=\u00bb{}\u00bb][\/et_pb_divider][et_pb_text _builder_version=\u00bb4.27.6&#8243; _module_preset=\u00bbdefault\u00bb text_font_size=\u00bb18px\u00bb header_text_color=\u00bb#e95119&#8243; global_colors_info=\u00bb{}\u00bb]<\/p>\n<h1>Categor\u00edas de la convocatoria<\/h1>\n<p>&nbsp;<\/p>\n<p><strong>A. Imagen fija:<\/strong> Se deber\u00e1 presentar una propuesta concebida espec\u00edficamente para su exhibici\u00f3n, incluyendo la descripci\u00f3n del proyecto, de los materiales o soportes, y un esquema de montaje. Se aceptan tanto piezas \u00fanicas como series. El festival y el artista seleccionado acordar\u00e1n, si procede, los aspectos relativos al transporte, montaje y desmontaje.<\/p>\n<p><strong>B. Ensayo audiovisual:<\/strong> Se deber\u00e1 presentar una obra audiovisual en formato ensayo (f\u00edlmico, cinematogr\u00e1fico o videogr\u00e1fico). La propuesta deber\u00e1 desarrollar una reflexi\u00f3n en torno a la tem\u00e1tica del festival a partir del g\u00e9nero documental, el cine experimental, el v\u00eddeo de creaci\u00f3n o la no-ficci\u00f3n. Formato: .MOV o .MP4. Duraci\u00f3n: m\u00ednimo 5 minutos \/ m\u00e1ximo 18 minutos.<\/p>\n<p><strong>C. Instalaci\u00f3n y otros formatos:<\/strong> Dirigida a proyectos que no utilicen la imagen fija o en movimiento como elemento principal, pero que tengan la cultura visual como eje. Incluye instalaci\u00f3n, performance y tecnolog\u00edas como apps, formatos interactivos o realidad virtual.<\/p>\n<p>[\/et_pb_text][et_pb_divider color=\u00bb#e95119&#8243; _builder_version=\u00bb4.27.6&#8243; _module_preset=\u00bbdefault\u00bb global_colors_info=\u00bb{}\u00bb][\/et_pb_divider][et_pb_text _builder_version=\u00bb4.27.6&#8243; _module_preset=\u00bbdefault\u00bb text_font_size=\u00bb18px\u00bb header_text_color=\u00bb#e95119&#8243; global_colors_info=\u00bb{}\u00bb]<\/p>\n<p>M\u00e1s informaci\u00f3n en las bases completas \u21d2<\/p>\n<p>[\/et_pb_text][\/et_pb_column][et_pb_column type=\u00bb1_3&#8243; _builder_version=\u00bb4.16&#8243; _module_preset=\u00bbdefault\u00bb global_colors_info=\u00bb{}\u00bb][et_pb_divider show_divider=\u00bboff\u00bb _builder_version=\u00bb4.27.6&#8243; _module_preset=\u00bbdefault\u00bb global_colors_info=\u00bb{}\u00bb][\/et_pb_divider][et_pb_text _builder_version=\u00bb4.27.6&#8243; _module_preset=\u00bbdefault\u00bb text_font_size=\u00bb18px\u00bb header_text_color=\u00bb#e95119&#8243; header_font_size=\u00bb22px\u00bb global_colors_info=\u00bb{}\u00bb]<\/p>\n<h1>C\u00f3mo participar<\/h1>\n<p class=\"p1\">La participaci\u00f3n es gratuita. Para presentar candidatura se debe completar el siguiente formulario:<\/p>\n<p>[\/et_pb_text][et_pb_button button_url=\u00bbhttps:\/\/form.jotform.com\/GrisartLab\/FestivalPanoramic-OpenPanoramic26&#8243; url_new_window=\u00bbon\u00bb button_text=\u00bbFormulario\u00bb _builder_version=\u00bb4.27.6&#8243; _module_preset=\u00bbdefault\u00bb global_colors_info=\u00bb{}\u00bb][\/et_pb_button][et_pb_text _builder_version=\u00bb4.27.6&#8243; _module_preset=\u00bbdefault\u00bb header_text_color=\u00bb#e95119&#8243; header_font_size=\u00bb22px\u00bb global_colors_info=\u00bb{}\u00bb]<\/p>\n<h1>Fecha l\u00edmite para presentar propuestas<\/h1>\n<h1><span style=\"color: #000000;\">lunes 25 de mayo de 2026 a las 23:59<\/span><\/h1>\n<p>[\/et_pb_text][et_pb_button button_url=\u00bbhttps:\/\/festivalpanoramic.cat\/wp-content\/uploads\/2026\/04\/P_OpenPanoramic_BasesES-1.pdf\u00bb url_new_window=\u00bbon\u00bb button_text=\u00bbBases completas\u00bb _builder_version=\u00bb4.27.6&#8243; _module_preset=\u00bbdefault\u00bb hover_enabled=\u00bb0&#8243; global_colors_info=\u00bb{}\u00bb sticky_enabled=\u00bb0&#8243;][\/et_pb_button][et_pb_button button_url=\u00bbhttps:\/\/api.whatsapp.com\/send?text=https:\/\/festivalpanoramic.cat\/es\/project\/convocatoria-open-panoramic-2026\/\u00bb url_new_window=\u00bbon\u00bb button_text=\u00bbCompartir por Whatsapp\u00bb button_alignment=\u00bbleft\u00bb module_class=\u00bbwhatsapp-social-share\u00bb _builder_version=\u00bb4.27.6&#8243; _module_preset=\u00bbdefault\u00bb custom_button=\u00bbon\u00bb button_text_color=\u00bb#FFFFFF\u00bb button_bg_color=\u00bb#000000&#8243; button_border_width=\u00bb1px\u00bb button_border_radius=\u00bb0px\u00bb button_font=\u00bbakrobat light||||||||\u00bb button_icon=\u00bb&#xf232;||fa||400&#8243; button_icon_color=\u00bb#FFFFFF\u00bb button_icon_placement=\u00bbleft\u00bb button_on_hover=\u00bboff\u00bb custom_margin=\u00bb-34px||||false|false\u00bb custom_margin_tablet=\u00bb-25px||||false|false\u00bb custom_margin_phone=\u00bb-24px||||false|false\u00bb custom_margin_last_edited=\u00bbon|desktop\u00bb filter_saturate=\u00bb50%\u00bb global_colors_info=\u00bb{}\u00bb][\/et_pb_button][\/et_pb_column][\/et_pb_row][\/et_pb_section]<\/p>\n","protected":false},"excerpt":{"rendered":"<p>OPEN PANOR\u00c0MIC 2026Open Panor\u00e0mic es la convocatoria abierta dirigida a creadores nacionales e internacionales para participar en el festival Panor\u00e0mic. Esta iniciativa se concibe como un punto de encuentro entre [&hellip;]<\/p>\n","protected":false},"author":1,"featured_media":0,"comment_status":"open","ping_status":"closed","template":"","meta":{"_et_pb_use_builder":"on","_et_pb_old_content":"","_et_gb_content_width":"","footnotes":""},"project_category":[30,115],"project_tag":[],"class_list":["post-42505","project","type-project","status-publish","hentry","project_category-convocatorias","project_category-convos-es-2"],"yoast_head":"<!-- This site is optimized with the Yoast SEO plugin v27.2 - https:\/\/yoast.com\/product\/yoast-seo-wordpress\/ -->\n<title>Convocatoria Open Panor\u00e0mic 2026 - Festival Panor\u00e0mic<\/title>\n<meta name=\"robots\" content=\"index, follow, max-snippet:-1, max-image-preview:large, max-video-preview:-1\" \/>\n<link rel=\"canonical\" href=\"https:\/\/festivalpanoramic.cat\/es\/project\/convocatoria-open-panoramic-2026\/\" \/>\n<meta property=\"og:locale\" content=\"es_ES\" \/>\n<meta property=\"og:type\" content=\"article\" \/>\n<meta property=\"og:title\" content=\"Convocatoria Open Panor\u00e0mic 2026 - Festival Panor\u00e0mic\" \/>\n<meta property=\"og:description\" content=\"OPEN PANOR\u00c0MIC 2026Open Panor\u00e0mic es la convocatoria abierta dirigida a creadores nacionales e internacionales para participar en el festival Panor\u00e0mic. Esta iniciativa se concibe como un punto de encuentro entre [&hellip;]\" \/>\n<meta property=\"og:url\" content=\"https:\/\/festivalpanoramic.cat\/es\/project\/convocatoria-open-panoramic-2026\/\" \/>\n<meta property=\"og:site_name\" content=\"Festival Panor\u00e0mic\" \/>\n<meta property=\"article:modified_time\" content=\"2026-04-17T10:26:24+00:00\" \/>\n<meta name=\"twitter:card\" content=\"summary_large_image\" \/>\n<meta name=\"twitter:label1\" content=\"Tiempo de lectura\" \/>\n\t<meta name=\"twitter:data1\" content=\"3 minutos\" \/>\n<script type=\"application\/ld+json\" class=\"yoast-schema-graph\">{\"@context\":\"https:\/\/schema.org\",\"@graph\":[{\"@type\":\"WebPage\",\"@id\":\"https:\/\/festivalpanoramic.cat\/es\/project\/convocatoria-open-panoramic-2026\/\",\"url\":\"https:\/\/festivalpanoramic.cat\/es\/project\/convocatoria-open-panoramic-2026\/\",\"name\":\"Convocatoria Open Panor\u00e0mic 2026 - Festival Panor\u00e0mic\",\"isPartOf\":{\"@id\":\"https:\/\/festivalpanoramic.cat\/es\/#website\"},\"datePublished\":\"2026-04-07T13:27:47+00:00\",\"dateModified\":\"2026-04-17T10:26:24+00:00\",\"breadcrumb\":{\"@id\":\"https:\/\/festivalpanoramic.cat\/es\/project\/convocatoria-open-panoramic-2026\/#breadcrumb\"},\"inLanguage\":\"es\",\"potentialAction\":[{\"@type\":\"ReadAction\",\"target\":[\"https:\/\/festivalpanoramic.cat\/es\/project\/convocatoria-open-panoramic-2026\/\"]}]},{\"@type\":\"BreadcrumbList\",\"@id\":\"https:\/\/festivalpanoramic.cat\/es\/project\/convocatoria-open-panoramic-2026\/#breadcrumb\",\"itemListElement\":[{\"@type\":\"ListItem\",\"position\":1,\"name\":\"Inici\",\"item\":\"https:\/\/festivalpanoramic.cat\/es\/\"},{\"@type\":\"ListItem\",\"position\":2,\"name\":\"Proyectos\",\"item\":\"https:\/\/festivalpanoramic.cat\/es\/project\/\"},{\"@type\":\"ListItem\",\"position\":3,\"name\":\"Convocatoria Open Panor\u00e0mic 2026\"}]},{\"@type\":\"WebSite\",\"@id\":\"https:\/\/festivalpanoramic.cat\/es\/#website\",\"url\":\"https:\/\/festivalpanoramic.cat\/es\/\",\"name\":\"Festival Panor\u00e0mic\",\"description\":\"PANOR\u00c0MIC. ARTS I CULTURES VISUALS\",\"potentialAction\":[{\"@type\":\"SearchAction\",\"target\":{\"@type\":\"EntryPoint\",\"urlTemplate\":\"https:\/\/festivalpanoramic.cat\/es\/?s={search_term_string}\"},\"query-input\":{\"@type\":\"PropertyValueSpecification\",\"valueRequired\":true,\"valueName\":\"search_term_string\"}}],\"inLanguage\":\"es\"}]}<\/script>\n<!-- \/ Yoast SEO plugin. -->","yoast_head_json":{"title":"Convocatoria Open Panor\u00e0mic 2026 - Festival Panor\u00e0mic","robots":{"index":"index","follow":"follow","max-snippet":"max-snippet:-1","max-image-preview":"max-image-preview:large","max-video-preview":"max-video-preview:-1"},"canonical":"https:\/\/festivalpanoramic.cat\/es\/project\/convocatoria-open-panoramic-2026\/","og_locale":"es_ES","og_type":"article","og_title":"Convocatoria Open Panor\u00e0mic 2026 - Festival Panor\u00e0mic","og_description":"OPEN PANOR\u00c0MIC 2026Open Panor\u00e0mic es la convocatoria abierta dirigida a creadores nacionales e internacionales para participar en el festival Panor\u00e0mic. Esta iniciativa se concibe como un punto de encuentro entre [&hellip;]","og_url":"https:\/\/festivalpanoramic.cat\/es\/project\/convocatoria-open-panoramic-2026\/","og_site_name":"Festival Panor\u00e0mic","article_modified_time":"2026-04-17T10:26:24+00:00","twitter_card":"summary_large_image","twitter_misc":{"Tiempo de lectura":"3 minutos"},"schema":{"@context":"https:\/\/schema.org","@graph":[{"@type":"WebPage","@id":"https:\/\/festivalpanoramic.cat\/es\/project\/convocatoria-open-panoramic-2026\/","url":"https:\/\/festivalpanoramic.cat\/es\/project\/convocatoria-open-panoramic-2026\/","name":"Convocatoria Open Panor\u00e0mic 2026 - Festival Panor\u00e0mic","isPartOf":{"@id":"https:\/\/festivalpanoramic.cat\/es\/#website"},"datePublished":"2026-04-07T13:27:47+00:00","dateModified":"2026-04-17T10:26:24+00:00","breadcrumb":{"@id":"https:\/\/festivalpanoramic.cat\/es\/project\/convocatoria-open-panoramic-2026\/#breadcrumb"},"inLanguage":"es","potentialAction":[{"@type":"ReadAction","target":["https:\/\/festivalpanoramic.cat\/es\/project\/convocatoria-open-panoramic-2026\/"]}]},{"@type":"BreadcrumbList","@id":"https:\/\/festivalpanoramic.cat\/es\/project\/convocatoria-open-panoramic-2026\/#breadcrumb","itemListElement":[{"@type":"ListItem","position":1,"name":"Inici","item":"https:\/\/festivalpanoramic.cat\/es\/"},{"@type":"ListItem","position":2,"name":"Proyectos","item":"https:\/\/festivalpanoramic.cat\/es\/project\/"},{"@type":"ListItem","position":3,"name":"Convocatoria Open Panor\u00e0mic 2026"}]},{"@type":"WebSite","@id":"https:\/\/festivalpanoramic.cat\/es\/#website","url":"https:\/\/festivalpanoramic.cat\/es\/","name":"Festival Panor\u00e0mic","description":"PANOR\u00c0MIC. ARTS I CULTURES VISUALS","potentialAction":[{"@type":"SearchAction","target":{"@type":"EntryPoint","urlTemplate":"https:\/\/festivalpanoramic.cat\/es\/?s={search_term_string}"},"query-input":{"@type":"PropertyValueSpecification","valueRequired":true,"valueName":"search_term_string"}}],"inLanguage":"es"}]}},"_links":{"self":[{"href":"https:\/\/festivalpanoramic.cat\/es\/wp-json\/wp\/v2\/project\/42505","targetHints":{"allow":["GET"]}}],"collection":[{"href":"https:\/\/festivalpanoramic.cat\/es\/wp-json\/wp\/v2\/project"}],"about":[{"href":"https:\/\/festivalpanoramic.cat\/es\/wp-json\/wp\/v2\/types\/project"}],"author":[{"embeddable":true,"href":"https:\/\/festivalpanoramic.cat\/es\/wp-json\/wp\/v2\/users\/1"}],"replies":[{"embeddable":true,"href":"https:\/\/festivalpanoramic.cat\/es\/wp-json\/wp\/v2\/comments?post=42505"}],"version-history":[{"count":6,"href":"https:\/\/festivalpanoramic.cat\/es\/wp-json\/wp\/v2\/project\/42505\/revisions"}],"predecessor-version":[{"id":42563,"href":"https:\/\/festivalpanoramic.cat\/es\/wp-json\/wp\/v2\/project\/42505\/revisions\/42563"}],"wp:attachment":[{"href":"https:\/\/festivalpanoramic.cat\/es\/wp-json\/wp\/v2\/media?parent=42505"}],"wp:term":[{"taxonomy":"project_category","embeddable":true,"href":"https:\/\/festivalpanoramic.cat\/es\/wp-json\/wp\/v2\/project_category?post=42505"},{"taxonomy":"project_tag","embeddable":true,"href":"https:\/\/festivalpanoramic.cat\/es\/wp-json\/wp\/v2\/project_tag?post=42505"}],"curies":[{"name":"wp","href":"https:\/\/api.w.org\/{rel}","templated":true}]}}