{"id":32426,"date":"2023-09-29T10:14:28","date_gmt":"2023-09-29T08:14:28","guid":{"rendered":"https:\/\/festivalpanoramic.cat\/agenda\/jornadas-profesionales-festival-panoramic-3\/"},"modified":"2023-10-26T08:21:33","modified_gmt":"2023-10-26T06:21:33","slug":"jornadas-profesionales-festival-panoramic-3","status":"publish","type":"tribe_events","link":"https:\/\/festivalpanoramic.cat\/es\/agenda\/jornadas-profesionales-festival-panoramic-3\/","title":{"rendered":"Jornadas profesionales &#8211; Festival Panor\u00e0mic"},"content":{"rendered":"<p>09.30 h Bienvenida a la Jornada De Festival en Festival a cargo de Albert Gusi y Laia Casanova, codirectores del Festival Jornada donde los curadores internacionales invitados al festival nos presentar\u00e1n una selecci\u00f3n de artistas visuales de su pa\u00eds con proyectos que reflexionan sobre la tem\u00e1tica \u00bb Repensar el Rostre\u00bb<\/p>\n<p>09.40 h Presentaci\u00f3n de los artistas Rogelio S\u00e9ptimo, Perla Tamez y Juan Rodrigo Llaguno a cargo de Johan Trujillo Arg\u00fcelles directora del Centro de la Imagen del DF. ( M\u00e9xico)<\/p>\n<p>10.05 h Presentaci\u00f3n de los artistas Elisa Balmaceda, Francisco Belarmino, Felipe Rivas San Mart\u00edn a cargo de Valentina Montero programadora de la Biennal de Artes Mediales \/ Corporaci\u00f3n Chilena de Video (Chile)<\/p>\n<p>10.30 h Presentaci\u00f3n de los artistas Carlos Pineda N\u00fa\u00f1ez, Gabriel Pulecio, Wilfredo Amaya Roncancio i David S\u00e1nchez a cargo de Walter Casta\u00f1eda Marulanda &#8211; curador independiente &#8211; Universidad de Caldas i col\u00b7laborador del Festival Internacional de la Imagen de Manizales (Col\u00f2mbia)<\/p>\n<p>10.55 h Presentaci\u00f3n de los artistas Sergio Venancio, Anaisa Franco e Ruda Babau a cago de Paula Perissinotto programadora del FILE festival (Brasil)<\/p>\n<p>11.20 h Pausa caf\u00e9 12.00 h Presentaci\u00f3n de los artistas Olivia Botha, Berni Searle y Zana Masombuka a cargo de Heidi Erdmann y Alessandra di Sarro del Video Art Awards \/ Centro Luigi di Sarroberni (Sud\u00e1frica)<\/p>\n<p>12.25 h Presentaci\u00f3n de los artistas Ammar Bouras, Slimane Mohamed Zoheir i Yasmine Goudjil a cargo de Nadira Aklouche cr\u00edtica independiente (Algeria)<\/p>\n<p>12.50 h Presentaci\u00f3n de los artistas Wafa Lazhari, Achref Toumi i Rim Harrabi a cargo de Camille L\u00e9vy cr\u00edtica independiente (T\u00fanez)<\/p>\n<p>13.10 h Presentaci\u00f3n de los artistas Nico Angiuli, Elena Mazzi, Corinne Mazzoli a cargo de Marta Bianchi directora del centro Careof (Italia)<\/p>\n<p>13.35 h Presentaci\u00f3n de la artista Gabriela Rivera Lucero a cargo de Claude Belime, director de Lumi\u00e8re d\u2019Encre (Francia)<\/p>\n<p>14.00 h Presentaci\u00f3n de los artistas Pavle Banovi\u0107, Anastasija Pavi\u0107 I Senka Trivunac a cargo de Jana Gligorijevi\u0107 <i>gallery manager<\/i> de The Culture centre of Belgrade, Artget Gallery (Serbia)<\/p>\n<p>14.30 h Pausa para comer<\/p>\n<p>17.00 h Visita al Centro KBr Mapfre y a las exposiciones del centro con Maria de Pfaff coordinadora del programa expositivo<\/p>\n<p>20.00 h Mapping interactivo arquitect\u00f3nico a cargo de S\u00edlvia Isach (S\u00cdNOCA) Roca Umbert F\u00e0brica de les Arts de Granollers<\/p>\n<p>Abierto a todos los p\u00fablicos<\/p>\n<p><a href=\"https:\/\/form.jotform.com\/232632638736058\">FORMULARIO DE INSCRIPCI\u00d3N A LAS JORNADAS DE T\u00c9CNICOS DE ARTES VISUALES y CULTURA DE CATALU\u00d1A<\/a><\/p>\n<p>Fecha l\u00edmite para las inscripciones: martes 24 de octubre a las 14h<\/p>\n","protected":false},"excerpt":{"rendered":"<p>09.30 h Bienvenida a la Jornada De Festival en Festival a cargo de Albert Gusi y Laia Casanova, codirectores del Festival Jornada donde los curadores internacionales invitados al festival nos [&hellip;]<\/p>\n","protected":false},"author":1,"featured_media":0,"comment_status":"open","ping_status":"closed","template":"","meta":{"_et_pb_use_builder":"off","_et_pb_old_content":"","_et_gb_content_width":"","_tribe_events_status":"","_tribe_events_status_reason":"","footnotes":""},"tags":[],"tribe_events_cat":[106],"class_list":["post-32426","tribe_events","type-tribe_events","status-publish","hentry","tribe_events_cat-jornadas-profesionales","cat_jornadas-profesionales"],"yoast_head":"<!-- This site is optimized with the Yoast SEO plugin v27.2 - https:\/\/yoast.com\/product\/yoast-seo-wordpress\/ -->\n<title>Jornadas profesionales - Festival Panor\u00e0mic - Festival Panor\u00e0mic<\/title>\n<meta name=\"robots\" content=\"index, follow, max-snippet:-1, max-image-preview:large, max-video-preview:-1\" \/>\n<link rel=\"canonical\" href=\"https:\/\/festivalpanoramic.cat\/es\/agenda\/jornadas-profesionales-festival-panoramic-3\/\" \/>\n<meta property=\"og:locale\" content=\"es_ES\" \/>\n<meta property=\"og:type\" content=\"article\" \/>\n<meta property=\"og:title\" content=\"Jornadas profesionales - Festival Panor\u00e0mic - Festival Panor\u00e0mic\" \/>\n<meta property=\"og:description\" content=\"09.30 h Bienvenida a la Jornada De Festival en Festival a cargo de Albert Gusi y Laia Casanova, codirectores del Festival Jornada donde los curadores internacionales invitados al festival nos [&hellip;]\" \/>\n<meta property=\"og:url\" content=\"https:\/\/festivalpanoramic.cat\/es\/agenda\/jornadas-profesionales-festival-panoramic-3\/\" \/>\n<meta property=\"og:site_name\" content=\"Festival Panor\u00e0mic\" \/>\n<meta property=\"article:modified_time\" content=\"2023-10-26T06:21:33+00:00\" \/>\n<meta name=\"twitter:card\" content=\"summary_large_image\" \/>\n<meta name=\"twitter:label1\" content=\"Tiempo de lectura\" \/>\n\t<meta name=\"twitter:data1\" content=\"2 minutos\" \/>\n<script type=\"application\/ld+json\" class=\"yoast-schema-graph\">{\"@context\":\"https:\/\/schema.org\",\"@graph\":[{\"@type\":\"WebPage\",\"@id\":\"https:\/\/festivalpanoramic.cat\/es\/agenda\/jornadas-profesionales-festival-panoramic-3\/\",\"url\":\"https:\/\/festivalpanoramic.cat\/es\/agenda\/jornadas-profesionales-festival-panoramic-3\/\",\"name\":\"Jornadas profesionales - Festival Panor\u00e0mic - Festival Panor\u00e0mic\",\"isPartOf\":{\"@id\":\"https:\/\/festivalpanoramic.cat\/es\/#website\"},\"datePublished\":\"2023-09-29T08:14:28+00:00\",\"dateModified\":\"2023-10-26T06:21:33+00:00\",\"breadcrumb\":{\"@id\":\"https:\/\/festivalpanoramic.cat\/es\/agenda\/jornadas-profesionales-festival-panoramic-3\/#breadcrumb\"},\"inLanguage\":\"es\",\"potentialAction\":[{\"@type\":\"ReadAction\",\"target\":[\"https:\/\/festivalpanoramic.cat\/es\/agenda\/jornadas-profesionales-festival-panoramic-3\/\"]}]},{\"@type\":\"BreadcrumbList\",\"@id\":\"https:\/\/festivalpanoramic.cat\/es\/agenda\/jornadas-profesionales-festival-panoramic-3\/#breadcrumb\",\"itemListElement\":[{\"@type\":\"ListItem\",\"position\":1,\"name\":\"Inici\",\"item\":\"https:\/\/festivalpanoramic.cat\/es\/\"},{\"@type\":\"ListItem\",\"position\":2,\"name\":\"Eventos\",\"item\":\"https:\/\/festivalpanoramic.cat\/es\/agenda\/\"},{\"@type\":\"ListItem\",\"position\":3,\"name\":\"Jornadas profesionales &#8211; Festival Panor\u00e0mic\"}]},{\"@type\":\"WebSite\",\"@id\":\"https:\/\/festivalpanoramic.cat\/es\/#website\",\"url\":\"https:\/\/festivalpanoramic.cat\/es\/\",\"name\":\"Festival Panor\u00e0mic\",\"description\":\"PANOR\u00c0MIC. ARTS I CULTURES VISUALS\",\"potentialAction\":[{\"@type\":\"SearchAction\",\"target\":{\"@type\":\"EntryPoint\",\"urlTemplate\":\"https:\/\/festivalpanoramic.cat\/es\/?s={search_term_string}\"},\"query-input\":{\"@type\":\"PropertyValueSpecification\",\"valueRequired\":true,\"valueName\":\"search_term_string\"}}],\"inLanguage\":\"es\"}]}<\/script>\n<!-- \/ Yoast SEO plugin. -->","yoast_head_json":{"title":"Jornadas profesionales - Festival Panor\u00e0mic - Festival Panor\u00e0mic","robots":{"index":"index","follow":"follow","max-snippet":"max-snippet:-1","max-image-preview":"max-image-preview:large","max-video-preview":"max-video-preview:-1"},"canonical":"https:\/\/festivalpanoramic.cat\/es\/agenda\/jornadas-profesionales-festival-panoramic-3\/","og_locale":"es_ES","og_type":"article","og_title":"Jornadas profesionales - Festival Panor\u00e0mic - Festival Panor\u00e0mic","og_description":"09.30 h Bienvenida a la Jornada De Festival en Festival a cargo de Albert Gusi y Laia Casanova, codirectores del Festival Jornada donde los curadores internacionales invitados al festival nos [&hellip;]","og_url":"https:\/\/festivalpanoramic.cat\/es\/agenda\/jornadas-profesionales-festival-panoramic-3\/","og_site_name":"Festival Panor\u00e0mic","article_modified_time":"2023-10-26T06:21:33+00:00","twitter_card":"summary_large_image","twitter_misc":{"Tiempo de lectura":"2 minutos"},"schema":{"@context":"https:\/\/schema.org","@graph":[{"@type":"WebPage","@id":"https:\/\/festivalpanoramic.cat\/es\/agenda\/jornadas-profesionales-festival-panoramic-3\/","url":"https:\/\/festivalpanoramic.cat\/es\/agenda\/jornadas-profesionales-festival-panoramic-3\/","name":"Jornadas profesionales - Festival Panor\u00e0mic - Festival Panor\u00e0mic","isPartOf":{"@id":"https:\/\/festivalpanoramic.cat\/es\/#website"},"datePublished":"2023-09-29T08:14:28+00:00","dateModified":"2023-10-26T06:21:33+00:00","breadcrumb":{"@id":"https:\/\/festivalpanoramic.cat\/es\/agenda\/jornadas-profesionales-festival-panoramic-3\/#breadcrumb"},"inLanguage":"es","potentialAction":[{"@type":"ReadAction","target":["https:\/\/festivalpanoramic.cat\/es\/agenda\/jornadas-profesionales-festival-panoramic-3\/"]}]},{"@type":"BreadcrumbList","@id":"https:\/\/festivalpanoramic.cat\/es\/agenda\/jornadas-profesionales-festival-panoramic-3\/#breadcrumb","itemListElement":[{"@type":"ListItem","position":1,"name":"Inici","item":"https:\/\/festivalpanoramic.cat\/es\/"},{"@type":"ListItem","position":2,"name":"Eventos","item":"https:\/\/festivalpanoramic.cat\/es\/agenda\/"},{"@type":"ListItem","position":3,"name":"Jornadas profesionales &#8211; Festival Panor\u00e0mic"}]},{"@type":"WebSite","@id":"https:\/\/festivalpanoramic.cat\/es\/#website","url":"https:\/\/festivalpanoramic.cat\/es\/","name":"Festival Panor\u00e0mic","description":"PANOR\u00c0MIC. ARTS I CULTURES VISUALS","potentialAction":[{"@type":"SearchAction","target":{"@type":"EntryPoint","urlTemplate":"https:\/\/festivalpanoramic.cat\/es\/?s={search_term_string}"},"query-input":{"@type":"PropertyValueSpecification","valueRequired":true,"valueName":"search_term_string"}}],"inLanguage":"es"}]}},"_links":{"self":[{"href":"https:\/\/festivalpanoramic.cat\/es\/wp-json\/wp\/v2\/tribe_events\/32426","targetHints":{"allow":["GET"]}}],"collection":[{"href":"https:\/\/festivalpanoramic.cat\/es\/wp-json\/wp\/v2\/tribe_events"}],"about":[{"href":"https:\/\/festivalpanoramic.cat\/es\/wp-json\/wp\/v2\/types\/tribe_events"}],"author":[{"embeddable":true,"href":"https:\/\/festivalpanoramic.cat\/es\/wp-json\/wp\/v2\/users\/1"}],"replies":[{"embeddable":true,"href":"https:\/\/festivalpanoramic.cat\/es\/wp-json\/wp\/v2\/comments?post=32426"}],"version-history":[{"count":0,"href":"https:\/\/festivalpanoramic.cat\/es\/wp-json\/wp\/v2\/tribe_events\/32426\/revisions"}],"wp:attachment":[{"href":"https:\/\/festivalpanoramic.cat\/es\/wp-json\/wp\/v2\/media?parent=32426"}],"wp:term":[{"taxonomy":"post_tag","embeddable":true,"href":"https:\/\/festivalpanoramic.cat\/es\/wp-json\/wp\/v2\/tags?post=32426"},{"taxonomy":"tribe_events_cat","embeddable":true,"href":"https:\/\/festivalpanoramic.cat\/es\/wp-json\/wp\/v2\/tribe_events_cat?post=32426"}],"curies":[{"name":"wp","href":"https:\/\/api.w.org\/{rel}","templated":true}]}}